{"id":95,"date":"2020-06-18T15:50:59","date_gmt":"2020-06-18T13:50:59","guid":{"rendered":"http:\/\/bpzoliborz.pl\/bpzoliborz\/?page_id=95"},"modified":"2024-09-19T15:59:10","modified_gmt":"2024-09-19T13:59:10","slug":"u-nas-w-bibliotece","status":"publish","type":"page","link":"https:\/\/bpzoliborz.pl\/bpzoliborz\/index.php\/u-nas-w-bibliotece\/","title":{"rendered":"U nas w Bibliotece"},"content":{"rendered":"\t\t<div data-elementor-type=\"wp-page\" data-elementor-id=\"95\" class=\"elementor elementor-95\">\n\t\t\t\t\t\t<div class=\"elementor-inner\">\n\t\t\t\t<div class=\"elementor-section-wrap\">\n\t\t\t\t\t\t\t\t\t<section class=\"elementor-section elementor-top-section elementor-element elementor-element-7cf9f091 elementor-section-boxed elementor-section-height-default elementor-section-height-default exad-glass-effect-no exad-sticky-section-no\" data-id=\"7cf9f091\" data-element_type=\"section\">\n\t\t\t\t\t\t<div class=\"elementor-container elementor-column-gap-default\">\n\t\t\t\t\t\t\t<div class=\"elementor-row\">\n\t\t\t\t\t<div class=\"elementor-column elementor-col-100 elementor-top-column elementor-element elementor-element-51e5af62 exad-glass-effect-no exad-sticky-section-no\" data-id=\"51e5af62\" data-element_type=\"column\">\n\t\t\t<div class=\"elementor-column-wrap elementor-element-populated\">\n\t\t\t\t\t\t\t<div class=\"elementor-widget-wrap\">\n\t\t\t\t\t\t<div class=\"elementor-element elementor-element-7baee38c exad-sticky-section-no exad-glass-effect-no elementor-widget elementor-widget-spacer\" data-id=\"7baee38c\" data-element_type=\"widget\" data-widget_type=\"spacer.default\">\n\t\t\t\t<div class=\"elementor-widget-container\">\n\t\t\t\t\t<div class=\"elementor-spacer\">\n\t\t\t<div class=\"elementor-spacer-inner\"><\/div>\n\t\t<\/div>\n\t\t\t\t<\/div>\n\t\t\t\t<\/div>\n\t\t\t\t\t\t<\/div>\n\t\t\t\t\t<\/div>\n\t\t<\/div>\n\t\t\t\t\t\t\t\t<\/div>\n\t\t\t\t\t<\/div>\n\t\t<\/section>\n\t\t\t\t<section class=\"elementor-section elementor-top-section elementor-element elementor-element-2270edf4 elementor-section-boxed elementor-section-height-default elementor-section-height-default exad-glass-effect-no exad-sticky-section-no\" data-id=\"2270edf4\" data-element_type=\"section\">\n\t\t\t\t\t\t<div class=\"elementor-container elementor-column-gap-default\">\n\t\t\t\t\t\t\t<div class=\"elementor-row\">\n\t\t\t\t\t<div class=\"elementor-column elementor-col-100 elementor-top-column elementor-element elementor-element-39406829 exad-glass-effect-no exad-sticky-section-no\" data-id=\"39406829\" data-element_type=\"column\">\n\t\t\t<div class=\"elementor-column-wrap elementor-element-populated\">\n\t\t\t\t\t\t\t<div class=\"elementor-widget-wrap\">\n\t\t\t\t\t\t<div class=\"elementor-element elementor-element-41e3ad03 exad-sticky-section-no exad-glass-effect-no elementor-widget elementor-widget-heading\" data-id=\"41e3ad03\" data-element_type=\"widget\" data-widget_type=\"heading.default\">\n\t\t\t\t<div class=\"elementor-widget-container\">\n\t\t\t<h2 class=\"elementor-heading-title elementor-size-default\">U nas w Bibliotece - blog Biblioteki \u017boliborskiej<\/h2>\t\t<\/div>\n\t\t\t\t<\/div>\n\t\t\t\t\t\t<\/div>\n\t\t\t\t\t<\/div>\n\t\t<\/div>\n\t\t\t\t\t\t\t\t<\/div>\n\t\t\t\t\t<\/div>\n\t\t<\/section>\n\t\t\t\t<section class=\"elementor-section elementor-top-section elementor-element elementor-element-d95414c elementor-section-boxed elementor-section-height-default elementor-section-height-default exad-glass-effect-no exad-sticky-section-no\" data-id=\"d95414c\" data-element_type=\"section\">\n\t\t\t\t\t\t<div class=\"elementor-container elementor-column-gap-default\">\n\t\t\t\t\t\t\t<div class=\"elementor-row\">\n\t\t\t\t\t<div class=\"elementor-column elementor-col-100 elementor-top-column elementor-element elementor-element-0468672 exad-glass-effect-no exad-sticky-section-no\" data-id=\"0468672\" data-element_type=\"column\">\n\t\t\t<div class=\"elementor-column-wrap elementor-element-populated\">\n\t\t\t\t\t\t\t<div class=\"elementor-widget-wrap\">\n\t\t\t\t\t\t<div class=\"elementor-element elementor-element-2c564de exad-sticky-section-no exad-glass-effect-no elementor-widget elementor-widget-spacer\" data-id=\"2c564de\" data-element_type=\"widget\" data-widget_type=\"spacer.default\">\n\t\t\t\t<div class=\"elementor-widget-container\">\n\t\t\t\t\t<div class=\"elementor-spacer\">\n\t\t\t<div class=\"elementor-spacer-inner\"><\/div>\n\t\t<\/div>\n\t\t\t\t<\/div>\n\t\t\t\t<\/div>\n\t\t\t\t\t\t<\/div>\n\t\t\t\t\t<\/div>\n\t\t<\/div>\n\t\t\t\t\t\t\t\t<\/div>\n\t\t\t\t\t<\/div>\n\t\t<\/section>\n\t\t\t\t<section class=\"elementor-section elementor-top-section elementor-element elementor-element-3e6dd7a elementor-section-boxed elementor-section-height-default elementor-section-height-default exad-glass-effect-no exad-sticky-section-no\" data-id=\"3e6dd7a\" data-element_type=\"section\">\n\t\t\t\t\t\t<div class=\"elementor-container elementor-column-gap-default\">\n\t\t\t\t\t\t\t<div class=\"elementor-row\">\n\t\t\t\t\t<div class=\"elementor-column elementor-col-50 elementor-top-column elementor-element elementor-element-2764e7d exad-glass-effect-no exad-sticky-section-no\" data-id=\"2764e7d\" data-element_type=\"column\">\n\t\t\t<div class=\"elementor-column-wrap elementor-element-populated\">\n\t\t\t\t\t\t\t<div class=\"elementor-widget-wrap\">\n\t\t\t\t\t\t<div class=\"elementor-element elementor-element-4be586e exad-sticky-section-no exad-glass-effect-no elementor-widget elementor-widget-spacer\" data-id=\"4be586e\" data-element_type=\"widget\" data-widget_type=\"spacer.default\">\n\t\t\t\t<div class=\"elementor-widget-container\">\n\t\t\t\t\t<div class=\"elementor-spacer\">\n\t\t\t<div class=\"elementor-spacer-inner\"><\/div>\n\t\t<\/div>\n\t\t\t\t<\/div>\n\t\t\t\t<\/div>\n\t\t\t\t<div class=\"elementor-element elementor-element-ec07dd7 exad-sticky-section-no exad-glass-effect-no elementor-widget elementor-widget-exad-post-grid\" data-id=\"ec07dd7\" data-element_type=\"widget\" data-widget_type=\"exad-post-grid.default\">\n\t\t\t\t<div class=\"elementor-widget-container\">\n\t\t\t\t\t\n\n\t\t<div class=\"exad-post-grid\">\n\t\t\t<div class=\"exad-row-wrapper\">\n\t\t\t\t\n<article class=\"exad-post-grid-three exad-col  \">\n    <div class=\"exad-post-grid-container image-position-left exad-post-grid-equal-height-no\">\n                    <figure class=\"exad-post-grid-thumbnail\">\n                <a href=\"https:\/\/bpzoliborz.pl\/bpzoliborz\/index.php\/2026\/04\/30\/trening-pamiec-i-koncentracja-w-bibliotece-przy-ul-broniewskiego-9a\/\">\n                    <img width=\"930\" height=\"620\" src=\"https:\/\/bpzoliborz.pl\/bpzoliborz\/wp-content\/uploads\/2026\/04\/20260225_161628-930x620.jpg\" class=\"attachment-neve-blog size-neve-blog wp-post-image\" alt=\"\" loading=\"lazy\" \/>                <\/a>\n                \n                            <\/figure>\n        \n        <div class=\"exad-post-grid-body\">\n            \t\t\t\t\n\t\t\t\t\t\t\t\n                    <h3>\n\t\t\t\t\t\n\t\t\t\t\t\t\t\n                        <a href=\"https:\/\/bpzoliborz.pl\/bpzoliborz\/index.php\/2026\/04\/30\/trening-pamiec-i-koncentracja-w-bibliotece-przy-ul-broniewskiego-9a\/\" class=\"exad-post-grid-title\">Trening Pami\u0119\u0107 i Koncentracja w bibliotece przy ul. Broniewskiego 9a<\/a>\n\t\t\t\t\n\t\t\t\t\t\t\t\t\t\n                    <\/h3>\n\t\t\t\t\t\n\t\t\t\t\t\t\t\t\n                                <div class=\"exad-post-grid-description\">\n                    Warsztaty \u201ePami\u0119\u0107 i koncentracja\u201d dla senior\u00f3w.W Wypo\u017cyczalni nr 138 cyklicznie odbywaj\u0105 si\u0119 zaj\u0119cia wspieraj\u0105ce sprawno\u015b\u0107 umys\u0142u.Podczas warsztat\u00f3w uczestnicy: rozwi\u0105zuj\u0105 \u0142amig\u0142\u00f3wki i zagadki, bior\u0105 udzia\u0142 w...                <\/div>\n                            <div class=\"exad-post-footer\"><a href=\"https:\/\/bpzoliborz.pl\/bpzoliborz\/index.php\/2026\/04\/30\/trening-pamiec-i-koncentracja-w-bibliotece-przy-ul-broniewskiego-9a\/\" target=\"_blank\" class=\"read-more\">Czytaj dalej...<\/a><\/div>\n            \n        <\/div>\n            <\/div>\n<\/article>\n\n<article class=\"exad-post-grid-three exad-col  \">\n    <div class=\"exad-post-grid-container image-position-left exad-post-grid-equal-height-no\">\n                    <figure class=\"exad-post-grid-thumbnail\">\n                <a href=\"https:\/\/bpzoliborz.pl\/bpzoliborz\/index.php\/2026\/04\/30\/miedzypokoleniowy-turniej-szachowy-europejski-dzien-solidarnosci-miedzypokoleniowej\/\">\n                    <img width=\"930\" height=\"620\" src=\"https:\/\/bpzoliborz.pl\/bpzoliborz\/wp-content\/uploads\/2026\/04\/szachy1-1-930x620.jpg\" class=\"attachment-neve-blog size-neve-blog wp-post-image\" alt=\"\" loading=\"lazy\" \/>                <\/a>\n                \n                            <\/figure>\n        \n        <div class=\"exad-post-grid-body\">\n            \t\t\t\t\n\t\t\t\t\t\t\t\n                    <h3>\n\t\t\t\t\t\n\t\t\t\t\t\t\t\n                        <a href=\"https:\/\/bpzoliborz.pl\/bpzoliborz\/index.php\/2026\/04\/30\/miedzypokoleniowy-turniej-szachowy-europejski-dzien-solidarnosci-miedzypokoleniowej\/\" class=\"exad-post-grid-title\">Mi\u0119dzypokoleniowy Turniej Szachowy. Europejski Dzie\u0144 Solidarno\u015bci Mi\u0119dzypokoleniowej<\/a>\n\t\t\t\t\n\t\t\t\t\t\t\t\t\t\n                    <\/h3>\n\t\t\t\t\t\n\t\t\t\t\t\t\t\t\n                                <div class=\"exad-post-grid-description\">\n                    28 kwietnia 2026 r. w Wypo\u017cyczalni nr 16 odby\u0142 si\u0119 wyj\u0105tkowy turniej szachowy, zorganizowany z okazji Europejskiego Dnia Solidarno\u015bci Mi\u0119dzypokoleniowej. Rozgrywki odby\u0142y si\u0119 systemem ko\u0142owym,...                <\/div>\n                            <div class=\"exad-post-footer\"><a href=\"https:\/\/bpzoliborz.pl\/bpzoliborz\/index.php\/2026\/04\/30\/miedzypokoleniowy-turniej-szachowy-europejski-dzien-solidarnosci-miedzypokoleniowej\/\" target=\"_blank\" class=\"read-more\">Czytaj dalej...<\/a><\/div>\n            \n        <\/div>\n            <\/div>\n<\/article>\n\n<article class=\"exad-post-grid-three exad-col  \">\n    <div class=\"exad-post-grid-container image-position-left exad-post-grid-equal-height-no\">\n                    <figure class=\"exad-post-grid-thumbnail\">\n                <a href=\"https:\/\/bpzoliborz.pl\/bpzoliborz\/index.php\/2026\/04\/28\/relacja-ze-spotkania-mlodziezowego-dyskusyjnego-klubu-ksiazki-24-kwietnia\/\">\n                    <img width=\"930\" height=\"620\" src=\"https:\/\/bpzoliborz.pl\/bpzoliborz\/wp-content\/uploads\/2026\/04\/obrazek-wyrozniajacy-na-strone-Broniewskiego-3-930x620.png\" class=\"attachment-neve-blog size-neve-blog wp-post-image\" alt=\"Po lewo na r\u00f3\u017cowym tle czarny tekst: Relacja. Biblioteka dla Dzieci i M\u0142odzie\u017cy. MDKK. Agencja Wynajmu rodzic\u00f3w. 24.04.2026. Ni\u017cej na bia\u0142ym tle logo Biblioteki Publiczbej w Dzielnicy \u017boliborz m.st. Warszawy oraz Instytucja Kultury m.st. Warszawy. Po prawo zdj\u0119cie. D\u0142o\u0144 trzyma ksi\u0105\u017ck\u0119 \u201eAgencja Wynajmu Rodzic\u00f3w\u201d Davida Baddiela w czerwonej ok\u0142adce z ilustracj\u0105 ch\u0142opca otoczonego kolorowymi postaciami; w tle wida\u0107 drewniane rega\u0142y pe\u0142ne ksi\u0105\u017cek w bibliotece.\" loading=\"lazy\" \/>                <\/a>\n                \n                            <\/figure>\n        \n        <div class=\"exad-post-grid-body\">\n            \t\t\t\t\n\t\t\t\t\t\t\t\n                    <h3>\n\t\t\t\t\t\n\t\t\t\t\t\t\t\n                        <a href=\"https:\/\/bpzoliborz.pl\/bpzoliborz\/index.php\/2026\/04\/28\/relacja-ze-spotkania-mlodziezowego-dyskusyjnego-klubu-ksiazki-24-kwietnia\/\" class=\"exad-post-grid-title\">Relacja ze spotkania M\u0142odzie\u017cowego Dyskusyjnego Klubu Ksi\u0105\u017cki 24 kwietnia<\/a>\n\t\t\t\t\n\t\t\t\t\t\t\t\t\t\n                    <\/h3>\n\t\t\t\t\t\n\t\t\t\t\t\t\t\t\n                                <div class=\"exad-post-grid-description\">\n                    W pi\u0105tek 24 kwietnia w Bibliotece dla Dzieci i M\u0142odzie\u017cy nr XV przy ul. Broniewskiego 91 odby\u0142o si\u0119 kolejne spotkanie M\u0142odzie\u017cowego Dyskusyjnego Klubu Ksi\u0105\u017cki. Tematem...                <\/div>\n                            <div class=\"exad-post-footer\"><a href=\"https:\/\/bpzoliborz.pl\/bpzoliborz\/index.php\/2026\/04\/28\/relacja-ze-spotkania-mlodziezowego-dyskusyjnego-klubu-ksiazki-24-kwietnia\/\" target=\"_blank\" class=\"read-more\">Czytaj dalej...<\/a><\/div>\n            \n        <\/div>\n            <\/div>\n<\/article>\n\n<article class=\"exad-post-grid-three exad-col  \">\n    <div class=\"exad-post-grid-container image-position-left exad-post-grid-equal-height-no\">\n                    <figure class=\"exad-post-grid-thumbnail\">\n                <a href=\"https:\/\/bpzoliborz.pl\/bpzoliborz\/index.php\/2026\/04\/28\/czlowiek-ze-szklanych-domow-prelekcja-zuzanny-guzel-szczepiorkowskiej\/\">\n                    <img width=\"930\" height=\"620\" src=\"https:\/\/bpzoliborz.pl\/bpzoliborz\/wp-content\/uploads\/2026\/04\/szklane-1-930x620.jpg\" class=\"attachment-neve-blog size-neve-blog wp-post-image\" alt=\"fotografia go\u015bci spotkania autorskiego we wn\u0119trzu biblioteki\" loading=\"lazy\" \/>                <\/a>\n                \n                            <\/figure>\n        \n        <div class=\"exad-post-grid-body\">\n            \t\t\t\t\n\t\t\t\t\t\t\t\n                    <h3>\n\t\t\t\t\t\n\t\t\t\t\t\t\t\n                        <a href=\"https:\/\/bpzoliborz.pl\/bpzoliborz\/index.php\/2026\/04\/28\/czlowiek-ze-szklanych-domow-prelekcja-zuzanny-guzel-szczepiorkowskiej\/\" class=\"exad-post-grid-title\">Cz\u0142owiek ze &#8220;Szklanych Dom\u00f3w&#8221; &#8211; prelekcja Zuzanny Guzel-Szczepi\u00f3rkowskiej<\/a>\n\t\t\t\t\n\t\t\t\t\t\t\t\t\t\n                    <\/h3>\n\t\t\t\t\t\n\t\t\t\t\t\t\t\t\n                                <div class=\"exad-post-grid-description\">\n                    Za nami inspiruj\u0105ce spotkanie po\u015bwi\u0119cone Antoniemu Dudzie-Dziewierzowi. 23 kwietnia Zuzanna Guzel-Szczepi\u00f3rkowska zabra\u0142a nas w fascynuj\u0105c\u0105 podr\u00f3\u017c przez histori\u0119 ruchu sp\u00f3\u0142dzielczego w Polsce oraz ide\u0119 \u201eSzklanych...                <\/div>\n                            <div class=\"exad-post-footer\"><a href=\"https:\/\/bpzoliborz.pl\/bpzoliborz\/index.php\/2026\/04\/28\/czlowiek-ze-szklanych-domow-prelekcja-zuzanny-guzel-szczepiorkowskiej\/\" target=\"_blank\" class=\"read-more\">Czytaj dalej...<\/a><\/div>\n            \n        <\/div>\n            <\/div>\n<\/article>\n\n<article class=\"exad-post-grid-three exad-col  \">\n    <div class=\"exad-post-grid-container image-position-left exad-post-grid-equal-height-no\">\n                    <figure class=\"exad-post-grid-thumbnail\">\n                <a href=\"https:\/\/bpzoliborz.pl\/bpzoliborz\/index.php\/2026\/04\/28\/spotkanie-autorskie-z-pawlem-kozlem-autorem-powiesci-azard\/\">\n                    <img width=\"930\" height=\"620\" src=\"https:\/\/bpzoliborz.pl\/bpzoliborz\/wp-content\/uploads\/2026\/04\/azard4-1-930x620.jpg\" class=\"attachment-neve-blog size-neve-blog wp-post-image\" alt=\"fotografia go\u015bci spotkania autorskiego we wn\u0119trzu biblioteki\" loading=\"lazy\" \/>                <\/a>\n                \n                            <\/figure>\n        \n        <div class=\"exad-post-grid-body\">\n            \t\t\t\t\n\t\t\t\t\t\t\t\n                    <h3>\n\t\t\t\t\t\n\t\t\t\t\t\t\t\n                        <a href=\"https:\/\/bpzoliborz.pl\/bpzoliborz\/index.php\/2026\/04\/28\/spotkanie-autorskie-z-pawlem-kozlem-autorem-powiesci-azard\/\" class=\"exad-post-grid-title\">Spotkanie autorskie z Paw\u0142em Koz\u0142em, autorem powie\u015bci &#8220;Azard&#8221;<\/a>\n\t\t\t\t\n\t\t\t\t\t\t\t\t\t\n                    <\/h3>\n\t\t\t\t\t\n\t\t\t\t\t\t\t\t\n                                <div class=\"exad-post-grid-description\">\n                    24 kwietnia w Wypo\u017cyczalni nr 16 go\u015bcili\u015bmy Paw\u0142a Koz\u0142a, pisarza, poet\u0119 i krytyka literackiego. Pawe\u0142 Dunin-W\u0105sowicz oraz Donata Rapacka rozmawiali z autorem na temat jego...                <\/div>\n                            <div class=\"exad-post-footer\"><a href=\"https:\/\/bpzoliborz.pl\/bpzoliborz\/index.php\/2026\/04\/28\/spotkanie-autorskie-z-pawlem-kozlem-autorem-powiesci-azard\/\" target=\"_blank\" class=\"read-more\">Czytaj dalej...<\/a><\/div>\n            \n        <\/div>\n            <\/div>\n<\/article>\n\n<article class=\"exad-post-grid-three exad-col  \">\n    <div class=\"exad-post-grid-container image-position-left exad-post-grid-equal-height-no\">\n                    <figure class=\"exad-post-grid-thumbnail\">\n                <a href=\"https:\/\/bpzoliborz.pl\/bpzoliborz\/index.php\/2026\/04\/24\/nowa-zelandia-relacja-ze-spotkania-klubu-podroznikow-neli-malej-reporterki\/\">\n                    <img width=\"930\" height=\"620\" src=\"https:\/\/bpzoliborz.pl\/bpzoliborz\/wp-content\/uploads\/2026\/04\/3-1-930x620.jpg\" class=\"attachment-neve-blog size-neve-blog wp-post-image\" alt=\"\" loading=\"lazy\" \/>                <\/a>\n                \n                            <\/figure>\n        \n        <div class=\"exad-post-grid-body\">\n            \t\t\t\t\n\t\t\t\t\t\t\t\n                    <h3>\n\t\t\t\t\t\n\t\t\t\t\t\t\t\n                        <a href=\"https:\/\/bpzoliborz.pl\/bpzoliborz\/index.php\/2026\/04\/24\/nowa-zelandia-relacja-ze-spotkania-klubu-podroznikow-neli-malej-reporterki\/\" class=\"exad-post-grid-title\">Nowa Zelandia &#8211; relacja ze spotkania Klubu Podr\u00f3\u017cnik\u00f3w Neli Ma\u0142ej Reporterki<\/a>\n\t\t\t\t\n\t\t\t\t\t\t\t\t\t\n                    <\/h3>\n\t\t\t\t\t\n\t\t\t\t\t\t\t\t\n                                <div class=\"exad-post-grid-description\">\n                    22 kwietnia w Bibliotece dla Dzieci i M\u0142odzie\u017cy nr XX odby\u0142y si\u0119 kolejne warsztaty Klubu Podr\u00f3\u017cnik\u00f3w Neli Ma\u0142ej Reporterki. Tym razem m\u0142odzi odkrywcy wyruszyli w...                <\/div>\n                            <div class=\"exad-post-footer\"><a href=\"https:\/\/bpzoliborz.pl\/bpzoliborz\/index.php\/2026\/04\/24\/nowa-zelandia-relacja-ze-spotkania-klubu-podroznikow-neli-malej-reporterki\/\" target=\"_blank\" class=\"read-more\">Czytaj dalej...<\/a><\/div>\n            \n        <\/div>\n            <\/div>\n<\/article>\n\n<article class=\"exad-post-grid-three exad-col  \">\n    <div class=\"exad-post-grid-container image-position-left exad-post-grid-equal-height-no\">\n                    <figure class=\"exad-post-grid-thumbnail\">\n                <a href=\"https:\/\/bpzoliborz.pl\/bpzoliborz\/index.php\/2026\/04\/24\/lekcja-biblioteczna-prawo-autorskie-a-nowe-technologie-relacja-ze-spotkania\/\">\n                    <img width=\"930\" height=\"620\" src=\"https:\/\/bpzoliborz.pl\/bpzoliborz\/wp-content\/uploads\/2026\/04\/20260423_102910-3-scaled-e1777040046548-930x620.jpg\" class=\"attachment-neve-blog size-neve-blog wp-post-image\" alt=\"\" loading=\"lazy\" \/>                <\/a>\n                \n                            <\/figure>\n        \n        <div class=\"exad-post-grid-body\">\n            \t\t\t\t\n\t\t\t\t\t\t\t\n                    <h3>\n\t\t\t\t\t\n\t\t\t\t\t\t\t\n                        <a href=\"https:\/\/bpzoliborz.pl\/bpzoliborz\/index.php\/2026\/04\/24\/lekcja-biblioteczna-prawo-autorskie-a-nowe-technologie-relacja-ze-spotkania\/\" class=\"exad-post-grid-title\">Lekcja biblioteczna &#8220;Prawo autorskie a nowe technologie&#8221; &#8211; relacja ze spotkania<\/a>\n\t\t\t\t\n\t\t\t\t\t\t\t\t\t\n                    <\/h3>\n\t\t\t\t\t\n\t\t\t\t\t\t\t\t\n                                <div class=\"exad-post-grid-description\">\n                    23 kwietnia w Czytelni Naukowej nr XVI odby\u0142a si\u0119 lekcja biblioteczna w formie wyk\u0142adu na temat prawa autorskiego, w kt\u00f3rych uczestniczyli uczniowie z III klasy...                <\/div>\n                            <div class=\"exad-post-footer\"><a href=\"https:\/\/bpzoliborz.pl\/bpzoliborz\/index.php\/2026\/04\/24\/lekcja-biblioteczna-prawo-autorskie-a-nowe-technologie-relacja-ze-spotkania\/\" target=\"_blank\" class=\"read-more\">Czytaj dalej...<\/a><\/div>\n            \n        <\/div>\n            <\/div>\n<\/article>\n\n<article class=\"exad-post-grid-three exad-col  \">\n    <div class=\"exad-post-grid-container image-position-left exad-post-grid-equal-height-no\">\n                    <figure class=\"exad-post-grid-thumbnail\">\n                <a href=\"https:\/\/bpzoliborz.pl\/bpzoliborz\/index.php\/2026\/04\/24\/lodowcowo-uniesieni-wokol-morza-baltyckiego-i-na-spitzbergen-relacja-ze-spotkania-podrozniczego\/\">\n                    <img width=\"930\" height=\"620\" src=\"https:\/\/bpzoliborz.pl\/bpzoliborz\/wp-content\/uploads\/2026\/04\/3-930x620.jpg\" class=\"attachment-neve-blog size-neve-blog wp-post-image\" alt=\"\" loading=\"lazy\" \/>                <\/a>\n                \n                            <\/figure>\n        \n        <div class=\"exad-post-grid-body\">\n            \t\t\t\t\n\t\t\t\t\t\t\t\n                    <h3>\n\t\t\t\t\t\n\t\t\t\t\t\t\t\n                        <a href=\"https:\/\/bpzoliborz.pl\/bpzoliborz\/index.php\/2026\/04\/24\/lodowcowo-uniesieni-wokol-morza-baltyckiego-i-na-spitzbergen-relacja-ze-spotkania-podrozniczego\/\" class=\"exad-post-grid-title\">Lodowcowo uniesieni. Wok\u00f3\u0142 Morza Ba\u0142tyckiego i na Spitzbergen &#8211; relacja ze spotkania podr\u00f3\u017cniczego<\/a>\n\t\t\t\t\n\t\t\t\t\t\t\t\t\t\n                    <\/h3>\n\t\t\t\t\t\n\t\t\t\t\t\t\t\t\n                                <div class=\"exad-post-grid-description\">\n                    23 kwietnia w Wypo\u017cyczalni nr 13 przy ul. \u015amia\u0142ej 24 odby\u0142o si\u0119 spotkanie podr\u00f3\u017cnicze z autorami ksi\u0105\u017cki \u201eLodowcowo uniesieni. Wok\u00f3\u0142 Morza Ba\u0142tyckiego i na Spitsbergen\u201d...                <\/div>\n                            <div class=\"exad-post-footer\"><a href=\"https:\/\/bpzoliborz.pl\/bpzoliborz\/index.php\/2026\/04\/24\/lodowcowo-uniesieni-wokol-morza-baltyckiego-i-na-spitzbergen-relacja-ze-spotkania-podrozniczego\/\" target=\"_blank\" class=\"read-more\">Czytaj dalej...<\/a><\/div>\n            \n        <\/div>\n            <\/div>\n<\/article>\n\n<article class=\"exad-post-grid-three exad-col  \">\n    <div class=\"exad-post-grid-container image-position-left exad-post-grid-equal-height-no\">\n                    <figure class=\"exad-post-grid-thumbnail\">\n                <a href=\"https:\/\/bpzoliborz.pl\/bpzoliborz\/index.php\/2026\/04\/23\/eksperymenty-naukowe-z-mama-monika\/\">\n                    <img width=\"930\" height=\"620\" src=\"https:\/\/bpzoliborz.pl\/bpzoliborz\/wp-content\/uploads\/2026\/04\/4-930x620.png\" class=\"attachment-neve-blog size-neve-blog wp-post-image\" alt=\"Grupa dzieci siedzi przy stole przykrytym foli\u0105 i uczestniczy w zaj\u0119ciach plastyczno-eksperymentalnych. Pod opiek\u0105 doros\u0142ej osoby mieszaj\u0105 w kubkach kolorowe substancje za pomoc\u0105 pipet i patyczk\u00f3w. Na stole znajduj\u0105 si\u0119 ma\u0142e pojemniki z barwnikami, klej i akcesoria do pracy. W tle wida\u0107 du\u017ce okno z widokiem na drzewa.\" loading=\"lazy\" \/>                <\/a>\n                \n                            <\/figure>\n        \n        <div class=\"exad-post-grid-body\">\n            \t\t\t\t\n\t\t\t\t\t\t\t\n                    <h3>\n\t\t\t\t\t\n\t\t\t\t\t\t\t\n                        <a href=\"https:\/\/bpzoliborz.pl\/bpzoliborz\/index.php\/2026\/04\/23\/eksperymenty-naukowe-z-mama-monika\/\" class=\"exad-post-grid-title\">Eksperymenty naukowe z mam\u0105 Monik\u0105<\/a>\n\t\t\t\t\n\t\t\t\t\t\t\t\t\t\n                    <\/h3>\n\t\t\t\t\t\n\t\t\t\t\t\t\t\t\n                                <div class=\"exad-post-grid-description\">\n                    W miniony poniedzia\u0142ek w Bibliotece zrobi\u0142o si\u0119 naprawd\u0119&#8230; naukowo. I cho\u0107 na pierwszy rzut oka wygl\u0105da\u0142o to jak magia, dzieci szybko odkry\u0142y, \u017ce za wszystkim...                <\/div>\n                            <div class=\"exad-post-footer\"><a href=\"https:\/\/bpzoliborz.pl\/bpzoliborz\/index.php\/2026\/04\/23\/eksperymenty-naukowe-z-mama-monika\/\" target=\"_blank\" class=\"read-more\">Czytaj dalej...<\/a><\/div>\n            \n        <\/div>\n            <\/div>\n<\/article>\n\n<article class=\"exad-post-grid-three exad-col  \">\n    <div class=\"exad-post-grid-container image-position-left exad-post-grid-equal-height-no\">\n                    <figure class=\"exad-post-grid-thumbnail\">\n                <a href=\"https:\/\/bpzoliborz.pl\/bpzoliborz\/index.php\/2026\/04\/22\/cykl-prelekcji-o-sztuce-i-historii-fontanny-rzymskie\/\">\n                    <img width=\"930\" height=\"620\" src=\"https:\/\/bpzoliborz.pl\/bpzoliborz\/wp-content\/uploads\/2026\/04\/tworzowska-1-930x620.jpg\" class=\"attachment-neve-blog size-neve-blog wp-post-image\" alt=\"fotografia przedstawia wn\u0119trze wypo\u017cyczalni nr 16\" loading=\"lazy\" \/>                <\/a>\n                \n                            <\/figure>\n        \n        <div class=\"exad-post-grid-body\">\n            \t\t\t\t\n\t\t\t\t\t\t\t\n                    <h3>\n\t\t\t\t\t\n\t\t\t\t\t\t\t\n                        <a href=\"https:\/\/bpzoliborz.pl\/bpzoliborz\/index.php\/2026\/04\/22\/cykl-prelekcji-o-sztuce-i-historii-fontanny-rzymskie\/\" class=\"exad-post-grid-title\">Cykl prelekcji o sztuce i historii \u2013 &#8220;Fontanny Rzymskie&#8221;<\/a>\n\t\t\t\t\n\t\t\t\t\t\t\t\t\t\n                    <\/h3>\n\t\t\t\t\t\n\t\t\t\t\t\t\t\t\n                                <div class=\"exad-post-grid-description\">\n                    15 kwietnia w Wypo\u017cyczalni nr 16 odby\u0142o si\u0119 kolejne, wyj\u0105tkowe spotkanie po\u015bwi\u0119cone sztuce. Tym razem odkrywali\u015bmy Rzym z perspektywy&#8230; fontann. Dzi\u0119kujemy wszystkim za obecno\u015b\u0107 i...                <\/div>\n                            <div class=\"exad-post-footer\"><a href=\"https:\/\/bpzoliborz.pl\/bpzoliborz\/index.php\/2026\/04\/22\/cykl-prelekcji-o-sztuce-i-historii-fontanny-rzymskie\/\" target=\"_blank\" class=\"read-more\">Czytaj dalej...<\/a><\/div>\n            \n        <\/div>\n            <\/div>\n<\/article>\n\n<article class=\"exad-post-grid-three exad-col  \">\n    <div class=\"exad-post-grid-container image-position-left exad-post-grid-equal-height-no\">\n                    <figure class=\"exad-post-grid-thumbnail\">\n                <a href=\"https:\/\/bpzoliborz.pl\/bpzoliborz\/index.php\/2026\/04\/22\/spotkanie-z-krymskotatarskim-dzialaczem-kulturalnym-khalilem-khalilovem-wokol-ksiazki-imiona-krymu\/\">\n                    <img width=\"930\" height=\"620\" src=\"https:\/\/bpzoliborz.pl\/bpzoliborz\/wp-content\/uploads\/2026\/04\/1000023408-930x620.jpg\" class=\"attachment-neve-blog size-neve-blog wp-post-image\" alt=\"\" loading=\"lazy\" \/>                <\/a>\n                \n                            <\/figure>\n        \n        <div class=\"exad-post-grid-body\">\n            \t\t\t\t\n\t\t\t\t\t\t\t\n                    <h3>\n\t\t\t\t\t\n\t\t\t\t\t\t\t\n                        <a href=\"https:\/\/bpzoliborz.pl\/bpzoliborz\/index.php\/2026\/04\/22\/spotkanie-z-krymskotatarskim-dzialaczem-kulturalnym-khalilem-khalilovem-wokol-ksiazki-imiona-krymu\/\" class=\"exad-post-grid-title\">Spotkanie z krymskotatarskim dzia\u0142aczem kulturalnym, Khalilem Khalilovem, wok\u00f3\u0142 ksi\u0105\u017cki &#8220;Imiona Krymu&#8221;<\/a>\n\t\t\t\t\n\t\t\t\t\t\t\t\t\t\n                    <\/h3>\n\t\t\t\t\t\n\t\t\t\t\t\t\t\t\n                                <div class=\"exad-post-grid-description\">\n                    16 kwietnia w Wypo\u017cyczalni nr 16 odby\u0142o si\u0119 spotkanie z krymskotatarskim dzia\u0142aczem kulturalnym, Khalilem Khalilovem, wok\u00f3\u0142 ksi\u0105\u017cki &#8220;Imiona Krymu&#8221; autorstwa Anastasii Lewkowej. Rozmow\u0119 poprowadzi\u0142 Maciej...                <\/div>\n                            <div class=\"exad-post-footer\"><a href=\"https:\/\/bpzoliborz.pl\/bpzoliborz\/index.php\/2026\/04\/22\/spotkanie-z-krymskotatarskim-dzialaczem-kulturalnym-khalilem-khalilovem-wokol-ksiazki-imiona-krymu\/\" target=\"_blank\" class=\"read-more\">Czytaj dalej...<\/a><\/div>\n            \n        <\/div>\n            <\/div>\n<\/article>\n\n<article class=\"exad-post-grid-three exad-col  \">\n    <div class=\"exad-post-grid-container image-position-left exad-post-grid-equal-height-no\">\n                    <figure class=\"exad-post-grid-thumbnail\">\n                <a href=\"https:\/\/bpzoliborz.pl\/bpzoliborz\/index.php\/2026\/04\/22\/modernizm-w-architekturze-na-przykladzie-gdyni-prelekcja-ewy-kowalczyk\/\">\n                    <img width=\"930\" height=\"620\" src=\"https:\/\/bpzoliborz.pl\/bpzoliborz\/wp-content\/uploads\/2026\/04\/IMG-20260420-WA0011-930x620.jpg\" class=\"attachment-neve-blog size-neve-blog wp-post-image\" alt=\"fotografia z prelekcji; na fotografii czytelnicy\" loading=\"lazy\" \/>                <\/a>\n                \n                            <\/figure>\n        \n        <div class=\"exad-post-grid-body\">\n            \t\t\t\t\n\t\t\t\t\t\t\t\n                    <h3>\n\t\t\t\t\t\n\t\t\t\t\t\t\t\n                        <a href=\"https:\/\/bpzoliborz.pl\/bpzoliborz\/index.php\/2026\/04\/22\/modernizm-w-architekturze-na-przykladzie-gdyni-prelekcja-ewy-kowalczyk\/\" class=\"exad-post-grid-title\">Modernizm w architekturze na przyk\u0142adzie Gdyni. Prelekcja Ewy Kowalczyk<\/a>\n\t\t\t\t\n\t\t\t\t\t\t\t\t\t\n                    <\/h3>\n\t\t\t\t\t\n\t\t\t\t\t\t\t\t\n                                <div class=\"exad-post-grid-description\">\n                    Z okazji 100-lecia Gdyni, 17 kwietnia w Wypo\u017cyczalni nr 16 odby\u0142 si\u0119 wyk\u0142ad Ewy Kowalczyk na temat gdy\u0144skiego modernizmu. Wydarzenie spotka\u0142o si\u0119 z du\u017cym zainteresowaniem....                <\/div>\n                            <div class=\"exad-post-footer\"><a href=\"https:\/\/bpzoliborz.pl\/bpzoliborz\/index.php\/2026\/04\/22\/modernizm-w-architekturze-na-przykladzie-gdyni-prelekcja-ewy-kowalczyk\/\" target=\"_blank\" class=\"read-more\">Czytaj dalej...<\/a><\/div>\n            \n        <\/div>\n            <\/div>\n<\/article>\n\n<article class=\"exad-post-grid-three exad-col  \">\n    <div class=\"exad-post-grid-container image-position-left exad-post-grid-equal-height-no\">\n                    <figure class=\"exad-post-grid-thumbnail\">\n                <a href=\"https:\/\/bpzoliborz.pl\/bpzoliborz\/index.php\/2026\/04\/17\/laczy-nas-pamiec-akcja-zonkile-2026\/\">\n                    <img width=\"930\" height=\"620\" src=\"https:\/\/bpzoliborz.pl\/bpzoliborz\/wp-content\/uploads\/2020\/07\/\u017conkile-930x620.png\" class=\"attachment-neve-blog size-neve-blog wp-post-image\" alt=\"logo akcji \u017conkile z dopiskiem \u0142\u0105czy nas pami\u0119\u0107 oraz z logo muzeum polin\" loading=\"lazy\" \/>                <\/a>\n                \n                            <\/figure>\n        \n        <div class=\"exad-post-grid-body\">\n            \t\t\t\t\n\t\t\t\t\t\t\t\n                    <h3>\n\t\t\t\t\t\n\t\t\t\t\t\t\t\n                        <a href=\"https:\/\/bpzoliborz.pl\/bpzoliborz\/index.php\/2026\/04\/17\/laczy-nas-pamiec-akcja-zonkile-2026\/\" class=\"exad-post-grid-title\">\u201c\u0141\u0105czy Nas Pami\u0119\u0107\u201d \u2013 Akcja \u017bonkile 2026<\/a>\n\t\t\t\t\n\t\t\t\t\t\t\t\t\t\n                    <\/h3>\n\t\t\t\t\t\n\t\t\t\t\t\t\t\t\n                                <div class=\"exad-post-grid-description\">\n                    19 kwietnia 2026 r. obchodzimy 83. Rocznic\u0119 wybuchu powstania w getcie Warszawskim. W rocznic\u0119 tego wydarzenia Muzeum Historii \u017byd\u00f3w Polskich POLIN organizuje corocznie akcj\u0119 spo\u0142eczno-edukacyjn\u0105...                <\/div>\n                            <div class=\"exad-post-footer\"><a href=\"https:\/\/bpzoliborz.pl\/bpzoliborz\/index.php\/2026\/04\/17\/laczy-nas-pamiec-akcja-zonkile-2026\/\" target=\"_blank\" class=\"read-more\">Czytaj dalej...<\/a><\/div>\n            \n        <\/div>\n            <\/div>\n<\/article>\n\n<article class=\"exad-post-grid-three exad-col  \">\n    <div class=\"exad-post-grid-container image-position-left exad-post-grid-equal-height-no\">\n                    <figure class=\"exad-post-grid-thumbnail\">\n                <a href=\"https:\/\/bpzoliborz.pl\/bpzoliborz\/index.php\/2026\/04\/10\/proces-spotkanie-mlodziezowego-dyskusyjnego-klubu-ksiazki-grupa-starsza-16\/\">\n                    <img width=\"930\" height=\"620\" src=\"https:\/\/bpzoliborz.pl\/bpzoliborz\/wp-content\/uploads\/2026\/04\/wyrozniajace-930x620.png\" class=\"attachment-neve-blog size-neve-blog wp-post-image\" alt=\"grafika wyr\u00f3\u017cniaj\u0105ca przedstawiaj\u0105ca u g\u00f3ry ok\u0142adk\u0119 ksi\u0105\u017ci &quot;Proces&quot; F. Kafki a na dole znajduje si\u0119 logo m\u0142odzie\u017cowego dyskusyjnego klubu ksi\u0105\u017cki\" loading=\"lazy\" \/>                <\/a>\n                \n                            <\/figure>\n        \n        <div class=\"exad-post-grid-body\">\n            \t\t\t\t\n\t\t\t\t\t\t\t\n                    <h3>\n\t\t\t\t\t\n\t\t\t\t\t\t\t\n                        <a href=\"https:\/\/bpzoliborz.pl\/bpzoliborz\/index.php\/2026\/04\/10\/proces-spotkanie-mlodziezowego-dyskusyjnego-klubu-ksiazki-grupa-starsza-16\/\" class=\"exad-post-grid-title\">&#8220;Proces&#8221; spotkanie M\u0142odzie\u017cowego Dyskusyjnego Klubu Ksi\u0105\u017cki (grupa starsza 16+)<\/a>\n\t\t\t\t\n\t\t\t\t\t\t\t\t\t\n                    <\/h3>\n\t\t\t\t\t\n\t\t\t\t\t\t\t\t\n                                <div class=\"exad-post-grid-description\">\n                    09.04.2026r. w Wypo\u017cyczalni dla Doros\u0142ych i M\u0142odzie\u017cy nr 16 przy ul. S\u0142owackiego 19A odby\u0142o si\u0119 kolejne spotkanie M\u0142odzie\u017cowego Dyskusyjnego Klubu Ksi\u0105\u017cki, podczas kt\u00f3rego rozmawiali\u015bmy o...                <\/div>\n                            <div class=\"exad-post-footer\"><a href=\"https:\/\/bpzoliborz.pl\/bpzoliborz\/index.php\/2026\/04\/10\/proces-spotkanie-mlodziezowego-dyskusyjnego-klubu-ksiazki-grupa-starsza-16\/\" target=\"_blank\" class=\"read-more\">Czytaj dalej...<\/a><\/div>\n            \n        <\/div>\n            <\/div>\n<\/article>\n\n<article class=\"exad-post-grid-three exad-col  \">\n    <div class=\"exad-post-grid-container image-position-left exad-post-grid-equal-height-no\">\n                    <figure class=\"exad-post-grid-thumbnail\">\n                <a href=\"https:\/\/bpzoliborz.pl\/bpzoliborz\/index.php\/2026\/03\/30\/spotkanie-autorskie-z-joanna-mizielinska-2\/\">\n                    <img width=\"930\" height=\"620\" src=\"https:\/\/bpzoliborz.pl\/bpzoliborz\/wp-content\/uploads\/2026\/03\/IMG_20260327_181016-930x620.jpg\" class=\"attachment-neve-blog size-neve-blog wp-post-image\" alt=\"fotografia przedstawia pisark\u0119 joann\u0119 mizieli\u0144sk\u0105 w trakcie rozmowy z czytelnikami z Wypo\u017cyczalni nr 16\" loading=\"lazy\" \/>                <\/a>\n                \n                            <\/figure>\n        \n        <div class=\"exad-post-grid-body\">\n            \t\t\t\t\n\t\t\t\t\t\t\t\n                    <h3>\n\t\t\t\t\t\n\t\t\t\t\t\t\t\n                        <a href=\"https:\/\/bpzoliborz.pl\/bpzoliborz\/index.php\/2026\/03\/30\/spotkanie-autorskie-z-joanna-mizielinska-2\/\" class=\"exad-post-grid-title\">Spotkanie autorskie z Joann\u0105 Mizieli\u0144sk\u0105<\/a>\n\t\t\t\t\n\t\t\t\t\t\t\t\t\t\n                    <\/h3>\n\t\t\t\t\t\n\t\t\t\t\t\t\t\t\n                                <div class=\"exad-post-grid-description\">\n                    27 marca w Wypo\u017cyczalni nr 16 go\u015bcili\u015bmy naukowczyni\u0119, kulturoznawczyni\u0119 i pisark\u0119 Joann\u0119 Mizieli\u0144sk\u0105. Autork\u0119 &#8220;Ksi\u0119gi umar\u0142ych&#8221;, opowie\u015bci o losach nieheteronormatywnej rodziny opisanej poprzez przydarzaj\u0105ce si\u0119...                <\/div>\n                            <div class=\"exad-post-footer\"><a href=\"https:\/\/bpzoliborz.pl\/bpzoliborz\/index.php\/2026\/03\/30\/spotkanie-autorskie-z-joanna-mizielinska-2\/\" target=\"_blank\" class=\"read-more\">Czytaj dalej...<\/a><\/div>\n            \n        <\/div>\n            <\/div>\n<\/article>\n\n<article class=\"exad-post-grid-three exad-col  \">\n    <div class=\"exad-post-grid-container image-position-left exad-post-grid-equal-height-no\">\n                    <figure class=\"exad-post-grid-thumbnail\">\n                <a href=\"https:\/\/bpzoliborz.pl\/bpzoliborz\/index.php\/2026\/03\/30\/spotkanie-muzyczne-z-maciejem-wiezynskim-2\/\">\n                    <img width=\"930\" height=\"620\" src=\"https:\/\/bpzoliborz.pl\/bpzoliborz\/wp-content\/uploads\/2026\/03\/wierzynski12-930x620.jpg\" class=\"attachment-neve-blog size-neve-blog wp-post-image\" alt=\"na fotografii uchwycono muzyka, kompozytora Macieja Wie\u017cy\u0144skiego z gitar\u0105\" loading=\"lazy\" \/>                <\/a>\n                \n                            <\/figure>\n        \n        <div class=\"exad-post-grid-body\">\n            \t\t\t\t\n\t\t\t\t\t\t\t\n                    <h3>\n\t\t\t\t\t\n\t\t\t\t\t\t\t\n                        <a href=\"https:\/\/bpzoliborz.pl\/bpzoliborz\/index.php\/2026\/03\/30\/spotkanie-muzyczne-z-maciejem-wiezynskim-2\/\" class=\"exad-post-grid-title\">Spotkanie muzyczne z Maciejem Wie\u017cy\u0144skim<\/a>\n\t\t\t\t\n\t\t\t\t\t\t\t\t\t\n                    <\/h3>\n\t\t\t\t\t\n\t\t\t\t\t\t\t\t\n                                <div class=\"exad-post-grid-description\">\n                    26 marca w Wypo\u017cyczalni nr 16 odby\u0142 si\u0119 jedyny w swoim rodzaju, energetyczny koncert gitarzysty Macieja Wie\u017cy\u0144skiego z go\u015bcinnym udzia\u0142em perkusistki Joanny Felczak oraz wibrafonisty...                <\/div>\n                            <div class=\"exad-post-footer\"><a href=\"https:\/\/bpzoliborz.pl\/bpzoliborz\/index.php\/2026\/03\/30\/spotkanie-muzyczne-z-maciejem-wiezynskim-2\/\" target=\"_blank\" class=\"read-more\">Czytaj dalej...<\/a><\/div>\n            \n        <\/div>\n            <\/div>\n<\/article>\n\n<article class=\"exad-post-grid-three exad-col  \">\n    <div class=\"exad-post-grid-container image-position-left exad-post-grid-equal-height-no\">\n                    <figure class=\"exad-post-grid-thumbnail\">\n                <a href=\"https:\/\/bpzoliborz.pl\/bpzoliborz\/index.php\/2026\/03\/27\/wielkanocne-spotkanie-swiateczne\/\">\n                    <img width=\"930\" height=\"620\" src=\"https:\/\/bpzoliborz.pl\/bpzoliborz\/wp-content\/uploads\/2026\/03\/obrazek-wyrozniajacy-na-strone-wyp111-3-930x620.png\" class=\"attachment-neve-blog size-neve-blog wp-post-image\" alt=\"\" loading=\"lazy\" \/>                <\/a>\n                \n                            <\/figure>\n        \n        <div class=\"exad-post-grid-body\">\n            \t\t\t\t\n\t\t\t\t\t\t\t\n                    <h3>\n\t\t\t\t\t\n\t\t\t\t\t\t\t\n                        <a href=\"https:\/\/bpzoliborz.pl\/bpzoliborz\/index.php\/2026\/03\/27\/wielkanocne-spotkanie-swiateczne\/\" class=\"exad-post-grid-title\">Wielkanocne Spotkanie \u015awi\u0105teczne<\/a>\n\t\t\t\t\n\t\t\t\t\t\t\t\t\t\n                    <\/h3>\n\t\t\t\t\t\n\t\t\t\t\t\t\t\t\n                                <div class=\"exad-post-grid-description\">\n                    21 marca 2026 r. nasza Biblioteka wzi\u0119\u0142a udzia\u0142 w Wielkanocnym Spotkaniu \u015awi\u0105tecznym zorganizowanym w Forcie Sokolnickiego. W radosnej, wiosennej atmosferze wsp\u00f3lnie malowali\u015bmy pisanki, powsta\u0142o wiele...                <\/div>\n                            <div class=\"exad-post-footer\"><a href=\"https:\/\/bpzoliborz.pl\/bpzoliborz\/index.php\/2026\/03\/27\/wielkanocne-spotkanie-swiateczne\/\" target=\"_blank\" class=\"read-more\">Czytaj dalej...<\/a><\/div>\n            \n        <\/div>\n            <\/div>\n<\/article>\n\n<article class=\"exad-post-grid-three exad-col  \">\n    <div class=\"exad-post-grid-container image-position-left exad-post-grid-equal-height-no\">\n                    <figure class=\"exad-post-grid-thumbnail\">\n                <a href=\"https:\/\/bpzoliborz.pl\/bpzoliborz\/index.php\/2026\/03\/27\/peru-relacja-ze-spotkania-klubu-podroznikow-neli-malej-reporterki\/\">\n                    <img width=\"930\" height=\"620\" src=\"https:\/\/bpzoliborz.pl\/bpzoliborz\/wp-content\/uploads\/2026\/03\/825bee87-cdeb-4b16-b577-39ec3b2d3a6d-930x620.jpg\" class=\"attachment-neve-blog size-neve-blog wp-post-image\" alt=\"\" loading=\"lazy\" \/>                <\/a>\n                \n                            <\/figure>\n        \n        <div class=\"exad-post-grid-body\">\n            \t\t\t\t\n\t\t\t\t\t\t\t\n                    <h3>\n\t\t\t\t\t\n\t\t\t\t\t\t\t\n                        <a href=\"https:\/\/bpzoliborz.pl\/bpzoliborz\/index.php\/2026\/03\/27\/peru-relacja-ze-spotkania-klubu-podroznikow-neli-malej-reporterki\/\" class=\"exad-post-grid-title\">Peru &#8211; relacja ze spotkania Klubu Podr\u00f3\u017cnik\u00f3w Neli Ma\u0142ej Reporterki<\/a>\n\t\t\t\t\n\t\t\t\t\t\t\t\t\t\n                    <\/h3>\n\t\t\t\t\t\n\t\t\t\t\t\t\t\t\n                                <div class=\"exad-post-grid-description\">\n                    26 marca w Bibliotece dla Dzieci i M\u0142odzie\u017cy nr XX, podczas spotkania w\u00a0Klubie Podr\u00f3\u017cnik\u00f3w Neli Ma\u0142ej Reporterki, przenie\u015bli\u015bmy si\u0119 prosto do magicznego\u00a0Peru. Magda opowiedzia\u0142a o...                <\/div>\n                            <div class=\"exad-post-footer\"><a href=\"https:\/\/bpzoliborz.pl\/bpzoliborz\/index.php\/2026\/03\/27\/peru-relacja-ze-spotkania-klubu-podroznikow-neli-malej-reporterki\/\" target=\"_blank\" class=\"read-more\">Czytaj dalej...<\/a><\/div>\n            \n        <\/div>\n            <\/div>\n<\/article>\n\n<article class=\"exad-post-grid-three exad-col  \">\n    <div class=\"exad-post-grid-container image-position-left exad-post-grid-equal-height-no\">\n                    <figure class=\"exad-post-grid-thumbnail\">\n                <a href=\"https:\/\/bpzoliborz.pl\/bpzoliborz\/index.php\/2026\/03\/27\/wiosenne-ptasie-radio-relacja-z-rodzinnych-warsztatow-artystycznych\/\">\n                    <img width=\"930\" height=\"620\" src=\"https:\/\/bpzoliborz.pl\/bpzoliborz\/wp-content\/uploads\/2026\/03\/4-2-930x620.jpg\" class=\"attachment-neve-blog size-neve-blog wp-post-image\" alt=\"\" loading=\"lazy\" \/>                <\/a>\n                \n                            <\/figure>\n        \n        <div class=\"exad-post-grid-body\">\n            \t\t\t\t\n\t\t\t\t\t\t\t\n                    <h3>\n\t\t\t\t\t\n\t\t\t\t\t\t\t\n                        <a href=\"https:\/\/bpzoliborz.pl\/bpzoliborz\/index.php\/2026\/03\/27\/wiosenne-ptasie-radio-relacja-z-rodzinnych-warsztatow-artystycznych\/\" class=\"exad-post-grid-title\">Wiosenne Ptasie Radio &#8211; relacja z Rodzinnych Warsztat\u00f3w Artystycznych<\/a>\n\t\t\t\t\n\t\t\t\t\t\t\t\t\t\n                    <\/h3>\n\t\t\t\t\t\n\t\t\t\t\t\t\t\t\n                                <div class=\"exad-post-grid-description\">\n                    20 marca w Bibliotece dla Dzieci i M\u0142odzie\u017cy nr XX odby\u0142y si\u0119 Rodzinne Warsztaty Artystyczne. Tematem i inspiracj\u0105 spotkania by\u0142 wiersz Juliana Tuwima Ptasie radio....                <\/div>\n                            <div class=\"exad-post-footer\"><a href=\"https:\/\/bpzoliborz.pl\/bpzoliborz\/index.php\/2026\/03\/27\/wiosenne-ptasie-radio-relacja-z-rodzinnych-warsztatow-artystycznych\/\" target=\"_blank\" class=\"read-more\">Czytaj dalej...<\/a><\/div>\n            \n        <\/div>\n            <\/div>\n<\/article>\n\n<article class=\"exad-post-grid-three exad-col  \">\n    <div class=\"exad-post-grid-container image-position-left exad-post-grid-equal-height-no\">\n                    <figure class=\"exad-post-grid-thumbnail\">\n                <a href=\"https:\/\/bpzoliborz.pl\/bpzoliborz\/index.php\/2026\/03\/26\/irlandia-klub-podroznikow-neli-malej-reporterki-2\/\">\n                    <img width=\"930\" height=\"620\" src=\"https:\/\/bpzoliborz.pl\/bpzoliborz\/wp-content\/uploads\/2026\/03\/4-1-930x620.jpg\" class=\"attachment-neve-blog size-neve-blog wp-post-image\" alt=\"\" loading=\"lazy\" \/>                <\/a>\n                \n                            <\/figure>\n        \n        <div class=\"exad-post-grid-body\">\n            \t\t\t\t\n\t\t\t\t\t\t\t\n                    <h3>\n\t\t\t\t\t\n\t\t\t\t\t\t\t\n                        <a href=\"https:\/\/bpzoliborz.pl\/bpzoliborz\/index.php\/2026\/03\/26\/irlandia-klub-podroznikow-neli-malej-reporterki-2\/\" class=\"exad-post-grid-title\">Irlandia &#8211; relacja ze spotkania Klubu Podr\u00f3\u017cnik\u00f3w Neli Ma\u0142ej Reporterki<\/a>\n\t\t\t\t\n\t\t\t\t\t\t\t\t\t\n                    <\/h3>\n\t\t\t\t\t\n\t\t\t\t\t\t\t\t\n                                <div class=\"exad-post-grid-description\">\n                    10 i 12 marca w Bibliotece dla Dzieci i M\u0142odzie\u017cy nr XX odby\u0142y si\u0119 dwa spotkania Klubu Podr\u00f3\u017cnik\u00f3w Neli Ma\u0142ej Reporterki. Oba po\u015bwi\u0119cono Irlandii, a...                <\/div>\n                            <div class=\"exad-post-footer\"><a href=\"https:\/\/bpzoliborz.pl\/bpzoliborz\/index.php\/2026\/03\/26\/irlandia-klub-podroznikow-neli-malej-reporterki-2\/\" target=\"_blank\" class=\"read-more\">Czytaj dalej...<\/a><\/div>\n            \n        <\/div>\n            <\/div>\n<\/article>\n\n<article class=\"exad-post-grid-three exad-col  \">\n    <div class=\"exad-post-grid-container image-position-left exad-post-grid-equal-height-no\">\n                    <figure class=\"exad-post-grid-thumbnail\">\n                <a href=\"https:\/\/bpzoliborz.pl\/bpzoliborz\/index.php\/2026\/03\/25\/98-rocznica-urodzin-joanny-kulmowej\/\">\n                    <img width=\"930\" height=\"620\" src=\"https:\/\/bpzoliborz.pl\/bpzoliborz\/wp-content\/uploads\/2026\/03\/20260325_083530-930x620.jpg\" class=\"attachment-neve-blog size-neve-blog wp-post-image\" alt=\"Fragment wystawy: ksi\u0105\u017cki Joanny Kulmowej dla dzieci, portret autorki oraz dekoracje z kolorowego papieru.\" loading=\"lazy\" \/>                <\/a>\n                \n                            <\/figure>\n        \n        <div class=\"exad-post-grid-body\">\n            \t\t\t\t\n\t\t\t\t\t\t\t\n                    <h3>\n\t\t\t\t\t\n\t\t\t\t\t\t\t\n                        <a href=\"https:\/\/bpzoliborz.pl\/bpzoliborz\/index.php\/2026\/03\/25\/98-rocznica-urodzin-joanny-kulmowej\/\" class=\"exad-post-grid-title\">98. rocznica urodzin Joanny Kulmowej<\/a>\n\t\t\t\t\n\t\t\t\t\t\t\t\t\t\n                    <\/h3>\n\t\t\t\t\t\n\t\t\t\t\t\t\t\t\n                                <div class=\"exad-post-grid-description\">\n                    Dzi\u015b 98. rocznic\u0119 urodzin obchodzi\u0142aby Joanna Kulmowa \u2013 poetka, prozaik, autorka utwor\u00f3w dla dzieci i m\u0142odzie\u017cy Z tej okazji w Bibliotece dla Dzieci i M\u0142odzie\u017cy...                <\/div>\n                            <div class=\"exad-post-footer\"><a href=\"https:\/\/bpzoliborz.pl\/bpzoliborz\/index.php\/2026\/03\/25\/98-rocznica-urodzin-joanny-kulmowej\/\" target=\"_blank\" class=\"read-more\">Czytaj dalej...<\/a><\/div>\n            \n        <\/div>\n            <\/div>\n<\/article>\n\n<article class=\"exad-post-grid-three exad-col  \">\n    <div class=\"exad-post-grid-container image-position-left exad-post-grid-equal-height-no\">\n                    <figure class=\"exad-post-grid-thumbnail\">\n                <a href=\"https:\/\/bpzoliborz.pl\/bpzoliborz\/index.php\/2026\/03\/24\/wielkanocne-pocztowki-z-pierwszej-polowy-xx-wieku-wystawa\/\">\n                    <img width=\"930\" height=\"620\" src=\"https:\/\/bpzoliborz.pl\/bpzoliborz\/wp-content\/uploads\/2026\/03\/obrazek-wyrozniajacy-I-na-strone-CZYTELNIA-930x620.png\" class=\"attachment-neve-blog size-neve-blog wp-post-image\" alt=\"\" loading=\"lazy\" \/>                <\/a>\n                \n                            <\/figure>\n        \n        <div class=\"exad-post-grid-body\">\n            \t\t\t\t\n\t\t\t\t\t\t\t\n                    <h3>\n\t\t\t\t\t\n\t\t\t\t\t\t\t\n                        <a href=\"https:\/\/bpzoliborz.pl\/bpzoliborz\/index.php\/2026\/03\/24\/wielkanocne-pocztowki-z-pierwszej-polowy-xx-wieku-wystawa\/\" class=\"exad-post-grid-title\">Wielkanocne poczt\u00f3wki z pierwszej po\u0142owy XX wieku &#8211; wystawa<\/a>\n\t\t\t\t\n\t\t\t\t\t\t\t\t\t\n                    <\/h3>\n\t\t\t\t\t\n\t\t\t\t\t\t\t\t\n                                <div class=\"exad-post-grid-description\">\n                    W obecnych czasach tradycyjne poczt\u00f3wki staj\u0105 si\u0119 coraz rzadszym sposobem sk\u0142adania \u017cycze\u0144, ust\u0119puj\u0105c miejsca szybszym formom cyfrowym. Czytelnia Naukowa nr XVI zaprasza na wystaw\u0119 wielkanocnych...                <\/div>\n                            <div class=\"exad-post-footer\"><a href=\"https:\/\/bpzoliborz.pl\/bpzoliborz\/index.php\/2026\/03\/24\/wielkanocne-pocztowki-z-pierwszej-polowy-xx-wieku-wystawa\/\" target=\"_blank\" class=\"read-more\">Czytaj dalej...<\/a><\/div>\n            \n        <\/div>\n            <\/div>\n<\/article>\n\n<article class=\"exad-post-grid-three exad-col  \">\n    <div class=\"exad-post-grid-container image-position-left exad-post-grid-equal-height-no\">\n                    <figure class=\"exad-post-grid-thumbnail\">\n                <a href=\"https:\/\/bpzoliborz.pl\/bpzoliborz\/index.php\/2026\/03\/23\/opowiesci-o-wspolczesnej-sztuce-polskiej-boryslaw-czyzak-o-marii-anto-relacja-ze-spotkania\/\">\n                    <img width=\"930\" height=\"620\" src=\"https:\/\/bpzoliborz.pl\/bpzoliborz\/wp-content\/uploads\/2026\/03\/7b837b48-343d-4c72-bb9b-4d6a7866ea14-930x620.jpg\" class=\"attachment-neve-blog size-neve-blog wp-post-image\" alt=\"\" loading=\"lazy\" \/>                <\/a>\n                \n                            <\/figure>\n        \n        <div class=\"exad-post-grid-body\">\n            \t\t\t\t\n\t\t\t\t\t\t\t\n                    <h3>\n\t\t\t\t\t\n\t\t\t\t\t\t\t\n                        <a href=\"https:\/\/bpzoliborz.pl\/bpzoliborz\/index.php\/2026\/03\/23\/opowiesci-o-wspolczesnej-sztuce-polskiej-boryslaw-czyzak-o-marii-anto-relacja-ze-spotkania\/\" class=\"exad-post-grid-title\">Opowie\u015bci o wsp\u00f3\u0142czesnej sztuce polskiej &#8211; Borys\u0142aw Czy\u017cak o Marii Anto. Relacja ze spotkania.<\/a>\n\t\t\t\t\n\t\t\t\t\t\t\t\t\t\n                    <\/h3>\n\t\t\t\t\t\n\t\t\t\t\t\t\t\t\n                                <div class=\"exad-post-grid-description\">\n                    19 marca w Bibliotece przy ul. \u015amia\u0142ej 24, odby\u0142o si\u0119 drugie spotkanie z Borys\u0142awem Czy\u017cakiem, na kt\u00f3rym rozmawiali\u015bmy o bardzo wa\u017cnej dla \u017boliborza artystce &#8211;...                <\/div>\n                            <div class=\"exad-post-footer\"><a href=\"https:\/\/bpzoliborz.pl\/bpzoliborz\/index.php\/2026\/03\/23\/opowiesci-o-wspolczesnej-sztuce-polskiej-boryslaw-czyzak-o-marii-anto-relacja-ze-spotkania\/\" target=\"_blank\" class=\"read-more\">Czytaj dalej...<\/a><\/div>\n            \n        <\/div>\n            <\/div>\n<\/article>\n\n<article class=\"exad-post-grid-three exad-col  \">\n    <div class=\"exad-post-grid-container image-position-left exad-post-grid-equal-height-no\">\n                    <figure class=\"exad-post-grid-thumbnail\">\n                <a href=\"https:\/\/bpzoliborz.pl\/bpzoliborz\/index.php\/2026\/03\/23\/poslaniec-spotkanie-mlodziezowego-dyskusyjnego-klubu-ksiazki-grupa-starsza-16\/\">\n                    <img width=\"930\" height=\"620\" src=\"https:\/\/bpzoliborz.pl\/bpzoliborz\/wp-content\/uploads\/2026\/03\/wyrozniajace-930x620.jpg\" class=\"attachment-neve-blog size-neve-blog wp-post-image\" alt=\"grafika wyr\u00f3\u017cniaj\u0105ca przedstawiaj\u0105ca ok\u0142adk\u0119 ksi\u0105\u017cki Markusa Zusaka pt. &quot;Pos\u0142aniec&quot;. Na dole grafiki znajduje si\u0119 logo m\u0142odzie\u017cowego dyskusyjnego klubu ksi\u0105\u017cki\" loading=\"lazy\" \/>                <\/a>\n                \n                            <\/figure>\n        \n        <div class=\"exad-post-grid-body\">\n            \t\t\t\t\n\t\t\t\t\t\t\t\n                    <h3>\n\t\t\t\t\t\n\t\t\t\t\t\t\t\n                        <a href=\"https:\/\/bpzoliborz.pl\/bpzoliborz\/index.php\/2026\/03\/23\/poslaniec-spotkanie-mlodziezowego-dyskusyjnego-klubu-ksiazki-grupa-starsza-16\/\" class=\"exad-post-grid-title\">&#8220;Pos\u0142aniec&#8221; spotkanie M\u0142odzie\u017cowego Dyskusyjnego Klubu Ksi\u0105\u017cki (grupa starsza 16+)<\/a>\n\t\t\t\t\n\t\t\t\t\t\t\t\t\t\n                    <\/h3>\n\t\t\t\t\t\n\t\t\t\t\t\t\t\t\n                                <div class=\"exad-post-grid-description\">\n                    20 marca w Wypo\u017cyczalnia dla Doros\u0142ych i M\u0142odzie\u017cy nr 16 podczas M\u0142odzie\u017cowego Dyskusyjnego Klubu Ksi\u0105\u017cki omawiali\u015bmy powie\u015b\u0107 Markusa Zusaka pt. \u201ePos\u0142aniec\u201d. Ksi\u0105\u017cka nie trafi\u0142a w...                <\/div>\n                            <div class=\"exad-post-footer\"><a href=\"https:\/\/bpzoliborz.pl\/bpzoliborz\/index.php\/2026\/03\/23\/poslaniec-spotkanie-mlodziezowego-dyskusyjnego-klubu-ksiazki-grupa-starsza-16\/\" target=\"_blank\" class=\"read-more\">Czytaj dalej...<\/a><\/div>\n            \n        <\/div>\n            <\/div>\n<\/article>\n\n<article class=\"exad-post-grid-three exad-col  \">\n    <div class=\"exad-post-grid-container image-position-left exad-post-grid-equal-height-no\">\n                    <figure class=\"exad-post-grid-thumbnail\">\n                <a href=\"https:\/\/bpzoliborz.pl\/bpzoliborz\/index.php\/2026\/03\/20\/spotkanie-autorskie-z-markiem-szymanskim-3\/\">\n                    <img width=\"930\" height=\"620\" src=\"https:\/\/bpzoliborz.pl\/bpzoliborz\/wp-content\/uploads\/2026\/03\/szymanski1-1-930x620.jpg\" class=\"attachment-neve-blog size-neve-blog wp-post-image\" alt=\"fotografia przedstawiaj\u0105ca uczestnik\u00f3w wyk\u0142adu magdaleny tworzowskiej\" loading=\"lazy\" \/>                <\/a>\n                \n                            <\/figure>\n        \n        <div class=\"exad-post-grid-body\">\n            \t\t\t\t\n\t\t\t\t\t\t\t\n                    <h3>\n\t\t\t\t\t\n\t\t\t\t\t\t\t\n                        <a href=\"https:\/\/bpzoliborz.pl\/bpzoliborz\/index.php\/2026\/03\/20\/spotkanie-autorskie-z-markiem-szymanskim-3\/\" class=\"exad-post-grid-title\">Spotkanie autorskie z Markiem Szyma\u0144skim<\/a>\n\t\t\t\t\n\t\t\t\t\t\t\t\t\t\n                    <\/h3>\n\t\t\t\t\t\n\t\t\t\t\t\t\t\t\n                                <div class=\"exad-post-grid-description\">\n                    Pisarz opowiada\u0142 o swojej tw\u00f3rczo\u015bci, inspiracjach oraz pracy nad powie\u015bciami. W Internecie czytelnicy podkre\u015blaj\u0105, \u017ce w jego ksi\u0105\u017ckach pojawia si\u0119 dynamiczna akcja, kosmiczne przygody i...                <\/div>\n                            <div class=\"exad-post-footer\"><a href=\"https:\/\/bpzoliborz.pl\/bpzoliborz\/index.php\/2026\/03\/20\/spotkanie-autorskie-z-markiem-szymanskim-3\/\" target=\"_blank\" class=\"read-more\">Czytaj dalej...<\/a><\/div>\n            \n        <\/div>\n            <\/div>\n<\/article>\n\n<article class=\"exad-post-grid-three exad-col  \">\n    <div class=\"exad-post-grid-container image-position-left exad-post-grid-equal-height-no\">\n                    <figure class=\"exad-post-grid-thumbnail\">\n                <a href=\"https:\/\/bpzoliborz.pl\/bpzoliborz\/index.php\/2026\/03\/20\/spotkanie-z-magdalena-tworzowska-magia-wloskich-jezior\/\">\n                    <img width=\"930\" height=\"620\" src=\"https:\/\/bpzoliborz.pl\/bpzoliborz\/wp-content\/uploads\/2026\/03\/tworzowska-930x620.jpg\" class=\"attachment-neve-blog size-neve-blog wp-post-image\" alt=\"fotografia przedstawiaj\u0105ca uczestnik\u00f3w wyk\u0142adu magdaleny tworzowskiej\" loading=\"lazy\" \/>                <\/a>\n                \n                            <\/figure>\n        \n        <div class=\"exad-post-grid-body\">\n            \t\t\t\t\n\t\t\t\t\t\t\t\n                    <h3>\n\t\t\t\t\t\n\t\t\t\t\t\t\t\n                        <a href=\"https:\/\/bpzoliborz.pl\/bpzoliborz\/index.php\/2026\/03\/20\/spotkanie-z-magdalena-tworzowska-magia-wloskich-jezior\/\" class=\"exad-post-grid-title\">Spotkanie z Magdalen\u0105 Tworzowsk\u0105: &#8220;Magia w\u0142oskich jezior&#8221;<\/a>\n\t\t\t\t\n\t\t\t\t\t\t\t\t\t\n                    <\/h3>\n\t\t\t\t\t\n\t\t\t\t\t\t\t\t\n                                <div class=\"exad-post-grid-description\">\n                    Najpi\u0119kniejsze jeziora we W\u0142oszech znajduj\u0105 si\u0119 g\u0142\u00f3wnie na p\u00f3\u0142nocy, oferuj\u0105c alpejskie krajobrazy, krystaliczn\u0105 wod\u0119 i urokliwe miasteczka. Na kolejnym spotkaniu z cyklu wyk\u0142ad\u00f3w o sztuce...                <\/div>\n                            <div class=\"exad-post-footer\"><a href=\"https:\/\/bpzoliborz.pl\/bpzoliborz\/index.php\/2026\/03\/20\/spotkanie-z-magdalena-tworzowska-magia-wloskich-jezior\/\" target=\"_blank\" class=\"read-more\">Czytaj dalej...<\/a><\/div>\n            \n        <\/div>\n            <\/div>\n<\/article>\n\n<article class=\"exad-post-grid-three exad-col  \">\n    <div class=\"exad-post-grid-container image-position-left exad-post-grid-equal-height-no\">\n                    <figure class=\"exad-post-grid-thumbnail\">\n                <a href=\"https:\/\/bpzoliborz.pl\/bpzoliborz\/index.php\/2026\/03\/18\/nauka-przez-zabawe-eksperymenty-z-mama-monika-w-bibliotece-przy-ul-broniewskiego-9a\/\">\n                    <img width=\"930\" height=\"620\" src=\"https:\/\/bpzoliborz.pl\/bpzoliborz\/wp-content\/uploads\/2026\/03\/20260316_180848-930x620.jpg\" class=\"attachment-neve-blog size-neve-blog wp-post-image\" alt=\"Uczestnicy warsztat\u00f3w \u2013 dzieci w r\u00f3\u017cnym wieku \u2013 wykonuj\u0105 do\u015bwiadczenia przy stole, mieszaj\u0105c substancje w naczyniach i obserwuj\u0105c efekty.\" loading=\"lazy\" \/>                <\/a>\n                \n                            <\/figure>\n        \n        <div class=\"exad-post-grid-body\">\n            \t\t\t\t\n\t\t\t\t\t\t\t\n                    <h3>\n\t\t\t\t\t\n\t\t\t\t\t\t\t\n                        <a href=\"https:\/\/bpzoliborz.pl\/bpzoliborz\/index.php\/2026\/03\/18\/nauka-przez-zabawe-eksperymenty-z-mama-monika-w-bibliotece-przy-ul-broniewskiego-9a\/\" class=\"exad-post-grid-title\">Nauka przez zabaw\u0119: \u201eEksperymenty z mam\u0105 Monik\u0105\u201d w bibliotece przy ul. Broniewskiego 9a<\/a>\n\t\t\t\t\n\t\t\t\t\t\t\t\t\t\n                    <\/h3>\n\t\t\t\t\t\n\t\t\t\t\t\t\t\t\n                                <div class=\"exad-post-grid-description\">\n                    W poniedzia\u0142ek w Bibliotece przy ul. Broniewskiego 9a odby\u0142y si\u0119 warsztaty edukacyjne dla dzieci \u201eEksperymenty z mam\u0105 Monik\u0105 \u2013 To nie magia, to nauka\u201d. By\u0142y...                <\/div>\n                            <div class=\"exad-post-footer\"><a href=\"https:\/\/bpzoliborz.pl\/bpzoliborz\/index.php\/2026\/03\/18\/nauka-przez-zabawe-eksperymenty-z-mama-monika-w-bibliotece-przy-ul-broniewskiego-9a\/\" target=\"_blank\" class=\"read-more\">Czytaj dalej...<\/a><\/div>\n            \n        <\/div>\n            <\/div>\n<\/article>\n\n<article class=\"exad-post-grid-three exad-col  \">\n    <div class=\"exad-post-grid-container image-position-left exad-post-grid-equal-height-no\">\n                    <figure class=\"exad-post-grid-thumbnail\">\n                <a href=\"https:\/\/bpzoliborz.pl\/bpzoliborz\/index.php\/2026\/03\/16\/relacja-z-warsztatow-upcyklingowych-papierowe-motyle\/\">\n                    <img width=\"930\" height=\"620\" src=\"https:\/\/bpzoliborz.pl\/bpzoliborz\/wp-content\/uploads\/2026\/03\/607b4e95-e770-4f2a-9a75-db5e362995e8-930x620.jpg\" class=\"attachment-neve-blog size-neve-blog wp-post-image\" alt=\"Kilka tr\u00f3jwymiarowych papierowych motyli stoj\u0105cych na stole; wykonane z papieru z nadrukiem i pomalowane farbami w odcieniach pomara\u0144czowym, r\u00f3\u017cowym i czarnym.\" loading=\"lazy\" \/>                <\/a>\n                \n                            <\/figure>\n        \n        <div class=\"exad-post-grid-body\">\n            \t\t\t\t\n\t\t\t\t\t\t\t\n                    <h3>\n\t\t\t\t\t\n\t\t\t\t\t\t\t\n                        <a href=\"https:\/\/bpzoliborz.pl\/bpzoliborz\/index.php\/2026\/03\/16\/relacja-z-warsztatow-upcyklingowych-papierowe-motyle\/\" class=\"exad-post-grid-title\">Relacja z warsztat\u00f3w upcyklingowych \u2013 papierowe motyle<\/a>\n\t\t\t\t\n\t\t\t\t\t\t\t\t\t\n                    <\/h3>\n\t\t\t\t\t\n\t\t\t\t\t\t\t\t\n                                <div class=\"exad-post-grid-description\">\n                    W pi\u0105tek 13 marca w Bibliotece przy ul. Broniewskiego 9a odby\u0142y si\u0119 mi\u0119dzypokoleniowe warsztaty upcyklingowe dla dzieci i doros\u0142ych, zorganizowane z okazji Dnia Motyla (14...                <\/div>\n                            <div class=\"exad-post-footer\"><a href=\"https:\/\/bpzoliborz.pl\/bpzoliborz\/index.php\/2026\/03\/16\/relacja-z-warsztatow-upcyklingowych-papierowe-motyle\/\" target=\"_blank\" class=\"read-more\">Czytaj dalej...<\/a><\/div>\n            \n        <\/div>\n            <\/div>\n<\/article>\n\n<article class=\"exad-post-grid-three exad-col  \">\n    <div class=\"exad-post-grid-container image-position-left exad-post-grid-equal-height-no\">\n                    <figure class=\"exad-post-grid-thumbnail\">\n                <a href=\"https:\/\/bpzoliborz.pl\/bpzoliborz\/index.php\/2026\/02\/27\/dinozaury-w-bibliotece-przy-ul-broniewskiego-9a\/\">\n                    <img width=\"930\" height=\"620\" src=\"https:\/\/bpzoliborz.pl\/bpzoliborz\/wp-content\/uploads\/2026\/02\/20260226_180633-930x620.jpg\" class=\"attachment-neve-blog size-neve-blog wp-post-image\" alt=\"Dwa zielone dinozaury wykonane z papieru z czerwonymi tr\u00f3jk\u0105tami na grzbiecie stoj\u0105 na stole pe\u0142nym wycinanek i no\u017cyczek. W tle wida\u0107 p\u00f3\u0142ki z ksi\u0105\u017ckami.\" loading=\"lazy\" \/>                <\/a>\n                \n                            <\/figure>\n        \n        <div class=\"exad-post-grid-body\">\n            \t\t\t\t\n\t\t\t\t\t\t\t\n                    <h3>\n\t\t\t\t\t\n\t\t\t\t\t\t\t\n                        <a href=\"https:\/\/bpzoliborz.pl\/bpzoliborz\/index.php\/2026\/02\/27\/dinozaury-w-bibliotece-przy-ul-broniewskiego-9a\/\" class=\"exad-post-grid-title\">Dinozaury w Bibliotece przy ul. Broniewskiego 9a<\/a>\n\t\t\t\t\n\t\t\t\t\t\t\t\t\t\n                    <\/h3>\n\t\t\t\t\t\n\t\t\t\t\t\t\t\t\n                                <div class=\"exad-post-grid-description\">\n                    Dzie\u0144 Dinozaura w Bibliotece nr XV Wczoraj, 26 lutego, \u015bwi\u0119towali\u015bmy Dzie\u0144 Dinozaura w Bibliotece przy ul. Broniewskiego 9a w ramach cyklu \u201eKsi\u0105\u017ckowe wycinanki\u201d. Prehistoryczna atmosfera...                <\/div>\n                            <div class=\"exad-post-footer\"><a href=\"https:\/\/bpzoliborz.pl\/bpzoliborz\/index.php\/2026\/02\/27\/dinozaury-w-bibliotece-przy-ul-broniewskiego-9a\/\" target=\"_blank\" class=\"read-more\">Czytaj dalej...<\/a><\/div>\n            \n        <\/div>\n            <\/div>\n<\/article>\n\n<article class=\"exad-post-grid-three exad-col  \">\n    <div class=\"exad-post-grid-container image-position-left exad-post-grid-equal-height-no\">\n                    <figure class=\"exad-post-grid-thumbnail\">\n                <a href=\"https:\/\/bpzoliborz.pl\/bpzoliborz\/index.php\/2026\/02\/27\/szkocja-relacja-ze-spotkania-klubu-podroznikow-neli-malej-reporterki\/\">\n                    <img width=\"930\" height=\"620\" src=\"https:\/\/bpzoliborz.pl\/bpzoliborz\/wp-content\/uploads\/2026\/02\/d195f3f6-8a7b-4e87-8d8c-d18ca4453237-930x620.jpg\" class=\"attachment-neve-blog size-neve-blog wp-post-image\" alt=\"zdj\u0119cie przedstawia uko\u0144czon\u0105 prac\u0119 plastyczn\u0105, kt\u00f3ra zosta\u0142a wykonana podczas warsztat\u00f3w podr\u00f3\u017cniczych. Tematem by\u0142a szkocka krowa, kt\u00f3ra dzici wykona\u0142y z pomara\u0144czowej i br\u0105\u017cowej krepiny, pokolorowa\u0142y kredkami. Ca\u0142o\u015b\u0107 zosta\u0142a zrobiona na szarym papierze.\" loading=\"lazy\" \/>                <\/a>\n                \n                            <\/figure>\n        \n        <div class=\"exad-post-grid-body\">\n            \t\t\t\t\n\t\t\t\t\t\t\t\n                    <h3>\n\t\t\t\t\t\n\t\t\t\t\t\t\t\n                        <a href=\"https:\/\/bpzoliborz.pl\/bpzoliborz\/index.php\/2026\/02\/27\/szkocja-relacja-ze-spotkania-klubu-podroznikow-neli-malej-reporterki\/\" class=\"exad-post-grid-title\">Szkocja &#8211; relacja ze spotkania Klubu Podr\u00f3\u017cnik\u00f3w Neli Ma\u0142ej Reporterki<\/a>\n\t\t\t\t\n\t\t\t\t\t\t\t\t\t\n                    <\/h3>\n\t\t\t\t\t\n\t\t\t\t\t\t\t\t\n                                <div class=\"exad-post-grid-description\">\n                    26 lutego, w Bibliotece dla Dzieci i M\u0142odzie\u017cy nr XX, Klub Podr\u00f3\u017cnik\u00f3w Neli Ma\u0142ej Reporterki wyruszy\u0142 w podr\u00f3\u017c na p\u00f3\u0142noc \u2013 prosto do mglistej i...                <\/div>\n                            <div class=\"exad-post-footer\"><a href=\"https:\/\/bpzoliborz.pl\/bpzoliborz\/index.php\/2026\/02\/27\/szkocja-relacja-ze-spotkania-klubu-podroznikow-neli-malej-reporterki\/\" target=\"_blank\" class=\"read-more\">Czytaj dalej...<\/a><\/div>\n            \n        <\/div>\n            <\/div>\n<\/article>\n\n<article class=\"exad-post-grid-three exad-col  \">\n    <div class=\"exad-post-grid-container image-position-left exad-post-grid-equal-height-no\">\n                    <figure class=\"exad-post-grid-thumbnail\">\n                <a href=\"https:\/\/bpzoliborz.pl\/bpzoliborz\/index.php\/2026\/02\/25\/brazylia-relacja-z-klubu-podroznikow-neli-malej-reporterki\/\">\n                    <img width=\"930\" height=\"620\" src=\"https:\/\/bpzoliborz.pl\/bpzoliborz\/wp-content\/uploads\/2026\/02\/Brazylia-klub-podroznikow-Neli-malej-reporterki-3-930x620.jpg\" class=\"attachment-neve-blog size-neve-blog wp-post-image\" alt=\"na zdj\u0119ciu znajduj\u0105 si\u0119 kartki z wydrukowanymi obrazkami brazylijskich zwierz\u0105t i krajobraz\u00f3w, a na nich jest mini ksi\u0105\u017ceczka z flag\u0105 Brazylii. Obok le\u017c\u0105 okulary.\" loading=\"lazy\" \/>                <\/a>\n                \n                            <\/figure>\n        \n        <div class=\"exad-post-grid-body\">\n            \t\t\t\t\n\t\t\t\t\t\t\t\n                    <h3>\n\t\t\t\t\t\n\t\t\t\t\t\t\t\n                        <a href=\"https:\/\/bpzoliborz.pl\/bpzoliborz\/index.php\/2026\/02\/25\/brazylia-relacja-z-klubu-podroznikow-neli-malej-reporterki\/\" class=\"exad-post-grid-title\">Brazylia- relacja ze spotkania Klubu Podr\u00f3\u017cnik\u00f3w Neli Ma\u0142ej Reporterki<\/a>\n\t\t\t\t\n\t\t\t\t\t\t\t\t\t\n                    <\/h3>\n\t\t\t\t\t\n\t\t\t\t\t\t\t\t\n                                <div class=\"exad-post-grid-description\">\n                    W czwartek,&nbsp;19 lutego, w Bibliotece dla Dzieci i M\u0142odzie\u017cy nr XX razem z Klubem Podr\u00f3\u017cnik\u00f3w Neli Ma\u0142ej Reporterki, dzieci ze Szko\u0142y Podstawowej nr 392 przenios\u0142y...                <\/div>\n                            <div class=\"exad-post-footer\"><a href=\"https:\/\/bpzoliborz.pl\/bpzoliborz\/index.php\/2026\/02\/25\/brazylia-relacja-z-klubu-podroznikow-neli-malej-reporterki\/\" target=\"_blank\" class=\"read-more\">Czytaj dalej...<\/a><\/div>\n            \n        <\/div>\n            <\/div>\n<\/article>\n\n<article class=\"exad-post-grid-three exad-col  \">\n    <div class=\"exad-post-grid-container image-position-left exad-post-grid-equal-height-no\">\n                    <figure class=\"exad-post-grid-thumbnail\">\n                <a href=\"https:\/\/bpzoliborz.pl\/bpzoliborz\/index.php\/2026\/02\/25\/koci-tydzien-w-bibliotece-na-broniewskiego-podsumowanie\/\">\n                    <img width=\"930\" height=\"620\" src=\"https:\/\/bpzoliborz.pl\/bpzoliborz\/wp-content\/uploads\/2026\/02\/20260219_182835-930x620.jpg\" class=\"attachment-neve-blog size-neve-blog wp-post-image\" alt=\"Grupa os\u00f3b siedzi w bibliotece i s\u0142ucha prezentacji wy\u015bwietlanej na ekranie. Na slajdzie wida\u0107 reprodukcje trzech czarno-bia\u0142ych ilustracji lub fotografii umieszczonych obok siebie oraz fragment tekstu nad nimi. Prelegentka siedzi z boku, a wok\u00f3\u0142 znajduj\u0105 si\u0119 rega\u0142y z ksi\u0105\u017ckami i rzutnik pod sufitem.\" loading=\"lazy\" \/>                <\/a>\n                \n                            <\/figure>\n        \n        <div class=\"exad-post-grid-body\">\n            \t\t\t\t\n\t\t\t\t\t\t\t\n                    <h3>\n\t\t\t\t\t\n\t\t\t\t\t\t\t\n                        <a href=\"https:\/\/bpzoliborz.pl\/bpzoliborz\/index.php\/2026\/02\/25\/koci-tydzien-w-bibliotece-na-broniewskiego-podsumowanie\/\" class=\"exad-post-grid-title\">Koci tydzie\u0144 w Bibliotece na Broniewskiego &#8211; podsumowanie<\/a>\n\t\t\t\t\n\t\t\t\t\t\t\t\t\t\n                    <\/h3>\n\t\t\t\t\t\n\t\t\t\t\t\t\t\t\n                                <div class=\"exad-post-grid-description\">\n                    Miniony tydzie\u0144 w bibliotece up\u0142yn\u0105\u0142 pod znakiem mrucz\u0105cych bohater\u00f3w i puszystych opowie\u015bci! 17 lutego zaprosili\u015bmy wszystkich ma\u0142ych i du\u017cych mi\u0142o\u015bnik\u00f3w kot\u00f3w na kreatywne warsztaty plastyczne....                <\/div>\n                            <div class=\"exad-post-footer\"><a href=\"https:\/\/bpzoliborz.pl\/bpzoliborz\/index.php\/2026\/02\/25\/koci-tydzien-w-bibliotece-na-broniewskiego-podsumowanie\/\" target=\"_blank\" class=\"read-more\">Czytaj dalej...<\/a><\/div>\n            \n        <\/div>\n            <\/div>\n<\/article>\n\n<article class=\"exad-post-grid-three exad-col  \">\n    <div class=\"exad-post-grid-container image-position-left exad-post-grid-equal-height-no\">\n                    <figure class=\"exad-post-grid-thumbnail\">\n                <a href=\"https:\/\/bpzoliborz.pl\/bpzoliborz\/index.php\/2026\/02\/24\/smazone-zielone-pomidory-spotkanie-mlodziezowego-dyskusyjnego-klubu-ksiazki-grupa-starsza-16\/\">\n                    <img width=\"930\" height=\"620\" src=\"https:\/\/bpzoliborz.pl\/bpzoliborz\/wp-content\/uploads\/2026\/02\/na-strone-930x620.png\" class=\"attachment-neve-blog size-neve-blog wp-post-image\" alt=\"grafika przedstawiaj\u0105ca ok\u0142adk\u0119 ksi\u0105\u017cki &quot;Sma\u017cone zielone pomidory&quot; oraz niebieskie logo M\u0142odzie\u017cowego Dyskusyjnego Klubu Ksi\u0105\u017cki\" loading=\"lazy\" \/>                <\/a>\n                \n                            <\/figure>\n        \n        <div class=\"exad-post-grid-body\">\n            \t\t\t\t\n\t\t\t\t\t\t\t\n                    <h3>\n\t\t\t\t\t\n\t\t\t\t\t\t\t\n                        <a href=\"https:\/\/bpzoliborz.pl\/bpzoliborz\/index.php\/2026\/02\/24\/smazone-zielone-pomidory-spotkanie-mlodziezowego-dyskusyjnego-klubu-ksiazki-grupa-starsza-16\/\" class=\"exad-post-grid-title\">&#8220;Sma\u017cone zielone pomidory&#8221; spotkanie M\u0142odzie\u017cowego Dyskusyjnego Klubu Ksi\u0105\u017cki (grupa starsza 16+)<\/a>\n\t\t\t\t\n\t\t\t\t\t\t\t\t\t\n                    <\/h3>\n\t\t\t\t\t\n\t\t\t\t\t\t\t\t\n                                <div class=\"exad-post-grid-description\">\n                    23 lutego w Wypo\u017cyczalnia dla Doros\u0142ych i M\u0142odzie\u017cy nr 16 odby\u0142o si\u0119 spotkanie M\u0142odzie\u017cowego Dyskusyjnego Klubu Ksi\u0105\u017cki po\u015bwi\u0119cone powie\u015bci \u201eSma\u017cone zielone pomidory\u201d autorstwa Fannie Flagg....                <\/div>\n                            <div class=\"exad-post-footer\"><a href=\"https:\/\/bpzoliborz.pl\/bpzoliborz\/index.php\/2026\/02\/24\/smazone-zielone-pomidory-spotkanie-mlodziezowego-dyskusyjnego-klubu-ksiazki-grupa-starsza-16\/\" target=\"_blank\" class=\"read-more\">Czytaj dalej...<\/a><\/div>\n            \n        <\/div>\n            <\/div>\n<\/article>\n\n<article class=\"exad-post-grid-three exad-col  \">\n    <div class=\"exad-post-grid-container image-position-left exad-post-grid-equal-height-no\">\n                    <figure class=\"exad-post-grid-thumbnail\">\n                <a href=\"https:\/\/bpzoliborz.pl\/bpzoliborz\/index.php\/2026\/02\/20\/miedzynarodowy-dzien-jezyka-ojczystego-4\/\">\n                    <img width=\"930\" height=\"620\" src=\"https:\/\/bpzoliborz.pl\/bpzoliborz\/wp-content\/uploads\/2026\/02\/Miedzynarodowy-Dzien-Jezyka-Ojczystego-2025-930x620.jpg\" class=\"attachment-neve-blog size-neve-blog wp-post-image\" alt=\"\" loading=\"lazy\" \/>                <\/a>\n                \n                            <\/figure>\n        \n        <div class=\"exad-post-grid-body\">\n            \t\t\t\t\n\t\t\t\t\t\t\t\n                    <h3>\n\t\t\t\t\t\n\t\t\t\t\t\t\t\n                        <a href=\"https:\/\/bpzoliborz.pl\/bpzoliborz\/index.php\/2026\/02\/20\/miedzynarodowy-dzien-jezyka-ojczystego-4\/\" class=\"exad-post-grid-title\">Mi\u0119dzynarodowy Dzie\u0144 J\u0119zyka Ojczystego 2026<\/a>\n\t\t\t\t\n\t\t\t\t\t\t\t\t\t\n                    <\/h3>\n\t\t\t\t\t\n\t\t\t\t\t\t\t\t\n                                <div class=\"exad-post-grid-description\">\n                    21 lutego obchodzimy Mi\u0119dzynarodowy Dzie\u0144 J\u0119zyka Ojczystego. \u015awi\u0119to to zosta\u0142o ustanowione przez UNESCO w 1999 r., a jego celem jest ochrona j\u0119zyk\u00f3w ojczystych oraz dbanie...                <\/div>\n                            <div class=\"exad-post-footer\"><a href=\"https:\/\/bpzoliborz.pl\/bpzoliborz\/index.php\/2026\/02\/20\/miedzynarodowy-dzien-jezyka-ojczystego-4\/\" target=\"_blank\" class=\"read-more\">Czytaj dalej...<\/a><\/div>\n            \n        <\/div>\n            <\/div>\n<\/article>\n\n<article class=\"exad-post-grid-three exad-col  \">\n    <div class=\"exad-post-grid-container image-position-left exad-post-grid-equal-height-no\">\n                    <figure class=\"exad-post-grid-thumbnail\">\n                <a href=\"https:\/\/bpzoliborz.pl\/bpzoliborz\/index.php\/2026\/02\/18\/walentynki-relacja-z-rodzinnych-warsztatow-artystycznych\/\">\n                    <img width=\"930\" height=\"620\" src=\"https:\/\/bpzoliborz.pl\/bpzoliborz\/wp-content\/uploads\/2026\/02\/6-e1771413143700-930x620.jpg\" class=\"attachment-neve-blog size-neve-blog wp-post-image\" alt=\"zdj\u0119cie przedstawia uko\u0144czon\u0105 prac\u0119 z walentynkow\u0105 ozdob\u0105, kt\u00f3r\u0105 jest gipsowe serduszko pomalowane na bordowy kolor. Na \u015brodku ma przyklejony du\u017cy per\u0142owy guzik, obok serca le\u017cy ma\u0142a szpulka czerwonej nitki, a wszystko jest na brokatowym z\u0142otym papierze.\" loading=\"lazy\" \/>                <\/a>\n                \n                            <\/figure>\n        \n        <div class=\"exad-post-grid-body\">\n            \t\t\t\t\n\t\t\t\t\t\t\t\n                    <h3>\n\t\t\t\t\t\n\t\t\t\t\t\t\t\n                        <a href=\"https:\/\/bpzoliborz.pl\/bpzoliborz\/index.php\/2026\/02\/18\/walentynki-relacja-z-rodzinnych-warsztatow-artystycznych\/\" class=\"exad-post-grid-title\">Walentynki &#8211; relacja z Rodzinnych Warsztat\u00f3w Artystycznych<\/a>\n\t\t\t\t\n\t\t\t\t\t\t\t\t\t\n                    <\/h3>\n\t\t\t\t\t\n\t\t\t\t\t\t\t\t\n                                <div class=\"exad-post-grid-description\">\n                    13 lutego w Bibliotece nr XX przy ul. \u015amia\u0142ej odby\u0142y si\u0119 rodzinne warsztaty artystyczne, podczas kt\u00f3rych dzieci wraz z rodzicami tworzy\u0142y walentynkowe ozdoby z gipsowych...                <\/div>\n                            <div class=\"exad-post-footer\"><a href=\"https:\/\/bpzoliborz.pl\/bpzoliborz\/index.php\/2026\/02\/18\/walentynki-relacja-z-rodzinnych-warsztatow-artystycznych\/\" target=\"_blank\" class=\"read-more\">Czytaj dalej...<\/a><\/div>\n            \n        <\/div>\n            <\/div>\n<\/article>\n\n<article class=\"exad-post-grid-three exad-col  \">\n    <div class=\"exad-post-grid-container image-position-left exad-post-grid-equal-height-no\">\n                    <figure class=\"exad-post-grid-thumbnail\">\n                <a href=\"https:\/\/bpzoliborz.pl\/bpzoliborz\/index.php\/2026\/02\/16\/mlodziezowy-dyskusyjny-klub-ksiazki-grupa-mlodsza-spotkanie-wokol-ksiazki-paryz-w-ogniu\/\">\n                    <img width=\"930\" height=\"620\" src=\"https:\/\/bpzoliborz.pl\/bpzoliborz\/wp-content\/uploads\/2026\/03\/Broni-930x620.png\" class=\"attachment-neve-blog size-neve-blog wp-post-image\" alt=\"Grafika informacyjna podzielona na dwie cz\u0119\u015bci. Po lewej stronie, na intensywnie r\u00f3\u017cowym tle, znajduj\u0105 si\u0119 napisy: \u201eRELACJA\u201d, \u201eBIBLIOTEKA DLA DZIECI NR XV\u201d, \u201eMDKK\u201d, \u201eM\u0141ODZIE\u017bOWY DYSKUSYJNY KLUB KSI\u0104\u017bKI (GRUPA 10-15 LAT)\u201d oraz data \u201e13 LUTEGO\u201d. Po prawej stronie widnieje ilustracja w odcieniach sepii przedstawiaj\u0105ca zabytkow\u0105 uliczk\u0119 Pary\u017ca z widoczn\u0105 w oddali Wie\u017c\u0105 Eiffla oraz postaciami na koniach. Na dole logotypy Biblioteki Publicznej w Dzielnicy \u017boliborz oraz m.st. Warszawy.\" loading=\"lazy\" \/>                <\/a>\n                \n                            <\/figure>\n        \n        <div class=\"exad-post-grid-body\">\n            \t\t\t\t\n\t\t\t\t\t\t\t\n                    <h3>\n\t\t\t\t\t\n\t\t\t\t\t\t\t\n                        <a href=\"https:\/\/bpzoliborz.pl\/bpzoliborz\/index.php\/2026\/02\/16\/mlodziezowy-dyskusyjny-klub-ksiazki-grupa-mlodsza-spotkanie-wokol-ksiazki-paryz-w-ogniu\/\" class=\"exad-post-grid-title\">M\u0142odzie\u017cowy Dyskusyjny Klub Ksi\u0105\u017cki (grupa m\u0142odsza) \u2013 spotkanie wok\u00f3\u0142 ksi\u0105\u017cki \u201ePary\u017c w ogniu\u201d<\/a>\n\t\t\t\t\n\t\t\t\t\t\t\t\t\t\n                    <\/h3>\n\t\t\t\t\t\n\t\t\t\t\t\t\t\t\n                                <div class=\"exad-post-grid-description\">\n                    13 lutego w naszej bibliotece odby\u0142o si\u0119 kolejne spotkanie M\u0142odzie\u017cowego Dyskusyjnego Klubu Ksi\u0105\u017cki. Tym razem uczestnicy rozmawiali o powie\u015bci \u201ePary\u017c w ogniu\u201d autorstwa Katherine Woodfine....                <\/div>\n                            <div class=\"exad-post-footer\"><a href=\"https:\/\/bpzoliborz.pl\/bpzoliborz\/index.php\/2026\/02\/16\/mlodziezowy-dyskusyjny-klub-ksiazki-grupa-mlodsza-spotkanie-wokol-ksiazki-paryz-w-ogniu\/\" target=\"_blank\" class=\"read-more\">Czytaj dalej...<\/a><\/div>\n            \n        <\/div>\n            <\/div>\n<\/article>\n\n<article class=\"exad-post-grid-three exad-col  \">\n    <div class=\"exad-post-grid-container image-position-left exad-post-grid-equal-height-no\">\n                    <figure class=\"exad-post-grid-thumbnail\">\n                <a href=\"https:\/\/bpzoliborz.pl\/bpzoliborz\/index.php\/2026\/02\/12\/warsztaty-dla-seniorow-z-tworzenia-artystycznych-kompozycji-roslinnych-cialo-rosliny-cialo-obrazu\/\">\n                    <img width=\"930\" height=\"620\" src=\"https:\/\/bpzoliborz.pl\/bpzoliborz\/wp-content\/uploads\/2026\/02\/IMG_0723-930x620.jpg\" class=\"attachment-neve-blog size-neve-blog wp-post-image\" alt=\"\" loading=\"lazy\" \/>                <\/a>\n                \n                            <\/figure>\n        \n        <div class=\"exad-post-grid-body\">\n            \t\t\t\t\n\t\t\t\t\t\t\t\n                    <h3>\n\t\t\t\t\t\n\t\t\t\t\t\t\t\n                        <a href=\"https:\/\/bpzoliborz.pl\/bpzoliborz\/index.php\/2026\/02\/12\/warsztaty-dla-seniorow-z-tworzenia-artystycznych-kompozycji-roslinnych-cialo-rosliny-cialo-obrazu\/\" class=\"exad-post-grid-title\">Warsztaty dla senior\u00f3w z tworzenia artystycznych kompozycji ro\u015blinnych: &#8220;Cia\u0142o ro\u015bliny. Cia\u0142o obrazu&#8221;<\/a>\n\t\t\t\t\n\t\t\t\t\t\t\t\t\t\n                    <\/h3>\n\t\t\t\t\t\n\t\t\t\t\t\t\t\t\n                                <div class=\"exad-post-grid-description\">\n                    Ralph Waldo Emerson pisa\u0142, \u017ce &#8220;Ziemia \u015bmieje si\u0119 kwiatami&#8221;. Doskonale wie o tym Pani Ania Gmurczyk, kt\u00f3ra 11 lutego w Wypo\u017cyczalni nr 16 poprowadzi\u0142a niesamowite...                <\/div>\n                            <div class=\"exad-post-footer\"><a href=\"https:\/\/bpzoliborz.pl\/bpzoliborz\/index.php\/2026\/02\/12\/warsztaty-dla-seniorow-z-tworzenia-artystycznych-kompozycji-roslinnych-cialo-rosliny-cialo-obrazu\/\" target=\"_blank\" class=\"read-more\">Czytaj dalej...<\/a><\/div>\n            \n        <\/div>\n            <\/div>\n<\/article>\n\n<article class=\"exad-post-grid-three exad-col  \">\n    <div class=\"exad-post-grid-container image-position-left exad-post-grid-equal-height-no\">\n                    <figure class=\"exad-post-grid-thumbnail\">\n                <a href=\"https:\/\/bpzoliborz.pl\/bpzoliborz\/index.php\/2026\/02\/10\/wietnam-laos-kambodza-relacja-ze-spotkania-podrozniczego\/\">\n                    <img width=\"930\" height=\"620\" src=\"https:\/\/bpzoliborz.pl\/bpzoliborz\/wp-content\/uploads\/2026\/02\/3-930x620.jpeg\" class=\"attachment-neve-blog size-neve-blog wp-post-image\" alt=\"grafika przedstawiaj\u0105ca zdj\u0119cie ze spotkania podr\u00f3\u017cniczego. Przedstawia s\u0142odycze przywiezione z Azji i dwa kubki zielonej herbaty. Prowadz\u0105cy cz\u0119stowali czytelnik\u00f3w tymi s\u0142odyczami.\" loading=\"lazy\" \/>                <\/a>\n                \n                            <\/figure>\n        \n        <div class=\"exad-post-grid-body\">\n            \t\t\t\t\n\t\t\t\t\t\t\t\n                    <h3>\n\t\t\t\t\t\n\t\t\t\t\t\t\t\n                        <a href=\"https:\/\/bpzoliborz.pl\/bpzoliborz\/index.php\/2026\/02\/10\/wietnam-laos-kambodza-relacja-ze-spotkania-podrozniczego\/\" class=\"exad-post-grid-title\">Wietnam Laos Kambod\u017ca -relacja ze spotkania podr\u00f3\u017cniczego<\/a>\n\t\t\t\t\n\t\t\t\t\t\t\t\t\t\n                    <\/h3>\n\t\t\t\t\t\n\t\t\t\t\t\t\t\t\n                                <div class=\"exad-post-grid-description\">\n                    5 lutego, w miniony czwartek, Wypo\u017cyczalnia nr 13 przy ul. \u015amia\u0142ej 24 wype\u0142ni\u0142a si\u0119 mi\u0142o\u015bnikami dalekich wypraw i egzotycznych opowie\u015bci. Go\u015b\u0107mi spotkania byli pa\u0144stwo Monika...                <\/div>\n                            <div class=\"exad-post-footer\"><a href=\"https:\/\/bpzoliborz.pl\/bpzoliborz\/index.php\/2026\/02\/10\/wietnam-laos-kambodza-relacja-ze-spotkania-podrozniczego\/\" target=\"_blank\" class=\"read-more\">Czytaj dalej...<\/a><\/div>\n            \n        <\/div>\n            <\/div>\n<\/article>\n\n<article class=\"exad-post-grid-three exad-col  \">\n    <div class=\"exad-post-grid-container image-position-left exad-post-grid-equal-height-no\">\n                    <figure class=\"exad-post-grid-thumbnail\">\n                <a href=\"https:\/\/bpzoliborz.pl\/bpzoliborz\/index.php\/2026\/02\/09\/obrazy-decoupage-oraz-serduszkowe-zawieszki\/\">\n                    <img width=\"930\" height=\"620\" src=\"https:\/\/bpzoliborz.pl\/bpzoliborz\/wp-content\/uploads\/2026\/02\/obrazek-wyrozniajacy-930x620.png\" class=\"attachment-neve-blog size-neve-blog wp-post-image\" alt=\"\" loading=\"lazy\" \/>                <\/a>\n                \n                            <\/figure>\n        \n        <div class=\"exad-post-grid-body\">\n            \t\t\t\t\n\t\t\t\t\t\t\t\n                    <h3>\n\t\t\t\t\t\n\t\t\t\t\t\t\t\n                        <a href=\"https:\/\/bpzoliborz.pl\/bpzoliborz\/index.php\/2026\/02\/09\/obrazy-decoupage-oraz-serduszkowe-zawieszki\/\" class=\"exad-post-grid-title\">Obrazy decoupage oraz serduszkowe zawieszki<\/a>\n\t\t\t\t\n\t\t\t\t\t\t\t\t\t\n                    <\/h3>\n\t\t\t\t\t\n\t\t\t\t\t\t\t\t\n                                <div class=\"exad-post-grid-description\">\n                    9 lutego 2026 Wypo\u017cyczalni\u0119 nr 111 odwiedzi\u0142a m\u0142odzie\u017c z Zespo\u0142u Szk\u00f3\u0142 Specjalnych nr 38, kt\u00f3ra wzi\u0119\u0142a udzia\u0142 w bibliotecznych warsztatach artystycznych. Podczas zaj\u0119\u0107 powsta\u0142y pi\u0119kne...                <\/div>\n                            <div class=\"exad-post-footer\"><a href=\"https:\/\/bpzoliborz.pl\/bpzoliborz\/index.php\/2026\/02\/09\/obrazy-decoupage-oraz-serduszkowe-zawieszki\/\" target=\"_blank\" class=\"read-more\">Czytaj dalej...<\/a><\/div>\n            \n        <\/div>\n            <\/div>\n<\/article>\n\n<article class=\"exad-post-grid-three exad-col  \">\n    <div class=\"exad-post-grid-container image-position-left exad-post-grid-equal-height-no\">\n                    <figure class=\"exad-post-grid-thumbnail\">\n                <a href=\"https:\/\/bpzoliborz.pl\/bpzoliborz\/index.php\/2026\/02\/02\/zoliborskie-koledowanie-w-wypozyczalni-nr-16\/\">\n                    <img width=\"930\" height=\"620\" src=\"https:\/\/bpzoliborz.pl\/bpzoliborz\/wp-content\/uploads\/2026\/02\/IMG_0612-930x620.jpg\" class=\"attachment-neve-blog size-neve-blog wp-post-image\" alt=\"fotografia przedstawia fragment wn\u0119trza Wypo\u017cyczalni nr 16 na \u017boliborzu\" loading=\"lazy\" \/>                <\/a>\n                \n                            <\/figure>\n        \n        <div class=\"exad-post-grid-body\">\n            \t\t\t\t\n\t\t\t\t\t\t\t\n                    <h3>\n\t\t\t\t\t\n\t\t\t\t\t\t\t\n                        <a href=\"https:\/\/bpzoliborz.pl\/bpzoliborz\/index.php\/2026\/02\/02\/zoliborskie-koledowanie-w-wypozyczalni-nr-16\/\" class=\"exad-post-grid-title\">\u017boliborskie Kol\u0119dowanie w Wypo\u017cyczalni nr 16<\/a>\n\t\t\t\t\n\t\t\t\t\t\t\t\t\t\n                    <\/h3>\n\t\t\t\t\t\n\t\t\t\t\t\t\t\t\n                                <div class=\"exad-post-grid-description\">\n                                    <\/div>\n                            <div class=\"exad-post-footer\"><a href=\"https:\/\/bpzoliborz.pl\/bpzoliborz\/index.php\/2026\/02\/02\/zoliborskie-koledowanie-w-wypozyczalni-nr-16\/\" target=\"_blank\" class=\"read-more\">Czytaj dalej...<\/a><\/div>\n            \n        <\/div>\n            <\/div>\n<\/article>\n\n<article class=\"exad-post-grid-three exad-col  \">\n    <div class=\"exad-post-grid-container image-position-left exad-post-grid-equal-height-no\">\n                    <figure class=\"exad-post-grid-thumbnail\">\n                <a href=\"https:\/\/bpzoliborz.pl\/bpzoliborz\/index.php\/2026\/01\/29\/prelekcja-jerzego-lemanskiego-ford-t-i-vw-garbus-xx-wieczne-legendy-motoryzacji-2\/\">\n                    <img width=\"930\" height=\"620\" src=\"https:\/\/bpzoliborz.pl\/bpzoliborz\/wp-content\/uploads\/2026\/01\/623462633_1239169088376937_5284313970402585282_n-930x620.jpg\" class=\"attachment-neve-blog size-neve-blog wp-post-image\" alt=\"\" loading=\"lazy\" \/>                <\/a>\n                \n                            <\/figure>\n        \n        <div class=\"exad-post-grid-body\">\n            \t\t\t\t\n\t\t\t\t\t\t\t\n                    <h3>\n\t\t\t\t\t\n\t\t\t\t\t\t\t\n                        <a href=\"https:\/\/bpzoliborz.pl\/bpzoliborz\/index.php\/2026\/01\/29\/prelekcja-jerzego-lemanskiego-ford-t-i-vw-garbus-xx-wieczne-legendy-motoryzacji-2\/\" class=\"exad-post-grid-title\">Prelekcja Jerzego Lema\u0144skiego \u2013 \u201cFord T i VW Garbus: XX-wieczne legendy motoryzacji\u201d<\/a>\n\t\t\t\t\n\t\t\t\t\t\t\t\t\t\n                    <\/h3>\n\t\t\t\t\t\n\t\t\t\t\t\t\t\t\n                                <div class=\"exad-post-grid-description\">\n                    P\u00f3\u0142 wieku temu Volkswagen Garbus sta\u0142 si\u0119 najliczniej produkowanym samochodem w historii motoryzacji. Wyprzedzi\u0142 model Forda T, kt\u00f3ry zmotoryzowa\u0142 ameryka\u0144skie spo\u0142ecze\u0144stwo. O tym, jak wygl\u0105da\u0142a...                <\/div>\n                            <div class=\"exad-post-footer\"><a href=\"https:\/\/bpzoliborz.pl\/bpzoliborz\/index.php\/2026\/01\/29\/prelekcja-jerzego-lemanskiego-ford-t-i-vw-garbus-xx-wieczne-legendy-motoryzacji-2\/\" target=\"_blank\" class=\"read-more\">Czytaj dalej...<\/a><\/div>\n            \n        <\/div>\n            <\/div>\n<\/article>\n\n<article class=\"exad-post-grid-three exad-col  \">\n    <div class=\"exad-post-grid-container image-position-left exad-post-grid-equal-height-no\">\n                    <figure class=\"exad-post-grid-thumbnail\">\n                <a href=\"https:\/\/bpzoliborz.pl\/bpzoliborz\/index.php\/2026\/01\/29\/spotkanie-z-magdalena-tworzowska-renesansowe-dwory-wloskie-mediolan-ferrara-urbino\/\">\n                    <img width=\"930\" height=\"620\" src=\"https:\/\/bpzoliborz.pl\/bpzoliborz\/wp-content\/uploads\/2026\/01\/two1-930x620.jpg\" class=\"attachment-neve-blog size-neve-blog wp-post-image\" alt=\"\" loading=\"lazy\" \/>                <\/a>\n                \n                            <\/figure>\n        \n        <div class=\"exad-post-grid-body\">\n            \t\t\t\t\n\t\t\t\t\t\t\t\n                    <h3>\n\t\t\t\t\t\n\t\t\t\t\t\t\t\n                        <a href=\"https:\/\/bpzoliborz.pl\/bpzoliborz\/index.php\/2026\/01\/29\/spotkanie-z-magdalena-tworzowska-renesansowe-dwory-wloskie-mediolan-ferrara-urbino\/\" class=\"exad-post-grid-title\">Spotkanie z Magdalen\u0105 Tworzowsk\u0105: &#8220;Renesansowe dwory w\u0142oskie: Mediolan, Ferrara, Urbino&#8221;<\/a>\n\t\t\t\t\n\t\t\t\t\t\t\t\t\t\n                    <\/h3>\n\t\t\t\t\t\n\t\t\t\t\t\t\t\t\n                                <div class=\"exad-post-grid-description\">\n                    Pi\u0119tnaste spotkanie z cyklu prelekcji o sztuce i historii ju\u017c za nami! 21 stycznia zwiedzili\u015bmy dwory Ferrary, Urbino i Mediolanu, i nawet obejrzeli\u015bmy damskie torebki...                <\/div>\n                            <div class=\"exad-post-footer\"><a href=\"https:\/\/bpzoliborz.pl\/bpzoliborz\/index.php\/2026\/01\/29\/spotkanie-z-magdalena-tworzowska-renesansowe-dwory-wloskie-mediolan-ferrara-urbino\/\" target=\"_blank\" class=\"read-more\">Czytaj dalej...<\/a><\/div>\n            \n        <\/div>\n            <\/div>\n<\/article>\n\n<article class=\"exad-post-grid-three exad-col  \">\n    <div class=\"exad-post-grid-container image-position-left exad-post-grid-equal-height-no\">\n                    <figure class=\"exad-post-grid-thumbnail\">\n                <a href=\"https:\/\/bpzoliborz.pl\/bpzoliborz\/index.php\/2026\/01\/28\/34-final-wielkiej-orkiestry-swiatecznej-pomocy-relacja\/\">\n                    <img width=\"930\" height=\"620\" src=\"https:\/\/bpzoliborz.pl\/bpzoliborz\/wp-content\/uploads\/2026\/02\/obrazek-wyrozniajacy-na-strone-wyp111-930x620.png\" class=\"attachment-neve-blog size-neve-blog wp-post-image\" alt=\"\" loading=\"lazy\" \/>                <\/a>\n                \n                            <\/figure>\n        \n        <div class=\"exad-post-grid-body\">\n            \t\t\t\t\n\t\t\t\t\t\t\t\n                    <h3>\n\t\t\t\t\t\n\t\t\t\t\t\t\t\n                        <a href=\"https:\/\/bpzoliborz.pl\/bpzoliborz\/index.php\/2026\/01\/28\/34-final-wielkiej-orkiestry-swiatecznej-pomocy-relacja\/\" class=\"exad-post-grid-title\">34. Fina\u0142 Wielkiej Orkiestry \u015awi\u0105tecznej Pomocy &#8211; relacja<\/a>\n\t\t\t\t\n\t\t\t\t\t\t\t\t\t\n                    <\/h3>\n\t\t\t\t\t\n\t\t\t\t\t\t\t\t\n                                <div class=\"exad-post-grid-description\">\n                    W niedziel\u0119 25 stycznia 2026 roku Biblioteka \u017boliborska uczestniczy\u0142a w 34. Finale Wielkiej Orkiestry \u015awi\u0105tecznej Pomocy, zorganizowanym wraz z \u017boliborskim Domem Kultury. Podczas warsztat\u00f3w artystycznych...                <\/div>\n                            <div class=\"exad-post-footer\"><a href=\"https:\/\/bpzoliborz.pl\/bpzoliborz\/index.php\/2026\/01\/28\/34-final-wielkiej-orkiestry-swiatecznej-pomocy-relacja\/\" target=\"_blank\" class=\"read-more\">Czytaj dalej...<\/a><\/div>\n            \n        <\/div>\n            <\/div>\n<\/article>\n\n<article class=\"exad-post-grid-three exad-col  \">\n    <div class=\"exad-post-grid-container image-position-left exad-post-grid-equal-height-no\">\n                    <figure class=\"exad-post-grid-thumbnail\">\n                <a href=\"https:\/\/bpzoliborz.pl\/bpzoliborz\/index.php\/2026\/01\/26\/mrowkarium-zima-w-miescie-relacja\/\">\n                    <img width=\"930\" height=\"620\" src=\"https:\/\/bpzoliborz.pl\/bpzoliborz\/wp-content\/uploads\/2026\/01\/9b0d10df-cf7a-47dc-b84b-8c2f2021387a-930x620.jpg\" class=\"attachment-neve-blog size-neve-blog wp-post-image\" alt=\"zdj\u0119cie przedstawia fragment makiety, na kt\u00f3rej wida\u0107 mr\u00f3wki, mchy zrobione z w\u0142\u00f3czek papieru, grzyby, kwiaty i inne elementy owadziego \u015bwiata.\" loading=\"lazy\" \/>                <\/a>\n                \n                            <\/figure>\n        \n        <div class=\"exad-post-grid-body\">\n            \t\t\t\t\n\t\t\t\t\t\t\t\n                    <h3>\n\t\t\t\t\t\n\t\t\t\t\t\t\t\n                        <a href=\"https:\/\/bpzoliborz.pl\/bpzoliborz\/index.php\/2026\/01\/26\/mrowkarium-zima-w-miescie-relacja\/\" class=\"exad-post-grid-title\">Mr\u00f3wkarium. Zima w Mie\u015bcie &#8211; relacja<\/a>\n\t\t\t\t\n\t\t\t\t\t\t\t\t\t\n                    <\/h3>\n\t\t\t\t\t\n\t\t\t\t\t\t\t\t\n                                <div class=\"exad-post-grid-description\">\n                    W miniony pi\u0105tek, w Bibliotece przy ul. \u015amia\u0142ej 24, powsta\u0142y pierwsze elementy projektu &#8220;Mr\u00f3wkarium&#8221;. Wszystko co jest na kartonowej makiecie wykona\u0142y dzieci, kt\u00f3re w\u0142o\u017cy\u0142y w...                <\/div>\n                            <div class=\"exad-post-footer\"><a href=\"https:\/\/bpzoliborz.pl\/bpzoliborz\/index.php\/2026\/01\/26\/mrowkarium-zima-w-miescie-relacja\/\" target=\"_blank\" class=\"read-more\">Czytaj dalej...<\/a><\/div>\n            \n        <\/div>\n            <\/div>\n<\/article>\n\n<article class=\"exad-post-grid-three exad-col  \">\n    <div class=\"exad-post-grid-container image-position-left exad-post-grid-equal-height-no\">\n                    <figure class=\"exad-post-grid-thumbnail\">\n                <a href=\"https:\/\/bpzoliborz.pl\/bpzoliborz\/index.php\/2026\/01\/21\/relacja-z-warsztatow-kartki-dla-dziadkow\/\">\n                    <img width=\"930\" height=\"620\" src=\"https:\/\/bpzoliborz.pl\/bpzoliborz\/wp-content\/uploads\/2026\/01\/20260116_175103-930x620.jpg\" class=\"attachment-neve-blog size-neve-blog wp-post-image\" alt=\"R\u0119ka trzyma du\u017ce czerwone papierowe sto\u017cki z kwiatami (\u017c\u00f3\u0142te i pomara\u0144czowe), napisy &quot;Dla Babci&quot; i &quot;Dla Babcia&quot;; na stole klej i materia\u0142y plastyczne. W tle dzieci bior\u0105ce udzia\u0142 w warsztatach plastycznych.\" loading=\"lazy\" \/>                <\/a>\n                \n                            <\/figure>\n        \n        <div class=\"exad-post-grid-body\">\n            \t\t\t\t\n\t\t\t\t\t\t\t\n                    <h3>\n\t\t\t\t\t\n\t\t\t\t\t\t\t\n                        <a href=\"https:\/\/bpzoliborz.pl\/bpzoliborz\/index.php\/2026\/01\/21\/relacja-z-warsztatow-kartki-dla-dziadkow\/\" class=\"exad-post-grid-title\">Relacja z warsztat\u00f3w &#8211; Kartki dla Dziadk\u00f3w<\/a>\n\t\t\t\t\n\t\t\t\t\t\t\t\t\t\n                    <\/h3>\n\t\t\t\t\t\n\t\t\t\t\t\t\t\t\n                                <div class=\"exad-post-grid-description\">\n                    Warsztaty &#8220;Kartki dla Dziadk\u00f3w&#8221; \u2013 czysta magia kreatywno\u015bci! W zesz\u0142ym tygodniu m\u0142odzi czytelnicy Biblioteki przy ul. Broniewskiego 9a wyczarowali kolorowe papierowe bukiety, urocze doniczki z...                <\/div>\n                            <div class=\"exad-post-footer\"><a href=\"https:\/\/bpzoliborz.pl\/bpzoliborz\/index.php\/2026\/01\/21\/relacja-z-warsztatow-kartki-dla-dziadkow\/\" target=\"_blank\" class=\"read-more\">Czytaj dalej...<\/a><\/div>\n            \n        <\/div>\n            <\/div>\n<\/article>\n\n<article class=\"exad-post-grid-three exad-col  \">\n    <div class=\"exad-post-grid-container image-position-left exad-post-grid-equal-height-no\">\n                    <figure class=\"exad-post-grid-thumbnail\">\n                <a href=\"https:\/\/bpzoliborz.pl\/bpzoliborz\/index.php\/2026\/01\/19\/dzien-babci-i-dziadka-rodzinne-warsztaty-artystyczne-relacja\/\">\n                    <img width=\"930\" height=\"620\" src=\"https:\/\/bpzoliborz.pl\/bpzoliborz\/wp-content\/uploads\/2026\/01\/b3ef855d-2bf9-4289-be9f-9d37c51e0ea5-930x620.jpg\" class=\"attachment-neve-blog size-neve-blog wp-post-image\" alt=\"grafika przedstawiaj\u0105ca sko\u0144czon\u0105 prace z zaj\u0119\u0107 artystycznych, kt\u00f3ra przedstawia portret babci wykonany z kartonu, materia\u0142u i koronki\" loading=\"lazy\" \/>                <\/a>\n                \n                            <\/figure>\n        \n        <div class=\"exad-post-grid-body\">\n            \t\t\t\t\n\t\t\t\t\t\t\t\n                    <h3>\n\t\t\t\t\t\n\t\t\t\t\t\t\t\n                        <a href=\"https:\/\/bpzoliborz.pl\/bpzoliborz\/index.php\/2026\/01\/19\/dzien-babci-i-dziadka-rodzinne-warsztaty-artystyczne-relacja\/\" class=\"exad-post-grid-title\">Dzie\u0144 Babci i Dziadka. Rodzinne Warsztaty Artystyczne &#8211; relacja<\/a>\n\t\t\t\t\n\t\t\t\t\t\t\t\t\t\n                    <\/h3>\n\t\t\t\t\t\n\t\t\t\t\t\t\t\t\n                                <div class=\"exad-post-grid-description\">\n                    16 stycznia 2026r., w Bibliotece dla Dzieci i M\u0142odzie\u017cy nr XX odby\u0142y si\u0119 Rodzinne Warsztaty Artystyczne z okazji zbli\u017caj\u0105cego si\u0119 Dnia Babci i Dziadka. Z...                <\/div>\n                            <div class=\"exad-post-footer\"><a href=\"https:\/\/bpzoliborz.pl\/bpzoliborz\/index.php\/2026\/01\/19\/dzien-babci-i-dziadka-rodzinne-warsztaty-artystyczne-relacja\/\" target=\"_blank\" class=\"read-more\">Czytaj dalej...<\/a><\/div>\n            \n        <\/div>\n            <\/div>\n<\/article>\n\n<article class=\"exad-post-grid-three exad-col  \">\n    <div class=\"exad-post-grid-container image-position-left exad-post-grid-equal-height-no\">\n                    <figure class=\"exad-post-grid-thumbnail\">\n                <a href=\"https:\/\/bpzoliborz.pl\/bpzoliborz\/index.php\/2026\/01\/15\/kanada-klub-podroznikow-neli-malej-reporterki-relacja-ze-spotkania\/\">\n                    <img width=\"930\" height=\"620\" src=\"https:\/\/bpzoliborz.pl\/bpzoliborz\/wp-content\/uploads\/2026\/01\/1-930x620.jpg\" class=\"attachment-neve-blog size-neve-blog wp-post-image\" alt=\"grafika przedstawiaj\u0105ca wykonane breloczki na spotkaniu Klubu Podr\u00f3\u017cnik\u00f3w Neli Ma\u0142ej Reporterki. S\u0105 to czerwone li\u015bcie klonu zrobione z termokurczliwej folii.\" loading=\"lazy\" \/>                <\/a>\n                \n                            <\/figure>\n        \n        <div class=\"exad-post-grid-body\">\n            \t\t\t\t\n\t\t\t\t\t\t\t\n                    <h3>\n\t\t\t\t\t\n\t\t\t\t\t\t\t\n                        <a href=\"https:\/\/bpzoliborz.pl\/bpzoliborz\/index.php\/2026\/01\/15\/kanada-klub-podroznikow-neli-malej-reporterki-relacja-ze-spotkania\/\" class=\"exad-post-grid-title\">Kanada. Klub Podr\u00f3\u017cnik\u00f3w Neli Ma\u0142ej Reporterki &#8211; relacja ze spotkania<\/a>\n\t\t\t\t\n\t\t\t\t\t\t\t\t\t\n                    <\/h3>\n\t\t\t\t\t\n\t\t\t\t\t\t\t\t\n                                <div class=\"exad-post-grid-description\">\n                    14 stycznia, w Bibliotece na \u015amia\u0142ej 24, spotkali\u015bmy si\u0119 z Klubem Podr\u00f3\u017cnik\u00f3w Neli Ma\u0142ej Reporterki. Zwiedzali\u015bmy Kanad\u0119, kt\u00f3ra zachwyci\u0142a nas nie tylko po\u0142o\u017ceniem geograficznym, architektur\u0105,...                <\/div>\n                            <div class=\"exad-post-footer\"><a href=\"https:\/\/bpzoliborz.pl\/bpzoliborz\/index.php\/2026\/01\/15\/kanada-klub-podroznikow-neli-malej-reporterki-relacja-ze-spotkania\/\" target=\"_blank\" class=\"read-more\">Czytaj dalej...<\/a><\/div>\n            \n        <\/div>\n            <\/div>\n<\/article>\n\n<article class=\"exad-post-grid-three exad-col  \">\n    <div class=\"exad-post-grid-container image-position-left exad-post-grid-equal-height-no\">\n                    <figure class=\"exad-post-grid-thumbnail\">\n                <a href=\"https:\/\/bpzoliborz.pl\/bpzoliborz\/index.php\/2025\/12\/23\/swiateczne-skrzaty-relacja-z-rodzinnych-warsztatow-artystycznych\/\">\n                    <img width=\"930\" height=\"620\" src=\"https:\/\/bpzoliborz.pl\/bpzoliborz\/wp-content\/uploads\/2025\/12\/5-930x620.jpeg\" class=\"attachment-neve-blog size-neve-blog wp-post-image\" alt=\"ilustracja przedstawiaj\u0105ca kolorowego skrzata wykonanego ze skarpetki. Ma bia\u0142\u0105 brod\u0119, zielone oczy i fioletow\u0105 czapk\u0119 z filcu przyozdobion\u0105 koralikami. Nad czapk\u0105 jest karteczka z bia\u0142ego papieru z napisem &quot;ho ho&quot;\" loading=\"lazy\" \/>                <\/a>\n                \n                            <\/figure>\n        \n        <div class=\"exad-post-grid-body\">\n            \t\t\t\t\n\t\t\t\t\t\t\t\n                    <h3>\n\t\t\t\t\t\n\t\t\t\t\t\t\t\n                        <a href=\"https:\/\/bpzoliborz.pl\/bpzoliborz\/index.php\/2025\/12\/23\/swiateczne-skrzaty-relacja-z-rodzinnych-warsztatow-artystycznych\/\" class=\"exad-post-grid-title\">\u015awi\u0105teczne Skrzaty &#8211; relacja z rodzinnych warsztat\u00f3w artystycznych<\/a>\n\t\t\t\t\n\t\t\t\t\t\t\t\t\t\n                    <\/h3>\n\t\t\t\t\t\n\t\t\t\t\t\t\t\t\n                                <div class=\"exad-post-grid-description\">\n                    W miniony pi\u0105tek, 19 grudnia, w Bibliotece przy ul \u015amia\u0142ej 24 odby\u0142y si\u0119 przed\u015bwi\u0105teczne warsztaty. Dzieci i doro\u015bli wsp\u00f3lnie tworzyli skrzaty. Ze skarpetek, filc\u00f3w, guzik\u00f3w...                <\/div>\n                            <div class=\"exad-post-footer\"><a href=\"https:\/\/bpzoliborz.pl\/bpzoliborz\/index.php\/2025\/12\/23\/swiateczne-skrzaty-relacja-z-rodzinnych-warsztatow-artystycznych\/\" target=\"_blank\" class=\"read-more\">Czytaj dalej...<\/a><\/div>\n            \n        <\/div>\n            <\/div>\n<\/article>\n\n<article class=\"exad-post-grid-three exad-col  \">\n    <div class=\"exad-post-grid-container image-position-left exad-post-grid-equal-height-no\">\n                    <figure class=\"exad-post-grid-thumbnail\">\n                <a href=\"https:\/\/bpzoliborz.pl\/bpzoliborz\/index.php\/2025\/12\/22\/spotkanie-autorskie-z-justyna-bargielska-relacja-z-wydarzenia\/\">\n                    <img width=\"930\" height=\"620\" src=\"https:\/\/bpzoliborz.pl\/bpzoliborz\/wp-content\/uploads\/2025\/12\/1000036331-930x620.jpg\" class=\"attachment-neve-blog size-neve-blog wp-post-image\" alt=\"\" loading=\"lazy\" \/>                <\/a>\n                \n                            <\/figure>\n        \n        <div class=\"exad-post-grid-body\">\n            \t\t\t\t\n\t\t\t\t\t\t\t\n                    <h3>\n\t\t\t\t\t\n\t\t\t\t\t\t\t\n                        <a href=\"https:\/\/bpzoliborz.pl\/bpzoliborz\/index.php\/2025\/12\/22\/spotkanie-autorskie-z-justyna-bargielska-relacja-z-wydarzenia\/\" class=\"exad-post-grid-title\">Spotkanie autorskie z Justyn\u0105 Bargielsk\u0105 &#8211; relacja z wydarzenia<\/a>\n\t\t\t\t\n\t\t\t\t\t\t\t\t\t\n                    <\/h3>\n\t\t\t\t\t\n\t\t\t\t\t\t\t\t\n                                <div class=\"exad-post-grid-description\">\n                    W ostatnia \u015brod\u0119 (17 grudnia) w Czytelni Pod Sowami go\u015bcili\u015bmy poetk\u0119 Justyn\u0119 Bargielsk\u0105. Podczas spotkania rozmawiali\u015bmy o jej najnowszym tomiku \u201eKubek na tsunami\u201d, kt\u00f3ry sta\u0142...                <\/div>\n                            <div class=\"exad-post-footer\"><a href=\"https:\/\/bpzoliborz.pl\/bpzoliborz\/index.php\/2025\/12\/22\/spotkanie-autorskie-z-justyna-bargielska-relacja-z-wydarzenia\/\" target=\"_blank\" class=\"read-more\">Czytaj dalej...<\/a><\/div>\n            \n        <\/div>\n            <\/div>\n<\/article>\n\n<article class=\"exad-post-grid-three exad-col  \">\n    <div class=\"exad-post-grid-container image-position-left exad-post-grid-equal-height-no\">\n                    <figure class=\"exad-post-grid-thumbnail\">\n                <a href=\"https:\/\/bpzoliborz.pl\/bpzoliborz\/index.php\/2025\/12\/19\/czytanie-poezji-cykl-spotkan-dzieci-kulmowej-kulmowa-dzieciom\/\">\n                    <img width=\"930\" height=\"620\" src=\"https:\/\/bpzoliborz.pl\/bpzoliborz\/wp-content\/uploads\/2025\/12\/20251219_160732-930x620.jpg\" class=\"attachment-neve-blog size-neve-blog wp-post-image\" alt=\"Dwie ksi\u0105\u017cki Joanny Kulmowej trzymane w d\u0142oni: \u201eKulmowa dzieciom\u201d oraz \u201eKolory\u201d, na tle biblioteki dzieci\u0119cej z rega\u0142ami ksi\u0105\u017cek i \u015bwi\u0105teczn\u0105 choink\u0105 w tle.\" loading=\"lazy\" \/>                <\/a>\n                \n                            <\/figure>\n        \n        <div class=\"exad-post-grid-body\">\n            \t\t\t\t\n\t\t\t\t\t\t\t\n                    <h3>\n\t\t\t\t\t\n\t\t\t\t\t\t\t\n                        <a href=\"https:\/\/bpzoliborz.pl\/bpzoliborz\/index.php\/2025\/12\/19\/czytanie-poezji-cykl-spotkan-dzieci-kulmowej-kulmowa-dzieciom\/\" class=\"exad-post-grid-title\">Czytanie poezji &#8211; cykl spotka\u0144 \u201eDzieci Kulmowej \u2013 Kulmowa Dzieciom<\/a>\n\t\t\t\t\n\t\t\t\t\t\t\t\t\t\n                    <\/h3>\n\t\t\t\t\t\n\t\t\t\t\t\t\t\t\n                                <div class=\"exad-post-grid-description\">\n                    W ramach projektu \u201eDzieci Kulmowej \u2013 Kulmowa Dzieciom\u201d w Bibliotece przy ul. Broniewskiego 9A przez ca\u0142y rok odbywa\u0142y si\u0119 spotkania dla przedszkolak\u00f3w po\u015bwi\u0119cone tw\u00f3rczo\u015bci Joanny...                <\/div>\n                            <div class=\"exad-post-footer\"><a href=\"https:\/\/bpzoliborz.pl\/bpzoliborz\/index.php\/2025\/12\/19\/czytanie-poezji-cykl-spotkan-dzieci-kulmowej-kulmowa-dzieciom\/\" target=\"_blank\" class=\"read-more\">Czytaj dalej...<\/a><\/div>\n            \n        <\/div>\n            <\/div>\n<\/article>\n    \n\t\t\t<\/div>\n\t\t\t<div class=\"exad-post-grid-load-btn\">\n\t\t\t\t\t\t\t\t\t<a class=\"exad-post-grid-paginate-btn\" data-post-type=\"post\" data-posts_per_page=\"50\" data-post-offset=\"0\" data-post-order=\"desc\" data-post-order_by=\"date\" data-post-tag__in=\"\" data-post-thumbnail=\"yes\" data-post-thumb-size=\"neve-blog\" data-equal_height=\"no\" data-enable_details_btn=\"yes\" data-details_btn_text=\"Czytaj dalej...\" data-details_btn_text_tab=\"yes\" data-show-user-avatar=\"no\" data-show_user_name=\"\" data-post_data_position=\"post_data_middle\" data-show_title=\"yes\" data-show_title_parmalink=\"no\" data-title_full=\"yes\" data-title_tag=\"h3\" data-show_read_time=\"\" data-show_comment=\"\" data-show_excerpt=\"yes\" data-excerpt_length=\"25\" data-show_user_name_tag=\"\" data-user_name_tag=\"\" data-show_date=\"\" data-show_date_tag=\"\" data-date_tag=\"\" data-title_length=\"\" data-image_align=\"left\" data-show_category=\"\" data-category_default_position=\"\" data-category_position_over_image=\"\" data-category=\"10\" data-tags=\"\" data-offset=\"0\" data-exclude_post=\"\" href=\"#\" role=\"button\">\n\t\t\t\t\t\twczytaj wi\u0119cej post\u00f3w\t\t\t\t\t<\/a>\n\t\t\t\t\t\t\t<\/div>\n\t\t<\/div>\n\n\t\t\t<\/div>\n\t\t\t\t<\/div>\n\t\t\t\t\t\t<\/div>\n\t\t\t\t\t<\/div>\n\t\t<\/div>\n\t\t\t\t<div class=\"elementor-column elementor-col-50 elementor-top-column elementor-element elementor-element-4f59858 exad-glass-effect-no exad-sticky-section-no\" data-id=\"4f59858\" data-element_type=\"column\">\n\t\t\t<div class=\"elementor-column-wrap elementor-element-populated\">\n\t\t\t\t\t\t\t<div class=\"elementor-widget-wrap\">\n\t\t\t\t\t\t<section class=\"elementor-section elementor-inner-section elementor-element elementor-element-2478d12 elementor-section-boxed elementor-section-height-default elementor-section-height-default exad-glass-effect-no exad-sticky-section-no\" data-id=\"2478d12\" data-element_type=\"section\">\n\t\t\t\t\t\t<div class=\"elementor-container elementor-column-gap-default\">\n\t\t\t\t\t\t\t<div class=\"elementor-row\">\n\t\t\t\t\t<div class=\"elementor-column elementor-col-100 elementor-inner-column elementor-element elementor-element-5222767 exad-glass-effect-no exad-sticky-section-no\" data-id=\"5222767\" data-element_type=\"column\">\n\t\t\t<div class=\"elementor-column-wrap elementor-element-populated\">\n\t\t\t\t\t\t\t<div class=\"elementor-widget-wrap\">\n\t\t\t\t\t\t<section class=\"elementor-section elementor-inner-section elementor-element elementor-element-070c210 elementor-section-boxed elementor-section-height-default elementor-section-height-default exad-glass-effect-no exad-sticky-section-no\" data-id=\"070c210\" data-element_type=\"section\">\n\t\t\t\t\t\t<div class=\"elementor-container elementor-column-gap-default\">\n\t\t\t\t\t\t\t<div class=\"elementor-row\">\n\t\t\t\t\t<div class=\"elementor-column elementor-col-100 elementor-inner-column elementor-element elementor-element-f8e3a35 exad-glass-effect-no exad-sticky-section-no\" data-id=\"f8e3a35\" data-element_type=\"column\">\n\t\t\t<div class=\"elementor-column-wrap elementor-element-populated\">\n\t\t\t\t\t\t\t<div class=\"elementor-widget-wrap\">\n\t\t\t\t\t\t<div class=\"elementor-element elementor-element-d3b21e5 exad-sticky-section-no exad-glass-effect-no elementor-widget elementor-widget-heading\" data-id=\"d3b21e5\" data-element_type=\"widget\" data-widget_type=\"heading.default\">\n\t\t\t\t<div class=\"elementor-widget-container\">\n\t\t\t<h3 class=\"elementor-heading-title elementor-size-default\">Obserwuj nas<\/h3>\t\t<\/div>\n\t\t\t\t<\/div>\n\t\t\t\t<div class=\"elementor-element elementor-element-dcf671e exad-sticky-section-no exad-glass-effect-no elementor-widget elementor-widget-wp-widget-sfsi-widget\" data-id=\"dcf671e\" data-element_type=\"widget\" data-widget_type=\"wp-widget-sfsi-widget.default\">\n\t\t\t\t<div class=\"elementor-widget-container\">\n\t\t\t\t\t<div class=\"sfsi_widget\" data-position=\"widget\" style=\"display:flex;flex-wrap:wrap;justify-content: center\">\n\t\t\t<div id='sfsi_wDiv'><\/div>\n\t\t\t<div class=\"norm_row sfsi_wDiv \"  style=\"width:210px;position:absolute;;text-align:center\"><div style='width:50px; height:50px;margin-left:20px;margin-bottom:5px; ' class='sfsi_wicons shuffeldiv ' ><div class='inerCnt'><a class=' sficn' data-effect='' target='_blank'  href='https:\/\/www.facebook.com\/BibliotekaPublicznaZoliborz\/' id='sfsiid_facebook_icon' style='width:50px;height:50px;opacity:1;'  ><img data-pin-nopin='true' alt='Facebook' title='Facebook' src='https:\/\/bpzoliborz.pl\/bpzoliborz\/wp-content\/plugins\/ultimate-social-media-icons\/images\/icons_theme\/thin\/thin_facebook.png' width='50' height='50' style='' class='sfcm sfsi_wicon ' data-effect=''   \/><\/a><\/div><\/div><div style='width:50px; height:50px;margin-left:20px;margin-bottom:5px; ' class='sfsi_wicons shuffeldiv ' ><div class='inerCnt'><a class=' sficn' data-effect='' target='_blank'  href='https:\/\/www.youtube.com\/channel\/UCx6LQLcNV7grZtWibwVwt-w\/videos' id='sfsiid_youtube_icon' style='width:50px;height:50px;opacity:1;'  ><img data-pin-nopin='true' alt='YouTube' title='YouTube' src='https:\/\/bpzoliborz.pl\/bpzoliborz\/wp-content\/plugins\/ultimate-social-media-icons\/images\/icons_theme\/thin\/thin_youtube.png' width='50' height='50' style='' class='sfcm sfsi_wicon ' data-effect=''   \/><\/a><\/div><\/div><div style='width:50px; height:50px;margin-left:20px;margin-bottom:5px; ' class='sfsi_wicons shuffeldiv ' ><div class='inerCnt'><a class=' sficn' data-effect='' target='_blank'  href='https:\/\/www.instagram.com\/biblioteka.zoliborz\/' id='sfsiid_instagram_icon' style='width:50px;height:50px;opacity:1;'  ><img data-pin-nopin='true' alt='Instagram' title='Instagram' src='https:\/\/bpzoliborz.pl\/bpzoliborz\/wp-content\/plugins\/ultimate-social-media-icons\/images\/icons_theme\/thin\/thin_instagram.png' width='50' height='50' style='' class='sfcm sfsi_wicon ' data-effect=''   \/><\/a><\/div><\/div><\/div ><div id=\"sfsi_holder\" class=\"sfsi_holders\" style=\"position: relative; float: left;width:100%;z-index:-1;\"><\/div ><script>window.addEventListener(\"sfsi_functions_loaded\", function()\n\t\t\t{\n\t\t\t\tif (typeof sfsi_widget_set == \"function\") {\n\t\t\t\t\tsfsi_widget_set();\n\t\t\t\t}\n\t\t\t}); <\/script>\t\t\t<div style=\"clear: both;\"><\/div>\n\t\t<\/div>\n\t\t\t<\/div>\n\t\t\t\t<\/div>\n\t\t\t\t\t\t<\/div>\n\t\t\t\t\t<\/div>\n\t\t<\/div>\n\t\t\t\t\t\t\t\t<\/div>\n\t\t\t\t\t<\/div>\n\t\t<\/section>\n\t\t\t\t<div class=\"elementor-element elementor-element-0269141 exad-sticky-section-no exad-glass-effect-no elementor-widget elementor-widget-spacer\" data-id=\"0269141\" data-element_type=\"widget\" data-widget_type=\"spacer.default\">\n\t\t\t\t<div class=\"elementor-widget-container\">\n\t\t\t\t\t<div class=\"elementor-spacer\">\n\t\t\t<div class=\"elementor-spacer-inner\"><\/div>\n\t\t<\/div>\n\t\t\t\t<\/div>\n\t\t\t\t<\/div>\n\t\t\t\t<section class=\"elementor-section elementor-inner-section elementor-element elementor-element-270de3f elementor-section-boxed elementor-section-height-default elementor-section-height-default exad-glass-effect-no exad-sticky-section-no\" data-id=\"270de3f\" data-element_type=\"section\">\n\t\t\t\t\t\t<div class=\"elementor-container elementor-column-gap-default\">\n\t\t\t\t\t\t\t<div class=\"elementor-row\">\n\t\t\t\t\t<div class=\"elementor-column elementor-col-100 elementor-inner-column elementor-element elementor-element-522ad8e exad-glass-effect-no exad-sticky-section-no\" data-id=\"522ad8e\" data-element_type=\"column\">\n\t\t\t<div class=\"elementor-column-wrap elementor-element-populated\">\n\t\t\t\t\t\t\t<div class=\"elementor-widget-wrap\">\n\t\t\t\t\t\t<div class=\"elementor-element elementor-element-1a53e8d exad-sticky-section-no exad-glass-effect-no elementor-widget elementor-widget-heading\" data-id=\"1a53e8d\" data-element_type=\"widget\" data-widget_type=\"heading.default\">\n\t\t\t\t<div class=\"elementor-widget-container\">\n\t\t\t<h3 class=\"elementor-heading-title elementor-size-default\">Newsletter<\/h3>\t\t<\/div>\n\t\t\t\t<\/div>\n\t\t\t\t<div class=\"elementor-element elementor-element-f1ccbf7 exad-sticky-section-no exad-glass-effect-no elementor-widget elementor-widget-wp-widget-newsletterwidget\" data-id=\"f1ccbf7\" data-element_type=\"widget\" data-widget_type=\"wp-widget-newsletterwidget.default\">\n\t\t\t\t<div class=\"elementor-widget-container\">\n\t\t\t<div class=\"tnp tnp-subscription tnp-widget\">\n<form method=\"post\" action=\"https:\/\/bpzoliborz.pl\/bpzoliborz\/?na=s\">\n<input type=\"hidden\" name=\"nr\" value=\"widget\">\n<input type=\"hidden\" name=\"nlang\" value=\"\">\n<div class=\"tnp-field tnp-field-firstname\"><label for=\"tnp-1\">Imi\u0119 <\/label>\n<input class=\"tnp-name\" type=\"text\" name=\"nn\" id=\"tnp-1\" value=\"\" placeholder=\"\" required><\/div>\n<div class=\"tnp-field tnp-field-email\"><label for=\"tnp-2\">Email<\/label>\n<input class=\"tnp-email\" type=\"email\" name=\"ne\" id=\"tnp-2\" value=\"\" placeholder=\"\" required><\/div>\n<div class=\"tnp-field tnp-privacy-field\"><label><input type=\"checkbox\" name=\"ny\" required class=\"tnp-privacy\"> <a target=\"_blank\" href=\"https:\/\/bpzoliborz.pl\/bpzoliborz\/index.php\/polityka-prywatnosci\/\">Przechodz\u0105c dalej, akceptujesz polityk\u0119 prywatno\u015bci<\/a><\/label><\/div><div class=\"tnp-field tnp-field-button\" style=\"text-align: left\"><input class=\"tnp-submit\" type=\"submit\" value=\"Zapisz si\u0119\" style=\"\">\n<\/div>\n<\/form>\n<\/div>\n\t\t<\/div>\n\t\t\t\t<\/div>\n\t\t\t\t\t\t<\/div>\n\t\t\t\t\t<\/div>\n\t\t<\/div>\n\t\t\t\t\t\t\t\t<\/div>\n\t\t\t\t\t<\/div>\n\t\t<\/section>\n\t\t\t\t<div class=\"elementor-element elementor-element-e124601 exad-sticky-section-no exad-glass-effect-no elementor-widget elementor-widget-spacer\" data-id=\"e124601\" data-element_type=\"widget\" data-widget_type=\"spacer.default\">\n\t\t\t\t<div class=\"elementor-widget-container\">\n\t\t\t\t\t<div class=\"elementor-spacer\">\n\t\t\t<div class=\"elementor-spacer-inner\"><\/div>\n\t\t<\/div>\n\t\t\t\t<\/div>\n\t\t\t\t<\/div>\n\t\t\t\t<section class=\"elementor-section elementor-inner-section elementor-element elementor-element-5a40f89 elementor-section-boxed elementor-section-height-default elementor-section-height-default exad-glass-effect-no exad-sticky-section-no\" data-id=\"5a40f89\" data-element_type=\"section\">\n\t\t\t\t\t\t<div class=\"elementor-container elementor-column-gap-default\">\n\t\t\t\t\t\t\t<div class=\"elementor-row\">\n\t\t\t\t\t<div class=\"elementor-column elementor-col-100 elementor-inner-column elementor-element elementor-element-c0e9bef exad-glass-effect-no exad-sticky-section-no\" data-id=\"c0e9bef\" data-element_type=\"column\">\n\t\t\t<div class=\"elementor-column-wrap elementor-element-populated\">\n\t\t\t\t\t\t\t<div class=\"elementor-widget-wrap\">\n\t\t\t\t\t\t<div class=\"elementor-element elementor-element-1e5a690 elementor-align-center exad-sticky-section-no exad-glass-effect-no elementor-widget elementor-widget-button\" data-id=\"1e5a690\" data-element_type=\"widget\" data-widget_type=\"button.default\">\n\t\t\t\t<div class=\"elementor-widget-container\">\n\t\t\t\t\t<div class=\"elementor-button-wrapper\">\n\t\t\t<a href=\"https:\/\/bpzoliborz.pl\/bpzoliborz\/index.php\/dostepnosc-2\/\" target=\"_blank\" class=\"elementor-button-link elementor-button elementor-size-md\" role=\"button\">\n\t\t\t\t\t\t<span class=\"elementor-button-content-wrapper\">\n\t\t\t\t\t\t\t<span class=\"elementor-button-icon elementor-align-icon-left\">\n\t\t\t\t<i aria-hidden=\"true\" class=\"fab fa-accessible-icon\"><\/i>\t\t\t<\/span>\n\t\t\t\t\t\t<span class=\"elementor-button-text\">Dost\u0119pno\u015b\u0107<\/span>\n\t\t<\/span>\n\t\t\t\t\t<\/a>\n\t\t<\/div>\n\t\t\t\t<\/div>\n\t\t\t\t<\/div>\n\t\t\t\t<div class=\"elementor-element elementor-element-e6c7047 elementor-align-center exad-sticky-section-no exad-glass-effect-no elementor-widget elementor-widget-button\" data-id=\"e6c7047\" data-element_type=\"widget\" data-widget_type=\"button.default\">\n\t\t\t\t<div class=\"elementor-widget-container\">\n\t\t\t\t\t<div class=\"elementor-button-wrapper\">\n\t\t\t<a href=\"https:\/\/www.bibliotekiwarszawy.pl\/\" target=\"_blank\" class=\"elementor-button-link elementor-button elementor-size-sm\" role=\"button\">\n\t\t\t\t\t\t<span class=\"elementor-button-content-wrapper\">\n\t\t\t\t\t\t\t<span class=\"elementor-button-icon elementor-align-icon-left\">\n\t\t\t\t<i aria-hidden=\"true\" class=\"icon icon-home1\"><\/i>\t\t\t<\/span>\n\t\t\t\t\t\t<span class=\"elementor-button-text\">Biblioteki Warszawy<\/span>\n\t\t<\/span>\n\t\t\t\t\t<\/a>\n\t\t<\/div>\n\t\t\t\t<\/div>\n\t\t\t\t<\/div>\n\t\t\t\t\t\t<\/div>\n\t\t\t\t\t<\/div>\n\t\t<\/div>\n\t\t\t\t\t\t\t\t<\/div>\n\t\t\t\t\t<\/div>\n\t\t<\/section>\n\t\t\t\t<div class=\"elementor-element elementor-element-91f1acd exad-sticky-section-no exad-glass-effect-no elementor-widget elementor-widget-spacer\" data-id=\"91f1acd\" data-element_type=\"widget\" data-widget_type=\"spacer.default\">\n\t\t\t\t<div class=\"elementor-widget-container\">\n\t\t\t\t\t<div class=\"elementor-spacer\">\n\t\t\t<div class=\"elementor-spacer-inner\"><\/div>\n\t\t<\/div>\n\t\t\t\t<\/div>\n\t\t\t\t<\/div>\n\t\t\t\t<section class=\"elementor-section elementor-inner-section elementor-element elementor-element-127d20c elementor-section-boxed elementor-section-height-default elementor-section-height-default exad-glass-effect-no exad-sticky-section-no\" data-id=\"127d20c\" data-element_type=\"section\">\n\t\t\t\t\t\t<div class=\"elementor-container elementor-column-gap-default\">\n\t\t\t\t\t\t\t<div class=\"elementor-row\">\n\t\t\t\t\t<div class=\"elementor-column elementor-col-100 elementor-inner-column elementor-element elementor-element-3137d16 exad-glass-effect-no exad-sticky-section-no\" data-id=\"3137d16\" data-element_type=\"column\">\n\t\t\t<div class=\"elementor-column-wrap elementor-element-populated\">\n\t\t\t\t\t\t\t<div class=\"elementor-widget-wrap\">\n\t\t\t\t\t\t<div class=\"elementor-element elementor-element-59cf74f exad-sticky-section-no exad-glass-effect-no elementor-widget elementor-widget-heading\" data-id=\"59cf74f\" data-element_type=\"widget\" data-widget_type=\"heading.default\">\n\t\t\t\t<div class=\"elementor-widget-container\">\n\t\t\t<h3 class=\"elementor-heading-title elementor-size-default\">Biblioteka online<\/h3>\t\t<\/div>\n\t\t\t\t<\/div>\n\t\t\t\t<div class=\"elementor-element elementor-element-b44609b exad-sticky-section-no exad-glass-effect-no elementor-widget elementor-widget-image\" data-id=\"b44609b\" data-element_type=\"widget\" data-widget_type=\"image.default\">\n\t\t\t\t<div class=\"elementor-widget-container\">\n\t\t\t\t\t\t\t\t<div class=\"elementor-image\">\n\t\t\t\t\t\t\t\t\t\t\t\t\t<a href=\"http:\/\/bpzoliborz.pl\/bpzoliborz\/index.php\/dzialania-online\/\" target=\"_blank\">\n\t\t\t\t\t\t\t<img width=\"1080\" height=\"675\" src=\"https:\/\/bpzoliborz.pl\/bpzoliborz\/wp-content\/uploads\/2020\/07\/biblioteka-onliene.jpg\" class=\"attachment-medium size-medium wp-image-740\" alt=\"Logo biblioteki na tle ikon internetowych\" loading=\"lazy\" srcset=\"https:\/\/bpzoliborz.pl\/bpzoliborz\/wp-content\/uploads\/2020\/07\/biblioteka-onliene.jpg 1080w, https:\/\/bpzoliborz.pl\/bpzoliborz\/wp-content\/uploads\/2020\/07\/biblioteka-onliene-768x480.jpg 768w\" sizes=\"(max-width: 1080px) 100vw, 1080px\" \/>\t\t\t\t\t\t\t\t<\/a>\n\t\t\t\t\t\t\t\t\t\t\t\t\t\t<\/div>\n\t\t\t\t\t\t<\/div>\n\t\t\t\t<\/div>\n\t\t\t\t\t\t<\/div>\n\t\t\t\t\t<\/div>\n\t\t<\/div>\n\t\t\t\t\t\t\t\t<\/div>\n\t\t\t\t\t<\/div>\n\t\t<\/section>\n\t\t\t\t<div class=\"elementor-element elementor-element-40d0af5 exad-sticky-section-no exad-glass-effect-no elementor-widget elementor-widget-spacer\" data-id=\"40d0af5\" data-element_type=\"widget\" data-widget_type=\"spacer.default\">\n\t\t\t\t<div class=\"elementor-widget-container\">\n\t\t\t\t\t<div class=\"elementor-spacer\">\n\t\t\t<div class=\"elementor-spacer-inner\"><\/div>\n\t\t<\/div>\n\t\t\t\t<\/div>\n\t\t\t\t<\/div>\n\t\t\t\t<section class=\"elementor-section elementor-inner-section elementor-element elementor-element-11c31bc elementor-section-boxed elementor-section-height-default elementor-section-height-default exad-glass-effect-no exad-sticky-section-no\" data-id=\"11c31bc\" data-element_type=\"section\">\n\t\t\t\t\t\t<div class=\"elementor-container elementor-column-gap-default\">\n\t\t\t\t\t\t\t<div class=\"elementor-row\">\n\t\t\t\t\t<div class=\"elementor-column elementor-col-100 elementor-inner-column elementor-element elementor-element-911c9b8 exad-glass-effect-no exad-sticky-section-no\" data-id=\"911c9b8\" data-element_type=\"column\">\n\t\t\t<div class=\"elementor-column-wrap elementor-element-populated\">\n\t\t\t\t\t\t\t<div class=\"elementor-widget-wrap\">\n\t\t\t\t\t\t<div class=\"elementor-element elementor-element-720aa92 exad-sticky-section-no exad-glass-effect-no elementor-widget elementor-widget-heading\" data-id=\"720aa92\" data-element_type=\"widget\" data-widget_type=\"heading.default\">\n\t\t\t\t<div class=\"elementor-widget-container\">\n\t\t\t<h3 class=\"elementor-heading-title elementor-size-default\"><a href=\"https:\/\/bpzoliborz.pl\/bpzoliborz\/index.php\/wydarzenia\/\" przejd=\"\">Nadchodz\u0105ce wydarzenia<\/a><\/h3>\t\t<\/div>\n\t\t\t\t<\/div>\n\t\t\t\t<div class=\"elementor-element elementor-element-3a39174 exad-sticky-section-no exad-glass-effect-no elementor-widget elementor-widget-shortcode\" data-id=\"3a39174\" data-element_type=\"widget\" data-widget_type=\"shortcode.default\">\n\t\t\t\t<div class=\"elementor-widget-container\">\n\t\t\t\t\t<div class=\"elementor-shortcode\"><div class=\"mec-wrap mec-skin-grid-container  \" id=\"mec_skin_1223\">\r\n    \r\n        \r\n            <div class=\"mec-skin-grid-events-container\" id=\"mec_skin_events_1223\">\r\n        <div class=\"mec-wrap colorskin-custom\">\r\n    <div class=\"mec-event-grid-clean\" data-widget-autoplay=\"1\" data-widget-loop=\"1\" data-widget-autoplay-time=\"3000\">\r\n        <div class=\"row\"><div class=\"col-md-12 col-sm-12\">        <script type=\"application\/ld+json\">\r\n        {\r\n            \"@context\": \"http:\/\/schema.org\",\r\n            \"@type\": \"Event\",\r\n            \"eventStatus\": \"https:\/\/schema.org\/EventScheduled\",\r\n            \"startDate\": \"2026-01-02\",\r\n            \"endDate\": \"2026-06-30\",\r\n            \"eventAttendanceMode\": \"https:\/\/schema.org\/OfflineEventAttendanceMode\",\r\n            \"location\":\r\n            {\r\n                \"@type\": \"Place\",\r\n                                \"name\": \"Biblioteka dla Dzieci nr XV\",\r\n                \"image\": \"http:\/\/bpzoliborz.pl\/bpzoliborz\/wp-content\/uploads\/2020\/07\/broniewskiego.jpg\",\r\n                \"address\": \"ul. Broniewskiego 9a\"\r\n                            },\r\n            \"organizer\":\r\n            {\r\n                \"@type\": \"Person\",\r\n                \"name\": \"Biblioteka dla Dzieci nr XV\",\r\n                \"url\": \"http:\/\/bpzoliborz.pl\/bpzoliborz\/index.php\/biblioteka-dla-dzieci-nr-xv\/\"\r\n            },\r\n            \"offers\":\r\n            {\r\n                \"url\": \"https:\/\/bpzoliborz.pl\/bpzoliborz\/index.php\/events\/biblioteczne-bingo-dla-dzieci\/\",\r\n                \"price\": \"\",\r\n                \"priceCurrency\": \"PLN\",\r\n                \"availability\": \"https:\/\/schema.org\/InStock\",\r\n                \"validFrom\": \"2026-01-02T00:00\"\r\n            },\r\n            \"performer\": \"\",\r\n            \"description\": \"&lt;p style=&quot;text-align: center&quot;&gt;Zapraszamy dzieci do zabawy w &lt;strong&gt;Biblioteczne Bingo&lt;\/strong&gt;. Zasady s\u0105 bardzo proste.&lt;\/p&gt; &lt;ol&gt; &lt;li style=&quot;text-align: left&quot;&gt;&lt;span class=&quot;a_GcMg font-feature-liga-off font-feature-clig-off font-feature-calt-off text-decoration-none text-strikethrough-none&quot;&gt;Przyjd\u017a do biblioteki przy ul. Broniewskiego 9A &lt;\/span&gt;&lt;\/li&gt; &lt;li style=&quot;text-align: left&quot;&gt;&lt;span class=&quot;a_GcMg font-feature-liga-off font-feature-clig-off font-feature-calt-off text-decoration-none text-strikethrough-none&quot;&gt;Uzyskaj kart\u0119 gracza&lt;\/span&gt;&lt;\/li&gt; &lt;li style=&quot;text-align: left&quot;&gt;&lt;span class=&quot;a_GcMg font-feature-liga-off font-feature-clig-off font-feature-calt-off text-decoration-none text-strikethrough-none&quot;&gt;Wybieraj ksi\u0105\u017cki do zada\u0144&lt;\/span&gt;&lt;\/li&gt; &lt;li style=&quot;text-align: left&quot;&gt;&lt;span class=&quot;a_GcMg font-feature-liga-off font-feature-clig-off font-feature-calt-off text-decoration-none text-strikethrough-none&quot;&gt;Czytaj&lt;\/span&gt;&lt;\/li&gt; &lt;li style=&quot;text-align: left&quot;&gt;&lt;span class=&quot;a_GcMg font-feature-liga-off font-feature-clig-off font-feature-calt-off text-decoration-none text-strikethrough-none&quot;&gt;Zdobywaj piecz\u0105tki na karcie&lt;\/span&gt;&lt;\/li&gt; &lt;li style=&quot;text-align: left&quot;&gt;&lt;span class=&quot;a_GcMg font-feature-liga-off font-feature-clig-off font-feature-calt-off text-decoration-none text-strikethrough-none&quot;&gt;Wygraj nagrody&lt;\/span&gt;&lt;\/li&gt; &lt;\/ol&gt; &lt;p style=&quot;text-align: center&quot;&gt;Akcja b\u0119dzie trwa\u0142a &lt;strong&gt;od pocz\u0105tku stycznia do ko\u0144ca czerwca&lt;\/strong&gt;. Zapraszamy do udzia\u0142u.&lt;\/p&gt; &lt;p style=&quot;text-align: center&quot;&gt;&lt;strong&gt;GDZIE: &lt;\/strong&gt;Biblioteka dla Dzieci i M\u0142odzie\u017cy nr XV,&lt;br \/&gt; &lt;span class=&quot;a_GcMg font-feature-liga-off font-feature-clig-off font-feature-calt-off text-decoration-none text-strikethrough-none&quot;&gt;ul. Broniewskiego 9a&lt;\/span&gt;&lt;\/p&gt; \",\r\n            \"image\": \"https:\/\/bpzoliborz.pl\/bpzoliborz\/wp-content\/uploads\/2025\/12\/obrazek-wyrozniajacy-na-strone-Broniewskiego-5.png\",\r\n            \"name\": \"Biblioteczne Bingo dla dzieci\",\r\n            \"url\": \"https:\/\/bpzoliborz.pl\/bpzoliborz\/index.php\/events\/biblioteczne-bingo-dla-dzieci\/?occurrence=2026-01-02\"\r\n        }\r\n        <\/script>\r\n        <article class=\" mec-event-article mec-clear  \" itemscope>                    <div class=\"event-grid-t2-head mec-bg-color clearfix\">\r\n                                    <div class=\"mec-event-month\"><span class=\"mec-start-date-label\" itemprop=\"startDate\">02 stycznia<\/span><span class=\"mec-end-date-label\" itemprop=\"endDate\"> - 30 czerwca<\/span><\/div>\r\n                                                                                            <div class=\"mec-event-detail\">\r\n                    <div class=\"mec-event-loc-place\">Biblioteka dla Dzieci nr XV<\/div>\r\n                                                                            <\/div>\r\n            <\/div>\r\n            <div class=\"mec-event-image\"><a   data-event-id=\"30313\" href=\"https:\/\/bpzoliborz.pl\/bpzoliborz\/index.php\/events\/biblioteczne-bingo-dla-dzieci\/?occurrence=2026-01-02\" target=\"_self\" rel=\"noopener\"><img width=\"1080\" height=\"675\" src=\"https:\/\/bpzoliborz.pl\/bpzoliborz\/wp-content\/uploads\/2025\/12\/obrazek-wyrozniajacy-na-strone-Broniewskiego-5.png\" class=\"attachment-medium size-medium wp-post-image\" alt=\"Grafika promuj\u0105ca wydarzenie \u201eBiblioteczne Bingo\u201d organizowane przez Bibliotek\u0119 dla Dzieci nr XV. Po lewej stronie znajduje si\u0119 granatowe t\u0142o z napisami: \u201eZapowied\u017a\u201d, \u201eBiblioteka dla Dzieci nr XV\u201d, \u201eBiblioteczne Bingo\u201d, \u201eStycze\u0144\u2013Czerwiec\u201d. Na dole widoczne s\u0105 logotypy biblioteki i instytucji miejskich. Po prawej stronie, na jasnym tle, znajduj\u0105 si\u0119 dwa rysunkowe zwierz\u0105tka przypominaj\u0105ce kapibary trzymaj\u0105ce stosy kolorowych ksi\u0105\u017cek. Obok znajduje si\u0119 kolorowy napis \u201eBiblioteczne Bingo!\u201d.\" loading=\"lazy\" data-mec-postid=\"30313\" srcset=\"https:\/\/bpzoliborz.pl\/bpzoliborz\/wp-content\/uploads\/2025\/12\/obrazek-wyrozniajacy-na-strone-Broniewskiego-5.png 1080w, https:\/\/bpzoliborz.pl\/bpzoliborz\/wp-content\/uploads\/2025\/12\/obrazek-wyrozniajacy-na-strone-Broniewskiego-5-768x480.png 768w\" sizes=\"(max-width: 1080px) 100vw, 1080px\" \/><\/a><\/div>\r\n            <div class=\"mec-event-content\">\r\n                                                                <h4 class=\"mec-event-title\"><a class=\"mec-color-hover\"  data-event-id=\"30313\" href=\"https:\/\/bpzoliborz.pl\/bpzoliborz\/index.php\/events\/biblioteczne-bingo-dla-dzieci\/?occurrence=2026-01-02\" target=\"_self\" rel=\"noopener\">Biblioteczne Bingo dla dzieci<\/a><span class=\"event-color\" style=\"background: #02b5cd\"><\/span><\/h4>\r\n                <p class=\"mec-grid-event-location\">ul. Broniewskiego 9a<\/p>\r\n            <\/div>\r\n            <div class=\"mec-event-footer mec-color\">\r\n                                <ul class=\"mec-event-sharing-wrap\">\r\n                    <li class=\"mec-event-share\">\r\n                        <a href=\"#\" class=\"mec-event-share-icon\">\r\n                            <i class=\"mec-sl-share\" title=\"Share\"><\/i>\r\n                        <\/a>\r\n                    <\/li>\r\n                    <li>\r\n                        <ul class=\"mec-event-sharing\">\r\n                            <li class=\"mec-event-social-icon\"><a class=\"facebook\" href=\"https:\/\/www.facebook.com\/sharer\/sharer.php?u=https%3A%2F%2Fbpzoliborz.pl%2Fbpzoliborz%2Findex.php%2Fevents%2Fbiblioteczne-bingo-dla-dzieci%2F\" onclick=\"javascript:window.open(this.href, '', 'menubar=no,toolbar=no,resizable=yes,scrollbars=yes,height=500,width=600'); return false;\" title=\"Udost\u0119pnij na Facebooku\"><i class=\"mec-fa-facebook\"><\/i><\/a><\/li><li class=\"mec-event-social-icon\"><a class=\"twitter\" href=\"https:\/\/twitter.com\/share?url=https%3A%2F%2Fbpzoliborz.pl%2Fbpzoliborz%2Findex.php%2Fevents%2Fbiblioteczne-bingo-dla-dzieci%2F\" onclick=\"javascript:window.open(this.href, '', 'menubar=no,toolbar=no,resizable=yes,scrollbars=yes,height=600,width=500'); return false;\" target=\"_blank\" title=\"Tweetuj\"><i class=\"mec-fa-twitter\"><\/i><\/a><\/li><li class=\"mec-event-social-icon\"><a class=\"email\" href=\"mailto:?subject=Biblioteczne Bingo dla dzieci&body=https%3A%2F%2Fbpzoliborz.pl%2Fbpzoliborz%2Findex.php%2Fevents%2Fbiblioteczne-bingo-dla-dzieci%2F\" title=\"Email\"><i class=\"mec-fa-envelope\"><\/i><\/a><\/li>                        <\/ul>\r\n                    <\/li>\r\n                <\/ul>\r\n                                                                <a class=\"mec-booking-button\"  data-event-id=\"30313\" href=\"https:\/\/bpzoliborz.pl\/bpzoliborz\/index.php\/events\/biblioteczne-bingo-dla-dzieci\/?occurrence=2026-01-02\" target=\"_self\" rel=\"noopener\">Poka\u017c szczeg\u00f3\u0142y<\/a>            <\/div>\r\n        <\/article><\/div><\/div>                <div class=\"row\"><div class=\"col-md-12 col-sm-12\">        <script type=\"application\/ld+json\">\r\n        {\r\n            \"@context\": \"http:\/\/schema.org\",\r\n            \"@type\": \"Event\",\r\n            \"eventStatus\": \"https:\/\/schema.org\/EventScheduled\",\r\n            \"startDate\": \"2026-05-04\",\r\n            \"endDate\": \"2026-05-30\",\r\n            \"eventAttendanceMode\": \"https:\/\/schema.org\/OfflineEventAttendanceMode\",\r\n            \"location\":\r\n            {\r\n                \"@type\": \"Place\",\r\n                                \"name\": \"Czytelnia Naukowa nr XVI\",\r\n                \"image\": \"http:\/\/bpzoliborz.pl\/bpzoliborz\/wp-content\/uploads\/2020\/07\/czyt16-budynek.jpg\",\r\n                \"address\": \"pl. Inwalid\u00f3w 3\"\r\n                            },\r\n            \"organizer\":\r\n            {\r\n                \"@type\": \"Person\",\r\n                \"name\": \"Biblioteka Publiczna w Dzielnicy \u017boliborz\",\r\n                \"url\": \"\"\r\n            },\r\n            \"offers\":\r\n            {\r\n                \"url\": \"https:\/\/bpzoliborz.pl\/bpzoliborz\/index.php\/events\/konstytucja-3-maja-1791-wystawa\/\",\r\n                \"price\": \"\",\r\n                \"priceCurrency\": \"PLN\",\r\n                \"availability\": \"https:\/\/schema.org\/InStock\",\r\n                \"validFrom\": \"2026-05-04T00:00\"\r\n            },\r\n            \"performer\": \"\",\r\n            \"description\": \"&lt;p style=&quot;text-align: center&quot;&gt;Serdecznie zapraszamy na wystaw\u0119 upami\u0119tniaj\u0105c\u0105 235. rocznic\u0119 uchwalenia Konstytucji 3 Maja 1791 r. \u2013 dokumentu, kt\u00f3ry zni\u00f3s\u0142 liberum veto, wprowadzi\u0142 dziedziczn\u0105 sukcesj\u0119 oraz wyra\u017any podzia\u0142 w\u0142adz, staj\u0105c si\u0119 wzorem nowoczesnej konstytucji europejskiej.&lt;\/p&gt; &lt;p style=&quot;text-align: center&quot;&gt;Wystawa w Czytelni Naukowej nr XVI, pl. Inwalid\u00f3w 3 b\u0119dzie dost\u0119pna w godzinach otwarcia plac\u00f3wki.&lt;\/p&gt; &lt;p style=&quot;text-align: center&quot;&gt;Materia\u0142y wystawowe udost\u0119pnione przez Pedagogiczn\u0105 Bibliotek\u0119 Wojew\u00f3dzk\u0105 im. KEN w Warszawie.&lt;\/p&gt; \",\r\n            \"image\": \"https:\/\/bpzoliborz.pl\/bpzoliborz\/wp-content\/uploads\/2026\/04\/wydarzenia-konstytucja.png\",\r\n            \"name\": \"Konstytucja 3 Maja 1791 &#8211; wystawa\",\r\n            \"url\": \"https:\/\/bpzoliborz.pl\/bpzoliborz\/index.php\/events\/konstytucja-3-maja-1791-wystawa\/?occurrence=2026-05-04\"\r\n        }\r\n        <\/script>\r\n        <article class=\" mec-event-article mec-clear  \" itemscope>                    <div class=\"event-grid-t2-head mec-bg-color clearfix\">\r\n                                    <div class=\"mec-event-month\"><span class=\"mec-start-date-label\" itemprop=\"startDate\">04 - 30 maj<\/span><\/div>\r\n                                                                                            <div class=\"mec-event-detail\">\r\n                    <div class=\"mec-event-loc-place\">Czytelnia Naukowa nr XVI<\/div>\r\n                                                                            <\/div>\r\n            <\/div>\r\n            <div class=\"mec-event-image\"><a   data-event-id=\"32203\" href=\"https:\/\/bpzoliborz.pl\/bpzoliborz\/index.php\/events\/konstytucja-3-maja-1791-wystawa\/?occurrence=2026-05-04\" target=\"_self\" rel=\"noopener\"><img width=\"1080\" height=\"675\" src=\"https:\/\/bpzoliborz.pl\/bpzoliborz\/wp-content\/uploads\/2026\/04\/wydarzenia-konstytucja.png\" class=\"attachment-medium size-medium wp-post-image\" alt=\"\" loading=\"lazy\" data-mec-postid=\"32203\" srcset=\"https:\/\/bpzoliborz.pl\/bpzoliborz\/wp-content\/uploads\/2026\/04\/wydarzenia-konstytucja.png 1080w, https:\/\/bpzoliborz.pl\/bpzoliborz\/wp-content\/uploads\/2026\/04\/wydarzenia-konstytucja-768x480.png 768w\" sizes=\"(max-width: 1080px) 100vw, 1080px\" \/><\/a><\/div>\r\n            <div class=\"mec-event-content\">\r\n                                                                <h4 class=\"mec-event-title\"><a class=\"mec-color-hover\"  data-event-id=\"32203\" href=\"https:\/\/bpzoliborz.pl\/bpzoliborz\/index.php\/events\/konstytucja-3-maja-1791-wystawa\/?occurrence=2026-05-04\" target=\"_self\" rel=\"noopener\">Konstytucja 3 Maja 1791 &#8211; wystawa<\/a><span class=\"event-color\" style=\"background: #\"><\/span><\/h4>\r\n                <p class=\"mec-grid-event-location\">pl. Inwalid\u00f3w 3<\/p>\r\n            <\/div>\r\n            <div class=\"mec-event-footer mec-color\">\r\n                                <ul class=\"mec-event-sharing-wrap\">\r\n                    <li class=\"mec-event-share\">\r\n                        <a href=\"#\" class=\"mec-event-share-icon\">\r\n                            <i class=\"mec-sl-share\" title=\"Share\"><\/i>\r\n                        <\/a>\r\n                    <\/li>\r\n                    <li>\r\n                        <ul class=\"mec-event-sharing\">\r\n                            <li class=\"mec-event-social-icon\"><a class=\"facebook\" href=\"https:\/\/www.facebook.com\/sharer\/sharer.php?u=https%3A%2F%2Fbpzoliborz.pl%2Fbpzoliborz%2Findex.php%2Fevents%2Fkonstytucja-3-maja-1791-wystawa%2F\" onclick=\"javascript:window.open(this.href, '', 'menubar=no,toolbar=no,resizable=yes,scrollbars=yes,height=500,width=600'); return false;\" title=\"Udost\u0119pnij na Facebooku\"><i class=\"mec-fa-facebook\"><\/i><\/a><\/li><li class=\"mec-event-social-icon\"><a class=\"twitter\" href=\"https:\/\/twitter.com\/share?url=https%3A%2F%2Fbpzoliborz.pl%2Fbpzoliborz%2Findex.php%2Fevents%2Fkonstytucja-3-maja-1791-wystawa%2F\" onclick=\"javascript:window.open(this.href, '', 'menubar=no,toolbar=no,resizable=yes,scrollbars=yes,height=600,width=500'); return false;\" target=\"_blank\" title=\"Tweetuj\"><i class=\"mec-fa-twitter\"><\/i><\/a><\/li><li class=\"mec-event-social-icon\"><a class=\"email\" href=\"mailto:?subject=Konstytucja 3 Maja 1791 - wystawa&body=https%3A%2F%2Fbpzoliborz.pl%2Fbpzoliborz%2Findex.php%2Fevents%2Fkonstytucja-3-maja-1791-wystawa%2F\" title=\"Email\"><i class=\"mec-fa-envelope\"><\/i><\/a><\/li>                        <\/ul>\r\n                    <\/li>\r\n                <\/ul>\r\n                                                                <a class=\"mec-booking-button\"  data-event-id=\"32203\" href=\"https:\/\/bpzoliborz.pl\/bpzoliborz\/index.php\/events\/konstytucja-3-maja-1791-wystawa\/?occurrence=2026-05-04\" target=\"_self\" rel=\"noopener\">Poka\u017c szczeg\u00f3\u0142y<\/a>            <\/div>\r\n        <\/article><\/div><\/div>                <div class=\"row\"><div class=\"col-md-12 col-sm-12\">        <script type=\"application\/ld+json\">\r\n        {\r\n            \"@context\": \"http:\/\/schema.org\",\r\n            \"@type\": \"Event\",\r\n            \"eventStatus\": \"https:\/\/schema.org\/EventScheduled\",\r\n            \"startDate\": \"2026-05-07\",\r\n            \"endDate\": \"2026-05-07\",\r\n            \"eventAttendanceMode\": \"https:\/\/schema.org\/OfflineEventAttendanceMode\",\r\n            \"location\":\r\n            {\r\n                \"@type\": \"Place\",\r\n                                \"name\": \"Biblioteka dla Dzieci nr XV\",\r\n                \"image\": \"http:\/\/bpzoliborz.pl\/bpzoliborz\/wp-content\/uploads\/2020\/07\/broniewskiego.jpg\",\r\n                \"address\": \"ul. Broniewskiego 9a\"\r\n                            },\r\n            \"organizer\":\r\n            {\r\n                \"@type\": \"Person\",\r\n                \"name\": \"Biblioteka dla Dzieci nr XV\",\r\n                \"url\": \"http:\/\/bpzoliborz.pl\/bpzoliborz\/index.php\/biblioteka-dla-dzieci-nr-xv\/\"\r\n            },\r\n            \"offers\":\r\n            {\r\n                \"url\": \"https:\/\/bpzoliborz.pl\/bpzoliborz\/index.php\/events\/bezplatne-konsultacje-z-psychologami-dla-rodzicow\/\",\r\n                \"price\": \"\",\r\n                \"priceCurrency\": \"PLN\",\r\n                \"availability\": \"https:\/\/schema.org\/InStock\",\r\n                \"validFrom\": \"2026-05-07T00:00\"\r\n            },\r\n            \"performer\": \"\",\r\n            \"description\": \"&lt;div class=&quot;xdj266r x14z9mp xat24cr x1lziwak x1vvkbs x126k92a&quot;&gt; &lt;div dir=&quot;auto&quot;&gt;Zapraszamy rodzic\u00f3w dzieci \u017c\u0142obkowo-przedszkolnych na bezp\u0142atne konsultacje z psychologami z Sotisu w Bibliotece przy ul. Broniewskiego 9a w Warszawie.&lt;\/div&gt; &lt;div dir=&quot;auto&quot;&gt;Jeszcze s\u0105 wolne miejsca.&lt;\/div&gt; &lt;\/div&gt; &lt;div class=&quot;x14z9mp xat24cr x1lziwak x1vvkbs xtlvy1s x126k92a&quot;&gt; &lt;div dir=&quot;auto&quot;&gt;Spotkanie b\u0119dzie dotyczy\u0107 m.in. pierwszych oznak autyzmu i ADHD, rozwoju emocjonalnego i spo\u0142ecznego, trudno\u015bci w komunikacji, relacjach r\u00f3wie\u015bniczych oraz codziennych wyzwaniach wychowawczych.&lt;\/div&gt; &lt;\/div&gt; &lt;div class=&quot;x14z9mp xat24cr x1lziwak x1vvkbs xtlvy1s x126k92a&quot;&gt; &lt;div dir=&quot;auto&quot;&gt;Konsultacje prowadzone b\u0119d\u0105 w kameralnej atmosferze, z mo\u017cliwo\u015bci\u0105 zadawania pyta\u0144 i om\u00f3wienia indywidualnych potrzeb dziecka.&lt;\/div&gt; &lt;div dir=&quot;auto&quot;&gt;&lt;\/div&gt; &lt;\/div&gt; &lt;div class=&quot;x14z9mp xat24cr x1lziwak x1vvkbs xtlvy1s x126k92a&quot;&gt; &lt;div dir=&quot;auto&quot;&gt;7 maja (czwartek)&lt;\/div&gt; &lt;div dir=&quot;auto&quot;&gt;Godzina 16:30&lt;\/div&gt; &lt;div dir=&quot;auto&quot;&gt;Biblioteka dla Dzieci i M\u0142odzie\u017cy nr XV, ul. Broniewskiego 9a&lt;\/div&gt; &lt;div dir=&quot;auto&quot;&gt;Zapisy: 22 633-90-80&lt;\/div&gt; &lt;\/div&gt; \",\r\n            \"image\": \"https:\/\/bpzoliborz.pl\/bpzoliborz\/wp-content\/uploads\/2026\/04\/obrazek-wyrozniajacy-na-strone-Broniewskiego-10.png\",\r\n            \"name\": \"Bezp\u0142atne Konsultacje z psychologami dla rodzic\u00f3w\",\r\n            \"url\": \"https:\/\/bpzoliborz.pl\/bpzoliborz\/index.php\/events\/bezplatne-konsultacje-z-psychologami-dla-rodzicow\/?occurrence=2026-05-07\"\r\n        }\r\n        <\/script>\r\n        <article class=\" mec-event-article mec-clear  \" itemscope>                    <div class=\"event-grid-t2-head mec-bg-color clearfix\">\r\n                                    <div class=\"mec-event-month\"><span class=\"mec-start-date-label\" itemprop=\"startDate\">07 maja<\/span><\/div>\r\n                                                                                            <div class=\"mec-event-detail\">\r\n                    <div class=\"mec-event-loc-place\">Biblioteka dla Dzieci nr XV<\/div>\r\n                                                                            <\/div>\r\n            <\/div>\r\n            <div class=\"mec-event-image\"><a   data-event-id=\"32196\" href=\"https:\/\/bpzoliborz.pl\/bpzoliborz\/index.php\/events\/bezplatne-konsultacje-z-psychologami-dla-rodzicow\/?occurrence=2026-05-07\" target=\"_self\" rel=\"noopener\"><img width=\"1080\" height=\"675\" src=\"https:\/\/bpzoliborz.pl\/bpzoliborz\/wp-content\/uploads\/2026\/04\/obrazek-wyrozniajacy-na-strone-Broniewskiego-10.png\" class=\"attachment-medium size-medium wp-post-image\" alt=\"Plakat informuj\u0105cy o konsultacjach z psychologami dla rodzic\u00f3w w Bibliotece dla Dzieci i M\u0142odzie\u017cy nr XV. Po lewej granatowe t\u0142o z napisem: \u201eKonsultacje z psychologami dla rodzic\u00f3w, 7 maja, 16:30\u201d. Po prawej zdj\u0119cie u\u015bmiechni\u0119tej kobiety i dziewczynki z plecakiem, trzymaj\u0105cej ksi\u0105\u017ck\u0119 i jab\u0142ko.\" loading=\"lazy\" data-mec-postid=\"32196\" srcset=\"https:\/\/bpzoliborz.pl\/bpzoliborz\/wp-content\/uploads\/2026\/04\/obrazek-wyrozniajacy-na-strone-Broniewskiego-10.png 1080w, https:\/\/bpzoliborz.pl\/bpzoliborz\/wp-content\/uploads\/2026\/04\/obrazek-wyrozniajacy-na-strone-Broniewskiego-10-768x480.png 768w\" sizes=\"(max-width: 1080px) 100vw, 1080px\" \/><\/a><\/div>\r\n            <div class=\"mec-event-content\">\r\n                                                                <h4 class=\"mec-event-title\"><a class=\"mec-color-hover\"  data-event-id=\"32196\" href=\"https:\/\/bpzoliborz.pl\/bpzoliborz\/index.php\/events\/bezplatne-konsultacje-z-psychologami-dla-rodzicow\/?occurrence=2026-05-07\" target=\"_self\" rel=\"noopener\">Bezp\u0142atne Konsultacje z psychologami dla rodzic\u00f3w<\/a><span class=\"event-color\" style=\"background: #02b5cd\"><\/span><\/h4>\r\n                <p class=\"mec-grid-event-location\">ul. Broniewskiego 9a<\/p>\r\n            <\/div>\r\n            <div class=\"mec-event-footer mec-color\">\r\n                                <ul class=\"mec-event-sharing-wrap\">\r\n                    <li class=\"mec-event-share\">\r\n                        <a href=\"#\" class=\"mec-event-share-icon\">\r\n                            <i class=\"mec-sl-share\" title=\"Share\"><\/i>\r\n                        <\/a>\r\n                    <\/li>\r\n                    <li>\r\n                        <ul class=\"mec-event-sharing\">\r\n                            <li class=\"mec-event-social-icon\"><a class=\"facebook\" href=\"https:\/\/www.facebook.com\/sharer\/sharer.php?u=https%3A%2F%2Fbpzoliborz.pl%2Fbpzoliborz%2Findex.php%2Fevents%2Fbezplatne-konsultacje-z-psychologami-dla-rodzicow%2F\" onclick=\"javascript:window.open(this.href, '', 'menubar=no,toolbar=no,resizable=yes,scrollbars=yes,height=500,width=600'); return false;\" title=\"Udost\u0119pnij na Facebooku\"><i class=\"mec-fa-facebook\"><\/i><\/a><\/li><li class=\"mec-event-social-icon\"><a class=\"twitter\" href=\"https:\/\/twitter.com\/share?url=https%3A%2F%2Fbpzoliborz.pl%2Fbpzoliborz%2Findex.php%2Fevents%2Fbezplatne-konsultacje-z-psychologami-dla-rodzicow%2F\" onclick=\"javascript:window.open(this.href, '', 'menubar=no,toolbar=no,resizable=yes,scrollbars=yes,height=600,width=500'); return false;\" target=\"_blank\" title=\"Tweetuj\"><i class=\"mec-fa-twitter\"><\/i><\/a><\/li><li class=\"mec-event-social-icon\"><a class=\"email\" href=\"mailto:?subject=Bezp\u0142atne Konsultacje z psychologami dla rodzic\u00f3w&body=https%3A%2F%2Fbpzoliborz.pl%2Fbpzoliborz%2Findex.php%2Fevents%2Fbezplatne-konsultacje-z-psychologami-dla-rodzicow%2F\" title=\"Email\"><i class=\"mec-fa-envelope\"><\/i><\/a><\/li>                        <\/ul>\r\n                    <\/li>\r\n                <\/ul>\r\n                                                                <a class=\"mec-booking-button\"  data-event-id=\"32196\" href=\"https:\/\/bpzoliborz.pl\/bpzoliborz\/index.php\/events\/bezplatne-konsultacje-z-psychologami-dla-rodzicow\/?occurrence=2026-05-07\" target=\"_self\" rel=\"noopener\">Poka\u017c szczeg\u00f3\u0142y<\/a>            <\/div>\r\n        <\/article><\/div><\/div>                <div class=\"row\"><div class=\"col-md-12 col-sm-12\">        <script type=\"application\/ld+json\">\r\n        {\r\n            \"@context\": \"http:\/\/schema.org\",\r\n            \"@type\": \"Event\",\r\n            \"eventStatus\": \"https:\/\/schema.org\/EventScheduled\",\r\n            \"startDate\": \"2026-05-11\",\r\n            \"endDate\": \"2026-05-15\",\r\n            \"eventAttendanceMode\": \"https:\/\/schema.org\/OfflineEventAttendanceMode\",\r\n            \"location\":\r\n            {\r\n                \"@type\": \"Place\",\r\n                                \"name\": \"Wypo\u017cyczalnia nr 138\",\r\n                \"image\": \"http:\/\/bpzoliborz.pl\/bpzoliborz\/wp-content\/uploads\/2020\/07\/broniewskiego.jpg\",\r\n                \"address\": \"ul. Broniewskiego 9a\"\r\n                            },\r\n            \"organizer\":\r\n            {\r\n                \"@type\": \"Person\",\r\n                \"name\": \"Wypo\u017cyczalnia nr 138\",\r\n                \"url\": \"http:\/\/bpzoliborz.pl\/bpzoliborz\/index.php\/wypozyczalnia-nr-138\/\"\r\n            },\r\n            \"offers\":\r\n            {\r\n                \"url\": \"https:\/\/bpzoliborz.pl\/bpzoliborz\/index.php\/events\/tydzien-bibliotek-quiz-o-zoliborskiej-bibliotece\/\",\r\n                \"price\": \"\",\r\n                \"priceCurrency\": \"PLN\",\r\n                \"availability\": \"https:\/\/schema.org\/InStock\",\r\n                \"validFrom\": \"2026-05-11T00:00\"\r\n            },\r\n            \"performer\": \"\",\r\n            \"description\": \"    Quiz wiedzy nt. \u017coliborskich bibliotek. Pytania z zakresu historii oraz wsp\u00f3\u0142czesnej dzia\u0142alno\u015bci. Serdecznie zapraszamy do udzia\u0142u.         &lt;strong&gt;Data:&lt;\/strong&gt;         &lt;strong&gt;11, 12, 13, 14, 15 maja&lt;\/strong&gt; w godzinach otwarcia biblioteki.  Poniedzia\u0142ek 11:30 &#8211; 19:00  Wtorek 11:30 &#8211; 19:00  \u015aroda 8:30 &#8211; 16:00  Czwartek 12:00 &#8211; 16:00  Pi\u0105tek 11:30 &#8211; 19:00         Wydarzenie organizowane w ramach Tygodnia Bibliotek.    \",\r\n            \"image\": \"https:\/\/bpzoliborz.pl\/bpzoliborz\/wp-content\/uploads\/2026\/04\/Tydzien-Bibliotek-strona-internetowa-szablon-dla-wszystkich-5.png\",\r\n            \"name\": \"Tydzie\u0144 Bibliotek &#8211; Quiz o \u017coliborskiej bibliotece\",\r\n            \"url\": \"https:\/\/bpzoliborz.pl\/bpzoliborz\/index.php\/events\/tydzien-bibliotek-quiz-o-zoliborskiej-bibliotece\/?occurrence=2026-05-11\"\r\n        }\r\n        <\/script>\r\n        <article class=\" mec-event-article mec-clear  \" itemscope>                    <div class=\"event-grid-t2-head mec-bg-color clearfix\">\r\n                                    <div class=\"mec-event-month\"><span class=\"mec-start-date-label\" itemprop=\"startDate\">11 - 15 maj<\/span><\/div>\r\n                                                                                            <div class=\"mec-event-detail\">\r\n                    <div class=\"mec-event-loc-place\">Wypo\u017cyczalnia nr 138<\/div>\r\n                                                                            <\/div>\r\n            <\/div>\r\n            <div class=\"mec-event-image\"><a   data-event-id=\"32174\" href=\"https:\/\/bpzoliborz.pl\/bpzoliborz\/index.php\/events\/tydzien-bibliotek-quiz-o-zoliborskiej-bibliotece\/?occurrence=2026-05-11\" target=\"_self\" rel=\"noopener\"><img width=\"1080\" height=\"675\" src=\"https:\/\/bpzoliborz.pl\/bpzoliborz\/wp-content\/uploads\/2026\/04\/Tydzien-Bibliotek-strona-internetowa-szablon-dla-wszystkich-5.png\" class=\"attachment-medium size-medium wp-post-image\" alt=\"Plakat informacyjny Og\u00f3lnopolskiego Tygodnia Bibliotek. Zdj\u0119cie wn\u0119trza biblioteki z rega\u0142ami pe\u0142nymi ksi\u0105\u017cek. Informacja o wydarzeniu: Quiz o \u017coliborskiej bibliotece, Wypo\u017cyczalnia nr 138, ul. Broniewskiego 9A. Daty: 11\u201315 maja, w godzinach otwarcia biblioteki\" loading=\"lazy\" data-mec-postid=\"32174\" srcset=\"https:\/\/bpzoliborz.pl\/bpzoliborz\/wp-content\/uploads\/2026\/04\/Tydzien-Bibliotek-strona-internetowa-szablon-dla-wszystkich-5.png 1080w, https:\/\/bpzoliborz.pl\/bpzoliborz\/wp-content\/uploads\/2026\/04\/Tydzien-Bibliotek-strona-internetowa-szablon-dla-wszystkich-5-768x480.png 768w\" sizes=\"(max-width: 1080px) 100vw, 1080px\" \/><\/a><\/div>\r\n            <div class=\"mec-event-content\">\r\n                                                                <h4 class=\"mec-event-title\"><a class=\"mec-color-hover\"  data-event-id=\"32174\" href=\"https:\/\/bpzoliborz.pl\/bpzoliborz\/index.php\/events\/tydzien-bibliotek-quiz-o-zoliborskiej-bibliotece\/?occurrence=2026-05-11\" target=\"_self\" rel=\"noopener\">Tydzie\u0144 Bibliotek &#8211; Quiz o \u017coliborskiej bibliotece<\/a><span class=\"event-color\" style=\"background: #b61784\"><\/span><\/h4>\r\n                <p class=\"mec-grid-event-location\">ul. Broniewskiego 9a<\/p>\r\n            <\/div>\r\n            <div class=\"mec-event-footer mec-color\">\r\n                                <ul class=\"mec-event-sharing-wrap\">\r\n                    <li class=\"mec-event-share\">\r\n                        <a href=\"#\" class=\"mec-event-share-icon\">\r\n                            <i class=\"mec-sl-share\" title=\"Share\"><\/i>\r\n                        <\/a>\r\n                    <\/li>\r\n                    <li>\r\n                        <ul class=\"mec-event-sharing\">\r\n                            <li class=\"mec-event-social-icon\"><a class=\"facebook\" href=\"https:\/\/www.facebook.com\/sharer\/sharer.php?u=https%3A%2F%2Fbpzoliborz.pl%2Fbpzoliborz%2Findex.php%2Fevents%2Ftydzien-bibliotek-quiz-o-zoliborskiej-bibliotece%2F\" onclick=\"javascript:window.open(this.href, '', 'menubar=no,toolbar=no,resizable=yes,scrollbars=yes,height=500,width=600'); return false;\" title=\"Udost\u0119pnij na Facebooku\"><i class=\"mec-fa-facebook\"><\/i><\/a><\/li><li class=\"mec-event-social-icon\"><a class=\"twitter\" href=\"https:\/\/twitter.com\/share?url=https%3A%2F%2Fbpzoliborz.pl%2Fbpzoliborz%2Findex.php%2Fevents%2Ftydzien-bibliotek-quiz-o-zoliborskiej-bibliotece%2F\" onclick=\"javascript:window.open(this.href, '', 'menubar=no,toolbar=no,resizable=yes,scrollbars=yes,height=600,width=500'); return false;\" target=\"_blank\" title=\"Tweetuj\"><i class=\"mec-fa-twitter\"><\/i><\/a><\/li><li class=\"mec-event-social-icon\"><a class=\"email\" href=\"mailto:?subject=Tydzie\u0144 Bibliotek - Quiz o \u017coliborskiej bibliotece&body=https%3A%2F%2Fbpzoliborz.pl%2Fbpzoliborz%2Findex.php%2Fevents%2Ftydzien-bibliotek-quiz-o-zoliborskiej-bibliotece%2F\" title=\"Email\"><i class=\"mec-fa-envelope\"><\/i><\/a><\/li>                        <\/ul>\r\n                    <\/li>\r\n                <\/ul>\r\n                                                                <a class=\"mec-booking-button\"  data-event-id=\"32174\" href=\"https:\/\/bpzoliborz.pl\/bpzoliborz\/index.php\/events\/tydzien-bibliotek-quiz-o-zoliborskiej-bibliotece\/?occurrence=2026-05-11\" target=\"_self\" rel=\"noopener\">Poka\u017c szczeg\u00f3\u0142y<\/a>            <\/div>\r\n        <\/article><\/div><\/div>        <div class=\"row\"><div class=\"col-md-12 col-sm-12\">        <script type=\"application\/ld+json\">\r\n        {\r\n            \"@context\": \"http:\/\/schema.org\",\r\n            \"@type\": \"Event\",\r\n            \"eventStatus\": \"https:\/\/schema.org\/EventScheduled\",\r\n            \"startDate\": \"2026-05-11\",\r\n            \"endDate\": \"2026-05-15\",\r\n            \"eventAttendanceMode\": \"https:\/\/schema.org\/OfflineEventAttendanceMode\",\r\n            \"location\":\r\n            {\r\n                \"@type\": \"Place\",\r\n                                \"name\": \"Biblioteka dla Dzieci nr XV\",\r\n                \"image\": \"http:\/\/bpzoliborz.pl\/bpzoliborz\/wp-content\/uploads\/2020\/07\/broniewskiego.jpg\",\r\n                \"address\": \"ul. Broniewskiego 9a\"\r\n                            },\r\n            \"organizer\":\r\n            {\r\n                \"@type\": \"Person\",\r\n                \"name\": \"Biblioteka dla Dzieci nr XV\",\r\n                \"url\": \"http:\/\/bpzoliborz.pl\/bpzoliborz\/index.php\/biblioteka-dla-dzieci-nr-xv\/\"\r\n            },\r\n            \"offers\":\r\n            {\r\n                \"url\": \"https:\/\/bpzoliborz.pl\/bpzoliborz\/index.php\/events\/tydzien-bibliotek-quiz-o-zoliborskiej-bibliotece-239\/\",\r\n                \"price\": \"\",\r\n                \"priceCurrency\": \"PLN\",\r\n                \"availability\": \"https:\/\/schema.org\/InStock\",\r\n                \"validFrom\": \"2026-05-11T00:00\"\r\n            },\r\n            \"performer\": \"\",\r\n            \"description\": \"  &lt;p&gt;Quiz wiedzy nt. \u017coliborskich bibliotek. Pytania z zakresu historii oraz wsp\u00f3\u0142czesnej dzia\u0142alno\u015bci. Serdecznie zapraszamy do udzia\u0142u.&lt;\/p&gt;        &lt;p&gt;&lt;strong&gt;Data:  &lt;\/strong&gt;&lt;strong&gt;11, 12, 13, 14, 15 maja&lt;\/strong&gt; w godzinach otwarcia biblioteki. &lt;br \/&gt;Poniedzia\u0142ek 11:30 &#8211; 19:00 &lt;br \/&gt;Wtorek 11:30 &#8211; 19:00 &lt;br \/&gt;\u015aroda 8:30 &#8211; 16:00 &lt;br \/&gt;Czwartek 12:00 &#8211; 16:00 &lt;br \/&gt;Pi\u0105tek 11:30 &#8211; 19:00&lt;\/p&gt;            &lt;p&gt;Wydarzenie organizowane w ramach Tygodnia Bibliotek.&lt;\/p&gt;  \",\r\n            \"image\": \"https:\/\/bpzoliborz.pl\/bpzoliborz\/wp-content\/uploads\/2026\/04\/Tydzien-Bibliotek-strona-internetowa-szablon-dla-wszystkich-6.png\",\r\n            \"name\": \"Tydzie\u0144 Bibliotek &#8211; Quiz o \u017coliborskiej bibliotece\",\r\n            \"url\": \"https:\/\/bpzoliborz.pl\/bpzoliborz\/index.php\/events\/tydzien-bibliotek-quiz-o-zoliborskiej-bibliotece-239\/?occurrence=2026-05-11\"\r\n        }\r\n        <\/script>\r\n        <article class=\" mec-event-article mec-clear  \" itemscope>                    <div class=\"event-grid-t2-head mec-bg-color clearfix\">\r\n                                    <div class=\"mec-event-month\"><span class=\"mec-start-date-label\" itemprop=\"startDate\">11 - 15 maj<\/span><\/div>\r\n                                                                                            <div class=\"mec-event-detail\">\r\n                    <div class=\"mec-event-loc-place\">Biblioteka dla Dzieci nr XV<\/div>\r\n                                                                            <\/div>\r\n            <\/div>\r\n            <div class=\"mec-event-image\"><a   data-event-id=\"32178\" href=\"https:\/\/bpzoliborz.pl\/bpzoliborz\/index.php\/events\/tydzien-bibliotek-quiz-o-zoliborskiej-bibliotece-239\/?occurrence=2026-05-11\" target=\"_self\" rel=\"noopener\"><img width=\"1080\" height=\"675\" src=\"https:\/\/bpzoliborz.pl\/bpzoliborz\/wp-content\/uploads\/2026\/04\/Tydzien-Bibliotek-strona-internetowa-szablon-dla-wszystkich-6.png\" class=\"attachment-medium size-medium wp-post-image\" alt=\"Plakat informacyjny Og\u00f3lnopolskiego Tygodnia Bibliotek. Zdj\u0119cie wn\u0119trza biblioteki dla dzieci z rega\u0142ami ksi\u0105\u017cek i stolikiem do zabawy. Informacja o wydarzeniu: Quiz o \u017coliborskiej bibliotece, Biblioteka dla Dzieci nr XV, ul. Broniewskiego 9A. Daty: 11\u201315 maja, w godzinach otwarcia biblioteki.\" loading=\"lazy\" data-mec-postid=\"32178\" srcset=\"https:\/\/bpzoliborz.pl\/bpzoliborz\/wp-content\/uploads\/2026\/04\/Tydzien-Bibliotek-strona-internetowa-szablon-dla-wszystkich-6.png 1080w, https:\/\/bpzoliborz.pl\/bpzoliborz\/wp-content\/uploads\/2026\/04\/Tydzien-Bibliotek-strona-internetowa-szablon-dla-wszystkich-6-768x480.png 768w\" sizes=\"(max-width: 1080px) 100vw, 1080px\" \/><\/a><\/div>\r\n            <div class=\"mec-event-content\">\r\n                                                                <h4 class=\"mec-event-title\"><a class=\"mec-color-hover\"  data-event-id=\"32178\" href=\"https:\/\/bpzoliborz.pl\/bpzoliborz\/index.php\/events\/tydzien-bibliotek-quiz-o-zoliborskiej-bibliotece-239\/?occurrence=2026-05-11\" target=\"_self\" rel=\"noopener\">Tydzie\u0144 Bibliotek &#8211; Quiz o \u017coliborskiej bibliotece<\/a><span class=\"event-color\" style=\"background: #02b5cd\"><\/span><\/h4>\r\n                <p class=\"mec-grid-event-location\">ul. Broniewskiego 9a<\/p>\r\n            <\/div>\r\n            <div class=\"mec-event-footer mec-color\">\r\n                                <ul class=\"mec-event-sharing-wrap\">\r\n                    <li class=\"mec-event-share\">\r\n                        <a href=\"#\" class=\"mec-event-share-icon\">\r\n                            <i class=\"mec-sl-share\" title=\"Share\"><\/i>\r\n                        <\/a>\r\n                    <\/li>\r\n                    <li>\r\n                        <ul class=\"mec-event-sharing\">\r\n                            <li class=\"mec-event-social-icon\"><a class=\"facebook\" href=\"https:\/\/www.facebook.com\/sharer\/sharer.php?u=https%3A%2F%2Fbpzoliborz.pl%2Fbpzoliborz%2Findex.php%2Fevents%2Ftydzien-bibliotek-quiz-o-zoliborskiej-bibliotece-239%2F\" onclick=\"javascript:window.open(this.href, '', 'menubar=no,toolbar=no,resizable=yes,scrollbars=yes,height=500,width=600'); return false;\" title=\"Udost\u0119pnij na Facebooku\"><i class=\"mec-fa-facebook\"><\/i><\/a><\/li><li class=\"mec-event-social-icon\"><a class=\"twitter\" href=\"https:\/\/twitter.com\/share?url=https%3A%2F%2Fbpzoliborz.pl%2Fbpzoliborz%2Findex.php%2Fevents%2Ftydzien-bibliotek-quiz-o-zoliborskiej-bibliotece-239%2F\" onclick=\"javascript:window.open(this.href, '', 'menubar=no,toolbar=no,resizable=yes,scrollbars=yes,height=600,width=500'); return false;\" target=\"_blank\" title=\"Tweetuj\"><i class=\"mec-fa-twitter\"><\/i><\/a><\/li><li class=\"mec-event-social-icon\"><a class=\"email\" href=\"mailto:?subject=Tydzie\u0144 Bibliotek - Quiz o \u017coliborskiej bibliotece&body=https%3A%2F%2Fbpzoliborz.pl%2Fbpzoliborz%2Findex.php%2Fevents%2Ftydzien-bibliotek-quiz-o-zoliborskiej-bibliotece-239%2F\" title=\"Email\"><i class=\"mec-fa-envelope\"><\/i><\/a><\/li>                        <\/ul>\r\n                    <\/li>\r\n                <\/ul>\r\n                                                                <a class=\"mec-booking-button\"  data-event-id=\"32178\" href=\"https:\/\/bpzoliborz.pl\/bpzoliborz\/index.php\/events\/tydzien-bibliotek-quiz-o-zoliborskiej-bibliotece-239\/?occurrence=2026-05-11\" target=\"_self\" rel=\"noopener\">Poka\u017c szczeg\u00f3\u0142y<\/a>            <\/div>\r\n        <\/article><\/div><\/div>                <div class=\"row\"><div class=\"col-md-12 col-sm-12\">        <script type=\"application\/ld+json\">\r\n        {\r\n            \"@context\": \"http:\/\/schema.org\",\r\n            \"@type\": \"Event\",\r\n            \"eventStatus\": \"https:\/\/schema.org\/EventScheduled\",\r\n            \"startDate\": \"2026-05-12\",\r\n            \"endDate\": \"2026-05-12\",\r\n            \"eventAttendanceMode\": \"https:\/\/schema.org\/OfflineEventAttendanceMode\",\r\n            \"location\":\r\n            {\r\n                \"@type\": \"Place\",\r\n                                \"name\": \"Biblioteka dla Dzieci nr XV\",\r\n                \"image\": \"http:\/\/bpzoliborz.pl\/bpzoliborz\/wp-content\/uploads\/2020\/07\/broniewskiego.jpg\",\r\n                \"address\": \"ul. Broniewskiego 9a\"\r\n                            },\r\n            \"organizer\":\r\n            {\r\n                \"@type\": \"Person\",\r\n                \"name\": \"Biblioteka dla Dzieci nr XV\",\r\n                \"url\": \"http:\/\/bpzoliborz.pl\/bpzoliborz\/index.php\/biblioteka-dla-dzieci-nr-xv\/\"\r\n            },\r\n            \"offers\":\r\n            {\r\n                \"url\": \"https:\/\/bpzoliborz.pl\/bpzoliborz\/index.php\/events\/kartki-dla-dziadkow-warsztaty-plastyczne-372-869-328-636\/\",\r\n                \"price\": \"\",\r\n                \"priceCurrency\": \"PLN\",\r\n                \"availability\": \"https:\/\/schema.org\/InStock\",\r\n                \"validFrom\": \"2026-05-12T00:00\"\r\n            },\r\n            \"performer\": \"\",\r\n            \"description\": \"&lt;p style=&quot;text-align: center&quot; data-start=&quot;76&quot; data-end=&quot;354&quot;&gt;Warsztaty plastyczne dla dzieci i doros\u0142ych, podczas kt\u00f3rych uczestnicy wykonaj\u0105 papierowe zak\u0142adki do ksi\u0105\u017cek.&lt;\/p&gt; &lt;p style=&quot;text-align: center&quot;&gt;&lt;strong&gt;KIEDY:&lt;\/strong&gt;&lt;\/p&gt; &lt;p style=&quot;text-align: center&quot;&gt;&lt;strong&gt;12 maja&lt;\/strong&gt; (wtorek) i &lt;strong&gt;15 maja&lt;\/strong&gt; (pi\u0105tek)&lt;\/p&gt; &lt;p style=&quot;text-align: center&quot;&gt;17.00-19.00&lt;\/p&gt; &lt;p style=&quot;text-align: center&quot;&gt;&lt;strong&gt;GDZIE: &lt;\/strong&gt;Biblioteka dla Dzieci i M\u0142odzie\u017cy nr XV,&lt;br \/&gt; &lt;span class=&quot;a_GcMg font-feature-liga-off font-feature-clig-off font-feature-calt-off text-decoration-none text-strikethrough-none&quot;&gt;ul. Broniewskiego 9a&lt;\/span&gt;&lt;\/p&gt; &lt;p style=&quot;text-align: center&quot;&gt;Zapisy pod numerem telefonu 22 633-90-80&lt;\/p&gt; \",\r\n            \"image\": \"https:\/\/bpzoliborz.pl\/bpzoliborz\/wp-content\/uploads\/2026\/04\/Tydzien-Bibliotek-strona-internetowa-szablon-dla-wszystkich-1.png\",\r\n            \"name\": \"Tydzie\u0144 bibliotek &#8211; Ksi\u0105\u017ckowe wycinanki \u2013 zak\u0142adki do ksi\u0105\u017cek\",\r\n            \"url\": \"https:\/\/bpzoliborz.pl\/bpzoliborz\/index.php\/events\/kartki-dla-dziadkow-warsztaty-plastyczne-372-869-328-636\/?occurrence=2026-05-12&time=1778605200\"\r\n        }\r\n        <\/script>\r\n        <article class=\" mec-event-article mec-clear  \" itemscope>                    <div class=\"event-grid-t2-head mec-bg-color clearfix\">\r\n                                    <div class=\"mec-event-month\"><span class=\"mec-start-date-label\" itemprop=\"startDate\">12 maja<\/span><\/div>\r\n                                                                                            <div class=\"mec-event-detail\">\r\n                    <div class=\"mec-event-loc-place\">Biblioteka dla Dzieci nr XV<\/div>\r\n                                                                            <\/div>\r\n            <\/div>\r\n            <div class=\"mec-event-image\"><a   data-event-id=\"32181\" href=\"https:\/\/bpzoliborz.pl\/bpzoliborz\/index.php\/events\/kartki-dla-dziadkow-warsztaty-plastyczne-372-869-328-636\/?occurrence=2026-05-12&time=1778605200\" target=\"_self\" rel=\"noopener\"><img width=\"1080\" height=\"675\" src=\"https:\/\/bpzoliborz.pl\/bpzoliborz\/wp-content\/uploads\/2026\/04\/Tydzien-Bibliotek-strona-internetowa-szablon-dla-wszystkich-1.png\" class=\"attachment-medium size-medium wp-post-image\" alt=\"Plakat informacyjny Og\u00f3lnopolskiego Tygodnia Bibliotek. Zdj\u0119cie otwartej ksi\u0105\u017cki z papierowymi zak\u0142adkami. Informacja o warsztatach: Ksi\u0105\u017ckowe wycinanki \u2013 zak\u0142adki do ksi\u0105\u017cek, Biblioteka dla Dzieci nr XV, ul. Broniewskiego 9A. Daty: 12 i 15 maja, godziny 17.00\u201319.00.\" loading=\"lazy\" data-mec-postid=\"32181\" srcset=\"https:\/\/bpzoliborz.pl\/bpzoliborz\/wp-content\/uploads\/2026\/04\/Tydzien-Bibliotek-strona-internetowa-szablon-dla-wszystkich-1.png 1080w, https:\/\/bpzoliborz.pl\/bpzoliborz\/wp-content\/uploads\/2026\/04\/Tydzien-Bibliotek-strona-internetowa-szablon-dla-wszystkich-1-768x480.png 768w\" sizes=\"(max-width: 1080px) 100vw, 1080px\" \/><\/a><\/div>\r\n            <div class=\"mec-event-content\">\r\n                                                                <h4 class=\"mec-event-title\"><a class=\"mec-color-hover\"  data-event-id=\"32181\" href=\"https:\/\/bpzoliborz.pl\/bpzoliborz\/index.php\/events\/kartki-dla-dziadkow-warsztaty-plastyczne-372-869-328-636\/?occurrence=2026-05-12&time=1778605200\" target=\"_self\" rel=\"noopener\">Tydzie\u0144 bibliotek &#8211; Ksi\u0105\u017ckowe wycinanki \u2013 zak\u0142adki do ksi\u0105\u017cek<\/a><span class=\"event-color\" style=\"background: #02b5cd\"><\/span><\/h4>\r\n                <p class=\"mec-grid-event-location\">ul. Broniewskiego 9a<\/p>\r\n            <\/div>\r\n            <div class=\"mec-event-footer mec-color\">\r\n                                <ul class=\"mec-event-sharing-wrap\">\r\n                    <li class=\"mec-event-share\">\r\n                        <a href=\"#\" class=\"mec-event-share-icon\">\r\n                            <i class=\"mec-sl-share\" title=\"Share\"><\/i>\r\n                        <\/a>\r\n                    <\/li>\r\n                    <li>\r\n                        <ul class=\"mec-event-sharing\">\r\n                            <li class=\"mec-event-social-icon\"><a class=\"facebook\" href=\"https:\/\/www.facebook.com\/sharer\/sharer.php?u=https%3A%2F%2Fbpzoliborz.pl%2Fbpzoliborz%2Findex.php%2Fevents%2Fkartki-dla-dziadkow-warsztaty-plastyczne-372-869-328-636%2F\" onclick=\"javascript:window.open(this.href, '', 'menubar=no,toolbar=no,resizable=yes,scrollbars=yes,height=500,width=600'); return false;\" title=\"Udost\u0119pnij na Facebooku\"><i class=\"mec-fa-facebook\"><\/i><\/a><\/li><li class=\"mec-event-social-icon\"><a class=\"twitter\" href=\"https:\/\/twitter.com\/share?url=https%3A%2F%2Fbpzoliborz.pl%2Fbpzoliborz%2Findex.php%2Fevents%2Fkartki-dla-dziadkow-warsztaty-plastyczne-372-869-328-636%2F\" onclick=\"javascript:window.open(this.href, '', 'menubar=no,toolbar=no,resizable=yes,scrollbars=yes,height=600,width=500'); return false;\" target=\"_blank\" title=\"Tweetuj\"><i class=\"mec-fa-twitter\"><\/i><\/a><\/li><li class=\"mec-event-social-icon\"><a class=\"email\" href=\"mailto:?subject=Tydzie\u0144 bibliotek - Ksi\u0105\u017ckowe wycinanki \u2013 zak\u0142adki do ksi\u0105\u017cek&body=https%3A%2F%2Fbpzoliborz.pl%2Fbpzoliborz%2Findex.php%2Fevents%2Fkartki-dla-dziadkow-warsztaty-plastyczne-372-869-328-636%2F\" title=\"Email\"><i class=\"mec-fa-envelope\"><\/i><\/a><\/li>                        <\/ul>\r\n                    <\/li>\r\n                <\/ul>\r\n                                                                <a class=\"mec-booking-button\"  data-event-id=\"32181\" href=\"https:\/\/bpzoliborz.pl\/bpzoliborz\/index.php\/events\/kartki-dla-dziadkow-warsztaty-plastyczne-372-869-328-636\/?occurrence=2026-05-12&time=1778605200\" target=\"_self\" rel=\"noopener\">Poka\u017c szczeg\u00f3\u0142y<\/a>            <\/div>\r\n        <\/article><\/div><\/div>                <div class=\"row\"><div class=\"col-md-12 col-sm-12\">        <script type=\"application\/ld+json\">\r\n        {\r\n            \"@context\": \"http:\/\/schema.org\",\r\n            \"@type\": \"Event\",\r\n            \"eventStatus\": \"https:\/\/schema.org\/EventScheduled\",\r\n            \"startDate\": \"2026-05-14\",\r\n            \"endDate\": \"2026-05-14\",\r\n            \"eventAttendanceMode\": \"https:\/\/schema.org\/OfflineEventAttendanceMode\",\r\n            \"location\":\r\n            {\r\n                \"@type\": \"Place\",\r\n                                \"name\": \"Biblioteka dla Dzieci nr XV\",\r\n                \"image\": \"http:\/\/bpzoliborz.pl\/bpzoliborz\/wp-content\/uploads\/2020\/07\/broniewskiego.jpg\",\r\n                \"address\": \"ul. Broniewskiego 9a\"\r\n                            },\r\n            \"organizer\":\r\n            {\r\n                \"@type\": \"Person\",\r\n                \"name\": \"Biblioteka dla Dzieci nr XV\",\r\n                \"url\": \"http:\/\/bpzoliborz.pl\/bpzoliborz\/index.php\/biblioteka-dla-dzieci-nr-xv\/\"\r\n            },\r\n            \"offers\":\r\n            {\r\n                \"url\": \"https:\/\/bpzoliborz.pl\/bpzoliborz\/index.php\/events\/kartki-dla-dziadkow-warsztaty-plastyczne-372-869-328-636-928\/\",\r\n                \"price\": \"\",\r\n                \"priceCurrency\": \"PLN\",\r\n                \"availability\": \"https:\/\/schema.org\/InStock\",\r\n                \"validFrom\": \"2026-05-14T00:00\"\r\n            },\r\n            \"performer\": \"\",\r\n            \"description\": \"&lt;p style=&quot;text-align: center&quot; data-start=&quot;76&quot; data-end=&quot;354&quot;&gt;Lekcja biblioteczna dla dzieci nt. zawodu bibliotekarza. Pokazanie jak wygl\u0105da codzienna praca i obowi\u0105zki pracownika.&lt;\/p&gt; &lt;p style=&quot;text-align: center&quot;&gt;&lt;strong&gt;KIEDY:&lt;\/strong&gt;&lt;\/p&gt; &lt;p style=&quot;text-align: center&quot;&gt;&lt;strong&gt;14 maja&lt;\/strong&gt; (czwartek)&lt;\/p&gt; &lt;p style=&quot;text-align: center&quot;&gt;11.00-11.30&lt;\/p&gt; &lt;p style=&quot;text-align: center&quot;&gt;&lt;strong&gt;GDZIE: &lt;\/strong&gt;Biblioteka dla Dzieci i M\u0142odzie\u017cy nr XV,&lt;br \/&gt; &lt;span class=&quot;a_GcMg font-feature-liga-off font-feature-clig-off font-feature-calt-off text-decoration-none text-strikethrough-none&quot;&gt;ul. Broniewskiego 9a&lt;\/span&gt;&lt;\/p&gt; &lt;p style=&quot;text-align: center&quot;&gt;Zapisy pod numerem telefonu 22 633-90-80&lt;\/p&gt; \",\r\n            \"image\": \"https:\/\/bpzoliborz.pl\/bpzoliborz\/wp-content\/uploads\/2026\/04\/Tydzien-Bibliotek-strona-internetowa-szablon-dla-wszystkich-3.png\",\r\n            \"name\": \"Tydzie\u0144 bibliotek &#8211; Zaw\u00f3d bibliotekarz \u2013 lekcja biblioteczna\",\r\n            \"url\": \"https:\/\/bpzoliborz.pl\/bpzoliborz\/index.php\/events\/kartki-dla-dziadkow-warsztaty-plastyczne-372-869-328-636-928\/?occurrence=2026-05-14\"\r\n        }\r\n        <\/script>\r\n        <article class=\" mec-event-article mec-clear  \" itemscope>                    <div class=\"event-grid-t2-head mec-bg-color clearfix\">\r\n                                    <div class=\"mec-event-month\"><span class=\"mec-start-date-label\" itemprop=\"startDate\">14 maja<\/span><\/div>\r\n                                                                                            <div class=\"mec-event-detail\">\r\n                    <div class=\"mec-event-loc-place\">Biblioteka dla Dzieci nr XV<\/div>\r\n                                                                            <\/div>\r\n            <\/div>\r\n            <div class=\"mec-event-image\"><a   data-event-id=\"32184\" href=\"https:\/\/bpzoliborz.pl\/bpzoliborz\/index.php\/events\/kartki-dla-dziadkow-warsztaty-plastyczne-372-869-328-636-928\/?occurrence=2026-05-14\" target=\"_self\" rel=\"noopener\"><img width=\"1080\" height=\"675\" src=\"https:\/\/bpzoliborz.pl\/bpzoliborz\/wp-content\/uploads\/2026\/04\/Tydzien-Bibliotek-strona-internetowa-szablon-dla-wszystkich-3.png\" class=\"attachment-medium size-medium wp-post-image\" alt=\"Plakat biblioteczny z okazji XXII Og\u00f3lnopolskiego Tygodnia Bibliotek (8\u201315 maja 2026). Ilustracja przedstawia ch\u0142opca stoj\u0105cego przy regale z ksi\u0105\u017ckami i si\u0119gaj\u0105cego po jedn\u0105 z nich. Po prawej stronie informacje: \u201eBiblioteka dla Dzieci nr XV, ul. Broniewskiego 9A\u201d, data: 14 maja, godzina: 11:00\u201311:30. Na dole napis: \u201eZaw\u00f3d bibliotekarz \u2013 lekcja biblioteczna\u201d.\" loading=\"lazy\" data-mec-postid=\"32184\" srcset=\"https:\/\/bpzoliborz.pl\/bpzoliborz\/wp-content\/uploads\/2026\/04\/Tydzien-Bibliotek-strona-internetowa-szablon-dla-wszystkich-3.png 1080w, https:\/\/bpzoliborz.pl\/bpzoliborz\/wp-content\/uploads\/2026\/04\/Tydzien-Bibliotek-strona-internetowa-szablon-dla-wszystkich-3-768x480.png 768w\" sizes=\"(max-width: 1080px) 100vw, 1080px\" \/><\/a><\/div>\r\n            <div class=\"mec-event-content\">\r\n                                                                <h4 class=\"mec-event-title\"><a class=\"mec-color-hover\"  data-event-id=\"32184\" href=\"https:\/\/bpzoliborz.pl\/bpzoliborz\/index.php\/events\/kartki-dla-dziadkow-warsztaty-plastyczne-372-869-328-636-928\/?occurrence=2026-05-14\" target=\"_self\" rel=\"noopener\">Tydzie\u0144 bibliotek &#8211; Zaw\u00f3d bibliotekarz \u2013 lekcja biblioteczna<\/a><span class=\"event-color\" style=\"background: #02b5cd\"><\/span><\/h4>\r\n                <p class=\"mec-grid-event-location\">ul. Broniewskiego 9a<\/p>\r\n            <\/div>\r\n            <div class=\"mec-event-footer mec-color\">\r\n                                <ul class=\"mec-event-sharing-wrap\">\r\n                    <li class=\"mec-event-share\">\r\n                        <a href=\"#\" class=\"mec-event-share-icon\">\r\n                            <i class=\"mec-sl-share\" title=\"Share\"><\/i>\r\n                        <\/a>\r\n                    <\/li>\r\n                    <li>\r\n                        <ul class=\"mec-event-sharing\">\r\n                            <li class=\"mec-event-social-icon\"><a class=\"facebook\" href=\"https:\/\/www.facebook.com\/sharer\/sharer.php?u=https%3A%2F%2Fbpzoliborz.pl%2Fbpzoliborz%2Findex.php%2Fevents%2Fkartki-dla-dziadkow-warsztaty-plastyczne-372-869-328-636-928%2F\" onclick=\"javascript:window.open(this.href, '', 'menubar=no,toolbar=no,resizable=yes,scrollbars=yes,height=500,width=600'); return false;\" title=\"Udost\u0119pnij na Facebooku\"><i class=\"mec-fa-facebook\"><\/i><\/a><\/li><li class=\"mec-event-social-icon\"><a class=\"twitter\" href=\"https:\/\/twitter.com\/share?url=https%3A%2F%2Fbpzoliborz.pl%2Fbpzoliborz%2Findex.php%2Fevents%2Fkartki-dla-dziadkow-warsztaty-plastyczne-372-869-328-636-928%2F\" onclick=\"javascript:window.open(this.href, '', 'menubar=no,toolbar=no,resizable=yes,scrollbars=yes,height=600,width=500'); return false;\" target=\"_blank\" title=\"Tweetuj\"><i class=\"mec-fa-twitter\"><\/i><\/a><\/li><li class=\"mec-event-social-icon\"><a class=\"email\" href=\"mailto:?subject=Tydzie\u0144 bibliotek - Zaw\u00f3d bibliotekarz \u2013 lekcja biblioteczna&body=https%3A%2F%2Fbpzoliborz.pl%2Fbpzoliborz%2Findex.php%2Fevents%2Fkartki-dla-dziadkow-warsztaty-plastyczne-372-869-328-636-928%2F\" title=\"Email\"><i class=\"mec-fa-envelope\"><\/i><\/a><\/li>                        <\/ul>\r\n                    <\/li>\r\n                <\/ul>\r\n                                                                <a class=\"mec-booking-button\"  data-event-id=\"32184\" href=\"https:\/\/bpzoliborz.pl\/bpzoliborz\/index.php\/events\/kartki-dla-dziadkow-warsztaty-plastyczne-372-869-328-636-928\/?occurrence=2026-05-14\" target=\"_self\" rel=\"noopener\">Poka\u017c szczeg\u00f3\u0142y<\/a>            <\/div>\r\n        <\/article><\/div><\/div>        <div class=\"row\"><div class=\"col-md-12 col-sm-12\">        <script type=\"application\/ld+json\">\r\n        {\r\n            \"@context\": \"http:\/\/schema.org\",\r\n            \"@type\": \"Event\",\r\n            \"eventStatus\": \"https:\/\/schema.org\/EventScheduled\",\r\n            \"startDate\": \"2026-05-14\",\r\n            \"endDate\": \"2026-05-14\",\r\n            \"eventAttendanceMode\": \"https:\/\/schema.org\/OfflineEventAttendanceMode\",\r\n            \"location\":\r\n            {\r\n                \"@type\": \"Place\",\r\n                                \"name\": \"Wypo\u017cyczalnia nr 16\",\r\n                \"image\": \"http:\/\/bpzoliborz.pl\/bpzoliborz\/wp-content\/uploads\/2020\/07\/Biblioteka-nr-16-S\u0142owackiego-19a-scaled-e1594730867309.jpg\",\r\n                \"address\": \"ul. S\u0142owackiego 19a\"\r\n                            },\r\n            \"organizer\":\r\n            {\r\n                \"@type\": \"Person\",\r\n                \"name\": \"Wypo\u017cyczalnia nr 16\",\r\n                \"url\": \"http:\/\/bpzoliborz.pl\/bpzoliborz\/index.php\/wypozyczalnia-nr-16\/\"\r\n            },\r\n            \"offers\":\r\n            {\r\n                \"url\": \"https:\/\/bpzoliborz.pl\/bpzoliborz\/index.php\/events\/wiosenny-kiermasz-ksiazek\/\",\r\n                \"price\": \"\",\r\n                \"priceCurrency\": \"PLN\",\r\n                \"availability\": \"https:\/\/schema.org\/InStock\",\r\n                \"validFrom\": \"2026-05-14T00:00\"\r\n            },\r\n            \"performer\": \"\",\r\n            \"description\": \"&lt;p&gt;Kiermasz u\u017cywanych ksi\u0105\u017cek. Wydarzenie organizowane w ramach Tygodnia Bibliotek.&lt;\/p&gt; \",\r\n            \"image\": \"https:\/\/bpzoliborz.pl\/bpzoliborz\/wp-content\/uploads\/2026\/04\/kiermasz.png\",\r\n            \"name\": \"Wiosenny kiermasz ksi\u0105\u017cek\",\r\n            \"url\": \"https:\/\/bpzoliborz.pl\/bpzoliborz\/index.php\/events\/wiosenny-kiermasz-ksiazek\/?occurrence=2026-05-14\"\r\n        }\r\n        <\/script>\r\n        <article class=\" mec-event-article mec-clear  \" itemscope>                    <div class=\"event-grid-t2-head mec-bg-color clearfix\">\r\n                                    <div class=\"mec-event-month\"><span class=\"mec-start-date-label\" itemprop=\"startDate\">14 maja<\/span><\/div>\r\n                                                                                            <div class=\"mec-event-detail\">\r\n                    <div class=\"mec-event-loc-place\">Wypo\u017cyczalnia nr 16<\/div>\r\n                                                                            <\/div>\r\n            <\/div>\r\n            <div class=\"mec-event-image\"><a   data-event-id=\"32133\" href=\"https:\/\/bpzoliborz.pl\/bpzoliborz\/index.php\/events\/wiosenny-kiermasz-ksiazek\/?occurrence=2026-05-14\" target=\"_self\" rel=\"noopener\"><img width=\"1080\" height=\"675\" src=\"https:\/\/bpzoliborz.pl\/bpzoliborz\/wp-content\/uploads\/2026\/04\/kiermasz.png\" class=\"attachment-medium size-medium wp-post-image\" alt=\"grafika promuj\u0105ca kiermasz ksi\u0105\u017cek; na grafice 19-wieczna fotografia przedstawiaj\u0105ca ekspozycj\u0119 ksi\u0105\u017ckow\u0105\" loading=\"lazy\" data-mec-postid=\"32133\" srcset=\"https:\/\/bpzoliborz.pl\/bpzoliborz\/wp-content\/uploads\/2026\/04\/kiermasz.png 1080w, https:\/\/bpzoliborz.pl\/bpzoliborz\/wp-content\/uploads\/2026\/04\/kiermasz-768x480.png 768w\" sizes=\"(max-width: 1080px) 100vw, 1080px\" \/><\/a><\/div>\r\n            <div class=\"mec-event-content\">\r\n                                                                <h4 class=\"mec-event-title\"><a class=\"mec-color-hover\"  data-event-id=\"32133\" href=\"https:\/\/bpzoliborz.pl\/bpzoliborz\/index.php\/events\/wiosenny-kiermasz-ksiazek\/?occurrence=2026-05-14\" target=\"_self\" rel=\"noopener\">Wiosenny kiermasz ksi\u0105\u017cek<\/a><span class=\"event-color\" style=\"background: #\"><\/span><\/h4>\r\n                <p class=\"mec-grid-event-location\">ul. S\u0142owackiego 19a<\/p>\r\n            <\/div>\r\n            <div class=\"mec-event-footer mec-color\">\r\n                                <ul class=\"mec-event-sharing-wrap\">\r\n                    <li class=\"mec-event-share\">\r\n                        <a href=\"#\" class=\"mec-event-share-icon\">\r\n                            <i class=\"mec-sl-share\" title=\"Share\"><\/i>\r\n                        <\/a>\r\n                    <\/li>\r\n                    <li>\r\n                        <ul class=\"mec-event-sharing\">\r\n                            <li class=\"mec-event-social-icon\"><a class=\"facebook\" href=\"https:\/\/www.facebook.com\/sharer\/sharer.php?u=https%3A%2F%2Fbpzoliborz.pl%2Fbpzoliborz%2Findex.php%2Fevents%2Fwiosenny-kiermasz-ksiazek%2F\" onclick=\"javascript:window.open(this.href, '', 'menubar=no,toolbar=no,resizable=yes,scrollbars=yes,height=500,width=600'); return false;\" title=\"Udost\u0119pnij na Facebooku\"><i class=\"mec-fa-facebook\"><\/i><\/a><\/li><li class=\"mec-event-social-icon\"><a class=\"twitter\" href=\"https:\/\/twitter.com\/share?url=https%3A%2F%2Fbpzoliborz.pl%2Fbpzoliborz%2Findex.php%2Fevents%2Fwiosenny-kiermasz-ksiazek%2F\" onclick=\"javascript:window.open(this.href, '', 'menubar=no,toolbar=no,resizable=yes,scrollbars=yes,height=600,width=500'); return false;\" target=\"_blank\" title=\"Tweetuj\"><i class=\"mec-fa-twitter\"><\/i><\/a><\/li><li class=\"mec-event-social-icon\"><a class=\"email\" href=\"mailto:?subject=Wiosenny kiermasz ksi\u0105\u017cek&body=https%3A%2F%2Fbpzoliborz.pl%2Fbpzoliborz%2Findex.php%2Fevents%2Fwiosenny-kiermasz-ksiazek%2F\" title=\"Email\"><i class=\"mec-fa-envelope\"><\/i><\/a><\/li>                        <\/ul>\r\n                    <\/li>\r\n                <\/ul>\r\n                                                                <a class=\"mec-booking-button\"  data-event-id=\"32133\" href=\"https:\/\/bpzoliborz.pl\/bpzoliborz\/index.php\/events\/wiosenny-kiermasz-ksiazek\/?occurrence=2026-05-14\" target=\"_self\" rel=\"noopener\">Poka\u017c szczeg\u00f3\u0142y<\/a>            <\/div>\r\n        <\/article><\/div><\/div>        <div class=\"row\"><div class=\"col-md-12 col-sm-12\">        <script type=\"application\/ld+json\">\r\n        {\r\n            \"@context\": \"http:\/\/schema.org\",\r\n            \"@type\": \"Event\",\r\n            \"eventStatus\": \"https:\/\/schema.org\/EventScheduled\",\r\n            \"startDate\": \"2026-05-14\",\r\n            \"endDate\": \"2026-05-14\",\r\n            \"eventAttendanceMode\": \"https:\/\/schema.org\/OfflineEventAttendanceMode\",\r\n            \"location\":\r\n            {\r\n                \"@type\": \"Place\",\r\n                                \"name\": \"Wypo\u017cyczalnia nr 16\",\r\n                \"image\": \"http:\/\/bpzoliborz.pl\/bpzoliborz\/wp-content\/uploads\/2020\/07\/Biblioteka-nr-16-S\u0142owackiego-19a-scaled-e1594730867309.jpg\",\r\n                \"address\": \"ul. S\u0142owackiego 19a\"\r\n                            },\r\n            \"organizer\":\r\n            {\r\n                \"@type\": \"Person\",\r\n                \"name\": \"Wypo\u017cyczalnia nr 16\",\r\n                \"url\": \"http:\/\/bpzoliborz.pl\/bpzoliborz\/index.php\/wypozyczalnia-nr-16\/\"\r\n            },\r\n            \"offers\":\r\n            {\r\n                \"url\": \"https:\/\/bpzoliborz.pl\/bpzoliborz\/index.php\/events\/koncert-zespolu-les-souvenirs\/\",\r\n                \"price\": \"\",\r\n                \"priceCurrency\": \"PLN\",\r\n                \"availability\": \"https:\/\/schema.org\/InStock\",\r\n                \"validFrom\": \"2026-05-14T00:00\"\r\n            },\r\n            \"performer\": \"\",\r\n            \"description\": \"&lt;div class=&quot;xdj266r x14z9mp xat24cr x1lziwak x1vvkbs&quot;&gt;Les Souvenirs to projekt wsp\u00f3\u0142tworzony od 2021 roku przez gitarzyst\u00f3w Mariusza Pomiana i Karola Szczube\u0142ka, kt\u00f3rzy uwielbiaj\u0105 dzieli\u0107 scen\u0119 z zaprzyja\u017anionymi muzykami podczas wyst\u0105pie\u0144 w r\u00f3\u017cnych sk\u0142adach.&lt;\/div&gt; &lt;div class=&quot;x14z9mp xat24cr x1lziwak x1vvkbs xtlvy1s&quot;&gt;Tym razem Les Souvenirs wyst\u0105pi\u0105 jako trio:&lt;\/div&gt; &lt;div class=&quot;x14z9mp xat24cr x1lziwak x1vvkbs xtlvy1s&quot;&gt;Mariusz Pomian &#8211; gitara&lt;br class=&quot;html-br&quot; \/&gt;Karol Szczube\u0142ek &#8211; gitara&lt;br class=&quot;html-br&quot; \/&gt;Wojciech Traczyk &#8211; kontrabas&lt;\/div&gt; &lt;div&gt;&lt;\/div&gt; &lt;div&gt;Wydarzenie organizowane w ramach Tygodnia Bibliotek.&lt;\/div&gt; \",\r\n            \"image\": \"https:\/\/bpzoliborz.pl\/bpzoliborz\/wp-content\/uploads\/2026\/04\/souvenirs.png\",\r\n            \"name\": \"Koncert zespo\u0142u Les Souvenirs\",\r\n            \"url\": \"https:\/\/bpzoliborz.pl\/bpzoliborz\/index.php\/events\/koncert-zespolu-les-souvenirs\/?occurrence=2026-05-14\"\r\n        }\r\n        <\/script>\r\n        <article class=\" mec-event-article mec-clear  \" itemscope>                    <div class=\"event-grid-t2-head mec-bg-color clearfix\">\r\n                                    <div class=\"mec-event-month\"><span class=\"mec-start-date-label\" itemprop=\"startDate\">14 maja<\/span><\/div>\r\n                                                                                            <div class=\"mec-event-detail\">\r\n                    <div class=\"mec-event-loc-place\">Wypo\u017cyczalnia nr 16<\/div>\r\n                                                                            <\/div>\r\n            <\/div>\r\n            <div class=\"mec-event-image\"><a   data-event-id=\"32130\" href=\"https:\/\/bpzoliborz.pl\/bpzoliborz\/index.php\/events\/koncert-zespolu-les-souvenirs\/?occurrence=2026-05-14\" target=\"_self\" rel=\"noopener\"><img width=\"1080\" height=\"675\" src=\"https:\/\/bpzoliborz.pl\/bpzoliborz\/wp-content\/uploads\/2026\/04\/souvenirs.png\" class=\"attachment-medium size-medium wp-post-image\" alt=\"grafika promuj\u0105ca koncert muzyki z gatunku gipsy jazz; na fotografii portrety muzyk\u00f3w\" loading=\"lazy\" data-mec-postid=\"32130\" srcset=\"https:\/\/bpzoliborz.pl\/bpzoliborz\/wp-content\/uploads\/2026\/04\/souvenirs.png 1080w, https:\/\/bpzoliborz.pl\/bpzoliborz\/wp-content\/uploads\/2026\/04\/souvenirs-768x480.png 768w\" sizes=\"(max-width: 1080px) 100vw, 1080px\" \/><\/a><\/div>\r\n            <div class=\"mec-event-content\">\r\n                                                                <h4 class=\"mec-event-title\"><a class=\"mec-color-hover\"  data-event-id=\"32130\" href=\"https:\/\/bpzoliborz.pl\/bpzoliborz\/index.php\/events\/koncert-zespolu-les-souvenirs\/?occurrence=2026-05-14\" target=\"_self\" rel=\"noopener\">Koncert zespo\u0142u Les Souvenirs<\/a><span class=\"event-color\" style=\"background: #\"><\/span><\/h4>\r\n                <p class=\"mec-grid-event-location\">ul. S\u0142owackiego 19a<\/p>\r\n            <\/div>\r\n            <div class=\"mec-event-footer mec-color\">\r\n                                <ul class=\"mec-event-sharing-wrap\">\r\n                    <li class=\"mec-event-share\">\r\n                        <a href=\"#\" class=\"mec-event-share-icon\">\r\n                            <i class=\"mec-sl-share\" title=\"Share\"><\/i>\r\n                        <\/a>\r\n                    <\/li>\r\n                    <li>\r\n                        <ul class=\"mec-event-sharing\">\r\n                            <li class=\"mec-event-social-icon\"><a class=\"facebook\" href=\"https:\/\/www.facebook.com\/sharer\/sharer.php?u=https%3A%2F%2Fbpzoliborz.pl%2Fbpzoliborz%2Findex.php%2Fevents%2Fkoncert-zespolu-les-souvenirs%2F\" onclick=\"javascript:window.open(this.href, '', 'menubar=no,toolbar=no,resizable=yes,scrollbars=yes,height=500,width=600'); return false;\" title=\"Udost\u0119pnij na Facebooku\"><i class=\"mec-fa-facebook\"><\/i><\/a><\/li><li class=\"mec-event-social-icon\"><a class=\"twitter\" href=\"https:\/\/twitter.com\/share?url=https%3A%2F%2Fbpzoliborz.pl%2Fbpzoliborz%2Findex.php%2Fevents%2Fkoncert-zespolu-les-souvenirs%2F\" onclick=\"javascript:window.open(this.href, '', 'menubar=no,toolbar=no,resizable=yes,scrollbars=yes,height=600,width=500'); return false;\" target=\"_blank\" title=\"Tweetuj\"><i class=\"mec-fa-twitter\"><\/i><\/a><\/li><li class=\"mec-event-social-icon\"><a class=\"email\" href=\"mailto:?subject=Koncert zespo\u0142u Les Souvenirs&body=https%3A%2F%2Fbpzoliborz.pl%2Fbpzoliborz%2Findex.php%2Fevents%2Fkoncert-zespolu-les-souvenirs%2F\" title=\"Email\"><i class=\"mec-fa-envelope\"><\/i><\/a><\/li>                        <\/ul>\r\n                    <\/li>\r\n                <\/ul>\r\n                                                                <a class=\"mec-booking-button\"  data-event-id=\"32130\" href=\"https:\/\/bpzoliborz.pl\/bpzoliborz\/index.php\/events\/koncert-zespolu-les-souvenirs\/?occurrence=2026-05-14\" target=\"_self\" rel=\"noopener\">Poka\u017c szczeg\u00f3\u0142y<\/a>            <\/div>\r\n        <\/article><\/div><\/div>                <div class=\"row\"><div class=\"col-md-12 col-sm-12\">        <script type=\"application\/ld+json\">\r\n        {\r\n            \"@context\": \"http:\/\/schema.org\",\r\n            \"@type\": \"Event\",\r\n            \"eventStatus\": \"https:\/\/schema.org\/EventScheduled\",\r\n            \"startDate\": \"2026-05-15\",\r\n            \"endDate\": \"2026-05-15\",\r\n            \"eventAttendanceMode\": \"https:\/\/schema.org\/OfflineEventAttendanceMode\",\r\n            \"location\":\r\n            {\r\n                \"@type\": \"Place\",\r\n                                \"name\": \"Biblioteka dla Dzieci nr XV\",\r\n                \"image\": \"http:\/\/bpzoliborz.pl\/bpzoliborz\/wp-content\/uploads\/2020\/07\/broniewskiego.jpg\",\r\n                \"address\": \"ul. Broniewskiego 9a\"\r\n                            },\r\n            \"organizer\":\r\n            {\r\n                \"@type\": \"Person\",\r\n                \"name\": \"Biblioteka dla Dzieci nr XV\",\r\n                \"url\": \"http:\/\/bpzoliborz.pl\/bpzoliborz\/index.php\/biblioteka-dla-dzieci-nr-xv\/\"\r\n            },\r\n            \"offers\":\r\n            {\r\n                \"url\": \"https:\/\/bpzoliborz.pl\/bpzoliborz\/index.php\/events\/kartki-dla-dziadkow-warsztaty-plastyczne-372-869-328-636\/\",\r\n                \"price\": \"\",\r\n                \"priceCurrency\": \"PLN\",\r\n                \"availability\": \"https:\/\/schema.org\/InStock\",\r\n                \"validFrom\": \"2026-05-15T00:00\"\r\n            },\r\n            \"performer\": \"\",\r\n            \"description\": \"&lt;p style=&quot;text-align: center&quot; data-start=&quot;76&quot; data-end=&quot;354&quot;&gt;Warsztaty plastyczne dla dzieci i doros\u0142ych, podczas kt\u00f3rych uczestnicy wykonaj\u0105 papierowe zak\u0142adki do ksi\u0105\u017cek.&lt;\/p&gt; &lt;p style=&quot;text-align: center&quot;&gt;&lt;strong&gt;KIEDY:&lt;\/strong&gt;&lt;\/p&gt; &lt;p style=&quot;text-align: center&quot;&gt;&lt;strong&gt;12 maja&lt;\/strong&gt; (wtorek) i &lt;strong&gt;15 maja&lt;\/strong&gt; (pi\u0105tek)&lt;\/p&gt; &lt;p style=&quot;text-align: center&quot;&gt;17.00-19.00&lt;\/p&gt; &lt;p style=&quot;text-align: center&quot;&gt;&lt;strong&gt;GDZIE: &lt;\/strong&gt;Biblioteka dla Dzieci i M\u0142odzie\u017cy nr XV,&lt;br \/&gt; &lt;span class=&quot;a_GcMg font-feature-liga-off font-feature-clig-off font-feature-calt-off text-decoration-none text-strikethrough-none&quot;&gt;ul. Broniewskiego 9a&lt;\/span&gt;&lt;\/p&gt; &lt;p style=&quot;text-align: center&quot;&gt;Zapisy pod numerem telefonu 22 633-90-80&lt;\/p&gt; \",\r\n            \"image\": \"https:\/\/bpzoliborz.pl\/bpzoliborz\/wp-content\/uploads\/2026\/04\/Tydzien-Bibliotek-strona-internetowa-szablon-dla-wszystkich-1.png\",\r\n            \"name\": \"Tydzie\u0144 bibliotek &#8211; Ksi\u0105\u017ckowe wycinanki \u2013 zak\u0142adki do ksi\u0105\u017cek\",\r\n            \"url\": \"https:\/\/bpzoliborz.pl\/bpzoliborz\/index.php\/events\/kartki-dla-dziadkow-warsztaty-plastyczne-372-869-328-636\/?occurrence=2026-05-15&time=1778864400\"\r\n        }\r\n        <\/script>\r\n        <article class=\" mec-event-article mec-clear  \" itemscope>                    <div class=\"event-grid-t2-head mec-bg-color clearfix\">\r\n                                    <div class=\"mec-event-month\"><span class=\"mec-start-date-label\" itemprop=\"startDate\">15 maja<\/span><\/div>\r\n                                                                                            <div class=\"mec-event-detail\">\r\n                    <div class=\"mec-event-loc-place\">Biblioteka dla Dzieci nr XV<\/div>\r\n                                                                            <\/div>\r\n            <\/div>\r\n            <div class=\"mec-event-image\"><a   data-event-id=\"32181\" href=\"https:\/\/bpzoliborz.pl\/bpzoliborz\/index.php\/events\/kartki-dla-dziadkow-warsztaty-plastyczne-372-869-328-636\/?occurrence=2026-05-15&time=1778864400\" target=\"_self\" rel=\"noopener\"><img width=\"1080\" height=\"675\" src=\"https:\/\/bpzoliborz.pl\/bpzoliborz\/wp-content\/uploads\/2026\/04\/Tydzien-Bibliotek-strona-internetowa-szablon-dla-wszystkich-1.png\" class=\"attachment-medium size-medium wp-post-image\" alt=\"Plakat informacyjny Og\u00f3lnopolskiego Tygodnia Bibliotek. Zdj\u0119cie otwartej ksi\u0105\u017cki z papierowymi zak\u0142adkami. Informacja o warsztatach: Ksi\u0105\u017ckowe wycinanki \u2013 zak\u0142adki do ksi\u0105\u017cek, Biblioteka dla Dzieci nr XV, ul. Broniewskiego 9A. Daty: 12 i 15 maja, godziny 17.00\u201319.00.\" loading=\"lazy\" data-mec-postid=\"32181\" srcset=\"https:\/\/bpzoliborz.pl\/bpzoliborz\/wp-content\/uploads\/2026\/04\/Tydzien-Bibliotek-strona-internetowa-szablon-dla-wszystkich-1.png 1080w, https:\/\/bpzoliborz.pl\/bpzoliborz\/wp-content\/uploads\/2026\/04\/Tydzien-Bibliotek-strona-internetowa-szablon-dla-wszystkich-1-768x480.png 768w\" sizes=\"(max-width: 1080px) 100vw, 1080px\" \/><\/a><\/div>\r\n            <div class=\"mec-event-content\">\r\n                                                                <h4 class=\"mec-event-title\"><a class=\"mec-color-hover\"  data-event-id=\"32181\" href=\"https:\/\/bpzoliborz.pl\/bpzoliborz\/index.php\/events\/kartki-dla-dziadkow-warsztaty-plastyczne-372-869-328-636\/?occurrence=2026-05-15&time=1778864400\" target=\"_self\" rel=\"noopener\">Tydzie\u0144 bibliotek &#8211; Ksi\u0105\u017ckowe wycinanki \u2013 zak\u0142adki do ksi\u0105\u017cek<\/a><span class=\"event-color\" style=\"background: #02b5cd\"><\/span><\/h4>\r\n                <p class=\"mec-grid-event-location\">ul. Broniewskiego 9a<\/p>\r\n            <\/div>\r\n            <div class=\"mec-event-footer mec-color\">\r\n                                <ul class=\"mec-event-sharing-wrap\">\r\n                    <li class=\"mec-event-share\">\r\n                        <a href=\"#\" class=\"mec-event-share-icon\">\r\n                            <i class=\"mec-sl-share\" title=\"Share\"><\/i>\r\n                        <\/a>\r\n                    <\/li>\r\n                    <li>\r\n                        <ul class=\"mec-event-sharing\">\r\n                            <li class=\"mec-event-social-icon\"><a class=\"facebook\" href=\"https:\/\/www.facebook.com\/sharer\/sharer.php?u=https%3A%2F%2Fbpzoliborz.pl%2Fbpzoliborz%2Findex.php%2Fevents%2Fkartki-dla-dziadkow-warsztaty-plastyczne-372-869-328-636%2F\" onclick=\"javascript:window.open(this.href, '', 'menubar=no,toolbar=no,resizable=yes,scrollbars=yes,height=500,width=600'); return false;\" title=\"Udost\u0119pnij na Facebooku\"><i class=\"mec-fa-facebook\"><\/i><\/a><\/li><li class=\"mec-event-social-icon\"><a class=\"twitter\" href=\"https:\/\/twitter.com\/share?url=https%3A%2F%2Fbpzoliborz.pl%2Fbpzoliborz%2Findex.php%2Fevents%2Fkartki-dla-dziadkow-warsztaty-plastyczne-372-869-328-636%2F\" onclick=\"javascript:window.open(this.href, '', 'menubar=no,toolbar=no,resizable=yes,scrollbars=yes,height=600,width=500'); return false;\" target=\"_blank\" title=\"Tweetuj\"><i class=\"mec-fa-twitter\"><\/i><\/a><\/li><li class=\"mec-event-social-icon\"><a class=\"email\" href=\"mailto:?subject=Tydzie\u0144 bibliotek - Ksi\u0105\u017ckowe wycinanki \u2013 zak\u0142adki do ksi\u0105\u017cek&body=https%3A%2F%2Fbpzoliborz.pl%2Fbpzoliborz%2Findex.php%2Fevents%2Fkartki-dla-dziadkow-warsztaty-plastyczne-372-869-328-636%2F\" title=\"Email\"><i class=\"mec-fa-envelope\"><\/i><\/a><\/li>                        <\/ul>\r\n                    <\/li>\r\n                <\/ul>\r\n                                                                <a class=\"mec-booking-button\"  data-event-id=\"32181\" href=\"https:\/\/bpzoliborz.pl\/bpzoliborz\/index.php\/events\/kartki-dla-dziadkow-warsztaty-plastyczne-372-869-328-636\/?occurrence=2026-05-15&time=1778864400\" target=\"_self\" rel=\"noopener\">Poka\u017c szczeg\u00f3\u0142y<\/a>            <\/div>\r\n        <\/article><\/div><\/div>                        \t<\/div>\r\n<\/div>\r\n\r\n    <\/div>\r\n    <div class=\"mec-skin-grid-no-events-container mec-util-hidden\" id=\"mec_skin_no_events_1223\">\r\n        Nie odnaleziono wydarze\u0144!    <\/div>\r\n        \r\n        <div class=\"mec-load-more-wrap\"><div class=\"mec-load-more-button \">Wi\u0119cej<\/div><\/div>\r\n        \r\n<\/div><\/div>\n\t\t\t\t<\/div>\n\t\t\t\t<\/div>\n\t\t\t\t\t\t<\/div>\n\t\t\t\t\t<\/div>\n\t\t<\/div>\n\t\t\t\t\t\t\t\t<\/div>\n\t\t\t\t\t<\/div>\n\t\t<\/section>\n\t\t\t\t<div class=\"elementor-element elementor-element-cd971b0 exad-sticky-section-no exad-glass-effect-no elementor-widget elementor-widget-spacer\" data-id=\"cd971b0\" data-element_type=\"widget\" data-widget_type=\"spacer.default\">\n\t\t\t\t<div class=\"elementor-widget-container\">\n\t\t\t\t\t<div class=\"elementor-spacer\">\n\t\t\t<div class=\"elementor-spacer-inner\"><\/div>\n\t\t<\/div>\n\t\t\t\t<\/div>\n\t\t\t\t<\/div>\n\t\t\t\t\t\t<\/div>\n\t\t\t\t\t<\/div>\n\t\t<\/div>\n\t\t\t\t\t\t\t\t<\/div>\n\t\t\t\t\t<\/div>\n\t\t<\/section>\n\t\t\t\t<div class=\"elementor-element elementor-element-adb67a0 exad-sticky-section-no exad-glass-effect-no elementor-widget elementor-widget-spacer\" data-id=\"adb67a0\" data-element_type=\"widget\" data-widget_type=\"spacer.default\">\n\t\t\t\t<div class=\"elementor-widget-container\">\n\t\t\t\t\t<div class=\"elementor-spacer\">\n\t\t\t<div class=\"elementor-spacer-inner\"><\/div>\n\t\t<\/div>\n\t\t\t\t<\/div>\n\t\t\t\t<\/div>\n\t\t\t\t<div class=\"elementor-element elementor-element-428c733 exad-sticky-section-no exad-glass-effect-no elementor-widget elementor-widget-spacer\" data-id=\"428c733\" data-element_type=\"widget\" data-widget_type=\"spacer.default\">\n\t\t\t\t<div class=\"elementor-widget-container\">\n\t\t\t\t\t<div class=\"elementor-spacer\">\n\t\t\t<div class=\"elementor-spacer-inner\"><\/div>\n\t\t<\/div>\n\t\t\t\t<\/div>\n\t\t\t\t<\/div>\n\t\t\t\t\t\t<\/div>\n\t\t\t\t\t<\/div>\n\t\t<\/div>\n\t\t\t\t\t\t\t\t<\/div>\n\t\t\t\t\t<\/div>\n\t\t<\/section>\n\t\t\t\t\t\t\t\t\t<\/div>\n\t\t\t<\/div>\n\t\t\t\t\t<\/div>\n\t\t","protected":false},"excerpt":{"rendered":"<p>U nas w Bibliotece &#8211; blog Biblioteki \u017boliborskiej Breloczki z folii termokurczliwej \u2013 Rodzinne Warsztaty artystyczne W dniach 11-15 lipca w Bibliotece przy ul. \u015amia\u0142ej 24, w ramach akcji Lato w Mie\u015bcie, odby\u0142y si\u0119 warsztaty tworzenia breloczk\u00f3w z foli termokurczliwej. Folia&#8230; Czytaj dalej&#8230; Klub puzzlowy Zapraszamy dzieci oraz doros\u0142ych do Biblioteki przy ul. \u015amia\u0142ej 24&hellip;&nbsp;<a href=\"https:\/\/bpzoliborz.pl\/bpzoliborz\/index.php\/events\/kartki-dla-dziadkow-warsztaty-plastyczne-372-869-328-636\/\" class=\"\" rel=\"bookmark\">Czytaj wi\u0119cej &raquo;<span class=\"screen-reader-text\">Tydzie\u0144 bibliotek &#8211; Ksi\u0105\u017ckowe wycinanki \u2013 zak\u0142adki do ksi\u0105\u017cek<\/span><\/a><\/p>\n","protected":false},"author":3,"featured_media":0,"parent":0,"menu_order":0,"comment_status":"closed","ping_status":"closed","template":"page-templates\/template-pagebuilder-full-width.php","meta":{"_stopmodifiedupdate":false,"_modified_date":"","_eb_attr":"","neve_meta_sidebar":"","neve_meta_container":"","neve_meta_enable_content_width":"on","neve_meta_content_width":100,"neve_meta_title_alignment":"","neve_meta_author_avatar":"","neve_post_elements_order":"","neve_meta_disable_header":"","neve_meta_disable_footer":"","neve_meta_disable_title":"on"},"_links":{"self":[{"href":"https:\/\/bpzoliborz.pl\/bpzoliborz\/index.php\/wp-json\/wp\/v2\/pages\/95"}],"collection":[{"href":"https:\/\/bpzoliborz.pl\/bpzoliborz\/index.php\/wp-json\/wp\/v2\/pages"}],"about":[{"href":"https:\/\/bpzoliborz.pl\/bpzoliborz\/index.php\/wp-json\/wp\/v2\/types\/page"}],"author":[{"embeddable":true,"href":"https:\/\/bpzoliborz.pl\/bpzoliborz\/index.php\/wp-json\/wp\/v2\/users\/3"}],"replies":[{"embeddable":true,"href":"https:\/\/bpzoliborz.pl\/bpzoliborz\/index.php\/wp-json\/wp\/v2\/comments?post=95"}],"version-history":[{"count":12,"href":"https:\/\/bpzoliborz.pl\/bpzoliborz\/index.php\/wp-json\/wp\/v2\/pages\/95\/revisions"}],"predecessor-version":[{"id":19984,"href":"https:\/\/bpzoliborz.pl\/bpzoliborz\/index.php\/wp-json\/wp\/v2\/pages\/95\/revisions\/19984"}],"wp:attachment":[{"href":"https:\/\/bpzoliborz.pl\/bpzoliborz\/index.php\/wp-json\/wp\/v2\/media?parent=95"}],"curies":[{"name":"wp","href":"https:\/\/api.w.org\/{rel}","templated":true}]}}