{"id":899,"date":"2020-07-28T01:25:38","date_gmt":"2020-07-27T23:25:38","guid":{"rendered":"http:\/\/bpzoliborz.pl\/bpzoliborz\/?page_id=899"},"modified":"2020-08-01T16:29:20","modified_gmt":"2020-08-01T14:29:20","slug":"wydarzenia","status":"publish","type":"page","link":"https:\/\/bpzoliborz.pl\/bpzoliborz\/index.php\/wydarzenia\/","title":{"rendered":"Wydarzenia"},"content":{"rendered":"\t\t<div data-elementor-type=\"wp-page\" data-elementor-id=\"899\" class=\"elementor elementor-899\">\n\t\t\t\t\t\t<div class=\"elementor-inner\">\n\t\t\t\t<div class=\"elementor-section-wrap\">\n\t\t\t\t\t\t\t\t\t<section class=\"elementor-section elementor-top-section elementor-element elementor-element-f0e7d69 elementor-section-boxed elementor-section-height-default elementor-section-height-default exad-glass-effect-no exad-sticky-section-no\" data-id=\"f0e7d69\" data-element_type=\"section\">\n\t\t\t\t\t\t<div class=\"elementor-container elementor-column-gap-default\">\n\t\t\t\t\t\t\t<div class=\"elementor-row\">\n\t\t\t\t\t<div class=\"elementor-column elementor-col-100 elementor-top-column elementor-element elementor-element-21f448a exad-glass-effect-no exad-sticky-section-no\" data-id=\"21f448a\" data-element_type=\"column\">\n\t\t\t<div class=\"elementor-column-wrap elementor-element-populated\">\n\t\t\t\t\t\t\t<div class=\"elementor-widget-wrap\">\n\t\t\t\t\t\t<div class=\"elementor-element elementor-element-d99c42a exad-sticky-section-no exad-glass-effect-no elementor-widget elementor-widget-spacer\" data-id=\"d99c42a\" data-element_type=\"widget\" data-widget_type=\"spacer.default\">\n\t\t\t\t<div class=\"elementor-widget-container\">\n\t\t\t\t\t<div class=\"elementor-spacer\">\n\t\t\t<div class=\"elementor-spacer-inner\"><\/div>\n\t\t<\/div>\n\t\t\t\t<\/div>\n\t\t\t\t<\/div>\n\t\t\t\t\t\t<\/div>\n\t\t\t\t\t<\/div>\n\t\t<\/div>\n\t\t\t\t\t\t\t\t<\/div>\n\t\t\t\t\t<\/div>\n\t\t<\/section>\n\t\t\t\t<section class=\"elementor-section elementor-top-section elementor-element elementor-element-e03b146 elementor-section-boxed elementor-section-height-default elementor-section-height-default exad-glass-effect-no exad-sticky-section-no\" data-id=\"e03b146\" data-element_type=\"section\">\n\t\t\t\t\t\t<div class=\"elementor-container elementor-column-gap-default\">\n\t\t\t\t\t\t\t<div class=\"elementor-row\">\n\t\t\t\t\t<div class=\"elementor-column elementor-col-100 elementor-top-column elementor-element elementor-element-36dcebe exad-glass-effect-no exad-sticky-section-no\" data-id=\"36dcebe\" data-element_type=\"column\">\n\t\t\t<div class=\"elementor-column-wrap elementor-element-populated\">\n\t\t\t\t\t\t\t<div class=\"elementor-widget-wrap\">\n\t\t\t\t\t\t<div class=\"elementor-element elementor-element-87aa8a9 exad-sticky-section-no exad-glass-effect-no elementor-widget elementor-widget-heading\" data-id=\"87aa8a9\" data-element_type=\"widget\" data-widget_type=\"heading.default\">\n\t\t\t\t<div class=\"elementor-widget-container\">\n\t\t\t<h2 class=\"elementor-heading-title elementor-size-default\">Kalendarz wydarze\u0144 w Bibliotece<\/h2>\t\t<\/div>\n\t\t\t\t<\/div>\n\t\t\t\t\t\t<\/div>\n\t\t\t\t\t<\/div>\n\t\t<\/div>\n\t\t\t\t\t\t\t\t<\/div>\n\t\t\t\t\t<\/div>\n\t\t<\/section>\n\t\t\t\t<section class=\"elementor-section elementor-top-section elementor-element elementor-element-c58bc02 elementor-section-boxed elementor-section-height-default elementor-section-height-default exad-glass-effect-no exad-sticky-section-no\" data-id=\"c58bc02\" data-element_type=\"section\">\n\t\t\t\t\t\t<div class=\"elementor-container elementor-column-gap-default\">\n\t\t\t\t\t\t\t<div class=\"elementor-row\">\n\t\t\t\t\t<div class=\"elementor-column elementor-col-100 elementor-top-column elementor-element elementor-element-0fc6bdf exad-glass-effect-no exad-sticky-section-no\" data-id=\"0fc6bdf\" data-element_type=\"column\">\n\t\t\t<div class=\"elementor-column-wrap elementor-element-populated\">\n\t\t\t\t\t\t\t<div class=\"elementor-widget-wrap\">\n\t\t\t\t\t\t<div class=\"elementor-element elementor-element-f991714 exad-sticky-section-no exad-glass-effect-no elementor-widget elementor-widget-spacer\" data-id=\"f991714\" data-element_type=\"widget\" data-widget_type=\"spacer.default\">\n\t\t\t\t<div class=\"elementor-widget-container\">\n\t\t\t\t\t<div class=\"elementor-spacer\">\n\t\t\t<div class=\"elementor-spacer-inner\"><\/div>\n\t\t<\/div>\n\t\t\t\t<\/div>\n\t\t\t\t<\/div>\n\t\t\t\t\t\t<\/div>\n\t\t\t\t\t<\/div>\n\t\t<\/div>\n\t\t\t\t\t\t\t\t<\/div>\n\t\t\t\t\t<\/div>\n\t\t<\/section>\n\t\t\t\t<section class=\"elementor-section elementor-top-section elementor-element elementor-element-5c332ac elementor-section-boxed elementor-section-height-default elementor-section-height-default exad-glass-effect-no exad-sticky-section-no\" data-id=\"5c332ac\" data-element_type=\"section\">\n\t\t\t\t\t\t<div class=\"elementor-container elementor-column-gap-default\">\n\t\t\t\t\t\t\t<div class=\"elementor-row\">\n\t\t\t\t\t<div class=\"elementor-column elementor-col-100 elementor-top-column elementor-element elementor-element-9ed8919 exad-glass-effect-no exad-sticky-section-no\" data-id=\"9ed8919\" data-element_type=\"column\">\n\t\t\t<div class=\"elementor-column-wrap elementor-element-populated\">\n\t\t\t\t\t\t\t<div class=\"elementor-widget-wrap\">\n\t\t\t\t\t\t<div class=\"elementor-element elementor-element-4e8f531 exad-sticky-section-no exad-glass-effect-no elementor-widget elementor-widget-shortcode\" data-id=\"4e8f531\" data-element_type=\"widget\" data-widget_type=\"shortcode.default\">\n\t\t\t\t<div class=\"elementor-widget-container\">\n\t\t\t\t\t<div class=\"elementor-shortcode\"><div class=\"mec-wrap mec-skin-grid-container  \" id=\"mec_skin_1225\">\r\n    \r\n    <div id=\"mec_search_form_1225\" class=\"mec-search-form mec-totalcal-box\"><div class=\"mec-dropdown-wrap\" ><div class=\"mec-dropdown-search\"><i class=\"mec-sl-folder\"><\/i><select  name=' ' id='mec_sf_category_1225' class='postform' >\n\t<option value='' selected='selected'>Kategoria<\/option>\n\t<option class=\"level-0\" value=\"22\">DKK<\/option>\n\t<option class=\"level-0\" value=\"24\">DKKiF<\/option>\n\t<option class=\"level-0\" value=\"1234\">Dla dzieci<\/option>\n\t<option class=\"level-0\" value=\"30\">Dla Senior\u00f3w<\/option>\n\t<option class=\"level-0\" value=\"26\">Edukacja<\/option>\n\t<option class=\"level-0\" value=\"29\">Kampania spo\u0142eczna<\/option>\n\t<option class=\"level-0\" value=\"1391\">Kiermasz ksi\u0105\u017cek<\/option>\n\t<option class=\"level-0\" value=\"1678\">Klub<\/option>\n\t<option class=\"level-0\" value=\"23\">MDKK<\/option>\n\t<option class=\"level-0\" value=\"28\">Online<\/option>\n\t<option class=\"level-0\" value=\"27\">Warsztaty artystyczne<\/option>\n\t<option class=\"level-0\" value=\"25\">Wydarzenia kulturalne<\/option>\n\t<option class=\"level-0\" value=\"1321\">Wystawa<\/option>\n<\/select>\n<\/div><div class=\"mec-dropdown-search\"><i class=\"mec-sl-location-pin\"><\/i><select  name=' ' id='mec_sf_location_1225' class='postform' >\n\t<option value='' selected='selected'>Lokalizacja<\/option>\n\t<option class=\"level-0\" value=\"45\">Biblioteka dla Dzieci nr XV<\/option>\n\t<option class=\"level-0\" value=\"43\">Biblioteka dla Dzieci nr XX<\/option>\n\t<option class=\"level-0\" value=\"145\">Biblioteka Publiczna w Dzielnicy \u017boliborz<\/option>\n\t<option class=\"level-0\" value=\"47\">Czytelnia Naukowa nr XVI<\/option>\n\t<option class=\"level-0\" value=\"48\">Czytelnia Pod Sowami<\/option>\n\t<option class=\"level-0\" value=\"1613\">Fort Sokolnickiego<\/option>\n\t<option class=\"level-0\" value=\"466\">Location Name<\/option>\n\t<option class=\"level-0\" value=\"49\">MAL przy Czytelni Pod Sowami<\/option>\n\t<option class=\"level-0\" value=\"1818\">Park Kaskada<\/option>\n\t<option class=\"level-0\" value=\"1480\">Park \u017beromskiego<\/option>\n\t<option class=\"level-0\" value=\"1063\">Park \u017bywiciela przy Bibliotece i Spo\u0142ecznym Domu Kultury oraz Teatrze Komedia<\/option>\n\t<option class=\"level-0\" value=\"598\">Plac Wilsona przy wej\u015bciu do Parku im. \u017beromskiego<\/option>\n\t<option class=\"level-0\" value=\"1242\">Spo\u0142eczny Dom Kultury<\/option>\n\t<option class=\"level-0\" value=\"21\">Wypo\u017cyczalnia nr 111<\/option>\n\t<option class=\"level-0\" value=\"42\">Wypo\u017cyczalnia nr 13<\/option>\n\t<option class=\"level-0\" value=\"44\">Wypo\u017cyczalnia nr 138<\/option>\n\t<option class=\"level-0\" value=\"46\">Wypo\u017cyczalnia nr 16<\/option>\n<\/select>\n<\/div><div class=\"mec-dropdown-search\"><i class=\"mec-sl-pin\"><\/i><select  name=' ' id='mec_sf_label_1225' class='postform' >\n\t<option value='' selected='selected'>Etykieta<\/option>\n\t<option class=\"level-0\" value=\"38\">Akcja \u017bonkile<\/option>\n\t<option class=\"level-0\" value=\"159\">Czytanie bajek<\/option>\n\t<option class=\"level-0\" value=\"1677\">Klub<\/option>\n\t<option class=\"level-0\" value=\"32\">Koncert<\/option>\n\t<option class=\"level-0\" value=\"33\">Konkurs<\/option>\n\t<option class=\"level-0\" value=\"175\">Konwersacje<\/option>\n\t<option class=\"level-0\" value=\"36\">Kurs<\/option>\n\t<option class=\"level-0\" value=\"34\">Lekcja biblioteczna<\/option>\n\t<option class=\"level-0\" value=\"158\">Noc Bibliotek<\/option>\n\t<option class=\"level-0\" value=\"31\">Spotkanie autorskie<\/option>\n\t<option class=\"level-0\" value=\"20\">Spotkanie podr\u00f3\u017cnicze<\/option>\n\t<option class=\"level-0\" value=\"40\">Tydzie\u0144 Bibliotek<\/option>\n\t<option class=\"level-0\" value=\"39\">Warszawskie Dni Seniora<\/option>\n\t<option class=\"level-0\" value=\"41\">Warsztaty artystyczne \/ kreatywne \/ plastyczne<\/option>\n\t<option class=\"level-0\" value=\"37\">Warsztaty edukacyjne<\/option>\n\t<option class=\"level-0\" value=\"35\">Wyk\u0142ad<\/option>\n\t<option class=\"level-0\" value=\"160\">Wystawa<\/option>\n<\/select>\n<\/div><\/div><\/div>    \r\n            <div class=\"mec-skin-grid-events-container\" id=\"mec_skin_events_1225\">\r\n        <div class=\"mec-wrap colorskin-custom\">\r\n    <div class=\"mec-event-grid-clean\" data-widget-autoplay=\"1\" data-widget-loop=\"1\" data-widget-autoplay-time=\"3000\">\r\n        <div class=\"row\"><div class=\"col-md-4 col-sm-4\">        <script type=\"application\/ld+json\">\r\n        {\r\n            \"@context\": \"http:\/\/schema.org\",\r\n            \"@type\": \"Event\",\r\n            \"eventStatus\": \"https:\/\/schema.org\/EventScheduled\",\r\n            \"startDate\": \"2026-09-01\",\r\n            \"endDate\": \"2026-09-30\",\r\n            \"eventAttendanceMode\": \"https:\/\/schema.org\/OfflineEventAttendanceMode\",\r\n            \"location\":\r\n            {\r\n                \"@type\": \"Place\",\r\n                                \"name\": \"Wypo\u017cyczalnia nr 111\",\r\n                \"image\": \"http:\/\/bpzoliborz.pl\/bpzoliborz\/wp-content\/uploads\/2020\/07\/wyp111-wej\u015bcie-3-scaled.jpg\",\r\n                \"address\": \"ul. Mickiewicza 65\"\r\n                            },\r\n            \"organizer\":\r\n            {\r\n                \"@type\": \"Person\",\r\n                \"name\": \"Wypo\u017cyczalnia nr 111\",\r\n                \"url\": \"http:\/\/wyp111@bpzoliborz.pl\"\r\n            },\r\n            \"offers\":\r\n            {\r\n                \"url\": \"https:\/\/bpzoliborz.pl\/bpzoliborz\/index.php\/events\/klub-puzzlowy-wypozyczalnia-nr-111-wypozyczalnia-nr-13-copy-2\/\",\r\n                \"price\": \"\",\r\n                \"priceCurrency\": \"PLN\",\r\n                \"availability\": \"https:\/\/schema.org\/InStock\",\r\n                \"validFrom\": \"2026-09-01T00:00\"\r\n            },\r\n            \"performer\": \"\",\r\n            \"description\": \"&lt;p style=&quot;text-align: center;&quot;&gt;Zapraszamy wszystkich mi\u0142o\u015bnik\u00f3w puzzli do &lt;strong&gt;Wypo\u017cyczalni nr 13&lt;\/strong&gt; przy ul. \u015amia\u0142ej 24 oraz do &lt;strong&gt;Wypo\u017cyczalni nr 111&lt;\/strong&gt; przy ul. Mickiewicza 65 na wsp\u00f3lne uk\u0142adanie.&lt;\/p&gt; &lt;p style=&quot;text-align: center;&quot;&gt;Codziennie w godzinach otwarcia Bibliotek czekaj\u0105 na was puzzle o r\u00f3\u017cnym stopniu trudno\u015bci (od 500 do 2000 element\u00f3w).&lt;\/p&gt; &lt;p style=&quot;text-align: center;&quot;&gt;Przyjd\u017a sam, z rodzin\u0105 lub przyjaci\u00f3\u0142mi, u\u0142\u00f3\u017ccie ca\u0142y obrazek lub tylko jego fragment. Ka\u017cdy do\u0142o\u017cony element si\u0119 liczy!&lt;\/p&gt; &lt;p style=&quot;text-align: center;&quot;&gt;Zapraszamy do samodzielnego lub rodzinnego uk\u0142adania. \ud83d\ude42&lt;\/p&gt; &lt;p style=&quot;text-align: center;&quot;&gt;Uk\u0142adanie puzzli to zabawa, kt\u00f3ra uczy koncentracji i skupienia, pozwala si\u0119 odstresowa\u0107 i wyciszy\u0107 oraz ciekawie sp\u0119dzi\u0107 czas bez komputera.&lt;\/p&gt; &lt;p style=&quot;text-align: center;&quot;&gt;&lt;strong&gt;KIEDY: codziennie w  godzinach otwarcia bibliotek&lt;\/strong&gt;&lt;\/p&gt; &lt;p style=&quot;text-align: center;&quot;&gt;&lt;strong&gt;GDZIE: Wypo\u017cyczalnia nr 111, ul. Mickiewicza 65, Wypo\u017cyczalnia nr 13 ul. \u015amia\u0142a 24&lt;\/strong&gt;&lt;\/p&gt; \",\r\n            \"image\": \"https:\/\/bpzoliborz.pl\/bpzoliborz\/wp-content\/uploads\/2025\/12\/klub-puzzlowy-wyp111.png\",\r\n            \"name\": \"Klub Puzzlowy Wypo\u017cyczalnia nr 111 Wypo\u017cyczalnia nr 13\",\r\n            \"url\": \"https:\/\/bpzoliborz.pl\/bpzoliborz\/index.php\/events\/klub-puzzlowy-wypozyczalnia-nr-111-wypozyczalnia-nr-13-copy-2\/?occurrence=2026-09-01&time=1788249600\"\r\n        }\r\n        <\/script>\r\n        <article class=\" mec-event-article mec-clear  \" itemscope>                    <div class=\"event-grid-t2-head mec-bg-color clearfix\">\r\n                                    <div class=\"mec-event-month\"><span class=\"mec-start-date-label\" itemprop=\"startDate\">01 - 30 wrzesie\u0144<\/span><\/div>\r\n                                                            <div class=\"mec-time-details\"><span class=\"mec-start-time\">Ca\u0142y dzie\u0144<\/span><\/div>                                <div class=\"mec-event-detail\">\r\n                    <div class=\"mec-event-loc-place\">Wypo\u017cyczalnia nr 111<\/div>\r\n                                                                            <\/div>\r\n            <\/div>\r\n            <div class=\"mec-event-image\"><a   data-event-id=\"33391\" href=\"https:\/\/bpzoliborz.pl\/bpzoliborz\/index.php\/events\/klub-puzzlowy-wypozyczalnia-nr-111-wypozyczalnia-nr-13-copy-2\/?occurrence=2026-09-01&time=1788249600\" target=\"m1\" rel=\"noopener\"><img width=\"1080\" height=\"675\" src=\"https:\/\/bpzoliborz.pl\/bpzoliborz\/wp-content\/uploads\/2025\/12\/klub-puzzlowy-wyp111.png\" class=\"attachment-medium size-medium wp-post-image\" alt=\"\" loading=\"lazy\" data-mec-postid=\"33391\" srcset=\"https:\/\/bpzoliborz.pl\/bpzoliborz\/wp-content\/uploads\/2025\/12\/klub-puzzlowy-wyp111.png 1080w, https:\/\/bpzoliborz.pl\/bpzoliborz\/wp-content\/uploads\/2025\/12\/klub-puzzlowy-wyp111-768x480.png 768w\" sizes=\"(max-width: 1080px) 100vw, 1080px\" \/><\/a><\/div>\r\n            <div class=\"mec-event-content\">\r\n                                                                <h4 class=\"mec-event-title\"><a class=\"mec-color-hover\"  data-event-id=\"33391\" href=\"https:\/\/bpzoliborz.pl\/bpzoliborz\/index.php\/events\/klub-puzzlowy-wypozyczalnia-nr-111-wypozyczalnia-nr-13-copy-2\/?occurrence=2026-09-01&time=1788249600\" target=\"m1\" rel=\"noopener\">Klub Puzzlowy Wypo\u017cyczalnia nr 111 Wypo\u017cyczalnia nr 13<\/a><span class=\"event-color\" style=\"background: #\"><\/span><\/h4>\r\n                <p class=\"mec-grid-event-location\">ul. Mickiewicza 65<\/p>\r\n            <\/div>\r\n            <div class=\"mec-event-footer mec-color\">\r\n                                <ul class=\"mec-event-sharing-wrap\">\r\n                    <li class=\"mec-event-share\">\r\n                        <a href=\"#\" class=\"mec-event-share-icon\">\r\n                            <i class=\"mec-sl-share\" title=\"Share\"><\/i>\r\n                        <\/a>\r\n                    <\/li>\r\n                    <li>\r\n                        <ul class=\"mec-event-sharing\">\r\n                            <li class=\"mec-event-social-icon\"><a class=\"facebook\" href=\"https:\/\/www.facebook.com\/sharer\/sharer.php?u=https%3A%2F%2Fbpzoliborz.pl%2Fbpzoliborz%2Findex.php%2Fevents%2Fklub-puzzlowy-wypozyczalnia-nr-111-wypozyczalnia-nr-13-copy-2%2F\" onclick=\"javascript:window.open(this.href, '', 'menubar=no,toolbar=no,resizable=yes,scrollbars=yes,height=500,width=600'); return false;\" title=\"Udost\u0119pnij na Facebooku\"><i class=\"mec-fa-facebook\"><\/i><\/a><\/li><li class=\"mec-event-social-icon\"><a class=\"twitter\" href=\"https:\/\/twitter.com\/share?url=https%3A%2F%2Fbpzoliborz.pl%2Fbpzoliborz%2Findex.php%2Fevents%2Fklub-puzzlowy-wypozyczalnia-nr-111-wypozyczalnia-nr-13-copy-2%2F\" onclick=\"javascript:window.open(this.href, '', 'menubar=no,toolbar=no,resizable=yes,scrollbars=yes,height=600,width=500'); return false;\" target=\"_blank\" title=\"Tweetuj\"><i class=\"mec-fa-twitter\"><\/i><\/a><\/li><li class=\"mec-event-social-icon\"><a class=\"email\" href=\"mailto:?subject=Klub Puzzlowy Wypo\u017cyczalnia nr 111 Wypo\u017cyczalnia nr 13&body=https%3A%2F%2Fbpzoliborz.pl%2Fbpzoliborz%2Findex.php%2Fevents%2Fklub-puzzlowy-wypozyczalnia-nr-111-wypozyczalnia-nr-13-copy-2%2F\" title=\"Email\"><i class=\"mec-fa-envelope\"><\/i><\/a><\/li>                        <\/ul>\r\n                    <\/li>\r\n                <\/ul>\r\n                                                                <a class=\"mec-booking-button\"  data-event-id=\"33391\" href=\"https:\/\/bpzoliborz.pl\/bpzoliborz\/index.php\/events\/klub-puzzlowy-wypozyczalnia-nr-111-wypozyczalnia-nr-13-copy-2\/?occurrence=2026-09-01&time=1788249600\" target=\"m1\" rel=\"noopener\">Poka\u017c szczeg\u00f3\u0142y<\/a>            <\/div>\r\n        <\/article><\/div>        <div class=\"col-md-4 col-sm-4\">        <script type=\"application\/ld+json\">\r\n        {\r\n            \"@context\": \"http:\/\/schema.org\",\r\n            \"@type\": \"Event\",\r\n            \"eventStatus\": \"https:\/\/schema.org\/EventScheduled\",\r\n            \"startDate\": \"2026-09-01\",\r\n            \"endDate\": \"2027-09-30\",\r\n            \"eventAttendanceMode\": \"https:\/\/schema.org\/OfflineEventAttendanceMode\",\r\n            \"location\":\r\n            {\r\n                \"@type\": \"Place\",\r\n                                \"name\": \"Biblioteka dla Dzieci nr XV\",\r\n                \"image\": \"http:\/\/bpzoliborz.pl\/bpzoliborz\/wp-content\/uploads\/2020\/07\/broniewskiego.jpg\",\r\n                \"address\": \"ul. Broniewskiego 9a\"\r\n                            },\r\n            \"organizer\":\r\n            {\r\n                \"@type\": \"Person\",\r\n                \"name\": \"Biblioteka dla Dzieci nr XV\",\r\n                \"url\": \"http:\/\/bpzoliborz.pl\/bpzoliborz\/index.php\/biblioteka-dla-dzieci-nr-xv\/\"\r\n            },\r\n            \"offers\":\r\n            {\r\n                \"url\": \"https:\/\/bpzoliborz.pl\/bpzoliborz\/index.php\/events\/biblioteczne-bingo-dla-dzieci-561\/\",\r\n                \"price\": \"\",\r\n                \"priceCurrency\": \"PLN\",\r\n                \"availability\": \"https:\/\/schema.org\/InStock\",\r\n                \"validFrom\": \"2026-09-01T00:00\"\r\n            },\r\n            \"performer\": \"\",\r\n            \"description\": \"&lt;p&gt;&lt;strong&gt;Ju\u017c od 1 WRZE\u015aNIA&lt;\/strong&gt; zapraszamy Was do udzia\u0142u w naszej grze bibliotecznej: &lt;strong&gt;\u201eBiblioteczne Safari\u201d&lt;\/strong&gt;.&lt;\/p&gt; &lt;p&gt;&lt;strong&gt;Co musisz zrobi\u0107, \u017ceby wygra\u0107?&lt;\/strong&gt;&lt;br \/&gt; \u2013 &lt;strong&gt;Zg\u0142o\u015b si\u0119 do bibliotekarza&lt;\/strong&gt; po swoj\u0105 Kart\u0119 Gracza. &lt;em&gt;(Uwaga: liczba kart ograniczona!)&lt;\/em&gt;&lt;br \/&gt; \u2013 &lt;strong&gt;Wybieraj ksi\u0105\u017cki do zada\u0144&lt;\/strong&gt; i wypo\u017cyczaj je! Pami\u0119taj, jedna ksi\u0105\u017cka liczy si\u0119 do jednej kategorii.&lt;br \/&gt; \u2013 &lt;strong&gt;Piecz\u0105tki zdob\u0119dziesz&lt;\/strong&gt; przy zwrocie ksi\u0105\u017cek.&lt;br \/&gt; \u2013 Podczas jednej wizyty mo\u017cesz zebra\u0107 &lt;strong&gt;maksymalnie 3 piecz\u0105tki&lt;\/strong&gt;.&lt;br \/&gt; \u2013 Po zebraniu wszystkich\u2026 &lt;strong&gt;Wygraj nagrod\u0119!&lt;\/strong&gt;&lt;\/p&gt; &lt;p&gt;Pami\u0119tajcie, gra toczy si\u0119 o nagrod\u0119 \u2013 &lt;strong&gt;figurk\u0119 ze zwierzakiem!&lt;\/strong&gt; Obowi\u0105zuje zasada: &lt;strong&gt;Kto pierwszy, ten lepszy!&lt;\/strong&gt;&lt;\/p&gt; &lt;p&gt;&lt;strong&gt;Wielkie podzi\u0119kowania!&lt;\/strong&gt;&lt;br \/&gt; Na koniec chcemy wys\u0142a\u0107 ogromne podzi\u0119kowania dla naszego Czytelnika za figurki: &lt;strong&gt;S\u0141ONIA, TYGRYSA i LWA&lt;\/strong&gt;.&lt;\/p&gt; &lt;p style=&quot;text-align: center&quot;&gt;&lt;strong&gt;GDZIE: &lt;\/strong&gt;Biblioteka dla Dzieci i M\u0142odzie\u017cy nr XV,&lt;br \/&gt; &lt;span class=&quot;a_GcMg font-feature-liga-off font-feature-clig-off font-feature-calt-off text-decoration-none text-strikethrough-none&quot;&gt;ul. Broniewskiego 9a&lt;\/span&gt;&lt;\/p&gt; \",\r\n            \"image\": \"https:\/\/bpzoliborz.pl\/bpzoliborz\/wp-content\/uploads\/2026\/08\/obrazek-wyrozniajacy-na-strone-Broniewskiego-29.png\",\r\n            \"name\": \"Gra &#8220;Biblioteczne Safari&#8221;\",\r\n            \"url\": \"https:\/\/bpzoliborz.pl\/bpzoliborz\/index.php\/events\/biblioteczne-bingo-dla-dzieci-561\/?occurrence=2026-09-01\"\r\n        }\r\n        <\/script>\r\n        <article class=\" mec-event-article mec-clear  \" itemscope>                    <div class=\"event-grid-t2-head mec-bg-color clearfix\">\r\n                                    <div class=\"mec-event-month\"><span class=\"mec-start-date-label\" itemprop=\"startDate\">01 wrze\u015bnia<\/span><span class=\"mec-end-date-label\" itemprop=\"endDate\"> - 30 wrze\u015bnia<\/span><\/div>\r\n                                                            <div class=\"mec-time-details\"><span class=\"mec-start-time\">Ca\u0142y dzie\u0144<\/span><\/div>                                <div class=\"mec-event-detail\">\r\n                    <div class=\"mec-event-loc-place\">Biblioteka dla Dzieci nr XV<\/div>\r\n                                                                            <\/div>\r\n            <\/div>\r\n            <div class=\"mec-event-image\"><a   data-event-id=\"33478\" href=\"https:\/\/bpzoliborz.pl\/bpzoliborz\/index.php\/events\/biblioteczne-bingo-dla-dzieci-561\/?occurrence=2026-09-01\" target=\"m1\" rel=\"noopener\"><img width=\"1080\" height=\"675\" src=\"https:\/\/bpzoliborz.pl\/bpzoliborz\/wp-content\/uploads\/2026\/08\/obrazek-wyrozniajacy-na-strone-Broniewskiego-29.png\" class=\"attachment-medium size-medium wp-post-image\" alt=\"Zapowied\u017a wydarzenia \u201eBiblioteczne Safari\u201d w Bibliotece dla Dzieci nr XV, rozpoczynaj\u0105cego si\u0119 od 1 wrze\u015bnia. Na grafice w okr\u0119gu przedstawiono afryka\u0144sk\u0105 sawann\u0119 ze s\u0142oniem, akacjami oraz otwart\u0105 ksi\u0105\u017ck\u0105 na pierwszym planie. Na dole znajduj\u0105 si\u0119 logotypy Biblioteki Publicznej w Dzielnicy \u017boliborz i m.st. Warszawy.\" loading=\"lazy\" data-mec-postid=\"33478\" srcset=\"https:\/\/bpzoliborz.pl\/bpzoliborz\/wp-content\/uploads\/2026\/08\/obrazek-wyrozniajacy-na-strone-Broniewskiego-29.png 1080w, https:\/\/bpzoliborz.pl\/bpzoliborz\/wp-content\/uploads\/2026\/08\/obrazek-wyrozniajacy-na-strone-Broniewskiego-29-768x480.png 768w\" sizes=\"(max-width: 1080px) 100vw, 1080px\" \/><\/a><\/div>\r\n            <div class=\"mec-event-content\">\r\n                                                                <h4 class=\"mec-event-title\"><a class=\"mec-color-hover\"  data-event-id=\"33478\" href=\"https:\/\/bpzoliborz.pl\/bpzoliborz\/index.php\/events\/biblioteczne-bingo-dla-dzieci-561\/?occurrence=2026-09-01\" target=\"m1\" rel=\"noopener\">Gra &#8220;Biblioteczne Safari&#8221;<\/a><span class=\"event-color\" style=\"background: #02b5cd\"><\/span><\/h4>\r\n                <p class=\"mec-grid-event-location\">ul. Broniewskiego 9a<\/p>\r\n            <\/div>\r\n            <div class=\"mec-event-footer mec-color\">\r\n                                <ul class=\"mec-event-sharing-wrap\">\r\n                    <li class=\"mec-event-share\">\r\n                        <a href=\"#\" class=\"mec-event-share-icon\">\r\n                            <i class=\"mec-sl-share\" title=\"Share\"><\/i>\r\n                        <\/a>\r\n                    <\/li>\r\n                    <li>\r\n                        <ul class=\"mec-event-sharing\">\r\n                            <li class=\"mec-event-social-icon\"><a class=\"facebook\" href=\"https:\/\/www.facebook.com\/sharer\/sharer.php?u=https%3A%2F%2Fbpzoliborz.pl%2Fbpzoliborz%2Findex.php%2Fevents%2Fbiblioteczne-bingo-dla-dzieci-561%2F\" onclick=\"javascript:window.open(this.href, '', 'menubar=no,toolbar=no,resizable=yes,scrollbars=yes,height=500,width=600'); return false;\" title=\"Udost\u0119pnij na Facebooku\"><i class=\"mec-fa-facebook\"><\/i><\/a><\/li><li class=\"mec-event-social-icon\"><a class=\"twitter\" href=\"https:\/\/twitter.com\/share?url=https%3A%2F%2Fbpzoliborz.pl%2Fbpzoliborz%2Findex.php%2Fevents%2Fbiblioteczne-bingo-dla-dzieci-561%2F\" onclick=\"javascript:window.open(this.href, '', 'menubar=no,toolbar=no,resizable=yes,scrollbars=yes,height=600,width=500'); return false;\" target=\"_blank\" title=\"Tweetuj\"><i class=\"mec-fa-twitter\"><\/i><\/a><\/li><li class=\"mec-event-social-icon\"><a class=\"email\" href=\"mailto:?subject=Gra %26#8220;Biblioteczne Safari\u2019\u2019&body=https%3A%2F%2Fbpzoliborz.pl%2Fbpzoliborz%2Findex.php%2Fevents%2Fbiblioteczne-bingo-dla-dzieci-561%2F\" title=\"Email\"><i class=\"mec-fa-envelope\"><\/i><\/a><\/li>                        <\/ul>\r\n                    <\/li>\r\n                <\/ul>\r\n                                                                <a class=\"mec-booking-button\"  data-event-id=\"33478\" href=\"https:\/\/bpzoliborz.pl\/bpzoliborz\/index.php\/events\/biblioteczne-bingo-dla-dzieci-561\/?occurrence=2026-09-01\" target=\"m1\" rel=\"noopener\">Poka\u017c szczeg\u00f3\u0142y<\/a>            <\/div>\r\n        <\/article><\/div>                <div class=\"col-md-4 col-sm-4\">        <script type=\"application\/ld+json\">\r\n        {\r\n            \"@context\": \"http:\/\/schema.org\",\r\n            \"@type\": \"Event\",\r\n            \"eventStatus\": \"https:\/\/schema.org\/EventScheduled\",\r\n            \"startDate\": \"2026-09-07\",\r\n            \"endDate\": \"2026-09-07\",\r\n            \"eventAttendanceMode\": \"https:\/\/schema.org\/OfflineEventAttendanceMode\",\r\n            \"location\":\r\n            {\r\n                \"@type\": \"Place\",\r\n                                \"name\": \"Biblioteka dla Dzieci nr XV\",\r\n                \"image\": \"http:\/\/bpzoliborz.pl\/bpzoliborz\/wp-content\/uploads\/2020\/07\/broniewskiego.jpg\",\r\n                \"address\": \"ul. Broniewskiego 9a\"\r\n                            },\r\n            \"organizer\":\r\n            {\r\n                \"@type\": \"Person\",\r\n                \"name\": \"Biblioteka dla Dzieci nr XV\",\r\n                \"url\": \"http:\/\/bpzoliborz.pl\/bpzoliborz\/index.php\/biblioteka-dla-dzieci-nr-xv\/\"\r\n            },\r\n            \"offers\":\r\n            {\r\n                \"url\": \"https:\/\/bpzoliborz.pl\/bpzoliborz\/index.php\/events\/kartki-dla-dziadkow-warsztaty-plastyczne-372-869-823\/\",\r\n                \"price\": \"\",\r\n                \"priceCurrency\": \"PLN\",\r\n                \"availability\": \"https:\/\/schema.org\/InStock\",\r\n                \"validFrom\": \"2026-09-07T00:00\"\r\n            },\r\n            \"performer\": \"\",\r\n            \"description\": \"&lt;p style=&quot;text-align: center&quot; data-start=&quot;76&quot; data-end=&quot;354&quot;&gt;Zapraszamy na warsztaty plastyczne dla dzieci i rodzic\u00f3w, podczas kt\u00f3rych uczestnicy wykonaj\u0105 papierowe dekoracje z motywem ryb.&lt;\/p&gt; &lt;p style=&quot;text-align: center&quot;&gt;&lt;strong&gt;KIEDY:&lt;\/strong&gt;&lt;\/p&gt; &lt;p style=&quot;text-align: center&quot;&gt;&lt;strong&gt;&lt;span class=&quot;a_GcMg font-feature-liga-off font-feature-clig-off font-feature-calt-off text-decoration-none text-strikethrough-none&quot;&gt;7 wrze\u015bnia (poniedzia\u0142ek)&lt;\/span&gt;&lt;\/strong&gt;&lt;\/p&gt; &lt;p style=&quot;text-align: center&quot;&gt;&lt;span class=&quot;a_GcMg font-feature-liga-off font-feature-clig-off font-feature-calt-off text-decoration-none text-strikethrough-none&quot;&gt;&lt;strong&gt;Grupa 1&lt;\/strong&gt;: 17.00&lt;\/span&gt;&lt;\/p&gt; &lt;p style=&quot;text-align: center&quot;&gt;&lt;strong&gt;Grupa 2:&lt;\/strong&gt; 18.00&lt;\/p&gt; &lt;p&gt;&nbsp;&lt;\/p&gt; &lt;p style=&quot;text-align: center&quot;&gt;&lt;strong&gt;GDZIE: &lt;\/strong&gt;Biblioteka dla Dzieci i M\u0142odzie\u017cy nr XV,&lt;br \/&gt; &lt;span class=&quot;a_GcMg font-feature-liga-off font-feature-clig-off font-feature-calt-off text-decoration-none text-strikethrough-none&quot;&gt;ul. Broniewskiego 9a&lt;\/span&gt;&lt;\/p&gt; &lt;p style=&quot;text-align: center&quot;&gt;Zapisy pod numerem telefonu 22 633-90-80&lt;\/p&gt; \",\r\n            \"image\": \"https:\/\/bpzoliborz.pl\/bpzoliborz\/wp-content\/uploads\/2026\/08\/obrazek-wyrozniajacy-na-strone-Broniewskiego-18.png\",\r\n            \"name\": \"Papierowe rybki &#8211; warsztaty plastyczne z cyklu &#8220;Ksi\u0105\u017ckowe wycinanki&#8221;\",\r\n            \"url\": \"https:\/\/bpzoliborz.pl\/bpzoliborz\/index.php\/events\/kartki-dla-dziadkow-warsztaty-plastyczne-372-869-823\/?occurrence=2026-09-07&time=1788800400\"\r\n        }\r\n        <\/script>\r\n        <article class=\" mec-event-article mec-clear  \" itemscope>                    <div class=\"event-grid-t2-head mec-bg-color clearfix\">\r\n                                    <div class=\"mec-event-month\"><span class=\"mec-start-date-label\" itemprop=\"startDate\">07 wrze\u015bnia<\/span><\/div>\r\n                                                            <div class=\"mec-time-details\"><span class=\"mec-start-time\">17:00<\/span> - <span class=\"mec-end-time\">19:00<\/span><\/div>                                <div class=\"mec-event-detail\">\r\n                    <div class=\"mec-event-loc-place\">Biblioteka dla Dzieci nr XV<\/div>\r\n                                                                            <\/div>\r\n            <\/div>\r\n            <div class=\"mec-event-image\"><a   data-event-id=\"33194\" href=\"https:\/\/bpzoliborz.pl\/bpzoliborz\/index.php\/events\/kartki-dla-dziadkow-warsztaty-plastyczne-372-869-823\/?occurrence=2026-09-07&time=1788800400\" target=\"m1\" rel=\"noopener\"><img width=\"1080\" height=\"675\" src=\"https:\/\/bpzoliborz.pl\/bpzoliborz\/wp-content\/uploads\/2026\/08\/obrazek-wyrozniajacy-na-strone-Broniewskiego-18.png\" class=\"attachment-medium size-medium wp-post-image\" alt=\"Grafika promuj\u0105ca zaj\u0119cia plastyczne \u201ePapierowe rybki\u201d z cyklu \u201eKsi\u0105\u017ckowe wycinanki\u201d, organizowane przez Bibliotek\u0119 dla Dzieci i M\u0142odzie\u017cy nr XV. Na turkusowym tle znajduj\u0105 si\u0119 ilustracje dw\u00f3ch pomara\u0144czowych rybek oraz b\u0105belki przypominaj\u0105ce podwodny \u015bwiat. Na grafice widniej\u0105 informacje o wydarzeniu: 7 wrze\u015bnia, w godzinach 17.00\u201318.00, w bibliotece przy ul. Broniewskiego 9A. W dolnej cz\u0119\u015bci umieszczono logotypy Biblioteki Publicznej w Dzielnicy \u017boliborz m.st. Warszawy oraz Instytucji Kultury m.st. Warszawy.\" loading=\"lazy\" data-mec-postid=\"33194\" srcset=\"https:\/\/bpzoliborz.pl\/bpzoliborz\/wp-content\/uploads\/2026\/08\/obrazek-wyrozniajacy-na-strone-Broniewskiego-18.png 1080w, https:\/\/bpzoliborz.pl\/bpzoliborz\/wp-content\/uploads\/2026\/08\/obrazek-wyrozniajacy-na-strone-Broniewskiego-18-768x480.png 768w\" sizes=\"(max-width: 1080px) 100vw, 1080px\" \/><\/a><\/div>\r\n            <div class=\"mec-event-content\">\r\n                                                                <h4 class=\"mec-event-title\"><a class=\"mec-color-hover\"  data-event-id=\"33194\" href=\"https:\/\/bpzoliborz.pl\/bpzoliborz\/index.php\/events\/kartki-dla-dziadkow-warsztaty-plastyczne-372-869-823\/?occurrence=2026-09-07&time=1788800400\" target=\"m1\" rel=\"noopener\">Papierowe rybki &#8211; warsztaty plastyczne z cyklu &#8220;Ksi\u0105\u017ckowe wycinanki&#8221;<\/a><span class=\"event-color\" style=\"background: #02b5cd\"><\/span><\/h4>\r\n                <p class=\"mec-grid-event-location\">ul. Broniewskiego 9a<\/p>\r\n            <\/div>\r\n            <div class=\"mec-event-footer mec-color\">\r\n                                <ul class=\"mec-event-sharing-wrap\">\r\n                    <li class=\"mec-event-share\">\r\n                        <a href=\"#\" class=\"mec-event-share-icon\">\r\n                            <i class=\"mec-sl-share\" title=\"Share\"><\/i>\r\n                        <\/a>\r\n                    <\/li>\r\n                    <li>\r\n                        <ul class=\"mec-event-sharing\">\r\n                            <li class=\"mec-event-social-icon\"><a class=\"facebook\" href=\"https:\/\/www.facebook.com\/sharer\/sharer.php?u=https%3A%2F%2Fbpzoliborz.pl%2Fbpzoliborz%2Findex.php%2Fevents%2Fkartki-dla-dziadkow-warsztaty-plastyczne-372-869-823%2F\" onclick=\"javascript:window.open(this.href, '', 'menubar=no,toolbar=no,resizable=yes,scrollbars=yes,height=500,width=600'); return false;\" title=\"Udost\u0119pnij na Facebooku\"><i class=\"mec-fa-facebook\"><\/i><\/a><\/li><li class=\"mec-event-social-icon\"><a class=\"twitter\" href=\"https:\/\/twitter.com\/share?url=https%3A%2F%2Fbpzoliborz.pl%2Fbpzoliborz%2Findex.php%2Fevents%2Fkartki-dla-dziadkow-warsztaty-plastyczne-372-869-823%2F\" onclick=\"javascript:window.open(this.href, '', 'menubar=no,toolbar=no,resizable=yes,scrollbars=yes,height=600,width=500'); return false;\" target=\"_blank\" title=\"Tweetuj\"><i class=\"mec-fa-twitter\"><\/i><\/a><\/li><li class=\"mec-event-social-icon\"><a class=\"email\" href=\"mailto:?subject=Papierowe rybki - warsztaty plastyczne z cyklu %26#8220;Ksi\u0105\u017ckowe wycinanki\u2019\u2019&body=https%3A%2F%2Fbpzoliborz.pl%2Fbpzoliborz%2Findex.php%2Fevents%2Fkartki-dla-dziadkow-warsztaty-plastyczne-372-869-823%2F\" title=\"Email\"><i class=\"mec-fa-envelope\"><\/i><\/a><\/li>                        <\/ul>\r\n                    <\/li>\r\n                <\/ul>\r\n                                                                <a class=\"mec-booking-button\"  data-event-id=\"33194\" href=\"https:\/\/bpzoliborz.pl\/bpzoliborz\/index.php\/events\/kartki-dla-dziadkow-warsztaty-plastyczne-372-869-823\/?occurrence=2026-09-07&time=1788800400\" target=\"m1\" rel=\"noopener\">Poka\u017c szczeg\u00f3\u0142y<\/a>            <\/div>\r\n        <\/article><\/div><\/div>                <div class=\"row\"><div class=\"col-md-4 col-sm-4\">        <script type=\"application\/ld+json\">\r\n        {\r\n            \"@context\": \"http:\/\/schema.org\",\r\n            \"@type\": \"Event\",\r\n            \"eventStatus\": \"https:\/\/schema.org\/EventScheduled\",\r\n            \"startDate\": \"2026-09-08\",\r\n            \"endDate\": \"2026-09-08\",\r\n            \"eventAttendanceMode\": \"https:\/\/schema.org\/OfflineEventAttendanceMode\",\r\n            \"location\":\r\n            {\r\n                \"@type\": \"Place\",\r\n                                \"name\": \"Wypo\u017cyczalnia nr 16\",\r\n                \"image\": \"http:\/\/bpzoliborz.pl\/bpzoliborz\/wp-content\/uploads\/2020\/07\/Biblioteka-nr-16-S\u0142owackiego-19a-scaled-e1594730867309.jpg\",\r\n                \"address\": \"ul. S\u0142owackiego 19a\"\r\n                            },\r\n            \"organizer\":\r\n            {\r\n                \"@type\": \"Person\",\r\n                \"name\": \"Wypo\u017cyczalnia nr 16\",\r\n                \"url\": \"http:\/\/bpzoliborz.pl\/bpzoliborz\/index.php\/wypozyczalnia-nr-16\/\"\r\n            },\r\n            \"offers\":\r\n            {\r\n                \"url\": \"https:\/\/bpzoliborz.pl\/bpzoliborz\/index.php\/events\/kolko-szachowe-459-676-687-782-324-369-632-377-684-564-740-965-688-691\/\",\r\n                \"price\": \"\",\r\n                \"priceCurrency\": \"PLN\",\r\n                \"availability\": \"https:\/\/schema.org\/InStock\",\r\n                \"validFrom\": \"2026-09-08T00:00\"\r\n            },\r\n            \"performer\": \"\",\r\n            \"description\": \"&lt;p align=&quot;LEFT&quot;&gt;&lt;span style=&quot;color: #000000&quot;&gt;&lt;span style=&quot;font-family: Calibri, sans-serif&quot;&gt;&lt;span style=&quot;font-size: medium&quot;&gt;&lt;span lang=&quot;pl-PL&quot;&gt;Zapraszamy wszystkich mi\u0142o\u015bnik\u00f3w szach\u00f3w, bez wzgl\u0119du na wiek czy umiej\u0119tno\u015bci. Udost\u0119pniamy szachownice oraz zegary szachowe, nauczymy r\u00f3wnie\u017c podstaw gry.&lt;\/span&gt;&lt;\/span&gt;&lt;\/span&gt;&lt;\/span&gt;&lt;\/p&gt; &lt;p style=&quot;text-align: center&quot; align=&quot;LEFT&quot;&gt;ka\u017cdy wtorek 17.00-19.00&lt;\/p&gt; &lt;p style=&quot;text-align: center&quot; align=&quot;LEFT&quot;&gt;Wypo\u017cyczalnia dla Doros\u0142ych i M\u0142odzie\u017cy nr 16&lt;\/p&gt; &lt;p style=&quot;text-align: center&quot; align=&quot;LEFT&quot;&gt;ul. S\u0142owackiego 9A&lt;\/p&gt; \",\r\n            \"image\": \"https:\/\/bpzoliborz.pl\/bpzoliborz\/wp-content\/uploads\/2026\/06\/Szachy-obrazek-wyrozniajacy-na-strone-wyp16-8.png\",\r\n            \"name\": \"K\u00f3\u0142ko szachowe\",\r\n            \"url\": \"https:\/\/bpzoliborz.pl\/bpzoliborz\/index.php\/events\/kolko-szachowe-459-676-687-782-324-369-632-377-684-564-740-965-688-691\/?occurrence=2026-09-08&time=1788886800\"\r\n        }\r\n        <\/script>\r\n        <article class=\"mec-past-event mec-event-article mec-clear  \" itemscope>                    <div class=\"event-grid-t2-head mec-bg-color clearfix\">\r\n                                    <div class=\"mec-event-month\"><span class=\"mec-start-date-label\" itemprop=\"startDate\">08 wrze\u015bnia<\/span><\/div>\r\n                                                            <div class=\"mec-time-details\"><span class=\"mec-start-time\">17:00<\/span> - <span class=\"mec-end-time\">19:00<\/span><\/div>                                <div class=\"mec-event-detail\">\r\n                    <div class=\"mec-event-loc-place\">Wypo\u017cyczalnia nr 16<\/div>\r\n                                                                            <\/div>\r\n            <\/div>\r\n            <div class=\"mec-event-image\"><a   data-event-id=\"14356\" href=\"https:\/\/bpzoliborz.pl\/bpzoliborz\/index.php\/events\/kolko-szachowe-459-676-687-782-324-369-632-377-684-564-740-965-688-691\/?occurrence=2026-09-08&time=1788886800\" target=\"m1\" rel=\"noopener\"><img width=\"1080\" height=\"675\" src=\"https:\/\/bpzoliborz.pl\/bpzoliborz\/wp-content\/uploads\/2026\/06\/Szachy-obrazek-wyrozniajacy-na-strone-wyp16-8.png\" class=\"attachment-medium size-medium wp-post-image\" alt=\"grafika wyr\u00f3\u017cniaj\u0105ca przedstawiaj\u0105ca trzy bierki szachowe stoj\u0105ce na szachownicy\" loading=\"lazy\" data-mec-postid=\"14356\" srcset=\"https:\/\/bpzoliborz.pl\/bpzoliborz\/wp-content\/uploads\/2026\/06\/Szachy-obrazek-wyrozniajacy-na-strone-wyp16-8.png 1080w, https:\/\/bpzoliborz.pl\/bpzoliborz\/wp-content\/uploads\/2026\/06\/Szachy-obrazek-wyrozniajacy-na-strone-wyp16-8-768x480.png 768w\" sizes=\"(max-width: 1080px) 100vw, 1080px\" \/><\/a><\/div>\r\n            <div class=\"mec-event-content\">\r\n                                                                <h4 class=\"mec-event-title\"><a class=\"mec-color-hover\"  data-event-id=\"14356\" href=\"https:\/\/bpzoliborz.pl\/bpzoliborz\/index.php\/events\/kolko-szachowe-459-676-687-782-324-369-632-377-684-564-740-965-688-691\/?occurrence=2026-09-08&time=1788886800\" target=\"m1\" rel=\"noopener\">K\u00f3\u0142ko szachowe<\/a><span class=\"event-color\" style=\"background: #\"><\/span><\/h4>\r\n                <p class=\"mec-grid-event-location\">ul. S\u0142owackiego 19a<\/p>\r\n            <\/div>\r\n            <div class=\"mec-event-footer mec-color\">\r\n                                <ul class=\"mec-event-sharing-wrap\">\r\n                    <li class=\"mec-event-share\">\r\n                        <a href=\"#\" class=\"mec-event-share-icon\">\r\n                            <i class=\"mec-sl-share\" title=\"Share\"><\/i>\r\n                        <\/a>\r\n                    <\/li>\r\n                    <li>\r\n                        <ul class=\"mec-event-sharing\">\r\n                            <li class=\"mec-event-social-icon\"><a class=\"facebook\" href=\"https:\/\/www.facebook.com\/sharer\/sharer.php?u=https%3A%2F%2Fbpzoliborz.pl%2Fbpzoliborz%2Findex.php%2Fevents%2Fkolko-szachowe-459-676-687-782-324-369-632-377-684-564-740-965-688-691%2F\" onclick=\"javascript:window.open(this.href, '', 'menubar=no,toolbar=no,resizable=yes,scrollbars=yes,height=500,width=600'); return false;\" title=\"Udost\u0119pnij na Facebooku\"><i class=\"mec-fa-facebook\"><\/i><\/a><\/li><li class=\"mec-event-social-icon\"><a class=\"twitter\" href=\"https:\/\/twitter.com\/share?url=https%3A%2F%2Fbpzoliborz.pl%2Fbpzoliborz%2Findex.php%2Fevents%2Fkolko-szachowe-459-676-687-782-324-369-632-377-684-564-740-965-688-691%2F\" onclick=\"javascript:window.open(this.href, '', 'menubar=no,toolbar=no,resizable=yes,scrollbars=yes,height=600,width=500'); return false;\" target=\"_blank\" title=\"Tweetuj\"><i class=\"mec-fa-twitter\"><\/i><\/a><\/li><li class=\"mec-event-social-icon\"><a class=\"email\" href=\"mailto:?subject=K\u00f3\u0142ko szachowe&body=https%3A%2F%2Fbpzoliborz.pl%2Fbpzoliborz%2Findex.php%2Fevents%2Fkolko-szachowe-459-676-687-782-324-369-632-377-684-564-740-965-688-691%2F\" title=\"Email\"><i class=\"mec-fa-envelope\"><\/i><\/a><\/li>                        <\/ul>\r\n                    <\/li>\r\n                <\/ul>\r\n                                                                <a class=\"mec-booking-button\"  data-event-id=\"14356\" href=\"https:\/\/bpzoliborz.pl\/bpzoliborz\/index.php\/events\/kolko-szachowe-459-676-687-782-324-369-632-377-684-564-740-965-688-691\/?occurrence=2026-09-08&time=1788886800\" target=\"m1\" rel=\"noopener\">Poka\u017c szczeg\u00f3\u0142y<\/a>            <\/div>\r\n        <\/article><\/div>        <div class=\"col-md-4 col-sm-4\">        <script type=\"application\/ld+json\">\r\n        {\r\n            \"@context\": \"http:\/\/schema.org\",\r\n            \"@type\": \"Event\",\r\n            \"eventStatus\": \"https:\/\/schema.org\/EventScheduled\",\r\n            \"startDate\": \"2026-09-08\",\r\n            \"endDate\": \"2026-09-08\",\r\n            \"eventAttendanceMode\": \"https:\/\/schema.org\/OfflineEventAttendanceMode\",\r\n            \"location\":\r\n            {\r\n                \"@type\": \"Place\",\r\n                                \"name\": \"Biblioteka dla Dzieci nr XV\",\r\n                \"image\": \"http:\/\/bpzoliborz.pl\/bpzoliborz\/wp-content\/uploads\/2020\/07\/broniewskiego.jpg\",\r\n                \"address\": \"ul. Broniewskiego 9a\"\r\n                            },\r\n            \"organizer\":\r\n            {\r\n                \"@type\": \"Person\",\r\n                \"name\": \"Biblioteka dla Dzieci nr XV\",\r\n                \"url\": \"http:\/\/bpzoliborz.pl\/bpzoliborz\/index.php\/biblioteka-dla-dzieci-nr-xv\/\"\r\n            },\r\n            \"offers\":\r\n            {\r\n                \"url\": \"https:\/\/bpzoliborz.pl\/bpzoliborz\/index.php\/events\/kartki-dla-dziadkow-warsztaty-plastyczne-372-869-328-126-373-482\/\",\r\n                \"price\": \"\",\r\n                \"priceCurrency\": \"PLN\",\r\n                \"availability\": \"https:\/\/schema.org\/InStock\",\r\n                \"validFrom\": \"2026-09-08T00:00\"\r\n            },\r\n            \"performer\": \"\",\r\n            \"description\": \"&lt;p style=&quot;text-align: center&quot; data-start=&quot;76&quot; data-end=&quot;354&quot;&gt;Zapraszamy na warsztaty chemiczne dla dzieci&lt;\/p&gt; &lt;p style=&quot;text-align: center&quot;&gt;&lt;strong&gt;KIEDY:&lt;\/strong&gt;&lt;\/p&gt; &lt;p style=&quot;text-align: center&quot;&gt;&lt;strong&gt;&lt;span class=&quot;a_GcMg font-feature-liga-off font-feature-clig-off font-feature-calt-off text-decoration-none text-strikethrough-none&quot;&gt;8 wrze\u015bnia (wtorek)&lt;\/span&gt;&lt;\/strong&gt;&lt;\/p&gt; &lt;p style=&quot;text-align: center&quot;&gt;&lt;span class=&quot;a_GcMg font-feature-liga-off font-feature-clig-off font-feature-calt-off text-decoration-none text-strikethrough-none&quot;&gt;17.30&lt;\/span&gt;&lt;\/p&gt; &lt;p style=&quot;text-align: center&quot;&gt;&lt;strong&gt;GDZIE: &lt;\/strong&gt;Biblioteka dla Dzieci i M\u0142odzie\u017cy nr XV,&lt;br \/&gt; &lt;span class=&quot;a_GcMg font-feature-liga-off font-feature-clig-off font-feature-calt-off text-decoration-none text-strikethrough-none&quot;&gt;ul. Broniewskiego 9a&lt;\/span&gt;&lt;\/p&gt; &lt;p style=&quot;text-align: center&quot;&gt;Zapisy pod numerem telefonu 22 633-90-80&lt;\/p&gt; \",\r\n            \"image\": \"https:\/\/bpzoliborz.pl\/bpzoliborz\/wp-content\/uploads\/2026\/08\/obrazek-wyrozniajacy-na-strone-Broniewskiego-28.png\",\r\n            \"name\": \"Eksperymenty z Mam\u0105 Monik\u0105 \u2013 To nie magia to nauka &#8211; warsztaty naukowe dla dzieci\",\r\n            \"url\": \"https:\/\/bpzoliborz.pl\/bpzoliborz\/index.php\/events\/kartki-dla-dziadkow-warsztaty-plastyczne-372-869-328-126-373-482\/?occurrence=2026-09-08&time=1788888600\"\r\n        }\r\n        <\/script>\r\n        <article class=\" mec-event-article mec-clear  \" itemscope>                    <div class=\"event-grid-t2-head mec-bg-color clearfix\">\r\n                                    <div class=\"mec-event-month\"><span class=\"mec-start-date-label\" itemprop=\"startDate\">08 wrze\u015bnia<\/span><\/div>\r\n                                                            <div class=\"mec-time-details\"><span class=\"mec-start-time\">17:30<\/span> - <span class=\"mec-end-time\">19:00<\/span><\/div>                                <div class=\"mec-event-detail\">\r\n                    <div class=\"mec-event-loc-place\">Biblioteka dla Dzieci nr XV<\/div>\r\n                                                                            <\/div>\r\n            <\/div>\r\n            <div class=\"mec-event-image\"><a   data-event-id=\"33466\" href=\"https:\/\/bpzoliborz.pl\/bpzoliborz\/index.php\/events\/kartki-dla-dziadkow-warsztaty-plastyczne-372-869-328-126-373-482\/?occurrence=2026-09-08&time=1788888600\" target=\"m1\" rel=\"noopener\"><img width=\"1080\" height=\"675\" src=\"https:\/\/bpzoliborz.pl\/bpzoliborz\/wp-content\/uploads\/2026\/08\/obrazek-wyrozniajacy-na-strone-Broniewskiego-28.png\" class=\"attachment-medium size-medium wp-post-image\" alt=\"Grafika zapowiadaj\u0105ca warsztaty \u201eEksperymenty z Mam\u0105 Monik\u0105 \u2013 To nie magia to nauka\u201d w Bibliotece dla Dzieci i M\u0142odzie\u017cy nr XV. Wydarzenie: wtorek, 8 wrze\u015bnia, godz. 17:30\u201319:00. Zapisy pod numerem 22 633 90 80. Na ilustracji dzieci wykonuj\u0105 eksperyment z prob\u00f3wkami i kolb\u0105.\" loading=\"lazy\" data-mec-postid=\"33466\" srcset=\"https:\/\/bpzoliborz.pl\/bpzoliborz\/wp-content\/uploads\/2026\/08\/obrazek-wyrozniajacy-na-strone-Broniewskiego-28.png 1080w, https:\/\/bpzoliborz.pl\/bpzoliborz\/wp-content\/uploads\/2026\/08\/obrazek-wyrozniajacy-na-strone-Broniewskiego-28-768x480.png 768w\" sizes=\"(max-width: 1080px) 100vw, 1080px\" \/><\/a><\/div>\r\n            <div class=\"mec-event-content\">\r\n                                                                <h4 class=\"mec-event-title\"><a class=\"mec-color-hover\"  data-event-id=\"33466\" href=\"https:\/\/bpzoliborz.pl\/bpzoliborz\/index.php\/events\/kartki-dla-dziadkow-warsztaty-plastyczne-372-869-328-126-373-482\/?occurrence=2026-09-08&time=1788888600\" target=\"m1\" rel=\"noopener\">Eksperymenty z Mam\u0105 Monik\u0105 \u2013 To nie magia to nauka &#8211; warsztaty naukowe dla dzieci<\/a><span class=\"event-color\" style=\"background: #02b5cd\"><\/span><\/h4>\r\n                <p class=\"mec-grid-event-location\">ul. Broniewskiego 9a<\/p>\r\n            <\/div>\r\n            <div class=\"mec-event-footer mec-color\">\r\n                                <ul class=\"mec-event-sharing-wrap\">\r\n                    <li class=\"mec-event-share\">\r\n                        <a href=\"#\" class=\"mec-event-share-icon\">\r\n                            <i class=\"mec-sl-share\" title=\"Share\"><\/i>\r\n                        <\/a>\r\n                    <\/li>\r\n                    <li>\r\n                        <ul class=\"mec-event-sharing\">\r\n                            <li class=\"mec-event-social-icon\"><a class=\"facebook\" href=\"https:\/\/www.facebook.com\/sharer\/sharer.php?u=https%3A%2F%2Fbpzoliborz.pl%2Fbpzoliborz%2Findex.php%2Fevents%2Fkartki-dla-dziadkow-warsztaty-plastyczne-372-869-328-126-373-482%2F\" onclick=\"javascript:window.open(this.href, '', 'menubar=no,toolbar=no,resizable=yes,scrollbars=yes,height=500,width=600'); return false;\" title=\"Udost\u0119pnij na Facebooku\"><i class=\"mec-fa-facebook\"><\/i><\/a><\/li><li class=\"mec-event-social-icon\"><a class=\"twitter\" href=\"https:\/\/twitter.com\/share?url=https%3A%2F%2Fbpzoliborz.pl%2Fbpzoliborz%2Findex.php%2Fevents%2Fkartki-dla-dziadkow-warsztaty-plastyczne-372-869-328-126-373-482%2F\" onclick=\"javascript:window.open(this.href, '', 'menubar=no,toolbar=no,resizable=yes,scrollbars=yes,height=600,width=500'); return false;\" target=\"_blank\" title=\"Tweetuj\"><i class=\"mec-fa-twitter\"><\/i><\/a><\/li><li class=\"mec-event-social-icon\"><a class=\"email\" href=\"mailto:?subject=Eksperymenty z Mam\u0105 Monik\u0105 \u2013 To nie magia to nauka - warsztaty naukowe dla dzieci&body=https%3A%2F%2Fbpzoliborz.pl%2Fbpzoliborz%2Findex.php%2Fevents%2Fkartki-dla-dziadkow-warsztaty-plastyczne-372-869-328-126-373-482%2F\" title=\"Email\"><i class=\"mec-fa-envelope\"><\/i><\/a><\/li>                        <\/ul>\r\n                    <\/li>\r\n                <\/ul>\r\n                                                                <a class=\"mec-booking-button\"  data-event-id=\"33466\" href=\"https:\/\/bpzoliborz.pl\/bpzoliborz\/index.php\/events\/kartki-dla-dziadkow-warsztaty-plastyczne-372-869-328-126-373-482\/?occurrence=2026-09-08&time=1788888600\" target=\"m1\" rel=\"noopener\">Poka\u017c szczeg\u00f3\u0142y<\/a>            <\/div>\r\n        <\/article><\/div>                <div class=\"col-md-4 col-sm-4\">        <script type=\"application\/ld+json\">\r\n        {\r\n            \"@context\": \"http:\/\/schema.org\",\r\n            \"@type\": \"Event\",\r\n            \"eventStatus\": \"https:\/\/schema.org\/EventScheduled\",\r\n            \"startDate\": \"2026-09-11\",\r\n            \"endDate\": \"2026-09-11\",\r\n            \"eventAttendanceMode\": \"https:\/\/schema.org\/OfflineEventAttendanceMode\",\r\n            \"location\":\r\n            {\r\n                \"@type\": \"Place\",\r\n                                \"name\": \"Biblioteka dla Dzieci nr XX\",\r\n                \"image\": \"http:\/\/bpzoliborz.pl\/bpzoliborz\/wp-content\/uploads\/2020\/08\/\u015bmia\u0142a.png\",\r\n                \"address\": \"ul. \u015amia\u0142a 24\"\r\n                            },\r\n            \"organizer\":\r\n            {\r\n                \"@type\": \"Person\",\r\n                \"name\": \"Biblioteka dla Dzieci nr XX\",\r\n                \"url\": \"http:\/\/bpzoliborz.pl\/bpzoliborz\/index.php\/biblioteka-dla-dzieci-nr-xx\/\"\r\n            },\r\n            \"offers\":\r\n            {\r\n                \"url\": \"https:\/\/bpzoliborz.pl\/bpzoliborz\/index.php\/events\/wspomnienia-z-plazy-zamkniete-w-sloiczku-rodzinne-warsztaty-artystyczne\/\",\r\n                \"price\": \"\",\r\n                \"priceCurrency\": \"PLN\",\r\n                \"availability\": \"https:\/\/schema.org\/InStock\",\r\n                \"validFrom\": \"2026-09-11T00:00\"\r\n            },\r\n            \"performer\": \"\",\r\n            \"description\": \"&lt;p&gt;Warsztaty tworzenia kompozycji z kolorowego piasku w s\u0142oiczkach .&lt;br \/&gt; Warsztaty odb\u0119d\u0105 si\u0119 na dworze przed budynkiem bibliotek\u0105 (trzymamy kciuki za \u0142adna pogod\u0119 \ud83d\ude42 ).&lt;\/p&gt; &lt;p style=&quot;text-align: center;&quot;&gt;Biblioteka dla Dzieci nr XX, ul. \u015amia\u0142a 24&lt;br \/&gt; 11.09.2026 r. (pi\u0105tek) w godz. 15.00-17.00&lt;br \/&gt; wst\u0119p wolny&lt;\/p&gt; &lt;p&gt;&nbsp;&lt;\/p&gt; &lt;p&gt;&nbsp;&lt;\/p&gt; \",\r\n            \"image\": \"https:\/\/bpzoliborz.pl\/bpzoliborz\/wp-content\/uploads\/2026\/08\/Wspomnienia-z-plazy-warsztaty-artystyczne.jpg\",\r\n            \"name\": \"Wspomnienia z pla\u017cy zamkni\u0119te w s\u0142oiczku &#8211; Rodzinne Warsztaty Artystyczne\",\r\n            \"url\": \"https:\/\/bpzoliborz.pl\/bpzoliborz\/index.php\/events\/wspomnienia-z-plazy-zamkniete-w-sloiczku-rodzinne-warsztaty-artystyczne\/?occurrence=2026-09-11\"\r\n        }\r\n        <\/script>\r\n        <article class=\" mec-event-article mec-clear  \" itemscope>                    <div class=\"event-grid-t2-head mec-bg-color clearfix\">\r\n                                    <div class=\"mec-event-month\"><span class=\"mec-start-date-label\" itemprop=\"startDate\">11 wrze\u015bnia<\/span><\/div>\r\n                                                            <div class=\"mec-time-details\"><span class=\"mec-start-time\">15:00<\/span> - <span class=\"mec-end-time\">17:00<\/span><\/div>                                <div class=\"mec-event-detail\">\r\n                    <div class=\"mec-event-loc-place\">Biblioteka dla Dzieci nr XX<\/div>\r\n                                                                            <\/div>\r\n            <\/div>\r\n            <div class=\"mec-event-image\"><a   data-event-id=\"33448\" href=\"https:\/\/bpzoliborz.pl\/bpzoliborz\/index.php\/events\/wspomnienia-z-plazy-zamkniete-w-sloiczku-rodzinne-warsztaty-artystyczne\/?occurrence=2026-09-11\" target=\"m1\" rel=\"noopener\"><img width=\"1080\" height=\"675\" src=\"https:\/\/bpzoliborz.pl\/bpzoliborz\/wp-content\/uploads\/2026\/08\/Wspomnienia-z-plazy-warsztaty-artystyczne.jpg\" class=\"attachment-medium size-medium wp-post-image\" alt=\"\" loading=\"lazy\" data-mec-postid=\"33448\" srcset=\"https:\/\/bpzoliborz.pl\/bpzoliborz\/wp-content\/uploads\/2026\/08\/Wspomnienia-z-plazy-warsztaty-artystyczne.jpg 1080w, https:\/\/bpzoliborz.pl\/bpzoliborz\/wp-content\/uploads\/2026\/08\/Wspomnienia-z-plazy-warsztaty-artystyczne-768x480.jpg 768w\" sizes=\"(max-width: 1080px) 100vw, 1080px\" \/><\/a><\/div>\r\n            <div class=\"mec-event-content\">\r\n                                                                <h4 class=\"mec-event-title\"><a class=\"mec-color-hover\"  data-event-id=\"33448\" href=\"https:\/\/bpzoliborz.pl\/bpzoliborz\/index.php\/events\/wspomnienia-z-plazy-zamkniete-w-sloiczku-rodzinne-warsztaty-artystyczne\/?occurrence=2026-09-11\" target=\"m1\" rel=\"noopener\">Wspomnienia z pla\u017cy zamkni\u0119te w s\u0142oiczku &#8211; Rodzinne Warsztaty Artystyczne<\/a><span class=\"event-color\" style=\"background: #\"><\/span><\/h4>\r\n                <p class=\"mec-grid-event-location\">ul. \u015amia\u0142a 24<\/p>\r\n            <\/div>\r\n            <div class=\"mec-event-footer mec-color\">\r\n                                <ul class=\"mec-event-sharing-wrap\">\r\n                    <li class=\"mec-event-share\">\r\n                        <a href=\"#\" class=\"mec-event-share-icon\">\r\n                            <i class=\"mec-sl-share\" title=\"Share\"><\/i>\r\n                        <\/a>\r\n                    <\/li>\r\n                    <li>\r\n                        <ul class=\"mec-event-sharing\">\r\n                            <li class=\"mec-event-social-icon\"><a class=\"facebook\" href=\"https:\/\/www.facebook.com\/sharer\/sharer.php?u=https%3A%2F%2Fbpzoliborz.pl%2Fbpzoliborz%2Findex.php%2Fevents%2Fwspomnienia-z-plazy-zamkniete-w-sloiczku-rodzinne-warsztaty-artystyczne%2F\" onclick=\"javascript:window.open(this.href, '', 'menubar=no,toolbar=no,resizable=yes,scrollbars=yes,height=500,width=600'); return false;\" title=\"Udost\u0119pnij na Facebooku\"><i class=\"mec-fa-facebook\"><\/i><\/a><\/li><li class=\"mec-event-social-icon\"><a class=\"twitter\" href=\"https:\/\/twitter.com\/share?url=https%3A%2F%2Fbpzoliborz.pl%2Fbpzoliborz%2Findex.php%2Fevents%2Fwspomnienia-z-plazy-zamkniete-w-sloiczku-rodzinne-warsztaty-artystyczne%2F\" onclick=\"javascript:window.open(this.href, '', 'menubar=no,toolbar=no,resizable=yes,scrollbars=yes,height=600,width=500'); return false;\" target=\"_blank\" title=\"Tweetuj\"><i class=\"mec-fa-twitter\"><\/i><\/a><\/li><li class=\"mec-event-social-icon\"><a class=\"email\" href=\"mailto:?subject=Wspomnienia z pla\u017cy zamkni\u0119te w s\u0142oiczku - Rodzinne Warsztaty Artystyczne&body=https%3A%2F%2Fbpzoliborz.pl%2Fbpzoliborz%2Findex.php%2Fevents%2Fwspomnienia-z-plazy-zamkniete-w-sloiczku-rodzinne-warsztaty-artystyczne%2F\" title=\"Email\"><i class=\"mec-fa-envelope\"><\/i><\/a><\/li>                        <\/ul>\r\n                    <\/li>\r\n                <\/ul>\r\n                                                                <a class=\"mec-booking-button\"  data-event-id=\"33448\" href=\"https:\/\/bpzoliborz.pl\/bpzoliborz\/index.php\/events\/wspomnienia-z-plazy-zamkniete-w-sloiczku-rodzinne-warsztaty-artystyczne\/?occurrence=2026-09-11\" target=\"m1\" rel=\"noopener\">Poka\u017c szczeg\u00f3\u0142y<\/a>            <\/div>\r\n        <\/article><\/div><\/div>        <div class=\"row\"><div class=\"col-md-4 col-sm-4\">        <script type=\"application\/ld+json\">\r\n        {\r\n            \"@context\": \"http:\/\/schema.org\",\r\n            \"@type\": \"Event\",\r\n            \"eventStatus\": \"https:\/\/schema.org\/EventScheduled\",\r\n            \"startDate\": \"2026-09-11\",\r\n            \"endDate\": \"2026-09-11\",\r\n            \"eventAttendanceMode\": \"https:\/\/schema.org\/OfflineEventAttendanceMode\",\r\n            \"location\":\r\n            {\r\n                \"@type\": \"Place\",\r\n                                \"name\": \"Wypo\u017cyczalnia nr 16\",\r\n                \"image\": \"http:\/\/bpzoliborz.pl\/bpzoliborz\/wp-content\/uploads\/2020\/07\/Biblioteka-nr-16-S\u0142owackiego-19a-scaled-e1594730867309.jpg\",\r\n                \"address\": \"ul. S\u0142owackiego 19a\"\r\n                            },\r\n            \"organizer\":\r\n            {\r\n                \"@type\": \"Person\",\r\n                \"name\": \"Wypo\u017cyczalnia nr 16\",\r\n                \"url\": \"http:\/\/bpzoliborz.pl\/bpzoliborz\/index.php\/wypozyczalnia-nr-16\/\"\r\n            },\r\n            \"offers\":\r\n            {\r\n                \"url\": \"https:\/\/bpzoliborz.pl\/bpzoliborz\/index.php\/events\/dyskusyjny-klub-ksiazki-milosc-w-czasach-zarazy\/\",\r\n                \"price\": \"\",\r\n                \"priceCurrency\": \"PLN\",\r\n                \"availability\": \"https:\/\/schema.org\/InStock\",\r\n                \"validFrom\": \"2026-09-11T00:00\"\r\n            },\r\n            \"performer\": \"\",\r\n            \"description\": \"&lt;p&gt;Zapraszamy na spotkanie Dyskusyjnego Klubu Ksi\u0105\u017cki &#8211; Podr\u00f3\u017ce Literackie.&lt;\/p&gt; &lt;p&gt;Chcemy czyta\u0107 r\u00f3\u017cnorodnie, odkrywa\u0107 nowe \u015bcie\u017cki literackie, dlatego wybieramy na ka\u017cde spotkanie literatur\u0119 innego kraju. Tym razem om\u00f3wimy ksi\u0105\u017ck\u0119 Gabriela Marqueza &#8220;Mi\u0142o\u015b\u0107 w czasach zarazy&#8221;.&lt;\/p&gt; &lt;p&gt;&nbsp;&lt;\/p&gt; &lt;p&gt;&nbsp;&lt;\/p&gt; &lt;p&gt;&nbsp;&lt;\/p&gt; \",\r\n            \"image\": \"https:\/\/bpzoliborz.pl\/bpzoliborz\/wp-content\/uploads\/2026\/08\/post-na-facebooka-szablon-wyp16.png\",\r\n            \"name\": \"Dyskusyjny Klub Ksi\u0105\u017cki &#8211; &#8220;Mi\u0142o\u015b\u0107 w czasach zarazy&#8221;\",\r\n            \"url\": \"https:\/\/bpzoliborz.pl\/bpzoliborz\/index.php\/events\/dyskusyjny-klub-ksiazki-milosc-w-czasach-zarazy\/?occurrence=2026-09-11\"\r\n        }\r\n        <\/script>\r\n        <article class=\" mec-event-article mec-clear  \" itemscope>                    <div class=\"event-grid-t2-head mec-bg-color clearfix\">\r\n                                    <div class=\"mec-event-month\"><span class=\"mec-start-date-label\" itemprop=\"startDate\">11 wrze\u015bnia<\/span><\/div>\r\n                                                            <div class=\"mec-time-details\"><span class=\"mec-start-time\">17:30<\/span> - <span class=\"mec-end-time\">19:00<\/span><\/div>                                <div class=\"mec-event-detail\">\r\n                    <div class=\"mec-event-loc-place\">Wypo\u017cyczalnia nr 16<\/div>\r\n                                                                            <\/div>\r\n            <\/div>\r\n            <div class=\"mec-event-image\"><a   data-event-id=\"33320\" href=\"https:\/\/bpzoliborz.pl\/bpzoliborz\/index.php\/events\/dyskusyjny-klub-ksiazki-milosc-w-czasach-zarazy\/?occurrence=2026-09-11\" target=\"m1\" rel=\"noopener\"><img width=\"940\" height=\"788\" src=\"https:\/\/bpzoliborz.pl\/bpzoliborz\/wp-content\/uploads\/2026\/08\/post-na-facebooka-szablon-wyp16.png\" class=\"attachment-medium size-medium wp-post-image\" alt=\"grafika wyr\u00f3\u017cniaj\u0105ca zapraszaj\u0105ca na spotkanie Dyskusyjnego Klubu Ksi\u0105\u017cki - Podr\u00f3\u017ce Literackie. Na grafice znajduje si\u0119 ok\u0142adka ksi\u0105\u017cki Gabriela Marqueza &quot;Mi\u0142o\u015b\u0107 w czasach zarazy\" loading=\"lazy\" data-mec-postid=\"33320\" srcset=\"https:\/\/bpzoliborz.pl\/bpzoliborz\/wp-content\/uploads\/2026\/08\/post-na-facebooka-szablon-wyp16.png 940w, https:\/\/bpzoliborz.pl\/bpzoliborz\/wp-content\/uploads\/2026\/08\/post-na-facebooka-szablon-wyp16-768x644.png 768w\" sizes=\"(max-width: 940px) 100vw, 940px\" \/><\/a><\/div>\r\n            <div class=\"mec-event-content\">\r\n                                                                <h4 class=\"mec-event-title\"><a class=\"mec-color-hover\"  data-event-id=\"33320\" href=\"https:\/\/bpzoliborz.pl\/bpzoliborz\/index.php\/events\/dyskusyjny-klub-ksiazki-milosc-w-czasach-zarazy\/?occurrence=2026-09-11\" target=\"m1\" rel=\"noopener\">Dyskusyjny Klub Ksi\u0105\u017cki &#8211; &#8220;Mi\u0142o\u015b\u0107 w czasach zarazy&#8221;<\/a><span class=\"event-color\" style=\"background: #\"><\/span><\/h4>\r\n                <p class=\"mec-grid-event-location\">ul. S\u0142owackiego 19a<\/p>\r\n            <\/div>\r\n            <div class=\"mec-event-footer mec-color\">\r\n                                <ul class=\"mec-event-sharing-wrap\">\r\n                    <li class=\"mec-event-share\">\r\n                        <a href=\"#\" class=\"mec-event-share-icon\">\r\n                            <i class=\"mec-sl-share\" title=\"Share\"><\/i>\r\n                        <\/a>\r\n                    <\/li>\r\n                    <li>\r\n                        <ul class=\"mec-event-sharing\">\r\n                            <li class=\"mec-event-social-icon\"><a class=\"facebook\" href=\"https:\/\/www.facebook.com\/sharer\/sharer.php?u=https%3A%2F%2Fbpzoliborz.pl%2Fbpzoliborz%2Findex.php%2Fevents%2Fdyskusyjny-klub-ksiazki-milosc-w-czasach-zarazy%2F\" onclick=\"javascript:window.open(this.href, '', 'menubar=no,toolbar=no,resizable=yes,scrollbars=yes,height=500,width=600'); return false;\" title=\"Udost\u0119pnij na Facebooku\"><i class=\"mec-fa-facebook\"><\/i><\/a><\/li><li class=\"mec-event-social-icon\"><a class=\"twitter\" href=\"https:\/\/twitter.com\/share?url=https%3A%2F%2Fbpzoliborz.pl%2Fbpzoliborz%2Findex.php%2Fevents%2Fdyskusyjny-klub-ksiazki-milosc-w-czasach-zarazy%2F\" onclick=\"javascript:window.open(this.href, '', 'menubar=no,toolbar=no,resizable=yes,scrollbars=yes,height=600,width=500'); return false;\" target=\"_blank\" title=\"Tweetuj\"><i class=\"mec-fa-twitter\"><\/i><\/a><\/li><li class=\"mec-event-social-icon\"><a class=\"email\" href=\"mailto:?subject=Dyskusyjny Klub Ksi\u0105\u017cki - %26#8220;Mi\u0142o\u015b\u0107 w czasach zarazy\u2019\u2019&body=https%3A%2F%2Fbpzoliborz.pl%2Fbpzoliborz%2Findex.php%2Fevents%2Fdyskusyjny-klub-ksiazki-milosc-w-czasach-zarazy%2F\" title=\"Email\"><i class=\"mec-fa-envelope\"><\/i><\/a><\/li>                        <\/ul>\r\n                    <\/li>\r\n                <\/ul>\r\n                                                                <a class=\"mec-booking-button\"  data-event-id=\"33320\" href=\"https:\/\/bpzoliborz.pl\/bpzoliborz\/index.php\/events\/dyskusyjny-klub-ksiazki-milosc-w-czasach-zarazy\/?occurrence=2026-09-11\" target=\"m1\" rel=\"noopener\">Poka\u017c szczeg\u00f3\u0142y<\/a>            <\/div>\r\n        <\/article><\/div>                <div class=\"col-md-4 col-sm-4\">        <script type=\"application\/ld+json\">\r\n        {\r\n            \"@context\": \"http:\/\/schema.org\",\r\n            \"@type\": \"Event\",\r\n            \"eventStatus\": \"https:\/\/schema.org\/EventScheduled\",\r\n            \"startDate\": \"2026-09-12\",\r\n            \"endDate\": \"2026-09-12\",\r\n            \"eventAttendanceMode\": \"https:\/\/schema.org\/OfflineEventAttendanceMode\",\r\n            \"location\":\r\n            {\r\n                \"@type\": \"Place\",\r\n                                \"name\": \"Czytelnia Pod Sowami\",\r\n                \"image\": \"http:\/\/bpzoliborz.pl\/bpzoliborz\/wp-content\/uploads\/2020\/07\/Czytelnia-Pod-Sowami-ul.-Gen.-Zaj\u0105czka-8-scaled.jpg\",\r\n                \"address\": \"ul. Gen. Zaj\u0105czka 8\"\r\n                            },\r\n            \"organizer\":\r\n            {\r\n                \"@type\": \"Person\",\r\n                \"name\": \"Czytelnia Naukowa nr XVI\",\r\n                \"url\": \"http:\/\/bpzoliborz.pl\/bpzoliborz\/index.php\/czytelnia-naukowa-nr-xvi\/\"\r\n            },\r\n            \"offers\":\r\n            {\r\n                \"url\": \"https:\/\/bpzoliborz.pl\/bpzoliborz\/index.php\/events\/narodowe-czytanie-2026\/\",\r\n                \"price\": \"\",\r\n                \"priceCurrency\": \"PLN\",\r\n                \"availability\": \"https:\/\/schema.org\/InStock\",\r\n                \"validFrom\": \"2026-09-12T00:00\"\r\n            },\r\n            \"performer\": \"\",\r\n            \"description\": \"&lt;p class=&quot;western&quot;&gt;Biblioteka Publiczna w Dzielnicy \u017boliborz zaprasza na pi\u0119tnast\u0105 ods\u0142on\u0119 Narodowego Czytania \u2013 wyj\u0105tkowej akcji, kt\u00f3ra popularyzuje klasyk\u0119 polskiej literatury i propaguje czytelnictwo. W tym roku serdecznie zapraszamy Pa\u0144stwa do wsp\u00f3lnego przeczytania \u201eDziad\u00f3w\u201d Adama Mickiewicza. Szczeg\u00f3\u0142y wydarzenia:&lt;\/p&gt; &lt;p&gt;Data: 12 wrze\u015bnia 2026 (sobota)&lt;br \/&gt; Godzina: 14:00-17:00&lt;br \/&gt; Miejsce: Czytelnia Pod Sowami&lt;br \/&gt; Adres: ul. Genera\u0142a Zaj\u0105czka 8&lt;br \/&gt; Wst\u0119p: Wolny&lt;\/p&gt; &lt;p&gt;Wsp\u00f3lne czytanie fragment\u00f3w \u201eDziad\u00f3w\u201d z udzia\u0142em mieszka\u0144c\u00f3w, przedstawicieli instytucji kultury oraz zaproszonych go\u015bci. Podczas przerwy pomi\u0119dzy czytaniami lektury zostanie przedstawienia biografia i tw\u00f3rczo\u015b\u0107 Adama Mickiewicza oraz kr\u00f3tka historia powstania dramatu.&lt;\/p&gt; &lt;p&gt;Odb\u0119dzie si\u0119 quiz ze znajomo\u015bci \u017cycia i tw\u00f3rczo\u015bci Adama Mickiewicza oraz quiz ze znajomo\u015bci \u201eDziad\u00f3w\u201d.&lt;\/p&gt; &lt;p&gt;Zapraszamy r\u00f3wnie\u017c do udzia\u0142u w warsztatach dla dzieci i doros\u0142ych:&lt;\/p&gt; &lt;p&gt;&#8211; wykonywanie lalek \u2013 motanek,&lt;\/p&gt; &lt;p&gt;&#8211; wykonywanie lampion\u00f3w ozdabianych technik\u0105 decoupageu,&lt;\/p&gt; &lt;p&gt;&#8211; wykonywanie duszk\u00f3w,&lt;\/p&gt; &lt;p&gt;&#8211; wykonywanie bukiecik\u00f3w z suszonych kwiat\u00f3w.&lt;\/p&gt; \",\r\n            \"image\": \"https:\/\/bpzoliborz.pl\/bpzoliborz\/wp-content\/uploads\/2026\/08\/obrazek-wyrozniajacy-WYDARZENIA-I-AKTUALNOSCI-na-strone-CZYTELNIA.png\",\r\n            \"name\": \"Narodowe Czytanie 2026 &#8211; &#8220;Dziady&#8221; Adama Mickiewicza\",\r\n            \"url\": \"https:\/\/bpzoliborz.pl\/bpzoliborz\/index.php\/events\/narodowe-czytanie-2026\/?occurrence=2026-09-12\"\r\n        }\r\n        <\/script>\r\n        <article class=\" mec-event-article mec-clear  \" itemscope>                    <div class=\"event-grid-t2-head mec-bg-color clearfix\">\r\n                                    <div class=\"mec-event-month\"><span class=\"mec-start-date-label\" itemprop=\"startDate\">12 wrze\u015bnia<\/span><\/div>\r\n                                                            <div class=\"mec-time-details\"><span class=\"mec-start-time\">14:00<\/span> - <span class=\"mec-end-time\">17:00<\/span><\/div>                                <div class=\"mec-event-detail\">\r\n                    <div class=\"mec-event-loc-place\">Czytelnia Pod Sowami<\/div>\r\n                                                                            <\/div>\r\n            <\/div>\r\n            <div class=\"mec-event-image\"><a   data-event-id=\"33291\" href=\"https:\/\/bpzoliborz.pl\/bpzoliborz\/index.php\/events\/narodowe-czytanie-2026\/?occurrence=2026-09-12\" target=\"m1\" rel=\"noopener\"><img width=\"1080\" height=\"675\" src=\"https:\/\/bpzoliborz.pl\/bpzoliborz\/wp-content\/uploads\/2026\/08\/obrazek-wyrozniajacy-WYDARZENIA-I-AKTUALNOSCI-na-strone-CZYTELNIA.png\" class=\"attachment-medium size-medium wp-post-image\" alt=\"\" loading=\"lazy\" data-mec-postid=\"33291\" srcset=\"https:\/\/bpzoliborz.pl\/bpzoliborz\/wp-content\/uploads\/2026\/08\/obrazek-wyrozniajacy-WYDARZENIA-I-AKTUALNOSCI-na-strone-CZYTELNIA.png 1080w, https:\/\/bpzoliborz.pl\/bpzoliborz\/wp-content\/uploads\/2026\/08\/obrazek-wyrozniajacy-WYDARZENIA-I-AKTUALNOSCI-na-strone-CZYTELNIA-768x480.png 768w\" sizes=\"(max-width: 1080px) 100vw, 1080px\" \/><\/a><\/div>\r\n            <div class=\"mec-event-content\">\r\n                                                                <h4 class=\"mec-event-title\"><a class=\"mec-color-hover\"  data-event-id=\"33291\" href=\"https:\/\/bpzoliborz.pl\/bpzoliborz\/index.php\/events\/narodowe-czytanie-2026\/?occurrence=2026-09-12\" target=\"m1\" rel=\"noopener\">Narodowe Czytanie 2026 &#8211; &#8220;Dziady&#8221; Adama Mickiewicza<\/a><span class=\"event-color\" style=\"background: #\"><\/span><\/h4>\r\n                <p class=\"mec-grid-event-location\">ul. Gen. Zaj\u0105czka 8<\/p>\r\n            <\/div>\r\n            <div class=\"mec-event-footer mec-color\">\r\n                                <ul class=\"mec-event-sharing-wrap\">\r\n                    <li class=\"mec-event-share\">\r\n                        <a href=\"#\" class=\"mec-event-share-icon\">\r\n                            <i class=\"mec-sl-share\" title=\"Share\"><\/i>\r\n                        <\/a>\r\n                    <\/li>\r\n                    <li>\r\n                        <ul class=\"mec-event-sharing\">\r\n                            <li class=\"mec-event-social-icon\"><a class=\"facebook\" href=\"https:\/\/www.facebook.com\/sharer\/sharer.php?u=https%3A%2F%2Fbpzoliborz.pl%2Fbpzoliborz%2Findex.php%2Fevents%2Fnarodowe-czytanie-2026%2F\" onclick=\"javascript:window.open(this.href, '', 'menubar=no,toolbar=no,resizable=yes,scrollbars=yes,height=500,width=600'); return false;\" title=\"Udost\u0119pnij na Facebooku\"><i class=\"mec-fa-facebook\"><\/i><\/a><\/li><li class=\"mec-event-social-icon\"><a class=\"twitter\" href=\"https:\/\/twitter.com\/share?url=https%3A%2F%2Fbpzoliborz.pl%2Fbpzoliborz%2Findex.php%2Fevents%2Fnarodowe-czytanie-2026%2F\" onclick=\"javascript:window.open(this.href, '', 'menubar=no,toolbar=no,resizable=yes,scrollbars=yes,height=600,width=500'); return false;\" target=\"_blank\" title=\"Tweetuj\"><i class=\"mec-fa-twitter\"><\/i><\/a><\/li><li class=\"mec-event-social-icon\"><a class=\"email\" href=\"mailto:?subject=Narodowe Czytanie 2026 - %26#8220;Dziady\u2019\u2019 Adama Mickiewicza&body=https%3A%2F%2Fbpzoliborz.pl%2Fbpzoliborz%2Findex.php%2Fevents%2Fnarodowe-czytanie-2026%2F\" title=\"Email\"><i class=\"mec-fa-envelope\"><\/i><\/a><\/li>                        <\/ul>\r\n                    <\/li>\r\n                <\/ul>\r\n                                                                <a class=\"mec-booking-button\"  data-event-id=\"33291\" href=\"https:\/\/bpzoliborz.pl\/bpzoliborz\/index.php\/events\/narodowe-czytanie-2026\/?occurrence=2026-09-12\" target=\"m1\" rel=\"noopener\">Poka\u017c szczeg\u00f3\u0142y<\/a>            <\/div>\r\n        <\/article><\/div>        <div class=\"col-md-4 col-sm-4\">        <script type=\"application\/ld+json\">\r\n        {\r\n            \"@context\": \"http:\/\/schema.org\",\r\n            \"@type\": \"Event\",\r\n            \"eventStatus\": \"https:\/\/schema.org\/EventScheduled\",\r\n            \"startDate\": \"2026-09-12\",\r\n            \"endDate\": \"2026-09-12\",\r\n            \"eventAttendanceMode\": \"https:\/\/schema.org\/OfflineEventAttendanceMode\",\r\n            \"location\":\r\n            {\r\n                \"@type\": \"Place\",\r\n                                \"name\": \"Fort Sokolnickiego\",\r\n                \"image\": \"\",\r\n                \"address\": \"ul. Stefana Czarnieckiego 51, 01-541 Warszawa\"\r\n                            },\r\n            \"organizer\":\r\n            {\r\n                \"@type\": \"Person\",\r\n                \"name\": \"Czytelnia Naukowa nr XVI\",\r\n                \"url\": \"http:\/\/bpzoliborz.pl\/bpzoliborz\/index.php\/czytelnia-naukowa-nr-xvi\/\"\r\n            },\r\n            \"offers\":\r\n            {\r\n                \"url\": \"https:\/\/bpzoliborz.pl\/bpzoliborz\/index.php\/events\/narodowe-czytanie-2026-koncert-adama-struga\/\",\r\n                \"price\": \"\",\r\n                \"priceCurrency\": \"PLN\",\r\n                \"availability\": \"https:\/\/schema.org\/InStock\",\r\n                \"validFrom\": \"2026-09-12T00:00\"\r\n            },\r\n            \"performer\": \"\",\r\n            \"description\": \"&lt;p&gt;W ramach obchod\u00f3w Narodowego Czytania 2026 Biblioteka Publiczna w Dzielnicy \u017boliborz zaprasza na koncert utwor\u00f3w inspirowanych tw\u00f3rczo\u015bci\u0105 Adama Mickiewicza w wykonaniu Adama Struga \u2013 polskiego \u015bpiewaka i instrumentalisty, autora piosenek, poety, kompozytora muzyki teatralnej i filmowej, producenta i kuratora muzycznego, scenarzysty film\u00f3w dokumentalnych, etnomuzykologa, popularyzatora muzyki tradycyjnej.&lt;\/p&gt; &lt;p&gt;Szczeg\u00f3\u0142y wydarzenia:&lt;\/p&gt; &lt;p&gt;Data: 12 wrze\u015bnia 2026 (sobota)&lt;br \/&gt; Godzina: 18:00-21:00&lt;br \/&gt; Miejsce: Fort Sokolnickiego&lt;br \/&gt; Adres: ul. Czarnieckiego 51&lt;br \/&gt; Wst\u0119p: Bezp\u0142atne wej\u015bci\u00f3wki do odebrania w plac\u00f3wkach bibliotecznych od 7 wrze\u015bnia 2026. Ilo\u015b\u0107 ograniczona.&lt;\/p&gt; \",\r\n            \"image\": \"https:\/\/bpzoliborz.pl\/bpzoliborz\/wp-content\/uploads\/2026\/08\/obrazek-wyrozniajacy-strug.png\",\r\n            \"name\": \"Narodowe Czytanie 2026 \u2013 koncert Adama Struga\",\r\n            \"url\": \"https:\/\/bpzoliborz.pl\/bpzoliborz\/index.php\/events\/narodowe-czytanie-2026-koncert-adama-struga\/?occurrence=2026-09-12\"\r\n        }\r\n        <\/script>\r\n        <article class=\" mec-event-article mec-clear  \" itemscope>                    <div class=\"event-grid-t2-head mec-bg-color clearfix\">\r\n                                    <div class=\"mec-event-month\"><span class=\"mec-start-date-label\" itemprop=\"startDate\">12 wrze\u015bnia<\/span><\/div>\r\n                                                            <div class=\"mec-time-details\"><span class=\"mec-start-time\">18:00<\/span> - <span class=\"mec-end-time\">21:00<\/span><\/div>                                <div class=\"mec-event-detail\">\r\n                    <div class=\"mec-event-loc-place\">Fort Sokolnickiego<\/div>\r\n                                                                            <\/div>\r\n            <\/div>\r\n            <div class=\"mec-event-image\"><a   data-event-id=\"33383\" href=\"https:\/\/bpzoliborz.pl\/bpzoliborz\/index.php\/events\/narodowe-czytanie-2026-koncert-adama-struga\/?occurrence=2026-09-12\" target=\"m1\" rel=\"noopener\"><img width=\"1080\" height=\"675\" src=\"https:\/\/bpzoliborz.pl\/bpzoliborz\/wp-content\/uploads\/2026\/08\/obrazek-wyrozniajacy-strug.png\" class=\"attachment-medium size-medium wp-post-image\" alt=\"\" loading=\"lazy\" data-mec-postid=\"33383\" srcset=\"https:\/\/bpzoliborz.pl\/bpzoliborz\/wp-content\/uploads\/2026\/08\/obrazek-wyrozniajacy-strug.png 1080w, https:\/\/bpzoliborz.pl\/bpzoliborz\/wp-content\/uploads\/2026\/08\/obrazek-wyrozniajacy-strug-768x480.png 768w\" sizes=\"(max-width: 1080px) 100vw, 1080px\" \/><\/a><\/div>\r\n            <div class=\"mec-event-content\">\r\n                                                                <h4 class=\"mec-event-title\"><a class=\"mec-color-hover\"  data-event-id=\"33383\" href=\"https:\/\/bpzoliborz.pl\/bpzoliborz\/index.php\/events\/narodowe-czytanie-2026-koncert-adama-struga\/?occurrence=2026-09-12\" target=\"m1\" rel=\"noopener\">Narodowe Czytanie 2026 \u2013 koncert Adama Struga<\/a><span class=\"event-color\" style=\"background: #\"><\/span><\/h4>\r\n                <p class=\"mec-grid-event-location\">ul. Stefana Czarnieckiego 51, 01-541 Warszawa<\/p>\r\n            <\/div>\r\n            <div class=\"mec-event-footer mec-color\">\r\n                                <ul class=\"mec-event-sharing-wrap\">\r\n                    <li class=\"mec-event-share\">\r\n                        <a href=\"#\" class=\"mec-event-share-icon\">\r\n                            <i class=\"mec-sl-share\" title=\"Share\"><\/i>\r\n                        <\/a>\r\n                    <\/li>\r\n                    <li>\r\n                        <ul class=\"mec-event-sharing\">\r\n                            <li class=\"mec-event-social-icon\"><a class=\"facebook\" href=\"https:\/\/www.facebook.com\/sharer\/sharer.php?u=https%3A%2F%2Fbpzoliborz.pl%2Fbpzoliborz%2Findex.php%2Fevents%2Fnarodowe-czytanie-2026-koncert-adama-struga%2F\" onclick=\"javascript:window.open(this.href, '', 'menubar=no,toolbar=no,resizable=yes,scrollbars=yes,height=500,width=600'); return false;\" title=\"Udost\u0119pnij na Facebooku\"><i class=\"mec-fa-facebook\"><\/i><\/a><\/li><li class=\"mec-event-social-icon\"><a class=\"twitter\" href=\"https:\/\/twitter.com\/share?url=https%3A%2F%2Fbpzoliborz.pl%2Fbpzoliborz%2Findex.php%2Fevents%2Fnarodowe-czytanie-2026-koncert-adama-struga%2F\" onclick=\"javascript:window.open(this.href, '', 'menubar=no,toolbar=no,resizable=yes,scrollbars=yes,height=600,width=500'); return false;\" target=\"_blank\" title=\"Tweetuj\"><i class=\"mec-fa-twitter\"><\/i><\/a><\/li><li class=\"mec-event-social-icon\"><a class=\"email\" href=\"mailto:?subject=Narodowe Czytanie 2026 \u2013 koncert Adama Struga&body=https%3A%2F%2Fbpzoliborz.pl%2Fbpzoliborz%2Findex.php%2Fevents%2Fnarodowe-czytanie-2026-koncert-adama-struga%2F\" title=\"Email\"><i class=\"mec-fa-envelope\"><\/i><\/a><\/li>                        <\/ul>\r\n                    <\/li>\r\n                <\/ul>\r\n                                                                <a class=\"mec-booking-button\"  data-event-id=\"33383\" href=\"https:\/\/bpzoliborz.pl\/bpzoliborz\/index.php\/events\/narodowe-czytanie-2026-koncert-adama-struga\/?occurrence=2026-09-12\" target=\"m1\" rel=\"noopener\">Poka\u017c szczeg\u00f3\u0142y<\/a>            <\/div>\r\n        <\/article><\/div><\/div>                <div class=\"row\"><div class=\"col-md-4 col-sm-4\">        <script type=\"application\/ld+json\">\r\n        {\r\n            \"@context\": \"http:\/\/schema.org\",\r\n            \"@type\": \"Event\",\r\n            \"eventStatus\": \"https:\/\/schema.org\/EventScheduled\",\r\n            \"startDate\": \"2026-09-14\",\r\n            \"endDate\": \"2026-09-25\",\r\n            \"eventAttendanceMode\": \"https:\/\/schema.org\/OfflineEventAttendanceMode\",\r\n            \"location\":\r\n            {\r\n                \"@type\": \"Place\",\r\n                                \"name\": \"Wypo\u017cyczalnia nr 13\",\r\n                \"image\": \"http:\/\/bpzoliborz.pl\/bpzoliborz\/wp-content\/uploads\/2020\/08\/\u015bmia\u0142a.png\",\r\n                \"address\": \"ul. \u015amia\u0142a 24\"\r\n                            },\r\n            \"organizer\":\r\n            {\r\n                \"@type\": \"Person\",\r\n                \"name\": \"Wypo\u017cyczalnia nr 13\",\r\n                \"url\": \"http:\/\/bpzoliborz.pl\/bpzoliborz\/index.php\/wypozyczalnia-nr-13\/\"\r\n            },\r\n            \"offers\":\r\n            {\r\n                \"url\": \"https:\/\/bpzoliborz.pl\/bpzoliborz\/index.php\/events\/sasiedzka-wymiana-ksiazek-5-234\/\",\r\n                \"price\": \"\",\r\n                \"priceCurrency\": \"PLN\",\r\n                \"availability\": \"https:\/\/schema.org\/InStock\",\r\n                \"validFrom\": \"2026-09-14T00:00\"\r\n            },\r\n            \"performer\": \"\",\r\n            \"description\": \"&lt;p&gt;Zapraszamy do Biblioteki przy ul. \u015amia\u0142ej 24 na &lt;strong&gt;S\u0105siedzk\u0105 Wymian\u0119 Ksi\u0105\u017cek.&lt;\/strong&gt;&lt;\/p&gt; &lt;p&gt;Mo\u017cecie przynie\u015b\u0107 ksi\u0105\u017cki, kt\u00f3rych nie potrzebujecie ju\u017c w domu, a w zamian wzi\u0105\u0107 inne z przygotowanej puli. W s\u0105siedzkiej Wymianie Ksi\u0105\u017cek bior\u0105 udzia\u0142 publikacje wydane po 2000 r. Ksi\u0105\u017cki przyniesione na S\u0105siedzk\u0105 Wymian\u0119 Ksi\u0105\u017cek musz\u0105 by\u0107 kompletne, niezniszczone, niezdezaktualizowane. W akcji bior\u0105 udzia\u0142 publikacje dla doros\u0142ych i dla dzieci.&lt;\/p&gt; &lt;p&gt;&lt;strong&gt;14-25 wrze\u015bnia 2026 r., Biblioteka przy ul. \u015amia\u0142ej 24 w godzinach otwarcia.&lt;\/strong&gt;&lt;\/p&gt; &lt;p&gt;&nbsp;&lt;\/p&gt; \",\r\n            \"image\": \"https:\/\/bpzoliborz.pl\/bpzoliborz\/wp-content\/uploads\/2026\/08\/sasiedzka-wymiana-ksiazek-wrzesien-2026.jpg\",\r\n            \"name\": \"Kopia S\u0105siedzka Wymiana Ksi\u0105\u017cek\",\r\n            \"url\": \"https:\/\/bpzoliborz.pl\/bpzoliborz\/index.php\/events\/sasiedzka-wymiana-ksiazek-5-234\/?occurrence=2026-09-14\"\r\n        }\r\n        <\/script>\r\n        <article class=\" mec-event-article mec-clear  \" itemscope>                    <div class=\"event-grid-t2-head mec-bg-color clearfix\">\r\n                                    <div class=\"mec-event-month\"><span class=\"mec-start-date-label\" itemprop=\"startDate\">14 - 25 wrzesie\u0144<\/span><\/div>\r\n                                                            <div class=\"mec-time-details\"><span class=\"mec-start-time\">11:30<\/span> - <span class=\"mec-end-time\">19:00<\/span><\/div>                                <div class=\"mec-event-detail\">\r\n                    <div class=\"mec-event-loc-place\">Wypo\u017cyczalnia nr 13<\/div>\r\n                                                                            <\/div>\r\n            <\/div>\r\n            <div class=\"mec-event-image\"><a   data-event-id=\"33386\" href=\"https:\/\/bpzoliborz.pl\/bpzoliborz\/index.php\/events\/sasiedzka-wymiana-ksiazek-5-234\/?occurrence=2026-09-14\" target=\"m1\" rel=\"noopener\"><img width=\"1080\" height=\"675\" src=\"https:\/\/bpzoliborz.pl\/bpzoliborz\/wp-content\/uploads\/2026\/08\/sasiedzka-wymiana-ksiazek-wrzesien-2026.jpg\" class=\"attachment-medium size-medium wp-post-image\" alt=\"\" loading=\"lazy\" data-mec-postid=\"33386\" srcset=\"https:\/\/bpzoliborz.pl\/bpzoliborz\/wp-content\/uploads\/2026\/08\/sasiedzka-wymiana-ksiazek-wrzesien-2026.jpg 1080w, https:\/\/bpzoliborz.pl\/bpzoliborz\/wp-content\/uploads\/2026\/08\/sasiedzka-wymiana-ksiazek-wrzesien-2026-768x480.jpg 768w\" sizes=\"(max-width: 1080px) 100vw, 1080px\" \/><\/a><\/div>\r\n            <div class=\"mec-event-content\">\r\n                                                                <h4 class=\"mec-event-title\"><a class=\"mec-color-hover\"  data-event-id=\"33386\" href=\"https:\/\/bpzoliborz.pl\/bpzoliborz\/index.php\/events\/sasiedzka-wymiana-ksiazek-5-234\/?occurrence=2026-09-14\" target=\"m1\" rel=\"noopener\">Kopia S\u0105siedzka Wymiana Ksi\u0105\u017cek<\/a><span class=\"event-color\" style=\"background: #\"><\/span><\/h4>\r\n                <p class=\"mec-grid-event-location\">ul. \u015amia\u0142a 24<\/p>\r\n            <\/div>\r\n            <div class=\"mec-event-footer mec-color\">\r\n                                <ul class=\"mec-event-sharing-wrap\">\r\n                    <li class=\"mec-event-share\">\r\n                        <a href=\"#\" class=\"mec-event-share-icon\">\r\n                            <i class=\"mec-sl-share\" title=\"Share\"><\/i>\r\n                        <\/a>\r\n                    <\/li>\r\n                    <li>\r\n                        <ul class=\"mec-event-sharing\">\r\n                            <li class=\"mec-event-social-icon\"><a class=\"facebook\" href=\"https:\/\/www.facebook.com\/sharer\/sharer.php?u=https%3A%2F%2Fbpzoliborz.pl%2Fbpzoliborz%2Findex.php%2Fevents%2Fsasiedzka-wymiana-ksiazek-5-234%2F\" onclick=\"javascript:window.open(this.href, '', 'menubar=no,toolbar=no,resizable=yes,scrollbars=yes,height=500,width=600'); return false;\" title=\"Udost\u0119pnij na Facebooku\"><i class=\"mec-fa-facebook\"><\/i><\/a><\/li><li class=\"mec-event-social-icon\"><a class=\"twitter\" href=\"https:\/\/twitter.com\/share?url=https%3A%2F%2Fbpzoliborz.pl%2Fbpzoliborz%2Findex.php%2Fevents%2Fsasiedzka-wymiana-ksiazek-5-234%2F\" onclick=\"javascript:window.open(this.href, '', 'menubar=no,toolbar=no,resizable=yes,scrollbars=yes,height=600,width=500'); return false;\" target=\"_blank\" title=\"Tweetuj\"><i class=\"mec-fa-twitter\"><\/i><\/a><\/li><li class=\"mec-event-social-icon\"><a class=\"email\" href=\"mailto:?subject=Kopia S\u0105siedzka Wymiana Ksi\u0105\u017cek&body=https%3A%2F%2Fbpzoliborz.pl%2Fbpzoliborz%2Findex.php%2Fevents%2Fsasiedzka-wymiana-ksiazek-5-234%2F\" title=\"Email\"><i class=\"mec-fa-envelope\"><\/i><\/a><\/li>                        <\/ul>\r\n                    <\/li>\r\n                <\/ul>\r\n                                                                <a class=\"mec-booking-button\"  data-event-id=\"33386\" href=\"https:\/\/bpzoliborz.pl\/bpzoliborz\/index.php\/events\/sasiedzka-wymiana-ksiazek-5-234\/?occurrence=2026-09-14\" target=\"m1\" rel=\"noopener\">Poka\u017c szczeg\u00f3\u0142y<\/a>            <\/div>\r\n        <\/article><\/div>        <div class=\"col-md-4 col-sm-4\">        <script type=\"application\/ld+json\">\r\n        {\r\n            \"@context\": \"http:\/\/schema.org\",\r\n            \"@type\": \"Event\",\r\n            \"eventStatus\": \"https:\/\/schema.org\/EventScheduled\",\r\n            \"startDate\": \"2026-09-14\",\r\n            \"endDate\": \"2026-09-14\",\r\n            \"eventAttendanceMode\": \"https:\/\/schema.org\/OfflineEventAttendanceMode\",\r\n            \"location\":\r\n            {\r\n                \"@type\": \"Place\",\r\n                                \"name\": \"Wypo\u017cyczalnia nr 16\",\r\n                \"image\": \"http:\/\/bpzoliborz.pl\/bpzoliborz\/wp-content\/uploads\/2020\/07\/Biblioteka-nr-16-S\u0142owackiego-19a-scaled-e1594730867309.jpg\",\r\n                \"address\": \"ul. S\u0142owackiego 19a\"\r\n                            },\r\n            \"organizer\":\r\n            {\r\n                \"@type\": \"Person\",\r\n                \"name\": \"Wypo\u017cyczalnia nr 16\",\r\n                \"url\": \"http:\/\/bpzoliborz.pl\/bpzoliborz\/index.php\/wypozyczalnia-nr-16\/\"\r\n            },\r\n            \"offers\":\r\n            {\r\n                \"url\": \"https:\/\/bpzoliborz.pl\/bpzoliborz\/index.php\/events\/mlodziezowy-dyskusyjny-klub-ksiazki-kwiaty-dla-algernona\/\",\r\n                \"price\": \"\",\r\n                \"priceCurrency\": \"PLN\",\r\n                \"availability\": \"https:\/\/schema.org\/InStock\",\r\n                \"validFrom\": \"2026-09-14T00:00\"\r\n            },\r\n            \"performer\": \"\",\r\n            \"description\": \"&lt;p&gt;Zapraszamy na spotkanie M\u0142odzie\u017cowego Dyskusyjnego Klubu Ksi\u0105\u017cki (grupa starsza 16+) podczas kt\u00f3rego om\u00f3wimy powie\u015b\u0107 Haruki Murakamiego &#8220;Norwegian Wood&#8221;.&lt;\/p&gt; &lt;p&gt;&nbsp;&lt;\/p&gt; &lt;p style=&quot;text-align: center&quot;&gt;14 wrze\u015bnia godz. 17.30&lt;\/p&gt; &lt;p style=&quot;text-align: center&quot;&gt;Wypo\u017cyczalnia dla Doros\u0142ych i M\u0142odzie\u017cy nr 16&lt;\/p&gt; &lt;p style=&quot;text-align: center&quot;&gt;ul. S\u0142owackiego 19A&lt;\/p&gt; &lt;p&gt;&nbsp;&lt;\/p&gt; \",\r\n            \"image\": \"https:\/\/bpzoliborz.pl\/bpzoliborz\/wp-content\/uploads\/2026\/08\/obrazek-wyrozniajacy-na-strone-wyp16-5.png\",\r\n            \"name\": \"M\u0142odzie\u017cowy Dyskusyjny Klub Ksi\u0105\u017cki (16+) &#8211; &#8220;Norwegian Wood&#8221;.\",\r\n            \"url\": \"https:\/\/bpzoliborz.pl\/bpzoliborz\/index.php\/events\/mlodziezowy-dyskusyjny-klub-ksiazki-kwiaty-dla-algernona\/?occurrence=2026-09-14\"\r\n        }\r\n        <\/script>\r\n        <article class=\" mec-event-article mec-clear  \" itemscope>                    <div class=\"event-grid-t2-head mec-bg-color clearfix\">\r\n                                    <div class=\"mec-event-month\"><span class=\"mec-start-date-label\" itemprop=\"startDate\">14 wrze\u015bnia<\/span><\/div>\r\n                                                            <div class=\"mec-time-details\"><span class=\"mec-start-time\">17:30<\/span> - <span class=\"mec-end-time\">19:00<\/span><\/div>                                <div class=\"mec-event-detail\">\r\n                    <div class=\"mec-event-loc-place\">Wypo\u017cyczalnia nr 16<\/div>\r\n                                                                            <\/div>\r\n            <\/div>\r\n            <div class=\"mec-event-image\"><a   data-event-id=\"32870\" href=\"https:\/\/bpzoliborz.pl\/bpzoliborz\/index.php\/events\/mlodziezowy-dyskusyjny-klub-ksiazki-kwiaty-dla-algernona\/?occurrence=2026-09-14\" target=\"m1\" rel=\"noopener\"><img width=\"1080\" height=\"675\" src=\"https:\/\/bpzoliborz.pl\/bpzoliborz\/wp-content\/uploads\/2026\/08\/obrazek-wyrozniajacy-na-strone-wyp16-5.png\" class=\"attachment-medium size-medium wp-post-image\" alt=\"grafika wyr\u00f3\u017cniaj\u0105ca przedstawiaj\u0105ca zaproszenie na spotkanie M\u0142odzie\u017cowego Dyskusyjnego Klubu Ksi\u0105\u017cki oraz ok\u0142adk\u0119 ksi\u0105\u017cki Haruki Murakamiego pt. &quot;Norwegian Wood&quot;.\" loading=\"lazy\" data-mec-postid=\"32870\" srcset=\"https:\/\/bpzoliborz.pl\/bpzoliborz\/wp-content\/uploads\/2026\/08\/obrazek-wyrozniajacy-na-strone-wyp16-5.png 1080w, https:\/\/bpzoliborz.pl\/bpzoliborz\/wp-content\/uploads\/2026\/08\/obrazek-wyrozniajacy-na-strone-wyp16-5-768x480.png 768w\" sizes=\"(max-width: 1080px) 100vw, 1080px\" \/><\/a><\/div>\r\n            <div class=\"mec-event-content\">\r\n                                                                <h4 class=\"mec-event-title\"><a class=\"mec-color-hover\"  data-event-id=\"32870\" href=\"https:\/\/bpzoliborz.pl\/bpzoliborz\/index.php\/events\/mlodziezowy-dyskusyjny-klub-ksiazki-kwiaty-dla-algernona\/?occurrence=2026-09-14\" target=\"m1\" rel=\"noopener\">M\u0142odzie\u017cowy Dyskusyjny Klub Ksi\u0105\u017cki (16+) &#8211; &#8220;Norwegian Wood&#8221;.<\/a><span class=\"event-color\" style=\"background: #\"><\/span><\/h4>\r\n                <p class=\"mec-grid-event-location\">ul. S\u0142owackiego 19a<\/p>\r\n            <\/div>\r\n            <div class=\"mec-event-footer mec-color\">\r\n                                <ul class=\"mec-event-sharing-wrap\">\r\n                    <li class=\"mec-event-share\">\r\n                        <a href=\"#\" class=\"mec-event-share-icon\">\r\n                            <i class=\"mec-sl-share\" title=\"Share\"><\/i>\r\n                        <\/a>\r\n                    <\/li>\r\n                    <li>\r\n                        <ul class=\"mec-event-sharing\">\r\n                            <li class=\"mec-event-social-icon\"><a class=\"facebook\" href=\"https:\/\/www.facebook.com\/sharer\/sharer.php?u=https%3A%2F%2Fbpzoliborz.pl%2Fbpzoliborz%2Findex.php%2Fevents%2Fmlodziezowy-dyskusyjny-klub-ksiazki-kwiaty-dla-algernona%2F\" onclick=\"javascript:window.open(this.href, '', 'menubar=no,toolbar=no,resizable=yes,scrollbars=yes,height=500,width=600'); return false;\" title=\"Udost\u0119pnij na Facebooku\"><i class=\"mec-fa-facebook\"><\/i><\/a><\/li><li class=\"mec-event-social-icon\"><a class=\"twitter\" href=\"https:\/\/twitter.com\/share?url=https%3A%2F%2Fbpzoliborz.pl%2Fbpzoliborz%2Findex.php%2Fevents%2Fmlodziezowy-dyskusyjny-klub-ksiazki-kwiaty-dla-algernona%2F\" onclick=\"javascript:window.open(this.href, '', 'menubar=no,toolbar=no,resizable=yes,scrollbars=yes,height=600,width=500'); return false;\" target=\"_blank\" title=\"Tweetuj\"><i class=\"mec-fa-twitter\"><\/i><\/a><\/li><li class=\"mec-event-social-icon\"><a class=\"email\" href=\"mailto:?subject=M\u0142odzie\u017cowy Dyskusyjny Klub Ksi\u0105\u017cki (16+) - %26#8220;Norwegian Wood\u2019\u2019.&body=https%3A%2F%2Fbpzoliborz.pl%2Fbpzoliborz%2Findex.php%2Fevents%2Fmlodziezowy-dyskusyjny-klub-ksiazki-kwiaty-dla-algernona%2F\" title=\"Email\"><i class=\"mec-fa-envelope\"><\/i><\/a><\/li>                        <\/ul>\r\n                    <\/li>\r\n                <\/ul>\r\n                                                                <a class=\"mec-booking-button\"  data-event-id=\"32870\" href=\"https:\/\/bpzoliborz.pl\/bpzoliborz\/index.php\/events\/mlodziezowy-dyskusyjny-klub-ksiazki-kwiaty-dla-algernona\/?occurrence=2026-09-14\" target=\"m1\" rel=\"noopener\">Poka\u017c szczeg\u00f3\u0142y<\/a>            <\/div>\r\n        <\/article><\/div>                <div class=\"col-md-4 col-sm-4\">        <script type=\"application\/ld+json\">\r\n        {\r\n            \"@context\": \"http:\/\/schema.org\",\r\n            \"@type\": \"Event\",\r\n            \"eventStatus\": \"https:\/\/schema.org\/EventScheduled\",\r\n            \"startDate\": \"2026-09-15\",\r\n            \"endDate\": \"2026-09-15\",\r\n            \"eventAttendanceMode\": \"https:\/\/schema.org\/OfflineEventAttendanceMode\",\r\n            \"location\":\r\n            {\r\n                \"@type\": \"Place\",\r\n                                \"name\": \"Czytelnia Pod Sowami\",\r\n                \"image\": \"http:\/\/bpzoliborz.pl\/bpzoliborz\/wp-content\/uploads\/2020\/07\/Czytelnia-Pod-Sowami-ul.-Gen.-Zaj\u0105czka-8-scaled.jpg\",\r\n                \"address\": \"ul. Gen. Zaj\u0105czka 8\"\r\n                            },\r\n            \"organizer\":\r\n            {\r\n                \"@type\": \"Person\",\r\n                \"name\": \"Czytelnia Naukowa nr XVI\",\r\n                \"url\": \"http:\/\/bpzoliborz.pl\/bpzoliborz\/index.php\/czytelnia-naukowa-nr-xvi\/\"\r\n            },\r\n            \"offers\":\r\n            {\r\n                \"url\": \"https:\/\/bpzoliborz.pl\/bpzoliborz\/index.php\/events\/oczywiscie-czechy-tajemnice-praskiego-zamku\/\",\r\n                \"price\": \"\",\r\n                \"priceCurrency\": \"PLN\",\r\n                \"availability\": \"https:\/\/schema.org\/InStock\",\r\n                \"validFrom\": \"2026-09-15T00:00\"\r\n            },\r\n            \"performer\": \"\",\r\n            \"description\": \"&lt;p&gt;\u201cOczywi\u015bcie Czechy\u201d to cykl spotka\u0144 podr\u00f3\u017cniczych, kt\u00f3ry b\u0119dzie&lt;br \/&gt; opowiada\u0142 o ukrytym pi\u0119knie oczywistych i znanych miejsc czeskiej&lt;br \/&gt; stolicy. Wbrew trendowi ci\u0105g\u0142ego poszukiwania nowych i nieznanych&lt;br \/&gt; miejsc, my skupimy si\u0119 na odkrywaniu warto\u015bci i pi\u0119kna miejsc znanych&lt;br \/&gt; i popularnych. A z pewno\u015bci\u0105 i tak do\u015bwiadczymy wielu zaskocze\u0144&lt;br \/&gt; i niespodziewanych odkry\u0107.&lt;\/p&gt; &lt;p&gt;Zapraszamy na spotkanie podr\u00f3\u017cnicze \u201cTajemnice praskiego zamku\u201d&lt;br \/&gt; z przewodniczk\u0105 prask\u0105 &lt;strong&gt;Ann\u0105&lt;\/strong&gt; &lt;strong&gt;Lewandowsk\u0105, &lt;\/strong&gt;kt\u00f3re b\u0119dzie po\u015bwi\u0119cone&lt;br \/&gt; Staremu Miastu, ciekawym ulicom, historii numeracji budynk\u00f3w i znacz\u0105cym mieszka\u0144com.&lt;\/p&gt; &lt;p&gt;Wydarzenie w ramach Warszawskich Dni Seniora 2026 r.&lt;\/p&gt; &lt;p style=&quot;text-align: center&quot; data-start=&quot;76&quot; data-end=&quot;354&quot;&gt;&lt;strong&gt;KIEDY:&lt;\/strong&gt;&lt;\/p&gt; &lt;p style=&quot;text-align: center&quot;&gt;&lt;strong&gt;&lt;span class=&quot;a_GcMg font-feature-liga-off font-feature-clig-off font-feature-calt-off text-decoration-none text-strikethrough-none&quot;&gt;15 wrze\u015bnia &lt;\/span&gt;&lt;\/strong&gt;&lt;\/p&gt; &lt;p style=&quot;text-align: center&quot;&gt;godzina 11.00-12.30&lt;\/p&gt; &lt;h6 style=&quot;text-align: center&quot;&gt;&lt;strong&gt;Gdzie : &lt;\/strong&gt;Czytelna Pod Sowami&lt;br \/&gt; ul. gen. J. Zaj\u0105czka 8&lt;\/h6&gt; &lt;p style=&quot;text-align: center&quot;&gt;Wst\u0119p wolny&lt;\/p&gt; \",\r\n            \"image\": \"https:\/\/bpzoliborz.pl\/bpzoliborz\/wp-content\/uploads\/2026\/08\/WDS-2026-strona2.png\",\r\n            \"name\": \"\u201cOczywi\u015bcie Czechy\u201d \u2013 Tajemnice praskiego zamku\",\r\n            \"url\": \"https:\/\/bpzoliborz.pl\/bpzoliborz\/index.php\/events\/oczywiscie-czechy-tajemnice-praskiego-zamku\/?occurrence=2026-09-15\"\r\n        }\r\n        <\/script>\r\n        <article class=\" mec-event-article mec-clear  \" itemscope>                    <div class=\"event-grid-t2-head mec-bg-color clearfix\">\r\n                                    <div class=\"mec-event-month\"><span class=\"mec-start-date-label\" itemprop=\"startDate\">15 wrze\u015bnia<\/span><\/div>\r\n                                                            <div class=\"mec-time-details\"><span class=\"mec-start-time\">11:00<\/span> - <span class=\"mec-end-time\">12:30<\/span><\/div>                                <div class=\"mec-event-detail\">\r\n                    <div class=\"mec-event-loc-place\">Czytelnia Pod Sowami<\/div>\r\n                                                                            <\/div>\r\n            <\/div>\r\n            <div class=\"mec-event-image\"><a   data-event-id=\"33373\" href=\"https:\/\/bpzoliborz.pl\/bpzoliborz\/index.php\/events\/oczywiscie-czechy-tajemnice-praskiego-zamku\/?occurrence=2026-09-15\" target=\"m1\" rel=\"noopener\"><img width=\"1080\" height=\"675\" src=\"https:\/\/bpzoliborz.pl\/bpzoliborz\/wp-content\/uploads\/2026\/08\/WDS-2026-strona2.png\" class=\"attachment-medium size-medium wp-post-image\" alt=\"Plakat promuj\u0105cy wydarzenie w ramach Warszawskich Dni Seniora. Po lewej stronie na niebieskim tle napis Warszawskie Dni Seniora 2026 roku, w dniach 12 wrze\u015bnia do 4 pa\u017adziernika, poni\u017cej Czytelnia Pod Sowami ul. Gen. Zaj\u0105czka 8 oraz tytu\u0142 wydarzenia cykl spotka\u0144 podr\u00f3\u017cniczych \u201cOczywi\u015bcie Czechy\u201d Tajemnice praskiego zamku, w dniu 15 wrze\u015bnia o godzinie 11.00. Na ilustracji panorama Zameku Praskiego, znany r\u00f3wnie\u017c jako Zamek na Hradczanach, ikoniczny kompleks zamkowy w sercu Pragi, stolicy Czech.\" loading=\"lazy\" data-mec-postid=\"33373\" srcset=\"https:\/\/bpzoliborz.pl\/bpzoliborz\/wp-content\/uploads\/2026\/08\/WDS-2026-strona2.png 1080w, https:\/\/bpzoliborz.pl\/bpzoliborz\/wp-content\/uploads\/2026\/08\/WDS-2026-strona2-768x480.png 768w\" sizes=\"(max-width: 1080px) 100vw, 1080px\" \/><\/a><\/div>\r\n            <div class=\"mec-event-content\">\r\n                                                                <h4 class=\"mec-event-title\"><a class=\"mec-color-hover\"  data-event-id=\"33373\" href=\"https:\/\/bpzoliborz.pl\/bpzoliborz\/index.php\/events\/oczywiscie-czechy-tajemnice-praskiego-zamku\/?occurrence=2026-09-15\" target=\"m1\" rel=\"noopener\">\u201cOczywi\u015bcie Czechy\u201d \u2013 Tajemnice praskiego zamku<\/a><span class=\"event-color\" style=\"background: #\"><\/span><\/h4>\r\n                <p class=\"mec-grid-event-location\">ul. Gen. Zaj\u0105czka 8<\/p>\r\n            <\/div>\r\n            <div class=\"mec-event-footer mec-color\">\r\n                                <ul class=\"mec-event-sharing-wrap\">\r\n                    <li class=\"mec-event-share\">\r\n                        <a href=\"#\" class=\"mec-event-share-icon\">\r\n                            <i class=\"mec-sl-share\" title=\"Share\"><\/i>\r\n                        <\/a>\r\n                    <\/li>\r\n                    <li>\r\n                        <ul class=\"mec-event-sharing\">\r\n                            <li class=\"mec-event-social-icon\"><a class=\"facebook\" href=\"https:\/\/www.facebook.com\/sharer\/sharer.php?u=https%3A%2F%2Fbpzoliborz.pl%2Fbpzoliborz%2Findex.php%2Fevents%2Foczywiscie-czechy-tajemnice-praskiego-zamku%2F\" onclick=\"javascript:window.open(this.href, '', 'menubar=no,toolbar=no,resizable=yes,scrollbars=yes,height=500,width=600'); return false;\" title=\"Udost\u0119pnij na Facebooku\"><i class=\"mec-fa-facebook\"><\/i><\/a><\/li><li class=\"mec-event-social-icon\"><a class=\"twitter\" href=\"https:\/\/twitter.com\/share?url=https%3A%2F%2Fbpzoliborz.pl%2Fbpzoliborz%2Findex.php%2Fevents%2Foczywiscie-czechy-tajemnice-praskiego-zamku%2F\" onclick=\"javascript:window.open(this.href, '', 'menubar=no,toolbar=no,resizable=yes,scrollbars=yes,height=600,width=500'); return false;\" target=\"_blank\" title=\"Tweetuj\"><i class=\"mec-fa-twitter\"><\/i><\/a><\/li><li class=\"mec-event-social-icon\"><a class=\"email\" href=\"mailto:?subject=\u201cOczywi\u015bcie Czechy\u201d \u2013 Tajemnice praskiego zamku&body=https%3A%2F%2Fbpzoliborz.pl%2Fbpzoliborz%2Findex.php%2Fevents%2Foczywiscie-czechy-tajemnice-praskiego-zamku%2F\" title=\"Email\"><i class=\"mec-fa-envelope\"><\/i><\/a><\/li>                        <\/ul>\r\n                    <\/li>\r\n                <\/ul>\r\n                                                                <a class=\"mec-booking-button\"  data-event-id=\"33373\" href=\"https:\/\/bpzoliborz.pl\/bpzoliborz\/index.php\/events\/oczywiscie-czechy-tajemnice-praskiego-zamku\/?occurrence=2026-09-15\" target=\"m1\" rel=\"noopener\">Poka\u017c szczeg\u00f3\u0142y<\/a>            <\/div>\r\n        <\/article><\/div><\/div>        <div class=\"row\"><div class=\"col-md-4 col-sm-4\">        <script type=\"application\/ld+json\">\r\n        {\r\n            \"@context\": \"http:\/\/schema.org\",\r\n            \"@type\": \"Event\",\r\n            \"eventStatus\": \"https:\/\/schema.org\/EventScheduled\",\r\n            \"startDate\": \"2026-09-15\",\r\n            \"endDate\": \"2026-09-15\",\r\n            \"eventAttendanceMode\": \"https:\/\/schema.org\/OfflineEventAttendanceMode\",\r\n            \"location\":\r\n            {\r\n                \"@type\": \"Place\",\r\n                                \"name\": \"Wypo\u017cyczalnia nr 16\",\r\n                \"image\": \"http:\/\/bpzoliborz.pl\/bpzoliborz\/wp-content\/uploads\/2020\/07\/Biblioteka-nr-16-S\u0142owackiego-19a-scaled-e1594730867309.jpg\",\r\n                \"address\": \"ul. S\u0142owackiego 19a\"\r\n                            },\r\n            \"organizer\":\r\n            {\r\n                \"@type\": \"Person\",\r\n                \"name\": \"Wypo\u017cyczalnia nr 16\",\r\n                \"url\": \"http:\/\/bpzoliborz.pl\/bpzoliborz\/index.php\/wypozyczalnia-nr-16\/\"\r\n            },\r\n            \"offers\":\r\n            {\r\n                \"url\": \"https:\/\/bpzoliborz.pl\/bpzoliborz\/index.php\/events\/kolko-szachowe-459-676-687-782-324-369-632-377-684-564-740-965-688-691\/\",\r\n                \"price\": \"\",\r\n                \"priceCurrency\": \"PLN\",\r\n                \"availability\": \"https:\/\/schema.org\/InStock\",\r\n                \"validFrom\": \"2026-09-15T00:00\"\r\n            },\r\n            \"performer\": \"\",\r\n            \"description\": \"&lt;p align=&quot;LEFT&quot;&gt;&lt;span style=&quot;color: #000000&quot;&gt;&lt;span style=&quot;font-family: Calibri, sans-serif&quot;&gt;&lt;span style=&quot;font-size: medium&quot;&gt;&lt;span lang=&quot;pl-PL&quot;&gt;Zapraszamy wszystkich mi\u0142o\u015bnik\u00f3w szach\u00f3w, bez wzgl\u0119du na wiek czy umiej\u0119tno\u015bci. Udost\u0119pniamy szachownice oraz zegary szachowe, nauczymy r\u00f3wnie\u017c podstaw gry.&lt;\/span&gt;&lt;\/span&gt;&lt;\/span&gt;&lt;\/span&gt;&lt;\/p&gt; &lt;p style=&quot;text-align: center&quot; align=&quot;LEFT&quot;&gt;ka\u017cdy wtorek 17.00-19.00&lt;\/p&gt; &lt;p style=&quot;text-align: center&quot; align=&quot;LEFT&quot;&gt;Wypo\u017cyczalnia dla Doros\u0142ych i M\u0142odzie\u017cy nr 16&lt;\/p&gt; &lt;p style=&quot;text-align: center&quot; align=&quot;LEFT&quot;&gt;ul. S\u0142owackiego 9A&lt;\/p&gt; \",\r\n            \"image\": \"https:\/\/bpzoliborz.pl\/bpzoliborz\/wp-content\/uploads\/2026\/06\/Szachy-obrazek-wyrozniajacy-na-strone-wyp16-8.png\",\r\n            \"name\": \"K\u00f3\u0142ko szachowe\",\r\n            \"url\": \"https:\/\/bpzoliborz.pl\/bpzoliborz\/index.php\/events\/kolko-szachowe-459-676-687-782-324-369-632-377-684-564-740-965-688-691\/?occurrence=2026-09-15&time=1789491600\"\r\n        }\r\n        <\/script>\r\n        <article class=\"mec-past-event mec-event-article mec-clear  \" itemscope>                    <div class=\"event-grid-t2-head mec-bg-color clearfix\">\r\n                                    <div class=\"mec-event-month\"><span class=\"mec-start-date-label\" itemprop=\"startDate\">15 wrze\u015bnia<\/span><\/div>\r\n                                                            <div class=\"mec-time-details\"><span class=\"mec-start-time\">17:00<\/span> - <span class=\"mec-end-time\">19:00<\/span><\/div>                                <div class=\"mec-event-detail\">\r\n                    <div class=\"mec-event-loc-place\">Wypo\u017cyczalnia nr 16<\/div>\r\n                                                                            <\/div>\r\n            <\/div>\r\n            <div class=\"mec-event-image\"><a   data-event-id=\"14356\" href=\"https:\/\/bpzoliborz.pl\/bpzoliborz\/index.php\/events\/kolko-szachowe-459-676-687-782-324-369-632-377-684-564-740-965-688-691\/?occurrence=2026-09-15&time=1789491600\" target=\"m1\" rel=\"noopener\"><img width=\"1080\" height=\"675\" src=\"https:\/\/bpzoliborz.pl\/bpzoliborz\/wp-content\/uploads\/2026\/06\/Szachy-obrazek-wyrozniajacy-na-strone-wyp16-8.png\" class=\"attachment-medium size-medium wp-post-image\" alt=\"grafika wyr\u00f3\u017cniaj\u0105ca przedstawiaj\u0105ca trzy bierki szachowe stoj\u0105ce na szachownicy\" loading=\"lazy\" data-mec-postid=\"14356\" srcset=\"https:\/\/bpzoliborz.pl\/bpzoliborz\/wp-content\/uploads\/2026\/06\/Szachy-obrazek-wyrozniajacy-na-strone-wyp16-8.png 1080w, https:\/\/bpzoliborz.pl\/bpzoliborz\/wp-content\/uploads\/2026\/06\/Szachy-obrazek-wyrozniajacy-na-strone-wyp16-8-768x480.png 768w\" sizes=\"(max-width: 1080px) 100vw, 1080px\" \/><\/a><\/div>\r\n            <div class=\"mec-event-content\">\r\n                                                                <h4 class=\"mec-event-title\"><a class=\"mec-color-hover\"  data-event-id=\"14356\" href=\"https:\/\/bpzoliborz.pl\/bpzoliborz\/index.php\/events\/kolko-szachowe-459-676-687-782-324-369-632-377-684-564-740-965-688-691\/?occurrence=2026-09-15&time=1789491600\" target=\"m1\" rel=\"noopener\">K\u00f3\u0142ko szachowe<\/a><span class=\"event-color\" style=\"background: #\"><\/span><\/h4>\r\n                <p class=\"mec-grid-event-location\">ul. S\u0142owackiego 19a<\/p>\r\n            <\/div>\r\n            <div class=\"mec-event-footer mec-color\">\r\n                                <ul class=\"mec-event-sharing-wrap\">\r\n                    <li class=\"mec-event-share\">\r\n                        <a href=\"#\" class=\"mec-event-share-icon\">\r\n                            <i class=\"mec-sl-share\" title=\"Share\"><\/i>\r\n                        <\/a>\r\n                    <\/li>\r\n                    <li>\r\n                        <ul class=\"mec-event-sharing\">\r\n                            <li class=\"mec-event-social-icon\"><a class=\"facebook\" href=\"https:\/\/www.facebook.com\/sharer\/sharer.php?u=https%3A%2F%2Fbpzoliborz.pl%2Fbpzoliborz%2Findex.php%2Fevents%2Fkolko-szachowe-459-676-687-782-324-369-632-377-684-564-740-965-688-691%2F\" onclick=\"javascript:window.open(this.href, '', 'menubar=no,toolbar=no,resizable=yes,scrollbars=yes,height=500,width=600'); return false;\" title=\"Udost\u0119pnij na Facebooku\"><i class=\"mec-fa-facebook\"><\/i><\/a><\/li><li class=\"mec-event-social-icon\"><a class=\"twitter\" href=\"https:\/\/twitter.com\/share?url=https%3A%2F%2Fbpzoliborz.pl%2Fbpzoliborz%2Findex.php%2Fevents%2Fkolko-szachowe-459-676-687-782-324-369-632-377-684-564-740-965-688-691%2F\" onclick=\"javascript:window.open(this.href, '', 'menubar=no,toolbar=no,resizable=yes,scrollbars=yes,height=600,width=500'); return false;\" target=\"_blank\" title=\"Tweetuj\"><i class=\"mec-fa-twitter\"><\/i><\/a><\/li><li class=\"mec-event-social-icon\"><a class=\"email\" href=\"mailto:?subject=K\u00f3\u0142ko szachowe&body=https%3A%2F%2Fbpzoliborz.pl%2Fbpzoliborz%2Findex.php%2Fevents%2Fkolko-szachowe-459-676-687-782-324-369-632-377-684-564-740-965-688-691%2F\" title=\"Email\"><i class=\"mec-fa-envelope\"><\/i><\/a><\/li>                        <\/ul>\r\n                    <\/li>\r\n                <\/ul>\r\n                                                                <a class=\"mec-booking-button\"  data-event-id=\"14356\" href=\"https:\/\/bpzoliborz.pl\/bpzoliborz\/index.php\/events\/kolko-szachowe-459-676-687-782-324-369-632-377-684-564-740-965-688-691\/?occurrence=2026-09-15&time=1789491600\" target=\"m1\" rel=\"noopener\">Poka\u017c szczeg\u00f3\u0142y<\/a>            <\/div>\r\n        <\/article><\/div>        <div class=\"col-md-4 col-sm-4\">        <script type=\"application\/ld+json\">\r\n        {\r\n            \"@context\": \"http:\/\/schema.org\",\r\n            \"@type\": \"Event\",\r\n            \"eventStatus\": \"https:\/\/schema.org\/EventScheduled\",\r\n            \"startDate\": \"2026-09-15\",\r\n            \"endDate\": \"2026-09-15\",\r\n            \"eventAttendanceMode\": \"https:\/\/schema.org\/OfflineEventAttendanceMode\",\r\n            \"location\":\r\n            {\r\n                \"@type\": \"Place\",\r\n                                \"name\": \"Wypo\u017cyczalnia nr 111\",\r\n                \"image\": \"http:\/\/bpzoliborz.pl\/bpzoliborz\/wp-content\/uploads\/2020\/07\/wyp111-wej\u015bcie-3-scaled.jpg\",\r\n                \"address\": \"ul. Mickiewicza 65\"\r\n                            },\r\n            \"organizer\":\r\n            {\r\n                \"@type\": \"Person\",\r\n                \"name\": \"Wypo\u017cyczalnia nr 111\",\r\n                \"url\": \"http:\/\/wyp111@bpzoliborz.pl\"\r\n            },\r\n            \"offers\":\r\n            {\r\n                \"url\": \"https:\/\/bpzoliborz.pl\/bpzoliborz\/index.php\/events\/klub-milosnikow-piora-i-atramentu-10\/\",\r\n                \"price\": \"\",\r\n                \"priceCurrency\": \"PLN\",\r\n                \"availability\": \"https:\/\/schema.org\/InStock\",\r\n                \"validFrom\": \"2026-09-15T00:00\"\r\n            },\r\n            \"performer\": \"\",\r\n            \"description\": \"&lt;p&gt;Klub Kaligrafii&lt;\/p&gt; &lt;p&gt;Zapraszamy na spotkania, podczas kt\u00f3rych wsp\u00f3lnie trenujemy pi\u0119kne pismo.&lt;\/p&gt; &lt;p&gt;Zaj\u0119cia dla os\u00f3b na ka\u017cdym poziomie zaawansowania, zapewniamy wszystkie materia\u0142y.&lt;\/p&gt; &lt;p&gt;data: 15.09.2026&lt;br \/&gt; godzina: 17.00-18.30&lt;br \/&gt; miejsce: Wypo\u017cyczalnia nr 111, ul. Mickiewicza 65&lt;\/p&gt; &lt;p&gt;WST\u0118P WOLNY&lt;\/p&gt; \",\r\n            \"image\": \"https:\/\/bpzoliborz.pl\/bpzoliborz\/wp-content\/uploads\/2026\/08\/2.png\",\r\n            \"name\": \"Klub Mi\u0142o\u015bnik\u00f3w Pi\u00f3ra i Atramentu\",\r\n            \"url\": \"https:\/\/bpzoliborz.pl\/bpzoliborz\/index.php\/events\/klub-milosnikow-piora-i-atramentu-10\/?occurrence=2026-09-15\"\r\n        }\r\n        <\/script>\r\n        <article class=\" mec-event-article mec-clear  \" itemscope>                    <div class=\"event-grid-t2-head mec-bg-color clearfix\">\r\n                                    <div class=\"mec-event-month\"><span class=\"mec-start-date-label\" itemprop=\"startDate\">15 wrze\u015bnia<\/span><\/div>\r\n                                                            <div class=\"mec-time-details\"><span class=\"mec-start-time\">17:00<\/span> - <span class=\"mec-end-time\">18:30<\/span><\/div>                                <div class=\"mec-event-detail\">\r\n                    <div class=\"mec-event-loc-place\">Wypo\u017cyczalnia nr 111<\/div>\r\n                                                                            <\/div>\r\n            <\/div>\r\n            <div class=\"mec-event-image\"><a   data-event-id=\"31054\" href=\"https:\/\/bpzoliborz.pl\/bpzoliborz\/index.php\/events\/klub-milosnikow-piora-i-atramentu-10\/?occurrence=2026-09-15\" target=\"m1\" rel=\"noopener\"><img width=\"1080\" height=\"675\" src=\"https:\/\/bpzoliborz.pl\/bpzoliborz\/wp-content\/uploads\/2026\/08\/2.png\" class=\"attachment-medium size-medium wp-post-image\" alt=\"\" loading=\"lazy\" data-mec-postid=\"31054\" srcset=\"https:\/\/bpzoliborz.pl\/bpzoliborz\/wp-content\/uploads\/2026\/08\/2.png 1080w, https:\/\/bpzoliborz.pl\/bpzoliborz\/wp-content\/uploads\/2026\/08\/2-768x480.png 768w\" sizes=\"(max-width: 1080px) 100vw, 1080px\" \/><\/a><\/div>\r\n            <div class=\"mec-event-content\">\r\n                                                                <h4 class=\"mec-event-title\"><a class=\"mec-color-hover\"  data-event-id=\"31054\" href=\"https:\/\/bpzoliborz.pl\/bpzoliborz\/index.php\/events\/klub-milosnikow-piora-i-atramentu-10\/?occurrence=2026-09-15\" target=\"m1\" rel=\"noopener\">Klub Mi\u0142o\u015bnik\u00f3w Pi\u00f3ra i Atramentu<\/a><span class=\"event-color\" style=\"background: #ffffff\"><\/span><\/h4>\r\n                <p class=\"mec-grid-event-location\">ul. Mickiewicza 65<\/p>\r\n            <\/div>\r\n            <div class=\"mec-event-footer mec-color\">\r\n                                <ul class=\"mec-event-sharing-wrap\">\r\n                    <li class=\"mec-event-share\">\r\n                        <a href=\"#\" class=\"mec-event-share-icon\">\r\n                            <i class=\"mec-sl-share\" title=\"Share\"><\/i>\r\n                        <\/a>\r\n                    <\/li>\r\n                    <li>\r\n                        <ul class=\"mec-event-sharing\">\r\n                            <li class=\"mec-event-social-icon\"><a class=\"facebook\" href=\"https:\/\/www.facebook.com\/sharer\/sharer.php?u=https%3A%2F%2Fbpzoliborz.pl%2Fbpzoliborz%2Findex.php%2Fevents%2Fklub-milosnikow-piora-i-atramentu-10%2F\" onclick=\"javascript:window.open(this.href, '', 'menubar=no,toolbar=no,resizable=yes,scrollbars=yes,height=500,width=600'); return false;\" title=\"Udost\u0119pnij na Facebooku\"><i class=\"mec-fa-facebook\"><\/i><\/a><\/li><li class=\"mec-event-social-icon\"><a class=\"twitter\" href=\"https:\/\/twitter.com\/share?url=https%3A%2F%2Fbpzoliborz.pl%2Fbpzoliborz%2Findex.php%2Fevents%2Fklub-milosnikow-piora-i-atramentu-10%2F\" onclick=\"javascript:window.open(this.href, '', 'menubar=no,toolbar=no,resizable=yes,scrollbars=yes,height=600,width=500'); return false;\" target=\"_blank\" title=\"Tweetuj\"><i class=\"mec-fa-twitter\"><\/i><\/a><\/li><li class=\"mec-event-social-icon\"><a class=\"email\" href=\"mailto:?subject=Klub Mi\u0142o\u015bnik\u00f3w Pi\u00f3ra i Atramentu&body=https%3A%2F%2Fbpzoliborz.pl%2Fbpzoliborz%2Findex.php%2Fevents%2Fklub-milosnikow-piora-i-atramentu-10%2F\" title=\"Email\"><i class=\"mec-fa-envelope\"><\/i><\/a><\/li>                        <\/ul>\r\n                    <\/li>\r\n                <\/ul>\r\n                                                                <a class=\"mec-booking-button\"  data-event-id=\"31054\" href=\"https:\/\/bpzoliborz.pl\/bpzoliborz\/index.php\/events\/klub-milosnikow-piora-i-atramentu-10\/?occurrence=2026-09-15\" target=\"m1\" rel=\"noopener\">Poka\u017c szczeg\u00f3\u0142y<\/a>            <\/div>\r\n        <\/article><\/div>        <div class=\"col-md-4 col-sm-4\">        <script type=\"application\/ld+json\">\r\n        {\r\n            \"@context\": \"http:\/\/schema.org\",\r\n            \"@type\": \"Event\",\r\n            \"eventStatus\": \"https:\/\/schema.org\/EventScheduled\",\r\n            \"startDate\": \"2026-09-15\",\r\n            \"endDate\": \"2026-09-15\",\r\n            \"eventAttendanceMode\": \"https:\/\/schema.org\/OfflineEventAttendanceMode\",\r\n            \"location\":\r\n            {\r\n                \"@type\": \"Place\",\r\n                                \"name\": \"Biblioteka dla Dzieci nr XV\",\r\n                \"image\": \"http:\/\/bpzoliborz.pl\/bpzoliborz\/wp-content\/uploads\/2020\/07\/broniewskiego.jpg\",\r\n                \"address\": \"ul. Broniewskiego 9a\"\r\n                            },\r\n            \"organizer\":\r\n            {\r\n                \"@type\": \"Person\",\r\n                \"name\": \"Biblioteka dla Dzieci nr XV\",\r\n                \"url\": \"http:\/\/bpzoliborz.pl\/bpzoliborz\/index.php\/biblioteka-dla-dzieci-nr-xv\/\"\r\n            },\r\n            \"offers\":\r\n            {\r\n                \"url\": \"https:\/\/bpzoliborz.pl\/bpzoliborz\/index.php\/events\/kartki-dla-dziadkow-warsztaty-plastyczne-372-869-823-335\/\",\r\n                \"price\": \"\",\r\n                \"priceCurrency\": \"PLN\",\r\n                \"availability\": \"https:\/\/schema.org\/InStock\",\r\n                \"validFrom\": \"2026-09-15T00:00\"\r\n            },\r\n            \"performer\": \"\",\r\n            \"description\": \"&lt;p style=&quot;text-align: center;&quot; data-start=&quot;76&quot; data-end=&quot;354&quot;&gt;Zapraszamy na warsztaty plastyczne dla dzieci i rodzic\u00f3w, podczas kt\u00f3rych uczestnicy wykonaj\u0105 papierowe dekoracje z motywem ryb.&lt;\/p&gt; &lt;p style=&quot;text-align: center;&quot;&gt;&lt;strong&gt;KIEDY:&lt;\/strong&gt;&lt;\/p&gt; &lt;p style=&quot;text-align: center;&quot;&gt;&lt;strong&gt;&lt;span class=&quot;a_GcMg font-feature-liga-off font-feature-clig-off font-feature-calt-off text-decoration-none text-strikethrough-none&quot;&gt;15 wrze\u015bnia (wtorek)&lt;\/span&gt;&lt;\/strong&gt;&lt;\/p&gt; &lt;p style=&quot;text-align: center;&quot;&gt;&lt;span class=&quot;a_GcMg font-feature-liga-off font-feature-clig-off font-feature-calt-off text-decoration-none text-strikethrough-none&quot;&gt;&lt;strong&gt;Grupa 1&lt;\/strong&gt;: 17.00&lt;\/span&gt;&lt;\/p&gt; &lt;p style=&quot;text-align: center;&quot;&gt;&lt;strong&gt;Grupa 2:&lt;\/strong&gt; 18.00&lt;\/p&gt; &lt;p&gt;&nbsp;&lt;\/p&gt; &lt;p style=&quot;text-align: center;&quot;&gt;&lt;strong&gt;GDZIE: &lt;\/strong&gt;Biblioteka dla Dzieci i M\u0142odzie\u017cy nr XV,&lt;br \/&gt; &lt;span class=&quot;a_GcMg font-feature-liga-off font-feature-clig-off font-feature-calt-off text-decoration-none text-strikethrough-none&quot;&gt;ul. Broniewskiego 9a&lt;\/span&gt;&lt;\/p&gt; &lt;p style=&quot;text-align: center;&quot;&gt;Zapisy pod numerem telefonu 22 633-90-80&lt;\/p&gt; \",\r\n            \"image\": \"https:\/\/bpzoliborz.pl\/bpzoliborz\/wp-content\/uploads\/2026\/08\/obrazek-wyrozniajacy-na-strone-Broniewskiego-24.png\",\r\n            \"name\": \"Papierowe kraby i o\u015bmiornice &#8211; warsztaty plastyczne z cyklu &#8220;Ksi\u0105\u017ckowe wycinanki&#8221;\",\r\n            \"url\": \"https:\/\/bpzoliborz.pl\/bpzoliborz\/index.php\/events\/kartki-dla-dziadkow-warsztaty-plastyczne-372-869-823-335\/?occurrence=2026-09-15&time=1789491600\"\r\n        }\r\n        <\/script>\r\n        <article class=\" mec-event-article mec-clear  \" itemscope>                    <div class=\"event-grid-t2-head mec-bg-color clearfix\">\r\n                                    <div class=\"mec-event-month\"><span class=\"mec-start-date-label\" itemprop=\"startDate\">15 wrze\u015bnia<\/span><\/div>\r\n                                                            <div class=\"mec-time-details\"><span class=\"mec-start-time\">17:00<\/span> - <span class=\"mec-end-time\">19:00<\/span><\/div>                                <div class=\"mec-event-detail\">\r\n                    <div class=\"mec-event-loc-place\">Biblioteka dla Dzieci nr XV<\/div>\r\n                                                                            <\/div>\r\n            <\/div>\r\n            <div class=\"mec-event-image\"><a   data-event-id=\"33198\" href=\"https:\/\/bpzoliborz.pl\/bpzoliborz\/index.php\/events\/kartki-dla-dziadkow-warsztaty-plastyczne-372-869-823-335\/?occurrence=2026-09-15&time=1789491600\" target=\"m1\" rel=\"noopener\"><img width=\"1080\" height=\"675\" src=\"https:\/\/bpzoliborz.pl\/bpzoliborz\/wp-content\/uploads\/2026\/08\/obrazek-wyrozniajacy-na-strone-Broniewskiego-24.png\" class=\"attachment-medium size-medium wp-post-image\" alt=\"Plakat warsztat\u00f3w plastycznych dla dzieci i m\u0142odzie\u017cy pt. \u201ePapierowe kraby i o\u015bmiornice \u2013 ksi\u0105\u017ckowe wycinanki\u201d. Na tle w odcieniach b\u0142\u0119kitu znajduj\u0105 si\u0119 ilustracje czerwonego kraba i fioletowej o\u015bmiornicy. Wydarzenie odb\u0119dzie si\u0119 15 wrze\u015bnia w godzinach 17:00\u201318:00 w Bibliotece dla Dzieci i M\u0142odzie\u017cy nr XV przy ul. Broniewskiego 9A. Na dole widoczne s\u0105 logotypy Biblioteki Publicznej w Dzielnicy \u017boliborz m.st. Warszawy oraz Instytucji Kultury m.st. Warszawy.\u201d\" loading=\"lazy\" data-mec-postid=\"33198\" srcset=\"https:\/\/bpzoliborz.pl\/bpzoliborz\/wp-content\/uploads\/2026\/08\/obrazek-wyrozniajacy-na-strone-Broniewskiego-24.png 1080w, https:\/\/bpzoliborz.pl\/bpzoliborz\/wp-content\/uploads\/2026\/08\/obrazek-wyrozniajacy-na-strone-Broniewskiego-24-768x480.png 768w\" sizes=\"(max-width: 1080px) 100vw, 1080px\" \/><\/a><\/div>\r\n            <div class=\"mec-event-content\">\r\n                                                                <h4 class=\"mec-event-title\"><a class=\"mec-color-hover\"  data-event-id=\"33198\" href=\"https:\/\/bpzoliborz.pl\/bpzoliborz\/index.php\/events\/kartki-dla-dziadkow-warsztaty-plastyczne-372-869-823-335\/?occurrence=2026-09-15&time=1789491600\" target=\"m1\" rel=\"noopener\">Papierowe kraby i o\u015bmiornice &#8211; warsztaty plastyczne z cyklu &#8220;Ksi\u0105\u017ckowe wycinanki&#8221;<\/a><span class=\"event-color\" style=\"background: #02b5cd\"><\/span><\/h4>\r\n                <p class=\"mec-grid-event-location\">ul. Broniewskiego 9a<\/p>\r\n            <\/div>\r\n            <div class=\"mec-event-footer mec-color\">\r\n                                <ul class=\"mec-event-sharing-wrap\">\r\n                    <li class=\"mec-event-share\">\r\n                        <a href=\"#\" class=\"mec-event-share-icon\">\r\n                            <i class=\"mec-sl-share\" title=\"Share\"><\/i>\r\n                        <\/a>\r\n                    <\/li>\r\n                    <li>\r\n                        <ul class=\"mec-event-sharing\">\r\n                            <li class=\"mec-event-social-icon\"><a class=\"facebook\" href=\"https:\/\/www.facebook.com\/sharer\/sharer.php?u=https%3A%2F%2Fbpzoliborz.pl%2Fbpzoliborz%2Findex.php%2Fevents%2Fkartki-dla-dziadkow-warsztaty-plastyczne-372-869-823-335%2F\" onclick=\"javascript:window.open(this.href, '', 'menubar=no,toolbar=no,resizable=yes,scrollbars=yes,height=500,width=600'); return false;\" title=\"Udost\u0119pnij na Facebooku\"><i class=\"mec-fa-facebook\"><\/i><\/a><\/li><li class=\"mec-event-social-icon\"><a class=\"twitter\" href=\"https:\/\/twitter.com\/share?url=https%3A%2F%2Fbpzoliborz.pl%2Fbpzoliborz%2Findex.php%2Fevents%2Fkartki-dla-dziadkow-warsztaty-plastyczne-372-869-823-335%2F\" onclick=\"javascript:window.open(this.href, '', 'menubar=no,toolbar=no,resizable=yes,scrollbars=yes,height=600,width=500'); return false;\" target=\"_blank\" title=\"Tweetuj\"><i class=\"mec-fa-twitter\"><\/i><\/a><\/li><li class=\"mec-event-social-icon\"><a class=\"email\" href=\"mailto:?subject=Papierowe kraby i o\u015bmiornice - warsztaty plastyczne z cyklu %26#8220;Ksi\u0105\u017ckowe wycinanki\u2019\u2019&body=https%3A%2F%2Fbpzoliborz.pl%2Fbpzoliborz%2Findex.php%2Fevents%2Fkartki-dla-dziadkow-warsztaty-plastyczne-372-869-823-335%2F\" title=\"Email\"><i class=\"mec-fa-envelope\"><\/i><\/a><\/li>                        <\/ul>\r\n                    <\/li>\r\n                <\/ul>\r\n                                                                <a class=\"mec-booking-button\"  data-event-id=\"33198\" href=\"https:\/\/bpzoliborz.pl\/bpzoliborz\/index.php\/events\/kartki-dla-dziadkow-warsztaty-plastyczne-372-869-823-335\/?occurrence=2026-09-15&time=1789491600\" target=\"m1\" rel=\"noopener\">Poka\u017c szczeg\u00f3\u0142y<\/a>            <\/div>\r\n        <\/article><\/div><\/div>                <div class=\"row\"><div class=\"col-md-4 col-sm-4\">        <script type=\"application\/ld+json\">\r\n        {\r\n            \"@context\": \"http:\/\/schema.org\",\r\n            \"@type\": \"Event\",\r\n            \"eventStatus\": \"https:\/\/schema.org\/EventScheduled\",\r\n            \"startDate\": \"2026-09-16\",\r\n            \"endDate\": \"2026-09-16\",\r\n            \"eventAttendanceMode\": \"https:\/\/schema.org\/OfflineEventAttendanceMode\",\r\n            \"location\":\r\n            {\r\n                \"@type\": \"Place\",\r\n                                \"name\": \"Wypo\u017cyczalnia nr 13\",\r\n                \"image\": \"http:\/\/bpzoliborz.pl\/bpzoliborz\/wp-content\/uploads\/2020\/08\/\u015bmia\u0142a.png\",\r\n                \"address\": \"ul. \u015amia\u0142a 24\"\r\n                            },\r\n            \"organizer\":\r\n            {\r\n                \"@type\": \"Person\",\r\n                \"name\": \"Wypo\u017cyczalnia nr 13\",\r\n                \"url\": \"http:\/\/bpzoliborz.pl\/bpzoliborz\/index.php\/wypozyczalnia-nr-13\/\"\r\n            },\r\n            \"offers\":\r\n            {\r\n                \"url\": \"https:\/\/bpzoliborz.pl\/bpzoliborz\/index.php\/events\/neurobik-dla-seniorow-3\/\",\r\n                \"price\": \"\",\r\n                \"priceCurrency\": \"PLN\",\r\n                \"availability\": \"https:\/\/schema.org\/InStock\",\r\n                \"validFrom\": \"2026-09-16T00:00\"\r\n            },\r\n            \"performer\": \"\",\r\n            \"description\": \"&lt;p&gt;Zaj\u0119cia podczas kt\u00f3rych wsp\u00f3lnie b\u0119dziemy wykonywa\u0107 zadania, \u0142amig\u0142\u00f3wki i \u0107wiczenia wzmacniaj\u0105ce pami\u0119\u0107 oraz koncentracj\u0119.&lt;\/p&gt; &lt;p style=&quot;text-align: center;&quot;&gt;Wypo\u017cyczalnia nr 13 ul. \u015amia\u0142a 24&lt;br \/&gt; 16.09.2026 r., godz. 10.00-11.00&lt;br \/&gt; Wst\u0119p wolny&lt;\/p&gt; \",\r\n            \"image\": \"https:\/\/bpzoliborz.pl\/bpzoliborz\/wp-content\/uploads\/2026\/08\/neurobik-smiala-wrzesien.jpg\",\r\n            \"name\": \"Neurobik dla senior\u00f3w\",\r\n            \"url\": \"https:\/\/bpzoliborz.pl\/bpzoliborz\/index.php\/events\/neurobik-dla-seniorow-3\/?occurrence=2026-09-16\"\r\n        }\r\n        <\/script>\r\n        <article class=\" mec-event-article mec-clear  \" itemscope>                    <div class=\"event-grid-t2-head mec-bg-color clearfix\">\r\n                                    <div class=\"mec-event-month\"><span class=\"mec-start-date-label\" itemprop=\"startDate\">16 wrze\u015bnia<\/span><\/div>\r\n                                                            <div class=\"mec-time-details\"><span class=\"mec-start-time\">10:00<\/span> - <span class=\"mec-end-time\">11:00<\/span><\/div>                                <div class=\"mec-event-detail\">\r\n                    <div class=\"mec-event-loc-place\">Wypo\u017cyczalnia nr 13<\/div>\r\n                                                                            <\/div>\r\n            <\/div>\r\n            <div class=\"mec-event-image\"><a   data-event-id=\"33398\" href=\"https:\/\/bpzoliborz.pl\/bpzoliborz\/index.php\/events\/neurobik-dla-seniorow-3\/?occurrence=2026-09-16\" target=\"m1\" rel=\"noopener\"><img width=\"1080\" height=\"675\" src=\"https:\/\/bpzoliborz.pl\/bpzoliborz\/wp-content\/uploads\/2026\/08\/neurobik-smiala-wrzesien.jpg\" class=\"attachment-medium size-medium wp-post-image\" alt=\"\" loading=\"lazy\" data-mec-postid=\"33398\" srcset=\"https:\/\/bpzoliborz.pl\/bpzoliborz\/wp-content\/uploads\/2026\/08\/neurobik-smiala-wrzesien.jpg 1080w, https:\/\/bpzoliborz.pl\/bpzoliborz\/wp-content\/uploads\/2026\/08\/neurobik-smiala-wrzesien-768x480.jpg 768w\" sizes=\"(max-width: 1080px) 100vw, 1080px\" \/><\/a><\/div>\r\n            <div class=\"mec-event-content\">\r\n                                                                <h4 class=\"mec-event-title\"><a class=\"mec-color-hover\"  data-event-id=\"33398\" href=\"https:\/\/bpzoliborz.pl\/bpzoliborz\/index.php\/events\/neurobik-dla-seniorow-3\/?occurrence=2026-09-16\" target=\"m1\" rel=\"noopener\">Neurobik dla senior\u00f3w<\/a><span class=\"event-color\" style=\"background: #\"><\/span><\/h4>\r\n                <p class=\"mec-grid-event-location\">ul. \u015amia\u0142a 24<\/p>\r\n            <\/div>\r\n            <div class=\"mec-event-footer mec-color\">\r\n                                <ul class=\"mec-event-sharing-wrap\">\r\n                    <li class=\"mec-event-share\">\r\n                        <a href=\"#\" class=\"mec-event-share-icon\">\r\n                            <i class=\"mec-sl-share\" title=\"Share\"><\/i>\r\n                        <\/a>\r\n                    <\/li>\r\n                    <li>\r\n                        <ul class=\"mec-event-sharing\">\r\n                            <li class=\"mec-event-social-icon\"><a class=\"facebook\" href=\"https:\/\/www.facebook.com\/sharer\/sharer.php?u=https%3A%2F%2Fbpzoliborz.pl%2Fbpzoliborz%2Findex.php%2Fevents%2Fneurobik-dla-seniorow-3%2F\" onclick=\"javascript:window.open(this.href, '', 'menubar=no,toolbar=no,resizable=yes,scrollbars=yes,height=500,width=600'); return false;\" title=\"Udost\u0119pnij na Facebooku\"><i class=\"mec-fa-facebook\"><\/i><\/a><\/li><li class=\"mec-event-social-icon\"><a class=\"twitter\" href=\"https:\/\/twitter.com\/share?url=https%3A%2F%2Fbpzoliborz.pl%2Fbpzoliborz%2Findex.php%2Fevents%2Fneurobik-dla-seniorow-3%2F\" onclick=\"javascript:window.open(this.href, '', 'menubar=no,toolbar=no,resizable=yes,scrollbars=yes,height=600,width=500'); return false;\" target=\"_blank\" title=\"Tweetuj\"><i class=\"mec-fa-twitter\"><\/i><\/a><\/li><li class=\"mec-event-social-icon\"><a class=\"email\" href=\"mailto:?subject=Neurobik dla senior\u00f3w&body=https%3A%2F%2Fbpzoliborz.pl%2Fbpzoliborz%2Findex.php%2Fevents%2Fneurobik-dla-seniorow-3%2F\" title=\"Email\"><i class=\"mec-fa-envelope\"><\/i><\/a><\/li>                        <\/ul>\r\n                    <\/li>\r\n                <\/ul>\r\n                                                                <a class=\"mec-booking-button\"  data-event-id=\"33398\" href=\"https:\/\/bpzoliborz.pl\/bpzoliborz\/index.php\/events\/neurobik-dla-seniorow-3\/?occurrence=2026-09-16\" target=\"m1\" rel=\"noopener\">Poka\u017c szczeg\u00f3\u0142y<\/a>            <\/div>\r\n        <\/article><\/div>        <div class=\"col-md-4 col-sm-4\">        <script type=\"application\/ld+json\">\r\n        {\r\n            \"@context\": \"http:\/\/schema.org\",\r\n            \"@type\": \"Event\",\r\n            \"eventStatus\": \"https:\/\/schema.org\/EventScheduled\",\r\n            \"startDate\": \"2026-09-16\",\r\n            \"endDate\": \"2026-09-16\",\r\n            \"eventAttendanceMode\": \"https:\/\/schema.org\/OfflineEventAttendanceMode\",\r\n            \"location\":\r\n            {\r\n                \"@type\": \"Place\",\r\n                                \"name\": \"Wypo\u017cyczalnia nr 138\",\r\n                \"image\": \"http:\/\/bpzoliborz.pl\/bpzoliborz\/wp-content\/uploads\/2020\/07\/broniewskiego.jpg\",\r\n                \"address\": \"ul. Broniewskiego 9a\"\r\n                            },\r\n            \"organizer\":\r\n            {\r\n                \"@type\": \"Person\",\r\n                \"name\": \"Wypo\u017cyczalnia nr 138\",\r\n                \"url\": \"http:\/\/bpzoliborz.pl\/bpzoliborz\/index.php\/wypozyczalnia-nr-138\/\"\r\n            },\r\n            \"offers\":\r\n            {\r\n                \"url\": \"https:\/\/bpzoliborz.pl\/bpzoliborz\/index.php\/events\/trening-pamiec-i-koncentracja-dla-seniorow-762\/\",\r\n                \"price\": \"\",\r\n                \"priceCurrency\": \"PLN\",\r\n                \"availability\": \"https:\/\/schema.org\/InStock\",\r\n                \"validFrom\": \"2026-09-16T00:00\"\r\n            },\r\n            \"performer\": \"\",\r\n            \"description\": \"&lt;p style=&quot;text-align: center&quot; data-start=&quot;76&quot; data-end=&quot;354&quot;&gt;Warsztaty dla senior\u00f3w &#8211; \u0107wiczenia pami\u0119ci, wyobra\u017ani przestrzennej i logicznego my\u015blenia.&lt;\/p&gt; &lt;p style=&quot;text-align: center&quot;&gt;&lt;strong&gt;KIEDY:&lt;\/strong&gt;&lt;\/p&gt; &lt;p style=&quot;text-align: center&quot;&gt;&lt;strong&gt;&lt;span class=&quot;a_GcMg font-feature-liga-off font-feature-clig-off font-feature-calt-off text-decoration-none text-strikethrough-none&quot;&gt;Grupa 1: 16 wrze\u015bnia (\u015broda) &lt;\/span&gt;&lt;\/strong&gt;&lt;span class=&quot;a_GcMg font-feature-liga-off font-feature-clig-off font-feature-calt-off text-decoration-none text-strikethrough-none&quot;&gt;16.00-18.00&lt;\/span&gt;&lt;\/p&gt; &lt;p style=&quot;text-align: center&quot;&gt;&lt;strong&gt;&lt;span class=&quot;a_GcMg font-feature-liga-off font-feature-clig-off font-feature-calt-off text-decoration-none text-strikethrough-none&quot;&gt;Grupa 2: 30 wrze\u015bnia (\u015broda) &lt;\/span&gt;&lt;\/strong&gt;&lt;span class=&quot;a_GcMg font-feature-liga-off font-feature-clig-off font-feature-calt-off text-decoration-none text-strikethrough-none&quot;&gt;16.00-18.00&lt;\/span&gt;&lt;\/p&gt; &lt;p style=&quot;text-align: center&quot;&gt;&lt;strong&gt;GDZIE: &lt;\/strong&gt;Wypo\u017cyczalnia nr 138,&lt;br \/&gt; &lt;span class=&quot;a_GcMg font-feature-liga-off font-feature-clig-off font-feature-calt-off text-decoration-none text-strikethrough-none&quot;&gt;ul. Broniewskiego 9a&lt;\/span&gt;&lt;\/p&gt; &lt;p style=&quot;text-align: center&quot;&gt;Zapisy pod numerem telefonu 22 633-90-80&lt;\/p&gt; \",\r\n            \"image\": \"https:\/\/bpzoliborz.pl\/bpzoliborz\/wp-content\/uploads\/2026\/08\/WDS-2026-strona-3.png\",\r\n            \"name\": \"Trening \u201ePami\u0119\u0107 i koncentracja&#8221;\",\r\n            \"url\": \"https:\/\/bpzoliborz.pl\/bpzoliborz\/index.php\/events\/trening-pamiec-i-koncentracja-dla-seniorow-762\/?occurrence=2026-09-16&time=1789574400\"\r\n        }\r\n        <\/script>\r\n        <article class=\" mec-event-article mec-clear  \" itemscope>                    <div class=\"event-grid-t2-head mec-bg-color clearfix\">\r\n                                    <div class=\"mec-event-month\"><span class=\"mec-start-date-label\" itemprop=\"startDate\">16 wrze\u015bnia<\/span><\/div>\r\n                                                            <div class=\"mec-time-details\"><span class=\"mec-start-time\">16:00<\/span> - <span class=\"mec-end-time\">18:00<\/span><\/div>                                <div class=\"mec-event-detail\">\r\n                    <div class=\"mec-event-loc-place\">Wypo\u017cyczalnia nr 138<\/div>\r\n                                                                            <\/div>\r\n            <\/div>\r\n            <div class=\"mec-event-image\"><a   data-event-id=\"33469\" href=\"https:\/\/bpzoliborz.pl\/bpzoliborz\/index.php\/events\/trening-pamiec-i-koncentracja-dla-seniorow-762\/?occurrence=2026-09-16&time=1789574400\" target=\"m1\" rel=\"noopener\"><img width=\"1080\" height=\"675\" src=\"https:\/\/bpzoliborz.pl\/bpzoliborz\/wp-content\/uploads\/2026\/08\/WDS-2026-strona-3.png\" class=\"attachment-medium size-medium wp-post-image\" alt=\"Plakat zapowiadaj\u0105cy Trening \u201ePami\u0119\u0107 i Koncentracja\u201d z okazji Warszawskich Dni Seniora 2026. Spotkania odb\u0119d\u0105 si\u0119 16 i 30 wrze\u015bnia 2026 r. w godz. 16:00\u201318:00 w Wypo\u017cyczalni nr 138 przy ul. Broniewskiego 9A. Na ilustracji widniej\u0105 liniowe szkice profil\u00f3w ludzkich z zaznaczonym m\u00f3zgiem.\" loading=\"lazy\" data-mec-postid=\"33469\" srcset=\"https:\/\/bpzoliborz.pl\/bpzoliborz\/wp-content\/uploads\/2026\/08\/WDS-2026-strona-3.png 1080w, https:\/\/bpzoliborz.pl\/bpzoliborz\/wp-content\/uploads\/2026\/08\/WDS-2026-strona-3-768x480.png 768w\" sizes=\"(max-width: 1080px) 100vw, 1080px\" \/><\/a><\/div>\r\n            <div class=\"mec-event-content\">\r\n                                                                <h4 class=\"mec-event-title\"><a class=\"mec-color-hover\"  data-event-id=\"33469\" href=\"https:\/\/bpzoliborz.pl\/bpzoliborz\/index.php\/events\/trening-pamiec-i-koncentracja-dla-seniorow-762\/?occurrence=2026-09-16&time=1789574400\" target=\"m1\" rel=\"noopener\">Trening \u201ePami\u0119\u0107 i koncentracja&#8221;<\/a><span class=\"event-color\" style=\"background: #b61784\"><\/span><\/h4>\r\n                <p class=\"mec-grid-event-location\">ul. Broniewskiego 9a<\/p>\r\n            <\/div>\r\n            <div class=\"mec-event-footer mec-color\">\r\n                                <ul class=\"mec-event-sharing-wrap\">\r\n                    <li class=\"mec-event-share\">\r\n                        <a href=\"#\" class=\"mec-event-share-icon\">\r\n                            <i class=\"mec-sl-share\" title=\"Share\"><\/i>\r\n                        <\/a>\r\n                    <\/li>\r\n                    <li>\r\n                        <ul class=\"mec-event-sharing\">\r\n                            <li class=\"mec-event-social-icon\"><a class=\"facebook\" href=\"https:\/\/www.facebook.com\/sharer\/sharer.php?u=https%3A%2F%2Fbpzoliborz.pl%2Fbpzoliborz%2Findex.php%2Fevents%2Ftrening-pamiec-i-koncentracja-dla-seniorow-762%2F\" onclick=\"javascript:window.open(this.href, '', 'menubar=no,toolbar=no,resizable=yes,scrollbars=yes,height=500,width=600'); return false;\" title=\"Udost\u0119pnij na Facebooku\"><i class=\"mec-fa-facebook\"><\/i><\/a><\/li><li class=\"mec-event-social-icon\"><a class=\"twitter\" href=\"https:\/\/twitter.com\/share?url=https%3A%2F%2Fbpzoliborz.pl%2Fbpzoliborz%2Findex.php%2Fevents%2Ftrening-pamiec-i-koncentracja-dla-seniorow-762%2F\" onclick=\"javascript:window.open(this.href, '', 'menubar=no,toolbar=no,resizable=yes,scrollbars=yes,height=600,width=500'); return false;\" target=\"_blank\" title=\"Tweetuj\"><i class=\"mec-fa-twitter\"><\/i><\/a><\/li><li class=\"mec-event-social-icon\"><a class=\"email\" href=\"mailto:?subject=Trening \u201ePami\u0119\u0107 i koncentracja\u2019\u2019&body=https%3A%2F%2Fbpzoliborz.pl%2Fbpzoliborz%2Findex.php%2Fevents%2Ftrening-pamiec-i-koncentracja-dla-seniorow-762%2F\" title=\"Email\"><i class=\"mec-fa-envelope\"><\/i><\/a><\/li>                        <\/ul>\r\n                    <\/li>\r\n                <\/ul>\r\n                                                                <a class=\"mec-booking-button\"  data-event-id=\"33469\" href=\"https:\/\/bpzoliborz.pl\/bpzoliborz\/index.php\/events\/trening-pamiec-i-koncentracja-dla-seniorow-762\/?occurrence=2026-09-16&time=1789574400\" target=\"m1\" rel=\"noopener\">Poka\u017c szczeg\u00f3\u0142y<\/a>            <\/div>\r\n        <\/article><\/div>        <div class=\"col-md-4 col-sm-4\">        <script type=\"application\/ld+json\">\r\n        {\r\n            \"@context\": \"http:\/\/schema.org\",\r\n            \"@type\": \"Event\",\r\n            \"eventStatus\": \"https:\/\/schema.org\/EventScheduled\",\r\n            \"startDate\": \"2026-09-16\",\r\n            \"endDate\": \"2026-09-16\",\r\n            \"eventAttendanceMode\": \"https:\/\/schema.org\/OfflineEventAttendanceMode\",\r\n            \"location\":\r\n            {\r\n                \"@type\": \"Place\",\r\n                                \"name\": \"Wypo\u017cyczalnia nr 16\",\r\n                \"image\": \"http:\/\/bpzoliborz.pl\/bpzoliborz\/wp-content\/uploads\/2020\/07\/Biblioteka-nr-16-S\u0142owackiego-19a-scaled-e1594730867309.jpg\",\r\n                \"address\": \"ul. S\u0142owackiego 19a\"\r\n                            },\r\n            \"organizer\":\r\n            {\r\n                \"@type\": \"Person\",\r\n                \"name\": \"Wypo\u017cyczalnia nr 16\",\r\n                \"url\": \"http:\/\/bpzoliborz.pl\/bpzoliborz\/index.php\/wypozyczalnia-nr-16\/\"\r\n            },\r\n            \"offers\":\r\n            {\r\n                \"url\": \"https:\/\/bpzoliborz.pl\/bpzoliborz\/index.php\/events\/pod-niebem-italii-pejzaze-ktore-inspiruja-od-wiekow-prelekcja-pani-magdaleny-tworzowskiej\/\",\r\n                \"price\": \"\",\r\n                \"priceCurrency\": \"PLN\",\r\n                \"availability\": \"https:\/\/schema.org\/InStock\",\r\n                \"validFrom\": \"2026-09-16T00:00\"\r\n            },\r\n            \"performer\": \"\",\r\n            \"description\": \"&lt;p&gt;Po wakacyjnej przerwie wraca Cykl Prelekcji o Sztuce i Historii.&lt;\/p&gt; &lt;p&gt;Tym razem Pani Magdalena Tworzowska &#8211; by\u0142a edukatorka Zamku Kr\u00f3lewskiego w Warszawie, poprowadzi nas przez inspiruj\u0105ce pejza\u017ce W\u0142och.&lt;\/p&gt; \",\r\n            \"image\": \"https:\/\/bpzoliborz.pl\/bpzoliborz\/wp-content\/uploads\/2026\/08\/Tworzowska-na-strone.jpg\",\r\n            \"name\": \"Pod niebem Italii. Pejza\u017ce, kt\u00f3re inspiruj\u0105 od wiek\u00f3w. Prelekcja Pani Magdaleny Tworzowskiej.\",\r\n            \"url\": \"https:\/\/bpzoliborz.pl\/bpzoliborz\/index.php\/events\/pod-niebem-italii-pejzaze-ktore-inspiruja-od-wiekow-prelekcja-pani-magdaleny-tworzowskiej\/?occurrence=2026-09-16\"\r\n        }\r\n        <\/script>\r\n        <article class=\" mec-event-article mec-clear  \" itemscope>                    <div class=\"event-grid-t2-head mec-bg-color clearfix\">\r\n                                    <div class=\"mec-event-month\"><span class=\"mec-start-date-label\" itemprop=\"startDate\">16 wrze\u015bnia<\/span><\/div>\r\n                                                            <div class=\"mec-time-details\"><span class=\"mec-start-time\">17:00<\/span> - <span class=\"mec-end-time\">19:00<\/span><\/div>                                <div class=\"mec-event-detail\">\r\n                    <div class=\"mec-event-loc-place\">Wypo\u017cyczalnia nr 16<\/div>\r\n                                                                            <\/div>\r\n            <\/div>\r\n            <div class=\"mec-event-image\"><a   data-event-id=\"33333\" href=\"https:\/\/bpzoliborz.pl\/bpzoliborz\/index.php\/events\/pod-niebem-italii-pejzaze-ktore-inspiruja-od-wiekow-prelekcja-pani-magdaleny-tworzowskiej\/?occurrence=2026-09-16\" target=\"m1\" rel=\"noopener\"><img width=\"1080\" height=\"675\" src=\"https:\/\/bpzoliborz.pl\/bpzoliborz\/wp-content\/uploads\/2026\/08\/Tworzowska-na-strone.jpg\" class=\"attachment-medium size-medium wp-post-image\" alt=\"pejza\u017c w\u0142och, malarstwo, wyk\u0142ad o italii, magdalena tworzowska\" loading=\"lazy\" data-mec-postid=\"33333\" srcset=\"https:\/\/bpzoliborz.pl\/bpzoliborz\/wp-content\/uploads\/2026\/08\/Tworzowska-na-strone.jpg 1080w, https:\/\/bpzoliborz.pl\/bpzoliborz\/wp-content\/uploads\/2026\/08\/Tworzowska-na-strone-768x480.jpg 768w\" sizes=\"(max-width: 1080px) 100vw, 1080px\" \/><\/a><\/div>\r\n            <div class=\"mec-event-content\">\r\n                                                                <h4 class=\"mec-event-title\"><a class=\"mec-color-hover\"  data-event-id=\"33333\" href=\"https:\/\/bpzoliborz.pl\/bpzoliborz\/index.php\/events\/pod-niebem-italii-pejzaze-ktore-inspiruja-od-wiekow-prelekcja-pani-magdaleny-tworzowskiej\/?occurrence=2026-09-16\" target=\"m1\" rel=\"noopener\">Pod niebem Italii. Pejza\u017ce, kt\u00f3re inspiruj\u0105 od wiek\u00f3w. Prelekcja Pani Magdaleny Tworzowskiej.<\/a><span class=\"event-color\" style=\"background: #\"><\/span><\/h4>\r\n                <p class=\"mec-grid-event-location\">ul. S\u0142owackiego 19a<\/p>\r\n            <\/div>\r\n            <div class=\"mec-event-footer mec-color\">\r\n                                <ul class=\"mec-event-sharing-wrap\">\r\n                    <li class=\"mec-event-share\">\r\n                        <a href=\"#\" class=\"mec-event-share-icon\">\r\n                            <i class=\"mec-sl-share\" title=\"Share\"><\/i>\r\n                        <\/a>\r\n                    <\/li>\r\n                    <li>\r\n                        <ul class=\"mec-event-sharing\">\r\n                            <li class=\"mec-event-social-icon\"><a class=\"facebook\" href=\"https:\/\/www.facebook.com\/sharer\/sharer.php?u=https%3A%2F%2Fbpzoliborz.pl%2Fbpzoliborz%2Findex.php%2Fevents%2Fpod-niebem-italii-pejzaze-ktore-inspiruja-od-wiekow-prelekcja-pani-magdaleny-tworzowskiej%2F\" onclick=\"javascript:window.open(this.href, '', 'menubar=no,toolbar=no,resizable=yes,scrollbars=yes,height=500,width=600'); return false;\" title=\"Udost\u0119pnij na Facebooku\"><i class=\"mec-fa-facebook\"><\/i><\/a><\/li><li class=\"mec-event-social-icon\"><a class=\"twitter\" href=\"https:\/\/twitter.com\/share?url=https%3A%2F%2Fbpzoliborz.pl%2Fbpzoliborz%2Findex.php%2Fevents%2Fpod-niebem-italii-pejzaze-ktore-inspiruja-od-wiekow-prelekcja-pani-magdaleny-tworzowskiej%2F\" onclick=\"javascript:window.open(this.href, '', 'menubar=no,toolbar=no,resizable=yes,scrollbars=yes,height=600,width=500'); return false;\" target=\"_blank\" title=\"Tweetuj\"><i class=\"mec-fa-twitter\"><\/i><\/a><\/li><li class=\"mec-event-social-icon\"><a class=\"email\" href=\"mailto:?subject=Pod niebem Italii. Pejza\u017ce, kt\u00f3re inspiruj\u0105 od wiek\u00f3w. Prelekcja Pani Magdaleny Tworzowskiej.&body=https%3A%2F%2Fbpzoliborz.pl%2Fbpzoliborz%2Findex.php%2Fevents%2Fpod-niebem-italii-pejzaze-ktore-inspiruja-od-wiekow-prelekcja-pani-magdaleny-tworzowskiej%2F\" title=\"Email\"><i class=\"mec-fa-envelope\"><\/i><\/a><\/li>                        <\/ul>\r\n                    <\/li>\r\n                <\/ul>\r\n                                                                <a class=\"mec-booking-button\"  data-event-id=\"33333\" href=\"https:\/\/bpzoliborz.pl\/bpzoliborz\/index.php\/events\/pod-niebem-italii-pejzaze-ktore-inspiruja-od-wiekow-prelekcja-pani-magdaleny-tworzowskiej\/?occurrence=2026-09-16\" target=\"m1\" rel=\"noopener\">Poka\u017c szczeg\u00f3\u0142y<\/a>            <\/div>\r\n        <\/article><\/div><\/div>        <div class=\"row\"><div class=\"col-md-4 col-sm-4\">        <script type=\"application\/ld+json\">\r\n        {\r\n            \"@context\": \"http:\/\/schema.org\",\r\n            \"@type\": \"Event\",\r\n            \"eventStatus\": \"https:\/\/schema.org\/EventScheduled\",\r\n            \"startDate\": \"2026-09-16\",\r\n            \"endDate\": \"2026-09-16\",\r\n            \"eventAttendanceMode\": \"https:\/\/schema.org\/OfflineEventAttendanceMode\",\r\n            \"location\":\r\n            {\r\n                \"@type\": \"Place\",\r\n                                \"name\": \"Wypo\u017cyczalnia nr 111\",\r\n                \"image\": \"http:\/\/bpzoliborz.pl\/bpzoliborz\/wp-content\/uploads\/2020\/07\/wyp111-wej\u015bcie-3-scaled.jpg\",\r\n                \"address\": \"ul. Mickiewicza 65\"\r\n                            },\r\n            \"organizer\":\r\n            {\r\n                \"@type\": \"Person\",\r\n                \"name\": \"Wypo\u017cyczalnia nr 111\",\r\n                \"url\": \"http:\/\/wyp111@bpzoliborz.pl\"\r\n            },\r\n            \"offers\":\r\n            {\r\n                \"url\": \"https:\/\/bpzoliborz.pl\/bpzoliborz\/index.php\/events\/neurobik-dla-seniorow-3-2\/\",\r\n                \"price\": \"\",\r\n                \"priceCurrency\": \"PLN\",\r\n                \"availability\": \"https:\/\/schema.org\/InStock\",\r\n                \"validFrom\": \"2026-09-16T00:00\"\r\n            },\r\n            \"performer\": \"\",\r\n            \"description\": \"&lt;p&gt;Otwarte warsztaty trenuj\u0105ce pami\u0119\u0107 i koncentracje. Zaj\u0119cia realizowane w ramach Warszawskich Dni Seniora.&lt;\/p&gt; &lt;p style=&quot;text-align: center;&quot;&gt;Wypo\u017cyczalnia nr 111, ul. Mickiewicza 65&lt;br \/&gt; 16.09.2026 r., godz. 17.00-18.00&lt;br \/&gt; Wst\u0119p wolny&lt;\/p&gt; &lt;p&gt;&nbsp;&lt;\/p&gt; \",\r\n            \"image\": \"https:\/\/bpzoliborz.pl\/bpzoliborz\/wp-content\/uploads\/2026\/08\/3.png\",\r\n            \"name\": \"Neurobik. Umys\u0142 w formie\",\r\n            \"url\": \"https:\/\/bpzoliborz.pl\/bpzoliborz\/index.php\/events\/neurobik-dla-seniorow-3-2\/?occurrence=2026-09-16\"\r\n        }\r\n        <\/script>\r\n        <article class=\" mec-event-article mec-clear  \" itemscope>                    <div class=\"event-grid-t2-head mec-bg-color clearfix\">\r\n                                    <div class=\"mec-event-month\"><span class=\"mec-start-date-label\" itemprop=\"startDate\">16 wrze\u015bnia<\/span><\/div>\r\n                                                            <div class=\"mec-time-details\"><span class=\"mec-start-time\">17:00<\/span> - <span class=\"mec-end-time\">18:00<\/span><\/div>                                <div class=\"mec-event-detail\">\r\n                    <div class=\"mec-event-loc-place\">Wypo\u017cyczalnia nr 111<\/div>\r\n                                                                            <\/div>\r\n            <\/div>\r\n            <div class=\"mec-event-image\"><a   data-event-id=\"33419\" href=\"https:\/\/bpzoliborz.pl\/bpzoliborz\/index.php\/events\/neurobik-dla-seniorow-3-2\/?occurrence=2026-09-16\" target=\"m1\" rel=\"noopener\"><img width=\"1080\" height=\"675\" src=\"https:\/\/bpzoliborz.pl\/bpzoliborz\/wp-content\/uploads\/2026\/08\/3.png\" class=\"attachment-medium size-medium wp-post-image\" alt=\"\" loading=\"lazy\" data-mec-postid=\"33419\" srcset=\"https:\/\/bpzoliborz.pl\/bpzoliborz\/wp-content\/uploads\/2026\/08\/3.png 1080w, https:\/\/bpzoliborz.pl\/bpzoliborz\/wp-content\/uploads\/2026\/08\/3-768x480.png 768w\" sizes=\"(max-width: 1080px) 100vw, 1080px\" \/><\/a><\/div>\r\n            <div class=\"mec-event-content\">\r\n                                                                <h4 class=\"mec-event-title\"><a class=\"mec-color-hover\"  data-event-id=\"33419\" href=\"https:\/\/bpzoliborz.pl\/bpzoliborz\/index.php\/events\/neurobik-dla-seniorow-3-2\/?occurrence=2026-09-16\" target=\"m1\" rel=\"noopener\">Neurobik. Umys\u0142 w formie<\/a><span class=\"event-color\" style=\"background: #\"><\/span><\/h4>\r\n                <p class=\"mec-grid-event-location\">ul. Mickiewicza 65<\/p>\r\n            <\/div>\r\n            <div class=\"mec-event-footer mec-color\">\r\n                                <ul class=\"mec-event-sharing-wrap\">\r\n                    <li class=\"mec-event-share\">\r\n                        <a href=\"#\" class=\"mec-event-share-icon\">\r\n                            <i class=\"mec-sl-share\" title=\"Share\"><\/i>\r\n                        <\/a>\r\n                    <\/li>\r\n                    <li>\r\n                        <ul class=\"mec-event-sharing\">\r\n                            <li class=\"mec-event-social-icon\"><a class=\"facebook\" href=\"https:\/\/www.facebook.com\/sharer\/sharer.php?u=https%3A%2F%2Fbpzoliborz.pl%2Fbpzoliborz%2Findex.php%2Fevents%2Fneurobik-dla-seniorow-3-2%2F\" onclick=\"javascript:window.open(this.href, '', 'menubar=no,toolbar=no,resizable=yes,scrollbars=yes,height=500,width=600'); return false;\" title=\"Udost\u0119pnij na Facebooku\"><i class=\"mec-fa-facebook\"><\/i><\/a><\/li><li class=\"mec-event-social-icon\"><a class=\"twitter\" href=\"https:\/\/twitter.com\/share?url=https%3A%2F%2Fbpzoliborz.pl%2Fbpzoliborz%2Findex.php%2Fevents%2Fneurobik-dla-seniorow-3-2%2F\" onclick=\"javascript:window.open(this.href, '', 'menubar=no,toolbar=no,resizable=yes,scrollbars=yes,height=600,width=500'); return false;\" target=\"_blank\" title=\"Tweetuj\"><i class=\"mec-fa-twitter\"><\/i><\/a><\/li><li class=\"mec-event-social-icon\"><a class=\"email\" href=\"mailto:?subject=Neurobik. Umys\u0142 w formie&body=https%3A%2F%2Fbpzoliborz.pl%2Fbpzoliborz%2Findex.php%2Fevents%2Fneurobik-dla-seniorow-3-2%2F\" title=\"Email\"><i class=\"mec-fa-envelope\"><\/i><\/a><\/li>                        <\/ul>\r\n                    <\/li>\r\n                <\/ul>\r\n                                                                <a class=\"mec-booking-button\"  data-event-id=\"33419\" href=\"https:\/\/bpzoliborz.pl\/bpzoliborz\/index.php\/events\/neurobik-dla-seniorow-3-2\/?occurrence=2026-09-16\" target=\"m1\" rel=\"noopener\">Poka\u017c szczeg\u00f3\u0142y<\/a>            <\/div>\r\n        <\/article><\/div>                <div class=\"col-md-4 col-sm-4\">        <script type=\"application\/ld+json\">\r\n        {\r\n            \"@context\": \"http:\/\/schema.org\",\r\n            \"@type\": \"Event\",\r\n            \"eventStatus\": \"https:\/\/schema.org\/EventScheduled\",\r\n            \"startDate\": \"2026-09-17\",\r\n            \"endDate\": \"2026-09-17\",\r\n            \"eventAttendanceMode\": \"https:\/\/schema.org\/OfflineEventAttendanceMode\",\r\n            \"location\":\r\n            {\r\n                \"@type\": \"Place\",\r\n                                \"name\": \"Wypo\u017cyczalnia nr 138\",\r\n                \"image\": \"http:\/\/bpzoliborz.pl\/bpzoliborz\/wp-content\/uploads\/2020\/07\/broniewskiego.jpg\",\r\n                \"address\": \"ul. Broniewskiego 9a\"\r\n                            },\r\n            \"organizer\":\r\n            {\r\n                \"@type\": \"Person\",\r\n                \"name\": \"Wypo\u017cyczalnia nr 138\",\r\n                \"url\": \"http:\/\/bpzoliborz.pl\/bpzoliborz\/index.php\/wypozyczalnia-nr-138\/\"\r\n            },\r\n            \"offers\":\r\n            {\r\n                \"url\": \"https:\/\/bpzoliborz.pl\/bpzoliborz\/index.php\/events\/trening-pamiec-i-koncentracja-dla-seniorow-762-682\/\",\r\n                \"price\": \"\",\r\n                \"priceCurrency\": \"PLN\",\r\n                \"availability\": \"https:\/\/schema.org\/InStock\",\r\n                \"validFrom\": \"2026-09-17T00:00\"\r\n            },\r\n            \"performer\": \"\",\r\n            \"description\": \"&lt;p style=&quot;text-align: center&quot; data-start=&quot;76&quot; data-end=&quot;354&quot;&gt;Pomoc w korzystaniu z podstawowych funkcji komputera oraz smartfona. Uczestnicy ucz\u0105 si\u0119 podstaw komunikacji online, bezpiecznego korzystania z internetu oraz obs\u0142ugi przydatnych aplikacji i us\u0142ug cyfrowych.&lt;\/p&gt; &lt;p style=&quot;text-align: center&quot;&gt;&lt;strong&gt;KIEDY:&lt;\/strong&gt;&lt;\/p&gt; &lt;p style=&quot;text-align: center&quot;&gt;&lt;strong&gt;&lt;span class=&quot;a_GcMg font-feature-liga-off font-feature-clig-off font-feature-calt-off text-decoration-none text-strikethrough-none&quot;&gt;17 wrze\u015bnia (czwartek) &lt;\/span&gt;&lt;\/strong&gt;&lt;span class=&quot;a_GcMg font-feature-liga-off font-feature-clig-off font-feature-calt-off text-decoration-none text-strikethrough-none&quot;&gt;12.00-16.00&lt;\/span&gt;&lt;\/p&gt; &lt;p style=&quot;text-align: center&quot;&gt;&lt;strong&gt;&lt;span class=&quot;a_GcMg font-feature-liga-off font-feature-clig-off font-feature-calt-off text-decoration-none text-strikethrough-none&quot;&gt;24 wrze\u015bnia (czwartek) &lt;\/span&gt;&lt;\/strong&gt;&lt;span class=&quot;a_GcMg font-feature-liga-off font-feature-clig-off font-feature-calt-off text-decoration-none text-strikethrough-none&quot;&gt;12.00-16.00&lt;\/span&gt;&lt;\/p&gt; &lt;p style=&quot;text-align: center&quot;&gt;&lt;strong&gt;GDZIE: &lt;\/strong&gt;Wypo\u017cyczalnia nr 138,&lt;br \/&gt; &lt;span class=&quot;a_GcMg font-feature-liga-off font-feature-clig-off font-feature-calt-off text-decoration-none text-strikethrough-none&quot;&gt;ul. Broniewskiego 9a&lt;\/span&gt;&lt;\/p&gt; &lt;p style=&quot;text-align: center&quot;&gt;Zapisy pod numerem telefonu 22 633-90-80&lt;\/p&gt; \",\r\n            \"image\": \"https:\/\/bpzoliborz.pl\/bpzoliborz\/wp-content\/uploads\/2026\/08\/WDS-2026-strona-2.png\",\r\n            \"name\": \"Senior w sieci\",\r\n            \"url\": \"https:\/\/bpzoliborz.pl\/bpzoliborz\/index.php\/events\/trening-pamiec-i-koncentracja-dla-seniorow-762-682\/?occurrence=2026-09-17&time=1789646400\"\r\n        }\r\n        <\/script>\r\n        <article class=\" mec-event-article mec-clear  \" itemscope>                    <div class=\"event-grid-t2-head mec-bg-color clearfix\">\r\n                                    <div class=\"mec-event-month\"><span class=\"mec-start-date-label\" itemprop=\"startDate\">17 wrze\u015bnia<\/span><\/div>\r\n                                                            <div class=\"mec-time-details\"><span class=\"mec-start-time\">12:00<\/span> - <span class=\"mec-end-time\">16:00<\/span><\/div>                                <div class=\"mec-event-detail\">\r\n                    <div class=\"mec-event-loc-place\">Wypo\u017cyczalnia nr 138<\/div>\r\n                                                                            <\/div>\r\n            <\/div>\r\n            <div class=\"mec-event-image\"><a   data-event-id=\"33472\" href=\"https:\/\/bpzoliborz.pl\/bpzoliborz\/index.php\/events\/trening-pamiec-i-koncentracja-dla-seniorow-762-682\/?occurrence=2026-09-17&time=1789646400\" target=\"m1\" rel=\"noopener\"><img width=\"1080\" height=\"675\" src=\"https:\/\/bpzoliborz.pl\/bpzoliborz\/wp-content\/uploads\/2026\/08\/WDS-2026-strona-2.png\" class=\"attachment-medium size-medium wp-post-image\" alt=\"Plakat warsztat\u00f3w \u201eSenior w sieci\u201d organizowanych w ramach Warszawskich Dni Seniora 2026. Wydarzenie odb\u0119dzie si\u0119 17 i 24 wrze\u015bnia 2026 r. w godz. 12:00\u201316:00 w Wypo\u017cyczalni nr 138 przy ul. Broniewskiego 9A. Grafika przedstawia osob\u0119 korzystaj\u0105c\u0105 z laptopa i smartfona.\" loading=\"lazy\" data-mec-postid=\"33472\" srcset=\"https:\/\/bpzoliborz.pl\/bpzoliborz\/wp-content\/uploads\/2026\/08\/WDS-2026-strona-2.png 1080w, https:\/\/bpzoliborz.pl\/bpzoliborz\/wp-content\/uploads\/2026\/08\/WDS-2026-strona-2-768x480.png 768w\" sizes=\"(max-width: 1080px) 100vw, 1080px\" \/><\/a><\/div>\r\n            <div class=\"mec-event-content\">\r\n                                                                <h4 class=\"mec-event-title\"><a class=\"mec-color-hover\"  data-event-id=\"33472\" href=\"https:\/\/bpzoliborz.pl\/bpzoliborz\/index.php\/events\/trening-pamiec-i-koncentracja-dla-seniorow-762-682\/?occurrence=2026-09-17&time=1789646400\" target=\"m1\" rel=\"noopener\">Senior w sieci<\/a><span class=\"event-color\" style=\"background: #b61784\"><\/span><\/h4>\r\n                <p class=\"mec-grid-event-location\">ul. Broniewskiego 9a<\/p>\r\n            <\/div>\r\n            <div class=\"mec-event-footer mec-color\">\r\n                                <ul class=\"mec-event-sharing-wrap\">\r\n                    <li class=\"mec-event-share\">\r\n                        <a href=\"#\" class=\"mec-event-share-icon\">\r\n                            <i class=\"mec-sl-share\" title=\"Share\"><\/i>\r\n                        <\/a>\r\n                    <\/li>\r\n                    <li>\r\n                        <ul class=\"mec-event-sharing\">\r\n                            <li class=\"mec-event-social-icon\"><a class=\"facebook\" href=\"https:\/\/www.facebook.com\/sharer\/sharer.php?u=https%3A%2F%2Fbpzoliborz.pl%2Fbpzoliborz%2Findex.php%2Fevents%2Ftrening-pamiec-i-koncentracja-dla-seniorow-762-682%2F\" onclick=\"javascript:window.open(this.href, '', 'menubar=no,toolbar=no,resizable=yes,scrollbars=yes,height=500,width=600'); return false;\" title=\"Udost\u0119pnij na Facebooku\"><i class=\"mec-fa-facebook\"><\/i><\/a><\/li><li class=\"mec-event-social-icon\"><a class=\"twitter\" href=\"https:\/\/twitter.com\/share?url=https%3A%2F%2Fbpzoliborz.pl%2Fbpzoliborz%2Findex.php%2Fevents%2Ftrening-pamiec-i-koncentracja-dla-seniorow-762-682%2F\" onclick=\"javascript:window.open(this.href, '', 'menubar=no,toolbar=no,resizable=yes,scrollbars=yes,height=600,width=500'); return false;\" target=\"_blank\" title=\"Tweetuj\"><i class=\"mec-fa-twitter\"><\/i><\/a><\/li><li class=\"mec-event-social-icon\"><a class=\"email\" href=\"mailto:?subject=Senior w sieci&body=https%3A%2F%2Fbpzoliborz.pl%2Fbpzoliborz%2Findex.php%2Fevents%2Ftrening-pamiec-i-koncentracja-dla-seniorow-762-682%2F\" title=\"Email\"><i class=\"mec-fa-envelope\"><\/i><\/a><\/li>                        <\/ul>\r\n                    <\/li>\r\n                <\/ul>\r\n                                                                <a class=\"mec-booking-button\"  data-event-id=\"33472\" href=\"https:\/\/bpzoliborz.pl\/bpzoliborz\/index.php\/events\/trening-pamiec-i-koncentracja-dla-seniorow-762-682\/?occurrence=2026-09-17&time=1789646400\" target=\"m1\" rel=\"noopener\">Poka\u017c szczeg\u00f3\u0142y<\/a>            <\/div>\r\n        <\/article><\/div>                <div class=\"col-md-4 col-sm-4\">        <script type=\"application\/ld+json\">\r\n        {\r\n            \"@context\": \"http:\/\/schema.org\",\r\n            \"@type\": \"Event\",\r\n            \"eventStatus\": \"https:\/\/schema.org\/EventScheduled\",\r\n            \"startDate\": \"2026-09-22\",\r\n            \"endDate\": \"2026-09-22\",\r\n            \"eventAttendanceMode\": \"https:\/\/schema.org\/OfflineEventAttendanceMode\",\r\n            \"location\":\r\n            {\r\n                \"@type\": \"Place\",\r\n                                \"name\": \"Wypo\u017cyczalnia nr 16\",\r\n                \"image\": \"http:\/\/bpzoliborz.pl\/bpzoliborz\/wp-content\/uploads\/2020\/07\/Biblioteka-nr-16-S\u0142owackiego-19a-scaled-e1594730867309.jpg\",\r\n                \"address\": \"ul. S\u0142owackiego 19a\"\r\n                            },\r\n            \"organizer\":\r\n            {\r\n                \"@type\": \"Person\",\r\n                \"name\": \"Wypo\u017cyczalnia nr 16\",\r\n                \"url\": \"http:\/\/bpzoliborz.pl\/bpzoliborz\/index.php\/wypozyczalnia-nr-16\/\"\r\n            },\r\n            \"offers\":\r\n            {\r\n                \"url\": \"https:\/\/bpzoliborz.pl\/bpzoliborz\/index.php\/events\/kolko-szachowe-459-676-687-782-324-369-632-377-684-564-740-965-688-691\/\",\r\n                \"price\": \"\",\r\n                \"priceCurrency\": \"PLN\",\r\n                \"availability\": \"https:\/\/schema.org\/InStock\",\r\n                \"validFrom\": \"2026-09-22T00:00\"\r\n            },\r\n            \"performer\": \"\",\r\n            \"description\": \"&lt;p align=&quot;LEFT&quot;&gt;&lt;span style=&quot;color: #000000&quot;&gt;&lt;span style=&quot;font-family: Calibri, sans-serif&quot;&gt;&lt;span style=&quot;font-size: medium&quot;&gt;&lt;span lang=&quot;pl-PL&quot;&gt;Zapraszamy wszystkich mi\u0142o\u015bnik\u00f3w szach\u00f3w, bez wzgl\u0119du na wiek czy umiej\u0119tno\u015bci. Udost\u0119pniamy szachownice oraz zegary szachowe, nauczymy r\u00f3wnie\u017c podstaw gry.&lt;\/span&gt;&lt;\/span&gt;&lt;\/span&gt;&lt;\/span&gt;&lt;\/p&gt; &lt;p style=&quot;text-align: center&quot; align=&quot;LEFT&quot;&gt;ka\u017cdy wtorek 17.00-19.00&lt;\/p&gt; &lt;p style=&quot;text-align: center&quot; align=&quot;LEFT&quot;&gt;Wypo\u017cyczalnia dla Doros\u0142ych i M\u0142odzie\u017cy nr 16&lt;\/p&gt; &lt;p style=&quot;text-align: center&quot; align=&quot;LEFT&quot;&gt;ul. S\u0142owackiego 9A&lt;\/p&gt; \",\r\n            \"image\": \"https:\/\/bpzoliborz.pl\/bpzoliborz\/wp-content\/uploads\/2026\/06\/Szachy-obrazek-wyrozniajacy-na-strone-wyp16-8.png\",\r\n            \"name\": \"K\u00f3\u0142ko szachowe\",\r\n            \"url\": \"https:\/\/bpzoliborz.pl\/bpzoliborz\/index.php\/events\/kolko-szachowe-459-676-687-782-324-369-632-377-684-564-740-965-688-691\/?occurrence=2026-09-22&time=1790096400\"\r\n        }\r\n        <\/script>\r\n        <article class=\"mec-past-event mec-event-article mec-clear  \" itemscope>                    <div class=\"event-grid-t2-head mec-bg-color clearfix\">\r\n                                    <div class=\"mec-event-month\"><span class=\"mec-start-date-label\" itemprop=\"startDate\">22 wrze\u015bnia<\/span><\/div>\r\n                                                            <div class=\"mec-time-details\"><span class=\"mec-start-time\">17:00<\/span> - <span class=\"mec-end-time\">19:00<\/span><\/div>                                <div class=\"mec-event-detail\">\r\n                    <div class=\"mec-event-loc-place\">Wypo\u017cyczalnia nr 16<\/div>\r\n                                                                            <\/div>\r\n            <\/div>\r\n            <div class=\"mec-event-image\"><a   data-event-id=\"14356\" href=\"https:\/\/bpzoliborz.pl\/bpzoliborz\/index.php\/events\/kolko-szachowe-459-676-687-782-324-369-632-377-684-564-740-965-688-691\/?occurrence=2026-09-22&time=1790096400\" target=\"m1\" rel=\"noopener\"><img width=\"1080\" height=\"675\" src=\"https:\/\/bpzoliborz.pl\/bpzoliborz\/wp-content\/uploads\/2026\/06\/Szachy-obrazek-wyrozniajacy-na-strone-wyp16-8.png\" class=\"attachment-medium size-medium wp-post-image\" alt=\"grafika wyr\u00f3\u017cniaj\u0105ca przedstawiaj\u0105ca trzy bierki szachowe stoj\u0105ce na szachownicy\" loading=\"lazy\" data-mec-postid=\"14356\" srcset=\"https:\/\/bpzoliborz.pl\/bpzoliborz\/wp-content\/uploads\/2026\/06\/Szachy-obrazek-wyrozniajacy-na-strone-wyp16-8.png 1080w, https:\/\/bpzoliborz.pl\/bpzoliborz\/wp-content\/uploads\/2026\/06\/Szachy-obrazek-wyrozniajacy-na-strone-wyp16-8-768x480.png 768w\" sizes=\"(max-width: 1080px) 100vw, 1080px\" \/><\/a><\/div>\r\n            <div class=\"mec-event-content\">\r\n                                                                <h4 class=\"mec-event-title\"><a class=\"mec-color-hover\"  data-event-id=\"14356\" href=\"https:\/\/bpzoliborz.pl\/bpzoliborz\/index.php\/events\/kolko-szachowe-459-676-687-782-324-369-632-377-684-564-740-965-688-691\/?occurrence=2026-09-22&time=1790096400\" target=\"m1\" rel=\"noopener\">K\u00f3\u0142ko szachowe<\/a><span class=\"event-color\" style=\"background: #\"><\/span><\/h4>\r\n                <p class=\"mec-grid-event-location\">ul. S\u0142owackiego 19a<\/p>\r\n            <\/div>\r\n            <div class=\"mec-event-footer mec-color\">\r\n                                <ul class=\"mec-event-sharing-wrap\">\r\n                    <li class=\"mec-event-share\">\r\n                        <a href=\"#\" class=\"mec-event-share-icon\">\r\n                            <i class=\"mec-sl-share\" title=\"Share\"><\/i>\r\n                        <\/a>\r\n                    <\/li>\r\n                    <li>\r\n                        <ul class=\"mec-event-sharing\">\r\n                            <li class=\"mec-event-social-icon\"><a class=\"facebook\" href=\"https:\/\/www.facebook.com\/sharer\/sharer.php?u=https%3A%2F%2Fbpzoliborz.pl%2Fbpzoliborz%2Findex.php%2Fevents%2Fkolko-szachowe-459-676-687-782-324-369-632-377-684-564-740-965-688-691%2F\" onclick=\"javascript:window.open(this.href, '', 'menubar=no,toolbar=no,resizable=yes,scrollbars=yes,height=500,width=600'); return false;\" title=\"Udost\u0119pnij na Facebooku\"><i class=\"mec-fa-facebook\"><\/i><\/a><\/li><li class=\"mec-event-social-icon\"><a class=\"twitter\" href=\"https:\/\/twitter.com\/share?url=https%3A%2F%2Fbpzoliborz.pl%2Fbpzoliborz%2Findex.php%2Fevents%2Fkolko-szachowe-459-676-687-782-324-369-632-377-684-564-740-965-688-691%2F\" onclick=\"javascript:window.open(this.href, '', 'menubar=no,toolbar=no,resizable=yes,scrollbars=yes,height=600,width=500'); return false;\" target=\"_blank\" title=\"Tweetuj\"><i class=\"mec-fa-twitter\"><\/i><\/a><\/li><li class=\"mec-event-social-icon\"><a class=\"email\" href=\"mailto:?subject=K\u00f3\u0142ko szachowe&body=https%3A%2F%2Fbpzoliborz.pl%2Fbpzoliborz%2Findex.php%2Fevents%2Fkolko-szachowe-459-676-687-782-324-369-632-377-684-564-740-965-688-691%2F\" title=\"Email\"><i class=\"mec-fa-envelope\"><\/i><\/a><\/li>                        <\/ul>\r\n                    <\/li>\r\n                <\/ul>\r\n                                                                <a class=\"mec-booking-button\"  data-event-id=\"14356\" href=\"https:\/\/bpzoliborz.pl\/bpzoliborz\/index.php\/events\/kolko-szachowe-459-676-687-782-324-369-632-377-684-564-740-965-688-691\/?occurrence=2026-09-22&time=1790096400\" target=\"m1\" rel=\"noopener\">Poka\u017c szczeg\u00f3\u0142y<\/a>            <\/div>\r\n        <\/article><\/div><\/div>                <div class=\"row\"><div class=\"col-md-4 col-sm-4\">        <script type=\"application\/ld+json\">\r\n        {\r\n            \"@context\": \"http:\/\/schema.org\",\r\n            \"@type\": \"Event\",\r\n            \"eventStatus\": \"https:\/\/schema.org\/EventScheduled\",\r\n            \"startDate\": \"2026-09-23\",\r\n            \"endDate\": \"2026-09-23\",\r\n            \"eventAttendanceMode\": \"https:\/\/schema.org\/OfflineEventAttendanceMode\",\r\n            \"location\":\r\n            {\r\n                \"@type\": \"Place\",\r\n                                \"name\": \"Wypo\u017cyczalnia nr 111\",\r\n                \"image\": \"http:\/\/bpzoliborz.pl\/bpzoliborz\/wp-content\/uploads\/2020\/07\/wyp111-wej\u015bcie-3-scaled.jpg\",\r\n                \"address\": \"ul. Mickiewicza 65\"\r\n                            },\r\n            \"organizer\":\r\n            {\r\n                \"@type\": \"Person\",\r\n                \"name\": \"Wypo\u017cyczalnia nr 111\",\r\n                \"url\": \"http:\/\/wyp111@bpzoliborz.pl\"\r\n            },\r\n            \"offers\":\r\n            {\r\n                \"url\": \"https:\/\/bpzoliborz.pl\/bpzoliborz\/index.php\/events\/konsultacje-smartfonowo-tabletowe-dla-seniorow\/\",\r\n                \"price\": \"\",\r\n                \"priceCurrency\": \"PLN\",\r\n                \"availability\": \"https:\/\/schema.org\/InStock\",\r\n                \"validFrom\": \"2026-09-23T00:00\"\r\n            },\r\n            \"performer\": \"\",\r\n            \"description\": \"&lt;p&gt;Indywidualne konsultacj\u0119 z obs\u0142ugi urz\u0105dze\u0144 mobilnych typu smartfon, tablet. Wydarzenie realizowane w ramach Warszawskich Dni Seniora.&lt;\/p&gt; &lt;p&gt;&nbsp;&lt;\/p&gt; &lt;p style=&quot;text-align: center;&quot;&gt;&lt;span style=&quot;color: #616161;&quot;&gt;&lt;span style=&quot;font-family: Roboto, sans-serif;&quot;&gt;&lt;span style=&quot;font-size: small;&quot;&gt;Wypo\u017cyczalnia nr 111, ul. Mickiewicza 65&lt;\/span&gt;&lt;\/span&gt;&lt;\/span&gt;&lt;br \/&gt; &lt;span style=&quot;color: #616161;&quot;&gt;&lt;span style=&quot;font-family: Roboto, sans-serif;&quot;&gt;&lt;span style=&quot;font-size: small;&quot;&gt;23.09.2026 r., godz. 13.00-15.00&lt;br \/&gt; zapisy: 22 400 94 24&lt;\/span&gt;&lt;\/span&gt;&lt;\/span&gt;&lt;\/p&gt; &lt;p style=&quot;text-align: center;&quot;&gt; \",\r\n            \"image\": \"https:\/\/bpzoliborz.pl\/bpzoliborz\/wp-content\/uploads\/2026\/08\/5.png\",\r\n            \"name\": \"Konsultacje smartfonowo-tabletowe dla senior\u00f3w\",\r\n            \"url\": \"https:\/\/bpzoliborz.pl\/bpzoliborz\/index.php\/events\/konsultacje-smartfonowo-tabletowe-dla-seniorow\/?occurrence=2026-09-23\"\r\n        }\r\n        <\/script>\r\n        <article class=\" mec-event-article mec-clear  \" itemscope>                    <div class=\"event-grid-t2-head mec-bg-color clearfix\">\r\n                                    <div class=\"mec-event-month\"><span class=\"mec-start-date-label\" itemprop=\"startDate\">23 wrze\u015bnia<\/span><\/div>\r\n                                                            <div class=\"mec-time-details\"><span class=\"mec-start-time\">13:00<\/span> - <span class=\"mec-end-time\">15:00<\/span><\/div>                                <div class=\"mec-event-detail\">\r\n                    <div class=\"mec-event-loc-place\">Wypo\u017cyczalnia nr 111<\/div>\r\n                                                                            <\/div>\r\n            <\/div>\r\n            <div class=\"mec-event-image\"><a   data-event-id=\"33426\" href=\"https:\/\/bpzoliborz.pl\/bpzoliborz\/index.php\/events\/konsultacje-smartfonowo-tabletowe-dla-seniorow\/?occurrence=2026-09-23\" target=\"m1\" rel=\"noopener\"><img width=\"1080\" height=\"675\" src=\"https:\/\/bpzoliborz.pl\/bpzoliborz\/wp-content\/uploads\/2026\/08\/5.png\" class=\"attachment-medium size-medium wp-post-image\" alt=\"\" loading=\"lazy\" data-mec-postid=\"33426\" srcset=\"https:\/\/bpzoliborz.pl\/bpzoliborz\/wp-content\/uploads\/2026\/08\/5.png 1080w, https:\/\/bpzoliborz.pl\/bpzoliborz\/wp-content\/uploads\/2026\/08\/5-768x480.png 768w\" sizes=\"(max-width: 1080px) 100vw, 1080px\" \/><\/a><\/div>\r\n            <div class=\"mec-event-content\">\r\n                                                                <h4 class=\"mec-event-title\"><a class=\"mec-color-hover\"  data-event-id=\"33426\" href=\"https:\/\/bpzoliborz.pl\/bpzoliborz\/index.php\/events\/konsultacje-smartfonowo-tabletowe-dla-seniorow\/?occurrence=2026-09-23\" target=\"m1\" rel=\"noopener\">Konsultacje smartfonowo-tabletowe dla senior\u00f3w<\/a><span class=\"event-color\" style=\"background: #\"><\/span><\/h4>\r\n                <p class=\"mec-grid-event-location\">ul. Mickiewicza 65<\/p>\r\n            <\/div>\r\n            <div class=\"mec-event-footer mec-color\">\r\n                                <ul class=\"mec-event-sharing-wrap\">\r\n                    <li class=\"mec-event-share\">\r\n                        <a href=\"#\" class=\"mec-event-share-icon\">\r\n                            <i class=\"mec-sl-share\" title=\"Share\"><\/i>\r\n                        <\/a>\r\n                    <\/li>\r\n                    <li>\r\n                        <ul class=\"mec-event-sharing\">\r\n                            <li class=\"mec-event-social-icon\"><a class=\"facebook\" href=\"https:\/\/www.facebook.com\/sharer\/sharer.php?u=https%3A%2F%2Fbpzoliborz.pl%2Fbpzoliborz%2Findex.php%2Fevents%2Fkonsultacje-smartfonowo-tabletowe-dla-seniorow%2F\" onclick=\"javascript:window.open(this.href, '', 'menubar=no,toolbar=no,resizable=yes,scrollbars=yes,height=500,width=600'); return false;\" title=\"Udost\u0119pnij na Facebooku\"><i class=\"mec-fa-facebook\"><\/i><\/a><\/li><li class=\"mec-event-social-icon\"><a class=\"twitter\" href=\"https:\/\/twitter.com\/share?url=https%3A%2F%2Fbpzoliborz.pl%2Fbpzoliborz%2Findex.php%2Fevents%2Fkonsultacje-smartfonowo-tabletowe-dla-seniorow%2F\" onclick=\"javascript:window.open(this.href, '', 'menubar=no,toolbar=no,resizable=yes,scrollbars=yes,height=600,width=500'); return false;\" target=\"_blank\" title=\"Tweetuj\"><i class=\"mec-fa-twitter\"><\/i><\/a><\/li><li class=\"mec-event-social-icon\"><a class=\"email\" href=\"mailto:?subject=Konsultacje smartfonowo-tabletowe dla senior\u00f3w&body=https%3A%2F%2Fbpzoliborz.pl%2Fbpzoliborz%2Findex.php%2Fevents%2Fkonsultacje-smartfonowo-tabletowe-dla-seniorow%2F\" title=\"Email\"><i class=\"mec-fa-envelope\"><\/i><\/a><\/li>                        <\/ul>\r\n                    <\/li>\r\n                <\/ul>\r\n                                                                <a class=\"mec-booking-button\"  data-event-id=\"33426\" href=\"https:\/\/bpzoliborz.pl\/bpzoliborz\/index.php\/events\/konsultacje-smartfonowo-tabletowe-dla-seniorow\/?occurrence=2026-09-23\" target=\"m1\" rel=\"noopener\">Poka\u017c szczeg\u00f3\u0142y<\/a>            <\/div>\r\n        <\/article><\/div>        <div class=\"col-md-4 col-sm-4\">        <script type=\"application\/ld+json\">\r\n        {\r\n            \"@context\": \"http:\/\/schema.org\",\r\n            \"@type\": \"Event\",\r\n            \"eventStatus\": \"https:\/\/schema.org\/EventScheduled\",\r\n            \"startDate\": \"2026-09-23\",\r\n            \"endDate\": \"2026-09-23\",\r\n            \"eventAttendanceMode\": \"https:\/\/schema.org\/OfflineEventAttendanceMode\",\r\n            \"location\":\r\n            {\r\n                \"@type\": \"Place\",\r\n                                \"name\": \"Biblioteka dla Dzieci nr XX\",\r\n                \"image\": \"http:\/\/bpzoliborz.pl\/bpzoliborz\/wp-content\/uploads\/2020\/08\/\u015bmia\u0142a.png\",\r\n                \"address\": \"ul. \u015amia\u0142a 24\"\r\n                            },\r\n            \"organizer\":\r\n            {\r\n                \"@type\": \"Person\",\r\n                \"name\": \"Biblioteka dla Dzieci nr XX\",\r\n                \"url\": \"http:\/\/bpzoliborz.pl\/bpzoliborz\/index.php\/biblioteka-dla-dzieci-nr-xx\/\"\r\n            },\r\n            \"offers\":\r\n            {\r\n                \"url\": \"https:\/\/bpzoliborz.pl\/bpzoliborz\/index.php\/events\/grecja-klub-podroznikow-neli-malej-reporterki\/\",\r\n                \"price\": \"\",\r\n                \"priceCurrency\": \"PLN\",\r\n                \"availability\": \"https:\/\/schema.org\/InStock\",\r\n                \"validFrom\": \"2026-09-23T00:00\"\r\n            },\r\n            \"performer\": \"\",\r\n            \"description\": \"&lt;p&gt;Zaj\u0119cia edukacyjne dla dzieci w wieku 5-9 lat. Podczas zaj\u0119\u0107 dzieci poznaj\u0105 inne kraje, ich przyrod\u0119 oraz kultur\u0119. Tematem czerwcowej podr\u00f3\u017cy b\u0119dzie Egipt.&lt;\/p&gt; &lt;p style=&quot;text-align: center;&quot;&gt;Biblioteka dla Dzieci nr XX, ul. \u015amia\u0142a 24&lt;br \/&gt; 23.09.2026 r., godz. 16.30-18.30&lt;br \/&gt; tel. 22 839 04 20&lt;br \/&gt; Wst\u0119p wolny&lt;\/p&gt; \",\r\n            \"image\": \"https:\/\/bpzoliborz.pl\/bpzoliborz\/wp-content\/uploads\/2026\/08\/Nela-Grecja.jpg\",\r\n            \"name\": \"Grecja &#8211; Klub Podr\u00f3\u017cnik\u00f3w Neli Ma\u0142ej Reporterki\",\r\n            \"url\": \"https:\/\/bpzoliborz.pl\/bpzoliborz\/index.php\/events\/grecja-klub-podroznikow-neli-malej-reporterki\/?occurrence=2026-09-23\"\r\n        }\r\n        <\/script>\r\n        <article class=\" mec-event-article mec-clear  \" itemscope>                    <div class=\"event-grid-t2-head mec-bg-color clearfix\">\r\n                                    <div class=\"mec-event-month\"><span class=\"mec-start-date-label\" itemprop=\"startDate\">23 wrze\u015bnia<\/span><\/div>\r\n                                                            <div class=\"mec-time-details\"><span class=\"mec-start-time\">16:30<\/span> - <span class=\"mec-end-time\">18:30<\/span><\/div>                                <div class=\"mec-event-detail\">\r\n                    <div class=\"mec-event-loc-place\">Biblioteka dla Dzieci nr XX<\/div>\r\n                                                                            <\/div>\r\n            <\/div>\r\n            <div class=\"mec-event-image\"><a   data-event-id=\"33437\" href=\"https:\/\/bpzoliborz.pl\/bpzoliborz\/index.php\/events\/grecja-klub-podroznikow-neli-malej-reporterki\/?occurrence=2026-09-23\" target=\"m1\" rel=\"noopener\"><img width=\"1080\" height=\"675\" src=\"https:\/\/bpzoliborz.pl\/bpzoliborz\/wp-content\/uploads\/2026\/08\/Nela-Grecja.jpg\" class=\"attachment-medium size-medium wp-post-image\" alt=\"\" loading=\"lazy\" data-mec-postid=\"33437\" srcset=\"https:\/\/bpzoliborz.pl\/bpzoliborz\/wp-content\/uploads\/2026\/08\/Nela-Grecja.jpg 1080w, https:\/\/bpzoliborz.pl\/bpzoliborz\/wp-content\/uploads\/2026\/08\/Nela-Grecja-768x480.jpg 768w\" sizes=\"(max-width: 1080px) 100vw, 1080px\" \/><\/a><\/div>\r\n            <div class=\"mec-event-content\">\r\n                                                                <h4 class=\"mec-event-title\"><a class=\"mec-color-hover\"  data-event-id=\"33437\" href=\"https:\/\/bpzoliborz.pl\/bpzoliborz\/index.php\/events\/grecja-klub-podroznikow-neli-malej-reporterki\/?occurrence=2026-09-23\" target=\"m1\" rel=\"noopener\">Grecja &#8211; Klub Podr\u00f3\u017cnik\u00f3w Neli Ma\u0142ej Reporterki<\/a><span class=\"event-color\" style=\"background: #\"><\/span><\/h4>\r\n                <p class=\"mec-grid-event-location\">ul. \u015amia\u0142a 24<\/p>\r\n            <\/div>\r\n            <div class=\"mec-event-footer mec-color\">\r\n                                <ul class=\"mec-event-sharing-wrap\">\r\n                    <li class=\"mec-event-share\">\r\n                        <a href=\"#\" class=\"mec-event-share-icon\">\r\n                            <i class=\"mec-sl-share\" title=\"Share\"><\/i>\r\n                        <\/a>\r\n                    <\/li>\r\n                    <li>\r\n                        <ul class=\"mec-event-sharing\">\r\n                            <li class=\"mec-event-social-icon\"><a class=\"facebook\" href=\"https:\/\/www.facebook.com\/sharer\/sharer.php?u=https%3A%2F%2Fbpzoliborz.pl%2Fbpzoliborz%2Findex.php%2Fevents%2Fgrecja-klub-podroznikow-neli-malej-reporterki%2F\" onclick=\"javascript:window.open(this.href, '', 'menubar=no,toolbar=no,resizable=yes,scrollbars=yes,height=500,width=600'); return false;\" title=\"Udost\u0119pnij na Facebooku\"><i class=\"mec-fa-facebook\"><\/i><\/a><\/li><li class=\"mec-event-social-icon\"><a class=\"twitter\" href=\"https:\/\/twitter.com\/share?url=https%3A%2F%2Fbpzoliborz.pl%2Fbpzoliborz%2Findex.php%2Fevents%2Fgrecja-klub-podroznikow-neli-malej-reporterki%2F\" onclick=\"javascript:window.open(this.href, '', 'menubar=no,toolbar=no,resizable=yes,scrollbars=yes,height=600,width=500'); return false;\" target=\"_blank\" title=\"Tweetuj\"><i class=\"mec-fa-twitter\"><\/i><\/a><\/li><li class=\"mec-event-social-icon\"><a class=\"email\" href=\"mailto:?subject=Grecja - Klub Podr\u00f3\u017cnik\u00f3w Neli Ma\u0142ej Reporterki&body=https%3A%2F%2Fbpzoliborz.pl%2Fbpzoliborz%2Findex.php%2Fevents%2Fgrecja-klub-podroznikow-neli-malej-reporterki%2F\" title=\"Email\"><i class=\"mec-fa-envelope\"><\/i><\/a><\/li>                        <\/ul>\r\n                    <\/li>\r\n                <\/ul>\r\n                                                                <a class=\"mec-booking-button\"  data-event-id=\"33437\" href=\"https:\/\/bpzoliborz.pl\/bpzoliborz\/index.php\/events\/grecja-klub-podroznikow-neli-malej-reporterki\/?occurrence=2026-09-23\" target=\"m1\" rel=\"noopener\">Poka\u017c szczeg\u00f3\u0142y<\/a>            <\/div>\r\n        <\/article><\/div>        <div class=\"col-md-4 col-sm-4\">        <script type=\"application\/ld+json\">\r\n        {\r\n            \"@context\": \"http:\/\/schema.org\",\r\n            \"@type\": \"Event\",\r\n            \"eventStatus\": \"https:\/\/schema.org\/EventScheduled\",\r\n            \"startDate\": \"2026-09-23\",\r\n            \"endDate\": \"2026-09-23\",\r\n            \"eventAttendanceMode\": \"https:\/\/schema.org\/OfflineEventAttendanceMode\",\r\n            \"location\":\r\n            {\r\n                \"@type\": \"Place\",\r\n                                \"name\": \"Wypo\u017cyczalnia nr 16\",\r\n                \"image\": \"http:\/\/bpzoliborz.pl\/bpzoliborz\/wp-content\/uploads\/2020\/07\/Biblioteka-nr-16-S\u0142owackiego-19a-scaled-e1594730867309.jpg\",\r\n                \"address\": \"ul. S\u0142owackiego 19a\"\r\n                            },\r\n            \"organizer\":\r\n            {\r\n                \"@type\": \"Person\",\r\n                \"name\": \"Wypo\u017cyczalnia nr 16\",\r\n                \"url\": \"http:\/\/bpzoliborz.pl\/bpzoliborz\/index.php\/wypozyczalnia-nr-16\/\"\r\n            },\r\n            \"offers\":\r\n            {\r\n                \"url\": \"https:\/\/bpzoliborz.pl\/bpzoliborz\/index.php\/events\/witold-szablowski-spotkanie-autorskie\/\",\r\n                \"price\": \"\",\r\n                \"priceCurrency\": \"PLN\",\r\n                \"availability\": \"https:\/\/schema.org\/InStock\",\r\n                \"validFrom\": \"2026-09-23T00:00\"\r\n            },\r\n            \"performer\": \"\",\r\n            \"description\": \"&lt;p&gt;&lt;span style=&quot;font-family: Calibri, sans-serif&quot;&gt;&lt;span style=&quot;font-size: medium&quot;&gt;Zapraszamy na spotkanie z Witoldem Szab\u0142owski&lt;\/span&gt;&lt;\/span&gt;&lt;span style=&quot;font-family: Calibri, sans-serif&quot;&gt;&lt;span style=&quot;font-size: medium&quot;&gt;m&lt;\/span&gt;&lt;\/span&gt;&lt;span style=&quot;font-family: Calibri, sans-serif&quot;&gt;&lt;span style=&quot;font-size: medium&quot;&gt;, pisarzem, re\u017cyserem film\u00f3w dokumentalnych, laureatem Nagrody Dziennikarskiej Parlamentu Europejskiego. &lt;\/span&gt;&lt;\/span&gt;&lt;span style=&quot;font-family: Calibri, sans-serif&quot;&gt;&lt;span style=&quot;font-size: medium&quot;&gt;W swoich ksi\u0105\u017ckach zabiera czytelnik\u00f3w w r\u00f3\u017cne, cz\u0119sto trudne i fascynuj\u0105ce miejsca. Pisa\u0142 o &lt;\/span&gt;&lt;\/span&gt;&lt;strong&gt;&lt;span style=&quot;font-family: Calibri, sans-serif&quot;&gt;&lt;span style=&quot;font-size: medium&quot;&gt;Turcji, &lt;\/span&gt;&lt;\/span&gt;&lt;\/strong&gt;&lt;strong&gt;&lt;span style=&quot;font-family: Calibri, sans-serif&quot;&gt;&lt;span style=&quot;font-size: medium&quot;&gt;Rosji,&lt;\/span&gt;&lt;\/span&gt;&lt;\/strong&gt;&lt;strong&gt;&lt;span style=&quot;font-family: Calibri, sans-serif&quot;&gt;&lt;span style=&quot;font-size: medium&quot;&gt; Albanii, Wo\u0142yniu&lt;\/span&gt;&lt;\/span&gt;&lt;\/strong&gt;&lt;strong&gt;&lt;span style=&quot;font-family: Calibri, sans-serif&quot;&gt;&lt;span style=&quot;font-size: medium&quot;&gt;.&lt;\/span&gt;&lt;\/span&gt;&lt;\/strong&gt;&lt;span style=&quot;font-family: Calibri, sans-serif&quot;&gt;&lt;span style=&quot;font-size: medium&quot;&gt; Interesuj\u0105 go zar\u00f3wno wielka historia i polityka, jak i losy zwyk\u0142ych ludzi oraz historie ukryte za kulisami wa\u017cnych wydarze\u0144. &lt;\/span&gt;&lt;\/span&gt;&lt;span style=&quot;font-family: Calibri, sans-serif&quot;&gt;&lt;span style=&quot;font-size: medium&quot;&gt;Jest autorem m.in. ksi\u0105\u017cek &lt;\/span&gt;&lt;\/span&gt;&lt;strong&gt;&lt;span style=&quot;font-family: Calibri, sans-serif&quot;&gt;&lt;span style=&quot;font-size: medium&quot;&gt;\u201eRosja od kuchni\u201d&lt;\/span&gt;&lt;\/span&gt;&lt;\/strong&gt;&lt;span style=&quot;font-family: Calibri, sans-serif&quot;&gt;&lt;span style=&quot;font-size: medium&quot;&gt; oraz &lt;\/span&gt;&lt;\/span&gt;&lt;strong&gt;&lt;span style=&quot;font-family: Calibri, sans-serif&quot;&gt;&lt;span style=&quot;font-size: medium&quot;&gt;\u201eKucharze dyktator\u00f3w\u201d&lt;\/span&gt;&lt;\/span&gt;&lt;\/strong&gt;&lt;span style=&quot;font-family: Calibri, sans-serif&quot;&gt;&lt;span style=&quot;font-size: medium&quot;&gt;, w kt\u00f3rych pokazuje \u015bwiat przez nieoczywist\u0105 perspektyw\u0119 \u2013 r\u00f3wnie\u017c od strony kuchni.&lt;\/span&gt;&lt;\/span&gt;&lt;\/p&gt; &lt;p&gt;Spotkanie poprowadzi &#8211; Pani Natalia Davydenko-Cempel.&lt;\/p&gt; \",\r\n            \"image\": \"https:\/\/bpzoliborz.pl\/bpzoliborz\/wp-content\/uploads\/2026\/08\/Szablowski-na-strone.jpg\",\r\n            \"name\": \"Witold Szab\u0142owski &#8211; spotkanie autorskie\",\r\n            \"url\": \"https:\/\/bpzoliborz.pl\/bpzoliborz\/index.php\/events\/witold-szablowski-spotkanie-autorskie\/?occurrence=2026-09-23\"\r\n        }\r\n        <\/script>\r\n        <article class=\" mec-event-article mec-clear  \" itemscope>                    <div class=\"event-grid-t2-head mec-bg-color clearfix\">\r\n                                    <div class=\"mec-event-month\"><span class=\"mec-start-date-label\" itemprop=\"startDate\">23 wrze\u015bnia<\/span><\/div>\r\n                                                            <div class=\"mec-time-details\"><span class=\"mec-start-time\">18:00<\/span> - <span class=\"mec-end-time\">19:30<\/span><\/div>                                <div class=\"mec-event-detail\">\r\n                    <div class=\"mec-event-loc-place\">Wypo\u017cyczalnia nr 16<\/div>\r\n                                                                            <\/div>\r\n            <\/div>\r\n            <div class=\"mec-event-image\"><a   data-event-id=\"33315\" href=\"https:\/\/bpzoliborz.pl\/bpzoliborz\/index.php\/events\/witold-szablowski-spotkanie-autorskie\/?occurrence=2026-09-23\" target=\"m1\" rel=\"noopener\"><img width=\"1080\" height=\"675\" src=\"https:\/\/bpzoliborz.pl\/bpzoliborz\/wp-content\/uploads\/2026\/08\/Szablowski-na-strone.jpg\" class=\"attachment-medium size-medium wp-post-image\" alt=\"grafika wyr\u00f3\u017cniaj\u0105ca przedstawiaj\u0105ca zdj\u0119cie Witolda Szab\u0142owskiego oraz dwie z jego ksi\u0105\u017cek &quot;Kucharze dyktator\u00f3w&quot; i &quot;Rosja od kuchni&quot; na grafice znajduje si\u0119 r\u00f3wnie\u017c napis Warszawskie Dni Seniora 2026, 12.09-4.10\" loading=\"lazy\" data-mec-postid=\"33315\" srcset=\"https:\/\/bpzoliborz.pl\/bpzoliborz\/wp-content\/uploads\/2026\/08\/Szablowski-na-strone.jpg 1080w, https:\/\/bpzoliborz.pl\/bpzoliborz\/wp-content\/uploads\/2026\/08\/Szablowski-na-strone-768x480.jpg 768w\" sizes=\"(max-width: 1080px) 100vw, 1080px\" \/><\/a><\/div>\r\n            <div class=\"mec-event-content\">\r\n                                                                <h4 class=\"mec-event-title\"><a class=\"mec-color-hover\"  data-event-id=\"33315\" href=\"https:\/\/bpzoliborz.pl\/bpzoliborz\/index.php\/events\/witold-szablowski-spotkanie-autorskie\/?occurrence=2026-09-23\" target=\"m1\" rel=\"noopener\">Witold Szab\u0142owski &#8211; spotkanie autorskie<\/a><span class=\"event-color\" style=\"background: #\"><\/span><\/h4>\r\n                <p class=\"mec-grid-event-location\">ul. S\u0142owackiego 19a<\/p>\r\n            <\/div>\r\n            <div class=\"mec-event-footer mec-color\">\r\n                                <ul class=\"mec-event-sharing-wrap\">\r\n                    <li class=\"mec-event-share\">\r\n                        <a href=\"#\" class=\"mec-event-share-icon\">\r\n                            <i class=\"mec-sl-share\" title=\"Share\"><\/i>\r\n                        <\/a>\r\n                    <\/li>\r\n                    <li>\r\n                        <ul class=\"mec-event-sharing\">\r\n                            <li class=\"mec-event-social-icon\"><a class=\"facebook\" href=\"https:\/\/www.facebook.com\/sharer\/sharer.php?u=https%3A%2F%2Fbpzoliborz.pl%2Fbpzoliborz%2Findex.php%2Fevents%2Fwitold-szablowski-spotkanie-autorskie%2F\" onclick=\"javascript:window.open(this.href, '', 'menubar=no,toolbar=no,resizable=yes,scrollbars=yes,height=500,width=600'); return false;\" title=\"Udost\u0119pnij na Facebooku\"><i class=\"mec-fa-facebook\"><\/i><\/a><\/li><li class=\"mec-event-social-icon\"><a class=\"twitter\" href=\"https:\/\/twitter.com\/share?url=https%3A%2F%2Fbpzoliborz.pl%2Fbpzoliborz%2Findex.php%2Fevents%2Fwitold-szablowski-spotkanie-autorskie%2F\" onclick=\"javascript:window.open(this.href, '', 'menubar=no,toolbar=no,resizable=yes,scrollbars=yes,height=600,width=500'); return false;\" target=\"_blank\" title=\"Tweetuj\"><i class=\"mec-fa-twitter\"><\/i><\/a><\/li><li class=\"mec-event-social-icon\"><a class=\"email\" href=\"mailto:?subject=Witold Szab\u0142owski - spotkanie autorskie&body=https%3A%2F%2Fbpzoliborz.pl%2Fbpzoliborz%2Findex.php%2Fevents%2Fwitold-szablowski-spotkanie-autorskie%2F\" title=\"Email\"><i class=\"mec-fa-envelope\"><\/i><\/a><\/li>                        <\/ul>\r\n                    <\/li>\r\n                <\/ul>\r\n                                                                <a class=\"mec-booking-button\"  data-event-id=\"33315\" href=\"https:\/\/bpzoliborz.pl\/bpzoliborz\/index.php\/events\/witold-szablowski-spotkanie-autorskie\/?occurrence=2026-09-23\" target=\"m1\" rel=\"noopener\">Poka\u017c szczeg\u00f3\u0142y<\/a>            <\/div>\r\n        <\/article><\/div><\/div>                        \t<\/div>\r\n<\/div>\r\n\r\n    <\/div>\r\n    <div class=\"mec-skin-grid-no-events-container mec-util-hidden\" id=\"mec_skin_no_events_1225\">\r\n        Nie odnaleziono wydarze\u0144!    <\/div>\r\n        \r\n        <div class=\"mec-load-more-wrap\"><div class=\"mec-load-more-button \">Wi\u0119cej<\/div><\/div>\r\n        \r\n<\/div><\/div>\n\t\t\t\t<\/div>\n\t\t\t\t<\/div>\n\t\t\t\t\t\t<\/div>\n\t\t\t\t\t<\/div>\n\t\t<\/div>\n\t\t\t\t\t\t\t\t<\/div>\n\t\t\t\t\t<\/div>\n\t\t<\/section>\n\t\t\t\t\t\t\t\t\t<\/div>\n\t\t\t<\/div>\n\t\t\t\t\t<\/div>\n\t\t","protected":false},"excerpt":{"rendered":"<p>Kalendarz wydarze\u0144 w Bibliotece<\/p>\n","protected":false},"author":3,"featured_media":0,"parent":0,"menu_order":0,"comment_status":"closed","ping_status":"closed","template":"page-templates\/template-pagebuilder-full-width.php","meta":{"_stopmodifiedupdate":false,"_modified_date":"","_eb_attr":"","neve_meta_sidebar":"full-width","neve_meta_container":"","neve_meta_enable_content_width":"on","neve_meta_content_width":100,"neve_meta_title_alignment":"","neve_meta_author_avatar":"","neve_post_elements_order":"","neve_meta_disable_header":"","neve_meta_disable_footer":"","neve_meta_disable_title":"on"},"_links":{"self":[{"href":"https:\/\/bpzoliborz.pl\/bpzoliborz\/index.php\/wp-json\/wp\/v2\/pages\/899"}],"collection":[{"href":"https:\/\/bpzoliborz.pl\/bpzoliborz\/index.php\/wp-json\/wp\/v2\/pages"}],"about":[{"href":"https:\/\/bpzoliborz.pl\/bpzoliborz\/index.php\/wp-json\/wp\/v2\/types\/page"}],"author":[{"embeddable":true,"href":"https:\/\/bpzoliborz.pl\/bpzoliborz\/index.php\/wp-json\/wp\/v2\/users\/3"}],"replies":[{"embeddable":true,"href":"https:\/\/bpzoliborz.pl\/bpzoliborz\/index.php\/wp-json\/wp\/v2\/comments?post=899"}],"version-history":[{"count":2,"href":"https:\/\/bpzoliborz.pl\/bpzoliborz\/index.php\/wp-json\/wp\/v2\/pages\/899\/revisions"}],"predecessor-version":[{"id":1228,"href":"https:\/\/bpzoliborz.pl\/bpzoliborz\/index.php\/wp-json\/wp\/v2\/pages\/899\/revisions\/1228"}],"wp:attachment":[{"href":"https:\/\/bpzoliborz.pl\/bpzoliborz\/index.php\/wp-json\/wp\/v2\/media?parent=899"}],"curies":[{"name":"wp","href":"https:\/\/api.w.org\/{rel}","templated":true}]}}