{"id":39,"date":"2020-07-16T11:34:00","date_gmt":"2020-07-16T09:34:00","guid":{"rendered":"http:\/\/bpzoliborz.pl\/bpzoliborz\/?page_id=39"},"modified":"2026-08-24T13:54:42","modified_gmt":"2026-08-24T11:54:42","slug":"strona-glowna","status":"publish","type":"page","link":"https:\/\/bpzoliborz.pl\/bpzoliborz\/","title":{"rendered":"Strona g\u0142\u00f3wna"},"content":{"rendered":"\t\t<div data-elementor-type=\"wp-page\" data-elementor-id=\"39\" class=\"elementor elementor-39\">\n\t\t\t\t\t\t<div class=\"elementor-inner\">\n\t\t\t\t<div class=\"elementor-section-wrap\">\n\t\t\t\t\t\t\t\t\t<section class=\"elementor-section elementor-top-section elementor-element elementor-element-272f26c elementor-section-boxed elementor-section-height-default elementor-section-height-default exad-glass-effect-no exad-sticky-section-no\" data-id=\"272f26c\" data-element_type=\"section\">\n\t\t\t\t\t\t<div class=\"elementor-container elementor-column-gap-default\">\n\t\t\t\t\t\t\t<div class=\"elementor-row\">\n\t\t\t\t\t<div class=\"elementor-column elementor-col-100 elementor-top-column elementor-element elementor-element-623f5f0 exad-glass-effect-no exad-sticky-section-no\" data-id=\"623f5f0\" data-element_type=\"column\">\n\t\t\t<div class=\"elementor-column-wrap elementor-element-populated\">\n\t\t\t\t\t\t\t<div class=\"elementor-widget-wrap\">\n\t\t\t\t\t\t<div class=\"elementor-element elementor-element-6af5579 exad-sticky-section-no exad-glass-effect-no elementor-widget elementor-widget-spacer\" data-id=\"6af5579\" data-element_type=\"widget\" data-widget_type=\"spacer.default\">\n\t\t\t\t<div class=\"elementor-widget-container\">\n\t\t\t\t\t<div class=\"elementor-spacer\">\n\t\t\t<div class=\"elementor-spacer-inner\"><\/div>\n\t\t<\/div>\n\t\t\t\t<\/div>\n\t\t\t\t<\/div>\n\t\t\t\t\t\t<\/div>\n\t\t\t\t\t<\/div>\n\t\t<\/div>\n\t\t\t\t\t\t\t\t<\/div>\n\t\t\t\t\t<\/div>\n\t\t<\/section>\n\t\t\t\t<section class=\"elementor-section elementor-top-section elementor-element elementor-element-fd4bff7 elementor-section-boxed elementor-section-height-default elementor-section-height-default exad-glass-effect-no exad-sticky-section-no\" data-id=\"fd4bff7\" data-element_type=\"section\">\n\t\t\t\t\t\t<div class=\"elementor-container elementor-column-gap-default\">\n\t\t\t\t\t\t\t<div class=\"elementor-row\">\n\t\t\t\t\t<div class=\"elementor-column elementor-col-100 elementor-top-column elementor-element elementor-element-091fe12 exad-glass-effect-no exad-sticky-section-no\" data-id=\"091fe12\" data-element_type=\"column\">\n\t\t\t<div class=\"elementor-column-wrap elementor-element-populated\">\n\t\t\t\t\t\t\t<div class=\"elementor-widget-wrap\">\n\t\t\t\t\t\t<div class=\"elementor-element elementor-element-9b6ed39 exad-sticky-section-no exad-glass-effect-no elementor-widget elementor-widget-shortcode\" data-id=\"9b6ed39\" data-element_type=\"widget\" data-widget_type=\"shortcode.default\">\n\t\t\t\t<div class=\"elementor-widget-container\">\n\t\t\t\t\t<div class=\"elementor-shortcode\"><div id=\"metaslider-id-6713\" style=\"width: 100%;\" class=\"ml-slider-3-111-0 metaslider metaslider-nivo metaslider-6713 ml-slider has-dots-nav ms-theme-simply-dark\" role=\"region\" aria-label=\"nowy\" data-height=\"200\" data-width=\"1200\">\n    <div id=\"metaslider_container_6713\">\n        <div class='slider-wrapper theme-default'><div class='ribbon'><\/div><div id='metaslider_6713' class='nivoSlider'><a href=\"https:\/\/bpzoliborz.pl\/bpzoliborz\/index.php\/gry-i-puzzle\/\" target=\"_self\"><img loading=\"lazy\" src=\"https:\/\/bpzoliborz.pl\/bpzoliborz\/wp-content\/uploads\/2024\/05\/baner-gry-i-puzzle.png\" height=\"200\" width=\"1200\" title=\"baner gry i puzzle\" alt=\"napis gry i puzzle na bia\u0142o czarnym tle\" class=\"slider-6713 slide-22169 msDefaultImage\" \/><\/a><a href=\"https:\/\/bpzoliborz.pl\/bpzoliborz\/index.php\/2023\/12\/19\/ibuk-libra-pwn\/\" target=\"_self\"><img loading=\"lazy\" src=\"https:\/\/bpzoliborz.pl\/bpzoliborz\/wp-content\/uploads\/2025\/05\/Neon-M-1120x186.png\" height=\"200\" width=\"1200\" title=\"baner ibuklibra\" alt=\"na czarno-granatowym tle logo ibuk libra\" class=\"slider-6713 slide-19456 msDefaultImage\" \/><\/a><a href=\"https:\/\/bpzoliborz.pl\/bpzoliborz\/index.php\/2020\/10\/16\/mala-ksiazka-wielki-czlowiek\/\" target=\"_self\"><img loading=\"lazy\" src=\"https:\/\/bpzoliborz.pl\/bpzoliborz\/wp-content\/uploads\/2020\/10\/Kopia-warszawskie-dni-seniora-baner.png\" height=\"200\" width=\"1200\" title=\"ma\u0142a ksi\u0105\u017cka wielki cz\u0142owiek baner\" alt=\"na r\u00f3\u017cowym tle grafika przedstawiaj\u0105ca ksi\u0105\u017ck\u0119 z morzem oraz napis &quot;ma\u0142a ksi\u0105\u017cka wielki cz\u0142owiek&quot;\" class=\"slider-6713 slide-6716 msDefaultImage\" \/><\/a><a href=\"https:\/\/www.bpzoliborz.pl\/katalog\/ini.php?katalog=19\" target=\"_blank\"><img loading=\"lazy\" src=\"https:\/\/bpzoliborz.pl\/bpzoliborz\/wp-content\/uploads\/2022\/05\/Baner-filmy-1200\u00d7200-px.png\" height=\"200\" width=\"1200\" title=\"Baner - filmy (1200\u00d7200 px)\" alt=\"r\u00f3\u017cowo fioletowy baner z napisem &quot;filmy do wypo\u017cyczenia w czytelni pod sowami&quot;\" class=\"slider-6713 slide-11081 msDefaultImage\" \/><\/a><a href=\"https:\/\/depozytbiblioteczny.pl\/\" target=\"_blank\"><img loading=\"lazy\" src=\"https:\/\/bpzoliborz.pl\/bpzoliborz\/wp-content\/uploads\/2024\/10\/depozyt-biblioteczny-baner-1200x200-2.png\" height=\"200\" width=\"1200\" title=\"depozyt biblioteczny baner 1200x200 1\" alt=\"baner z logiem depozytu bibliotecznego oraz napisami: depozyt biblioteczny, wypo\u017cyczaj cyfrowo trudno dost\u0119pne ksi\u0105\u017cki\" class=\"slider-6713 slide-25563 msDefaultImage\" \/><\/a><\/div><\/div>\n        \n    <\/div>\n<\/div><\/div>\n\t\t\t\t<\/div>\n\t\t\t\t<\/div>\n\t\t\t\t\t\t<\/div>\n\t\t\t\t\t<\/div>\n\t\t<\/div>\n\t\t\t\t\t\t\t\t<\/div>\n\t\t\t\t\t<\/div>\n\t\t<\/section>\n\t\t\t\t<section class=\"elementor-section elementor-top-section elementor-element elementor-element-3871a27 elementor-section-boxed elementor-section-height-default elementor-section-height-default exad-glass-effect-no exad-sticky-section-no\" data-id=\"3871a27\" data-element_type=\"section\">\n\t\t\t\t\t\t<div class=\"elementor-container elementor-column-gap-default\">\n\t\t\t\t\t\t\t<div class=\"elementor-row\">\n\t\t\t\t\t<div class=\"elementor-column elementor-col-100 elementor-top-column elementor-element elementor-element-8bff9f9 exad-glass-effect-no exad-sticky-section-no\" data-id=\"8bff9f9\" data-element_type=\"column\">\n\t\t\t<div class=\"elementor-column-wrap elementor-element-populated\">\n\t\t\t\t\t\t\t<div class=\"elementor-widget-wrap\">\n\t\t\t\t\t\t<div class=\"elementor-element elementor-element-4d8db7f exad-sticky-section-no exad-glass-effect-no elementor-widget elementor-widget-spacer\" data-id=\"4d8db7f\" data-element_type=\"widget\" data-widget_type=\"spacer.default\">\n\t\t\t\t<div class=\"elementor-widget-container\">\n\t\t\t\t\t<div class=\"elementor-spacer\">\n\t\t\t<div class=\"elementor-spacer-inner\"><\/div>\n\t\t<\/div>\n\t\t\t\t<\/div>\n\t\t\t\t<\/div>\n\t\t\t\t\t\t<\/div>\n\t\t\t\t\t<\/div>\n\t\t<\/div>\n\t\t\t\t\t\t\t\t<\/div>\n\t\t\t\t\t<\/div>\n\t\t<\/section>\n\t\t\t\t<section class=\"elementor-section elementor-top-section elementor-element elementor-element-f02a551 elementor-section-boxed elementor-section-height-default elementor-section-height-default exad-glass-effect-no exad-sticky-section-no\" data-id=\"f02a551\" data-element_type=\"section\">\n\t\t\t\t\t\t<div class=\"elementor-container elementor-column-gap-default\">\n\t\t\t\t\t\t\t<div class=\"elementor-row\">\n\t\t\t\t\t<div class=\"elementor-column elementor-col-25 elementor-top-column elementor-element elementor-element-a6b8500 exad-glass-effect-no exad-sticky-section-no\" data-id=\"a6b8500\" data-element_type=\"column\">\n\t\t\t<div class=\"elementor-column-wrap elementor-element-populated\">\n\t\t\t\t\t\t\t<div class=\"elementor-widget-wrap\">\n\t\t\t\t\t\t<div class=\"elementor-element elementor-element-b721275 elementor-align-center exad-sticky-section-no exad-glass-effect-no elementor-widget elementor-widget-button\" data-id=\"b721275\" data-element_type=\"widget\" data-widget_type=\"button.default\">\n\t\t\t\t<div class=\"elementor-widget-container\">\n\t\t\t\t\t<div class=\"elementor-button-wrapper\">\n\t\t\t<a href=\"http:\/\/bpzoliborz.pl\/bpzoliborz\/index.php\/zaproponuj-ksiazke\" target=\"_blank\" class=\"elementor-button-link elementor-button elementor-size-md\" role=\"button\">\n\t\t\t\t\t\t<span class=\"elementor-button-content-wrapper\">\n\t\t\t\t\t\t\t<span class=\"elementor-button-icon elementor-align-icon-left\">\n\t\t\t\t<i aria-hidden=\"true\" class=\"fas fa-book-open\"><\/i>\t\t\t<\/span>\n\t\t\t\t\t\t<span class=\"elementor-button-text\">Zaproponuj ksi\u0105\u017ck\u0119<\/span>\n\t\t<\/span>\n\t\t\t\t\t<\/a>\n\t\t<\/div>\n\t\t\t\t<\/div>\n\t\t\t\t<\/div>\n\t\t\t\t\t\t<\/div>\n\t\t\t\t\t<\/div>\n\t\t<\/div>\n\t\t\t\t<div class=\"elementor-column elementor-col-25 elementor-top-column elementor-element elementor-element-6213e13 exad-glass-effect-no exad-sticky-section-no\" data-id=\"6213e13\" data-element_type=\"column\">\n\t\t\t<div class=\"elementor-column-wrap elementor-element-populated\">\n\t\t\t\t\t\t\t<div class=\"elementor-widget-wrap\">\n\t\t\t\t\t\t<div class=\"elementor-element elementor-element-f5e1b00 elementor-align-center exad-sticky-section-no exad-glass-effect-no elementor-widget elementor-widget-button\" data-id=\"f5e1b00\" data-element_type=\"widget\" data-widget_type=\"button.default\">\n\t\t\t\t<div class=\"elementor-widget-container\">\n\t\t\t\t\t<div class=\"elementor-button-wrapper\">\n\t\t\t<a href=\"https:\/\/www.bpzoliborz.pl\/katalog\/ini.php?katalog=26\" target=\"_blank\" class=\"elementor-button-link elementor-button elementor-size-md\" role=\"button\">\n\t\t\t\t\t\t<span class=\"elementor-button-content-wrapper\">\n\t\t\t\t\t\t\t<span class=\"elementor-button-icon elementor-align-icon-left\">\n\t\t\t\t<i aria-hidden=\"true\" class=\"fas fa-book\"><\/i>\t\t\t<\/span>\n\t\t\t\t\t\t<span class=\"elementor-button-text\">E-BOOKI<\/span>\n\t\t<\/span>\n\t\t\t\t\t<\/a>\n\t\t<\/div>\n\t\t\t\t<\/div>\n\t\t\t\t<\/div>\n\t\t\t\t\t\t<\/div>\n\t\t\t\t\t<\/div>\n\t\t<\/div>\n\t\t\t\t<div class=\"elementor-column elementor-col-25 elementor-top-column elementor-element elementor-element-e935d5b exad-glass-effect-no exad-sticky-section-no\" data-id=\"e935d5b\" data-element_type=\"column\">\n\t\t\t<div class=\"elementor-column-wrap elementor-element-populated\">\n\t\t\t\t\t\t\t<div class=\"elementor-widget-wrap\">\n\t\t\t\t\t\t<div class=\"elementor-element elementor-element-e1657c1 elementor-align-center exad-sticky-section-no exad-glass-effect-no elementor-widget elementor-widget-button\" data-id=\"e1657c1\" data-element_type=\"widget\" data-widget_type=\"button.default\">\n\t\t\t\t<div class=\"elementor-widget-container\">\n\t\t\t\t\t<div class=\"elementor-button-wrapper\">\n\t\t\t<a href=\"https:\/\/www.bpzoliborz.pl\/katalog\/ini.php?dol=0&#038;gora=0&#038;przod=0&#038;wstecz=0&#038;katalog=27&#038;indeks=2&#038;opis_ile=24&#038;szukaj=\" target=\"_blank\" class=\"elementor-button-link elementor-button elementor-size-md\" role=\"button\">\n\t\t\t\t\t\t<span class=\"elementor-button-content-wrapper\">\n\t\t\t\t\t\t\t<span class=\"elementor-button-icon elementor-align-icon-left\">\n\t\t\t\t<i aria-hidden=\"true\" class=\"remixicon ri-book-read-line\"><\/i>\t\t\t<\/span>\n\t\t\t\t\t\t<span class=\"elementor-button-text\">E-Prasa<\/span>\n\t\t<\/span>\n\t\t\t\t\t<\/a>\n\t\t<\/div>\n\t\t\t\t<\/div>\n\t\t\t\t<\/div>\n\t\t\t\t\t\t<\/div>\n\t\t\t\t\t<\/div>\n\t\t<\/div>\n\t\t\t\t<div class=\"elementor-column elementor-col-25 elementor-top-column elementor-element elementor-element-e136cfb exad-glass-effect-no exad-sticky-section-no\" data-id=\"e136cfb\" data-element_type=\"column\">\n\t\t\t<div class=\"elementor-column-wrap elementor-element-populated\">\n\t\t\t\t\t\t\t<div class=\"elementor-widget-wrap\">\n\t\t\t\t\t\t<div class=\"elementor-element elementor-element-96e1963 elementor-align-center exad-sticky-section-no exad-glass-effect-no elementor-widget elementor-widget-button\" data-id=\"96e1963\" data-element_type=\"widget\" data-widget_type=\"button.default\">\n\t\t\t\t<div class=\"elementor-widget-container\">\n\t\t\t\t\t<div class=\"elementor-button-wrapper\">\n\t\t\t<a href=\"https:\/\/bpzoliborz.pl\/bpzoliborz\/index.php\/pjm\/\" class=\"elementor-button-link elementor-button elementor-size-md\" role=\"button\">\n\t\t\t\t\t\t<span class=\"elementor-button-content-wrapper\">\n\t\t\t\t\t\t\t<span class=\"elementor-button-icon elementor-align-icon-left\">\n\t\t\t\t<i aria-hidden=\"true\" class=\"fas fa-american-sign-language-interpreting\"><\/i>\t\t\t<\/span>\n\t\t\t\t\t\t<span class=\"elementor-button-text\">PJM<\/span>\n\t\t<\/span>\n\t\t\t\t\t<\/a>\n\t\t<\/div>\n\t\t\t\t<\/div>\n\t\t\t\t<\/div>\n\t\t\t\t\t\t<\/div>\n\t\t\t\t\t<\/div>\n\t\t<\/div>\n\t\t\t\t\t\t\t\t<\/div>\n\t\t\t\t\t<\/div>\n\t\t<\/section>\n\t\t\t\t<section class=\"elementor-section elementor-top-section elementor-element elementor-element-dcf7c3b elementor-section-boxed elementor-section-height-default elementor-section-height-default exad-glass-effect-no exad-sticky-section-no\" data-id=\"dcf7c3b\" data-element_type=\"section\">\n\t\t\t\t\t\t<div class=\"elementor-container elementor-column-gap-default\">\n\t\t\t\t\t\t\t<div class=\"elementor-row\">\n\t\t\t\t\t<div class=\"elementor-column elementor-col-100 elementor-top-column elementor-element elementor-element-6528c55 exad-glass-effect-no exad-sticky-section-no\" data-id=\"6528c55\" data-element_type=\"column\">\n\t\t\t<div class=\"elementor-column-wrap elementor-element-populated\">\n\t\t\t\t\t\t\t<div class=\"elementor-widget-wrap\">\n\t\t\t\t\t\t<div class=\"elementor-element elementor-element-a537bf4 exad-sticky-section-no exad-glass-effect-no elementor-widget elementor-widget-spacer\" data-id=\"a537bf4\" data-element_type=\"widget\" data-widget_type=\"spacer.default\">\n\t\t\t\t<div class=\"elementor-widget-container\">\n\t\t\t\t\t<div class=\"elementor-spacer\">\n\t\t\t<div class=\"elementor-spacer-inner\"><\/div>\n\t\t<\/div>\n\t\t\t\t<\/div>\n\t\t\t\t<\/div>\n\t\t\t\t\t\t<\/div>\n\t\t\t\t\t<\/div>\n\t\t<\/div>\n\t\t\t\t\t\t\t\t<\/div>\n\t\t\t\t\t<\/div>\n\t\t<\/section>\n\t\t\t\t<section class=\"elementor-section elementor-top-section elementor-element elementor-element-01cbd37 elementor-section-boxed elementor-section-height-default elementor-section-height-default exad-glass-effect-no exad-sticky-section-no\" data-id=\"01cbd37\" data-element_type=\"section\">\n\t\t\t\t\t\t<div class=\"elementor-container elementor-column-gap-default\">\n\t\t\t\t\t\t\t<div class=\"elementor-row\">\n\t\t\t\t\t<div class=\"elementor-column elementor-col-100 elementor-top-column elementor-element elementor-element-866fed9 exad-glass-effect-no exad-sticky-section-no\" data-id=\"866fed9\" data-element_type=\"column\">\n\t\t\t<div class=\"elementor-column-wrap elementor-element-populated\">\n\t\t\t\t\t\t\t<div class=\"elementor-widget-wrap\">\n\t\t\t\t\t\t<div class=\"elementor-element elementor-element-c8973b8 exad-sticky-section-no exad-glass-effect-no elementor-widget elementor-widget-exad-post-grid\" data-id=\"c8973b8\" data-element_type=\"widget\" data-widget_type=\"exad-post-grid.default\">\n\t\t\t\t<div class=\"elementor-widget-container\">\n\t\t\t\t\t\r\n\r\n\t\t<div class=\"exad-post-grid\">\r\n\t\t\t<div class=\"exad-row-wrapper\">\r\n\t\t\t\t\r\n<article class=\"exad-post-grid-three exad-col  \">\r\n    <div class=\"exad-post-grid-container image-position-top exad-post-grid-equal-height-yes\">\r\n                    <figure class=\"exad-post-grid-thumbnail\">\r\n                <a href=\"https:\/\/bpzoliborz.pl\/bpzoliborz\/index.php\/2026\/08\/31\/narodowe-czytanie-2026\/\">\r\n                    <img width=\"768\" height=\"480\" src=\"https:\/\/bpzoliborz.pl\/bpzoliborz\/wp-content\/uploads\/2026\/08\/obrazek-wyrozniajacy-WYDARZENIA-I-AKTUALNOSCI-na-strone-CZYTELNIA-768x480.png\" class=\"attachment-medium_large size-medium_large wp-post-image\" alt=\"\" loading=\"lazy\" \/>                <\/a>\r\n                \r\n                            <\/figure>\r\n        \t\t\r\n\t\t        <div class=\"exad-post-grid-body\">\r\n            \t\t\t\t\r\n\t\t\t\t\t\t\t\r\n                    <h3>\r\n\t\t\t\t\t\r\n\t\t\t\t\t\t\t\r\n                        <a href=\"https:\/\/bpzoliborz.pl\/bpzoliborz\/index.php\/2026\/08\/31\/narodowe-czytanie-2026\/\" class=\"exad-post-grid-title\">Narodowe Czytanie 2026<\/a>\r\n\t\t\t\t\r\n\t\t\t\t\t\t\t\t\t\r\n                    <\/h3>\r\n\t\t\t\t\t\r\n\t\t\t\t\t\t\t\t\r\n                                <div class=\"exad-post-footer\"><a href=\"https:\/\/bpzoliborz.pl\/bpzoliborz\/index.php\/2026\/08\/31\/narodowe-czytanie-2026\/\" target=\"_blank\" class=\"read-more\">Czytaj dalej...<\/a><\/div>\r\n            \r\n        <\/div>\r\n        \t\t\r\n\t\t\t\t\r\n    <\/div>\r\n<\/article>\r\n\r\n<article class=\"exad-post-grid-three exad-col  \">\r\n    <div class=\"exad-post-grid-container image-position-top exad-post-grid-equal-height-yes\">\r\n                    <figure class=\"exad-post-grid-thumbnail\">\r\n                <a href=\"https:\/\/bpzoliborz.pl\/bpzoliborz\/index.php\/2026\/08\/26\/komunikat-zmiana-godzin-pracy-bibliotek-od-31-08-2026\/\">\r\n                    <img width=\"768\" height=\"480\" src=\"https:\/\/bpzoliborz.pl\/bpzoliborz\/wp-content\/uploads\/2026\/03\/wszystkie-placowki-768x480.png\" class=\"attachment-medium_large size-medium_large wp-post-image\" alt=\"\" loading=\"lazy\" \/>                <\/a>\r\n                \r\n                            <\/figure>\r\n        \t\t\r\n\t\t        <div class=\"exad-post-grid-body\">\r\n            \t\t\t\t\r\n\t\t\t\t\t\t\t\r\n                    <h3>\r\n\t\t\t\t\t\r\n\t\t\t\t\t\t\t\r\n                        <a href=\"https:\/\/bpzoliborz.pl\/bpzoliborz\/index.php\/2026\/08\/26\/komunikat-zmiana-godzin-pracy-bibliotek-od-31-08-2026\/\" class=\"exad-post-grid-title\">Komunikat! Zmiana godzin pracy bibliotek od 31.08.2026<\/a>\r\n\t\t\t\t\r\n\t\t\t\t\t\t\t\t\t\r\n                    <\/h3>\r\n\t\t\t\t\t\r\n\t\t\t\t\t\t\t\t\r\n                                <div class=\"exad-post-footer\"><a href=\"https:\/\/bpzoliborz.pl\/bpzoliborz\/index.php\/2026\/08\/26\/komunikat-zmiana-godzin-pracy-bibliotek-od-31-08-2026\/\" target=\"_blank\" class=\"read-more\">Czytaj dalej...<\/a><\/div>\r\n            \r\n        <\/div>\r\n        \t\t\r\n\t\t\t\t\r\n    <\/div>\r\n<\/article>\r\n\r\n<article class=\"exad-post-grid-three exad-col  \">\r\n    <div class=\"exad-post-grid-container image-position-top exad-post-grid-equal-height-yes\">\r\n                    <figure class=\"exad-post-grid-thumbnail\">\r\n                <a href=\"https:\/\/bpzoliborz.pl\/bpzoliborz\/index.php\/2026\/08\/11\/komunikat-zmiana-godzin-otwarcia-czytelni-pod-sowami-27-01-2026-copy-2\/\">\r\n                    <img width=\"768\" height=\"512\" src=\"https:\/\/bpzoliborz.pl\/bpzoliborz\/wp-content\/uploads\/2026\/08\/705607815_1331286875831824_7501036281922857259_n-768x512.jpg\" class=\"attachment-medium_large size-medium_large wp-post-image\" alt=\"\" loading=\"lazy\" \/>                <\/a>\r\n                \r\n                            <\/figure>\r\n        \t\t\r\n\t\t        <div class=\"exad-post-grid-body\">\r\n            \t\t\t\t\r\n\t\t\t\t\t\t\t\r\n                    <h3>\r\n\t\t\t\t\t\r\n\t\t\t\t\t\t\t\r\n                        <a href=\"https:\/\/bpzoliborz.pl\/bpzoliborz\/index.php\/2026\/08\/11\/komunikat-zmiana-godzin-otwarcia-czytelni-pod-sowami-27-01-2026-copy-2\/\" class=\"exad-post-grid-title\">KOMUNIKAT! Od 13 sierpnia do 4 wrze\u015bnia Czytelnia pod Sowami \u2013 filia nr 145 b\u0119dzie zamkni\u0119ta z powodu remontu.<\/a>\r\n\t\t\t\t\r\n\t\t\t\t\t\t\t\t\t\r\n                    <\/h3>\r\n\t\t\t\t\t\r\n\t\t\t\t\t\t\t\t\r\n                                <div class=\"exad-post-footer\"><a href=\"https:\/\/bpzoliborz.pl\/bpzoliborz\/index.php\/2026\/08\/11\/komunikat-zmiana-godzin-otwarcia-czytelni-pod-sowami-27-01-2026-copy-2\/\" target=\"_blank\" class=\"read-more\">Czytaj dalej...<\/a><\/div>\r\n            \r\n        <\/div>\r\n        \t\t\r\n\t\t\t\t\r\n    <\/div>\r\n<\/article>\r\n    \r\n\t\t\t<\/div>\r\n\t\t\t<div class=\"exad-post-grid-load-btn\">\r\n\t\t\t\t\t\t\t<\/div>\r\n\t\t<\/div>\r\n\r\n\t\t\t<\/div>\n\t\t\t\t<\/div>\n\t\t\t\t\t\t<\/div>\n\t\t\t\t\t<\/div>\n\t\t<\/div>\n\t\t\t\t\t\t\t\t<\/div>\n\t\t\t\t\t<\/div>\n\t\t<\/section>\n\t\t\t\t<section class=\"elementor-section elementor-top-section elementor-element elementor-element-483619e elementor-section-boxed elementor-section-height-default elementor-section-height-default exad-glass-effect-no exad-sticky-section-no\" data-id=\"483619e\" data-element_type=\"section\">\n\t\t\t\t\t\t<div class=\"elementor-container elementor-column-gap-default\">\n\t\t\t\t\t\t\t<div class=\"elementor-row\">\n\t\t\t\t\t<div class=\"elementor-column elementor-col-100 elementor-top-column elementor-element elementor-element-add4362 exad-glass-effect-no exad-sticky-section-no\" data-id=\"add4362\" data-element_type=\"column\">\n\t\t\t<div class=\"elementor-column-wrap elementor-element-populated\">\n\t\t\t\t\t\t\t<div class=\"elementor-widget-wrap\">\n\t\t\t\t\t\t<div class=\"elementor-element elementor-element-ecfadd1 exad-sticky-section-no exad-glass-effect-no elementor-widget elementor-widget-spacer\" data-id=\"ecfadd1\" data-element_type=\"widget\" data-widget_type=\"spacer.default\">\n\t\t\t\t<div class=\"elementor-widget-container\">\n\t\t\t\t\t<div class=\"elementor-spacer\">\n\t\t\t<div class=\"elementor-spacer-inner\"><\/div>\n\t\t<\/div>\n\t\t\t\t<\/div>\n\t\t\t\t<\/div>\n\t\t\t\t\t\t<\/div>\n\t\t\t\t\t<\/div>\n\t\t<\/div>\n\t\t\t\t\t\t\t\t<\/div>\n\t\t\t\t\t<\/div>\n\t\t<\/section>\n\t\t\t\t<section class=\"elementor-section elementor-top-section elementor-element elementor-element-fa020e7 elementor-section-boxed elementor-section-height-default elementor-section-height-default exad-glass-effect-no exad-sticky-section-no\" data-id=\"fa020e7\" data-element_type=\"section\">\n\t\t\t\t\t\t<div class=\"elementor-container elementor-column-gap-default\">\n\t\t\t\t\t\t\t<div class=\"elementor-row\">\n\t\t\t\t\t<div class=\"elementor-column elementor-col-100 elementor-top-column elementor-element elementor-element-b91c2a1 exad-glass-effect-no exad-sticky-section-no\" data-id=\"b91c2a1\" data-element_type=\"column\">\n\t\t\t<div class=\"elementor-column-wrap elementor-element-populated\">\n\t\t\t\t\t\t\t<div class=\"elementor-widget-wrap\">\n\t\t\t\t\t\t<div class=\"elementor-element elementor-element-56cd7d3 exad-sticky-section-no exad-glass-effect-no elementor-widget elementor-widget-heading\" data-id=\"56cd7d3\" data-element_type=\"widget\" data-widget_type=\"heading.default\">\n\t\t\t\t<div class=\"elementor-widget-container\">\n\t\t\t<h1 class=\"elementor-heading-title elementor-size-default\">Aktualno\u015bci<\/h1>\t\t<\/div>\n\t\t\t\t<\/div>\n\t\t\t\t\t\t<\/div>\n\t\t\t\t\t<\/div>\n\t\t<\/div>\n\t\t\t\t\t\t\t\t<\/div>\n\t\t\t\t\t<\/div>\n\t\t<\/section>\n\t\t\t\t<section class=\"elementor-section elementor-top-section elementor-element elementor-element-0a51bd1 elementor-section-boxed elementor-section-height-default elementor-section-height-default exad-glass-effect-no exad-sticky-section-no\" data-id=\"0a51bd1\" data-element_type=\"section\">\n\t\t\t\t\t\t<div class=\"elementor-container elementor-column-gap-default\">\n\t\t\t\t\t\t\t<div class=\"elementor-row\">\n\t\t\t\t\t<div class=\"elementor-column elementor-col-100 elementor-top-column elementor-element elementor-element-4a3320f exad-glass-effect-no exad-sticky-section-no\" data-id=\"4a3320f\" data-element_type=\"column\">\n\t\t\t<div class=\"elementor-column-wrap elementor-element-populated\">\n\t\t\t\t\t\t\t<div class=\"elementor-widget-wrap\">\n\t\t\t\t\t\t<div class=\"elementor-element elementor-element-be8abbf exad-sticky-section-no exad-glass-effect-no elementor-widget elementor-widget-spacer\" data-id=\"be8abbf\" data-element_type=\"widget\" data-widget_type=\"spacer.default\">\n\t\t\t\t<div class=\"elementor-widget-container\">\n\t\t\t\t\t<div class=\"elementor-spacer\">\n\t\t\t<div class=\"elementor-spacer-inner\"><\/div>\n\t\t<\/div>\n\t\t\t\t<\/div>\n\t\t\t\t<\/div>\n\t\t\t\t\t\t<\/div>\n\t\t\t\t\t<\/div>\n\t\t<\/div>\n\t\t\t\t\t\t\t\t<\/div>\n\t\t\t\t\t<\/div>\n\t\t<\/section>\n\t\t\t\t<section class=\"elementor-section elementor-top-section elementor-element elementor-element-773fa0b elementor-section-boxed elementor-section-height-default elementor-section-height-default exad-glass-effect-no exad-sticky-section-no\" data-id=\"773fa0b\" data-element_type=\"section\">\n\t\t\t\t\t\t<div class=\"elementor-container elementor-column-gap-default\">\n\t\t\t\t\t\t\t<div class=\"elementor-row\">\n\t\t\t\t\t<div class=\"elementor-column elementor-col-50 elementor-top-column elementor-element elementor-element-8c2f393 exad-glass-effect-no exad-sticky-section-no\" data-id=\"8c2f393\" data-element_type=\"column\">\n\t\t\t<div class=\"elementor-column-wrap elementor-element-populated\">\n\t\t\t\t\t\t\t<div class=\"elementor-widget-wrap\">\n\t\t\t\t\t\t<div class=\"elementor-element elementor-element-0922d5e exad-sticky-section-no exad-glass-effect-no elementor-widget elementor-widget-exad-post-grid\" data-id=\"0922d5e\" data-element_type=\"widget\" data-widget_type=\"exad-post-grid.default\">\n\t\t\t\t<div class=\"elementor-widget-container\">\n\t\t\t\t\t\r\n\r\n\t\t<div class=\"exad-post-grid\">\r\n\t\t\t<div class=\"exad-row-wrapper\">\r\n\t\t\t\t\r\n<article class=\"exad-post-grid-three exad-col  \">\r\n    <div class=\"exad-post-grid-container image-position-top exad-post-grid-equal-height-yes\">\r\n                    <figure class=\"exad-post-grid-thumbnail\">\r\n                <a href=\"https:\/\/bpzoliborz.pl\/bpzoliborz\/index.php\/2026\/08\/31\/100-urodziny-placu-wilsona\/\">\r\n                    <img width=\"1080\" height=\"675\" src=\"https:\/\/bpzoliborz.pl\/bpzoliborz\/wp-content\/uploads\/2026\/08\/100-urodziny-placu-wilsona.jpg\" class=\"attachment-large size-large wp-post-image\" alt=\"\" loading=\"lazy\" \/>                <\/a>\r\n                \r\n                            <\/figure>\r\n        \t\t\r\n\t\t        <div class=\"exad-post-grid-body\">\r\n            \t\t\t\t\r\n\t\t\t\t\t\t\t\r\n                    <h3>\r\n\t\t\t\t\t\r\n\t\t\t\t\t\t\t\r\n                        <a href=\"https:\/\/bpzoliborz.pl\/bpzoliborz\/index.php\/2026\/08\/31\/100-urodziny-placu-wilsona\/\" class=\"exad-post-grid-title\">100. Urodziny Placu Wilsona<\/a>\r\n\t\t\t\t\r\n\t\t\t\t\t\t\t\t\t\r\n                    <\/h3>\r\n\t\t\t\t\t\r\n\t\t\t\t\t\t\t\t\r\n                                <div class=\"exad-post-grid-description\">\r\n                    Rada i Zarz\u0105d Dzielnicy \u017boliborz zapraszaj\u0105 na 100. Urodziny Placu Wilsona. Szanowni Pa\u0144stwo! Taka okazja nie trafia si\u0119 co sobot\u0119....                <\/div>\r\n                            <div class=\"exad-post-footer\"><a href=\"https:\/\/bpzoliborz.pl\/bpzoliborz\/index.php\/2026\/08\/31\/100-urodziny-placu-wilsona\/\" target=\"_blank\" class=\"read-more\">Czytaj dalej...<\/a><\/div>\r\n            \r\n        <\/div>\r\n        \t\t\r\n\t\t\t\t\r\n    <\/div>\r\n<\/article>\r\n\r\n<article class=\"exad-post-grid-three exad-col  \">\r\n    <div class=\"exad-post-grid-container image-position-top exad-post-grid-equal-height-yes\">\r\n                    <figure class=\"exad-post-grid-thumbnail\">\r\n                <a href=\"https:\/\/bpzoliborz.pl\/bpzoliborz\/index.php\/2026\/08\/31\/narodowe-czytanie-2026\/\">\r\n                    <img width=\"1080\" height=\"675\" src=\"https:\/\/bpzoliborz.pl\/bpzoliborz\/wp-content\/uploads\/2026\/08\/obrazek-wyrozniajacy-WYDARZENIA-I-AKTUALNOSCI-na-strone-CZYTELNIA.png\" class=\"attachment-large size-large wp-post-image\" alt=\"\" loading=\"lazy\" \/>                <\/a>\r\n                \r\n                            <\/figure>\r\n        \t\t\r\n\t\t        <div class=\"exad-post-grid-body\">\r\n            \t\t\t\t\r\n\t\t\t\t\t\t\t\r\n                    <h3>\r\n\t\t\t\t\t\r\n\t\t\t\t\t\t\t\r\n                        <a href=\"https:\/\/bpzoliborz.pl\/bpzoliborz\/index.php\/2026\/08\/31\/narodowe-czytanie-2026\/\" class=\"exad-post-grid-title\">Narodowe Czytanie 2026<\/a>\r\n\t\t\t\t\r\n\t\t\t\t\t\t\t\t\t\r\n                    <\/h3>\r\n\t\t\t\t\t\r\n\t\t\t\t\t\t\t\t\r\n                                <div class=\"exad-post-grid-description\">\r\n                    Zapraszamy na 15. ods\u0142on\u0119 Narodowego Czytania &#8211; wyj\u0105tkowej akcji, kt\u00f3ra popularyzuje klasyk\u0119 polskiej literatury i propaguje czytelnictwo. Biblioteka Publiczna w...                <\/div>\r\n                            <div class=\"exad-post-footer\"><a href=\"https:\/\/bpzoliborz.pl\/bpzoliborz\/index.php\/2026\/08\/31\/narodowe-czytanie-2026\/\" target=\"_blank\" class=\"read-more\">Czytaj dalej...<\/a><\/div>\r\n            \r\n        <\/div>\r\n        \t\t\r\n\t\t\t\t\r\n    <\/div>\r\n<\/article>\r\n\r\n<article class=\"exad-post-grid-three exad-col  \">\r\n    <div class=\"exad-post-grid-container image-position-top exad-post-grid-equal-height-yes\">\r\n                    <figure class=\"exad-post-grid-thumbnail\">\r\n                <a href=\"https:\/\/bpzoliborz.pl\/bpzoliborz\/index.php\/2026\/08\/26\/gra-biblioteczne-safari-w-bibliotece-przy-ul-broniewskiego-9a\/\">\r\n                    <img width=\"2560\" height=\"1920\" src=\"https:\/\/bpzoliborz.pl\/bpzoliborz\/wp-content\/uploads\/2026\/08\/20260826_150234-scaled.jpg\" class=\"attachment-large size-large wp-post-image\" alt=\"Zdj\u0119cie przedstawia kompozycj\u0119 ksi\u0105\u017ceczek i figurek zwierz\u0105t na biurku lub szafce. W pierwszym planie znajduje si\u0119 pi\u0119\u0107 identycznych broszur u\u0142o\u017conych w wachlarz. Na ok\u0142adkach wida\u0107 napis \u201eBiblioteczne SAFARI\u201d, logo biblioteki (stylizowane \u201eB\u201d w czerwonym kolorze) oraz rysunek s\u0142onia na tle afryka\u0144skiej sawanny. U g\u00f3ry ok\u0142adki napis \u201eBiblioteka dla Dzieci i M\u0142odzie\u017cy nr XV\u201d. Za broszurami stoj\u0105 trzy figurki zwierz\u0105t: wi\u0119kszy, szary, pluszowy s\u0142o\u0144 oraz dwie mniejsze plastikowe figurki \u2013 lew i tygrys. W tle, po lewej stronie, widoczne s\u0105 grzbiety r\u00f3\u017cnych gier planszowych i ksi\u0105\u017cek na regale (np. \u201eSk\u0142odowska-Curie\u201d, \u201eKlocki zamku Avel\u201d). Po prawej stronie wida\u0107 drewnian\u0105 zabawk\u0119 edukacyjn\u0105 z kolorowymi klockami i pr\u0119tami. Ca\u0142o\u015b\u0107 sprawia wra\u017cenie k\u0105cika zabaw lub wystawki w bibliotece dzieci\u0119cej.\" loading=\"lazy\" \/>                <\/a>\r\n                \r\n                            <\/figure>\r\n        \t\t\r\n\t\t        <div class=\"exad-post-grid-body\">\r\n            \t\t\t\t\r\n\t\t\t\t\t\t\t\r\n                    <h3>\r\n\t\t\t\t\t\r\n\t\t\t\t\t\t\t\r\n                        <a href=\"https:\/\/bpzoliborz.pl\/bpzoliborz\/index.php\/2026\/08\/26\/gra-biblioteczne-safari-w-bibliotece-przy-ul-broniewskiego-9a\/\" class=\"exad-post-grid-title\">Gra &#8220;Biblioteczne Safari&#8221; w Bibliotece przy ul. Broniewskiego 9A<\/a>\r\n\t\t\t\t\r\n\t\t\t\t\t\t\t\t\t\r\n                    <\/h3>\r\n\t\t\t\t\t\r\n\t\t\t\t\t\t\t\t\r\n                                <div class=\"exad-post-grid-description\">\r\n                    Biblioteczne Safari rusza pe\u0142n\u0105 par\u0105! Ju\u017c od 1 WRZE\u015aNIA zapraszamy Was do udzia\u0142u w naszej grze bibliotecznej: \u201eBiblioteczne Safari\u201d. Co...                <\/div>\r\n                            <div class=\"exad-post-footer\"><a href=\"https:\/\/bpzoliborz.pl\/bpzoliborz\/index.php\/2026\/08\/26\/gra-biblioteczne-safari-w-bibliotece-przy-ul-broniewskiego-9a\/\" target=\"_blank\" class=\"read-more\">Czytaj dalej...<\/a><\/div>\r\n            \r\n        <\/div>\r\n        \t\t\r\n\t\t\t\t\r\n    <\/div>\r\n<\/article>\r\n\r\n<article class=\"exad-post-grid-three exad-col  \">\r\n    <div class=\"exad-post-grid-container image-position-top exad-post-grid-equal-height-yes\">\r\n                    <figure class=\"exad-post-grid-thumbnail\">\r\n                <a href=\"https:\/\/bpzoliborz.pl\/bpzoliborz\/index.php\/2026\/08\/26\/komunikat-zmiana-godzin-pracy-bibliotek-od-31-08-2026\/\">\r\n                    <img width=\"1080\" height=\"675\" src=\"https:\/\/bpzoliborz.pl\/bpzoliborz\/wp-content\/uploads\/2026\/03\/wszystkie-placowki.png\" class=\"attachment-large size-large wp-post-image\" alt=\"\" loading=\"lazy\" \/>                <\/a>\r\n                \r\n                            <\/figure>\r\n        \t\t\r\n\t\t        <div class=\"exad-post-grid-body\">\r\n            \t\t\t\t\r\n\t\t\t\t\t\t\t\r\n                    <h3>\r\n\t\t\t\t\t\r\n\t\t\t\t\t\t\t\r\n                        <a href=\"https:\/\/bpzoliborz.pl\/bpzoliborz\/index.php\/2026\/08\/26\/komunikat-zmiana-godzin-pracy-bibliotek-od-31-08-2026\/\" class=\"exad-post-grid-title\">Komunikat! Zmiana godzin pracy bibliotek od 31.08.2026<\/a>\r\n\t\t\t\t\r\n\t\t\t\t\t\t\t\t\t\r\n                    <\/h3>\r\n\t\t\t\t\t\r\n\t\t\t\t\t\t\t\t\r\n                                <div class=\"exad-post-grid-description\">\r\n                    Drodzy Czytelnicy! Od 31 sierpnia 2026 (poniedzia\u0142ek) nast\u0119puje zmiana w godzinach pracy wszystkich plac\u00f3wek bibliotecznych. Wracamy do przedwakacyjnych godzin pracy.                <\/div>\r\n                            <div class=\"exad-post-footer\"><a href=\"https:\/\/bpzoliborz.pl\/bpzoliborz\/index.php\/2026\/08\/26\/komunikat-zmiana-godzin-pracy-bibliotek-od-31-08-2026\/\" target=\"_blank\" class=\"read-more\">Czytaj dalej...<\/a><\/div>\r\n            \r\n        <\/div>\r\n        \t\t\r\n\t\t\t\t\r\n    <\/div>\r\n<\/article>\r\n\r\n<article class=\"exad-post-grid-three exad-col  \">\r\n    <div class=\"exad-post-grid-container image-position-top exad-post-grid-equal-height-yes\">\r\n                    <figure class=\"exad-post-grid-thumbnail\">\r\n                <a href=\"https:\/\/bpzoliborz.pl\/bpzoliborz\/index.php\/2026\/08\/19\/kuchnia-molekularna-czyli-po-co-nam-fizyka-i-chemia-w-kuchni-warsztaty-naukowe-dla-dzieci\/\">\r\n                    <img width=\"1080\" height=\"675\" src=\"https:\/\/bpzoliborz.pl\/bpzoliborz\/wp-content\/uploads\/2026\/08\/kuchnia-molekularna-warsztaty-naukowe-dla-dzieci-obrazek-wyrozniajacy.jpg\" class=\"attachment-large size-large wp-post-image\" alt=\"\" loading=\"lazy\" \/>                <\/a>\r\n                \r\n                            <\/figure>\r\n        \t\t\r\n\t\t        <div class=\"exad-post-grid-body\">\r\n            \t\t\t\t\r\n\t\t\t\t\t\t\t\r\n                    <h3>\r\n\t\t\t\t\t\r\n\t\t\t\t\t\t\t\r\n                        <a href=\"https:\/\/bpzoliborz.pl\/bpzoliborz\/index.php\/2026\/08\/19\/kuchnia-molekularna-czyli-po-co-nam-fizyka-i-chemia-w-kuchni-warsztaty-naukowe-dla-dzieci\/\" class=\"exad-post-grid-title\">Kuchnia molekularna czyli po co nam fizyka i chemia w kuchni &#8211; warsztaty naukowe dla dzieci<\/a>\r\n\t\t\t\t\r\n\t\t\t\t\t\t\t\t\t\r\n                    <\/h3>\r\n\t\t\t\t\t\r\n\t\t\t\t\t\t\t\t\r\n                                <div class=\"exad-post-grid-description\">\r\n                    Zapraszamy dzieci na niezwyk\u0142e warsztaty z kuchni molekularnej.Kuchnia molekularna to przyrz\u0105dzanie potraw z wykorzystaniem metod naukowych, szczeg\u00f3lnie fizyki i chemii....                <\/div>\r\n                            <div class=\"exad-post-footer\"><a href=\"https:\/\/bpzoliborz.pl\/bpzoliborz\/index.php\/2026\/08\/19\/kuchnia-molekularna-czyli-po-co-nam-fizyka-i-chemia-w-kuchni-warsztaty-naukowe-dla-dzieci\/\" target=\"_blank\" class=\"read-more\">Czytaj dalej...<\/a><\/div>\r\n            \r\n        <\/div>\r\n        \t\t\r\n\t\t\t\t\r\n    <\/div>\r\n<\/article>\r\n\r\n<article class=\"exad-post-grid-three exad-col  \">\r\n    <div class=\"exad-post-grid-container image-position-top exad-post-grid-equal-height-yes\">\r\n                    <figure class=\"exad-post-grid-thumbnail\">\r\n                <a href=\"https:\/\/bpzoliborz.pl\/bpzoliborz\/index.php\/2026\/08\/11\/komunikat-zmiana-godzin-otwarcia-czytelni-pod-sowami-27-01-2026-copy-2\/\">\r\n                    <img width=\"930\" height=\"620\" src=\"https:\/\/bpzoliborz.pl\/bpzoliborz\/wp-content\/uploads\/2026\/08\/705607815_1331286875831824_7501036281922857259_n.jpg\" class=\"attachment-large size-large wp-post-image\" alt=\"\" loading=\"lazy\" \/>                <\/a>\r\n                \r\n                            <\/figure>\r\n        \t\t\r\n\t\t        <div class=\"exad-post-grid-body\">\r\n            \t\t\t\t\r\n\t\t\t\t\t\t\t\r\n                    <h3>\r\n\t\t\t\t\t\r\n\t\t\t\t\t\t\t\r\n                        <a href=\"https:\/\/bpzoliborz.pl\/bpzoliborz\/index.php\/2026\/08\/11\/komunikat-zmiana-godzin-otwarcia-czytelni-pod-sowami-27-01-2026-copy-2\/\" class=\"exad-post-grid-title\">KOMUNIKAT! Od 13 sierpnia do 4 wrze\u015bnia Czytelnia pod Sowami \u2013 filia nr 145 b\u0119dzie zamkni\u0119ta z powodu remontu.<\/a>\r\n\t\t\t\t\r\n\t\t\t\t\t\t\t\t\t\r\n                    <\/h3>\r\n\t\t\t\t\t\r\n\t\t\t\t\t\t\t\t\r\n                                <div class=\"exad-post-grid-description\">\r\n                    Drodzy Czytelnicy! Od 13 sierpnia do 4 wrze\u015bnia Czytelnia pod Sowami \u2013 filia nr 145, gen Zaj\u0105czka 8, b\u0119dzie zamkni\u0119ta...                <\/div>\r\n                            <div class=\"exad-post-footer\"><a href=\"https:\/\/bpzoliborz.pl\/bpzoliborz\/index.php\/2026\/08\/11\/komunikat-zmiana-godzin-otwarcia-czytelni-pod-sowami-27-01-2026-copy-2\/\" target=\"_blank\" class=\"read-more\">Czytaj dalej...<\/a><\/div>\r\n            \r\n        <\/div>\r\n        \t\t\r\n\t\t\t\t\r\n    <\/div>\r\n<\/article>\r\n\r\n<article class=\"exad-post-grid-three exad-col  \">\r\n    <div class=\"exad-post-grid-container image-position-top exad-post-grid-equal-height-yes\">\r\n                    <figure class=\"exad-post-grid-thumbnail\">\r\n                <a href=\"https:\/\/bpzoliborz.pl\/bpzoliborz\/index.php\/2026\/08\/06\/82-rocznica-powstania-warszawskiego-relacja-z-obchodow\/\">\r\n                    <img width=\"1080\" height=\"675\" src=\"https:\/\/bpzoliborz.pl\/bpzoliborz\/wp-content\/uploads\/2025\/05\/Piknik-powstanczy-1.08-2025-plakat-a3-1080-x-675-px1.png\" class=\"attachment-large size-large wp-post-image\" alt=\"\" loading=\"lazy\" \/>                <\/a>\r\n                \r\n                            <\/figure>\r\n        \t\t\r\n\t\t        <div class=\"exad-post-grid-body\">\r\n            \t\t\t\t\r\n\t\t\t\t\t\t\t\r\n                    <h3>\r\n\t\t\t\t\t\r\n\t\t\t\t\t\t\t\r\n                        <a href=\"https:\/\/bpzoliborz.pl\/bpzoliborz\/index.php\/2026\/08\/06\/82-rocznica-powstania-warszawskiego-relacja-z-obchodow\/\" class=\"exad-post-grid-title\">82. Rocznica Powstania Warszawskiego &#8211; relacja z obchod\u00f3w<\/a>\r\n\t\t\t\t\r\n\t\t\t\t\t\t\t\t\t\r\n                    <\/h3>\r\n\t\t\t\t\t\r\n\t\t\t\t\t\t\t\t\r\n                                <div class=\"exad-post-grid-description\">\r\n                    26 lipca 2026 r. przy Pomniku \u017bo\u0142nierzy \u201e\u017bywiciela\u201d odby\u0142y si\u0119 uroczysto\u015bci upami\u0119tniaj\u0105ce powsta\u0144c\u00f3w warszawskich. Wzi\u0119li w nich udzia\u0142 kombatanci zrzeszeni...                <\/div>\r\n                            <div class=\"exad-post-footer\"><a href=\"https:\/\/bpzoliborz.pl\/bpzoliborz\/index.php\/2026\/08\/06\/82-rocznica-powstania-warszawskiego-relacja-z-obchodow\/\" target=\"_blank\" class=\"read-more\">Czytaj dalej...<\/a><\/div>\r\n            \r\n        <\/div>\r\n        \t\t\r\n\t\t\t\t\r\n    <\/div>\r\n<\/article>\r\n\r\n<article class=\"exad-post-grid-three exad-col  \">\r\n    <div class=\"exad-post-grid-container image-position-top exad-post-grid-equal-height-yes\">\r\n                    <figure class=\"exad-post-grid-thumbnail\">\r\n                <a href=\"https:\/\/bpzoliborz.pl\/bpzoliborz\/index.php\/2026\/07\/28\/spacer-sladami-chwastow-jadalnych-z-piotrem-ciemnym-relacja\/\">\r\n                    <img width=\"1153\" height=\"1441\" src=\"https:\/\/bpzoliborz.pl\/bpzoliborz\/wp-content\/uploads\/2026\/07\/730083533_1360345969592581_7079406575497375356_n.jpg\" class=\"attachment-large size-large wp-post-image\" alt=\"M\u0119\u017cczyzna trzyma w r\u0119ku ro\u015blin\u0119\" loading=\"lazy\" \/>                <\/a>\r\n                \r\n                            <\/figure>\r\n        \t\t\r\n\t\t        <div class=\"exad-post-grid-body\">\r\n            \t\t\t\t\r\n\t\t\t\t\t\t\t\r\n                    <h3>\r\n\t\t\t\t\t\r\n\t\t\t\t\t\t\t\r\n                        <a href=\"https:\/\/bpzoliborz.pl\/bpzoliborz\/index.php\/2026\/07\/28\/spacer-sladami-chwastow-jadalnych-z-piotrem-ciemnym-relacja\/\" class=\"exad-post-grid-title\">Spacer \u015bladami chwast\u00f3w jadalnych z Piotrem Ciemnym &#8211; relacja<\/a>\r\n\t\t\t\t\r\n\t\t\t\t\t\t\t\t\t\r\n                    <\/h3>\r\n\t\t\t\t\t\r\n\t\t\t\t\t\t\t\t\r\n                                <div class=\"exad-post-grid-description\">\r\n                    Piotr Ciemny przyjecha\u0142 do nas a\u017c z Kopenhagi, gdzie na co dzie\u0144 pracuje jako kucharz, aby opowiedzie\u0107 o ogromnym potencjale...                <\/div>\r\n                            <div class=\"exad-post-footer\"><a href=\"https:\/\/bpzoliborz.pl\/bpzoliborz\/index.php\/2026\/07\/28\/spacer-sladami-chwastow-jadalnych-z-piotrem-ciemnym-relacja\/\" target=\"_blank\" class=\"read-more\">Czytaj dalej...<\/a><\/div>\r\n            \r\n        <\/div>\r\n        \t\t\r\n\t\t\t\t\r\n    <\/div>\r\n<\/article>\r\n\r\n<article class=\"exad-post-grid-three exad-col  \">\r\n    <div class=\"exad-post-grid-container image-position-top exad-post-grid-equal-height-yes\">\r\n                    <figure class=\"exad-post-grid-thumbnail\">\r\n                <a href=\"https:\/\/bpzoliborz.pl\/bpzoliborz\/index.php\/2026\/07\/28\/spacer-po-zoliborzu-ze-stanislawem-lubienskim-relacja\/\">\r\n                    <img width=\"2048\" height=\"1365\" src=\"https:\/\/bpzoliborz.pl\/bpzoliborz\/wp-content\/uploads\/2026\/07\/747913076_1376620624631782_8158653539187357533_n.jpg\" class=\"attachment-large size-large wp-post-image\" alt=\"Grupa os\u00f3b obserwuje ptaki\" loading=\"lazy\" \/>                <\/a>\r\n                \r\n                            <\/figure>\r\n        \t\t\r\n\t\t        <div class=\"exad-post-grid-body\">\r\n            \t\t\t\t\r\n\t\t\t\t\t\t\t\r\n                    <h3>\r\n\t\t\t\t\t\r\n\t\t\t\t\t\t\t\r\n                        <a href=\"https:\/\/bpzoliborz.pl\/bpzoliborz\/index.php\/2026\/07\/28\/spacer-po-zoliborzu-ze-stanislawem-lubienskim-relacja\/\" class=\"exad-post-grid-title\">Spacer po \u017boliborzu ze Stanis\u0142awem \u0141ubie\u0144skim &#8211; relacja<\/a>\r\n\t\t\t\t\r\n\t\t\t\t\t\t\t\t\t\r\n                    <\/h3>\r\n\t\t\t\t\t\r\n\t\t\t\t\t\t\t\t\r\n                                <div class=\"exad-post-grid-description\">\r\n                    Wczesna pora i niepewna, pi\u0105tkowa aura 10 lipca nie przeszkodzi\u0142y wielbicielom kontaktu z natur\u0105 w spacerze po \u017boliborzu, kt\u00f3ry poprowadzi\u0142...                <\/div>\r\n                            <div class=\"exad-post-footer\"><a href=\"https:\/\/bpzoliborz.pl\/bpzoliborz\/index.php\/2026\/07\/28\/spacer-po-zoliborzu-ze-stanislawem-lubienskim-relacja\/\" target=\"_blank\" class=\"read-more\">Czytaj dalej...<\/a><\/div>\r\n            \r\n        <\/div>\r\n        \t\t\r\n\t\t\t\t\r\n    <\/div>\r\n<\/article>\r\n\r\n<article class=\"exad-post-grid-three exad-col  \">\r\n    <div class=\"exad-post-grid-container image-position-top exad-post-grid-equal-height-yes\">\r\n                    <figure class=\"exad-post-grid-thumbnail\">\r\n                <a href=\"https:\/\/bpzoliborz.pl\/bpzoliborz\/index.php\/2026\/07\/21\/spacer-historyczny-sladami-powstania-na-zoliborzu\/\">\r\n                    <img width=\"940\" height=\"788\" src=\"https:\/\/bpzoliborz.pl\/bpzoliborz\/wp-content\/uploads\/2026\/07\/post-na-facebooka-szablon-wyp16.jpg\" class=\"attachment-large size-large wp-post-image\" alt=\"Znak polski walcz\u0105cej, na tle mapy warszawy, spacer historyczny - \u015bladami Powstania na \u017boliborzu, 31 lipca godzina 18.00, biblioteka \u017coliborz, wypo\u017cyczalnia nr 16\" loading=\"lazy\" \/>                <\/a>\r\n                \r\n                            <\/figure>\r\n        \t\t\r\n\t\t        <div class=\"exad-post-grid-body\">\r\n            \t\t\t\t\r\n\t\t\t\t\t\t\t\r\n                    <h3>\r\n\t\t\t\t\t\r\n\t\t\t\t\t\t\t\r\n                        <a href=\"https:\/\/bpzoliborz.pl\/bpzoliborz\/index.php\/2026\/07\/21\/spacer-historyczny-sladami-powstania-na-zoliborzu\/\" class=\"exad-post-grid-title\">Spacer historyczny &#8211; \u015aladami Powstania na \u017boliborzu.<\/a>\r\n\t\t\t\t\r\n\t\t\t\t\t\t\t\t\t\r\n                    <\/h3>\r\n\t\t\t\t\t\r\n\t\t\t\t\t\t\t\t\r\n                                <div class=\"exad-post-grid-description\">\r\n                    Powsta\u0144czy \u017boliborz &#8211; bezp\u0142atny spacer z przewodnikiem\u00a0 Przyjd\u017a i dowiedz si\u0119 jeszcze wi\u0119cej!\u00a0\u017boliborz walczy\u0142 w Powstaniu przez 61 dni. Tu,...                <\/div>\r\n                            <div class=\"exad-post-footer\"><a href=\"https:\/\/bpzoliborz.pl\/bpzoliborz\/index.php\/2026\/07\/21\/spacer-historyczny-sladami-powstania-na-zoliborzu\/\" target=\"_blank\" class=\"read-more\">Czytaj dalej...<\/a><\/div>\r\n            \r\n        <\/div>\r\n        \t\t\r\n\t\t\t\t\r\n    <\/div>\r\n<\/article>\r\n\r\n<article class=\"exad-post-grid-three exad-col  \">\r\n    <div class=\"exad-post-grid-container image-position-top exad-post-grid-equal-height-yes\">\r\n                    <figure class=\"exad-post-grid-thumbnail\">\r\n                <a href=\"https:\/\/bpzoliborz.pl\/bpzoliborz\/index.php\/2026\/07\/20\/uwaga-jutrzejsze-21-lipca-wtorkowe-ekoczytanki-nad-wisla-plaza-zoliborz-zostaja-odwolane\/\">\r\n                    <img width=\"1640\" height=\"924\" src=\"https:\/\/bpzoliborz.pl\/bpzoliborz\/wp-content\/uploads\/2026\/07\/tlo-na-Wydarzenia-Czytelni-pod-Sowami-styczen-1.png\" class=\"attachment-large size-large wp-post-image\" alt=\"\" loading=\"lazy\" \/>                <\/a>\r\n                \r\n                            <\/figure>\r\n        \t\t\r\n\t\t        <div class=\"exad-post-grid-body\">\r\n            \t\t\t\t\r\n\t\t\t\t\t\t\t\r\n                    <h3>\r\n\t\t\t\t\t\r\n\t\t\t\t\t\t\t\r\n                        <a href=\"https:\/\/bpzoliborz.pl\/bpzoliborz\/index.php\/2026\/07\/20\/uwaga-jutrzejsze-21-lipca-wtorkowe-ekoczytanki-nad-wisla-plaza-zoliborz-zostaja-odwolane\/\" class=\"exad-post-grid-title\">UWAGA! Jutrzejsze (21 lipca) Wtorkowe Ekoczytanki nad Wis\u0142\u0105: Pla\u017ca \u017boliborz zostaj\u0105 odwo\u0142ane!<\/a>\r\n\t\t\t\t\r\n\t\t\t\t\t\t\t\t\t\r\n                    <\/h3>\r\n\t\t\t\t\t\r\n\t\t\t\t\t\t\t\t\r\n                                <div class=\"exad-post-grid-description\">\r\n                    Drodzy Czytelnicy! Jutrzejsze (21 lipca) Wtorkowe Ekoczytanki nad Wis\u0142\u0105: Pla\u017ca \u017boliborz niestety musimy odwo\u0142a\u0107 z powodu zapowiadanych opad\u00f3w deszczu. Zapraszamy...                <\/div>\r\n                            <div class=\"exad-post-footer\"><a href=\"https:\/\/bpzoliborz.pl\/bpzoliborz\/index.php\/2026\/07\/20\/uwaga-jutrzejsze-21-lipca-wtorkowe-ekoczytanki-nad-wisla-plaza-zoliborz-zostaja-odwolane\/\" target=\"_blank\" class=\"read-more\">Czytaj dalej...<\/a><\/div>\r\n            \r\n        <\/div>\r\n        \t\t\r\n\t\t\t\t\r\n    <\/div>\r\n<\/article>\r\n\r\n<article class=\"exad-post-grid-three exad-col  \">\r\n    <div class=\"exad-post-grid-container image-position-top exad-post-grid-equal-height-yes\">\r\n                    <figure class=\"exad-post-grid-thumbnail\">\r\n                <a href=\"https:\/\/bpzoliborz.pl\/bpzoliborz\/index.php\/2026\/07\/03\/lipcowe-rodzinne-warsztaty-artystyczne-lato-w-miescie\/\">\r\n                    <img width=\"1080\" height=\"675\" src=\"https:\/\/bpzoliborz.pl\/bpzoliborz\/wp-content\/uploads\/2026\/07\/LATO-W-MIESCIE-2026.png\" class=\"attachment-large size-large wp-post-image\" alt=\"grafika przedstawia plakat z Lipcowymi Rodzinnymi warsztatami Artystycznymi-Lato w mie\u015bcie. Ca\u0142a grafika jest bardzo kolorowa - po prawej stronie na \u017c\u00f3\u0142tym pionowym prostok\u0105cie jest fioletowy napis zapowiadaj\u0105cy og\u00f3lnie wydarzenie z podanymi dniami i miejscem, po prawej stronie znaduje si\u0119 kolorowa grafika. Na niebieskim tle jest budynek przypominaj\u0105cy bibliotek\u0119, z kt\u00f3rego wyskakuj\u0105 krasnoludki z r\u00f3\u017cnymi przyborami artystycznymi. Wszystkie s\u0105 u\u015bmiechni\u0119te.\" loading=\"lazy\" \/>                <\/a>\r\n                \r\n                            <\/figure>\r\n        \t\t\r\n\t\t        <div class=\"exad-post-grid-body\">\r\n            \t\t\t\t\r\n\t\t\t\t\t\t\t\r\n                    <h3>\r\n\t\t\t\t\t\r\n\t\t\t\t\t\t\t\r\n                        <a href=\"https:\/\/bpzoliborz.pl\/bpzoliborz\/index.php\/2026\/07\/03\/lipcowe-rodzinne-warsztaty-artystyczne-lato-w-miescie\/\" class=\"exad-post-grid-title\">Lipcowe Rodzinne Warsztaty Artystyczne &#8211; lato w mie\u015bcie<\/a>\r\n\t\t\t\t\r\n\t\t\t\t\t\t\t\t\t\r\n                    <\/h3>\r\n\t\t\t\t\t\r\n\t\t\t\t\t\t\t\t\r\n                                <div class=\"exad-post-grid-description\">\r\n                    Biblioteka dla Dzieci i M\u0142odzie\u017cy nr XX przy ul. \u015amia\u0142ej 24 zaprasza na Lipcowe Warsztaty Artystyczne \u2013 tydzie\u0144 pe\u0142en tw\u00f3rczych...                <\/div>\r\n                            <div class=\"exad-post-footer\"><a href=\"https:\/\/bpzoliborz.pl\/bpzoliborz\/index.php\/2026\/07\/03\/lipcowe-rodzinne-warsztaty-artystyczne-lato-w-miescie\/\" target=\"_blank\" class=\"read-more\">Czytaj dalej...<\/a><\/div>\r\n            \r\n        <\/div>\r\n        \t\t\r\n\t\t\t\t\r\n    <\/div>\r\n<\/article>\r\n\r\n<article class=\"exad-post-grid-three exad-col  \">\r\n    <div class=\"exad-post-grid-container image-position-top exad-post-grid-equal-height-yes\">\r\n                    <figure class=\"exad-post-grid-thumbnail\">\r\n                <a href=\"https:\/\/bpzoliborz.pl\/bpzoliborz\/index.php\/2026\/06\/24\/spacer-z-michalem-ksiazkiem-relacja\/\">\r\n                    <img width=\"1080\" height=\"608\" src=\"https:\/\/bpzoliborz.pl\/bpzoliborz\/wp-content\/uploads\/2026\/06\/20260623_183853-scaled-e1782317850105.jpg\" class=\"attachment-large size-large wp-post-image\" alt=\"\" loading=\"lazy\" \/>                <\/a>\r\n                \r\n                            <\/figure>\r\n        \t\t\r\n\t\t        <div class=\"exad-post-grid-body\">\r\n            \t\t\t\t\r\n\t\t\t\t\t\t\t\r\n                    <h3>\r\n\t\t\t\t\t\r\n\t\t\t\t\t\t\t\r\n                        <a href=\"https:\/\/bpzoliborz.pl\/bpzoliborz\/index.php\/2026\/06\/24\/spacer-z-michalem-ksiazkiem-relacja\/\" class=\"exad-post-grid-title\">Spacer z Micha\u0142em Ksi\u0105\u017ckiem &#8211; relacja<\/a>\r\n\t\t\t\t\r\n\t\t\t\t\t\t\t\t\t\r\n                    <\/h3>\r\n\t\t\t\t\t\r\n\t\t\t\t\t\t\t\t\r\n                                <div class=\"exad-post-grid-description\">\r\n                    We wtorek, 23 czerwca wsp\u00f3lnie z Micha\u0142em Ksi\u0105\u017ckiem \u2013 przyrodnikiem, poet\u0105 i reporta\u017cyst\u0105 spacerowali\u015bmy ulicami \u017boliborza oraz zielonymi terenami Parku...                <\/div>\r\n                            <div class=\"exad-post-footer\"><a href=\"https:\/\/bpzoliborz.pl\/bpzoliborz\/index.php\/2026\/06\/24\/spacer-z-michalem-ksiazkiem-relacja\/\" target=\"_blank\" class=\"read-more\">Czytaj dalej...<\/a><\/div>\r\n            \r\n        <\/div>\r\n        \t\t\r\n\t\t\t\t\r\n    <\/div>\r\n<\/article>\r\n\r\n<article class=\"exad-post-grid-three exad-col  \">\r\n    <div class=\"exad-post-grid-container image-position-top exad-post-grid-equal-height-yes\">\r\n                    <figure class=\"exad-post-grid-thumbnail\">\r\n                <a href=\"https:\/\/bpzoliborz.pl\/bpzoliborz\/index.php\/2026\/06\/23\/komunikat-zmiana-godzin-otwarcia-czytelni-pod-sowami-27-01-2026-copy\/\">\r\n                    <img width=\"1080\" height=\"675\" src=\"https:\/\/bpzoliborz.pl\/bpzoliborz\/wp-content\/uploads\/2026\/01\/zmiana-godzin-2.jpg\" class=\"attachment-large size-large wp-post-image\" alt=\"\" loading=\"lazy\" \/>                <\/a>\r\n                \r\n                            <\/figure>\r\n        \t\t\r\n\t\t        <div class=\"exad-post-grid-body\">\r\n            \t\t\t\t\r\n\t\t\t\t\t\t\t\r\n                    <h3>\r\n\t\t\t\t\t\r\n\t\t\t\t\t\t\t\r\n                        <a href=\"https:\/\/bpzoliborz.pl\/bpzoliborz\/index.php\/2026\/06\/23\/komunikat-zmiana-godzin-otwarcia-czytelni-pod-sowami-27-01-2026-copy\/\" class=\"exad-post-grid-title\">KOMUNIKAT! Zmiana godzin otwarcia Czytelni Pod Sowami 23.06.2026.<\/a>\r\n\t\t\t\t\r\n\t\t\t\t\t\t\t\t\t\r\n                    <\/h3>\r\n\t\t\t\t\t\r\n\t\t\t\t\t\t\t\t\r\n                                <div class=\"exad-post-grid-description\">\r\n                    Drodzy Czytelnicy! Drodzy Czytelnicy! 23 czerwca (wtorek) Czytelnia Pod Sowami b\u0119dzie czynna do godziny 18.00. Przepraszamy za utrudnienia. O godzinie...                <\/div>\r\n                            <div class=\"exad-post-footer\"><a href=\"https:\/\/bpzoliborz.pl\/bpzoliborz\/index.php\/2026\/06\/23\/komunikat-zmiana-godzin-otwarcia-czytelni-pod-sowami-27-01-2026-copy\/\" target=\"_blank\" class=\"read-more\">Czytaj dalej...<\/a><\/div>\r\n            \r\n        <\/div>\r\n        \t\t\r\n\t\t\t\t\r\n    <\/div>\r\n<\/article>\r\n\r\n<article class=\"exad-post-grid-three exad-col  \">\r\n    <div class=\"exad-post-grid-container image-position-top exad-post-grid-equal-height-yes\">\r\n                    <figure class=\"exad-post-grid-thumbnail\">\r\n                <a href=\"https:\/\/bpzoliborz.pl\/bpzoliborz\/index.php\/2026\/06\/12\/historia-polskiego-radia-i-telewizji-polskiej-prelekcja-jerzego-lemanskiego\/\">\r\n                    <img width=\"1080\" height=\"675\" src=\"https:\/\/bpzoliborz.pl\/bpzoliborz\/wp-content\/uploads\/2026\/06\/lemanski-plakat-1.jpg\" class=\"attachment-large size-large wp-post-image\" alt=\"grafika promuj\u0105ca spotkanie z Jerzym Lema\u0144skim\" loading=\"lazy\" \/>                <\/a>\r\n                \r\n                            <\/figure>\r\n        \t\t\r\n\t\t        <div class=\"exad-post-grid-body\">\r\n            \t\t\t\t\r\n\t\t\t\t\t\t\t\r\n                    <h3>\r\n\t\t\t\t\t\r\n\t\t\t\t\t\t\t\r\n                        <a href=\"https:\/\/bpzoliborz.pl\/bpzoliborz\/index.php\/2026\/06\/12\/historia-polskiego-radia-i-telewizji-polskiej-prelekcja-jerzego-lemanskiego\/\" class=\"exad-post-grid-title\">&#8220;Historia Polskiego Radia i Telewizji Polskiej&#8221;- prelekcja Jerzego Lema\u0144skiego<\/a>\r\n\t\t\t\t\r\n\t\t\t\t\t\t\t\t\t\r\n                    <\/h3>\r\n\t\t\t\t\t\r\n\t\t\t\t\t\t\t\t\r\n                                <div class=\"exad-post-grid-description\">\r\n                    Zapraszamy na prelekcj\u0119 Jerzego Lema\u0144skiego, historyka, znawcy i pasjonata motoryzacji, pracownika Narodowego Muzeum Techniki. Wypo\u017cyczalnia nr 16, ul. S\u0142owackiego 19a...                <\/div>\r\n                            <div class=\"exad-post-footer\"><a href=\"https:\/\/bpzoliborz.pl\/bpzoliborz\/index.php\/2026\/06\/12\/historia-polskiego-radia-i-telewizji-polskiej-prelekcja-jerzego-lemanskiego\/\" target=\"_blank\" class=\"read-more\">Czytaj dalej...<\/a><\/div>\r\n            \r\n        <\/div>\r\n        \t\t\r\n\t\t\t\t\r\n    <\/div>\r\n<\/article>\r\n\r\n<article class=\"exad-post-grid-three exad-col  \">\r\n    <div class=\"exad-post-grid-container image-position-top exad-post-grid-equal-height-yes\">\r\n                    <figure class=\"exad-post-grid-thumbnail\">\r\n                <a href=\"https:\/\/bpzoliborz.pl\/bpzoliborz\/index.php\/2026\/06\/12\/abc-zielonej-biblioteki-relacja\/\">\r\n                    <img width=\"2560\" height=\"1442\" src=\"https:\/\/bpzoliborz.pl\/bpzoliborz\/wp-content\/uploads\/2026\/06\/ABC-Zielonej-Biblioteki-1-1-scaled.jpg\" class=\"attachment-large size-large wp-post-image\" alt=\"\" loading=\"lazy\" \/>                <\/a>\r\n                \r\n                            <\/figure>\r\n        \t\t\r\n\t\t        <div class=\"exad-post-grid-body\">\r\n            \t\t\t\t\r\n\t\t\t\t\t\t\t\r\n                    <h3>\r\n\t\t\t\t\t\r\n\t\t\t\t\t\t\t\r\n                        <a href=\"https:\/\/bpzoliborz.pl\/bpzoliborz\/index.php\/2026\/06\/12\/abc-zielonej-biblioteki-relacja\/\" class=\"exad-post-grid-title\">ABC Zielonej Biblioteki &#8211; relacja<\/a>\r\n\t\t\t\t\r\n\t\t\t\t\t\t\t\t\t\r\n                    <\/h3>\r\n\t\t\t\t\t\r\n\t\t\t\t\t\t\t\t\r\n                                <div class=\"exad-post-grid-description\">\r\n                    W \u201eCzytelni Pod Sowami\u201d, 11 czerwca odby\u0142 si\u0119 warsztat dla bibliotekarzy pt. \u201eABC Zielonej Biblioteki\u201d, kt\u00f3ry przeprowadzi\u0142a Joanna Tabaka \u2013...                <\/div>\r\n                            <div class=\"exad-post-footer\"><a href=\"https:\/\/bpzoliborz.pl\/bpzoliborz\/index.php\/2026\/06\/12\/abc-zielonej-biblioteki-relacja\/\" target=\"_blank\" class=\"read-more\">Czytaj dalej...<\/a><\/div>\r\n            \r\n        <\/div>\r\n        \t\t\r\n\t\t\t\t\r\n    <\/div>\r\n<\/article>\r\n\r\n<article class=\"exad-post-grid-three exad-col  \">\r\n    <div class=\"exad-post-grid-container image-position-top exad-post-grid-equal-height-yes\">\r\n                    <figure class=\"exad-post-grid-thumbnail\">\r\n                <a href=\"https:\/\/bpzoliborz.pl\/bpzoliborz\/index.php\/2026\/06\/08\/czerwcowe-wariacje-rodzinne-warsztaty-artystyczne\/\">\r\n                    <img width=\"1080\" height=\"675\" src=\"https:\/\/bpzoliborz.pl\/bpzoliborz\/wp-content\/uploads\/2026\/06\/CZERWCOWE-wariacje-warsztaty-artystyczne-smiala.png\" class=\"attachment-large size-large wp-post-image\" alt=\"grafika przedstawia plakat, kt\u00f3ry jest zapowiedzi\u0105 warsztat\u00f3w artystycznych w czerwcu. Po prawej stronie na jasnym niebieskim tle napisane s\u0105 informacje granatowym kolorem z miejscem i czasem dzia\u0142a\u0144, po prawej stronie na \u017c\u00f3\u0142tym tle jest kolorowa ilustracja z u\u015bmiechni\u0119tymi krasnoludkami, kt\u00f3re trzymaj\u0105 p\u0119dzle, no\u017cyczki i palet\u0119. Wok\u00f3\u0142 nich s\u0105 r\u00f3\u017cne przybory artystyczne takie jak o\u0142\u00f3wki, klej, tubki z farb\u0105, szpulki z nitkami i kartki.\" loading=\"lazy\" \/>                <\/a>\r\n                \r\n                            <\/figure>\r\n        \t\t\r\n\t\t        <div class=\"exad-post-grid-body\">\r\n            \t\t\t\t\r\n\t\t\t\t\t\t\t\r\n                    <h3>\r\n\t\t\t\t\t\r\n\t\t\t\t\t\t\t\r\n                        <a href=\"https:\/\/bpzoliborz.pl\/bpzoliborz\/index.php\/2026\/06\/08\/czerwcowe-wariacje-rodzinne-warsztaty-artystyczne\/\" class=\"exad-post-grid-title\">Czerwcowe wariacje &#8211; rodzinne warsztaty artystyczne<\/a>\r\n\t\t\t\t\r\n\t\t\t\t\t\t\t\t\t\r\n                    <\/h3>\r\n\t\t\t\t\t\r\n\t\t\t\t\t\t\t\t\r\n                                <div class=\"exad-post-grid-description\">\r\n                    Zapraszamy na warsztaty artystyczne, na kt\u00f3rych wykonamy kreatywne prace plastyczne. Nasz\u0105 inspiracj\u0105 b\u0119d\u0105 r\u00f3\u017cne ksi\u0105\u017cki, kolorowe ilustracje i ulubieni bohaterowie....                <\/div>\r\n                            <div class=\"exad-post-footer\"><a href=\"https:\/\/bpzoliborz.pl\/bpzoliborz\/index.php\/2026\/06\/08\/czerwcowe-wariacje-rodzinne-warsztaty-artystyczne\/\" target=\"_blank\" class=\"read-more\">Czytaj dalej...<\/a><\/div>\r\n            \r\n        <\/div>\r\n        \t\t\r\n\t\t\t\t\r\n    <\/div>\r\n<\/article>\r\n\r\n<article class=\"exad-post-grid-three exad-col  \">\r\n    <div class=\"exad-post-grid-container image-position-top exad-post-grid-equal-height-yes\">\r\n                    <figure class=\"exad-post-grid-thumbnail\">\r\n                <a href=\"https:\/\/bpzoliborz.pl\/bpzoliborz\/index.php\/2026\/06\/08\/z-pradem-nie-ma-zartow-warsztaty-naukowe-dla-dzieci\/\">\r\n                    <img width=\"1080\" height=\"675\" src=\"https:\/\/bpzoliborz.pl\/bpzoliborz\/wp-content\/uploads\/2026\/06\/WARSZTATY-NAUKOWE-2.png\" class=\"attachment-large size-large wp-post-image\" alt=\"grafika przedstawia plakat zapowiadaj\u0105cy warsztaty naukowe dla dzieci pt. \u201eZ pr\u0105dem nie ma \u017cart\u00f3w\u201d, organizowane przez Bibliotek\u0119 dla Dzieci nr XX w Warszawie. Lewa strona na turkusowym tle zawiera szczeg\u00f3\u0142y wydarzenia oraz dat\u0119 spotkania wyznaczon\u0105 na 10 czerwca o godzinie 16:30. Praw\u0105 cz\u0119\u015b\u0107 zajmuje barwna, przestrzenna ilustracja przedstawiaj\u0105ca elementy obwodu elektrycznego, takie jak \u017car\u00f3wka, bateria, amperomierz, woltomierz oraz kolorowe przewody. W dolnej sekcji umieszczono oficjalne logotypy Biblioteki Publicznej w Dzielnicy \u017boliborz oraz m.st. Warszawy.\" loading=\"lazy\" \/>                <\/a>\r\n                \r\n                            <\/figure>\r\n        \t\t\r\n\t\t        <div class=\"exad-post-grid-body\">\r\n            \t\t\t\t\r\n\t\t\t\t\t\t\t\r\n                    <h3>\r\n\t\t\t\t\t\r\n\t\t\t\t\t\t\t\r\n                        <a href=\"https:\/\/bpzoliborz.pl\/bpzoliborz\/index.php\/2026\/06\/08\/z-pradem-nie-ma-zartow-warsztaty-naukowe-dla-dzieci\/\" class=\"exad-post-grid-title\">Z pr\u0105dem nie ma \u017cart\u00f3w &#8211; warsztaty naukowe dla dzieci<\/a>\r\n\t\t\t\t\r\n\t\t\t\t\t\t\t\t\t\r\n                    <\/h3>\r\n\t\t\t\t\t\r\n\t\t\t\t\t\t\t\t\r\n                                <div class=\"exad-post-grid-description\">\r\n                    Pr\u0105d elektryczny to moc, kt\u00f3ra mo\u017ce dzia\u0142a\u0107 i zachwyca\u0107 \u2014 ale te\u017c zaskakiwa\u0107, je\u015bli nie znamy zasad bezpiecze\u0144stwa. Warsztaty, podczas...                <\/div>\r\n                            <div class=\"exad-post-footer\"><a href=\"https:\/\/bpzoliborz.pl\/bpzoliborz\/index.php\/2026\/06\/08\/z-pradem-nie-ma-zartow-warsztaty-naukowe-dla-dzieci\/\" target=\"_blank\" class=\"read-more\">Czytaj dalej...<\/a><\/div>\r\n            \r\n        <\/div>\r\n        \t\t\r\n\t\t\t\t\r\n    <\/div>\r\n<\/article>\r\n\r\n<article class=\"exad-post-grid-three exad-col  \">\r\n    <div class=\"exad-post-grid-container image-position-top exad-post-grid-equal-height-yes\">\r\n                    <figure class=\"exad-post-grid-thumbnail\">\r\n                <a href=\"https:\/\/bpzoliborz.pl\/bpzoliborz\/index.php\/2026\/06\/08\/neurobik-dla-seniorow\/\">\r\n                    <img width=\"1080\" height=\"675\" src=\"https:\/\/bpzoliborz.pl\/bpzoliborz\/wp-content\/uploads\/2026\/06\/NEUROBIK.png\" class=\"attachment-large size-large wp-post-image\" alt=\"plakat zapowiadaj\u0105cy zaj\u0119cia \u201eNeurobik \u2013 \u0107wiczenia pami\u0119ci i koncentracji\u201d w Wypo\u017cyczalni nr 13, zaplanowane na 10 czerwca o godzinie 10:00. Lewa strona zawiera bia\u0142e napisy informacyjne na jasnoturkusowym tle oraz logotypy organizator\u00f3w na dolnym pasku. Prawa strona przedstawia kolorow\u0105, przestrzenn\u0105 ilustracj\u0119 ludzkiego m\u00f3zgu z\u0142o\u017conego z r\u00f3\u017cowych i \u017c\u00f3\u0142tych warstw papieru, otoczonego symbolami nauki i my\u015blenia, takimi jak \u017car\u00f3wki, ko\u0142a z\u0119bate, litery, cyfry, klepsydra oraz tarcza strzelecka.\" loading=\"lazy\" \/>                <\/a>\r\n                \r\n                            <\/figure>\r\n        \t\t\r\n\t\t        <div class=\"exad-post-grid-body\">\r\n            \t\t\t\t\r\n\t\t\t\t\t\t\t\r\n                    <h3>\r\n\t\t\t\t\t\r\n\t\t\t\t\t\t\t\r\n                        <a href=\"https:\/\/bpzoliborz.pl\/bpzoliborz\/index.php\/2026\/06\/08\/neurobik-dla-seniorow\/\" class=\"exad-post-grid-title\">Neurobik dla Senior\u00f3w<\/a>\r\n\t\t\t\t\r\n\t\t\t\t\t\t\t\t\t\r\n                    <\/h3>\r\n\t\t\t\t\t\r\n\t\t\t\t\t\t\t\t\r\n                                <div class=\"exad-post-grid-description\">\r\n                    Serdecznie zapraszamy na zaj\u0119cia, podczas kt\u00f3rych wsp\u00f3lnie b\u0119dziemy wykonywa\u0107 zadania, \u0142amig\u0142\u00f3wki i \u0107wiczenia wzmacniaj\u0105ce pami\u0119\u0107 oraz koncentracj\u0119. Wypo\u017cyczalnia dla Doros\u0142ych...                <\/div>\r\n                            <div class=\"exad-post-footer\"><a href=\"https:\/\/bpzoliborz.pl\/bpzoliborz\/index.php\/2026\/06\/08\/neurobik-dla-seniorow\/\" target=\"_blank\" class=\"read-more\">Czytaj dalej...<\/a><\/div>\r\n            \r\n        <\/div>\r\n        \t\t\r\n\t\t\t\t\r\n    <\/div>\r\n<\/article>\r\n\r\n<article class=\"exad-post-grid-three exad-col  \">\r\n    <div class=\"exad-post-grid-container image-position-top exad-post-grid-equal-height-yes\">\r\n                    <figure class=\"exad-post-grid-thumbnail\">\r\n                <a href=\"https:\/\/bpzoliborz.pl\/bpzoliborz\/index.php\/2026\/06\/04\/final-iv-konkursu-recytatorskiego-im-joanny-kulmowej\/\">\r\n                    <img width=\"2560\" height=\"1707\" src=\"https:\/\/bpzoliborz.pl\/bpzoliborz\/wp-content\/uploads\/2026\/06\/IMG_0726-scaled.jpg\" class=\"attachment-large size-large wp-post-image\" alt=\"Uczestnicy konkursu odbieraj\u0105 dyplomy na scenie podczas uroczysto\u015bci wr\u0119czenia nagr\u00f3d. Organizatorzy przekazuj\u0105 wyr\u00f3\u017cnienia uczestnikom \u017boliborskiego Konkursu Recytatorskiego im. Joanny Kulmowej.\" loading=\"lazy\" \/>                <\/a>\r\n                \r\n                            <\/figure>\r\n        \t\t\r\n\t\t        <div class=\"exad-post-grid-body\">\r\n            \t\t\t\t\r\n\t\t\t\t\t\t\t\r\n                    <h3>\r\n\t\t\t\t\t\r\n\t\t\t\t\t\t\t\r\n                        <a href=\"https:\/\/bpzoliborz.pl\/bpzoliborz\/index.php\/2026\/06\/04\/final-iv-konkursu-recytatorskiego-im-joanny-kulmowej\/\" class=\"exad-post-grid-title\">FINA\u0141 IV KONKURSU RECYTATORSKIEGO IM. JOANNY KULMOWEJ<\/a>\r\n\t\t\t\t\r\n\t\t\t\t\t\t\t\t\t\r\n                    <\/h3>\r\n\t\t\t\t\t\r\n\t\t\t\t\t\t\t\t\r\n                                <div class=\"exad-post-grid-description\">\r\n                    Fina\u0142 Konkursu odby\u0142 si\u0119 3 czerwca 2026 r. w sali Spo\u0142ecznego Domu Kultury, uroczysto\u015b\u0107 poprowadzili Dyrektor Biblioteki Publicznej w Dzielnicy...                <\/div>\r\n                            <div class=\"exad-post-footer\"><a href=\"https:\/\/bpzoliborz.pl\/bpzoliborz\/index.php\/2026\/06\/04\/final-iv-konkursu-recytatorskiego-im-joanny-kulmowej\/\" target=\"_blank\" class=\"read-more\">Czytaj dalej...<\/a><\/div>\r\n            \r\n        <\/div>\r\n        \t\t\r\n\t\t\t\t\r\n    <\/div>\r\n<\/article>\r\n    \r\n\t\t\t<\/div>\r\n\t\t\t<div class=\"exad-post-grid-load-btn\">\r\n\t\t\t\t\t\t\t\t\t<a class=\"exad-post-grid-paginate-btn\" data-post-type=\"post\" data-posts_per_page=\"20\" data-post-offset=\"0\" data-post-order=\"desc\" data-post-order_by=\"date\" data-post-tag__in=\"\" data-post-thumbnail=\"yes\" data-post-thumb-size=\"large\" data-equal_height=\"yes\" data-enable_details_btn=\"yes\" data-details_btn_text=\"Czytaj dalej...\" data-details_btn_text_tab=\"yes\" data-show-user-avatar=\"no\" data-show_user_name=\"\" data-post_data_position=\"post_data_middle\" data-show_title=\"yes\" data-show_title_parmalink=\"\" data-title_full=\"yes\" data-title_tag=\"h3\" data-show_read_time=\"\" data-show_comment=\"\" data-show_excerpt=\"yes\" data-excerpt_length=\"20\" data-show_user_name_tag=\"\" data-user_name_tag=\"\" data-show_date=\"\" data-show_date_tag=\"\" data-date_tag=\"\" data-title_length=\"\" data-image_align=\"top\" data-show_category=\"\" data-category_default_position=\"\" data-category_position_over_image=\"\" data-category=\"5\" data-tags=\"\" data-offset=\"0\" data-exclude_post=\"\" href=\"#\" role=\"button\">\r\n\t\t\t\t\t\tWczytaj wi\u0119cej post\u00f3w\t\t\t\t\t<\/a>\r\n\t\t\t\t\t\t\t<\/div>\r\n\t\t<\/div>\r\n\r\n\t\t\t<\/div>\n\t\t\t\t<\/div>\n\t\t\t\t\t\t<\/div>\n\t\t\t\t\t<\/div>\n\t\t<\/div>\n\t\t\t\t<div class=\"elementor-column elementor-col-50 elementor-top-column elementor-element elementor-element-e1f522c exad-glass-effect-no exad-sticky-section-no\" data-id=\"e1f522c\" data-element_type=\"column\">\n\t\t\t<div class=\"elementor-column-wrap elementor-element-populated\">\n\t\t\t\t\t\t\t<div class=\"elementor-widget-wrap\">\n\t\t\t\t\t\t<section class=\"elementor-section elementor-inner-section elementor-element elementor-element-eac7883 elementor-section-boxed elementor-section-height-default elementor-section-height-default exad-glass-effect-no exad-sticky-section-no\" data-id=\"eac7883\" data-element_type=\"section\">\n\t\t\t\t\t\t<div class=\"elementor-container elementor-column-gap-default\">\n\t\t\t\t\t\t\t<div class=\"elementor-row\">\n\t\t\t\t\t<div class=\"elementor-column elementor-col-100 elementor-inner-column elementor-element elementor-element-ac54eb0 exad-glass-effect-no exad-sticky-section-no\" data-id=\"ac54eb0\" data-element_type=\"column\">\n\t\t\t<div class=\"elementor-column-wrap elementor-element-populated\">\n\t\t\t\t\t\t\t<div class=\"elementor-widget-wrap\">\n\t\t\t\t\t\t<div class=\"elementor-element elementor-element-12889ca elementor-align-center exad-sticky-section-no exad-glass-effect-no elementor-widget elementor-widget-button\" data-id=\"12889ca\" data-element_type=\"widget\" data-widget_type=\"button.default\">\n\t\t\t\t<div class=\"elementor-widget-container\">\n\t\t\t\t\t<div class=\"elementor-button-wrapper\">\n\t\t\t<a href=\"https:\/\/bpzoliborz.pl\/bpzoliborz\/index.php\/dostepnosc-2\/\" target=\"_blank\" class=\"elementor-button-link elementor-button elementor-size-md\" role=\"button\">\n\t\t\t\t\t\t<span class=\"elementor-button-content-wrapper\">\n\t\t\t\t\t\t\t<span class=\"elementor-button-icon elementor-align-icon-left\">\n\t\t\t\t<i aria-hidden=\"true\" class=\"fab fa-accessible-icon\"><\/i>\t\t\t<\/span>\n\t\t\t\t\t\t<span class=\"elementor-button-text\">Dost\u0119pno\u015b\u0107<\/span>\n\t\t<\/span>\n\t\t\t\t\t<\/a>\n\t\t<\/div>\n\t\t\t\t<\/div>\n\t\t\t\t<\/div>\n\t\t\t\t<div class=\"elementor-element elementor-element-d80c674 elementor-align-center exad-sticky-section-no exad-glass-effect-no elementor-widget elementor-widget-button\" data-id=\"d80c674\" data-element_type=\"widget\" data-widget_type=\"button.default\">\n\t\t\t\t<div class=\"elementor-widget-container\">\n\t\t\t\t\t<div class=\"elementor-button-wrapper\">\n\t\t\t<a href=\"https:\/\/bpzoliborz.pl\/bpzoliborz\/index.php\/standardy-ochrony-maloletnich-2\" target=\"_blank\" class=\"elementor-button-link elementor-button elementor-size-md\" role=\"button\">\n\t\t\t\t\t\t<span class=\"elementor-button-content-wrapper\">\n\t\t\t\t\t\t\t<span class=\"elementor-button-icon elementor-align-icon-left\">\n\t\t\t\t<i aria-hidden=\"true\" class=\"remixicon ri-shield-flash-line\"><\/i>\t\t\t<\/span>\n\t\t\t\t\t\t<span class=\"elementor-button-text\">Standardy Ochrony Ma\u0142oletnich<\/span>\n\t\t<\/span>\n\t\t\t\t\t<\/a>\n\t\t<\/div>\n\t\t\t\t<\/div>\n\t\t\t\t<\/div>\n\t\t\t\t<div class=\"elementor-element elementor-element-c0ff10f elementor-align-center exad-sticky-section-no exad-glass-effect-no elementor-widget elementor-widget-button\" data-id=\"c0ff10f\" data-element_type=\"widget\" data-widget_type=\"button.default\">\n\t\t\t\t<div class=\"elementor-widget-container\">\n\t\t\t\t\t<div class=\"elementor-button-wrapper\">\n\t\t\t<a href=\"https:\/\/www.bibliotekiwarszawy.pl\/\" target=\"_blank\" class=\"elementor-button-link elementor-button elementor-size-sm\" role=\"button\">\n\t\t\t\t\t\t<span class=\"elementor-button-content-wrapper\">\n\t\t\t\t\t\t\t<span class=\"elementor-button-icon elementor-align-icon-left\">\n\t\t\t\t<i aria-hidden=\"true\" class=\"icon icon-home1\"><\/i>\t\t\t<\/span>\n\t\t\t\t\t\t<span class=\"elementor-button-text\">Biblioteki Warszawy<\/span>\n\t\t<\/span>\n\t\t\t\t\t<\/a>\n\t\t<\/div>\n\t\t\t\t<\/div>\n\t\t\t\t<\/div>\n\t\t\t\t\t\t<\/div>\n\t\t\t\t\t<\/div>\n\t\t<\/div>\n\t\t\t\t\t\t\t\t<\/div>\n\t\t\t\t\t<\/div>\n\t\t<\/section>\n\t\t\t\t<section class=\"elementor-section elementor-inner-section elementor-element elementor-element-21910bb elementor-section-boxed elementor-section-height-default elementor-section-height-default exad-glass-effect-no exad-sticky-section-no\" data-id=\"21910bb\" data-element_type=\"section\">\n\t\t\t\t\t\t<div class=\"elementor-container elementor-column-gap-default\">\n\t\t\t\t\t\t\t<div class=\"elementor-row\">\n\t\t\t\t\t<div class=\"elementor-column elementor-col-100 elementor-inner-column elementor-element elementor-element-455948f exad-glass-effect-no exad-sticky-section-no\" data-id=\"455948f\" data-element_type=\"column\">\n\t\t\t<div class=\"elementor-column-wrap elementor-element-populated\">\n\t\t\t\t\t\t\t<div class=\"elementor-widget-wrap\">\n\t\t\t\t\t\t<div class=\"elementor-element elementor-element-dddb326 exad-sticky-section-no exad-glass-effect-no elementor-widget elementor-widget-spacer\" data-id=\"dddb326\" data-element_type=\"widget\" data-widget_type=\"spacer.default\">\n\t\t\t\t<div class=\"elementor-widget-container\">\n\t\t\t\t\t<div class=\"elementor-spacer\">\n\t\t\t<div class=\"elementor-spacer-inner\"><\/div>\n\t\t<\/div>\n\t\t\t\t<\/div>\n\t\t\t\t<\/div>\n\t\t\t\t\t\t<\/div>\n\t\t\t\t\t<\/div>\n\t\t<\/div>\n\t\t\t\t\t\t\t\t<\/div>\n\t\t\t\t\t<\/div>\n\t\t<\/section>\n\t\t\t\t<section class=\"elementor-section elementor-inner-section elementor-element elementor-element-125d45f elementor-section-boxed elementor-section-height-default elementor-section-height-default exad-glass-effect-no exad-sticky-section-no\" data-id=\"125d45f\" data-element_type=\"section\">\n\t\t\t\t\t\t<div class=\"elementor-container elementor-column-gap-default\">\n\t\t\t\t\t\t\t<div class=\"elementor-row\">\n\t\t\t\t\t<div class=\"elementor-column elementor-col-100 elementor-inner-column elementor-element elementor-element-5fcfc75 exad-glass-effect-no exad-sticky-section-no\" data-id=\"5fcfc75\" data-element_type=\"column\">\n\t\t\t<div class=\"elementor-column-wrap elementor-element-populated\">\n\t\t\t\t\t\t\t<div class=\"elementor-widget-wrap\">\n\t\t\t\t\t\t<div class=\"elementor-element elementor-element-f11adf7 exad-sticky-section-no exad-glass-effect-no elementor-widget elementor-widget-heading\" data-id=\"f11adf7\" data-element_type=\"widget\" data-widget_type=\"heading.default\">\n\t\t\t\t<div class=\"elementor-widget-container\">\n\t\t\t<h3 class=\"elementor-heading-title elementor-size-default\">Obserwuj nas<\/h3>\t\t<\/div>\n\t\t\t\t<\/div>\n\t\t\t\t<div class=\"elementor-element elementor-element-d79a369 exad-sticky-section-no exad-glass-effect-no elementor-widget elementor-widget-shortcode\" data-id=\"d79a369\" data-element_type=\"widget\" data-widget_type=\"shortcode.default\">\n\t\t\t\t<div class=\"elementor-widget-container\">\n\t\t\t\t\t<div class=\"elementor-shortcode\"> <div class=\"sfsi_widget sfsi_shortcode_container\"><div class=\"norm_row sfsi_wDiv \"  style=\"width:210px;text-align:center;\"><div style='width:50px; height:50px;margin-left:20px;margin-bottom:5px; ' class='sfsi_wicons shuffeldiv ' ><div class='inerCnt'><a class=' sficn' data-effect='' target='_blank'  href='https:\/\/www.facebook.com\/BibliotekaPublicznaZoliborz\/' id='sfsiid_facebook_icon' style='width:50px;height:50px;opacity:1;'  ><img data-pin-nopin='true' alt='Facebook' title='Facebook' src='https:\/\/bpzoliborz.pl\/bpzoliborz\/wp-content\/plugins\/ultimate-social-media-icons\/images\/icons_theme\/thin\/thin_facebook.png' width='50' height='50' style='' class='sfcm sfsi_wicon ' data-effect=''   \/><\/a><\/div><\/div><div style='width:50px; height:50px;margin-left:20px;margin-bottom:5px; ' class='sfsi_wicons shuffeldiv ' ><div class='inerCnt'><a class=' sficn' data-effect='' target='_blank'  href='https:\/\/www.youtube.com\/channel\/UCx6LQLcNV7grZtWibwVwt-w\/videos' id='sfsiid_youtube_icon' style='width:50px;height:50px;opacity:1;'  ><img data-pin-nopin='true' alt='YouTube' title='YouTube' src='https:\/\/bpzoliborz.pl\/bpzoliborz\/wp-content\/plugins\/ultimate-social-media-icons\/images\/icons_theme\/thin\/thin_youtube.png' width='50' height='50' style='' class='sfcm sfsi_wicon ' data-effect=''   \/><\/a><\/div><\/div><div style='width:50px; height:50px;margin-left:20px;margin-bottom:5px; ' class='sfsi_wicons shuffeldiv ' ><div class='inerCnt'><a class=' sficn' data-effect='' target='_blank'  href='https:\/\/www.instagram.com\/biblioteka.zoliborz\/' id='sfsiid_instagram_icon' style='width:50px;height:50px;opacity:1;'  ><img data-pin-nopin='true' alt='Instagram' title='Instagram' src='https:\/\/bpzoliborz.pl\/bpzoliborz\/wp-content\/plugins\/ultimate-social-media-icons\/images\/icons_theme\/thin\/thin_instagram.png' width='50' height='50' style='' class='sfcm sfsi_wicon ' data-effect=''   \/><\/a><\/div><\/div><\/div ><div id=\"sfsi_holder\" class=\"sfsi_holders\" style=\"position: relative; float: left;width:100%;z-index:-1;\"><\/div ><script>window.addEventListener(\"sfsi_functions_loaded\", function()\n\t\t\t{\n\t\t\t\tif (typeof sfsi_widget_set == \"function\") {\n\t\t\t\t\tsfsi_widget_set();\n\t\t\t\t}\n\t\t\t}); <\/script><div style=\"clear: both;\"><\/div><\/div> <\/div>\n\t\t\t\t<\/div>\n\t\t\t\t<\/div>\n\t\t\t\t\t\t<\/div>\n\t\t\t\t\t<\/div>\n\t\t<\/div>\n\t\t\t\t\t\t\t\t<\/div>\n\t\t\t\t\t<\/div>\n\t\t<\/section>\n\t\t\t\t<div class=\"elementor-element elementor-element-d0933ef exad-sticky-section-no exad-glass-effect-no elementor-widget elementor-widget-spacer\" data-id=\"d0933ef\" data-element_type=\"widget\" data-widget_type=\"spacer.default\">\n\t\t\t\t<div class=\"elementor-widget-container\">\n\t\t\t\t\t<div class=\"elementor-spacer\">\n\t\t\t<div class=\"elementor-spacer-inner\"><\/div>\n\t\t<\/div>\n\t\t\t\t<\/div>\n\t\t\t\t<\/div>\n\t\t\t\t<section class=\"elementor-section elementor-inner-section elementor-element elementor-element-67ac9bd elementor-section-boxed elementor-section-height-default elementor-section-height-default exad-glass-effect-no exad-sticky-section-no\" data-id=\"67ac9bd\" data-element_type=\"section\">\n\t\t\t\t\t\t<div class=\"elementor-container elementor-column-gap-default\">\n\t\t\t\t\t\t\t<div class=\"elementor-row\">\n\t\t\t\t\t<div class=\"elementor-column elementor-col-100 elementor-inner-column elementor-element elementor-element-12d8d34 exad-glass-effect-no exad-sticky-section-no\" data-id=\"12d8d34\" data-element_type=\"column\">\n\t\t\t<div class=\"elementor-column-wrap elementor-element-populated\">\n\t\t\t\t\t\t\t<div class=\"elementor-widget-wrap\">\n\t\t\t\t\t\t<div class=\"elementor-element elementor-element-9d7405d exad-sticky-section-no exad-glass-effect-no elementor-widget elementor-widget-heading\" data-id=\"9d7405d\" data-element_type=\"widget\" data-widget_type=\"heading.default\">\n\t\t\t\t<div class=\"elementor-widget-container\">\n\t\t\t<h3 class=\"elementor-heading-title elementor-size-default\">Newsletter<\/h3>\t\t<\/div>\n\t\t\t\t<\/div>\n\t\t\t\t<div class=\"elementor-element elementor-element-331b117 exad-sticky-section-no exad-glass-effect-no elementor-widget elementor-widget-wp-widget-newsletterwidget\" data-id=\"331b117\" data-element_type=\"widget\" data-widget_type=\"wp-widget-newsletterwidget.default\">\n\t\t\t\t<div class=\"elementor-widget-container\">\n\t\t\t<div class=\"tnp tnp-subscription tnp-widget\">\n<form method=\"post\" action=\"https:\/\/bpzoliborz.pl\/bpzoliborz\/?na=s\">\n<input type=\"hidden\" name=\"nr\" value=\"widget\">\n<input type=\"hidden\" name=\"nlang\" value=\"\">\n<div class=\"tnp-field tnp-field-firstname\"><label for=\"tnp-1\">Imi\u0119 <\/label>\n<input class=\"tnp-name\" type=\"text\" name=\"nn\" id=\"tnp-1\" value=\"\" placeholder=\"\" required><\/div>\n<div class=\"tnp-field tnp-field-email\"><label for=\"tnp-2\">Email<\/label>\n<input class=\"tnp-email\" type=\"email\" name=\"ne\" id=\"tnp-2\" value=\"\" placeholder=\"\" required><\/div>\n<div class=\"tnp-field tnp-privacy-field\"><label><input type=\"checkbox\" name=\"ny\" required class=\"tnp-privacy\"> <a target=\"_blank\" href=\"https:\/\/bpzoliborz.pl\/bpzoliborz\/index.php\/polityka-prywatnosci\/\">Przechodz\u0105c dalej, akceptujesz polityk\u0119 prywatno\u015bci<\/a><\/label><\/div><div class=\"tnp-field tnp-field-button\" style=\"text-align: left\"><input class=\"tnp-submit\" type=\"submit\" value=\"Zapisz si\u0119\" style=\"\">\n<\/div>\n<\/form>\n<\/div>\n\t\t<\/div>\n\t\t\t\t<\/div>\n\t\t\t\t\t\t<\/div>\n\t\t\t\t\t<\/div>\n\t\t<\/div>\n\t\t\t\t\t\t\t\t<\/div>\n\t\t\t\t\t<\/div>\n\t\t<\/section>\n\t\t\t\t<div class=\"elementor-element elementor-element-e1dd346 exad-sticky-section-no exad-glass-effect-no elementor-widget elementor-widget-spacer\" data-id=\"e1dd346\" data-element_type=\"widget\" data-widget_type=\"spacer.default\">\n\t\t\t\t<div class=\"elementor-widget-container\">\n\t\t\t\t\t<div class=\"elementor-spacer\">\n\t\t\t<div class=\"elementor-spacer-inner\"><\/div>\n\t\t<\/div>\n\t\t\t\t<\/div>\n\t\t\t\t<\/div>\n\t\t\t\t<section class=\"elementor-section elementor-inner-section elementor-element elementor-element-b3e6372 elementor-section-boxed elementor-section-height-default elementor-section-height-default exad-glass-effect-no exad-sticky-section-no\" data-id=\"b3e6372\" data-element_type=\"section\">\n\t\t\t\t\t\t<div class=\"elementor-container elementor-column-gap-default\">\n\t\t\t\t\t\t\t<div class=\"elementor-row\">\n\t\t\t\t\t<div class=\"elementor-column elementor-col-100 elementor-inner-column elementor-element elementor-element-7816e25 exad-glass-effect-no exad-sticky-section-no\" data-id=\"7816e25\" data-element_type=\"column\">\n\t\t\t<div class=\"elementor-column-wrap elementor-element-populated\">\n\t\t\t\t\t\t\t<div class=\"elementor-widget-wrap\">\n\t\t\t\t\t\t<div class=\"elementor-element elementor-element-ccb0820 exad-sticky-section-no exad-glass-effect-no elementor-widget elementor-widget-heading\" data-id=\"ccb0820\" data-element_type=\"widget\" data-widget_type=\"heading.default\">\n\t\t\t\t<div class=\"elementor-widget-container\">\n\t\t\t<h3 class=\"elementor-heading-title elementor-size-default\">Gry i Puzzle<\/h3>\t\t<\/div>\n\t\t\t\t<\/div>\n\t\t\t\t<div class=\"elementor-element elementor-element-8b101e7 exad-sticky-section-no exad-glass-effect-no elementor-widget elementor-widget-image\" data-id=\"8b101e7\" data-element_type=\"widget\" data-widget_type=\"image.default\">\n\t\t\t\t<div class=\"elementor-widget-container\">\n\t\t\t\t\t\t\t\t<div class=\"elementor-image\">\n\t\t\t\t\t\t\t\t\t\t\t\t\t<a href=\"https:\/\/bpzoliborz.pl\/bpzoliborz\/index.php\/gry-i-puzzle\/\" target=\"_blank\">\n\t\t\t\t\t\t\t<img width=\"1080\" height=\"675\" src=\"https:\/\/bpzoliborz.pl\/bpzoliborz\/wp-content\/uploads\/2024\/05\/gry-i-puzzle-obrazek-wyrozniajacy.png\" class=\"attachment-medium size-medium wp-image-22155\" alt=\"napis gry i puzzle na bia\u0142o czarnym tle\" loading=\"lazy\" srcset=\"https:\/\/bpzoliborz.pl\/bpzoliborz\/wp-content\/uploads\/2024\/05\/gry-i-puzzle-obrazek-wyrozniajacy.png 1080w, https:\/\/bpzoliborz.pl\/bpzoliborz\/wp-content\/uploads\/2024\/05\/gry-i-puzzle-obrazek-wyrozniajacy-768x480.png 768w\" sizes=\"(max-width: 1080px) 100vw, 1080px\" \/>\t\t\t\t\t\t\t\t<\/a>\n\t\t\t\t\t\t\t\t\t\t\t\t\t\t<\/div>\n\t\t\t\t\t\t<\/div>\n\t\t\t\t<\/div>\n\t\t\t\t\t\t<\/div>\n\t\t\t\t\t<\/div>\n\t\t<\/div>\n\t\t\t\t\t\t\t\t<\/div>\n\t\t\t\t\t<\/div>\n\t\t<\/section>\n\t\t\t\t<div class=\"elementor-element elementor-element-61548a4 exad-sticky-section-no exad-glass-effect-no elementor-widget elementor-widget-spacer\" data-id=\"61548a4\" data-element_type=\"widget\" data-widget_type=\"spacer.default\">\n\t\t\t\t<div class=\"elementor-widget-container\">\n\t\t\t\t\t<div class=\"elementor-spacer\">\n\t\t\t<div class=\"elementor-spacer-inner\"><\/div>\n\t\t<\/div>\n\t\t\t\t<\/div>\n\t\t\t\t<\/div>\n\t\t\t\t<section class=\"elementor-section elementor-inner-section elementor-element elementor-element-1b76a3e elementor-section-boxed elementor-section-height-default elementor-section-height-default exad-glass-effect-no exad-sticky-section-no\" data-id=\"1b76a3e\" data-element_type=\"section\">\n\t\t\t\t\t\t<div class=\"elementor-container elementor-column-gap-default\">\n\t\t\t\t\t\t\t<div class=\"elementor-row\">\n\t\t\t\t\t<div class=\"elementor-column elementor-col-100 elementor-inner-column elementor-element elementor-element-8167d9f exad-glass-effect-no exad-sticky-section-no\" data-id=\"8167d9f\" data-element_type=\"column\">\n\t\t\t<div class=\"elementor-column-wrap elementor-element-populated\">\n\t\t\t\t\t\t\t<div class=\"elementor-widget-wrap\">\n\t\t\t\t\t\t<div class=\"elementor-element elementor-element-cccb0ca exad-sticky-section-no exad-glass-effect-no elementor-widget elementor-widget-heading\" data-id=\"cccb0ca\" data-element_type=\"widget\" data-widget_type=\"heading.default\">\n\t\t\t\t<div class=\"elementor-widget-container\">\n\t\t\t<h3 class=\"elementor-heading-title elementor-size-default\"><a href=\"https:\/\/bpzoliborz.pl\/bpzoliborz\/index.php\/wydarzenia\/\" przejd=\"\">Nadchodz\u0105ce wydarzenia<\/a><\/h3>\t\t<\/div>\n\t\t\t\t<\/div>\n\t\t\t\t<div class=\"elementor-element elementor-element-f9770b6 exad-sticky-section-no exad-glass-effect-no elementor-widget elementor-widget-shortcode\" data-id=\"f9770b6\" data-element_type=\"widget\" data-widget_type=\"shortcode.default\">\n\t\t\t\t<div class=\"elementor-widget-container\">\n\t\t\t\t\t<div class=\"elementor-shortcode\"><div class=\"mec-wrap mec-skin-grid-container  \" id=\"mec_skin_1223\">\r\n    \r\n        \r\n            <div class=\"mec-skin-grid-events-container\" id=\"mec_skin_events_1223\">\r\n        <div class=\"mec-wrap colorskin-custom\">\r\n    <div class=\"mec-event-grid-clean\" data-widget-autoplay=\"1\" data-widget-loop=\"1\" data-widget-autoplay-time=\"3000\">\r\n        <div class=\"row\"><div class=\"col-md-12 col-sm-12\">        <script type=\"application\/ld+json\">\r\n        {\r\n            \"@context\": \"http:\/\/schema.org\",\r\n            \"@type\": \"Event\",\r\n            \"eventStatus\": \"https:\/\/schema.org\/EventScheduled\",\r\n            \"startDate\": \"2026-09-01\",\r\n            \"endDate\": \"2026-09-30\",\r\n            \"eventAttendanceMode\": \"https:\/\/schema.org\/OfflineEventAttendanceMode\",\r\n            \"location\":\r\n            {\r\n                \"@type\": \"Place\",\r\n                                \"name\": \"Wypo\u017cyczalnia nr 111\",\r\n                \"image\": \"http:\/\/bpzoliborz.pl\/bpzoliborz\/wp-content\/uploads\/2020\/07\/wyp111-wej\u015bcie-3-scaled.jpg\",\r\n                \"address\": \"ul. Mickiewicza 65\"\r\n                            },\r\n            \"organizer\":\r\n            {\r\n                \"@type\": \"Person\",\r\n                \"name\": \"Wypo\u017cyczalnia nr 111\",\r\n                \"url\": \"http:\/\/wyp111@bpzoliborz.pl\"\r\n            },\r\n            \"offers\":\r\n            {\r\n                \"url\": \"https:\/\/bpzoliborz.pl\/bpzoliborz\/index.php\/events\/klub-puzzlowy-wypozyczalnia-nr-111-wypozyczalnia-nr-13-copy-2\/\",\r\n                \"price\": \"\",\r\n                \"priceCurrency\": \"PLN\",\r\n                \"availability\": \"https:\/\/schema.org\/InStock\",\r\n                \"validFrom\": \"2026-09-01T00:00\"\r\n            },\r\n            \"performer\": \"\",\r\n            \"description\": \"&lt;p style=&quot;text-align: center;&quot;&gt;Zapraszamy wszystkich mi\u0142o\u015bnik\u00f3w puzzli do &lt;strong&gt;Wypo\u017cyczalni nr 13&lt;\/strong&gt; przy ul. \u015amia\u0142ej 24 oraz do &lt;strong&gt;Wypo\u017cyczalni nr 111&lt;\/strong&gt; przy ul. Mickiewicza 65 na wsp\u00f3lne uk\u0142adanie.&lt;\/p&gt; &lt;p style=&quot;text-align: center;&quot;&gt;Codziennie w godzinach otwarcia Bibliotek czekaj\u0105 na was puzzle o r\u00f3\u017cnym stopniu trudno\u015bci (od 500 do 2000 element\u00f3w).&lt;\/p&gt; &lt;p style=&quot;text-align: center;&quot;&gt;Przyjd\u017a sam, z rodzin\u0105 lub przyjaci\u00f3\u0142mi, u\u0142\u00f3\u017ccie ca\u0142y obrazek lub tylko jego fragment. Ka\u017cdy do\u0142o\u017cony element si\u0119 liczy!&lt;\/p&gt; &lt;p style=&quot;text-align: center;&quot;&gt;Zapraszamy do samodzielnego lub rodzinnego uk\u0142adania. \ud83d\ude42&lt;\/p&gt; &lt;p style=&quot;text-align: center;&quot;&gt;Uk\u0142adanie puzzli to zabawa, kt\u00f3ra uczy koncentracji i skupienia, pozwala si\u0119 odstresowa\u0107 i wyciszy\u0107 oraz ciekawie sp\u0119dzi\u0107 czas bez komputera.&lt;\/p&gt; &lt;p style=&quot;text-align: center;&quot;&gt;&lt;strong&gt;KIEDY: codziennie w  godzinach otwarcia bibliotek&lt;\/strong&gt;&lt;\/p&gt; &lt;p style=&quot;text-align: center;&quot;&gt;&lt;strong&gt;GDZIE: Wypo\u017cyczalnia nr 111, ul. Mickiewicza 65, Wypo\u017cyczalnia nr 13 ul. \u015amia\u0142a 24&lt;\/strong&gt;&lt;\/p&gt; \",\r\n            \"image\": \"https:\/\/bpzoliborz.pl\/bpzoliborz\/wp-content\/uploads\/2025\/12\/klub-puzzlowy-wyp111.png\",\r\n            \"name\": \"Klub Puzzlowy Wypo\u017cyczalnia nr 111 Wypo\u017cyczalnia nr 13\",\r\n            \"url\": \"https:\/\/bpzoliborz.pl\/bpzoliborz\/index.php\/events\/klub-puzzlowy-wypozyczalnia-nr-111-wypozyczalnia-nr-13-copy-2\/?occurrence=2026-09-01&time=1788249600\"\r\n        }\r\n        <\/script>\r\n        <article class=\" mec-event-article mec-clear  \" itemscope>                    <div class=\"event-grid-t2-head mec-bg-color clearfix\">\r\n                                    <div class=\"mec-event-month\"><span class=\"mec-start-date-label\" itemprop=\"startDate\">01 - 30 wrzesie\u0144<\/span><\/div>\r\n                                                                                            <div class=\"mec-event-detail\">\r\n                    <div class=\"mec-event-loc-place\">Wypo\u017cyczalnia nr 111<\/div>\r\n                                                                            <\/div>\r\n            <\/div>\r\n            <div class=\"mec-event-image\"><a   data-event-id=\"33391\" href=\"https:\/\/bpzoliborz.pl\/bpzoliborz\/index.php\/events\/klub-puzzlowy-wypozyczalnia-nr-111-wypozyczalnia-nr-13-copy-2\/?occurrence=2026-09-01&time=1788249600\" target=\"_self\" rel=\"noopener\"><img width=\"1080\" height=\"675\" src=\"https:\/\/bpzoliborz.pl\/bpzoliborz\/wp-content\/uploads\/2025\/12\/klub-puzzlowy-wyp111.png\" class=\"attachment-medium size-medium wp-post-image\" alt=\"\" loading=\"lazy\" data-mec-postid=\"33391\" srcset=\"https:\/\/bpzoliborz.pl\/bpzoliborz\/wp-content\/uploads\/2025\/12\/klub-puzzlowy-wyp111.png 1080w, https:\/\/bpzoliborz.pl\/bpzoliborz\/wp-content\/uploads\/2025\/12\/klub-puzzlowy-wyp111-768x480.png 768w\" sizes=\"(max-width: 1080px) 100vw, 1080px\" \/><\/a><\/div>\r\n            <div class=\"mec-event-content\">\r\n                                                                <h4 class=\"mec-event-title\"><a class=\"mec-color-hover\"  data-event-id=\"33391\" href=\"https:\/\/bpzoliborz.pl\/bpzoliborz\/index.php\/events\/klub-puzzlowy-wypozyczalnia-nr-111-wypozyczalnia-nr-13-copy-2\/?occurrence=2026-09-01&time=1788249600\" target=\"_self\" rel=\"noopener\">Klub Puzzlowy Wypo\u017cyczalnia nr 111 Wypo\u017cyczalnia nr 13<\/a><span class=\"event-color\" style=\"background: #\"><\/span><\/h4>\r\n                <p class=\"mec-grid-event-location\">ul. Mickiewicza 65<\/p>\r\n            <\/div>\r\n            <div class=\"mec-event-footer mec-color\">\r\n                                <ul class=\"mec-event-sharing-wrap\">\r\n                    <li class=\"mec-event-share\">\r\n                        <a href=\"#\" class=\"mec-event-share-icon\">\r\n                            <i class=\"mec-sl-share\" title=\"Share\"><\/i>\r\n                        <\/a>\r\n                    <\/li>\r\n                    <li>\r\n                        <ul class=\"mec-event-sharing\">\r\n                            <li class=\"mec-event-social-icon\"><a class=\"facebook\" href=\"https:\/\/www.facebook.com\/sharer\/sharer.php?u=https%3A%2F%2Fbpzoliborz.pl%2Fbpzoliborz%2Findex.php%2Fevents%2Fklub-puzzlowy-wypozyczalnia-nr-111-wypozyczalnia-nr-13-copy-2%2F\" onclick=\"javascript:window.open(this.href, '', 'menubar=no,toolbar=no,resizable=yes,scrollbars=yes,height=500,width=600'); return false;\" title=\"Udost\u0119pnij na Facebooku\"><i class=\"mec-fa-facebook\"><\/i><\/a><\/li><li class=\"mec-event-social-icon\"><a class=\"twitter\" href=\"https:\/\/twitter.com\/share?url=https%3A%2F%2Fbpzoliborz.pl%2Fbpzoliborz%2Findex.php%2Fevents%2Fklub-puzzlowy-wypozyczalnia-nr-111-wypozyczalnia-nr-13-copy-2%2F\" onclick=\"javascript:window.open(this.href, '', 'menubar=no,toolbar=no,resizable=yes,scrollbars=yes,height=600,width=500'); return false;\" target=\"_blank\" title=\"Tweetuj\"><i class=\"mec-fa-twitter\"><\/i><\/a><\/li><li class=\"mec-event-social-icon\"><a class=\"email\" href=\"mailto:?subject=Klub Puzzlowy Wypo\u017cyczalnia nr 111 Wypo\u017cyczalnia nr 13&body=https%3A%2F%2Fbpzoliborz.pl%2Fbpzoliborz%2Findex.php%2Fevents%2Fklub-puzzlowy-wypozyczalnia-nr-111-wypozyczalnia-nr-13-copy-2%2F\" title=\"Email\"><i class=\"mec-fa-envelope\"><\/i><\/a><\/li>                        <\/ul>\r\n                    <\/li>\r\n                <\/ul>\r\n                                                                <a class=\"mec-booking-button\"  data-event-id=\"33391\" href=\"https:\/\/bpzoliborz.pl\/bpzoliborz\/index.php\/events\/klub-puzzlowy-wypozyczalnia-nr-111-wypozyczalnia-nr-13-copy-2\/?occurrence=2026-09-01&time=1788249600\" target=\"_self\" rel=\"noopener\">Poka\u017c szczeg\u00f3\u0142y<\/a>            <\/div>\r\n        <\/article><\/div><\/div>        <div class=\"row\"><div class=\"col-md-12 col-sm-12\">        <script type=\"application\/ld+json\">\r\n        {\r\n            \"@context\": \"http:\/\/schema.org\",\r\n            \"@type\": \"Event\",\r\n            \"eventStatus\": \"https:\/\/schema.org\/EventScheduled\",\r\n            \"startDate\": \"2026-09-01\",\r\n            \"endDate\": \"2027-09-30\",\r\n            \"eventAttendanceMode\": \"https:\/\/schema.org\/OfflineEventAttendanceMode\",\r\n            \"location\":\r\n            {\r\n                \"@type\": \"Place\",\r\n                                \"name\": \"Biblioteka dla Dzieci nr XV\",\r\n                \"image\": \"http:\/\/bpzoliborz.pl\/bpzoliborz\/wp-content\/uploads\/2020\/07\/broniewskiego.jpg\",\r\n                \"address\": \"ul. Broniewskiego 9a\"\r\n                            },\r\n            \"organizer\":\r\n            {\r\n                \"@type\": \"Person\",\r\n                \"name\": \"Biblioteka dla Dzieci nr XV\",\r\n                \"url\": \"http:\/\/bpzoliborz.pl\/bpzoliborz\/index.php\/biblioteka-dla-dzieci-nr-xv\/\"\r\n            },\r\n            \"offers\":\r\n            {\r\n                \"url\": \"https:\/\/bpzoliborz.pl\/bpzoliborz\/index.php\/events\/biblioteczne-bingo-dla-dzieci-561\/\",\r\n                \"price\": \"\",\r\n                \"priceCurrency\": \"PLN\",\r\n                \"availability\": \"https:\/\/schema.org\/InStock\",\r\n                \"validFrom\": \"2026-09-01T00:00\"\r\n            },\r\n            \"performer\": \"\",\r\n            \"description\": \"&lt;p&gt;&lt;strong&gt;Ju\u017c od 1 WRZE\u015aNIA&lt;\/strong&gt; zapraszamy Was do udzia\u0142u w naszej grze bibliotecznej: &lt;strong&gt;\u201eBiblioteczne Safari\u201d&lt;\/strong&gt;.&lt;\/p&gt; &lt;p&gt;&lt;strong&gt;Co musisz zrobi\u0107, \u017ceby wygra\u0107?&lt;\/strong&gt;&lt;br \/&gt; \u2013 &lt;strong&gt;Zg\u0142o\u015b si\u0119 do bibliotekarza&lt;\/strong&gt; po swoj\u0105 Kart\u0119 Gracza. &lt;em&gt;(Uwaga: liczba kart ograniczona!)&lt;\/em&gt;&lt;br \/&gt; \u2013 &lt;strong&gt;Wybieraj ksi\u0105\u017cki do zada\u0144&lt;\/strong&gt; i wypo\u017cyczaj je! Pami\u0119taj, jedna ksi\u0105\u017cka liczy si\u0119 do jednej kategorii.&lt;br \/&gt; \u2013 &lt;strong&gt;Piecz\u0105tki zdob\u0119dziesz&lt;\/strong&gt; przy zwrocie ksi\u0105\u017cek.&lt;br \/&gt; \u2013 Podczas jednej wizyty mo\u017cesz zebra\u0107 &lt;strong&gt;maksymalnie 3 piecz\u0105tki&lt;\/strong&gt;.&lt;br \/&gt; \u2013 Po zebraniu wszystkich\u2026 &lt;strong&gt;Wygraj nagrod\u0119!&lt;\/strong&gt;&lt;\/p&gt; &lt;p&gt;Pami\u0119tajcie, gra toczy si\u0119 o nagrod\u0119 \u2013 &lt;strong&gt;figurk\u0119 ze zwierzakiem!&lt;\/strong&gt; Obowi\u0105zuje zasada: &lt;strong&gt;Kto pierwszy, ten lepszy!&lt;\/strong&gt;&lt;\/p&gt; &lt;p&gt;&lt;strong&gt;Wielkie podzi\u0119kowania!&lt;\/strong&gt;&lt;br \/&gt; Na koniec chcemy wys\u0142a\u0107 ogromne podzi\u0119kowania dla naszego Czytelnika za figurki: &lt;strong&gt;S\u0141ONIA, TYGRYSA i LWA&lt;\/strong&gt;.&lt;\/p&gt; &lt;p style=&quot;text-align: center&quot;&gt;&lt;strong&gt;GDZIE: &lt;\/strong&gt;Biblioteka dla Dzieci i M\u0142odzie\u017cy nr XV,&lt;br \/&gt; &lt;span class=&quot;a_GcMg font-feature-liga-off font-feature-clig-off font-feature-calt-off text-decoration-none text-strikethrough-none&quot;&gt;ul. Broniewskiego 9a&lt;\/span&gt;&lt;\/p&gt; \",\r\n            \"image\": \"https:\/\/bpzoliborz.pl\/bpzoliborz\/wp-content\/uploads\/2026\/08\/obrazek-wyrozniajacy-na-strone-Broniewskiego-29.png\",\r\n            \"name\": \"Gra &#8220;Biblioteczne Safari&#8221;\",\r\n            \"url\": \"https:\/\/bpzoliborz.pl\/bpzoliborz\/index.php\/events\/biblioteczne-bingo-dla-dzieci-561\/?occurrence=2026-09-01\"\r\n        }\r\n        <\/script>\r\n        <article class=\" mec-event-article mec-clear  \" itemscope>                    <div class=\"event-grid-t2-head mec-bg-color clearfix\">\r\n                                    <div class=\"mec-event-month\"><span class=\"mec-start-date-label\" itemprop=\"startDate\">01 wrze\u015bnia<\/span><span class=\"mec-end-date-label\" itemprop=\"endDate\"> - 30 wrze\u015bnia<\/span><\/div>\r\n                                                                                            <div class=\"mec-event-detail\">\r\n                    <div class=\"mec-event-loc-place\">Biblioteka dla Dzieci nr XV<\/div>\r\n                                                                            <\/div>\r\n            <\/div>\r\n            <div class=\"mec-event-image\"><a   data-event-id=\"33478\" href=\"https:\/\/bpzoliborz.pl\/bpzoliborz\/index.php\/events\/biblioteczne-bingo-dla-dzieci-561\/?occurrence=2026-09-01\" target=\"_self\" rel=\"noopener\"><img width=\"1080\" height=\"675\" src=\"https:\/\/bpzoliborz.pl\/bpzoliborz\/wp-content\/uploads\/2026\/08\/obrazek-wyrozniajacy-na-strone-Broniewskiego-29.png\" class=\"attachment-medium size-medium wp-post-image\" alt=\"Zapowied\u017a wydarzenia \u201eBiblioteczne Safari\u201d w Bibliotece dla Dzieci nr XV, rozpoczynaj\u0105cego si\u0119 od 1 wrze\u015bnia. Na grafice w okr\u0119gu przedstawiono afryka\u0144sk\u0105 sawann\u0119 ze s\u0142oniem, akacjami oraz otwart\u0105 ksi\u0105\u017ck\u0105 na pierwszym planie. Na dole znajduj\u0105 si\u0119 logotypy Biblioteki Publicznej w Dzielnicy \u017boliborz i m.st. Warszawy.\" loading=\"lazy\" data-mec-postid=\"33478\" srcset=\"https:\/\/bpzoliborz.pl\/bpzoliborz\/wp-content\/uploads\/2026\/08\/obrazek-wyrozniajacy-na-strone-Broniewskiego-29.png 1080w, https:\/\/bpzoliborz.pl\/bpzoliborz\/wp-content\/uploads\/2026\/08\/obrazek-wyrozniajacy-na-strone-Broniewskiego-29-768x480.png 768w\" sizes=\"(max-width: 1080px) 100vw, 1080px\" \/><\/a><\/div>\r\n            <div class=\"mec-event-content\">\r\n                                                                <h4 class=\"mec-event-title\"><a class=\"mec-color-hover\"  data-event-id=\"33478\" href=\"https:\/\/bpzoliborz.pl\/bpzoliborz\/index.php\/events\/biblioteczne-bingo-dla-dzieci-561\/?occurrence=2026-09-01\" target=\"_self\" rel=\"noopener\">Gra &#8220;Biblioteczne Safari&#8221;<\/a><span class=\"event-color\" style=\"background: #02b5cd\"><\/span><\/h4>\r\n                <p class=\"mec-grid-event-location\">ul. Broniewskiego 9a<\/p>\r\n            <\/div>\r\n            <div class=\"mec-event-footer mec-color\">\r\n                                <ul class=\"mec-event-sharing-wrap\">\r\n                    <li class=\"mec-event-share\">\r\n                        <a href=\"#\" class=\"mec-event-share-icon\">\r\n                            <i class=\"mec-sl-share\" title=\"Share\"><\/i>\r\n                        <\/a>\r\n                    <\/li>\r\n                    <li>\r\n                        <ul class=\"mec-event-sharing\">\r\n                            <li class=\"mec-event-social-icon\"><a class=\"facebook\" href=\"https:\/\/www.facebook.com\/sharer\/sharer.php?u=https%3A%2F%2Fbpzoliborz.pl%2Fbpzoliborz%2Findex.php%2Fevents%2Fbiblioteczne-bingo-dla-dzieci-561%2F\" onclick=\"javascript:window.open(this.href, '', 'menubar=no,toolbar=no,resizable=yes,scrollbars=yes,height=500,width=600'); return false;\" title=\"Udost\u0119pnij na Facebooku\"><i class=\"mec-fa-facebook\"><\/i><\/a><\/li><li class=\"mec-event-social-icon\"><a class=\"twitter\" href=\"https:\/\/twitter.com\/share?url=https%3A%2F%2Fbpzoliborz.pl%2Fbpzoliborz%2Findex.php%2Fevents%2Fbiblioteczne-bingo-dla-dzieci-561%2F\" onclick=\"javascript:window.open(this.href, '', 'menubar=no,toolbar=no,resizable=yes,scrollbars=yes,height=600,width=500'); return false;\" target=\"_blank\" title=\"Tweetuj\"><i class=\"mec-fa-twitter\"><\/i><\/a><\/li><li class=\"mec-event-social-icon\"><a class=\"email\" href=\"mailto:?subject=Gra %26#8220;Biblioteczne Safari\u2019\u2019&body=https%3A%2F%2Fbpzoliborz.pl%2Fbpzoliborz%2Findex.php%2Fevents%2Fbiblioteczne-bingo-dla-dzieci-561%2F\" title=\"Email\"><i class=\"mec-fa-envelope\"><\/i><\/a><\/li>                        <\/ul>\r\n                    <\/li>\r\n                <\/ul>\r\n                                                                <a class=\"mec-booking-button\"  data-event-id=\"33478\" href=\"https:\/\/bpzoliborz.pl\/bpzoliborz\/index.php\/events\/biblioteczne-bingo-dla-dzieci-561\/?occurrence=2026-09-01\" target=\"_self\" rel=\"noopener\">Poka\u017c szczeg\u00f3\u0142y<\/a>            <\/div>\r\n        <\/article><\/div><\/div>                <div class=\"row\"><div class=\"col-md-12 col-sm-12\">        <script type=\"application\/ld+json\">\r\n        {\r\n            \"@context\": \"http:\/\/schema.org\",\r\n            \"@type\": \"Event\",\r\n            \"eventStatus\": \"https:\/\/schema.org\/EventScheduled\",\r\n            \"startDate\": \"2026-09-07\",\r\n            \"endDate\": \"2026-09-07\",\r\n            \"eventAttendanceMode\": \"https:\/\/schema.org\/OfflineEventAttendanceMode\",\r\n            \"location\":\r\n            {\r\n                \"@type\": \"Place\",\r\n                                \"name\": \"Biblioteka dla Dzieci nr XV\",\r\n                \"image\": \"http:\/\/bpzoliborz.pl\/bpzoliborz\/wp-content\/uploads\/2020\/07\/broniewskiego.jpg\",\r\n                \"address\": \"ul. Broniewskiego 9a\"\r\n                            },\r\n            \"organizer\":\r\n            {\r\n                \"@type\": \"Person\",\r\n                \"name\": \"Biblioteka dla Dzieci nr XV\",\r\n                \"url\": \"http:\/\/bpzoliborz.pl\/bpzoliborz\/index.php\/biblioteka-dla-dzieci-nr-xv\/\"\r\n            },\r\n            \"offers\":\r\n            {\r\n                \"url\": \"https:\/\/bpzoliborz.pl\/bpzoliborz\/index.php\/events\/kartki-dla-dziadkow-warsztaty-plastyczne-372-869-823\/\",\r\n                \"price\": \"\",\r\n                \"priceCurrency\": \"PLN\",\r\n                \"availability\": \"https:\/\/schema.org\/InStock\",\r\n                \"validFrom\": \"2026-09-07T00:00\"\r\n            },\r\n            \"performer\": \"\",\r\n            \"description\": \"&lt;p style=&quot;text-align: center&quot; data-start=&quot;76&quot; data-end=&quot;354&quot;&gt;Zapraszamy na warsztaty plastyczne dla dzieci i rodzic\u00f3w, podczas kt\u00f3rych uczestnicy wykonaj\u0105 papierowe dekoracje z motywem ryb.&lt;\/p&gt; &lt;p style=&quot;text-align: center&quot;&gt;&lt;strong&gt;KIEDY:&lt;\/strong&gt;&lt;\/p&gt; &lt;p style=&quot;text-align: center&quot;&gt;&lt;strong&gt;&lt;span class=&quot;a_GcMg font-feature-liga-off font-feature-clig-off font-feature-calt-off text-decoration-none text-strikethrough-none&quot;&gt;7 wrze\u015bnia (poniedzia\u0142ek)&lt;\/span&gt;&lt;\/strong&gt;&lt;\/p&gt; &lt;p style=&quot;text-align: center&quot;&gt;&lt;span class=&quot;a_GcMg font-feature-liga-off font-feature-clig-off font-feature-calt-off text-decoration-none text-strikethrough-none&quot;&gt;&lt;strong&gt;Grupa 1&lt;\/strong&gt;: 17.00&lt;\/span&gt;&lt;\/p&gt; &lt;p style=&quot;text-align: center&quot;&gt;&lt;strong&gt;Grupa 2:&lt;\/strong&gt; 18.00&lt;\/p&gt; &lt;p&gt;&nbsp;&lt;\/p&gt; &lt;p style=&quot;text-align: center&quot;&gt;&lt;strong&gt;GDZIE: &lt;\/strong&gt;Biblioteka dla Dzieci i M\u0142odzie\u017cy nr XV,&lt;br \/&gt; &lt;span class=&quot;a_GcMg font-feature-liga-off font-feature-clig-off font-feature-calt-off text-decoration-none text-strikethrough-none&quot;&gt;ul. Broniewskiego 9a&lt;\/span&gt;&lt;\/p&gt; &lt;p style=&quot;text-align: center&quot;&gt;Zapisy pod numerem telefonu 22 633-90-80&lt;\/p&gt; \",\r\n            \"image\": \"https:\/\/bpzoliborz.pl\/bpzoliborz\/wp-content\/uploads\/2026\/08\/obrazek-wyrozniajacy-na-strone-Broniewskiego-18.png\",\r\n            \"name\": \"Papierowe rybki &#8211; warsztaty plastyczne z cyklu &#8220;Ksi\u0105\u017ckowe wycinanki&#8221;\",\r\n            \"url\": \"https:\/\/bpzoliborz.pl\/bpzoliborz\/index.php\/events\/kartki-dla-dziadkow-warsztaty-plastyczne-372-869-823\/?occurrence=2026-09-07&time=1788800400\"\r\n        }\r\n        <\/script>\r\n        <article class=\" mec-event-article mec-clear  \" itemscope>                    <div class=\"event-grid-t2-head mec-bg-color clearfix\">\r\n                                    <div class=\"mec-event-month\"><span class=\"mec-start-date-label\" itemprop=\"startDate\">07 wrze\u015bnia<\/span><\/div>\r\n                                                                                            <div class=\"mec-event-detail\">\r\n                    <div class=\"mec-event-loc-place\">Biblioteka dla Dzieci nr XV<\/div>\r\n                                                                            <\/div>\r\n            <\/div>\r\n            <div class=\"mec-event-image\"><a   data-event-id=\"33194\" href=\"https:\/\/bpzoliborz.pl\/bpzoliborz\/index.php\/events\/kartki-dla-dziadkow-warsztaty-plastyczne-372-869-823\/?occurrence=2026-09-07&time=1788800400\" target=\"_self\" rel=\"noopener\"><img width=\"1080\" height=\"675\" src=\"https:\/\/bpzoliborz.pl\/bpzoliborz\/wp-content\/uploads\/2026\/08\/obrazek-wyrozniajacy-na-strone-Broniewskiego-18.png\" class=\"attachment-medium size-medium wp-post-image\" alt=\"Grafika promuj\u0105ca zaj\u0119cia plastyczne \u201ePapierowe rybki\u201d z cyklu \u201eKsi\u0105\u017ckowe wycinanki\u201d, organizowane przez Bibliotek\u0119 dla Dzieci i M\u0142odzie\u017cy nr XV. Na turkusowym tle znajduj\u0105 si\u0119 ilustracje dw\u00f3ch pomara\u0144czowych rybek oraz b\u0105belki przypominaj\u0105ce podwodny \u015bwiat. Na grafice widniej\u0105 informacje o wydarzeniu: 7 wrze\u015bnia, w godzinach 17.00\u201318.00, w bibliotece przy ul. Broniewskiego 9A. W dolnej cz\u0119\u015bci umieszczono logotypy Biblioteki Publicznej w Dzielnicy \u017boliborz m.st. Warszawy oraz Instytucji Kultury m.st. Warszawy.\" loading=\"lazy\" data-mec-postid=\"33194\" srcset=\"https:\/\/bpzoliborz.pl\/bpzoliborz\/wp-content\/uploads\/2026\/08\/obrazek-wyrozniajacy-na-strone-Broniewskiego-18.png 1080w, https:\/\/bpzoliborz.pl\/bpzoliborz\/wp-content\/uploads\/2026\/08\/obrazek-wyrozniajacy-na-strone-Broniewskiego-18-768x480.png 768w\" sizes=\"(max-width: 1080px) 100vw, 1080px\" \/><\/a><\/div>\r\n            <div class=\"mec-event-content\">\r\n                                                                <h4 class=\"mec-event-title\"><a class=\"mec-color-hover\"  data-event-id=\"33194\" href=\"https:\/\/bpzoliborz.pl\/bpzoliborz\/index.php\/events\/kartki-dla-dziadkow-warsztaty-plastyczne-372-869-823\/?occurrence=2026-09-07&time=1788800400\" target=\"_self\" rel=\"noopener\">Papierowe rybki &#8211; warsztaty plastyczne z cyklu &#8220;Ksi\u0105\u017ckowe wycinanki&#8221;<\/a><span class=\"event-color\" style=\"background: #02b5cd\"><\/span><\/h4>\r\n                <p class=\"mec-grid-event-location\">ul. Broniewskiego 9a<\/p>\r\n            <\/div>\r\n            <div class=\"mec-event-footer mec-color\">\r\n                                <ul class=\"mec-event-sharing-wrap\">\r\n                    <li class=\"mec-event-share\">\r\n                        <a href=\"#\" class=\"mec-event-share-icon\">\r\n                            <i class=\"mec-sl-share\" title=\"Share\"><\/i>\r\n                        <\/a>\r\n                    <\/li>\r\n                    <li>\r\n                        <ul class=\"mec-event-sharing\">\r\n                            <li class=\"mec-event-social-icon\"><a class=\"facebook\" href=\"https:\/\/www.facebook.com\/sharer\/sharer.php?u=https%3A%2F%2Fbpzoliborz.pl%2Fbpzoliborz%2Findex.php%2Fevents%2Fkartki-dla-dziadkow-warsztaty-plastyczne-372-869-823%2F\" onclick=\"javascript:window.open(this.href, '', 'menubar=no,toolbar=no,resizable=yes,scrollbars=yes,height=500,width=600'); return false;\" title=\"Udost\u0119pnij na Facebooku\"><i class=\"mec-fa-facebook\"><\/i><\/a><\/li><li class=\"mec-event-social-icon\"><a class=\"twitter\" href=\"https:\/\/twitter.com\/share?url=https%3A%2F%2Fbpzoliborz.pl%2Fbpzoliborz%2Findex.php%2Fevents%2Fkartki-dla-dziadkow-warsztaty-plastyczne-372-869-823%2F\" onclick=\"javascript:window.open(this.href, '', 'menubar=no,toolbar=no,resizable=yes,scrollbars=yes,height=600,width=500'); return false;\" target=\"_blank\" title=\"Tweetuj\"><i class=\"mec-fa-twitter\"><\/i><\/a><\/li><li class=\"mec-event-social-icon\"><a class=\"email\" href=\"mailto:?subject=Papierowe rybki - warsztaty plastyczne z cyklu %26#8220;Ksi\u0105\u017ckowe wycinanki\u2019\u2019&body=https%3A%2F%2Fbpzoliborz.pl%2Fbpzoliborz%2Findex.php%2Fevents%2Fkartki-dla-dziadkow-warsztaty-plastyczne-372-869-823%2F\" title=\"Email\"><i class=\"mec-fa-envelope\"><\/i><\/a><\/li>                        <\/ul>\r\n                    <\/li>\r\n                <\/ul>\r\n                                                                <a class=\"mec-booking-button\"  data-event-id=\"33194\" href=\"https:\/\/bpzoliborz.pl\/bpzoliborz\/index.php\/events\/kartki-dla-dziadkow-warsztaty-plastyczne-372-869-823\/?occurrence=2026-09-07&time=1788800400\" target=\"_self\" rel=\"noopener\">Poka\u017c szczeg\u00f3\u0142y<\/a>            <\/div>\r\n        <\/article><\/div><\/div>                <div class=\"row\"><div class=\"col-md-12 col-sm-12\">        <script type=\"application\/ld+json\">\r\n        {\r\n            \"@context\": \"http:\/\/schema.org\",\r\n            \"@type\": \"Event\",\r\n            \"eventStatus\": \"https:\/\/schema.org\/EventScheduled\",\r\n            \"startDate\": \"2026-09-08\",\r\n            \"endDate\": \"2026-09-08\",\r\n            \"eventAttendanceMode\": \"https:\/\/schema.org\/OfflineEventAttendanceMode\",\r\n            \"location\":\r\n            {\r\n                \"@type\": \"Place\",\r\n                                \"name\": \"Wypo\u017cyczalnia nr 16\",\r\n                \"image\": \"http:\/\/bpzoliborz.pl\/bpzoliborz\/wp-content\/uploads\/2020\/07\/Biblioteka-nr-16-S\u0142owackiego-19a-scaled-e1594730867309.jpg\",\r\n                \"address\": \"ul. S\u0142owackiego 19a\"\r\n                            },\r\n            \"organizer\":\r\n            {\r\n                \"@type\": \"Person\",\r\n                \"name\": \"Wypo\u017cyczalnia nr 16\",\r\n                \"url\": \"http:\/\/bpzoliborz.pl\/bpzoliborz\/index.php\/wypozyczalnia-nr-16\/\"\r\n            },\r\n            \"offers\":\r\n            {\r\n                \"url\": \"https:\/\/bpzoliborz.pl\/bpzoliborz\/index.php\/events\/kolko-szachowe-459-676-687-782-324-369-632-377-684-564-740-965-688-691\/\",\r\n                \"price\": \"\",\r\n                \"priceCurrency\": \"PLN\",\r\n                \"availability\": \"https:\/\/schema.org\/InStock\",\r\n                \"validFrom\": \"2026-09-08T00:00\"\r\n            },\r\n            \"performer\": \"\",\r\n            \"description\": \"&lt;p align=&quot;LEFT&quot;&gt;&lt;span style=&quot;color: #000000&quot;&gt;&lt;span style=&quot;font-family: Calibri, sans-serif&quot;&gt;&lt;span style=&quot;font-size: medium&quot;&gt;&lt;span lang=&quot;pl-PL&quot;&gt;Zapraszamy wszystkich mi\u0142o\u015bnik\u00f3w szach\u00f3w, bez wzgl\u0119du na wiek czy umiej\u0119tno\u015bci. Udost\u0119pniamy szachownice oraz zegary szachowe, nauczymy r\u00f3wnie\u017c podstaw gry.&lt;\/span&gt;&lt;\/span&gt;&lt;\/span&gt;&lt;\/span&gt;&lt;\/p&gt; &lt;p style=&quot;text-align: center&quot; align=&quot;LEFT&quot;&gt;ka\u017cdy wtorek 17.00-19.00&lt;\/p&gt; &lt;p style=&quot;text-align: center&quot; align=&quot;LEFT&quot;&gt;Wypo\u017cyczalnia dla Doros\u0142ych i M\u0142odzie\u017cy nr 16&lt;\/p&gt; &lt;p style=&quot;text-align: center&quot; align=&quot;LEFT&quot;&gt;ul. S\u0142owackiego 9A&lt;\/p&gt; \",\r\n            \"image\": \"https:\/\/bpzoliborz.pl\/bpzoliborz\/wp-content\/uploads\/2026\/06\/Szachy-obrazek-wyrozniajacy-na-strone-wyp16-8.png\",\r\n            \"name\": \"K\u00f3\u0142ko szachowe\",\r\n            \"url\": \"https:\/\/bpzoliborz.pl\/bpzoliborz\/index.php\/events\/kolko-szachowe-459-676-687-782-324-369-632-377-684-564-740-965-688-691\/?occurrence=2026-09-08&time=1788886800\"\r\n        }\r\n        <\/script>\r\n        <article class=\"mec-past-event mec-event-article mec-clear  \" itemscope>                    <div class=\"event-grid-t2-head mec-bg-color clearfix\">\r\n                                    <div class=\"mec-event-month\"><span class=\"mec-start-date-label\" itemprop=\"startDate\">08 wrze\u015bnia<\/span><\/div>\r\n                                                                                            <div class=\"mec-event-detail\">\r\n                    <div class=\"mec-event-loc-place\">Wypo\u017cyczalnia nr 16<\/div>\r\n                                                                            <\/div>\r\n            <\/div>\r\n            <div class=\"mec-event-image\"><a   data-event-id=\"14356\" href=\"https:\/\/bpzoliborz.pl\/bpzoliborz\/index.php\/events\/kolko-szachowe-459-676-687-782-324-369-632-377-684-564-740-965-688-691\/?occurrence=2026-09-08&time=1788886800\" target=\"_self\" rel=\"noopener\"><img width=\"1080\" height=\"675\" src=\"https:\/\/bpzoliborz.pl\/bpzoliborz\/wp-content\/uploads\/2026\/06\/Szachy-obrazek-wyrozniajacy-na-strone-wyp16-8.png\" class=\"attachment-medium size-medium wp-post-image\" alt=\"grafika wyr\u00f3\u017cniaj\u0105ca przedstawiaj\u0105ca trzy bierki szachowe stoj\u0105ce na szachownicy\" loading=\"lazy\" data-mec-postid=\"14356\" srcset=\"https:\/\/bpzoliborz.pl\/bpzoliborz\/wp-content\/uploads\/2026\/06\/Szachy-obrazek-wyrozniajacy-na-strone-wyp16-8.png 1080w, https:\/\/bpzoliborz.pl\/bpzoliborz\/wp-content\/uploads\/2026\/06\/Szachy-obrazek-wyrozniajacy-na-strone-wyp16-8-768x480.png 768w\" sizes=\"(max-width: 1080px) 100vw, 1080px\" \/><\/a><\/div>\r\n            <div class=\"mec-event-content\">\r\n                                                                <h4 class=\"mec-event-title\"><a class=\"mec-color-hover\"  data-event-id=\"14356\" href=\"https:\/\/bpzoliborz.pl\/bpzoliborz\/index.php\/events\/kolko-szachowe-459-676-687-782-324-369-632-377-684-564-740-965-688-691\/?occurrence=2026-09-08&time=1788886800\" target=\"_self\" rel=\"noopener\">K\u00f3\u0142ko szachowe<\/a><span class=\"event-color\" style=\"background: #\"><\/span><\/h4>\r\n                <p class=\"mec-grid-event-location\">ul. S\u0142owackiego 19a<\/p>\r\n            <\/div>\r\n            <div class=\"mec-event-footer mec-color\">\r\n                                <ul class=\"mec-event-sharing-wrap\">\r\n                    <li class=\"mec-event-share\">\r\n                        <a href=\"#\" class=\"mec-event-share-icon\">\r\n                            <i class=\"mec-sl-share\" title=\"Share\"><\/i>\r\n                        <\/a>\r\n                    <\/li>\r\n                    <li>\r\n                        <ul class=\"mec-event-sharing\">\r\n                            <li class=\"mec-event-social-icon\"><a class=\"facebook\" href=\"https:\/\/www.facebook.com\/sharer\/sharer.php?u=https%3A%2F%2Fbpzoliborz.pl%2Fbpzoliborz%2Findex.php%2Fevents%2Fkolko-szachowe-459-676-687-782-324-369-632-377-684-564-740-965-688-691%2F\" onclick=\"javascript:window.open(this.href, '', 'menubar=no,toolbar=no,resizable=yes,scrollbars=yes,height=500,width=600'); return false;\" title=\"Udost\u0119pnij na Facebooku\"><i class=\"mec-fa-facebook\"><\/i><\/a><\/li><li class=\"mec-event-social-icon\"><a class=\"twitter\" href=\"https:\/\/twitter.com\/share?url=https%3A%2F%2Fbpzoliborz.pl%2Fbpzoliborz%2Findex.php%2Fevents%2Fkolko-szachowe-459-676-687-782-324-369-632-377-684-564-740-965-688-691%2F\" onclick=\"javascript:window.open(this.href, '', 'menubar=no,toolbar=no,resizable=yes,scrollbars=yes,height=600,width=500'); return false;\" target=\"_blank\" title=\"Tweetuj\"><i class=\"mec-fa-twitter\"><\/i><\/a><\/li><li class=\"mec-event-social-icon\"><a class=\"email\" href=\"mailto:?subject=K\u00f3\u0142ko szachowe&body=https%3A%2F%2Fbpzoliborz.pl%2Fbpzoliborz%2Findex.php%2Fevents%2Fkolko-szachowe-459-676-687-782-324-369-632-377-684-564-740-965-688-691%2F\" title=\"Email\"><i class=\"mec-fa-envelope\"><\/i><\/a><\/li>                        <\/ul>\r\n                    <\/li>\r\n                <\/ul>\r\n                                                                <a class=\"mec-booking-button\"  data-event-id=\"14356\" href=\"https:\/\/bpzoliborz.pl\/bpzoliborz\/index.php\/events\/kolko-szachowe-459-676-687-782-324-369-632-377-684-564-740-965-688-691\/?occurrence=2026-09-08&time=1788886800\" target=\"_self\" rel=\"noopener\">Poka\u017c szczeg\u00f3\u0142y<\/a>            <\/div>\r\n        <\/article><\/div><\/div>        <div class=\"row\"><div class=\"col-md-12 col-sm-12\">        <script type=\"application\/ld+json\">\r\n        {\r\n            \"@context\": \"http:\/\/schema.org\",\r\n            \"@type\": \"Event\",\r\n            \"eventStatus\": \"https:\/\/schema.org\/EventScheduled\",\r\n            \"startDate\": \"2026-09-08\",\r\n            \"endDate\": \"2026-09-08\",\r\n            \"eventAttendanceMode\": \"https:\/\/schema.org\/OfflineEventAttendanceMode\",\r\n            \"location\":\r\n            {\r\n                \"@type\": \"Place\",\r\n                                \"name\": \"Biblioteka dla Dzieci nr XV\",\r\n                \"image\": \"http:\/\/bpzoliborz.pl\/bpzoliborz\/wp-content\/uploads\/2020\/07\/broniewskiego.jpg\",\r\n                \"address\": \"ul. Broniewskiego 9a\"\r\n                            },\r\n            \"organizer\":\r\n            {\r\n                \"@type\": \"Person\",\r\n                \"name\": \"Biblioteka dla Dzieci nr XV\",\r\n                \"url\": \"http:\/\/bpzoliborz.pl\/bpzoliborz\/index.php\/biblioteka-dla-dzieci-nr-xv\/\"\r\n            },\r\n            \"offers\":\r\n            {\r\n                \"url\": \"https:\/\/bpzoliborz.pl\/bpzoliborz\/index.php\/events\/kartki-dla-dziadkow-warsztaty-plastyczne-372-869-328-126-373-482\/\",\r\n                \"price\": \"\",\r\n                \"priceCurrency\": \"PLN\",\r\n                \"availability\": \"https:\/\/schema.org\/InStock\",\r\n                \"validFrom\": \"2026-09-08T00:00\"\r\n            },\r\n            \"performer\": \"\",\r\n            \"description\": \"&lt;p style=&quot;text-align: center&quot; data-start=&quot;76&quot; data-end=&quot;354&quot;&gt;Zapraszamy na warsztaty chemiczne dla dzieci&lt;\/p&gt; &lt;p style=&quot;text-align: center&quot;&gt;&lt;strong&gt;KIEDY:&lt;\/strong&gt;&lt;\/p&gt; &lt;p style=&quot;text-align: center&quot;&gt;&lt;strong&gt;&lt;span class=&quot;a_GcMg font-feature-liga-off font-feature-clig-off font-feature-calt-off text-decoration-none text-strikethrough-none&quot;&gt;8 wrze\u015bnia (wtorek)&lt;\/span&gt;&lt;\/strong&gt;&lt;\/p&gt; &lt;p style=&quot;text-align: center&quot;&gt;&lt;span class=&quot;a_GcMg font-feature-liga-off font-feature-clig-off font-feature-calt-off text-decoration-none text-strikethrough-none&quot;&gt;17.30&lt;\/span&gt;&lt;\/p&gt; &lt;p style=&quot;text-align: center&quot;&gt;&lt;strong&gt;GDZIE: &lt;\/strong&gt;Biblioteka dla Dzieci i M\u0142odzie\u017cy nr XV,&lt;br \/&gt; &lt;span class=&quot;a_GcMg font-feature-liga-off font-feature-clig-off font-feature-calt-off text-decoration-none text-strikethrough-none&quot;&gt;ul. Broniewskiego 9a&lt;\/span&gt;&lt;\/p&gt; &lt;p style=&quot;text-align: center&quot;&gt;Zapisy pod numerem telefonu 22 633-90-80&lt;\/p&gt; \",\r\n            \"image\": \"https:\/\/bpzoliborz.pl\/bpzoliborz\/wp-content\/uploads\/2026\/08\/obrazek-wyrozniajacy-na-strone-Broniewskiego-28.png\",\r\n            \"name\": \"Eksperymenty z Mam\u0105 Monik\u0105 \u2013 To nie magia to nauka &#8211; warsztaty naukowe dla dzieci\",\r\n            \"url\": \"https:\/\/bpzoliborz.pl\/bpzoliborz\/index.php\/events\/kartki-dla-dziadkow-warsztaty-plastyczne-372-869-328-126-373-482\/?occurrence=2026-09-08&time=1788888600\"\r\n        }\r\n        <\/script>\r\n        <article class=\" mec-event-article mec-clear  \" itemscope>                    <div class=\"event-grid-t2-head mec-bg-color clearfix\">\r\n                                    <div class=\"mec-event-month\"><span class=\"mec-start-date-label\" itemprop=\"startDate\">08 wrze\u015bnia<\/span><\/div>\r\n                                                                                            <div class=\"mec-event-detail\">\r\n                    <div class=\"mec-event-loc-place\">Biblioteka dla Dzieci nr XV<\/div>\r\n                                                                            <\/div>\r\n            <\/div>\r\n            <div class=\"mec-event-image\"><a   data-event-id=\"33466\" href=\"https:\/\/bpzoliborz.pl\/bpzoliborz\/index.php\/events\/kartki-dla-dziadkow-warsztaty-plastyczne-372-869-328-126-373-482\/?occurrence=2026-09-08&time=1788888600\" target=\"_self\" rel=\"noopener\"><img width=\"1080\" height=\"675\" src=\"https:\/\/bpzoliborz.pl\/bpzoliborz\/wp-content\/uploads\/2026\/08\/obrazek-wyrozniajacy-na-strone-Broniewskiego-28.png\" class=\"attachment-medium size-medium wp-post-image\" alt=\"Grafika zapowiadaj\u0105ca warsztaty \u201eEksperymenty z Mam\u0105 Monik\u0105 \u2013 To nie magia to nauka\u201d w Bibliotece dla Dzieci i M\u0142odzie\u017cy nr XV. Wydarzenie: wtorek, 8 wrze\u015bnia, godz. 17:30\u201319:00. Zapisy pod numerem 22 633 90 80. Na ilustracji dzieci wykonuj\u0105 eksperyment z prob\u00f3wkami i kolb\u0105.\" loading=\"lazy\" data-mec-postid=\"33466\" srcset=\"https:\/\/bpzoliborz.pl\/bpzoliborz\/wp-content\/uploads\/2026\/08\/obrazek-wyrozniajacy-na-strone-Broniewskiego-28.png 1080w, https:\/\/bpzoliborz.pl\/bpzoliborz\/wp-content\/uploads\/2026\/08\/obrazek-wyrozniajacy-na-strone-Broniewskiego-28-768x480.png 768w\" sizes=\"(max-width: 1080px) 100vw, 1080px\" \/><\/a><\/div>\r\n            <div class=\"mec-event-content\">\r\n                                                                <h4 class=\"mec-event-title\"><a class=\"mec-color-hover\"  data-event-id=\"33466\" href=\"https:\/\/bpzoliborz.pl\/bpzoliborz\/index.php\/events\/kartki-dla-dziadkow-warsztaty-plastyczne-372-869-328-126-373-482\/?occurrence=2026-09-08&time=1788888600\" target=\"_self\" rel=\"noopener\">Eksperymenty z Mam\u0105 Monik\u0105 \u2013 To nie magia to nauka &#8211; warsztaty naukowe dla dzieci<\/a><span class=\"event-color\" style=\"background: #02b5cd\"><\/span><\/h4>\r\n                <p class=\"mec-grid-event-location\">ul. Broniewskiego 9a<\/p>\r\n            <\/div>\r\n            <div class=\"mec-event-footer mec-color\">\r\n                                <ul class=\"mec-event-sharing-wrap\">\r\n                    <li class=\"mec-event-share\">\r\n                        <a href=\"#\" class=\"mec-event-share-icon\">\r\n                            <i class=\"mec-sl-share\" title=\"Share\"><\/i>\r\n                        <\/a>\r\n                    <\/li>\r\n                    <li>\r\n                        <ul class=\"mec-event-sharing\">\r\n                            <li class=\"mec-event-social-icon\"><a class=\"facebook\" href=\"https:\/\/www.facebook.com\/sharer\/sharer.php?u=https%3A%2F%2Fbpzoliborz.pl%2Fbpzoliborz%2Findex.php%2Fevents%2Fkartki-dla-dziadkow-warsztaty-plastyczne-372-869-328-126-373-482%2F\" onclick=\"javascript:window.open(this.href, '', 'menubar=no,toolbar=no,resizable=yes,scrollbars=yes,height=500,width=600'); return false;\" title=\"Udost\u0119pnij na Facebooku\"><i class=\"mec-fa-facebook\"><\/i><\/a><\/li><li class=\"mec-event-social-icon\"><a class=\"twitter\" href=\"https:\/\/twitter.com\/share?url=https%3A%2F%2Fbpzoliborz.pl%2Fbpzoliborz%2Findex.php%2Fevents%2Fkartki-dla-dziadkow-warsztaty-plastyczne-372-869-328-126-373-482%2F\" onclick=\"javascript:window.open(this.href, '', 'menubar=no,toolbar=no,resizable=yes,scrollbars=yes,height=600,width=500'); return false;\" target=\"_blank\" title=\"Tweetuj\"><i class=\"mec-fa-twitter\"><\/i><\/a><\/li><li class=\"mec-event-social-icon\"><a class=\"email\" href=\"mailto:?subject=Eksperymenty z Mam\u0105 Monik\u0105 \u2013 To nie magia to nauka - warsztaty naukowe dla dzieci&body=https%3A%2F%2Fbpzoliborz.pl%2Fbpzoliborz%2Findex.php%2Fevents%2Fkartki-dla-dziadkow-warsztaty-plastyczne-372-869-328-126-373-482%2F\" title=\"Email\"><i class=\"mec-fa-envelope\"><\/i><\/a><\/li>                        <\/ul>\r\n                    <\/li>\r\n                <\/ul>\r\n                                                                <a class=\"mec-booking-button\"  data-event-id=\"33466\" href=\"https:\/\/bpzoliborz.pl\/bpzoliborz\/index.php\/events\/kartki-dla-dziadkow-warsztaty-plastyczne-372-869-328-126-373-482\/?occurrence=2026-09-08&time=1788888600\" target=\"_self\" rel=\"noopener\">Poka\u017c szczeg\u00f3\u0142y<\/a>            <\/div>\r\n        <\/article><\/div><\/div>                <div class=\"row\"><div class=\"col-md-12 col-sm-12\">        <script type=\"application\/ld+json\">\r\n        {\r\n            \"@context\": \"http:\/\/schema.org\",\r\n            \"@type\": \"Event\",\r\n            \"eventStatus\": \"https:\/\/schema.org\/EventScheduled\",\r\n            \"startDate\": \"2026-09-11\",\r\n            \"endDate\": \"2026-09-11\",\r\n            \"eventAttendanceMode\": \"https:\/\/schema.org\/OfflineEventAttendanceMode\",\r\n            \"location\":\r\n            {\r\n                \"@type\": \"Place\",\r\n                                \"name\": \"Biblioteka dla Dzieci nr XX\",\r\n                \"image\": \"http:\/\/bpzoliborz.pl\/bpzoliborz\/wp-content\/uploads\/2020\/08\/\u015bmia\u0142a.png\",\r\n                \"address\": \"ul. \u015amia\u0142a 24\"\r\n                            },\r\n            \"organizer\":\r\n            {\r\n                \"@type\": \"Person\",\r\n                \"name\": \"Biblioteka dla Dzieci nr XX\",\r\n                \"url\": \"http:\/\/bpzoliborz.pl\/bpzoliborz\/index.php\/biblioteka-dla-dzieci-nr-xx\/\"\r\n            },\r\n            \"offers\":\r\n            {\r\n                \"url\": \"https:\/\/bpzoliborz.pl\/bpzoliborz\/index.php\/events\/wspomnienia-z-plazy-zamkniete-w-sloiczku-rodzinne-warsztaty-artystyczne\/\",\r\n                \"price\": \"\",\r\n                \"priceCurrency\": \"PLN\",\r\n                \"availability\": \"https:\/\/schema.org\/InStock\",\r\n                \"validFrom\": \"2026-09-11T00:00\"\r\n            },\r\n            \"performer\": \"\",\r\n            \"description\": \"&lt;p&gt;Warsztaty tworzenia kompozycji z kolorowego piasku w s\u0142oiczkach .&lt;br \/&gt; Warsztaty odb\u0119d\u0105 si\u0119 na dworze przed budynkiem bibliotek\u0105 (trzymamy kciuki za \u0142adna pogod\u0119 \ud83d\ude42 ).&lt;\/p&gt; &lt;p style=&quot;text-align: center;&quot;&gt;Biblioteka dla Dzieci nr XX, ul. \u015amia\u0142a 24&lt;br \/&gt; 11.09.2026 r. (pi\u0105tek) w godz. 15.00-17.00&lt;br \/&gt; wst\u0119p wolny&lt;\/p&gt; &lt;p&gt;&nbsp;&lt;\/p&gt; &lt;p&gt;&nbsp;&lt;\/p&gt; \",\r\n            \"image\": \"https:\/\/bpzoliborz.pl\/bpzoliborz\/wp-content\/uploads\/2026\/08\/Wspomnienia-z-plazy-warsztaty-artystyczne.jpg\",\r\n            \"name\": \"Wspomnienia z pla\u017cy zamkni\u0119te w s\u0142oiczku &#8211; Rodzinne Warsztaty Artystyczne\",\r\n            \"url\": \"https:\/\/bpzoliborz.pl\/bpzoliborz\/index.php\/events\/wspomnienia-z-plazy-zamkniete-w-sloiczku-rodzinne-warsztaty-artystyczne\/?occurrence=2026-09-11\"\r\n        }\r\n        <\/script>\r\n        <article class=\" mec-event-article mec-clear  \" itemscope>                    <div class=\"event-grid-t2-head mec-bg-color clearfix\">\r\n                                    <div class=\"mec-event-month\"><span class=\"mec-start-date-label\" itemprop=\"startDate\">11 wrze\u015bnia<\/span><\/div>\r\n                                                                                            <div class=\"mec-event-detail\">\r\n                    <div class=\"mec-event-loc-place\">Biblioteka dla Dzieci nr XX<\/div>\r\n                                                                            <\/div>\r\n            <\/div>\r\n            <div class=\"mec-event-image\"><a   data-event-id=\"33448\" href=\"https:\/\/bpzoliborz.pl\/bpzoliborz\/index.php\/events\/wspomnienia-z-plazy-zamkniete-w-sloiczku-rodzinne-warsztaty-artystyczne\/?occurrence=2026-09-11\" target=\"_self\" rel=\"noopener\"><img width=\"1080\" height=\"675\" src=\"https:\/\/bpzoliborz.pl\/bpzoliborz\/wp-content\/uploads\/2026\/08\/Wspomnienia-z-plazy-warsztaty-artystyczne.jpg\" class=\"attachment-medium size-medium wp-post-image\" alt=\"\" loading=\"lazy\" data-mec-postid=\"33448\" srcset=\"https:\/\/bpzoliborz.pl\/bpzoliborz\/wp-content\/uploads\/2026\/08\/Wspomnienia-z-plazy-warsztaty-artystyczne.jpg 1080w, https:\/\/bpzoliborz.pl\/bpzoliborz\/wp-content\/uploads\/2026\/08\/Wspomnienia-z-plazy-warsztaty-artystyczne-768x480.jpg 768w\" sizes=\"(max-width: 1080px) 100vw, 1080px\" \/><\/a><\/div>\r\n            <div class=\"mec-event-content\">\r\n                                                                <h4 class=\"mec-event-title\"><a class=\"mec-color-hover\"  data-event-id=\"33448\" href=\"https:\/\/bpzoliborz.pl\/bpzoliborz\/index.php\/events\/wspomnienia-z-plazy-zamkniete-w-sloiczku-rodzinne-warsztaty-artystyczne\/?occurrence=2026-09-11\" target=\"_self\" rel=\"noopener\">Wspomnienia z pla\u017cy zamkni\u0119te w s\u0142oiczku &#8211; Rodzinne Warsztaty Artystyczne<\/a><span class=\"event-color\" style=\"background: #\"><\/span><\/h4>\r\n                <p class=\"mec-grid-event-location\">ul. \u015amia\u0142a 24<\/p>\r\n            <\/div>\r\n            <div class=\"mec-event-footer mec-color\">\r\n                                <ul class=\"mec-event-sharing-wrap\">\r\n                    <li class=\"mec-event-share\">\r\n                        <a href=\"#\" class=\"mec-event-share-icon\">\r\n                            <i class=\"mec-sl-share\" title=\"Share\"><\/i>\r\n                        <\/a>\r\n                    <\/li>\r\n                    <li>\r\n                        <ul class=\"mec-event-sharing\">\r\n                            <li class=\"mec-event-social-icon\"><a class=\"facebook\" href=\"https:\/\/www.facebook.com\/sharer\/sharer.php?u=https%3A%2F%2Fbpzoliborz.pl%2Fbpzoliborz%2Findex.php%2Fevents%2Fwspomnienia-z-plazy-zamkniete-w-sloiczku-rodzinne-warsztaty-artystyczne%2F\" onclick=\"javascript:window.open(this.href, '', 'menubar=no,toolbar=no,resizable=yes,scrollbars=yes,height=500,width=600'); return false;\" title=\"Udost\u0119pnij na Facebooku\"><i class=\"mec-fa-facebook\"><\/i><\/a><\/li><li class=\"mec-event-social-icon\"><a class=\"twitter\" href=\"https:\/\/twitter.com\/share?url=https%3A%2F%2Fbpzoliborz.pl%2Fbpzoliborz%2Findex.php%2Fevents%2Fwspomnienia-z-plazy-zamkniete-w-sloiczku-rodzinne-warsztaty-artystyczne%2F\" onclick=\"javascript:window.open(this.href, '', 'menubar=no,toolbar=no,resizable=yes,scrollbars=yes,height=600,width=500'); return false;\" target=\"_blank\" title=\"Tweetuj\"><i class=\"mec-fa-twitter\"><\/i><\/a><\/li><li class=\"mec-event-social-icon\"><a class=\"email\" href=\"mailto:?subject=Wspomnienia z pla\u017cy zamkni\u0119te w s\u0142oiczku - Rodzinne Warsztaty Artystyczne&body=https%3A%2F%2Fbpzoliborz.pl%2Fbpzoliborz%2Findex.php%2Fevents%2Fwspomnienia-z-plazy-zamkniete-w-sloiczku-rodzinne-warsztaty-artystyczne%2F\" title=\"Email\"><i class=\"mec-fa-envelope\"><\/i><\/a><\/li>                        <\/ul>\r\n                    <\/li>\r\n                <\/ul>\r\n                                                                <a class=\"mec-booking-button\"  data-event-id=\"33448\" href=\"https:\/\/bpzoliborz.pl\/bpzoliborz\/index.php\/events\/wspomnienia-z-plazy-zamkniete-w-sloiczku-rodzinne-warsztaty-artystyczne\/?occurrence=2026-09-11\" target=\"_self\" rel=\"noopener\">Poka\u017c szczeg\u00f3\u0142y<\/a>            <\/div>\r\n        <\/article><\/div><\/div>        <div class=\"row\"><div class=\"col-md-12 col-sm-12\">        <script type=\"application\/ld+json\">\r\n        {\r\n            \"@context\": \"http:\/\/schema.org\",\r\n            \"@type\": \"Event\",\r\n            \"eventStatus\": \"https:\/\/schema.org\/EventScheduled\",\r\n            \"startDate\": \"2026-09-11\",\r\n            \"endDate\": \"2026-09-11\",\r\n            \"eventAttendanceMode\": \"https:\/\/schema.org\/OfflineEventAttendanceMode\",\r\n            \"location\":\r\n            {\r\n                \"@type\": \"Place\",\r\n                                \"name\": \"Wypo\u017cyczalnia nr 16\",\r\n                \"image\": \"http:\/\/bpzoliborz.pl\/bpzoliborz\/wp-content\/uploads\/2020\/07\/Biblioteka-nr-16-S\u0142owackiego-19a-scaled-e1594730867309.jpg\",\r\n                \"address\": \"ul. S\u0142owackiego 19a\"\r\n                            },\r\n            \"organizer\":\r\n            {\r\n                \"@type\": \"Person\",\r\n                \"name\": \"Wypo\u017cyczalnia nr 16\",\r\n                \"url\": \"http:\/\/bpzoliborz.pl\/bpzoliborz\/index.php\/wypozyczalnia-nr-16\/\"\r\n            },\r\n            \"offers\":\r\n            {\r\n                \"url\": \"https:\/\/bpzoliborz.pl\/bpzoliborz\/index.php\/events\/dyskusyjny-klub-ksiazki-milosc-w-czasach-zarazy\/\",\r\n                \"price\": \"\",\r\n                \"priceCurrency\": \"PLN\",\r\n                \"availability\": \"https:\/\/schema.org\/InStock\",\r\n                \"validFrom\": \"2026-09-11T00:00\"\r\n            },\r\n            \"performer\": \"\",\r\n            \"description\": \"&lt;p&gt;Zapraszamy na spotkanie Dyskusyjnego Klubu Ksi\u0105\u017cki &#8211; Podr\u00f3\u017ce Literackie.&lt;\/p&gt; &lt;p&gt;Chcemy czyta\u0107 r\u00f3\u017cnorodnie, odkrywa\u0107 nowe \u015bcie\u017cki literackie, dlatego wybieramy na ka\u017cde spotkanie literatur\u0119 innego kraju. Tym razem om\u00f3wimy ksi\u0105\u017ck\u0119 Gabriela Marqueza &#8220;Mi\u0142o\u015b\u0107 w czasach zarazy&#8221;.&lt;\/p&gt; &lt;p&gt;&nbsp;&lt;\/p&gt; &lt;p&gt;&nbsp;&lt;\/p&gt; &lt;p&gt;&nbsp;&lt;\/p&gt; \",\r\n            \"image\": \"https:\/\/bpzoliborz.pl\/bpzoliborz\/wp-content\/uploads\/2026\/08\/post-na-facebooka-szablon-wyp16.png\",\r\n            \"name\": \"Dyskusyjny Klub Ksi\u0105\u017cki &#8211; &#8220;Mi\u0142o\u015b\u0107 w czasach zarazy&#8221;\",\r\n            \"url\": \"https:\/\/bpzoliborz.pl\/bpzoliborz\/index.php\/events\/dyskusyjny-klub-ksiazki-milosc-w-czasach-zarazy\/?occurrence=2026-09-11\"\r\n        }\r\n        <\/script>\r\n        <article class=\" mec-event-article mec-clear  \" itemscope>                    <div class=\"event-grid-t2-head mec-bg-color clearfix\">\r\n                                    <div class=\"mec-event-month\"><span class=\"mec-start-date-label\" itemprop=\"startDate\">11 wrze\u015bnia<\/span><\/div>\r\n                                                                                            <div class=\"mec-event-detail\">\r\n                    <div class=\"mec-event-loc-place\">Wypo\u017cyczalnia nr 16<\/div>\r\n                                                                            <\/div>\r\n            <\/div>\r\n            <div class=\"mec-event-image\"><a   data-event-id=\"33320\" href=\"https:\/\/bpzoliborz.pl\/bpzoliborz\/index.php\/events\/dyskusyjny-klub-ksiazki-milosc-w-czasach-zarazy\/?occurrence=2026-09-11\" target=\"_self\" rel=\"noopener\"><img width=\"940\" height=\"788\" src=\"https:\/\/bpzoliborz.pl\/bpzoliborz\/wp-content\/uploads\/2026\/08\/post-na-facebooka-szablon-wyp16.png\" class=\"attachment-medium size-medium wp-post-image\" alt=\"grafika wyr\u00f3\u017cniaj\u0105ca zapraszaj\u0105ca na spotkanie Dyskusyjnego Klubu Ksi\u0105\u017cki - Podr\u00f3\u017ce Literackie. Na grafice znajduje si\u0119 ok\u0142adka ksi\u0105\u017cki Gabriela Marqueza &quot;Mi\u0142o\u015b\u0107 w czasach zarazy\" loading=\"lazy\" data-mec-postid=\"33320\" srcset=\"https:\/\/bpzoliborz.pl\/bpzoliborz\/wp-content\/uploads\/2026\/08\/post-na-facebooka-szablon-wyp16.png 940w, https:\/\/bpzoliborz.pl\/bpzoliborz\/wp-content\/uploads\/2026\/08\/post-na-facebooka-szablon-wyp16-768x644.png 768w\" sizes=\"(max-width: 940px) 100vw, 940px\" \/><\/a><\/div>\r\n            <div class=\"mec-event-content\">\r\n                                                                <h4 class=\"mec-event-title\"><a class=\"mec-color-hover\"  data-event-id=\"33320\" href=\"https:\/\/bpzoliborz.pl\/bpzoliborz\/index.php\/events\/dyskusyjny-klub-ksiazki-milosc-w-czasach-zarazy\/?occurrence=2026-09-11\" target=\"_self\" rel=\"noopener\">Dyskusyjny Klub Ksi\u0105\u017cki &#8211; &#8220;Mi\u0142o\u015b\u0107 w czasach zarazy&#8221;<\/a><span class=\"event-color\" style=\"background: #\"><\/span><\/h4>\r\n                <p class=\"mec-grid-event-location\">ul. S\u0142owackiego 19a<\/p>\r\n            <\/div>\r\n            <div class=\"mec-event-footer mec-color\">\r\n                                <ul class=\"mec-event-sharing-wrap\">\r\n                    <li class=\"mec-event-share\">\r\n                        <a href=\"#\" class=\"mec-event-share-icon\">\r\n                            <i class=\"mec-sl-share\" title=\"Share\"><\/i>\r\n                        <\/a>\r\n                    <\/li>\r\n                    <li>\r\n                        <ul class=\"mec-event-sharing\">\r\n                            <li class=\"mec-event-social-icon\"><a class=\"facebook\" href=\"https:\/\/www.facebook.com\/sharer\/sharer.php?u=https%3A%2F%2Fbpzoliborz.pl%2Fbpzoliborz%2Findex.php%2Fevents%2Fdyskusyjny-klub-ksiazki-milosc-w-czasach-zarazy%2F\" onclick=\"javascript:window.open(this.href, '', 'menubar=no,toolbar=no,resizable=yes,scrollbars=yes,height=500,width=600'); return false;\" title=\"Udost\u0119pnij na Facebooku\"><i class=\"mec-fa-facebook\"><\/i><\/a><\/li><li class=\"mec-event-social-icon\"><a class=\"twitter\" href=\"https:\/\/twitter.com\/share?url=https%3A%2F%2Fbpzoliborz.pl%2Fbpzoliborz%2Findex.php%2Fevents%2Fdyskusyjny-klub-ksiazki-milosc-w-czasach-zarazy%2F\" onclick=\"javascript:window.open(this.href, '', 'menubar=no,toolbar=no,resizable=yes,scrollbars=yes,height=600,width=500'); return false;\" target=\"_blank\" title=\"Tweetuj\"><i class=\"mec-fa-twitter\"><\/i><\/a><\/li><li class=\"mec-event-social-icon\"><a class=\"email\" href=\"mailto:?subject=Dyskusyjny Klub Ksi\u0105\u017cki - %26#8220;Mi\u0142o\u015b\u0107 w czasach zarazy\u2019\u2019&body=https%3A%2F%2Fbpzoliborz.pl%2Fbpzoliborz%2Findex.php%2Fevents%2Fdyskusyjny-klub-ksiazki-milosc-w-czasach-zarazy%2F\" title=\"Email\"><i class=\"mec-fa-envelope\"><\/i><\/a><\/li>                        <\/ul>\r\n                    <\/li>\r\n                <\/ul>\r\n                                                                <a class=\"mec-booking-button\"  data-event-id=\"33320\" href=\"https:\/\/bpzoliborz.pl\/bpzoliborz\/index.php\/events\/dyskusyjny-klub-ksiazki-milosc-w-czasach-zarazy\/?occurrence=2026-09-11\" target=\"_self\" rel=\"noopener\">Poka\u017c szczeg\u00f3\u0142y<\/a>            <\/div>\r\n        <\/article><\/div><\/div>                <div class=\"row\"><div class=\"col-md-12 col-sm-12\">        <script type=\"application\/ld+json\">\r\n        {\r\n            \"@context\": \"http:\/\/schema.org\",\r\n            \"@type\": \"Event\",\r\n            \"eventStatus\": \"https:\/\/schema.org\/EventScheduled\",\r\n            \"startDate\": \"2026-09-12\",\r\n            \"endDate\": \"2026-09-12\",\r\n            \"eventAttendanceMode\": \"https:\/\/schema.org\/OfflineEventAttendanceMode\",\r\n            \"location\":\r\n            {\r\n                \"@type\": \"Place\",\r\n                                \"name\": \"Czytelnia Pod Sowami\",\r\n                \"image\": \"http:\/\/bpzoliborz.pl\/bpzoliborz\/wp-content\/uploads\/2020\/07\/Czytelnia-Pod-Sowami-ul.-Gen.-Zaj\u0105czka-8-scaled.jpg\",\r\n                \"address\": \"ul. Gen. Zaj\u0105czka 8\"\r\n                            },\r\n            \"organizer\":\r\n            {\r\n                \"@type\": \"Person\",\r\n                \"name\": \"Czytelnia Naukowa nr XVI\",\r\n                \"url\": \"http:\/\/bpzoliborz.pl\/bpzoliborz\/index.php\/czytelnia-naukowa-nr-xvi\/\"\r\n            },\r\n            \"offers\":\r\n            {\r\n                \"url\": \"https:\/\/bpzoliborz.pl\/bpzoliborz\/index.php\/events\/narodowe-czytanie-2026\/\",\r\n                \"price\": \"\",\r\n                \"priceCurrency\": \"PLN\",\r\n                \"availability\": \"https:\/\/schema.org\/InStock\",\r\n                \"validFrom\": \"2026-09-12T00:00\"\r\n            },\r\n            \"performer\": \"\",\r\n            \"description\": \"&lt;p class=&quot;western&quot;&gt;Biblioteka Publiczna w Dzielnicy \u017boliborz zaprasza na pi\u0119tnast\u0105 ods\u0142on\u0119 Narodowego Czytania \u2013 wyj\u0105tkowej akcji, kt\u00f3ra popularyzuje klasyk\u0119 polskiej literatury i propaguje czytelnictwo. W tym roku serdecznie zapraszamy Pa\u0144stwa do wsp\u00f3lnego przeczytania \u201eDziad\u00f3w\u201d Adama Mickiewicza. Szczeg\u00f3\u0142y wydarzenia:&lt;\/p&gt; &lt;p&gt;Data: 12 wrze\u015bnia 2026 (sobota)&lt;br \/&gt; Godzina: 14:00-17:00&lt;br \/&gt; Miejsce: Czytelnia Pod Sowami&lt;br \/&gt; Adres: ul. Genera\u0142a Zaj\u0105czka 8&lt;br \/&gt; Wst\u0119p: Wolny&lt;\/p&gt; &lt;p&gt;Wsp\u00f3lne czytanie fragment\u00f3w \u201eDziad\u00f3w\u201d z udzia\u0142em mieszka\u0144c\u00f3w, przedstawicieli instytucji kultury oraz zaproszonych go\u015bci. Podczas przerwy pomi\u0119dzy czytaniami lektury zostanie przedstawienia biografia i tw\u00f3rczo\u015b\u0107 Adama Mickiewicza oraz kr\u00f3tka historia powstania dramatu.&lt;\/p&gt; &lt;p&gt;Odb\u0119dzie si\u0119 quiz ze znajomo\u015bci \u017cycia i tw\u00f3rczo\u015bci Adama Mickiewicza oraz quiz ze znajomo\u015bci \u201eDziad\u00f3w\u201d.&lt;\/p&gt; &lt;p&gt;Zapraszamy r\u00f3wnie\u017c do udzia\u0142u w warsztatach dla dzieci i doros\u0142ych:&lt;\/p&gt; &lt;p&gt;&#8211; wykonywanie lalek \u2013 motanek,&lt;\/p&gt; &lt;p&gt;&#8211; wykonywanie lampion\u00f3w ozdabianych technik\u0105 decoupageu,&lt;\/p&gt; &lt;p&gt;&#8211; wykonywanie duszk\u00f3w,&lt;\/p&gt; &lt;p&gt;&#8211; wykonywanie bukiecik\u00f3w z suszonych kwiat\u00f3w.&lt;\/p&gt; \",\r\n            \"image\": \"https:\/\/bpzoliborz.pl\/bpzoliborz\/wp-content\/uploads\/2026\/08\/obrazek-wyrozniajacy-WYDARZENIA-I-AKTUALNOSCI-na-strone-CZYTELNIA.png\",\r\n            \"name\": \"Narodowe Czytanie 2026 &#8211; &#8220;Dziady&#8221; Adama Mickiewicza\",\r\n            \"url\": \"https:\/\/bpzoliborz.pl\/bpzoliborz\/index.php\/events\/narodowe-czytanie-2026\/?occurrence=2026-09-12\"\r\n        }\r\n        <\/script>\r\n        <article class=\" mec-event-article mec-clear  \" itemscope>                    <div class=\"event-grid-t2-head mec-bg-color clearfix\">\r\n                                    <div class=\"mec-event-month\"><span class=\"mec-start-date-label\" itemprop=\"startDate\">12 wrze\u015bnia<\/span><\/div>\r\n                                                                                            <div class=\"mec-event-detail\">\r\n                    <div class=\"mec-event-loc-place\">Czytelnia Pod Sowami<\/div>\r\n                                                                            <\/div>\r\n            <\/div>\r\n            <div class=\"mec-event-image\"><a   data-event-id=\"33291\" href=\"https:\/\/bpzoliborz.pl\/bpzoliborz\/index.php\/events\/narodowe-czytanie-2026\/?occurrence=2026-09-12\" target=\"_self\" rel=\"noopener\"><img width=\"1080\" height=\"675\" src=\"https:\/\/bpzoliborz.pl\/bpzoliborz\/wp-content\/uploads\/2026\/08\/obrazek-wyrozniajacy-WYDARZENIA-I-AKTUALNOSCI-na-strone-CZYTELNIA.png\" class=\"attachment-medium size-medium wp-post-image\" alt=\"\" loading=\"lazy\" data-mec-postid=\"33291\" srcset=\"https:\/\/bpzoliborz.pl\/bpzoliborz\/wp-content\/uploads\/2026\/08\/obrazek-wyrozniajacy-WYDARZENIA-I-AKTUALNOSCI-na-strone-CZYTELNIA.png 1080w, https:\/\/bpzoliborz.pl\/bpzoliborz\/wp-content\/uploads\/2026\/08\/obrazek-wyrozniajacy-WYDARZENIA-I-AKTUALNOSCI-na-strone-CZYTELNIA-768x480.png 768w\" sizes=\"(max-width: 1080px) 100vw, 1080px\" \/><\/a><\/div>\r\n            <div class=\"mec-event-content\">\r\n                                                                <h4 class=\"mec-event-title\"><a class=\"mec-color-hover\"  data-event-id=\"33291\" href=\"https:\/\/bpzoliborz.pl\/bpzoliborz\/index.php\/events\/narodowe-czytanie-2026\/?occurrence=2026-09-12\" target=\"_self\" rel=\"noopener\">Narodowe Czytanie 2026 &#8211; &#8220;Dziady&#8221; Adama Mickiewicza<\/a><span class=\"event-color\" style=\"background: #\"><\/span><\/h4>\r\n                <p class=\"mec-grid-event-location\">ul. Gen. Zaj\u0105czka 8<\/p>\r\n            <\/div>\r\n            <div class=\"mec-event-footer mec-color\">\r\n                                <ul class=\"mec-event-sharing-wrap\">\r\n                    <li class=\"mec-event-share\">\r\n                        <a href=\"#\" class=\"mec-event-share-icon\">\r\n                            <i class=\"mec-sl-share\" title=\"Share\"><\/i>\r\n                        <\/a>\r\n                    <\/li>\r\n                    <li>\r\n                        <ul class=\"mec-event-sharing\">\r\n                            <li class=\"mec-event-social-icon\"><a class=\"facebook\" href=\"https:\/\/www.facebook.com\/sharer\/sharer.php?u=https%3A%2F%2Fbpzoliborz.pl%2Fbpzoliborz%2Findex.php%2Fevents%2Fnarodowe-czytanie-2026%2F\" onclick=\"javascript:window.open(this.href, '', 'menubar=no,toolbar=no,resizable=yes,scrollbars=yes,height=500,width=600'); return false;\" title=\"Udost\u0119pnij na Facebooku\"><i class=\"mec-fa-facebook\"><\/i><\/a><\/li><li class=\"mec-event-social-icon\"><a class=\"twitter\" href=\"https:\/\/twitter.com\/share?url=https%3A%2F%2Fbpzoliborz.pl%2Fbpzoliborz%2Findex.php%2Fevents%2Fnarodowe-czytanie-2026%2F\" onclick=\"javascript:window.open(this.href, '', 'menubar=no,toolbar=no,resizable=yes,scrollbars=yes,height=600,width=500'); return false;\" target=\"_blank\" title=\"Tweetuj\"><i class=\"mec-fa-twitter\"><\/i><\/a><\/li><li class=\"mec-event-social-icon\"><a class=\"email\" href=\"mailto:?subject=Narodowe Czytanie 2026 - %26#8220;Dziady\u2019\u2019 Adama Mickiewicza&body=https%3A%2F%2Fbpzoliborz.pl%2Fbpzoliborz%2Findex.php%2Fevents%2Fnarodowe-czytanie-2026%2F\" title=\"Email\"><i class=\"mec-fa-envelope\"><\/i><\/a><\/li>                        <\/ul>\r\n                    <\/li>\r\n                <\/ul>\r\n                                                                <a class=\"mec-booking-button\"  data-event-id=\"33291\" href=\"https:\/\/bpzoliborz.pl\/bpzoliborz\/index.php\/events\/narodowe-czytanie-2026\/?occurrence=2026-09-12\" target=\"_self\" rel=\"noopener\">Poka\u017c szczeg\u00f3\u0142y<\/a>            <\/div>\r\n        <\/article><\/div><\/div>        <div class=\"row\"><div class=\"col-md-12 col-sm-12\">        <script type=\"application\/ld+json\">\r\n        {\r\n            \"@context\": \"http:\/\/schema.org\",\r\n            \"@type\": \"Event\",\r\n            \"eventStatus\": \"https:\/\/schema.org\/EventScheduled\",\r\n            \"startDate\": \"2026-09-12\",\r\n            \"endDate\": \"2026-09-12\",\r\n            \"eventAttendanceMode\": \"https:\/\/schema.org\/OfflineEventAttendanceMode\",\r\n            \"location\":\r\n            {\r\n                \"@type\": \"Place\",\r\n                                \"name\": \"Fort Sokolnickiego\",\r\n                \"image\": \"\",\r\n                \"address\": \"ul. Stefana Czarnieckiego 51, 01-541 Warszawa\"\r\n                            },\r\n            \"organizer\":\r\n            {\r\n                \"@type\": \"Person\",\r\n                \"name\": \"Czytelnia Naukowa nr XVI\",\r\n                \"url\": \"http:\/\/bpzoliborz.pl\/bpzoliborz\/index.php\/czytelnia-naukowa-nr-xvi\/\"\r\n            },\r\n            \"offers\":\r\n            {\r\n                \"url\": \"https:\/\/bpzoliborz.pl\/bpzoliborz\/index.php\/events\/narodowe-czytanie-2026-koncert-adama-struga\/\",\r\n                \"price\": \"\",\r\n                \"priceCurrency\": \"PLN\",\r\n                \"availability\": \"https:\/\/schema.org\/InStock\",\r\n                \"validFrom\": \"2026-09-12T00:00\"\r\n            },\r\n            \"performer\": \"\",\r\n            \"description\": \"&lt;p&gt;W ramach obchod\u00f3w Narodowego Czytania 2026 Biblioteka Publiczna w Dzielnicy \u017boliborz zaprasza na koncert utwor\u00f3w inspirowanych tw\u00f3rczo\u015bci\u0105 Adama Mickiewicza w wykonaniu Adama Struga \u2013 polskiego \u015bpiewaka i instrumentalisty, autora piosenek, poety, kompozytora muzyki teatralnej i filmowej, producenta i kuratora muzycznego, scenarzysty film\u00f3w dokumentalnych, etnomuzykologa, popularyzatora muzyki tradycyjnej.&lt;\/p&gt; &lt;p&gt;Szczeg\u00f3\u0142y wydarzenia:&lt;\/p&gt; &lt;p&gt;Data: 12 wrze\u015bnia 2026 (sobota)&lt;br \/&gt; Godzina: 18:00-21:00&lt;br \/&gt; Miejsce: Fort Sokolnickiego&lt;br \/&gt; Adres: ul. Czarnieckiego 51&lt;br \/&gt; Wst\u0119p: Bezp\u0142atne wej\u015bci\u00f3wki do odebrania w plac\u00f3wkach bibliotecznych od 7 wrze\u015bnia 2026. Ilo\u015b\u0107 ograniczona.&lt;\/p&gt; \",\r\n            \"image\": \"https:\/\/bpzoliborz.pl\/bpzoliborz\/wp-content\/uploads\/2026\/08\/obrazek-wyrozniajacy-strug.png\",\r\n            \"name\": \"Narodowe Czytanie 2026 \u2013 koncert Adama Struga\",\r\n            \"url\": \"https:\/\/bpzoliborz.pl\/bpzoliborz\/index.php\/events\/narodowe-czytanie-2026-koncert-adama-struga\/?occurrence=2026-09-12\"\r\n        }\r\n        <\/script>\r\n        <article class=\" mec-event-article mec-clear  \" itemscope>                    <div class=\"event-grid-t2-head mec-bg-color clearfix\">\r\n                                    <div class=\"mec-event-month\"><span class=\"mec-start-date-label\" itemprop=\"startDate\">12 wrze\u015bnia<\/span><\/div>\r\n                                                                                            <div class=\"mec-event-detail\">\r\n                    <div class=\"mec-event-loc-place\">Fort Sokolnickiego<\/div>\r\n                                                                            <\/div>\r\n            <\/div>\r\n            <div class=\"mec-event-image\"><a   data-event-id=\"33383\" href=\"https:\/\/bpzoliborz.pl\/bpzoliborz\/index.php\/events\/narodowe-czytanie-2026-koncert-adama-struga\/?occurrence=2026-09-12\" target=\"_self\" rel=\"noopener\"><img width=\"1080\" height=\"675\" src=\"https:\/\/bpzoliborz.pl\/bpzoliborz\/wp-content\/uploads\/2026\/08\/obrazek-wyrozniajacy-strug.png\" class=\"attachment-medium size-medium wp-post-image\" alt=\"\" loading=\"lazy\" data-mec-postid=\"33383\" srcset=\"https:\/\/bpzoliborz.pl\/bpzoliborz\/wp-content\/uploads\/2026\/08\/obrazek-wyrozniajacy-strug.png 1080w, https:\/\/bpzoliborz.pl\/bpzoliborz\/wp-content\/uploads\/2026\/08\/obrazek-wyrozniajacy-strug-768x480.png 768w\" sizes=\"(max-width: 1080px) 100vw, 1080px\" \/><\/a><\/div>\r\n            <div class=\"mec-event-content\">\r\n                                                                <h4 class=\"mec-event-title\"><a class=\"mec-color-hover\"  data-event-id=\"33383\" href=\"https:\/\/bpzoliborz.pl\/bpzoliborz\/index.php\/events\/narodowe-czytanie-2026-koncert-adama-struga\/?occurrence=2026-09-12\" target=\"_self\" rel=\"noopener\">Narodowe Czytanie 2026 \u2013 koncert Adama Struga<\/a><span class=\"event-color\" style=\"background: #\"><\/span><\/h4>\r\n                <p class=\"mec-grid-event-location\">ul. Stefana Czarnieckiego 51, 01-541 Warszawa<\/p>\r\n            <\/div>\r\n            <div class=\"mec-event-footer mec-color\">\r\n                                <ul class=\"mec-event-sharing-wrap\">\r\n                    <li class=\"mec-event-share\">\r\n                        <a href=\"#\" class=\"mec-event-share-icon\">\r\n                            <i class=\"mec-sl-share\" title=\"Share\"><\/i>\r\n                        <\/a>\r\n                    <\/li>\r\n                    <li>\r\n                        <ul class=\"mec-event-sharing\">\r\n                            <li class=\"mec-event-social-icon\"><a class=\"facebook\" href=\"https:\/\/www.facebook.com\/sharer\/sharer.php?u=https%3A%2F%2Fbpzoliborz.pl%2Fbpzoliborz%2Findex.php%2Fevents%2Fnarodowe-czytanie-2026-koncert-adama-struga%2F\" onclick=\"javascript:window.open(this.href, '', 'menubar=no,toolbar=no,resizable=yes,scrollbars=yes,height=500,width=600'); return false;\" title=\"Udost\u0119pnij na Facebooku\"><i class=\"mec-fa-facebook\"><\/i><\/a><\/li><li class=\"mec-event-social-icon\"><a class=\"twitter\" href=\"https:\/\/twitter.com\/share?url=https%3A%2F%2Fbpzoliborz.pl%2Fbpzoliborz%2Findex.php%2Fevents%2Fnarodowe-czytanie-2026-koncert-adama-struga%2F\" onclick=\"javascript:window.open(this.href, '', 'menubar=no,toolbar=no,resizable=yes,scrollbars=yes,height=600,width=500'); return false;\" target=\"_blank\" title=\"Tweetuj\"><i class=\"mec-fa-twitter\"><\/i><\/a><\/li><li class=\"mec-event-social-icon\"><a class=\"email\" href=\"mailto:?subject=Narodowe Czytanie 2026 \u2013 koncert Adama Struga&body=https%3A%2F%2Fbpzoliborz.pl%2Fbpzoliborz%2Findex.php%2Fevents%2Fnarodowe-czytanie-2026-koncert-adama-struga%2F\" title=\"Email\"><i class=\"mec-fa-envelope\"><\/i><\/a><\/li>                        <\/ul>\r\n                    <\/li>\r\n                <\/ul>\r\n                                                                <a class=\"mec-booking-button\"  data-event-id=\"33383\" href=\"https:\/\/bpzoliborz.pl\/bpzoliborz\/index.php\/events\/narodowe-czytanie-2026-koncert-adama-struga\/?occurrence=2026-09-12\" target=\"_self\" rel=\"noopener\">Poka\u017c szczeg\u00f3\u0142y<\/a>            <\/div>\r\n        <\/article><\/div><\/div>                <div class=\"row\"><div class=\"col-md-12 col-sm-12\">        <script type=\"application\/ld+json\">\r\n        {\r\n            \"@context\": \"http:\/\/schema.org\",\r\n            \"@type\": \"Event\",\r\n            \"eventStatus\": \"https:\/\/schema.org\/EventScheduled\",\r\n            \"startDate\": \"2026-09-14\",\r\n            \"endDate\": \"2026-09-25\",\r\n            \"eventAttendanceMode\": \"https:\/\/schema.org\/OfflineEventAttendanceMode\",\r\n            \"location\":\r\n            {\r\n                \"@type\": \"Place\",\r\n                                \"name\": \"Wypo\u017cyczalnia nr 13\",\r\n                \"image\": \"http:\/\/bpzoliborz.pl\/bpzoliborz\/wp-content\/uploads\/2020\/08\/\u015bmia\u0142a.png\",\r\n                \"address\": \"ul. \u015amia\u0142a 24\"\r\n                            },\r\n            \"organizer\":\r\n            {\r\n                \"@type\": \"Person\",\r\n                \"name\": \"Wypo\u017cyczalnia nr 13\",\r\n                \"url\": \"http:\/\/bpzoliborz.pl\/bpzoliborz\/index.php\/wypozyczalnia-nr-13\/\"\r\n            },\r\n            \"offers\":\r\n            {\r\n                \"url\": \"https:\/\/bpzoliborz.pl\/bpzoliborz\/index.php\/events\/sasiedzka-wymiana-ksiazek-5-234\/\",\r\n                \"price\": \"\",\r\n                \"priceCurrency\": \"PLN\",\r\n                \"availability\": \"https:\/\/schema.org\/InStock\",\r\n                \"validFrom\": \"2026-09-14T00:00\"\r\n            },\r\n            \"performer\": \"\",\r\n            \"description\": \"&lt;p&gt;Zapraszamy do Biblioteki przy ul. \u015amia\u0142ej 24 na &lt;strong&gt;S\u0105siedzk\u0105 Wymian\u0119 Ksi\u0105\u017cek.&lt;\/strong&gt;&lt;\/p&gt; &lt;p&gt;Mo\u017cecie przynie\u015b\u0107 ksi\u0105\u017cki, kt\u00f3rych nie potrzebujecie ju\u017c w domu, a w zamian wzi\u0105\u0107 inne z przygotowanej puli. W s\u0105siedzkiej Wymianie Ksi\u0105\u017cek bior\u0105 udzia\u0142 publikacje wydane po 2000 r. Ksi\u0105\u017cki przyniesione na S\u0105siedzk\u0105 Wymian\u0119 Ksi\u0105\u017cek musz\u0105 by\u0107 kompletne, niezniszczone, niezdezaktualizowane. W akcji bior\u0105 udzia\u0142 publikacje dla doros\u0142ych i dla dzieci.&lt;\/p&gt; &lt;p&gt;&lt;strong&gt;14-25 wrze\u015bnia 2026 r., Biblioteka przy ul. \u015amia\u0142ej 24 w godzinach otwarcia.&lt;\/strong&gt;&lt;\/p&gt; &lt;p&gt;&nbsp;&lt;\/p&gt; \",\r\n            \"image\": \"https:\/\/bpzoliborz.pl\/bpzoliborz\/wp-content\/uploads\/2026\/08\/sasiedzka-wymiana-ksiazek-wrzesien-2026.jpg\",\r\n            \"name\": \"Kopia S\u0105siedzka Wymiana Ksi\u0105\u017cek\",\r\n            \"url\": \"https:\/\/bpzoliborz.pl\/bpzoliborz\/index.php\/events\/sasiedzka-wymiana-ksiazek-5-234\/?occurrence=2026-09-14\"\r\n        }\r\n        <\/script>\r\n        <article class=\" mec-event-article mec-clear  \" itemscope>                    <div class=\"event-grid-t2-head mec-bg-color clearfix\">\r\n                                    <div class=\"mec-event-month\"><span class=\"mec-start-date-label\" itemprop=\"startDate\">14 - 25 wrzesie\u0144<\/span><\/div>\r\n                                                                                            <div class=\"mec-event-detail\">\r\n                    <div class=\"mec-event-loc-place\">Wypo\u017cyczalnia nr 13<\/div>\r\n                                                                            <\/div>\r\n            <\/div>\r\n            <div class=\"mec-event-image\"><a   data-event-id=\"33386\" href=\"https:\/\/bpzoliborz.pl\/bpzoliborz\/index.php\/events\/sasiedzka-wymiana-ksiazek-5-234\/?occurrence=2026-09-14\" target=\"_self\" rel=\"noopener\"><img width=\"1080\" height=\"675\" src=\"https:\/\/bpzoliborz.pl\/bpzoliborz\/wp-content\/uploads\/2026\/08\/sasiedzka-wymiana-ksiazek-wrzesien-2026.jpg\" class=\"attachment-medium size-medium wp-post-image\" alt=\"\" loading=\"lazy\" data-mec-postid=\"33386\" srcset=\"https:\/\/bpzoliborz.pl\/bpzoliborz\/wp-content\/uploads\/2026\/08\/sasiedzka-wymiana-ksiazek-wrzesien-2026.jpg 1080w, https:\/\/bpzoliborz.pl\/bpzoliborz\/wp-content\/uploads\/2026\/08\/sasiedzka-wymiana-ksiazek-wrzesien-2026-768x480.jpg 768w\" sizes=\"(max-width: 1080px) 100vw, 1080px\" \/><\/a><\/div>\r\n            <div class=\"mec-event-content\">\r\n                                                                <h4 class=\"mec-event-title\"><a class=\"mec-color-hover\"  data-event-id=\"33386\" href=\"https:\/\/bpzoliborz.pl\/bpzoliborz\/index.php\/events\/sasiedzka-wymiana-ksiazek-5-234\/?occurrence=2026-09-14\" target=\"_self\" rel=\"noopener\">Kopia S\u0105siedzka Wymiana Ksi\u0105\u017cek<\/a><span class=\"event-color\" style=\"background: #\"><\/span><\/h4>\r\n                <p class=\"mec-grid-event-location\">ul. \u015amia\u0142a 24<\/p>\r\n            <\/div>\r\n            <div class=\"mec-event-footer mec-color\">\r\n                                <ul class=\"mec-event-sharing-wrap\">\r\n                    <li class=\"mec-event-share\">\r\n                        <a href=\"#\" class=\"mec-event-share-icon\">\r\n                            <i class=\"mec-sl-share\" title=\"Share\"><\/i>\r\n                        <\/a>\r\n                    <\/li>\r\n                    <li>\r\n                        <ul class=\"mec-event-sharing\">\r\n                            <li class=\"mec-event-social-icon\"><a class=\"facebook\" href=\"https:\/\/www.facebook.com\/sharer\/sharer.php?u=https%3A%2F%2Fbpzoliborz.pl%2Fbpzoliborz%2Findex.php%2Fevents%2Fsasiedzka-wymiana-ksiazek-5-234%2F\" onclick=\"javascript:window.open(this.href, '', 'menubar=no,toolbar=no,resizable=yes,scrollbars=yes,height=500,width=600'); return false;\" title=\"Udost\u0119pnij na Facebooku\"><i class=\"mec-fa-facebook\"><\/i><\/a><\/li><li class=\"mec-event-social-icon\"><a class=\"twitter\" href=\"https:\/\/twitter.com\/share?url=https%3A%2F%2Fbpzoliborz.pl%2Fbpzoliborz%2Findex.php%2Fevents%2Fsasiedzka-wymiana-ksiazek-5-234%2F\" onclick=\"javascript:window.open(this.href, '', 'menubar=no,toolbar=no,resizable=yes,scrollbars=yes,height=600,width=500'); return false;\" target=\"_blank\" title=\"Tweetuj\"><i class=\"mec-fa-twitter\"><\/i><\/a><\/li><li class=\"mec-event-social-icon\"><a class=\"email\" href=\"mailto:?subject=Kopia S\u0105siedzka Wymiana Ksi\u0105\u017cek&body=https%3A%2F%2Fbpzoliborz.pl%2Fbpzoliborz%2Findex.php%2Fevents%2Fsasiedzka-wymiana-ksiazek-5-234%2F\" title=\"Email\"><i class=\"mec-fa-envelope\"><\/i><\/a><\/li>                        <\/ul>\r\n                    <\/li>\r\n                <\/ul>\r\n                                                                <a class=\"mec-booking-button\"  data-event-id=\"33386\" href=\"https:\/\/bpzoliborz.pl\/bpzoliborz\/index.php\/events\/sasiedzka-wymiana-ksiazek-5-234\/?occurrence=2026-09-14\" target=\"_self\" rel=\"noopener\">Poka\u017c szczeg\u00f3\u0142y<\/a>            <\/div>\r\n        <\/article><\/div><\/div>                        \t<\/div>\r\n<\/div>\r\n\r\n    <\/div>\r\n    <div class=\"mec-skin-grid-no-events-container mec-util-hidden\" id=\"mec_skin_no_events_1223\">\r\n        Nie odnaleziono wydarze\u0144!    <\/div>\r\n        \r\n        <div class=\"mec-load-more-wrap\"><div class=\"mec-load-more-button \">Wi\u0119cej<\/div><\/div>\r\n        \r\n<\/div><\/div>\n\t\t\t\t<\/div>\n\t\t\t\t<\/div>\n\t\t\t\t\t\t<\/div>\n\t\t\t\t\t<\/div>\n\t\t<\/div>\n\t\t\t\t\t\t\t\t<\/div>\n\t\t\t\t\t<\/div>\n\t\t<\/section>\n\t\t\t\t<div class=\"elementor-element elementor-element-3838f61 exad-sticky-section-no exad-glass-effect-no elementor-widget elementor-widget-spacer\" data-id=\"3838f61\" data-element_type=\"widget\" data-widget_type=\"spacer.default\">\n\t\t\t\t<div class=\"elementor-widget-container\">\n\t\t\t\t\t<div class=\"elementor-spacer\">\n\t\t\t<div class=\"elementor-spacer-inner\"><\/div>\n\t\t<\/div>\n\t\t\t\t<\/div>\n\t\t\t\t<\/div>\n\t\t\t\t\t\t<\/div>\n\t\t\t\t\t<\/div>\n\t\t<\/div>\n\t\t\t\t\t\t\t\t<\/div>\n\t\t\t\t\t<\/div>\n\t\t<\/section>\n\t\t\t\t<section class=\"elementor-section elementor-top-section elementor-element elementor-element-3dbaa31 elementor-section-boxed elementor-section-height-default elementor-section-height-default exad-glass-effect-no exad-sticky-section-no\" data-id=\"3dbaa31\" data-element_type=\"section\">\n\t\t\t\t\t\t<div class=\"elementor-container elementor-column-gap-default\">\n\t\t\t\t\t\t\t<div class=\"elementor-row\">\n\t\t\t\t\t<div class=\"elementor-column elementor-col-100 elementor-top-column elementor-element elementor-element-9205cdc exad-glass-effect-no exad-sticky-section-no\" data-id=\"9205cdc\" data-element_type=\"column\">\n\t\t\t<div class=\"elementor-column-wrap\">\n\t\t\t\t\t\t\t<div class=\"elementor-widget-wrap\">\n\t\t\t\t\t\t\t\t<\/div>\n\t\t\t\t\t<\/div>\n\t\t<\/div>\n\t\t\t\t\t\t\t\t<\/div>\n\t\t\t\t\t<\/div>\n\t\t<\/section>\n\t\t\t\t<section class=\"elementor-section elementor-top-section elementor-element elementor-element-bf9420b elementor-section-boxed elementor-section-height-default elementor-section-height-default exad-glass-effect-no exad-sticky-section-no\" data-id=\"bf9420b\" data-element_type=\"section\">\n\t\t\t\t\t\t<div class=\"elementor-container elementor-column-gap-default\">\n\t\t\t\t\t\t\t<div class=\"elementor-row\">\n\t\t\t\t\t<div class=\"elementor-column elementor-col-100 elementor-top-column elementor-element elementor-element-c6ce9d2 exad-glass-effect-no exad-sticky-section-no\" data-id=\"c6ce9d2\" data-element_type=\"column\">\n\t\t\t<div class=\"elementor-column-wrap elementor-element-populated\">\n\t\t\t\t\t\t\t<div class=\"elementor-widget-wrap\">\n\t\t\t\t\t\t<div class=\"elementor-element elementor-element-c0a5909 exad-sticky-section-no exad-glass-effect-no elementor-widget elementor-widget-spacer\" data-id=\"c0a5909\" data-element_type=\"widget\" data-widget_type=\"spacer.default\">\n\t\t\t\t<div class=\"elementor-widget-container\">\n\t\t\t\t\t<div class=\"elementor-spacer\">\n\t\t\t<div class=\"elementor-spacer-inner\"><\/div>\n\t\t<\/div>\n\t\t\t\t<\/div>\n\t\t\t\t<\/div>\n\t\t\t\t\t\t<\/div>\n\t\t\t\t\t<\/div>\n\t\t<\/div>\n\t\t\t\t\t\t\t\t<\/div>\n\t\t\t\t\t<\/div>\n\t\t<\/section>\n\t\t\t\t\t\t\t\t\t<\/div>\n\t\t\t<\/div>\n\t\t\t\t\t<\/div>\n\t\t","protected":false},"excerpt":{"rendered":"<p>Zaproponuj ksi\u0105\u017ck\u0119 E-BOOKI E-Prasa PJM Wakacyjne godziny otwarcia Czytaj dalej&#8230; FINA\u0141 IV KONKURSU RECYTATORSKIEGO IM. JOANNY KULMOWEJ Czytaj dalej&#8230; Zmiana godzin pracy 5 i 6 czerwca 2026 Czytaj dalej&#8230; Aktualno\u015bci Spacer \u015bladami chwast\u00f3w jadalnych z Piotrem Ciemnym \u2013 relacja Piotr Ciemny przyjecha\u0142 do nas a\u017c z Kopenhagi, gdzie na co dzie\u0144 pracuje jako kucharz, aby&hellip;&nbsp;<a href=\"https:\/\/bpzoliborz.pl\/bpzoliborz\/index.php\/events\/sasiedzka-wymiana-ksiazek-5-234\/\" class=\"\" rel=\"bookmark\">Czytaj wi\u0119cej &raquo;<span class=\"screen-reader-text\">Kopia S\u0105siedzka Wymiana Ksi\u0105\u017cek<\/span><\/a><\/p>\n","protected":false},"author":3,"featured_media":0,"parent":0,"menu_order":0,"comment_status":"closed","ping_status":"closed","template":"","meta":{"_stopmodifiedupdate":false,"_modified_date":"","_eb_attr":"","neve_meta_sidebar":"full-width","neve_meta_container":"","neve_meta_enable_content_width":"on","neve_meta_content_width":100,"neve_meta_title_alignment":"","neve_meta_author_avatar":"","neve_post_elements_order":"","neve_meta_disable_header":"","neve_meta_disable_footer":"","neve_meta_disable_title":"on"},"_links":{"self":[{"href":"https:\/\/bpzoliborz.pl\/bpzoliborz\/index.php\/wp-json\/wp\/v2\/pages\/39"}],"collection":[{"href":"https:\/\/bpzoliborz.pl\/bpzoliborz\/index.php\/wp-json\/wp\/v2\/pages"}],"about":[{"href":"https:\/\/bpzoliborz.pl\/bpzoliborz\/index.php\/wp-json\/wp\/v2\/types\/page"}],"author":[{"embeddable":true,"href":"https:\/\/bpzoliborz.pl\/bpzoliborz\/index.php\/wp-json\/wp\/v2\/users\/3"}],"replies":[{"embeddable":true,"href":"https:\/\/bpzoliborz.pl\/bpzoliborz\/index.php\/wp-json\/wp\/v2\/comments?post=39"}],"version-history":[{"count":428,"href":"https:\/\/bpzoliborz.pl\/bpzoliborz\/index.php\/wp-json\/wp\/v2\/pages\/39\/revisions"}],"predecessor-version":[{"id":33211,"href":"https:\/\/bpzoliborz.pl\/bpzoliborz\/index.php\/wp-json\/wp\/v2\/pages\/39\/revisions\/33211"}],"wp:attachment":[{"href":"https:\/\/bpzoliborz.pl\/bpzoliborz\/index.php\/wp-json\/wp\/v2\/media?parent=39"}],"curies":[{"name":"wp","href":"https:\/\/api.w.org\/{rel}","templated":true}]}}