{"id":11167,"date":"2022-07-26T13:19:19","date_gmt":"2022-07-26T11:19:19","guid":{"rendered":"https:\/\/bpzoliborz.pl\/bpzoliborz\/?page_id=11167"},"modified":"2026-02-19T13:32:34","modified_gmt":"2026-02-19T12:32:34","slug":"dzieci-kulmowej-kulmowa-dzieciom","status":"publish","type":"page","link":"https:\/\/bpzoliborz.pl\/bpzoliborz\/index.php\/dzieci-kulmowej-kulmowa-dzieciom\/","title":{"rendered":"Dzieci Kulmowej &#8211; Kulmowa Dzieciom"},"content":{"rendered":"\t\t<div data-elementor-type=\"wp-page\" data-elementor-id=\"11167\" class=\"elementor elementor-11167\">\n\t\t\t\t\t\t<div class=\"elementor-inner\">\n\t\t\t\t<div class=\"elementor-section-wrap\">\n\t\t\t\t\t\t\t\t\t<section class=\"elementor-section elementor-top-section elementor-element elementor-element-347b7d1f elementor-section-boxed elementor-section-height-default elementor-section-height-default exad-glass-effect-no exad-sticky-section-no\" data-id=\"347b7d1f\" data-element_type=\"section\">\n\t\t\t\t\t\t<div class=\"elementor-container elementor-column-gap-default\">\n\t\t\t\t\t\t\t<div class=\"elementor-row\">\n\t\t\t\t\t<div class=\"elementor-column elementor-col-100 elementor-top-column elementor-element elementor-element-288d29c5 exad-glass-effect-no exad-sticky-section-no\" data-id=\"288d29c5\" data-element_type=\"column\">\n\t\t\t<div class=\"elementor-column-wrap elementor-element-populated\">\n\t\t\t\t\t\t\t<div class=\"elementor-widget-wrap\">\n\t\t\t\t\t\t<div class=\"elementor-element elementor-element-2e080592 exad-sticky-section-no exad-glass-effect-no elementor-widget elementor-widget-spacer\" data-id=\"2e080592\" data-element_type=\"widget\" data-widget_type=\"spacer.default\">\n\t\t\t\t<div class=\"elementor-widget-container\">\n\t\t\t\t\t<div class=\"elementor-spacer\">\n\t\t\t<div class=\"elementor-spacer-inner\"><\/div>\n\t\t<\/div>\n\t\t\t\t<\/div>\n\t\t\t\t<\/div>\n\t\t\t\t\t\t<\/div>\n\t\t\t\t\t<\/div>\n\t\t<\/div>\n\t\t\t\t\t\t\t\t<\/div>\n\t\t\t\t\t<\/div>\n\t\t<\/section>\n\t\t\t\t<section class=\"elementor-section elementor-top-section elementor-element elementor-element-6f4c2724 elementor-section-boxed elementor-section-height-default elementor-section-height-default exad-glass-effect-no exad-sticky-section-no\" data-id=\"6f4c2724\" data-element_type=\"section\">\n\t\t\t\t\t\t<div class=\"elementor-container elementor-column-gap-default\">\n\t\t\t\t\t\t\t<div class=\"elementor-row\">\n\t\t\t\t\t<div class=\"elementor-column elementor-col-100 elementor-top-column elementor-element elementor-element-2c1256d6 exad-glass-effect-no exad-sticky-section-no\" data-id=\"2c1256d6\" data-element_type=\"column\">\n\t\t\t<div class=\"elementor-column-wrap elementor-element-populated\">\n\t\t\t\t\t\t\t<div class=\"elementor-widget-wrap\">\n\t\t\t\t\t\t<div class=\"elementor-element elementor-element-191988d6 exad-sticky-section-no exad-glass-effect-no elementor-widget elementor-widget-heading\" data-id=\"191988d6\" data-element_type=\"widget\" data-widget_type=\"heading.default\">\n\t\t\t\t<div class=\"elementor-widget-container\">\n\t\t\t<h2 class=\"elementor-heading-title elementor-size-default\">Dzieci Kulmowej - Kumowa Dzieciom<\/h2>\t\t<\/div>\n\t\t\t\t<\/div>\n\t\t\t\t\t\t<\/div>\n\t\t\t\t\t<\/div>\n\t\t<\/div>\n\t\t\t\t\t\t\t\t<\/div>\n\t\t\t\t\t<\/div>\n\t\t<\/section>\n\t\t\t\t<section class=\"elementor-section elementor-top-section elementor-element elementor-element-579865cf elementor-section-boxed elementor-section-height-default elementor-section-height-default exad-glass-effect-no exad-sticky-section-no\" data-id=\"579865cf\" data-element_type=\"section\">\n\t\t\t\t\t\t<div class=\"elementor-container elementor-column-gap-default\">\n\t\t\t\t\t\t\t<div class=\"elementor-row\">\n\t\t\t\t\t<div class=\"elementor-column elementor-col-100 elementor-top-column elementor-element elementor-element-5475154b exad-glass-effect-no exad-sticky-section-no\" data-id=\"5475154b\" data-element_type=\"column\">\n\t\t\t<div class=\"elementor-column-wrap elementor-element-populated\">\n\t\t\t\t\t\t\t<div class=\"elementor-widget-wrap\">\n\t\t\t\t\t\t<div class=\"elementor-element elementor-element-78fb3226 exad-sticky-section-no exad-glass-effect-no elementor-widget elementor-widget-spacer\" data-id=\"78fb3226\" data-element_type=\"widget\" data-widget_type=\"spacer.default\">\n\t\t\t\t<div class=\"elementor-widget-container\">\n\t\t\t\t\t<div class=\"elementor-spacer\">\n\t\t\t<div class=\"elementor-spacer-inner\"><\/div>\n\t\t<\/div>\n\t\t\t\t<\/div>\n\t\t\t\t<\/div>\n\t\t\t\t\t\t<\/div>\n\t\t\t\t\t<\/div>\n\t\t<\/div>\n\t\t\t\t\t\t\t\t<\/div>\n\t\t\t\t\t<\/div>\n\t\t<\/section>\n\t\t\t\t<section class=\"elementor-section elementor-top-section elementor-element elementor-element-71306772 elementor-section-boxed elementor-section-height-default elementor-section-height-default exad-glass-effect-no exad-sticky-section-no\" data-id=\"71306772\" data-element_type=\"section\">\n\t\t\t\t\t\t<div class=\"elementor-container elementor-column-gap-default\">\n\t\t\t\t\t\t\t<div class=\"elementor-row\">\n\t\t\t\t\t<div class=\"elementor-column elementor-col-100 elementor-top-column elementor-element elementor-element-acc0bad exad-glass-effect-no exad-sticky-section-no\" data-id=\"acc0bad\" data-element_type=\"column\">\n\t\t\t<div class=\"elementor-column-wrap elementor-element-populated\">\n\t\t\t\t\t\t\t<div class=\"elementor-widget-wrap\">\n\t\t\t\t\t\t<div class=\"elementor-element elementor-element-126b7dfa exad-sticky-section-no exad-glass-effect-no elementor-widget elementor-widget-heading\" data-id=\"126b7dfa\" data-element_type=\"widget\" data-widget_type=\"heading.default\">\n\t\t\t\t<div class=\"elementor-widget-container\">\n\t\t\t<h2 class=\"elementor-heading-title elementor-size-default\">Opis projektu<\/h2>\t\t<\/div>\n\t\t\t\t<\/div>\n\t\t\t\t<div class=\"elementor-element elementor-element-60373d1 exad-sticky-section-no exad-glass-effect-no elementor-widget elementor-widget-text-editor\" data-id=\"60373d1\" data-element_type=\"widget\" data-widget_type=\"text-editor.default\">\n\t\t\t\t<div class=\"elementor-widget-container\">\n\t\t\t\t\t\t\t\t<div class=\"elementor-text-editor elementor-clearfix\">\n\t\t\t\t<p align=\"LEFT\"><span style=\"color: #000000;\"><span style=\"font-size: medium;\"><span lang=\"pl-PL\">&#8220;Dzieci Kulmowej &#8211; Kulmowa&#8221; Dzieciom to wieloletni projekt promocji czytelnictwa w\u015br\u00f3d dzieci na warszawskim \u017boliborzu, kt\u00f3rego g\u0142\u00f3wnym za\u0142o\u017ceniem jest <\/span><\/span><\/span><\/span><span style=\"color: #000000;\"><span lang=\"pl-PL\">u<\/span><\/span><\/span><span style=\"color: #000000;\"><span style=\"font-size: medium;\"><span lang=\"pl-PL\">powszechnianie wiedzy i kultury, kszta\u0142towanie postaw spo\u0142ecznych dzieci i m\u0142odzie\u017cy oraz edukacja w oparciu o tw\u00f3rczo\u015b\u0107 Joanny Kulmowej.<\/span><\/span><\/span><\/span><\/p>\n<p align=\"LEFT\"><span style=\"color: #000000;\"><span style=\"font-size: medium;\"><span lang=\"pl-PL\">Nadanie imienia Joanny Kulmowej sali, w kt\u00f3rej mie\u015bci si\u0119 Biblioteka dla <\/span><\/span><\/span><\/span><span style=\"color: #000000;\"><span style=\"font-size: medium;\"><span lang=\"pl-PL\">Dzieci i M\u0142odzie\u017cy jest dla Biblioteki wielkim wyr\u00f3\u017cnieniem ale te\u017c wyzwaniem. Rozpocz\u0119li\u015bmy podr\u00f3\u017c po poezji Joanny Kulmowej, kt\u00f3r\u0105 kontynuowa\u0107 b\u0119dziemy poprzez r\u00f3\u017cnego rodzaju wydarzenia aby tw\u00f3rczo\u015b\u0107 poetki \u017cy\u0142a i z nale\u017cytym szacunkiem by\u0142a promowana, przede wszystkim w\u015br\u00f3d dzieci. Wiadomym jest jak wa\u017cnym czytelnikiem jest dziecko. Dlatego te\u017c wszystkie dzia\u0142ania prowadzi\u0107 b\u0119dziemy w tym kierunku.<\/span><\/span><\/span><\/span><\/p>\t\t\t\t\t<\/div>\n\t\t\t\t\t\t<\/div>\n\t\t\t\t<\/div>\n\t\t\t\t\t\t<\/div>\n\t\t\t\t\t<\/div>\n\t\t<\/div>\n\t\t\t\t\t\t\t\t<\/div>\n\t\t\t\t\t<\/div>\n\t\t<\/section>\n\t\t\t\t<section class=\"elementor-section elementor-top-section elementor-element elementor-element-5723064 elementor-section-boxed elementor-section-height-default elementor-section-height-default exad-glass-effect-no exad-sticky-section-no\" data-id=\"5723064\" data-element_type=\"section\">\n\t\t\t\t\t\t<div class=\"elementor-container elementor-column-gap-default\">\n\t\t\t\t\t\t\t<div class=\"elementor-row\">\n\t\t\t\t\t<div class=\"elementor-column elementor-col-100 elementor-top-column elementor-element elementor-element-d80f5bf exad-glass-effect-no exad-sticky-section-no\" data-id=\"d80f5bf\" data-element_type=\"column\">\n\t\t\t<div class=\"elementor-column-wrap elementor-element-populated\">\n\t\t\t\t\t\t\t<div class=\"elementor-widget-wrap\">\n\t\t\t\t\t\t<div class=\"elementor-element elementor-element-eafbfac exad-sticky-section-no exad-glass-effect-no elementor-widget elementor-widget-spacer\" data-id=\"eafbfac\" data-element_type=\"widget\" data-widget_type=\"spacer.default\">\n\t\t\t\t<div class=\"elementor-widget-container\">\n\t\t\t\t\t<div class=\"elementor-spacer\">\n\t\t\t<div class=\"elementor-spacer-inner\"><\/div>\n\t\t<\/div>\n\t\t\t\t<\/div>\n\t\t\t\t<\/div>\n\t\t\t\t\t\t<\/div>\n\t\t\t\t\t<\/div>\n\t\t<\/div>\n\t\t\t\t\t\t\t\t<\/div>\n\t\t\t\t\t<\/div>\n\t\t<\/section>\n\t\t\t\t<section class=\"elementor-section elementor-top-section elementor-element elementor-element-d35f8d8 elementor-section-boxed elementor-section-height-default elementor-section-height-default exad-glass-effect-no exad-sticky-section-no\" data-id=\"d35f8d8\" data-element_type=\"section\">\n\t\t\t\t\t\t<div class=\"elementor-container elementor-column-gap-default\">\n\t\t\t\t\t\t\t<div class=\"elementor-row\">\n\t\t\t\t\t<div class=\"elementor-column elementor-col-100 elementor-top-column elementor-element elementor-element-8c460f2 exad-glass-effect-no exad-sticky-section-no\" data-id=\"8c460f2\" data-element_type=\"column\">\n\t\t\t<div class=\"elementor-column-wrap elementor-element-populated\">\n\t\t\t\t\t\t\t<div class=\"elementor-widget-wrap\">\n\t\t\t\t\t\t<div class=\"elementor-element elementor-element-019b5cb exad-sticky-section-no exad-glass-effect-no elementor-widget elementor-widget-heading\" data-id=\"019b5cb\" data-element_type=\"widget\" data-widget_type=\"heading.default\">\n\t\t\t\t<div class=\"elementor-widget-container\">\n\t\t\t<h2 class=\"elementor-heading-title elementor-size-default\">Harmonogram projektu<\/h2>\t\t<\/div>\n\t\t\t\t<\/div>\n\t\t\t\t<div class=\"elementor-element elementor-element-72d7cff exad-sticky-section-no exad-glass-effect-no elementor-widget elementor-widget-text-editor\" data-id=\"72d7cff\" data-element_type=\"widget\" data-widget_type=\"text-editor.default\">\n\t\t\t\t<div class=\"elementor-widget-container\">\n\t\t\t\t\t\t\t\t<div class=\"elementor-text-editor elementor-clearfix\">\n\t\t\t\t<p lang=\"pl-PL\" align=\"LEFT\"><span style=\"color: #000000;\"><span style=\"font-size: medium;\">1. 10 czerwca 2022 r. &#8211; nadanie imienia Joanny Kulmowej sali w Bibliotece dla Dzieci i M\u0142odzie\u017cy nr XV przy ul. Broniewskiego 9a<\/span><\/span><\/span><\/p>\n<p align=\"LEFT\"><span style=\"color: #000000;\"><span style=\"font-size: medium;\"><span lang=\"pl-PL\">2. <\/span><\/span><\/span><\/span><span style=\"color: #000000;\"><span style=\"font-size: medium;\"><span lang=\"pl-PL\">Od wrze\u015bnia 2022 r. &#8211; spotkania promuj\u0105ce tw\u00f3rczo\u015b\u0107 Joanny Kulmowej \u2013 czytanie utwor\u00f3w po\u0142\u0105czone z warsztatami plastycznymi oraz wystaw\u0105 prac w Bibliotece<\/span><\/span><\/span><\/span><\/p>\n<p lang=\"pl-PL\" align=\"LEFT\"><span style=\"color: #000000;\"><span style=\"font-size: medium;\">3. Okoliczno\u015bciowe przypinki i magnesy &#8211; po ka\u017cdym spotkaniu po\u015bwi\u0119conym tw\u00f3rczo\u015bci Joanny Kulmowej, dzieci b\u0119d\u0105 mog\u0142y wykona\u0107 okoliczno\u015bciowe przypinki lub magnesy ze specjalnie zaprojektowan\u0105 grafik\u0105 dopasowan\u0105 do poznanych utwor\u00f3w literackich poetki.<\/span><\/span><\/span><\/p>\n<p align=\"LEFT\"><span style=\"color: #000000;\"><span style=\"font-size: medium;\"><span lang=\"pl-PL\">4. I <\/span><\/span><\/span><\/span><span style=\"color: #000000;\"><span style=\"font-size: medium;\"><span lang=\"pl-PL\">(pierwszy) \u017boliborski Konkurs Recytatorski im. Joanny Kulmowej 2023, kt\u00f3rego celem b\u0119dzie zainspirowanie i przybli\u017cenie dzieciom i m\u0142odzie\u017cy rado\u015bci czytania i m\u00f3wienia wierszy, pos\u0142ugiwania si\u0119 j\u0119zykiem polskim. Przybli\u017cenie i poznanie poezji oraz tw\u00f3rczo\u015bci poetki &#8211; patronki konkursu &#8211; Joanny Kulmowej. Wyrabianie w\u0142a\u015bciwych, poprawnych i zdrowych nawyk\u00f3w g\u0142o\u015bnego m\u00f3wienia, poprawnego i \u015bwiadomego pos\u0142ugiwania si\u0119 \u201eaparatem mowy\u201d i j\u0119zykiem ojczystym. Wskazanie dr\u00f3g poszukiwa\u0144 interpretacyjnych, poszukiwa\u0144 w\u0142asnej drogi tw\u00f3rczej, walki z l\u0119kami przed wyst\u0105pieniami publicznymi. Dodawanie odwagi w decyzjach tw\u00f3rczych, w wyra\u017caniu siebie.<\/span><\/span><\/span><\/span><\/p>\n<p align=\"LEFT\"><span style=\"color: #000000;\"><span style=\"font-size: medium;\"><span lang=\"pl-PL\">5. <\/span><\/span><\/span><\/span><span style=\"color: #000000;\"><span style=\"font-size: medium;\"><span lang=\"pl-PL\">Warsztaty artystyczne inspirowane tw\u00f3rczo\u015bci\u0105 Joanny Kulmowej &#8211; spotkania cyklicznie<\/span><\/span><\/span><\/span><\/p>\t\t\t\t\t<\/div>\n\t\t\t\t\t\t<\/div>\n\t\t\t\t<\/div>\n\t\t\t\t\t\t<\/div>\n\t\t\t\t\t<\/div>\n\t\t<\/div>\n\t\t\t\t\t\t\t\t<\/div>\n\t\t\t\t\t<\/div>\n\t\t<\/section>\n\t\t\t\t<section class=\"elementor-section elementor-top-section elementor-element elementor-element-2ac1744 elementor-section-boxed elementor-section-height-default elementor-section-height-default exad-glass-effect-no exad-sticky-section-no\" data-id=\"2ac1744\" data-element_type=\"section\">\n\t\t\t\t\t\t<div class=\"elementor-container elementor-column-gap-default\">\n\t\t\t\t\t\t\t<div class=\"elementor-row\">\n\t\t\t\t\t<div class=\"elementor-column elementor-col-100 elementor-top-column elementor-element elementor-element-2ad028b exad-glass-effect-no exad-sticky-section-no\" data-id=\"2ad028b\" data-element_type=\"column\">\n\t\t\t<div class=\"elementor-column-wrap elementor-element-populated\">\n\t\t\t\t\t\t\t<div class=\"elementor-widget-wrap\">\n\t\t\t\t\t\t<div class=\"elementor-element elementor-element-9c5d4a0 exad-sticky-section-no exad-glass-effect-no elementor-widget elementor-widget-spacer\" data-id=\"9c5d4a0\" data-element_type=\"widget\" data-widget_type=\"spacer.default\">\n\t\t\t\t<div class=\"elementor-widget-container\">\n\t\t\t\t\t<div class=\"elementor-spacer\">\n\t\t\t<div class=\"elementor-spacer-inner\"><\/div>\n\t\t<\/div>\n\t\t\t\t<\/div>\n\t\t\t\t<\/div>\n\t\t\t\t\t\t<\/div>\n\t\t\t\t\t<\/div>\n\t\t<\/div>\n\t\t\t\t\t\t\t\t<\/div>\n\t\t\t\t\t<\/div>\n\t\t<\/section>\n\t\t\t\t<section class=\"elementor-section elementor-top-section elementor-element elementor-element-01072c5 elementor-section-boxed elementor-section-height-default elementor-section-height-default exad-glass-effect-no exad-sticky-section-no\" data-id=\"01072c5\" data-element_type=\"section\" data-settings=\"{&quot;background_background&quot;:&quot;classic&quot;}\">\n\t\t\t\t\t\t<div class=\"elementor-container elementor-column-gap-default\">\n\t\t\t\t\t\t\t<div class=\"elementor-row\">\n\t\t\t\t\t<div class=\"elementor-column elementor-col-100 elementor-top-column elementor-element elementor-element-ab7e6c6 exad-glass-effect-no exad-sticky-section-no\" data-id=\"ab7e6c6\" data-element_type=\"column\">\n\t\t\t<div class=\"elementor-column-wrap elementor-element-populated\">\n\t\t\t\t\t\t\t<div class=\"elementor-widget-wrap\">\n\t\t\t\t\t\t<div class=\"elementor-element elementor-element-53f65fc exad-sticky-section-no exad-glass-effect-no elementor-widget elementor-widget-heading\" data-id=\"53f65fc\" data-element_type=\"widget\" data-widget_type=\"heading.default\">\n\t\t\t\t<div class=\"elementor-widget-container\">\n\t\t\t<h2 class=\"elementor-heading-title elementor-size-default\">Realizacja projektu<\/h2>\t\t<\/div>\n\t\t\t\t<\/div>\n\t\t\t\t\t\t<\/div>\n\t\t\t\t\t<\/div>\n\t\t<\/div>\n\t\t\t\t\t\t\t\t<\/div>\n\t\t\t\t\t<\/div>\n\t\t<\/section>\n\t\t\t\t<section class=\"elementor-section elementor-top-section elementor-element elementor-element-d5d1996 elementor-section-boxed elementor-section-height-default elementor-section-height-default exad-glass-effect-no exad-sticky-section-no\" data-id=\"d5d1996\" data-element_type=\"section\">\n\t\t\t\t\t\t<div class=\"elementor-container elementor-column-gap-default\">\n\t\t\t\t\t\t\t<div class=\"elementor-row\">\n\t\t\t\t\t<div class=\"elementor-column elementor-col-100 elementor-top-column elementor-element elementor-element-5c0fbd3 exad-glass-effect-no exad-sticky-section-no\" data-id=\"5c0fbd3\" data-element_type=\"column\">\n\t\t\t<div class=\"elementor-column-wrap elementor-element-populated\">\n\t\t\t\t\t\t\t<div class=\"elementor-widget-wrap\">\n\t\t\t\t\t\t<div class=\"elementor-element elementor-element-8a2d8a6 exad-sticky-section-no exad-glass-effect-no elementor-widget elementor-widget-spacer\" data-id=\"8a2d8a6\" data-element_type=\"widget\" data-widget_type=\"spacer.default\">\n\t\t\t\t<div class=\"elementor-widget-container\">\n\t\t\t\t\t<div class=\"elementor-spacer\">\n\t\t\t<div class=\"elementor-spacer-inner\"><\/div>\n\t\t<\/div>\n\t\t\t\t<\/div>\n\t\t\t\t<\/div>\n\t\t\t\t\t\t<\/div>\n\t\t\t\t\t<\/div>\n\t\t<\/div>\n\t\t\t\t\t\t\t\t<\/div>\n\t\t\t\t\t<\/div>\n\t\t<\/section>\n\t\t\t\t<section class=\"elementor-section elementor-top-section elementor-element elementor-element-77d436d elementor-section-boxed elementor-section-height-default elementor-section-height-default exad-glass-effect-no exad-sticky-section-no\" data-id=\"77d436d\" data-element_type=\"section\">\n\t\t\t\t\t\t<div class=\"elementor-container elementor-column-gap-default\">\n\t\t\t\t\t\t\t<div class=\"elementor-row\">\n\t\t\t\t\t<div class=\"elementor-column elementor-col-100 elementor-top-column elementor-element elementor-element-103129e exad-glass-effect-no exad-sticky-section-no\" data-id=\"103129e\" data-element_type=\"column\" data-settings=\"{&quot;background_background&quot;:&quot;classic&quot;}\">\n\t\t\t<div class=\"elementor-column-wrap elementor-element-populated\">\n\t\t\t\t\t\t\t<div class=\"elementor-widget-wrap\">\n\t\t\t\t\t\t<div class=\"elementor-element elementor-element-7ec6fa9 exad-sticky-section-no exad-glass-effect-no elementor-widget elementor-widget-heading\" data-id=\"7ec6fa9\" data-element_type=\"widget\" data-widget_type=\"heading.default\">\n\t\t\t\t<div class=\"elementor-widget-container\">\n\t\t\t<h3 class=\"elementor-heading-title elementor-size-default\">Spotkania z tw\u00f3rczo\u015bci\u0105 Joanny Kulmowej w Bibliotece dla Dzieci i M\u0142odzie\u017cy nr XV w 2025 r.<\/h3>\t\t<\/div>\n\t\t\t\t<\/div>\n\t\t\t\t\t\t<\/div>\n\t\t\t\t\t<\/div>\n\t\t<\/div>\n\t\t\t\t\t\t\t\t<\/div>\n\t\t\t\t\t<\/div>\n\t\t<\/section>\n\t\t\t\t<section class=\"elementor-section elementor-top-section elementor-element elementor-element-ab4cf4b elementor-section-boxed elementor-section-height-default elementor-section-height-default exad-glass-effect-no exad-sticky-section-no\" data-id=\"ab4cf4b\" data-element_type=\"section\">\n\t\t\t\t\t\t<div class=\"elementor-container elementor-column-gap-default\">\n\t\t\t\t\t\t\t<div class=\"elementor-row\">\n\t\t\t\t\t<div class=\"elementor-column elementor-col-100 elementor-top-column elementor-element elementor-element-cff7469 exad-glass-effect-no exad-sticky-section-no\" data-id=\"cff7469\" data-element_type=\"column\">\n\t\t\t<div class=\"elementor-column-wrap elementor-element-populated\">\n\t\t\t\t\t\t\t<div class=\"elementor-widget-wrap\">\n\t\t\t\t\t\t<div class=\"elementor-element elementor-element-47618be exad-sticky-section-no exad-glass-effect-no elementor-widget elementor-widget-spacer\" data-id=\"47618be\" data-element_type=\"widget\" data-widget_type=\"spacer.default\">\n\t\t\t\t<div class=\"elementor-widget-container\">\n\t\t\t\t\t<div class=\"elementor-spacer\">\n\t\t\t<div class=\"elementor-spacer-inner\"><\/div>\n\t\t<\/div>\n\t\t\t\t<\/div>\n\t\t\t\t<\/div>\n\t\t\t\t\t\t<\/div>\n\t\t\t\t\t<\/div>\n\t\t<\/div>\n\t\t\t\t\t\t\t\t<\/div>\n\t\t\t\t\t<\/div>\n\t\t<\/section>\n\t\t\t\t<section class=\"elementor-section elementor-top-section elementor-element elementor-element-20ccc3e elementor-section-boxed elementor-section-height-default elementor-section-height-default exad-glass-effect-no exad-sticky-section-no\" data-id=\"20ccc3e\" data-element_type=\"section\">\n\t\t\t\t\t\t<div class=\"elementor-container elementor-column-gap-default\">\n\t\t\t\t\t\t\t<div class=\"elementor-row\">\n\t\t\t\t\t<div class=\"elementor-column elementor-col-100 elementor-top-column elementor-element elementor-element-4bc1137 exad-glass-effect-no exad-sticky-section-no\" data-id=\"4bc1137\" data-element_type=\"column\">\n\t\t\t<div class=\"elementor-column-wrap elementor-element-populated\">\n\t\t\t\t\t\t\t<div class=\"elementor-widget-wrap\">\n\t\t\t\t\t\t<section class=\"elementor-section elementor-inner-section elementor-element elementor-element-9756f5f elementor-section-boxed elementor-section-height-default elementor-section-height-default exad-glass-effect-no exad-sticky-section-no\" data-id=\"9756f5f\" data-element_type=\"section\">\n\t\t\t\t\t\t<div class=\"elementor-container elementor-column-gap-default\">\n\t\t\t\t\t\t\t<div class=\"elementor-row\">\n\t\t\t\t\t<div class=\"elementor-column elementor-col-100 elementor-inner-column elementor-element elementor-element-aa3752e exad-glass-effect-no exad-sticky-section-no\" data-id=\"aa3752e\" data-element_type=\"column\">\n\t\t\t<div class=\"elementor-column-wrap elementor-element-populated\">\n\t\t\t\t\t\t\t<div class=\"elementor-widget-wrap\">\n\t\t\t\t\t\t<div class=\"elementor-element elementor-element-5f363ac exad-sticky-section-no exad-glass-effect-no elementor-widget elementor-widget-text-editor\" data-id=\"5f363ac\" data-element_type=\"widget\" data-widget_type=\"text-editor.default\">\n\t\t\t\t<div class=\"elementor-widget-container\">\n\t\t\t\t\t\t\t\t<div class=\"elementor-text-editor elementor-clearfix\">\n\t\t\t\t<p><span style=\"color: #000000;\">W ramach projektu\u00a0<strong>\u201eDzieci Kulmowej \u2013 Kulmowa Dzieciom\u201d<\/strong>\u00a0w Bibliotece przy ul. Broniewskiego 9A przez ca\u0142y rok odbywa\u0142y si\u0119 spotkania dla przedszkolak\u00f3w po\u015bwi\u0119cone tw\u00f3rczo\u015bci Joanny Kulmowej. Bibliotekarz czyta\u0142 dzieciom wiersze i opowiadania autorki, zapraszaj\u0105c najm\u0142odszych do wsp\u00f3lnego s\u0142uchania, rozm\u00f3w i odkrywania literatury.<\/span><\/p>\n<p><span style=\"color: #000000;\">Podczas spotka\u0144 dzieci poznawa\u0142y m.in. utwory z takich zbior\u00f3w wierszy: \u201cKolory\u201d, \u201cNiebo nad miastem\u201d, \u201cMoje pr\u00f3\u017cnowanie\u201d oraz \u201cKulmowa Dzieciom\u201d.<\/span><\/p>\n<p><span style=\"color: #000000;\">Cykl spotka\u0144 stworzy\u0142 przestrze\u0144 do spokojnego, uwa\u017cnego kontaktu z poezj\u0105 i proz\u0105 Joanny Kulmowej, a biblioteka sta\u0142a si\u0119 miejscem wsp\u00f3lnego prze\u017cywania literatury i pierwszych czytelniczych do\u015bwiadcze\u0144 najm\u0142odszych.<\/span><\/p>\t\t\t\t\t<\/div>\n\t\t\t\t\t\t<\/div>\n\t\t\t\t<\/div>\n\t\t\t\t\t\t<\/div>\n\t\t\t\t\t<\/div>\n\t\t<\/div>\n\t\t\t\t\t\t\t\t<\/div>\n\t\t\t\t\t<\/div>\n\t\t<\/section>\n\t\t\t\t<section class=\"elementor-section elementor-inner-section elementor-element elementor-element-26506de elementor-section-boxed elementor-section-height-default elementor-section-height-default exad-glass-effect-no exad-sticky-section-no\" data-id=\"26506de\" data-element_type=\"section\">\n\t\t\t\t\t\t<div class=\"elementor-container elementor-column-gap-default\">\n\t\t\t\t\t\t\t<div class=\"elementor-row\">\n\t\t\t\t\t<div class=\"elementor-column elementor-col-50 elementor-inner-column elementor-element elementor-element-bf5c5b1 exad-glass-effect-no exad-sticky-section-no\" data-id=\"bf5c5b1\" data-element_type=\"column\">\n\t\t\t<div class=\"elementor-column-wrap elementor-element-populated\">\n\t\t\t\t\t\t\t<div class=\"elementor-widget-wrap\">\n\t\t\t\t\t\t<div class=\"elementor-element elementor-element-6b8dad3 exad-sticky-section-no exad-glass-effect-no elementor-widget elementor-widget-image\" data-id=\"6b8dad3\" data-element_type=\"widget\" data-widget_type=\"image.default\">\n\t\t\t\t<div class=\"elementor-widget-container\">\n\t\t\t\t\t\t\t\t<div class=\"elementor-image\">\n\t\t\t\t\t\t\t\t\t\t\t\t<img width=\"940\" height=\"788\" src=\"https:\/\/bpzoliborz.pl\/bpzoliborz\/wp-content\/uploads\/2025\/12\/Dynie-4.png\" class=\"attachment-large size-large wp-image-30586\" alt=\"Bibliotekarz stoi w sali biblioteki dzieci\u0119cej i czyta ksi\u0105\u017ck\u0119 \u201eKulmowa dzieciom\u201d grupie przedszkolak\u00f3w siedz\u0105cych na poduszkach na dywanie. Dzieci s\u0142uchaj\u0105 w skupieniu, zwr\u00f3cone w stron\u0119 czytaj\u0105cego. W tle widoczne s\u0105 rega\u0142y z ksi\u0105\u017ckami, zabawki na parapecie oraz du\u017ce okna, przez kt\u00f3re wpada dzienne \u015bwiat\u0142o.\" loading=\"lazy\" srcset=\"https:\/\/bpzoliborz.pl\/bpzoliborz\/wp-content\/uploads\/2025\/12\/Dynie-4.png 940w, https:\/\/bpzoliborz.pl\/bpzoliborz\/wp-content\/uploads\/2025\/12\/Dynie-4-768x644.png 768w\" sizes=\"(max-width: 940px) 100vw, 940px\" \/>\t\t\t\t\t\t\t\t\t\t\t\t\t\t<\/div>\n\t\t\t\t\t\t<\/div>\n\t\t\t\t<\/div>\n\t\t\t\t\t\t<\/div>\n\t\t\t\t\t<\/div>\n\t\t<\/div>\n\t\t\t\t<div class=\"elementor-column elementor-col-50 elementor-inner-column elementor-element elementor-element-2036ea9 exad-glass-effect-no exad-sticky-section-no\" data-id=\"2036ea9\" data-element_type=\"column\">\n\t\t\t<div class=\"elementor-column-wrap elementor-element-populated\">\n\t\t\t\t\t\t\t<div class=\"elementor-widget-wrap\">\n\t\t\t\t\t\t<div class=\"elementor-element elementor-element-899400e exad-sticky-section-no exad-glass-effect-no elementor-widget elementor-widget-image\" data-id=\"899400e\" data-element_type=\"widget\" data-widget_type=\"image.default\">\n\t\t\t\t<div class=\"elementor-widget-container\">\n\t\t\t\t\t\t\t\t<div class=\"elementor-image\">\n\t\t\t\t\t\t\t\t\t\t\t\t<img width=\"2560\" height=\"1920\" src=\"https:\/\/bpzoliborz.pl\/bpzoliborz\/wp-content\/uploads\/2025\/12\/20251219_144421-scaled.jpg\" class=\"attachment-large size-large wp-image-30582\" alt=\"Roz\u0142o\u017cone na stole ksi\u0105\u017cki dla dzieci autorstwa Joanny Kulmowej z kolorowymi, ilustrowanymi ok\u0142adkami, m.in. \u201eAjki skrzydlate\u201d, \u201eKameleon\u201d, \u201eNiefruwak Piechotny\u201d, \u201eEcha \u015bpi\u0105ce\u201d, \u201eNiebo nad miastem\u201d i \u201eCzmycz jak nie mysz\u201d.\" loading=\"lazy\" srcset=\"https:\/\/bpzoliborz.pl\/bpzoliborz\/wp-content\/uploads\/2025\/12\/20251219_144421-scaled.jpg 2560w, https:\/\/bpzoliborz.pl\/bpzoliborz\/wp-content\/uploads\/2025\/12\/20251219_144421-768x576.jpg 768w, https:\/\/bpzoliborz.pl\/bpzoliborz\/wp-content\/uploads\/2025\/12\/20251219_144421-1536x1152.jpg 1536w, https:\/\/bpzoliborz.pl\/bpzoliborz\/wp-content\/uploads\/2025\/12\/20251219_144421-2048x1536.jpg 2048w\" sizes=\"(max-width: 2560px) 100vw, 2560px\" \/>\t\t\t\t\t\t\t\t\t\t\t\t\t\t<\/div>\n\t\t\t\t\t\t<\/div>\n\t\t\t\t<\/div>\n\t\t\t\t\t\t<\/div>\n\t\t\t\t\t<\/div>\n\t\t<\/div>\n\t\t\t\t\t\t\t\t<\/div>\n\t\t\t\t\t<\/div>\n\t\t<\/section>\n\t\t\t\t\t\t<\/div>\n\t\t\t\t\t<\/div>\n\t\t<\/div>\n\t\t\t\t\t\t\t\t<\/div>\n\t\t\t\t\t<\/div>\n\t\t<\/section>\n\t\t\t\t<section class=\"elementor-section elementor-top-section elementor-element elementor-element-af7788b elementor-section-boxed elementor-section-height-default elementor-section-height-default exad-glass-effect-no exad-sticky-section-no\" data-id=\"af7788b\" data-element_type=\"section\">\n\t\t\t\t\t\t<div class=\"elementor-container elementor-column-gap-default\">\n\t\t\t\t\t\t\t<div class=\"elementor-row\">\n\t\t\t\t\t<div class=\"elementor-column elementor-col-100 elementor-top-column elementor-element elementor-element-7ebcff9 exad-glass-effect-no exad-sticky-section-no\" data-id=\"7ebcff9\" data-element_type=\"column\">\n\t\t\t<div class=\"elementor-column-wrap elementor-element-populated\">\n\t\t\t\t\t\t\t<div class=\"elementor-widget-wrap\">\n\t\t\t\t\t\t<div class=\"elementor-element elementor-element-1d183d1 exad-sticky-section-no exad-glass-effect-no elementor-widget elementor-widget-spacer\" data-id=\"1d183d1\" data-element_type=\"widget\" data-widget_type=\"spacer.default\">\n\t\t\t\t<div class=\"elementor-widget-container\">\n\t\t\t\t\t<div class=\"elementor-spacer\">\n\t\t\t<div class=\"elementor-spacer-inner\"><\/div>\n\t\t<\/div>\n\t\t\t\t<\/div>\n\t\t\t\t<\/div>\n\t\t\t\t\t\t<\/div>\n\t\t\t\t\t<\/div>\n\t\t<\/div>\n\t\t\t\t\t\t\t\t<\/div>\n\t\t\t\t\t<\/div>\n\t\t<\/section>\n\t\t\t\t<section class=\"elementor-section elementor-top-section elementor-element elementor-element-4e7cc7c elementor-section-boxed elementor-section-height-default elementor-section-height-default exad-glass-effect-no exad-sticky-section-no\" data-id=\"4e7cc7c\" data-element_type=\"section\">\n\t\t\t\t\t\t<div class=\"elementor-container elementor-column-gap-default\">\n\t\t\t\t\t\t\t<div class=\"elementor-row\">\n\t\t\t\t\t<div class=\"elementor-column elementor-col-100 elementor-top-column elementor-element elementor-element-12a2f43 exad-glass-effect-no exad-sticky-section-no\" data-id=\"12a2f43\" data-element_type=\"column\" data-settings=\"{&quot;background_background&quot;:&quot;classic&quot;}\">\n\t\t\t<div class=\"elementor-column-wrap elementor-element-populated\">\n\t\t\t\t\t\t\t<div class=\"elementor-widget-wrap\">\n\t\t\t\t\t\t<div class=\"elementor-element elementor-element-24811fc exad-sticky-section-no exad-glass-effect-no elementor-widget elementor-widget-heading\" data-id=\"24811fc\" data-element_type=\"widget\" data-widget_type=\"heading.default\">\n\t\t\t\t<div class=\"elementor-widget-container\">\n\t\t\t<h3 class=\"elementor-heading-title elementor-size-default\">III \u017boliborski Konkurs Recytatorski im. Joanny Kulmowej - 4 czerwca 2025r.<\/h3>\t\t<\/div>\n\t\t\t\t<\/div>\n\t\t\t\t\t\t<\/div>\n\t\t\t\t\t<\/div>\n\t\t<\/div>\n\t\t\t\t\t\t\t\t<\/div>\n\t\t\t\t\t<\/div>\n\t\t<\/section>\n\t\t\t\t<section class=\"elementor-section elementor-top-section elementor-element elementor-element-9245406 elementor-section-boxed elementor-section-height-default elementor-section-height-default exad-glass-effect-no exad-sticky-section-no\" data-id=\"9245406\" data-element_type=\"section\">\n\t\t\t\t\t\t<div class=\"elementor-container elementor-column-gap-default\">\n\t\t\t\t\t\t\t<div class=\"elementor-row\">\n\t\t\t\t\t<div class=\"elementor-column elementor-col-100 elementor-top-column elementor-element elementor-element-9978202 exad-glass-effect-no exad-sticky-section-no\" data-id=\"9978202\" data-element_type=\"column\">\n\t\t\t<div class=\"elementor-column-wrap elementor-element-populated\">\n\t\t\t\t\t\t\t<div class=\"elementor-widget-wrap\">\n\t\t\t\t\t\t<div class=\"elementor-element elementor-element-f352099 exad-sticky-section-no exad-glass-effect-no elementor-widget elementor-widget-spacer\" data-id=\"f352099\" data-element_type=\"widget\" data-widget_type=\"spacer.default\">\n\t\t\t\t<div class=\"elementor-widget-container\">\n\t\t\t\t\t<div class=\"elementor-spacer\">\n\t\t\t<div class=\"elementor-spacer-inner\"><\/div>\n\t\t<\/div>\n\t\t\t\t<\/div>\n\t\t\t\t<\/div>\n\t\t\t\t\t\t<\/div>\n\t\t\t\t\t<\/div>\n\t\t<\/div>\n\t\t\t\t\t\t\t\t<\/div>\n\t\t\t\t\t<\/div>\n\t\t<\/section>\n\t\t\t\t<section class=\"elementor-section elementor-top-section elementor-element elementor-element-537aab7 elementor-section-boxed elementor-section-height-default elementor-section-height-default exad-glass-effect-no exad-sticky-section-no\" data-id=\"537aab7\" data-element_type=\"section\">\n\t\t\t\t\t\t<div class=\"elementor-container elementor-column-gap-default\">\n\t\t\t\t\t\t\t<div class=\"elementor-row\">\n\t\t\t\t\t<div class=\"elementor-column elementor-col-100 elementor-top-column elementor-element elementor-element-09622b4 exad-glass-effect-no exad-sticky-section-no\" data-id=\"09622b4\" data-element_type=\"column\">\n\t\t\t<div class=\"elementor-column-wrap elementor-element-populated\">\n\t\t\t\t\t\t\t<div class=\"elementor-widget-wrap\">\n\t\t\t\t\t\t<section class=\"elementor-section elementor-inner-section elementor-element elementor-element-8c88a7a elementor-section-boxed elementor-section-height-default elementor-section-height-default exad-glass-effect-no exad-sticky-section-no\" data-id=\"8c88a7a\" data-element_type=\"section\">\n\t\t\t\t\t\t<div class=\"elementor-container elementor-column-gap-default\">\n\t\t\t\t\t\t\t<div class=\"elementor-row\">\n\t\t\t\t\t<div class=\"elementor-column elementor-col-100 elementor-inner-column elementor-element elementor-element-1de4873 exad-glass-effect-no exad-sticky-section-no\" data-id=\"1de4873\" data-element_type=\"column\">\n\t\t\t<div class=\"elementor-column-wrap elementor-element-populated\">\n\t\t\t\t\t\t\t<div class=\"elementor-widget-wrap\">\n\t\t\t\t\t\t<div class=\"elementor-element elementor-element-5399694 exad-sticky-section-no exad-glass-effect-no elementor-widget elementor-widget-image\" data-id=\"5399694\" data-element_type=\"widget\" data-widget_type=\"image.default\">\n\t\t\t\t<div class=\"elementor-widget-container\">\n\t\t\t\t\t\t\t\t<div class=\"elementor-image\">\n\t\t\t\t\t\t\t\t\t\t\t\t<img width=\"1080\" height=\"720\" src=\"https:\/\/bpzoliborz.pl\/bpzoliborz\/wp-content\/uploads\/2025\/06\/konkurs-recytatorski-kulmowa-4.06.2025-final-18.png\" class=\"attachment-large size-large wp-image-27732\" alt=\"Zdj\u0119cie z III \u017boliborskiego Konkursu Recytatorskiego im. Joanny Kulmowej zorganizowanego przez Bibliotek\u0119 Publiczn\u0105 w Dzielnicy \u017boliborz, Spo\u0142eczny Dom Kultury WSM oraz Fundacj\u0119 Joanny i Jana Kulm\u00f3w. Dzieci na scenie trzymaj\u0105 dyplomy.\" loading=\"lazy\" srcset=\"https:\/\/bpzoliborz.pl\/bpzoliborz\/wp-content\/uploads\/2025\/06\/konkurs-recytatorski-kulmowa-4.06.2025-final-18.png 1080w, https:\/\/bpzoliborz.pl\/bpzoliborz\/wp-content\/uploads\/2025\/06\/konkurs-recytatorski-kulmowa-4.06.2025-final-18-768x512.png 768w, https:\/\/bpzoliborz.pl\/bpzoliborz\/wp-content\/uploads\/2025\/06\/konkurs-recytatorski-kulmowa-4.06.2025-final-18-391x260.png 391w, https:\/\/bpzoliborz.pl\/bpzoliborz\/wp-content\/uploads\/2025\/06\/konkurs-recytatorski-kulmowa-4.06.2025-final-18-930x620.png 930w\" sizes=\"(max-width: 1080px) 100vw, 1080px\" \/>\t\t\t\t\t\t\t\t\t\t\t\t\t\t<\/div>\n\t\t\t\t\t\t<\/div>\n\t\t\t\t<\/div>\n\t\t\t\t<div class=\"elementor-element elementor-element-b6f4704 exad-sticky-section-no exad-glass-effect-no elementor-widget elementor-widget-text-editor\" data-id=\"b6f4704\" data-element_type=\"widget\" data-widget_type=\"text-editor.default\">\n\t\t\t\t<div class=\"elementor-widget-container\">\n\t\t\t\t\t\t\t\t<div class=\"elementor-text-editor elementor-clearfix\">\n\t\t\t\t<p><!-- wp:media-text {\"mediaId\":16405,\"mediaLink\":\"https:\/\/bpzoliborz.pl\/bpzoliborz\/?attachment_id=16405\",\"mediaType\":\"image\",\"mediaWidth\":36} --><\/p>\n<div class=\"wp-block-media-text alignwide is-stacked-on-mobile\">\n<p>\u00a0<\/p>\n<\/div>\n<p style=\"text-align: center;\"><span style=\"color: #000000;\"><strong>Fina\u0142 Konkursu odby\u0142 si\u0119 4 czerwca 2025r. w sali Spo\u0142ecznego Domu Kultury<\/strong>\u00a0dzi\u0119ki uprzejmo\u015bci i wsp\u00f3\u0142organizacji Warszawskiej Sp\u00f3\u0142dzielni Mieszkaniowej, a uroczysto\u015b\u0107 poprowadzi\u0142y Dyrektor Biblioteki Publicznej w Dzielnicy \u017boliborz m.st. Warszawy \u2013\u00a0<strong>Pani<\/strong>\u00a0<strong>Ma\u0142gorzata Kocot<\/strong>\u00a0oraz Kierowniczka Czytelni Naukowej nr XVI \u2013\u00a0<strong>Pani<\/strong>\u00a0<strong>Monika Rejtner<\/strong>.<\/span><\/p>\n<p>\u00a0<\/p>\n<p class=\"has-text-align-center\" style=\"text-align: left;\"><span style=\"color: #000000;\">Na gali obecni byli:\u00a0<strong>Pani Joanna Kotkowska-Pyzel<\/strong>\u00a0\u2013 Zast\u0119pczyni Burmistrza Dzielnicy \u017boliborz,\u00a0<strong>Pani Ma\u0142gorzata \u0141owkis-Przybytniak<\/strong>\u00a0\u2013 Naczelnik Wydzia\u0142u Kultury i Promocji dla Dzielnicy \u017boliborz,\u00a0<strong>Pan Krzysztof Wi\u015bniewski<\/strong>\u00a0\u2013 Dyrektor Teatru Komedia,\u00a0<strong>Pani Danuta Da\u015bko<\/strong>\u00a0\u2013 Zast\u0119pczyni Prezesa Warszawskiej Sp\u00f3\u0142dzielni Mieszkaniowej,\u00a0<strong>Pan Jakub T. Wolski<\/strong>\u00a0\u2013 pomys\u0142przyjaciel Rodziny Kulm\u00f3w,\u00a0<strong>Pan Piotr Bogus\u0142aw J\u0119drzejczak\u00a0<\/strong>\u2013 Dyrektor Teatru Lalki i Aktora \u201cKubu\u015b\u201d w Kielcach oraz\u00a0<strong>Pani Monika Wellman<\/strong>\u00a0\u2013 kuzynka Jana Kulmy.<\/span><\/p>\n<p class=\"has-text-align-center\" style=\"text-align: left;\"><span style=\"color: #000000;\">Do konkursu zg\u0142osi\u0142o si\u0119\u00a0<strong>72<\/strong>\u00a0uczni\u00f3w z warszawskich szk\u00f3\u0142.<\/span><\/p>\n<p class=\"has-text-align-center\" style=\"text-align: left;\"><span style=\"color: #000000;\">Przes\u0142uchania konkursowe odby\u0142y si\u0119 w dniach\u00a07 i 8 maja 2025r. Udzia\u0142 wzi\u0119\u0142o 64 uczestniczek i uczestnik\u00f3w. Uczestnicy oceniani byli w nast\u0119puj\u0105cych kategoriach wiekowych:\u00a0uczniowie klas 1-3; uczniowie klas 4 -6; uczniowie klas 7- 8<\/span><\/p>\n<div class=\"wp-block-spacer\" style=\"text-align: left;\" aria-hidden=\"true\">\u00a0<\/div>\n<p class=\"has-text-align-center\" style=\"text-align: left;\"><span style=\"color: #000000;\">W ka\u017cdej kategorii wiekowej Jury konkursu pod przewodnictwem\u00a0<strong>Piotra Bogus\u0142awa J\u0119drzejczaka<\/strong><\/span><br \/><span style=\"color: #000000;\">w sk\u0142adzie:<\/span><\/p>\n<ol style=\"text-align: left;\">\n<li><span style=\"color: #000000;\"><strong>Krzysztof Wi\u015bniewski<\/strong>\u00a0\u2013 Dyrektor Teatru Komedia,<\/span><\/li>\n<li><span style=\"color: #000000;\"><strong>Monika Wellman<\/strong>\u00a0\u2013 kuzynka Jana Kulmy,<\/span><\/li>\n<li><span style=\"color: #000000;\"><strong>Jakub T. Wolski<\/strong>\u00a0\u2013 pomys\u0142odawca projektu, by\u0142y dyplomata, wieloletni czytelnik naszej biblioteki,<\/span><\/li>\n<li><span style=\"color: #000000;\"><strong>Pawe\u0142 \u015awi\u0119torecki<\/strong>\u00a0\u2013 Dyrektor Spo\u0142ecznego Domu Kultury Warszawskiej Sp\u00f3\u0142dzielni Mieszkaniowej,<\/span><\/li>\n<li><span style=\"color: #000000;\"><strong>Ma\u0142gorzata Kocot<\/strong>\u00a0\u2013 Dyrektor Biblioteki Publicznej w Dzielnicy \u017boliborz m.st. Warszawy,<\/span><\/li>\n<li><span style=\"color: #000000;\"><strong>Piotr Bogus\u0142aw J\u0119drzejczak<\/strong>\u00a0\u2013 Dyrektor Teatru Lalki i Aktora \u201eKubu\u015b\u201d w Kielcach im. Stefana Karskiego.<\/span><\/li>\n<\/ol>\n<p class=\"has-text-align-center\" style=\"text-align: left;\"><span style=\"color: #000000;\"><strong>przyzna\u0142o nagrody i wyr\u00f3\u017cnienia<\/strong>\u00a0ufundowane przez Bibliotek\u0119 Publiczn\u0105 w Dzielnicy \u017boliborz m.st. Warszawy, Fundacj\u0119 Joanny Kulmowej i Warszawsk\u0105 Sp\u00f3\u0142dzielni\u0119 Mieszkaniow\u0105.<\/span><\/p>\n<p>\u00a0<\/p>\n<p class=\"has-text-align-center\" style=\"text-align: left;\"><span style=\"color: #000000;\"><b><strong>Wsp\u00f3\u0142organizatorami wydarzenia byli:<\/strong>\u00a0<\/b><strong>Urz\u0105d Dzielnicy \u017boliborz m.st. Warszawy<\/strong>,\u00a0<strong>Spo\u0142eczny Dom Kultury Warszawskiej Sp\u00f3\u0142dzielni Mieszkaniowej, oraz Fundacja Joanny Kulmowej i Jana Kulmy.<\/strong><\/span><\/p>\n<p class=\"has-text-align-center\" style=\"text-align: left;\"><span style=\"color: #000000;\"><strong>Naszymi<\/strong>\u00a0<strong>Partnerami zostali: Rada Miasta Szczecin,\u00a0Oficyna Wydawnicza G&amp;P, Teatr Lalki i Aktora \u201cKubu\u015b\u201d w Kielcach im. Stefana Karskiego<\/strong>.<\/span><\/p>\n<p style=\"text-align: left;\"><span style=\"color: #000000;\">Podzi\u0119kowania od organizator\u00f3w otrzymali r\u00f3wnie\u017c:<\/span><\/p>\n<ul style=\"text-align: left;\">\n<li><span style=\"color: #000000;\"><strong>Piotr Bogus\u0142aw J\u0119drzejczak<\/strong>\u00a0\u2013 Dyrektor Teatru Lalki i Aktora \u201cKubu\u015b\u201d im. Stefana Karskiego w Kielcach \u2013 za wsparcie i pe\u0142nienie funkcji Przewodnicz\u0105cego Jury III \u017boliborskiego Konkursu Recytatorskiego im. Joanny Kulmowej w Warszawie.<\/span><\/li>\n<li><span style=\"color: #000000;\"><strong>Niepubliczna Szko\u0142y Podstawowa PORT \u2013 J\u00f3zef\u00f3w<\/strong>\u00a0\u2013 za wzorowe przygotowanie uczennic i uczni\u00f3w do III \u017boliborskiego Konkursu Recytatorskiego im. Joanny Kulmowej.<\/span><\/li>\n<\/ul>\n<hr class=\"wp-block-separator\" \/>\n<p>\u00a0<\/p>\n<p class=\"has-text-align-center\" style=\"text-align: left;\"><span style=\"color: #000000;\">Go\u015bciem specjalnym Koncertu Laureat\u00f3w by\u0142a dr hab.\u00a0<strong>Urszula Ch\u0119ci\u0144ska<\/strong>\u00a0\u2013 prof. Uniwersytetu Szczeci\u0144skiego a zarazem Prezes Fundacji Joanny i Jana Kulm\u00f3w, kt\u00f3ra w wyst\u0105pieniu przekaza\u0142a pi\u0119kne przes\u0142anie skierowane do rodzic\u00f3w i nauczycieli.<\/span><\/p>\n<p class=\"has-text-align-center\" style=\"text-align: left;\"><span style=\"color: #000000;\">Uroczysto\u015b\u0107 wzbogaci\u0142\u00a0<strong>pokaz filmu \u201eWio, Leokadio!\u201d<\/strong>\u00a0<strong>przygotowanego przez Teatr Lalki i Aktora \u201cKubu\u015b\u201d w Kielcach im. Stefana Karskiego<\/strong>. W przedstawieniu g\u0142\u00f3wn\u0105 rol\u0119 zagra\u0142a\u00a0<strong>Pani Ma\u0142gorzata Oracz<\/strong>. \u201eWio, Leokadio!\u201d to adaptacja ksi\u0105\u017cki Joanny Kulmowej, o tym samym tytule, uznana przez UNESCO za jeden z najlepszych na \u015bwiecie utwor\u00f3w dla dzieci i zaliczona do Kanonu Ksi\u0105\u017cek dla Dzieci i M\u0142odzie\u017cy.<\/span><\/p>\n<p class=\"has-text-align-center\" style=\"text-align: left;\"><span style=\"color: #000000;\">Na koniec gali by\u0142a s\u0142odka niespodzianka \u2013\u00a0<strong>tort ufundowany przez Rad\u0119 Miasta Szczecin<\/strong>.<\/span><\/p>\n<p class=\"has-text-align-center\" style=\"text-align: left;\"><span style=\"color: #000000;\"><strong>Lista nagrodzonych uczestnik\u00f3w Trzeciego \u017boliborskiego Konkursu Recytatorskiego<\/strong><\/span><br \/><span style=\"color: #000000;\"><strong>im. Joanny Kulmowej<\/strong><\/span><\/p>\n<p class=\"has-text-align-center\" style=\"text-align: left;\"><span style=\"color: #000000;\"><strong>Grupa wiekowa klasy 1-3<\/strong><\/span><\/p>\n<p style=\"text-align: left;\"><span style=\"color: #000000;\">Nagrody wr\u0119cza\u0142a Zast\u0119pczyni Burmistrza Dzielnicy \u017boliborz \u2013 Pani Joanna Kotkowska-Pyzel<\/span><\/p>\n<p style=\"text-align: left;\"><span style=\"color: #000000;\">1. Leopold Dejnek \u2013 1 miejsce oraz Nagroda Fundacji Joanny Kulmowej i Jana Kulmy<\/span><\/p>\n<p style=\"text-align: left;\"><span style=\"color: #000000;\">2. Halina Orzechowska \u2013 2 miejsce<\/span><\/p>\n<p style=\"text-align: left;\"><span style=\"color: #000000;\">3. Marcelina Malicka \u2013 3 miejsce oraz Nagroda Jakuba T. Wolskiego<\/span><\/p>\n<p class=\"has-text-align-center\" style=\"text-align: left;\"><span style=\"color: #000000;\"><strong>Grupa wiekowa klasy 4-6<\/strong><\/span><\/p>\n<p style=\"text-align: left;\"><span style=\"color: #000000;\">Nagrody wr\u0119cza\u0142 pomys\u0142odawca projektu \u201eDzieci Kulmowej \u2013 Kulmowa Dzieciom\u201d \u2013 Pan Jakub T. Wolski<\/span><\/p>\n<p style=\"text-align: left;\"><span style=\"color: #000000;\">1. Krystyna Womela \u2013 1 miejsce<\/span><\/p>\n<p style=\"text-align: left;\"><span style=\"color: #000000;\">2. Zofia Duli\u0144ska \u2013 2 miejsce<\/span><\/p>\n<p style=\"text-align: left;\"><span style=\"color: #000000;\">3. Helena Rock \u2013 3 miejsce<\/span><\/p>\n<p class=\"has-text-align-center\" style=\"text-align: left;\"><span style=\"color: #000000;\"><strong>Grupa wiekowa klasy 7-8<\/strong><\/span><\/p>\n<p style=\"text-align: left;\"><span style=\"color: #000000;\">Nagrody wr\u0119cza\u0142a Prezes Fundacji Joanny Kulmowej oraz Jana Kulmy \u2013 Pani Urszula Ch\u0119ci\u0144ska<\/span><\/p>\n<p style=\"text-align: left;\"><span style=\"color: #000000;\">1. Helena Sumowska \u2013 1 miejsce<\/span><\/p>\n<p style=\"text-align: left;\"><span style=\"color: #000000;\">2. Szymon Mirowski \u2013 2 miejsce oraz Nagroda Warszawskiej Sp\u00f3\u0142dzielni Mieszkaniowej i Spo\u0142ecznego Domu Kultury<\/span><\/p>\n<p style=\"text-align: left;\"><span style=\"color: #000000;\">3. Anna Nowicka \u2013 3 miejsce<\/span><\/p>\n<p class=\"has-text-align-center\" style=\"text-align: left;\"><span style=\"color: #000000;\"><strong>WYR\u00d3\u017bNIENIA JURORSKIE<\/strong><\/span><\/p>\n<p style=\"text-align: left;\"><span style=\"color: #000000;\">Wyr\u00f3\u017cnienia wr\u0119cza\u0142 przewodnicz\u0105cy Jury Konkursowego \u2013 Pan Piotr Bogus\u0142aw J\u0119drzejczak<\/span><\/p>\n<ol style=\"text-align: left;\">\n<li><span style=\"color: #000000;\">Krzesimir Furlepa (1-3)<\/span><\/li>\n<li><span style=\"color: #000000;\">Wiktor G\u00f3rski (1-3)<\/span><\/li>\n<li><span style=\"color: #000000;\">Aleksandra Strachota (4-6)<\/span><\/li>\n<li><span style=\"color: #000000;\">Uliana Krauchanka (7-8)<\/span><\/li>\n<\/ol>\n<p class=\"has-text-align-center\" style=\"text-align: left;\"><span style=\"color: #000000;\"><strong>Nagrody Jury:<\/strong><\/span><\/p>\n<ul style=\"text-align: left;\">\n<li><span style=\"color: #000000;\">Leopold Dejnek (1-3) \u2013 Nagroda Fundacji Joanny Kulmowej i Jana Kulmy, wr\u0119cza\u0142a Pani Urszula Ch\u0119ci\u0144ska \u2013 Prezes Fundacji<\/span><\/li>\n<li><span style=\"color: #000000;\">Maciej Zi\u0119bacz (4-6) \u2013 Nagroda Krzysztofa Wi\u015bniewskiego Dyrektora Teatru Komedia, wr\u0119cza\u0142 Pan Krzysztof Wi\u015bniewski<\/span><\/li>\n<li><span style=\"color: #000000;\">Lena Budyta (4-6) \u2013 Nagroda Rodziny Kulm\u00f3w, wr\u0119cza\u0142a Pani Monika Wellman \u2013 kuzynka Jana Kulmy<\/span><\/li>\n<li><span style=\"color: #000000;\">Wiktor G\u00f3rski (1-3), Tymoteusz Gurtatowski (4-6), Szymon Mirowski (7-8) \u2013 Nagroda Warszawskiej Sp\u00f3\u0142dzielni Mieszkaniowej i Spo\u0142ecznego Domu Kultury, wr\u0119cza\u0142a Pani Danuta Da\u015bko \u2013 Zast\u0119pca Prezesa WSM<\/span><\/li>\n<li><span style=\"color: #000000;\">Marcelina Malicka (1-3), Aisha Sanni (4-6) \u2013 Nagroda Jakuba T. Wolskiego \u2013 jurora konkursu, wr\u0119cza\u0142 Pan Jakub T. Wolski<\/span><\/li>\n<li><span style=\"color: #000000;\">Ewa Latek (4-6) \u2013 Nagroda Ma\u0142gorzaty Kocot Dyrektora Biblioteki Publicznej w Dzielnicy \u017boliborz m. st. Warszawy, wr\u0119cza\u0142a Pani Ma\u0142gorzata Kocot<\/span><\/li>\n<\/ul>\n<div class=\"wp-block-spacer\" style=\"text-align: left;\" aria-hidden=\"true\">\u00a0<\/div>\n<p class=\"has-text-align-center\" style=\"text-align: left;\"><span style=\"color: #000000;\">Dyplomy za udzia\u0142 w Trzecim \u017boliborskim Konkursie Recytatorskim im. Joanny Kulmowej wr\u0119cza\u0142y uczestnikom\u00a0<strong>Pani Ma\u0142gorzata Kocot \u2013 Dyrektor Biblioteki oraz Pani Monika Rejtner<\/strong>.<\/span><\/p>\n<p class=\"has-text-align-center has-medium-font-size\" style=\"text-align: left;\"><span style=\"color: #000000;\"><strong>Wszystkim uczestnikom i laureatom serdecznie gratulujemy!<\/strong><\/span><\/p>\n<p><!-- \/wp:paragraph --><\/p>\n<p><!-- \/wp:paragraph --><\/p>\t\t\t\t\t<\/div>\n\t\t\t\t\t\t<\/div>\n\t\t\t\t<\/div>\n\t\t\t\t\t\t<\/div>\n\t\t\t\t\t<\/div>\n\t\t<\/div>\n\t\t\t\t\t\t\t\t<\/div>\n\t\t\t\t\t<\/div>\n\t\t<\/section>\n\t\t\t\t<section class=\"elementor-section elementor-inner-section elementor-element elementor-element-9a1f715 elementor-section-boxed elementor-section-height-default elementor-section-height-default exad-glass-effect-no exad-sticky-section-no\" data-id=\"9a1f715\" data-element_type=\"section\">\n\t\t\t\t\t\t<div class=\"elementor-container elementor-column-gap-default\">\n\t\t\t\t\t\t\t<div class=\"elementor-row\">\n\t\t\t\t\t<div class=\"elementor-column elementor-col-50 elementor-inner-column elementor-element elementor-element-50ee794 exad-glass-effect-no exad-sticky-section-no\" data-id=\"50ee794\" data-element_type=\"column\">\n\t\t\t<div class=\"elementor-column-wrap elementor-element-populated\">\n\t\t\t\t\t\t\t<div class=\"elementor-widget-wrap\">\n\t\t\t\t\t\t<div class=\"elementor-element elementor-element-906e8c4 exad-sticky-section-no exad-glass-effect-no elementor-widget elementor-widget-image\" data-id=\"906e8c4\" data-element_type=\"widget\" data-widget_type=\"image.default\">\n\t\t\t\t<div class=\"elementor-widget-container\">\n\t\t\t\t\t\t\t\t<div class=\"elementor-image\">\n\t\t\t\t\t\t\t\t\t\t\t\t<img width=\"1080\" height=\"720\" src=\"https:\/\/bpzoliborz.pl\/bpzoliborz\/wp-content\/uploads\/2025\/06\/konkurs-recytatorski-kulmowa-4.06.2025-final-13.png\" class=\"attachment-large size-large wp-image-27727\" alt=\"Zdj\u0119cie z III \u017boliborskiego Konkursu Recytatorskiego im. Joanny Kulmowej zorganizowanego przez Bibliotek\u0119 Publiczn\u0105 w Dzielnicy \u017boliborz, Spo\u0142eczny Dom Kultury WSM oraz Fundacj\u0119 Joanny i Jana Kulm\u00f3w. Kobieta na scenie m\u00f3wi do mikrofonu.\" loading=\"lazy\" srcset=\"https:\/\/bpzoliborz.pl\/bpzoliborz\/wp-content\/uploads\/2025\/06\/konkurs-recytatorski-kulmowa-4.06.2025-final-13.png 1080w, https:\/\/bpzoliborz.pl\/bpzoliborz\/wp-content\/uploads\/2025\/06\/konkurs-recytatorski-kulmowa-4.06.2025-final-13-768x512.png 768w, https:\/\/bpzoliborz.pl\/bpzoliborz\/wp-content\/uploads\/2025\/06\/konkurs-recytatorski-kulmowa-4.06.2025-final-13-391x260.png 391w, https:\/\/bpzoliborz.pl\/bpzoliborz\/wp-content\/uploads\/2025\/06\/konkurs-recytatorski-kulmowa-4.06.2025-final-13-930x620.png 930w\" sizes=\"(max-width: 1080px) 100vw, 1080px\" \/>\t\t\t\t\t\t\t\t\t\t\t\t\t\t<\/div>\n\t\t\t\t\t\t<\/div>\n\t\t\t\t<\/div>\n\t\t\t\t\t\t<\/div>\n\t\t\t\t\t<\/div>\n\t\t<\/div>\n\t\t\t\t<div class=\"elementor-column elementor-col-50 elementor-inner-column elementor-element elementor-element-99513d5 exad-glass-effect-no exad-sticky-section-no\" data-id=\"99513d5\" data-element_type=\"column\">\n\t\t\t<div class=\"elementor-column-wrap elementor-element-populated\">\n\t\t\t\t\t\t\t<div class=\"elementor-widget-wrap\">\n\t\t\t\t\t\t<div class=\"elementor-element elementor-element-e6be46e exad-sticky-section-no exad-glass-effect-no elementor-widget elementor-widget-image\" data-id=\"e6be46e\" data-element_type=\"widget\" data-widget_type=\"image.default\">\n\t\t\t\t<div class=\"elementor-widget-container\">\n\t\t\t\t\t\t\t\t<div class=\"elementor-image\">\n\t\t\t\t\t\t\t\t\t\t\t\t<img width=\"1080\" height=\"720\" src=\"https:\/\/bpzoliborz.pl\/bpzoliborz\/wp-content\/uploads\/2025\/06\/konkurs-recytatorski-kulmowa-4.06.2025-final-8.png\" class=\"attachment-large size-large wp-image-27722\" alt=\"Zdj\u0119cie z III \u017boliborskiego Konkursu Recytatorskiego im. Joanny Kulmowej zorganizowanego przez Bibliotek\u0119 Publiczn\u0105 w Dzielnicy \u017boliborz, Spo\u0142eczny Dom Kultury WSM oraz Fundacj\u0119 Joanny i Jana Kulm\u00f3w. Dwie kobiety na scenie prezentuj\u0105 wydarzenie. Obok nich obraz z kolorowym koniem. Widoczne napisy: \u017boliborski Konkurs Recytatorski im. Joanny Kulmowej.\" loading=\"lazy\" srcset=\"https:\/\/bpzoliborz.pl\/bpzoliborz\/wp-content\/uploads\/2025\/06\/konkurs-recytatorski-kulmowa-4.06.2025-final-8.png 1080w, https:\/\/bpzoliborz.pl\/bpzoliborz\/wp-content\/uploads\/2025\/06\/konkurs-recytatorski-kulmowa-4.06.2025-final-8-768x512.png 768w, https:\/\/bpzoliborz.pl\/bpzoliborz\/wp-content\/uploads\/2025\/06\/konkurs-recytatorski-kulmowa-4.06.2025-final-8-391x260.png 391w, https:\/\/bpzoliborz.pl\/bpzoliborz\/wp-content\/uploads\/2025\/06\/konkurs-recytatorski-kulmowa-4.06.2025-final-8-930x620.png 930w\" sizes=\"(max-width: 1080px) 100vw, 1080px\" \/>\t\t\t\t\t\t\t\t\t\t\t\t\t\t<\/div>\n\t\t\t\t\t\t<\/div>\n\t\t\t\t<\/div>\n\t\t\t\t\t\t<\/div>\n\t\t\t\t\t<\/div>\n\t\t<\/div>\n\t\t\t\t\t\t\t\t<\/div>\n\t\t\t\t\t<\/div>\n\t\t<\/section>\n\t\t\t\t<section class=\"elementor-section elementor-inner-section elementor-element elementor-element-189b32f elementor-section-boxed elementor-section-height-default elementor-section-height-default exad-glass-effect-no exad-sticky-section-no\" data-id=\"189b32f\" data-element_type=\"section\">\n\t\t\t\t\t\t<div class=\"elementor-container elementor-column-gap-default\">\n\t\t\t\t\t\t\t<div class=\"elementor-row\">\n\t\t\t\t\t<div class=\"elementor-column elementor-col-50 elementor-inner-column elementor-element elementor-element-f45de5d exad-glass-effect-no exad-sticky-section-no\" data-id=\"f45de5d\" data-element_type=\"column\">\n\t\t\t<div class=\"elementor-column-wrap elementor-element-populated\">\n\t\t\t\t\t\t\t<div class=\"elementor-widget-wrap\">\n\t\t\t\t\t\t<div class=\"elementor-element elementor-element-2326db9 exad-sticky-section-no exad-glass-effect-no elementor-widget elementor-widget-image\" data-id=\"2326db9\" data-element_type=\"widget\" data-widget_type=\"image.default\">\n\t\t\t\t<div class=\"elementor-widget-container\">\n\t\t\t\t\t\t\t\t<div class=\"elementor-image\">\n\t\t\t\t\t\t\t\t\t\t\t\t<img width=\"874\" height=\"720\" src=\"https:\/\/bpzoliborz.pl\/bpzoliborz\/wp-content\/uploads\/2025\/06\/konkurs-recytatorski-kulmowa-4.06.2025-final-9-e1749128639371.png\" class=\"attachment-large size-large wp-image-27723\" alt=\"Zdj\u0119cie z III \u017boliborskiego Konkursu Recytatorskiego im. Joanny Kulmowej zorganizowanego przez Bibliotek\u0119 Publiczn\u0105 w Dzielnicy \u017boliborz, Spo\u0142eczny Dom Kultury WSM oraz Fundacj\u0119 Joanny i Jana Kulm\u00f3w. Kobieta na scenie m\u00f3wi do mikrofonu.\" loading=\"lazy\" srcset=\"https:\/\/bpzoliborz.pl\/bpzoliborz\/wp-content\/uploads\/2025\/06\/konkurs-recytatorski-kulmowa-4.06.2025-final-9-e1749128639371.png 874w, https:\/\/bpzoliborz.pl\/bpzoliborz\/wp-content\/uploads\/2025\/06\/konkurs-recytatorski-kulmowa-4.06.2025-final-9-e1749128639371-768x633.png 768w\" sizes=\"(max-width: 874px) 100vw, 874px\" \/>\t\t\t\t\t\t\t\t\t\t\t\t\t\t<\/div>\n\t\t\t\t\t\t<\/div>\n\t\t\t\t<\/div>\n\t\t\t\t<div class=\"elementor-element elementor-element-b04b061 exad-sticky-section-no exad-glass-effect-no elementor-widget elementor-widget-image\" data-id=\"b04b061\" data-element_type=\"widget\" data-widget_type=\"image.default\">\n\t\t\t\t<div class=\"elementor-widget-container\">\n\t\t\t\t\t\t\t\t<div class=\"elementor-image\">\n\t\t\t\t\t\t\t\t\t\t\t\t<img width=\"1080\" height=\"720\" src=\"https:\/\/bpzoliborz.pl\/bpzoliborz\/wp-content\/uploads\/2025\/06\/konkurs-recytatorski-kulmowa-4.06.2025-final-23.png\" class=\"attachment-large size-large wp-image-27737\" alt=\"Zdj\u0119cie z III \u017boliborskiego Konkursu Recytatorskiego im. Joanny Kulmowej zorganizowanego przez Bibliotek\u0119 Publiczn\u0105 w Dzielnicy \u017boliborz, Spo\u0142eczny Dom Kultury WSM oraz Fundacj\u0119 Joanny i Jana Kulm\u00f3w. M\u0119\u017cczyzna na scenie podaje drewnian\u0105 desk\u0119 ch\u0142opakowi.\" loading=\"lazy\" srcset=\"https:\/\/bpzoliborz.pl\/bpzoliborz\/wp-content\/uploads\/2025\/06\/konkurs-recytatorski-kulmowa-4.06.2025-final-23.png 1080w, https:\/\/bpzoliborz.pl\/bpzoliborz\/wp-content\/uploads\/2025\/06\/konkurs-recytatorski-kulmowa-4.06.2025-final-23-768x512.png 768w, https:\/\/bpzoliborz.pl\/bpzoliborz\/wp-content\/uploads\/2025\/06\/konkurs-recytatorski-kulmowa-4.06.2025-final-23-391x260.png 391w, https:\/\/bpzoliborz.pl\/bpzoliborz\/wp-content\/uploads\/2025\/06\/konkurs-recytatorski-kulmowa-4.06.2025-final-23-930x620.png 930w\" sizes=\"(max-width: 1080px) 100vw, 1080px\" \/>\t\t\t\t\t\t\t\t\t\t\t\t\t\t<\/div>\n\t\t\t\t\t\t<\/div>\n\t\t\t\t<\/div>\n\t\t\t\t\t\t<\/div>\n\t\t\t\t\t<\/div>\n\t\t<\/div>\n\t\t\t\t<div class=\"elementor-column elementor-col-50 elementor-inner-column elementor-element elementor-element-c0c4ce2 exad-glass-effect-no exad-sticky-section-no\" data-id=\"c0c4ce2\" data-element_type=\"column\">\n\t\t\t<div class=\"elementor-column-wrap elementor-element-populated\">\n\t\t\t\t\t\t\t<div class=\"elementor-widget-wrap\">\n\t\t\t\t\t\t<div class=\"elementor-element elementor-element-915700e exad-sticky-section-no exad-glass-effect-no elementor-widget elementor-widget-image\" data-id=\"915700e\" data-element_type=\"widget\" data-widget_type=\"image.default\">\n\t\t\t\t<div class=\"elementor-widget-container\">\n\t\t\t\t\t\t\t\t<div class=\"elementor-image\">\n\t\t\t\t\t\t\t\t\t\t\t\t<img width=\"1080\" height=\"720\" src=\"https:\/\/bpzoliborz.pl\/bpzoliborz\/wp-content\/uploads\/2025\/06\/konkurs-recytatorski-kulmowa-4.06.2025-final-25.png\" class=\"attachment-large size-large wp-image-27739\" alt=\"Zdj\u0119cie z III \u017boliborskiego Konkursu Recytatorskiego im. Joanny Kulmowej zorganizowanego przez Bibliotek\u0119 Publiczn\u0105 w Dzielnicy \u017boliborz, Spo\u0142eczny Dom Kultury WSM oraz Fundacj\u0119 Joanny i Jana Kulm\u00f3w. Laureaci konkursu stoj\u0105 na scenie wraz z 3 kobietami.\" loading=\"lazy\" srcset=\"https:\/\/bpzoliborz.pl\/bpzoliborz\/wp-content\/uploads\/2025\/06\/konkurs-recytatorski-kulmowa-4.06.2025-final-25.png 1080w, https:\/\/bpzoliborz.pl\/bpzoliborz\/wp-content\/uploads\/2025\/06\/konkurs-recytatorski-kulmowa-4.06.2025-final-25-768x512.png 768w, https:\/\/bpzoliborz.pl\/bpzoliborz\/wp-content\/uploads\/2025\/06\/konkurs-recytatorski-kulmowa-4.06.2025-final-25-391x260.png 391w, https:\/\/bpzoliborz.pl\/bpzoliborz\/wp-content\/uploads\/2025\/06\/konkurs-recytatorski-kulmowa-4.06.2025-final-25-930x620.png 930w\" sizes=\"(max-width: 1080px) 100vw, 1080px\" \/>\t\t\t\t\t\t\t\t\t\t\t\t\t\t<\/div>\n\t\t\t\t\t\t<\/div>\n\t\t\t\t<\/div>\n\t\t\t\t<div class=\"elementor-element elementor-element-189c26c exad-sticky-section-no exad-glass-effect-no elementor-widget elementor-widget-image\" data-id=\"189c26c\" data-element_type=\"widget\" data-widget_type=\"image.default\">\n\t\t\t\t<div class=\"elementor-widget-container\">\n\t\t\t\t\t\t\t\t<div class=\"elementor-image\">\n\t\t\t\t\t\t\t\t\t\t\t\t<img width=\"1080\" height=\"720\" src=\"https:\/\/bpzoliborz.pl\/bpzoliborz\/wp-content\/uploads\/2025\/06\/konkurs-recytatorski-kulmowa-4.06.2025-final-14.png\" class=\"attachment-large size-large wp-image-27728\" alt=\"Zdj\u0119cie z III \u017boliborskiego Konkursu Recytatorskiego im. Joanny Kulmowej zorganizowanego przez Bibliotek\u0119 Publiczn\u0105 w Dzielnicy \u017boliborz, Spo\u0142eczny Dom Kultury WSM oraz Fundacj\u0119 Joanny i Jana Kulm\u00f3w. M\u0119\u017cczyzna na scenie m\u00f3wi do mikrofonu.\" loading=\"lazy\" srcset=\"https:\/\/bpzoliborz.pl\/bpzoliborz\/wp-content\/uploads\/2025\/06\/konkurs-recytatorski-kulmowa-4.06.2025-final-14.png 1080w, https:\/\/bpzoliborz.pl\/bpzoliborz\/wp-content\/uploads\/2025\/06\/konkurs-recytatorski-kulmowa-4.06.2025-final-14-768x512.png 768w, https:\/\/bpzoliborz.pl\/bpzoliborz\/wp-content\/uploads\/2025\/06\/konkurs-recytatorski-kulmowa-4.06.2025-final-14-391x260.png 391w, https:\/\/bpzoliborz.pl\/bpzoliborz\/wp-content\/uploads\/2025\/06\/konkurs-recytatorski-kulmowa-4.06.2025-final-14-930x620.png 930w\" sizes=\"(max-width: 1080px) 100vw, 1080px\" \/>\t\t\t\t\t\t\t\t\t\t\t\t\t\t<\/div>\n\t\t\t\t\t\t<\/div>\n\t\t\t\t<\/div>\n\t\t\t\t\t\t<\/div>\n\t\t\t\t\t<\/div>\n\t\t<\/div>\n\t\t\t\t\t\t\t\t<\/div>\n\t\t\t\t\t<\/div>\n\t\t<\/section>\n\t\t\t\t<section class=\"elementor-section elementor-inner-section elementor-element elementor-element-b98173b elementor-section-boxed elementor-section-height-default elementor-section-height-default exad-glass-effect-no exad-sticky-section-no\" data-id=\"b98173b\" data-element_type=\"section\">\n\t\t\t\t\t\t<div class=\"elementor-container elementor-column-gap-default\">\n\t\t\t\t\t\t\t<div class=\"elementor-row\">\n\t\t\t\t\t<div class=\"elementor-column elementor-col-50 elementor-inner-column elementor-element elementor-element-fd0f379 exad-glass-effect-no exad-sticky-section-no\" data-id=\"fd0f379\" data-element_type=\"column\">\n\t\t\t<div class=\"elementor-column-wrap elementor-element-populated\">\n\t\t\t\t\t\t\t<div class=\"elementor-widget-wrap\">\n\t\t\t\t\t\t<div class=\"elementor-element elementor-element-cd27151 exad-sticky-section-no exad-glass-effect-no elementor-widget elementor-widget-image\" data-id=\"cd27151\" data-element_type=\"widget\" data-widget_type=\"image.default\">\n\t\t\t\t<div class=\"elementor-widget-container\">\n\t\t\t\t\t\t\t\t<div class=\"elementor-image\">\n\t\t\t\t\t\t\t\t\t\t\t\t<img width=\"1080\" height=\"720\" src=\"https:\/\/bpzoliborz.pl\/bpzoliborz\/wp-content\/uploads\/2025\/06\/konkurs-recytatorski-kulmowa-4.06.2025-final-11.png\" class=\"attachment-large size-large wp-image-27725\" alt=\"Zdj\u0119cie z III \u017boliborskiego Konkursu Recytatorskiego im. Joanny Kulmowej zorganizowanego przez Bibliotek\u0119 Publiczn\u0105 w Dzielnicy \u017boliborz, Spo\u0142eczny Dom Kultury WSM oraz Fundacj\u0119 Joanny i Jana Kulm\u00f3w. Kobieta na scenie m\u00f3wi do mikrofonu.\" loading=\"lazy\" srcset=\"https:\/\/bpzoliborz.pl\/bpzoliborz\/wp-content\/uploads\/2025\/06\/konkurs-recytatorski-kulmowa-4.06.2025-final-11.png 1080w, https:\/\/bpzoliborz.pl\/bpzoliborz\/wp-content\/uploads\/2025\/06\/konkurs-recytatorski-kulmowa-4.06.2025-final-11-768x512.png 768w, https:\/\/bpzoliborz.pl\/bpzoliborz\/wp-content\/uploads\/2025\/06\/konkurs-recytatorski-kulmowa-4.06.2025-final-11-391x260.png 391w, https:\/\/bpzoliborz.pl\/bpzoliborz\/wp-content\/uploads\/2025\/06\/konkurs-recytatorski-kulmowa-4.06.2025-final-11-930x620.png 930w\" sizes=\"(max-width: 1080px) 100vw, 1080px\" \/>\t\t\t\t\t\t\t\t\t\t\t\t\t\t<\/div>\n\t\t\t\t\t\t<\/div>\n\t\t\t\t<\/div>\n\t\t\t\t\t\t<\/div>\n\t\t\t\t\t<\/div>\n\t\t<\/div>\n\t\t\t\t<div class=\"elementor-column elementor-col-50 elementor-inner-column elementor-element elementor-element-95377d4 exad-glass-effect-no exad-sticky-section-no\" data-id=\"95377d4\" data-element_type=\"column\">\n\t\t\t<div class=\"elementor-column-wrap elementor-element-populated\">\n\t\t\t\t\t\t\t<div class=\"elementor-widget-wrap\">\n\t\t\t\t\t\t<div class=\"elementor-element elementor-element-348da83 exad-sticky-section-no exad-glass-effect-no elementor-widget elementor-widget-image\" data-id=\"348da83\" data-element_type=\"widget\" data-widget_type=\"image.default\">\n\t\t\t\t<div class=\"elementor-widget-container\">\n\t\t\t\t\t\t\t\t<div class=\"elementor-image\">\n\t\t\t\t\t\t\t\t\t\t\t\t<img width=\"1080\" height=\"720\" src=\"https:\/\/bpzoliborz.pl\/bpzoliborz\/wp-content\/uploads\/2025\/06\/konkurs-recytatorski-kulmowa-4.06.2025-final-7.png\" class=\"attachment-large size-large wp-image-27721\" alt=\"Zdj\u0119cie z III \u017boliborskiego Konkursu Recytatorskiego im. Joanny Kulmowej zorganizowanego przez Bibliotek\u0119 Publiczn\u0105 w Dzielnicy \u017boliborz, Spo\u0142eczny Dom Kultury WSM oraz Fundacj\u0119 Joanny i Jana Kulm\u00f3w. Dwie kobiety na scenie prezentuj\u0105 wydarzenie. Obok nich obraz z kolorowym koniem.\" loading=\"lazy\" srcset=\"https:\/\/bpzoliborz.pl\/bpzoliborz\/wp-content\/uploads\/2025\/06\/konkurs-recytatorski-kulmowa-4.06.2025-final-7.png 1080w, https:\/\/bpzoliborz.pl\/bpzoliborz\/wp-content\/uploads\/2025\/06\/konkurs-recytatorski-kulmowa-4.06.2025-final-7-768x512.png 768w, https:\/\/bpzoliborz.pl\/bpzoliborz\/wp-content\/uploads\/2025\/06\/konkurs-recytatorski-kulmowa-4.06.2025-final-7-391x260.png 391w, https:\/\/bpzoliborz.pl\/bpzoliborz\/wp-content\/uploads\/2025\/06\/konkurs-recytatorski-kulmowa-4.06.2025-final-7-930x620.png 930w\" sizes=\"(max-width: 1080px) 100vw, 1080px\" \/>\t\t\t\t\t\t\t\t\t\t\t\t\t\t<\/div>\n\t\t\t\t\t\t<\/div>\n\t\t\t\t<\/div>\n\t\t\t\t\t\t<\/div>\n\t\t\t\t\t<\/div>\n\t\t<\/div>\n\t\t\t\t\t\t\t\t<\/div>\n\t\t\t\t\t<\/div>\n\t\t<\/section>\n\t\t\t\t<section class=\"elementor-section elementor-inner-section elementor-element elementor-element-a59bf5b elementor-section-boxed elementor-section-height-default elementor-section-height-default exad-glass-effect-no exad-sticky-section-no\" data-id=\"a59bf5b\" data-element_type=\"section\">\n\t\t\t\t\t\t<div class=\"elementor-container elementor-column-gap-default\">\n\t\t\t\t\t\t\t<div class=\"elementor-row\">\n\t\t\t\t\t<div class=\"elementor-column elementor-col-50 elementor-inner-column elementor-element elementor-element-f756a7f exad-glass-effect-no exad-sticky-section-no\" data-id=\"f756a7f\" data-element_type=\"column\">\n\t\t\t<div class=\"elementor-column-wrap elementor-element-populated\">\n\t\t\t\t\t\t\t<div class=\"elementor-widget-wrap\">\n\t\t\t\t\t\t<div class=\"elementor-element elementor-element-b5ae09c exad-sticky-section-no exad-glass-effect-no elementor-widget elementor-widget-image\" data-id=\"b5ae09c\" data-element_type=\"widget\" data-widget_type=\"image.default\">\n\t\t\t\t<div class=\"elementor-widget-container\">\n\t\t\t\t\t\t\t\t<div class=\"elementor-image\">\n\t\t\t\t\t\t\t\t\t\t\t\t<img width=\"1080\" height=\"720\" src=\"https:\/\/bpzoliborz.pl\/bpzoliborz\/wp-content\/uploads\/2025\/06\/konkurs-recytatorski-kulmowa-4.06.2025-final-15.png\" class=\"attachment-large size-large wp-image-27729\" alt=\"Zdj\u0119cie z III \u017boliborskiego Konkursu Recytatorskiego im. Joanny Kulmowej zorganizowanego przez Bibliotek\u0119 Publiczn\u0105 w Dzielnicy \u017boliborz, Spo\u0142eczny Dom Kultury WSM oraz Fundacj\u0119 Joanny i Jana Kulm\u00f3w. Kadr z [rezentacji filmowej wyst\u0105pienia kobiety obok drewnianego konia.\" loading=\"lazy\" srcset=\"https:\/\/bpzoliborz.pl\/bpzoliborz\/wp-content\/uploads\/2025\/06\/konkurs-recytatorski-kulmowa-4.06.2025-final-15.png 1080w, https:\/\/bpzoliborz.pl\/bpzoliborz\/wp-content\/uploads\/2025\/06\/konkurs-recytatorski-kulmowa-4.06.2025-final-15-768x512.png 768w, https:\/\/bpzoliborz.pl\/bpzoliborz\/wp-content\/uploads\/2025\/06\/konkurs-recytatorski-kulmowa-4.06.2025-final-15-391x260.png 391w, https:\/\/bpzoliborz.pl\/bpzoliborz\/wp-content\/uploads\/2025\/06\/konkurs-recytatorski-kulmowa-4.06.2025-final-15-930x620.png 930w\" sizes=\"(max-width: 1080px) 100vw, 1080px\" \/>\t\t\t\t\t\t\t\t\t\t\t\t\t\t<\/div>\n\t\t\t\t\t\t<\/div>\n\t\t\t\t<\/div>\n\t\t\t\t\t\t<\/div>\n\t\t\t\t\t<\/div>\n\t\t<\/div>\n\t\t\t\t<div class=\"elementor-column elementor-col-50 elementor-inner-column elementor-element elementor-element-2669b0c exad-glass-effect-no exad-sticky-section-no\" data-id=\"2669b0c\" data-element_type=\"column\">\n\t\t\t<div class=\"elementor-column-wrap elementor-element-populated\">\n\t\t\t\t\t\t\t<div class=\"elementor-widget-wrap\">\n\t\t\t\t\t\t<div class=\"elementor-element elementor-element-30b6c4e exad-sticky-section-no exad-glass-effect-no elementor-widget elementor-widget-image\" data-id=\"30b6c4e\" data-element_type=\"widget\" data-widget_type=\"image.default\">\n\t\t\t\t<div class=\"elementor-widget-container\">\n\t\t\t\t\t\t\t\t<div class=\"elementor-image\">\n\t\t\t\t\t\t\t\t\t\t\t\t<img width=\"1080\" height=\"720\" src=\"https:\/\/bpzoliborz.pl\/bpzoliborz\/wp-content\/uploads\/2025\/06\/konkurs-recytatorski-kulmowa-4.06.2025-final-34.png\" class=\"attachment-large size-large wp-image-27748\" alt=\"Zdj\u0119cie z III \u017boliborskiego Konkursu Recytatorskiego im. Joanny Kulmowej zorganizowanego przez Bibliotek\u0119 Publiczn\u0105 w Dzielnicy \u017boliborz, Spo\u0142eczny Dom Kultury WSM oraz Fundacj\u0119 Joanny i Jana Kulm\u00f3w. Kobieta kroi ciasto z napisem: Gratulacje od Rady Miasta Szczecin\" loading=\"lazy\" srcset=\"https:\/\/bpzoliborz.pl\/bpzoliborz\/wp-content\/uploads\/2025\/06\/konkurs-recytatorski-kulmowa-4.06.2025-final-34.png 1080w, https:\/\/bpzoliborz.pl\/bpzoliborz\/wp-content\/uploads\/2025\/06\/konkurs-recytatorski-kulmowa-4.06.2025-final-34-768x512.png 768w, https:\/\/bpzoliborz.pl\/bpzoliborz\/wp-content\/uploads\/2025\/06\/konkurs-recytatorski-kulmowa-4.06.2025-final-34-391x260.png 391w, https:\/\/bpzoliborz.pl\/bpzoliborz\/wp-content\/uploads\/2025\/06\/konkurs-recytatorski-kulmowa-4.06.2025-final-34-930x620.png 930w\" sizes=\"(max-width: 1080px) 100vw, 1080px\" \/>\t\t\t\t\t\t\t\t\t\t\t\t\t\t<\/div>\n\t\t\t\t\t\t<\/div>\n\t\t\t\t<\/div>\n\t\t\t\t\t\t<\/div>\n\t\t\t\t\t<\/div>\n\t\t<\/div>\n\t\t\t\t\t\t\t\t<\/div>\n\t\t\t\t\t<\/div>\n\t\t<\/section>\n\t\t\t\t\t\t<\/div>\n\t\t\t\t\t<\/div>\n\t\t<\/div>\n\t\t\t\t\t\t\t\t<\/div>\n\t\t\t\t\t<\/div>\n\t\t<\/section>\n\t\t\t\t<section class=\"elementor-section elementor-top-section elementor-element elementor-element-18653b7 elementor-section-boxed elementor-section-height-default elementor-section-height-default exad-glass-effect-no exad-sticky-section-no\" data-id=\"18653b7\" data-element_type=\"section\">\n\t\t\t\t\t\t<div class=\"elementor-container elementor-column-gap-default\">\n\t\t\t\t\t\t\t<div class=\"elementor-row\">\n\t\t\t\t\t<div class=\"elementor-column elementor-col-100 elementor-top-column elementor-element elementor-element-6a16865 exad-glass-effect-no exad-sticky-section-no\" data-id=\"6a16865\" data-element_type=\"column\">\n\t\t\t<div class=\"elementor-column-wrap elementor-element-populated\">\n\t\t\t\t\t\t\t<div class=\"elementor-widget-wrap\">\n\t\t\t\t\t\t<div class=\"elementor-element elementor-element-bf57c8b exad-sticky-section-no exad-glass-effect-no elementor-widget elementor-widget-spacer\" data-id=\"bf57c8b\" data-element_type=\"widget\" data-widget_type=\"spacer.default\">\n\t\t\t\t<div class=\"elementor-widget-container\">\n\t\t\t\t\t<div class=\"elementor-spacer\">\n\t\t\t<div class=\"elementor-spacer-inner\"><\/div>\n\t\t<\/div>\n\t\t\t\t<\/div>\n\t\t\t\t<\/div>\n\t\t\t\t\t\t<\/div>\n\t\t\t\t\t<\/div>\n\t\t<\/div>\n\t\t\t\t\t\t\t\t<\/div>\n\t\t\t\t\t<\/div>\n\t\t<\/section>\n\t\t\t\t<section class=\"elementor-section elementor-top-section elementor-element elementor-element-a455791 elementor-section-boxed elementor-section-height-default elementor-section-height-default exad-glass-effect-no exad-sticky-section-no\" data-id=\"a455791\" data-element_type=\"section\">\n\t\t\t\t\t\t<div class=\"elementor-container elementor-column-gap-default\">\n\t\t\t\t\t\t\t<div class=\"elementor-row\">\n\t\t\t\t\t<div class=\"elementor-column elementor-col-100 elementor-top-column elementor-element elementor-element-6526adc exad-glass-effect-no exad-sticky-section-no\" data-id=\"6526adc\" data-element_type=\"column\" data-settings=\"{&quot;background_background&quot;:&quot;classic&quot;}\">\n\t\t\t<div class=\"elementor-column-wrap elementor-element-populated\">\n\t\t\t\t\t\t\t<div class=\"elementor-widget-wrap\">\n\t\t\t\t\t\t<div class=\"elementor-element elementor-element-5021f30 exad-sticky-section-no exad-glass-effect-no elementor-widget elementor-widget-heading\" data-id=\"5021f30\" data-element_type=\"widget\" data-widget_type=\"heading.default\">\n\t\t\t\t<div class=\"elementor-widget-container\">\n\t\t\t<h3 class=\"elementor-heading-title elementor-size-default\">II \u017boliborski Konkurs Recytatorski im. Joanny Kulmowej - 22.06.2024<\/h3>\t\t<\/div>\n\t\t\t\t<\/div>\n\t\t\t\t\t\t<\/div>\n\t\t\t\t\t<\/div>\n\t\t<\/div>\n\t\t\t\t\t\t\t\t<\/div>\n\t\t\t\t\t<\/div>\n\t\t<\/section>\n\t\t\t\t<section class=\"elementor-section elementor-top-section elementor-element elementor-element-fe444b4 elementor-section-boxed elementor-section-height-default elementor-section-height-default exad-glass-effect-no exad-sticky-section-no\" data-id=\"fe444b4\" data-element_type=\"section\">\n\t\t\t\t\t\t<div class=\"elementor-container elementor-column-gap-default\">\n\t\t\t\t\t\t\t<div class=\"elementor-row\">\n\t\t\t\t\t<div class=\"elementor-column elementor-col-100 elementor-top-column elementor-element elementor-element-07d473d exad-glass-effect-no exad-sticky-section-no\" data-id=\"07d473d\" data-element_type=\"column\">\n\t\t\t<div class=\"elementor-column-wrap elementor-element-populated\">\n\t\t\t\t\t\t\t<div class=\"elementor-widget-wrap\">\n\t\t\t\t\t\t<div class=\"elementor-element elementor-element-bb60a45 exad-sticky-section-no exad-glass-effect-no elementor-widget elementor-widget-spacer\" data-id=\"bb60a45\" data-element_type=\"widget\" data-widget_type=\"spacer.default\">\n\t\t\t\t<div class=\"elementor-widget-container\">\n\t\t\t\t\t<div class=\"elementor-spacer\">\n\t\t\t<div class=\"elementor-spacer-inner\"><\/div>\n\t\t<\/div>\n\t\t\t\t<\/div>\n\t\t\t\t<\/div>\n\t\t\t\t\t\t<\/div>\n\t\t\t\t\t<\/div>\n\t\t<\/div>\n\t\t\t\t\t\t\t\t<\/div>\n\t\t\t\t\t<\/div>\n\t\t<\/section>\n\t\t\t\t<section class=\"elementor-section elementor-top-section elementor-element elementor-element-b63e413 elementor-section-boxed elementor-section-height-default elementor-section-height-default exad-glass-effect-no exad-sticky-section-no\" data-id=\"b63e413\" data-element_type=\"section\">\n\t\t\t\t\t\t<div class=\"elementor-container elementor-column-gap-default\">\n\t\t\t\t\t\t\t<div class=\"elementor-row\">\n\t\t\t\t\t<div class=\"elementor-column elementor-col-100 elementor-top-column elementor-element elementor-element-6b8fc16 exad-glass-effect-no exad-sticky-section-no\" data-id=\"6b8fc16\" data-element_type=\"column\">\n\t\t\t<div class=\"elementor-column-wrap elementor-element-populated\">\n\t\t\t\t\t\t\t<div class=\"elementor-widget-wrap\">\n\t\t\t\t\t\t<section class=\"elementor-section elementor-inner-section elementor-element elementor-element-ae1fd40 elementor-section-boxed elementor-section-height-default elementor-section-height-default exad-glass-effect-no exad-sticky-section-no\" data-id=\"ae1fd40\" data-element_type=\"section\">\n\t\t\t\t\t\t<div class=\"elementor-container elementor-column-gap-default\">\n\t\t\t\t\t\t\t<div class=\"elementor-row\">\n\t\t\t\t\t<div class=\"elementor-column elementor-col-100 elementor-inner-column elementor-element elementor-element-80731a8 exad-glass-effect-no exad-sticky-section-no\" data-id=\"80731a8\" data-element_type=\"column\">\n\t\t\t<div class=\"elementor-column-wrap elementor-element-populated\">\n\t\t\t\t\t\t\t<div class=\"elementor-widget-wrap\">\n\t\t\t\t\t\t<div class=\"elementor-element elementor-element-2c2a3f4 exad-sticky-section-no exad-glass-effect-no elementor-widget elementor-widget-text-editor\" data-id=\"2c2a3f4\" data-element_type=\"widget\" data-widget_type=\"text-editor.default\">\n\t\t\t\t<div class=\"elementor-widget-container\">\n\t\t\t\t\t\t\t\t<div class=\"elementor-text-editor elementor-clearfix\">\n\t\t\t\t<p><!-- wp:media-text {\"mediaId\":16405,\"mediaLink\":\"https:\/\/bpzoliborz.pl\/bpzoliborz\/?attachment_id=16405\",\"mediaType\":\"image\",\"mediaWidth\":36} --><\/p>\n<div class=\"wp-block-media-text alignwide is-stacked-on-mobile\">\u00a0<\/div>\n<p><img loading=\"lazy\" class=\"size-full wp-image-22523 aligncenter\" src=\"https:\/\/bpzoliborz.pl\/bpzoliborz\/wp-content\/uploads\/2024\/06\/konkurs-recytatorski-kulmowa-22.06.2024-final-13.jpg\" alt=\"Zdj\u0119cie z II \u017boliborskiego Konkursu Recytatorskiego im. Joanny Kulmowej zorganizowanego przez Bibliotek\u0119 Publiczn\u0105 w Dzielnicy \u017boliborz, Spo\u0142eczny Dom Kultury WSM oraz Fundacj\u0119 Joanny i Jana Kulm\u00f3w. Dyrektor Spo\u0142ecznego Domu Kultury WSM oraz Biblioteki \u017boliborskiej przemawiaj\u0105 na scenie Spo\u0142ecznego DOmu Kultury, w tle baner z napisem \u017boliborski Konkurs Recytatorski im. Joanny Kulmowej oraz sztalugi z fragmentami utwor\u00f3w Joanny Kulmowej.\" width=\"1080\" height=\"720\" srcset=\"https:\/\/bpzoliborz.pl\/bpzoliborz\/wp-content\/uploads\/2024\/06\/konkurs-recytatorski-kulmowa-22.06.2024-final-13.jpg 1080w, https:\/\/bpzoliborz.pl\/bpzoliborz\/wp-content\/uploads\/2024\/06\/konkurs-recytatorski-kulmowa-22.06.2024-final-13-768x512.jpg 768w, https:\/\/bpzoliborz.pl\/bpzoliborz\/wp-content\/uploads\/2024\/06\/konkurs-recytatorski-kulmowa-22.06.2024-final-13-391x260.jpg 391w, https:\/\/bpzoliborz.pl\/bpzoliborz\/wp-content\/uploads\/2024\/06\/konkurs-recytatorski-kulmowa-22.06.2024-final-13-930x620.jpg 930w\" sizes=\"(max-width: 1080px) 100vw, 1080px\" \/><\/p>\n<p style=\"text-align: center;\"><span style=\"color: #000000;\">Fina\u0142 Konkursu odby\u0142 si\u0119<strong> 22 czerwca 2024 r.<\/strong> w sali Spo\u0142ecznego Domu Kultury dzi\u0119ki uprzejmo\u015bci i wsp\u00f3\u0142organizacji Warszawskiej Sp\u00f3\u0142dzielni Mieszkaniowej, a uroczysto\u015b\u0107 poprowadzili Dyrektor Biblioteki Publicznej w Dzielnicy \u017boliborz m.st. Warszawy \u2013 <strong>Pani Ma\u0142gorzata Kocot<\/strong> oraz Dyrektor Spo\u0142ecznego Domu Kultury \u2013 <strong>Pan Pawe\u0142 \u015awi\u0119torecki.<\/strong><\/span><\/p>\n<p>\u00a0<\/p>\n<p class=\"has-text-align-center\" style=\"text-align: left;\"><span style=\"color: #000000;\">Do konkursu zg\u0142osi\u0142o si\u0119 <strong>112<\/strong> uczni\u00f3w z warszawskich szk\u00f3\u0142.<\/span><\/p>\n<p><span style=\"color: #000000;\">Przes\u0142uchania konkursowe odby\u0142y si\u0119 w dniach <strong>20 i 21 maja 2024 r<\/strong>. Udzia\u0142 wzi\u0119\u0142o 90 uczestniczek i uczestnik\u00f3w. Uczestnicy oceniani byli w nast\u0119puj\u0105cych kategoriach wiekowych: <strong>uczniowie klas 1-3; uczniowie klas 4 -6; uczniowie klas 7- 8.<\/strong><\/span><\/p>\n<p><span style=\"color: #000000;\"><!-- wp:paragraph {\"align\":\"center\",\"style\":{\"typography\":{\"fontSize\":17}}} --><\/span><\/p>\n<p class=\"has-text-align-center\" style=\"text-align: left;\"><span style=\"color: #000000;\">W ka\u017cdej kategorii wiekowej Jury konkursu pod przewodnictwem <strong>Ma\u0142gorzaty J. Berwid<\/strong> w sk\u0142adzie:<\/span><\/p>\n<p><span style=\"color: #000000;\"><!-- \/wp:paragraph --><!-- wp:list {\"ordered\":true,\"style\":{\"typography\":{\"fontSize\":17}}} --><\/span><\/p>\n<ol>\n<li><span style=\"color: #000000;\"><strong>Wojciech Wysocki<\/strong> \u2013 aktor teatralny i telewizyjny<\/span><\/li>\n<li><span style=\"color: #000000;\"><strong>Krzysztof Wi\u015bniewski<\/strong> \u2013 Dyrektor Teatru Komedia<\/span><\/li>\n<li><span style=\"color: #000000;\"><strong>Monika Wellman<\/strong> \u2013 kuzynka Jana Kulmy<\/span><\/li>\n<li><span style=\"color: #000000;\"><strong>Ma\u0142gorzata J. Berwid<\/strong> \u2013 Ciotka Ksi\u0105\u017ckula, Mama Chrzestna Kulfona i Moniki, Budzika, autorka Molik\u00f3w Ksi\u0105\u017ckowych<\/span><\/li>\n<li><span style=\"color: #000000;\"><strong>Jakub T. Wolski<\/strong> \u2013 pomys\u0142odawca projektu, by\u0142y dyplomata, wieloletni czytelnik naszej biblioteki<\/span><\/li>\n<li><span style=\"color: #000000;\"><strong>Pawe\u0142 \u015awi\u0119torecki<\/strong> \u2013 Dyrektor Spo\u0142ecznego Domu Kultury<\/span><\/li>\n<li><span style=\"color: #000000;\"><strong>Ma\u0142gorzata Kocot<\/strong> \u2013 Dyrektor Biblioteki Publicznej w Dzielnicy \u017boliborz,<\/span><\/li>\n<li><span style=\"color: #000000;\"><strong>Dorota Ba\u0142uszy\u0144ska-Srebro<\/strong> \u2013 autorka ksi\u0105\u017cek fantasy, science fiction, literatura dzieci\u0119ca<\/span><\/li>\n<\/ol>\n<p><!-- \/wp:list --><!-- wp:paragraph {\"align\":\"center\",\"style\":{\"typography\":{\"fontSize\":17}}} --><\/p>\n<p class=\"has-text-align-center\" style=\"text-align: left;\"><span style=\"color: #000000;\"><strong>przyzna\u0142o nagrody i wyr\u00f3\u017cnienia<\/strong> ufundowane przez Bibliotek\u0119 Publiczn\u0105 w Dzielnicy \u017boliborz m. st. Warszawy, Fundacj\u0119 Joanny Kulmowej i Jana Kulmy, Wydawnictwo GRANNA, Oficyn\u0119 Wydawnicz\u0105 G&amp;P Pozna\u0144, Firm\u0119 Mirage Hobby, Warszawsk\u0105 Sp\u00f3\u0142dzielni\u0119 Mieszkaniow\u0105.<\/span><\/p>\n<p style=\"text-align: left;\"><span style=\"color: #000000;\"><!-- \/wp:paragraph --><!-- wp:paragraph {\"align\":\"center\",\"style\":{\"typography\":{\"fontSize\":17}}} --><\/span><\/p>\n<p class=\"has-text-align-center\" style=\"text-align: left;\"><span style=\"color: #000000;\"><strong>Wsp\u00f3\u0142organizatorami wydarzenia byli: Spo\u0142eczny Dom Kultury Warszawskiej Sp\u00f3\u0142dzielni Mieszkaniowej, Urz\u0105d Dzielnicy \u017boliborz oraz Fundacja Joanny Kulmowej i Jana Kulmy. Naszymi Partnerami zostali: Rada Miasta Szczecin, Wydawnictwo Granna, Mirage Hobby, Teatr WaWa oraz G&amp;P Oficyna wydawnicza Pozna\u0144, natomiast Patronami: TVP Warszawa i portal informacyjny Tu\u017boliborz.<\/strong><\/span><\/p>\n<p style=\"text-align: left;\"><span style=\"color: #000000;\"><!-- \/wp:paragraph --><!-- wp:paragraph {\"align\":\"center\",\"style\":{\"typography\":{\"fontSize\":17}}} --><\/span><\/p>\n<p class=\"has-text-align-center\" style=\"text-align: left;\"><span style=\"color: #000000;\">Wszyscy uczestnicy otrzymali pami\u0105tkowe dyplomy oraz upominki.<\/span><\/p>\n<p style=\"text-align: left;\"><span style=\"color: #000000;\"><!-- \/wp:paragraph --><!-- wp:separator --><\/span><\/p>\n<hr class=\"wp-block-separator\" \/>\n<p style=\"text-align: left;\"><span style=\"color: #000000;\"><!-- \/wp:separator --><!-- wp:paragraph {\"align\":\"center\",\"style\":{\"typography\":{\"fontSize\":17}}} --><\/span><\/p>\n<p class=\"has-text-align-center\" style=\"text-align: left;\"><span style=\"color: #000000;\">Go\u015bciem specjalnym Koncertu Laureat\u00f3w by\u0142a dr hab. <strong>Urszula Ch\u0119ci\u0144ska<\/strong> \u2013 prof. Uniwersytetu Szczeci\u0144skiego a zarazem Prezes Fundacji Joanny i Jana Kulm\u00f3w, kt\u00f3ra w wyst\u0105pieniu przekaza\u0142a pi\u0119kne przes\u0142anie skierowane do rodzic\u00f3w i nauczycieli.<\/span><\/p>\n<p style=\"text-align: left;\"><span style=\"color: #000000;\"><!-- \/wp:paragraph --><!-- wp:paragraph {\"align\":\"center\",\"style\":{\"typography\":{\"fontSize\":17}}} --><\/span><\/p>\n<p class=\"has-text-align-center\" style=\"text-align: left;\"><span style=\"color: #000000;\">Uroczysto\u015b\u0107 wzbogaci\u0142 koncert poetycko \u2013 muzyczny w wykonaniu <strong>Teatru WaWa<\/strong> pt.: \u201ePoezja Joanny Kulmowej w muzycznej ods\u0142onie\u201d w wykonaniu Magdy Ku\u015bnierz i Marka Komarnickiego do muzyki Tomasza Czekalskiego, kt\u00f3rzy zaanga\u017cowali w wyst\u0119p publiczno\u015b\u0107.<\/span><\/p>\n<p style=\"text-align: left;\"><span style=\"color: #000000;\"><!-- \/wp:paragraph --><!-- wp:paragraph {\"align\":\"center\",\"style\":{\"typography\":{\"fontSize\":17}}} --><\/span><\/p>\n<p class=\"has-text-align-center\" style=\"text-align: left;\"><span style=\"color: #000000;\">Dla go\u015bci wyst\u0105pi\u0142a te\u017c <strong>Emilia Sentkowska<\/strong> &#8211; uczestniczka 3 edycji The Voice Kids z 2020 roku.<\/span><\/p>\n<p style=\"text-align: left;\"><span style=\"color: #000000;\"><!-- \/wp:paragraph --><!-- wp:paragraph {\"align\":\"center\",\"style\":{\"typography\":{\"fontSize\":17}}} --><\/span><\/p>\n<p class=\"has-text-align-center\" style=\"text-align: left;\"><span style=\"color: #000000;\">Na koniec gali by\u0142a s\u0142odka niespodzianka \u2013 dwupi\u0119trowy tort ufundowany przez Rad\u0119 Miasta Szczecin.<\/span><\/p>\n<p style=\"text-align: left;\"><span style=\"color: #000000;\"><!-- \/wp:paragraph --><!-- wp:separator --><\/span><\/p>\n<hr class=\"wp-block-separator\" \/>\n<p style=\"text-align: left;\"><span style=\"color: #000000;\"><!-- \/wp:separator --><!-- wp:paragraph {\"align\":\"center\",\"style\":{\"typography\":{\"fontSize\":17}}} --><\/span><\/p>\n<p class=\"has-text-align-center\" style=\"text-align: left;\"><span style=\"color: #000000;\"><strong>Lista nagrodzonych uczestnik\u00f3w Drugiego \u017boliborskiego Konkursu Recytatorskiego<\/strong><\/span><br \/><span style=\"color: #000000;\"><strong>im. Joanny Kulmowej<\/strong><\/span><\/p>\n<p style=\"text-align: left;\"><span style=\"color: #000000;\"><!-- \/wp:paragraph --><!-- wp:paragraph {\"align\":\"center\",\"style\":{\"typography\":{\"fontSize\":17}}} --><\/span><\/p>\n<p class=\"has-text-align-center\" style=\"text-align: left;\"><span style=\"color: #000000;\"><strong>Grupa wiekowa klasy 1-3<\/strong><\/span><\/p>\n<p style=\"text-align: left;\"><span style=\"color: #000000;\"><!-- \/wp:paragraph --><!-- wp:paragraph --><\/span><\/p>\n<p style=\"text-align: left;\"><span style=\"color: #000000;\">Nagrody wr\u0119cza\u0142a Burmistrz Dzielnicy \u017boliborz &#8211; Pani Renata Koz\u0142owska<\/span><\/p>\n<p style=\"text-align: left;\"><span style=\"color: #000000;\"><!-- \/wp:paragraph --><!-- wp:paragraph {\"style\":{\"typography\":{\"fontSize\":17}}} --><\/span><\/p>\n<p style=\"text-align: left;\"><span style=\"color: #000000;\">1. Malicka Marcelina \u2013 1 miejsce<\/span><\/p>\n<p style=\"text-align: left;\"><span style=\"color: #000000;\"><!-- \/wp:paragraph --><!-- wp:paragraph {\"style\":{\"typography\":{\"fontSize\":17}}} --><\/span><\/p>\n<p style=\"text-align: left;\"><span style=\"color: #000000;\">2. Dejnek Leopold \u2013 2 miejsce<\/span><\/p>\n<p style=\"text-align: left;\"><span style=\"color: #000000;\"><!-- \/wp:paragraph --><!-- wp:paragraph {\"style\":{\"typography\":{\"fontSize\":17}}} --><\/span><\/p>\n<p style=\"text-align: left;\"><span style=\"color: #000000;\">3. Pedrycz Bogumi\u0142 \u2013 3 miejsce<\/span><\/p>\n<p style=\"text-align: left;\"><span style=\"color: #000000;\"><!-- \/wp:paragraph --><!-- wp:paragraph {\"align\":\"center\",\"style\":{\"typography\":{\"fontSize\":17}}} --><\/span><\/p>\n<p class=\"has-text-align-center\" style=\"text-align: left;\"><span style=\"color: #000000;\"><strong>Grupa wiekowa klasy 4-6<\/strong><\/span><\/p>\n<p style=\"text-align: left;\"><span style=\"color: #000000;\"><!-- \/wp:paragraph --><!-- wp:paragraph --><\/span><\/p>\n<p style=\"text-align: left;\"><span style=\"color: #000000;\">Nagrody wr\u0119cza\u0142a Prezes Fundacji Joanny Kulmowej i Jana Kulmy &#8211; Pani Urszula Ch\u0119ci\u0144ska<\/span><\/p>\n<p style=\"text-align: left;\"><span style=\"color: #000000;\"><!-- \/wp:paragraph --><!-- wp:paragraph {\"style\":{\"typography\":{\"fontSize\":17}}} --><\/span><\/p>\n<p style=\"text-align: left;\"><span style=\"color: #000000;\">1. \u017bandarowska Kalina \u2013 1 miejsce, Nagroda Fundacji Joanny Kulmowej i Jana Kulmy<\/span><\/p>\n<p style=\"text-align: left;\"><span style=\"color: #000000;\"><!-- \/wp:paragraph --><!-- wp:paragraph {\"style\":{\"typography\":{\"fontSize\":17}}} --><\/span><\/p>\n<p style=\"text-align: left;\"><span style=\"color: #000000;\">2. Klicki Stanis\u0142aw \u2013 2 miejsce, Nagroda Warszawskiej Sp\u00f3\u0142dzielni Mieszkaniowej oraz Spo\u0142ecznego Domu Kultury WSM<\/span><\/p>\n<p style=\"text-align: left;\"><span style=\"color: #000000;\"><!-- \/wp:paragraph --><!-- wp:paragraph {\"style\":{\"typography\":{\"fontSize\":17}}} --><\/span><\/p>\n<p style=\"text-align: left;\"><span style=\"color: #000000;\">3. Kuczy\u0144ska Zofia \u2013 3 miejsce<\/span><\/p>\n<p style=\"text-align: left;\"><span style=\"color: #000000;\"><!-- \/wp:paragraph --><!-- wp:paragraph {\"align\":\"center\",\"style\":{\"typography\":{\"fontSize\":17}}} --><\/span><\/p>\n<p class=\"has-text-align-center\" style=\"text-align: left;\"><span style=\"color: #000000;\"><strong>Grupa wiekowa klasy 7-8<\/strong><\/span><\/p>\n<p style=\"text-align: left;\"><span style=\"color: #000000;\"><!-- \/wp:paragraph --><!-- wp:paragraph --><\/span><\/p>\n<p style=\"text-align: left;\"><span style=\"color: #000000;\">Nagrody wr\u0119cza\u0142 \u00a0Zast\u0119pca Burmistrza Dzielnicy \u017boliborz &#8211; Tomasz Mielcarz<\/span><\/p>\n<p style=\"text-align: left;\"><span style=\"color: #000000;\"><!-- \/wp:paragraph --><!-- wp:paragraph {\"style\":{\"typography\":{\"fontSize\":17}}} --><\/span><\/p>\n<p style=\"text-align: left;\"><span style=\"color: #000000;\">1. Osajda Adam \u2013 1 miejsce<\/span><\/p>\n<p style=\"text-align: left;\"><span style=\"color: #000000;\"><!-- \/wp:paragraph --><!-- wp:paragraph {\"style\":{\"typography\":{\"fontSize\":17}}} --><\/span><\/p>\n<p style=\"text-align: left;\"><span style=\"color: #000000;\">2. Pradied Yanchak Veronika \u2013 2 miejsce<\/span><\/p>\n<p style=\"text-align: left;\"><span style=\"color: #000000;\"><!-- \/wp:paragraph --><!-- wp:paragraph {\"style\":{\"typography\":{\"fontSize\":17}}} --><\/span><\/p>\n<p style=\"text-align: left;\"><span style=\"color: #000000;\">3. Stypich Emilia \u2013 3 miejsce<\/span><\/p>\n<p style=\"text-align: left;\"><span style=\"color: #000000;\"><!-- \/wp:paragraph --><!-- wp:paragraph --><\/span><\/p>\n<p style=\"text-align: left;\">\u00a0<\/p>\n<p style=\"text-align: left;\"><span style=\"color: #000000;\"><!-- \/wp:paragraph --><!-- wp:paragraph {\"align\":\"center\"} --><\/span><\/p>\n<p class=\"has-text-align-center\" style=\"text-align: left;\"><span style=\"color: #000000;\"><strong>WYR\u00d3\u017bNIENIA JURORSKIE<\/strong><\/span><\/p>\n<p style=\"text-align: left;\"><span style=\"color: #000000;\"><!-- \/wp:paragraph --><!-- wp:paragraph --><\/span><\/p>\n<p style=\"text-align: left;\"><span style=\"color: #000000;\">Wyr\u00f3\u017cnienia wr\u0119cza\u0142 Pan Wojciech Wysocki, &#8220;siostrzeniec&#8221; Pa\u0144stwa Kulm\u00f3w<\/span><\/p>\n<p style=\"text-align: left;\"><span style=\"color: #000000;\"><!-- \/wp:paragraph --><!-- wp:paragraph --><\/span><\/p>\n<p style=\"text-align: left;\"><span style=\"color: #000000;\">1.Bojarowska Krystyna (1-3)<\/span><\/p>\n<p style=\"text-align: left;\"><span style=\"color: #000000;\"><!-- \/wp:paragraph --><!-- wp:paragraph --><\/span><\/p>\n<p style=\"text-align: left;\"><span style=\"color: #000000;\">2.Drobiecki Jakub (1-3)<\/span><\/p>\n<p style=\"text-align: left;\"><span style=\"color: #000000;\"><!-- \/wp:paragraph --><!-- wp:paragraph --><\/span><\/p>\n<p style=\"text-align: left;\"><span style=\"color: #000000;\">3.Konarski Tymoteusz (1-3)<\/span><\/p>\n<p style=\"text-align: left;\"><span style=\"color: #000000;\"><!-- \/wp:paragraph --><!-- wp:paragraph --><\/span><\/p>\n<p style=\"text-align: left;\"><span style=\"color: #000000;\">4.Ustyja\u0144czuk Kinga (1-3)<\/span><\/p>\n<p style=\"text-align: left;\"><span style=\"color: #000000;\"><!-- \/wp:paragraph --><!-- wp:paragraph --><\/span><\/p>\n<p style=\"text-align: left;\"><span style=\"color: #000000;\">5.Ku\u0107 Natalia (4-6)<\/span><\/p>\n<p style=\"text-align: left;\"><span style=\"color: #000000;\"><!-- \/wp:paragraph --><!-- wp:paragraph --><\/span><\/p>\n<p style=\"text-align: left;\"><span style=\"color: #000000;\">6.Odzinkowska Bianka (4-6)<\/span><\/p>\n<p style=\"text-align: left;\"><span style=\"color: #000000;\"><!-- \/wp:paragraph --><!-- wp:paragraph --><\/span><\/p>\n<p style=\"text-align: left;\"><span style=\"color: #000000;\">7.Osajda Juliusz (4-6)<\/span><\/p>\n<p style=\"text-align: left;\"><span style=\"color: #000000;\"><!-- \/wp:paragraph --><!-- wp:paragraph --><\/span><\/p>\n<p style=\"text-align: left;\"><span style=\"color: #000000;\">8.Kr\u0119tkowska Alicja (7-8)<\/span><\/p>\n<p style=\"text-align: left;\"><span style=\"color: #000000;\"><!-- \/wp:paragraph --><!-- wp:paragraph --><\/span><\/p>\n<p style=\"text-align: left;\"><span style=\"color: #000000;\">9.Stadryniak Piotr (7-8)<\/span><\/p>\n<p style=\"text-align: left;\"><span style=\"color: #000000;\"><!-- \/wp:paragraph --><!-- wp:paragraph --><\/span><\/p>\n<p style=\"text-align: left;\"><span style=\"color: #000000;\">10.Studniarek R\u00f3\u017ca (7-8)<\/span><\/p>\n<p style=\"text-align: left;\"><span style=\"color: #000000;\"><!-- \/wp:paragraph --><!-- wp:paragraph {\"align\":\"center\",\"style\":{\"typography\":{\"fontSize\":17}}} --><\/span><\/p>\n<p class=\"has-text-align-center\" style=\"text-align: left;\"><span style=\"color: #000000;\"><strong>Nagrody Jury:<\/strong><\/span><\/p>\n<p style=\"text-align: left;\"><span style=\"color: #000000;\"><!-- \/wp:paragraph --><!-- wp:list {\"style\":{\"typography\":{\"fontSize\":17}}} --><\/span><\/p>\n<ul style=\"text-align: left;\">\n<li><span style=\"color: #000000;\">\u017bandarowska Kalina (4-6) &#8211; Nagroda Fundacji Joanny Kulmowej i Jana Kulmy, wr\u0119cza\u0142a Pani Urszula Ch\u0119ci\u0144ska &#8211; Prezes Fundacji<\/span><\/li>\n<li><span style=\"color: #000000;\">Latek Ewa (4-6) &#8211; Nagroda Rodziny Kulm\u00f3w, wr\u0119cza\u0142a Pani Monika Wellman &#8211; kuzynka Jana Kulmy<\/span><\/li>\n<li><span style=\"color: #000000;\">Klicki Stanis\u0142aw Nagroda Warszawskiej Sp\u00f3\u0142dzielni Mieszkaniowej i Spo\u0142ecznego Domu Kultury, wr\u0119czali Pani Monika Wellman &#8211; kuzynka Jana Kulmy oraz Pan Pawe\u0142 \u015awi\u0119torecki &#8211; Dyrektor SDK<\/span><\/li>\n<li><span style=\"color: #000000;\">Hoffman Klara (4-6) &#8211; Nagroda Krzysztofa Wi\u015bniewskiego Dyrektora Teatru Komedia, wr\u0119cza\u0142 Pan Pawe\u0142 \u015awi\u0119torecki &#8211; Dyrektor SDK<\/span><\/li>\n<li><span style=\"color: #000000;\">Aleksandrowicz Olivier (7-8)- Nagroda Jakuba T. Wolskiego &#8211; jurora konkursu, wr\u0119cza\u0142 Pan Jakub T. Wolski<\/span><\/li>\n<li><span style=\"color: #000000;\">Duli\u0144ska Zofia (1-3) &#8211; Nagroda Doroty Ba\u0142uszy\u0144skiej &#8211; Srebro &#8211; autorki ksi\u0105\u017cek dla dzieci, wr\u0119cza\u0142a Pani Dorota Ba\u0142uszy\u0144ska-Srebro<\/span><\/li>\n<li><span style=\"color: #000000;\">Pliszka Aleksander (1-3) &#8211; Nagroda Ma\u0142gorzaty Kocot Dyrektora Biblioteki Publicznej w Dzielnicy \u017boliborz m. st. Warszawy, wr\u0119cza\u0142a Pani Ma\u0142gorzata Kocot<\/span><\/li>\n<li><span style=\"color: #000000;\">Czajka Apolonia (4-6), Kr\u0119\u017co\u0142ek Antoni (4-6), Pogoda Aleksander (4-6), Zych Karol (4-6) &#8211; Nagroda Ma\u0142gorzaty J. Berwid Ciotki Ksi\u0105\u017ckuli, wr\u0119cza\u0142a Ma\u0142gorzata J. Berwid<\/span><\/li>\n<\/ul>\n<p style=\"text-align: left;\"><span style=\"color: #000000;\"><!-- \/wp:list --><!-- wp:paragraph --><\/span><\/p>\n<p style=\"text-align: left;\"><span style=\"color: #000000;\">Dyplomy za udzia\u0142 w Drugim \u017boliborskim Konkursie Recytatorskim im. Joanny Kulmowej wr\u0119cza\u0142a uczestnikom <strong>Pani Anna Gruszczy\u0144ska &#8211; Kurator Izby Pami\u0119ci Marii Kownackiej na \u017boliborzu.<\/strong><\/span><\/p>\n<p><!-- \/wp:paragraph --><\/p>\n<p><!-- \/wp:paragraph --><\/p>\t\t\t\t\t<\/div>\n\t\t\t\t\t\t<\/div>\n\t\t\t\t<\/div>\n\t\t\t\t\t\t<\/div>\n\t\t\t\t\t<\/div>\n\t\t<\/div>\n\t\t\t\t\t\t\t\t<\/div>\n\t\t\t\t\t<\/div>\n\t\t<\/section>\n\t\t\t\t<section class=\"elementor-section elementor-inner-section elementor-element elementor-element-2575a50 elementor-section-boxed elementor-section-height-default elementor-section-height-default exad-glass-effect-no exad-sticky-section-no\" data-id=\"2575a50\" data-element_type=\"section\">\n\t\t\t\t\t\t<div class=\"elementor-container elementor-column-gap-default\">\n\t\t\t\t\t\t\t<div class=\"elementor-row\">\n\t\t\t\t\t<div class=\"elementor-column elementor-col-50 elementor-inner-column elementor-element elementor-element-dc9107c exad-glass-effect-no exad-sticky-section-no\" data-id=\"dc9107c\" data-element_type=\"column\">\n\t\t\t<div class=\"elementor-column-wrap elementor-element-populated\">\n\t\t\t\t\t\t\t<div class=\"elementor-widget-wrap\">\n\t\t\t\t\t\t<div class=\"elementor-element elementor-element-e2730b1 exad-sticky-section-no exad-glass-effect-no elementor-widget elementor-widget-image\" data-id=\"e2730b1\" data-element_type=\"widget\" data-widget_type=\"image.default\">\n\t\t\t\t<div class=\"elementor-widget-container\">\n\t\t\t\t\t\t\t\t<div class=\"elementor-image\">\n\t\t\t\t\t\t\t\t\t\t\t\t<img width=\"1080\" height=\"720\" src=\"https:\/\/bpzoliborz.pl\/bpzoliborz\/wp-content\/uploads\/2024\/06\/konkurs-recytatorski-kulmowa-22.06.2024-final-4.jpg\" class=\"attachment-large size-large wp-image-22514\" alt=\"Zdj\u0119cie z II \u017boliborskiego Konkursu Recytatorskiego im. Joanny Kulmowej zorganizowanego przez Bibliotek\u0119 Publiczn\u0105 w Dzielnicy \u017boliborz, Spo\u0142eczny Dom Kultury WSM oraz Fundacj\u0119 Joanny i Jana Kulm\u00f3w. Dyrektor Spo\u0142ecznego Domu Kultury WSM oraz Biblioteki \u017boliborskiej przemawiaj\u0105 na scenie Spo\u0142ecznego DOmu Kultury, w tle baner z napisem \u017boliborski Konkurs Recytatorski im. Joanny Kulmowej oraz sztalugi z fragmentami utwor\u00f3w Joanny Kulmowej i rollup Biblioteki Publicznej w Dzielnicy \u017boliborz m.st. Warszawy.\" loading=\"lazy\" srcset=\"https:\/\/bpzoliborz.pl\/bpzoliborz\/wp-content\/uploads\/2024\/06\/konkurs-recytatorski-kulmowa-22.06.2024-final-4.jpg 1080w, https:\/\/bpzoliborz.pl\/bpzoliborz\/wp-content\/uploads\/2024\/06\/konkurs-recytatorski-kulmowa-22.06.2024-final-4-768x512.jpg 768w, https:\/\/bpzoliborz.pl\/bpzoliborz\/wp-content\/uploads\/2024\/06\/konkurs-recytatorski-kulmowa-22.06.2024-final-4-391x260.jpg 391w, https:\/\/bpzoliborz.pl\/bpzoliborz\/wp-content\/uploads\/2024\/06\/konkurs-recytatorski-kulmowa-22.06.2024-final-4-930x620.jpg 930w\" sizes=\"(max-width: 1080px) 100vw, 1080px\" \/>\t\t\t\t\t\t\t\t\t\t\t\t\t\t<\/div>\n\t\t\t\t\t\t<\/div>\n\t\t\t\t<\/div>\n\t\t\t\t\t\t<\/div>\n\t\t\t\t\t<\/div>\n\t\t<\/div>\n\t\t\t\t<div class=\"elementor-column elementor-col-50 elementor-inner-column elementor-element elementor-element-6c25608 exad-glass-effect-no exad-sticky-section-no\" data-id=\"6c25608\" data-element_type=\"column\">\n\t\t\t<div class=\"elementor-column-wrap elementor-element-populated\">\n\t\t\t\t\t\t\t<div class=\"elementor-widget-wrap\">\n\t\t\t\t\t\t<div class=\"elementor-element elementor-element-43475e7 exad-sticky-section-no exad-glass-effect-no elementor-widget elementor-widget-image\" data-id=\"43475e7\" data-element_type=\"widget\" data-widget_type=\"image.default\">\n\t\t\t\t<div class=\"elementor-widget-container\">\n\t\t\t\t\t\t\t\t<div class=\"elementor-image\">\n\t\t\t\t\t\t\t\t\t\t\t\t<img width=\"1080\" height=\"720\" src=\"https:\/\/bpzoliborz.pl\/bpzoliborz\/wp-content\/uploads\/2024\/06\/konkurs-recytatorski-kulmowa-22.06.2024-final-6.jpg\" class=\"attachment-large size-large wp-image-22516\" alt=\"Zdj\u0119cie z II \u017boliborskiego Konkursu Recytatorskiego im. Joanny Kulmowej zorganizowanego przez Bibliotek\u0119 Publiczn\u0105 w Dzielnicy \u017boliborz, Spo\u0142eczny Dom Kultury WSM oraz Fundacj\u0119 Joanny i Jana Kulm\u00f3w. Prezes Fundacji Joanny i Jana Kulm\u00f3w przemawia na scenie do mikrofonu. W tle baner z napisem \u017boliborski Konkurs Recytatorski im. Joanny Kulmowej oraz sztalugi z fragmentami utwor\u00f3w Joanny Kulmowej.\" loading=\"lazy\" srcset=\"https:\/\/bpzoliborz.pl\/bpzoliborz\/wp-content\/uploads\/2024\/06\/konkurs-recytatorski-kulmowa-22.06.2024-final-6.jpg 1080w, https:\/\/bpzoliborz.pl\/bpzoliborz\/wp-content\/uploads\/2024\/06\/konkurs-recytatorski-kulmowa-22.06.2024-final-6-768x512.jpg 768w, https:\/\/bpzoliborz.pl\/bpzoliborz\/wp-content\/uploads\/2024\/06\/konkurs-recytatorski-kulmowa-22.06.2024-final-6-391x260.jpg 391w, https:\/\/bpzoliborz.pl\/bpzoliborz\/wp-content\/uploads\/2024\/06\/konkurs-recytatorski-kulmowa-22.06.2024-final-6-930x620.jpg 930w\" sizes=\"(max-width: 1080px) 100vw, 1080px\" \/>\t\t\t\t\t\t\t\t\t\t\t\t\t\t<\/div>\n\t\t\t\t\t\t<\/div>\n\t\t\t\t<\/div>\n\t\t\t\t\t\t<\/div>\n\t\t\t\t\t<\/div>\n\t\t<\/div>\n\t\t\t\t\t\t\t\t<\/div>\n\t\t\t\t\t<\/div>\n\t\t<\/section>\n\t\t\t\t<section class=\"elementor-section elementor-inner-section elementor-element elementor-element-4904576 elementor-section-boxed elementor-section-height-default elementor-section-height-default exad-glass-effect-no exad-sticky-section-no\" data-id=\"4904576\" data-element_type=\"section\">\n\t\t\t\t\t\t<div class=\"elementor-container elementor-column-gap-default\">\n\t\t\t\t\t\t\t<div class=\"elementor-row\">\n\t\t\t\t\t<div class=\"elementor-column elementor-col-50 elementor-inner-column elementor-element elementor-element-ee6fce7 exad-glass-effect-no exad-sticky-section-no\" data-id=\"ee6fce7\" data-element_type=\"column\">\n\t\t\t<div class=\"elementor-column-wrap elementor-element-populated\">\n\t\t\t\t\t\t\t<div class=\"elementor-widget-wrap\">\n\t\t\t\t\t\t<div class=\"elementor-element elementor-element-ee9d95a exad-sticky-section-no exad-glass-effect-no elementor-widget elementor-widget-image\" data-id=\"ee9d95a\" data-element_type=\"widget\" data-widget_type=\"image.default\">\n\t\t\t\t<div class=\"elementor-widget-container\">\n\t\t\t\t\t\t\t\t<div class=\"elementor-image\">\n\t\t\t\t\t\t\t\t\t\t\t\t<img width=\"1080\" height=\"720\" src=\"https:\/\/bpzoliborz.pl\/bpzoliborz\/wp-content\/uploads\/2024\/06\/konkurs-recytatorski-kulmowa-22.06.2024-final-12.jpg\" class=\"attachment-large size-large wp-image-22522\" alt=\"Zdj\u0119cie z II \u017boliborskiego Konkursu Recytatorskiego im. Joanny Kulmowej zorganizowanego przez Bibliotek\u0119 Publiczn\u0105 w Dzielnicy \u017boliborz, Spo\u0142eczny Dom Kultury WSM oraz Fundacj\u0119 Joanny i Jana Kulm\u00f3w. Laureaci konkursu - dzieci, stoj\u0105 na scenie z wr\u0119czonymi nagrodami i dyplomami. W tle napis \u017boliborski Konkurs Recytatorski im. Joanny Kulmowej oraz sztalugi z fragmentami utwor\u00f3w Joanny Kulmowej.\" loading=\"lazy\" srcset=\"https:\/\/bpzoliborz.pl\/bpzoliborz\/wp-content\/uploads\/2024\/06\/konkurs-recytatorski-kulmowa-22.06.2024-final-12.jpg 1080w, https:\/\/bpzoliborz.pl\/bpzoliborz\/wp-content\/uploads\/2024\/06\/konkurs-recytatorski-kulmowa-22.06.2024-final-12-768x512.jpg 768w, https:\/\/bpzoliborz.pl\/bpzoliborz\/wp-content\/uploads\/2024\/06\/konkurs-recytatorski-kulmowa-22.06.2024-final-12-391x260.jpg 391w, https:\/\/bpzoliborz.pl\/bpzoliborz\/wp-content\/uploads\/2024\/06\/konkurs-recytatorski-kulmowa-22.06.2024-final-12-930x620.jpg 930w\" sizes=\"(max-width: 1080px) 100vw, 1080px\" \/>\t\t\t\t\t\t\t\t\t\t\t\t\t\t<\/div>\n\t\t\t\t\t\t<\/div>\n\t\t\t\t<\/div>\n\t\t\t\t\t\t<\/div>\n\t\t\t\t\t<\/div>\n\t\t<\/div>\n\t\t\t\t<div class=\"elementor-column elementor-col-50 elementor-inner-column elementor-element elementor-element-015377f exad-glass-effect-no exad-sticky-section-no\" data-id=\"015377f\" data-element_type=\"column\">\n\t\t\t<div class=\"elementor-column-wrap elementor-element-populated\">\n\t\t\t\t\t\t\t<div class=\"elementor-widget-wrap\">\n\t\t\t\t\t\t<div class=\"elementor-element elementor-element-df08e25 exad-sticky-section-no exad-glass-effect-no elementor-widget elementor-widget-image\" data-id=\"df08e25\" data-element_type=\"widget\" data-widget_type=\"image.default\">\n\t\t\t\t<div class=\"elementor-widget-container\">\n\t\t\t\t\t\t\t\t<div class=\"elementor-image\">\n\t\t\t\t\t\t\t\t\t\t\t\t<img width=\"1080\" height=\"720\" src=\"https:\/\/bpzoliborz.pl\/bpzoliborz\/wp-content\/uploads\/2024\/06\/konkurs-recytatorski-kulmowa-22.06.2024-final-19.jpg\" class=\"attachment-large size-large wp-image-22529\" alt=\"Zdj\u0119cie z II \u017boliborskiego Konkursu Recytatorskiego im. Joanny Kulmowej zorganizowanego przez Bibliotek\u0119 Publiczn\u0105 w Dzielnicy \u017boliborz, Spo\u0142eczny Dom Kultury WSM oraz Fundacj\u0119 Joanny i Jana Kulm\u00f3w. Cz\u0142onek Jury wr\u0119cza nagrody i dyplomy na scenie Spo\u0142ecznego Domu Kultury. W tle Dyrektor Spo\u0142ecznego Domu Kultury WSM oraz baner z napisem \u017boliborski Konkurs Recytatorski im. Joanny Kulmowej oraz sztalugi z fragmentami utwor\u00f3w Joanny Kulmowej.\" loading=\"lazy\" srcset=\"https:\/\/bpzoliborz.pl\/bpzoliborz\/wp-content\/uploads\/2024\/06\/konkurs-recytatorski-kulmowa-22.06.2024-final-19.jpg 1080w, https:\/\/bpzoliborz.pl\/bpzoliborz\/wp-content\/uploads\/2024\/06\/konkurs-recytatorski-kulmowa-22.06.2024-final-19-768x512.jpg 768w, https:\/\/bpzoliborz.pl\/bpzoliborz\/wp-content\/uploads\/2024\/06\/konkurs-recytatorski-kulmowa-22.06.2024-final-19-391x260.jpg 391w, https:\/\/bpzoliborz.pl\/bpzoliborz\/wp-content\/uploads\/2024\/06\/konkurs-recytatorski-kulmowa-22.06.2024-final-19-930x620.jpg 930w\" sizes=\"(max-width: 1080px) 100vw, 1080px\" \/>\t\t\t\t\t\t\t\t\t\t\t\t\t\t<\/div>\n\t\t\t\t\t\t<\/div>\n\t\t\t\t<\/div>\n\t\t\t\t\t\t<\/div>\n\t\t\t\t\t<\/div>\n\t\t<\/div>\n\t\t\t\t\t\t\t\t<\/div>\n\t\t\t\t\t<\/div>\n\t\t<\/section>\n\t\t\t\t<section class=\"elementor-section elementor-inner-section elementor-element elementor-element-d9c1460 elementor-section-boxed elementor-section-height-default elementor-section-height-default exad-glass-effect-no exad-sticky-section-no\" data-id=\"d9c1460\" data-element_type=\"section\">\n\t\t\t\t\t\t<div class=\"elementor-container elementor-column-gap-default\">\n\t\t\t\t\t\t\t<div class=\"elementor-row\">\n\t\t\t\t\t<div class=\"elementor-column elementor-col-50 elementor-inner-column elementor-element elementor-element-79ad710 exad-glass-effect-no exad-sticky-section-no\" data-id=\"79ad710\" data-element_type=\"column\">\n\t\t\t<div class=\"elementor-column-wrap elementor-element-populated\">\n\t\t\t\t\t\t\t<div class=\"elementor-widget-wrap\">\n\t\t\t\t\t\t<div class=\"elementor-element elementor-element-81a41e4 exad-sticky-section-no exad-glass-effect-no elementor-widget elementor-widget-image\" data-id=\"81a41e4\" data-element_type=\"widget\" data-widget_type=\"image.default\">\n\t\t\t\t<div class=\"elementor-widget-container\">\n\t\t\t\t\t\t\t\t<div class=\"elementor-image\">\n\t\t\t\t\t\t\t\t\t\t\t\t<img width=\"1080\" height=\"720\" src=\"https:\/\/bpzoliborz.pl\/bpzoliborz\/wp-content\/uploads\/2024\/06\/konkurs-recytatorski-kulmowa-22.06.2024-final-22.jpg\" class=\"attachment-large size-large wp-image-22532\" alt=\"Zdj\u0119cie z II \u017boliborskiego Konkursu Recytatorskiego im. Joanny Kulmowej zorganizowanego przez Bibliotek\u0119 Publiczn\u0105 w Dzielnicy \u017boliborz, Spo\u0142eczny Dom Kultury WSM oraz Fundacj\u0119 Joanny i Jana Kulm\u00f3w. Cz\u0142onek Jury wr\u0119cza nagrody i dyplomy na scenie Spo\u0142ecznego Domu Kultury. W tle Dyrektor Spo\u0142ecznego Domu Kultury WSM oraz baner z napisem \u017boliborski Konkurs Recytatorski im. Joanny Kulmowej oraz sztalugi z fragmentami utwor\u00f3w Joanny Kulmowej.\" loading=\"lazy\" srcset=\"https:\/\/bpzoliborz.pl\/bpzoliborz\/wp-content\/uploads\/2024\/06\/konkurs-recytatorski-kulmowa-22.06.2024-final-22.jpg 1080w, https:\/\/bpzoliborz.pl\/bpzoliborz\/wp-content\/uploads\/2024\/06\/konkurs-recytatorski-kulmowa-22.06.2024-final-22-768x512.jpg 768w, https:\/\/bpzoliborz.pl\/bpzoliborz\/wp-content\/uploads\/2024\/06\/konkurs-recytatorski-kulmowa-22.06.2024-final-22-391x260.jpg 391w, https:\/\/bpzoliborz.pl\/bpzoliborz\/wp-content\/uploads\/2024\/06\/konkurs-recytatorski-kulmowa-22.06.2024-final-22-930x620.jpg 930w\" sizes=\"(max-width: 1080px) 100vw, 1080px\" \/>\t\t\t\t\t\t\t\t\t\t\t\t\t\t<\/div>\n\t\t\t\t\t\t<\/div>\n\t\t\t\t<\/div>\n\t\t\t\t\t\t<\/div>\n\t\t\t\t\t<\/div>\n\t\t<\/div>\n\t\t\t\t<div class=\"elementor-column elementor-col-50 elementor-inner-column elementor-element elementor-element-a5abf4c exad-glass-effect-no exad-sticky-section-no\" data-id=\"a5abf4c\" data-element_type=\"column\">\n\t\t\t<div class=\"elementor-column-wrap elementor-element-populated\">\n\t\t\t\t\t\t\t<div class=\"elementor-widget-wrap\">\n\t\t\t\t\t\t<div class=\"elementor-element elementor-element-1dc763f exad-sticky-section-no exad-glass-effect-no elementor-widget elementor-widget-image\" data-id=\"1dc763f\" data-element_type=\"widget\" data-widget_type=\"image.default\">\n\t\t\t\t<div class=\"elementor-widget-container\">\n\t\t\t\t\t\t\t\t<div class=\"elementor-image\">\n\t\t\t\t\t\t\t\t\t\t\t\t<img width=\"1080\" height=\"720\" src=\"https:\/\/bpzoliborz.pl\/bpzoliborz\/wp-content\/uploads\/2024\/06\/konkurs-recytatorski-kulmowa-22.06.2024-final-28.jpg\" class=\"attachment-large size-large wp-image-22538\" alt=\"Zdj\u0119cie z II \u017boliborskiego Konkursu Recytatorskiego im. Joanny Kulmowej zorganizowanego przez Bibliotek\u0119 Publiczn\u0105 w Dzielnicy \u017boliborz, Spo\u0142eczny Dom Kultury WSM oraz Fundacj\u0119 Joanny i Jana Kulm\u00f3w. Dziewczynka siedz\u0105ca na scenie i recytuj\u0105ca do mikrofonu utw\u00f3r Joanny Kulmowej. W tle Burmistrzyni \u017boliborza oraz Dyrektor Biblioteki stoj\u0105ce na scenie oraz baner z napisem \u017boliborski Konkurs Recytatorski im. Joanny Kulmowej oraz sztalugi z fragmentami utwor\u00f3w Joanny Kulmowej.\" loading=\"lazy\" srcset=\"https:\/\/bpzoliborz.pl\/bpzoliborz\/wp-content\/uploads\/2024\/06\/konkurs-recytatorski-kulmowa-22.06.2024-final-28.jpg 1080w, https:\/\/bpzoliborz.pl\/bpzoliborz\/wp-content\/uploads\/2024\/06\/konkurs-recytatorski-kulmowa-22.06.2024-final-28-768x512.jpg 768w, https:\/\/bpzoliborz.pl\/bpzoliborz\/wp-content\/uploads\/2024\/06\/konkurs-recytatorski-kulmowa-22.06.2024-final-28-391x260.jpg 391w, https:\/\/bpzoliborz.pl\/bpzoliborz\/wp-content\/uploads\/2024\/06\/konkurs-recytatorski-kulmowa-22.06.2024-final-28-930x620.jpg 930w\" sizes=\"(max-width: 1080px) 100vw, 1080px\" \/>\t\t\t\t\t\t\t\t\t\t\t\t\t\t<\/div>\n\t\t\t\t\t\t<\/div>\n\t\t\t\t<\/div>\n\t\t\t\t\t\t<\/div>\n\t\t\t\t\t<\/div>\n\t\t<\/div>\n\t\t\t\t\t\t\t\t<\/div>\n\t\t\t\t\t<\/div>\n\t\t<\/section>\n\t\t\t\t<section class=\"elementor-section elementor-inner-section elementor-element elementor-element-d64ea7b elementor-section-boxed elementor-section-height-default elementor-section-height-default exad-glass-effect-no exad-sticky-section-no\" data-id=\"d64ea7b\" data-element_type=\"section\">\n\t\t\t\t\t\t<div class=\"elementor-container elementor-column-gap-default\">\n\t\t\t\t\t\t\t<div class=\"elementor-row\">\n\t\t\t\t\t<div class=\"elementor-column elementor-col-50 elementor-inner-column elementor-element elementor-element-546dc53 exad-glass-effect-no exad-sticky-section-no\" data-id=\"546dc53\" data-element_type=\"column\">\n\t\t\t<div class=\"elementor-column-wrap elementor-element-populated\">\n\t\t\t\t\t\t\t<div class=\"elementor-widget-wrap\">\n\t\t\t\t\t\t<div class=\"elementor-element elementor-element-7743c9f exad-sticky-section-no exad-glass-effect-no elementor-widget elementor-widget-image\" data-id=\"7743c9f\" data-element_type=\"widget\" data-widget_type=\"image.default\">\n\t\t\t\t<div class=\"elementor-widget-container\">\n\t\t\t\t\t\t\t\t<div class=\"elementor-image\">\n\t\t\t\t\t\t\t\t\t\t\t\t<img width=\"1080\" height=\"720\" src=\"https:\/\/bpzoliborz.pl\/bpzoliborz\/wp-content\/uploads\/2024\/06\/konkurs-recytatorski-kulmowa-22.06.2024-final-39.jpg\" class=\"attachment-large size-large wp-image-22550\" alt=\"Zdj\u0119cie z II \u017boliborskiego Konkursu Recytatorskiego im. Joanny Kulmowej zorganizowanego przez Bibliotek\u0119 Publiczn\u0105 w Dzielnicy \u017boliborz, Spo\u0142eczny Dom Kultury WSM oraz Fundacj\u0119 Joanny i Jana Kulm\u00f3w. Cz\u0142onek Jury wr\u0119cza nagrody i dyplomy na scenie Spo\u0142ecznego Domu Kultury. W tle baner z napisem \u017boliborski Konkurs Recytatorski im. Joanny Kulmowej oraz sztalugi z fragmentami utwor\u00f3w Joanny Kulmowej.\" loading=\"lazy\" srcset=\"https:\/\/bpzoliborz.pl\/bpzoliborz\/wp-content\/uploads\/2024\/06\/konkurs-recytatorski-kulmowa-22.06.2024-final-39.jpg 1080w, https:\/\/bpzoliborz.pl\/bpzoliborz\/wp-content\/uploads\/2024\/06\/konkurs-recytatorski-kulmowa-22.06.2024-final-39-768x512.jpg 768w, https:\/\/bpzoliborz.pl\/bpzoliborz\/wp-content\/uploads\/2024\/06\/konkurs-recytatorski-kulmowa-22.06.2024-final-39-391x260.jpg 391w, https:\/\/bpzoliborz.pl\/bpzoliborz\/wp-content\/uploads\/2024\/06\/konkurs-recytatorski-kulmowa-22.06.2024-final-39-930x620.jpg 930w\" sizes=\"(max-width: 1080px) 100vw, 1080px\" \/>\t\t\t\t\t\t\t\t\t\t\t\t\t\t<\/div>\n\t\t\t\t\t\t<\/div>\n\t\t\t\t<\/div>\n\t\t\t\t\t\t<\/div>\n\t\t\t\t\t<\/div>\n\t\t<\/div>\n\t\t\t\t<div class=\"elementor-column elementor-col-50 elementor-inner-column elementor-element elementor-element-1c300fe exad-glass-effect-no exad-sticky-section-no\" data-id=\"1c300fe\" data-element_type=\"column\">\n\t\t\t<div class=\"elementor-column-wrap elementor-element-populated\">\n\t\t\t\t\t\t\t<div class=\"elementor-widget-wrap\">\n\t\t\t\t\t\t<div class=\"elementor-element elementor-element-3ad8eb2 exad-sticky-section-no exad-glass-effect-no elementor-widget elementor-widget-image\" data-id=\"3ad8eb2\" data-element_type=\"widget\" data-widget_type=\"image.default\">\n\t\t\t\t<div class=\"elementor-widget-container\">\n\t\t\t\t\t\t\t\t<div class=\"elementor-image\">\n\t\t\t\t\t\t\t\t\t\t\t\t<img width=\"1080\" height=\"720\" src=\"https:\/\/bpzoliborz.pl\/bpzoliborz\/wp-content\/uploads\/2024\/06\/konkurs-recytatorski-kulmowa-22.06.2024-final-32.jpg\" class=\"attachment-large size-large wp-image-22542\" alt=\"Zdj\u0119cie z II \u017boliborskiego Konkursu Recytatorskiego im. Joanny Kulmowej zorganizowanego przez Bibliotek\u0119 Publiczn\u0105 w Dzielnicy \u017boliborz, Spo\u0142eczny Dom Kultury WSM oraz Fundacj\u0119 Joanny i Jana Kulm\u00f3w. Widok na publiczno\u015b\u0107 siedz\u0105c\u0105 przed scen\u0105 Spo\u0142ecznego Domu Kultury. W tle zas\u0142oniet\u0119 okna.\" loading=\"lazy\" srcset=\"https:\/\/bpzoliborz.pl\/bpzoliborz\/wp-content\/uploads\/2024\/06\/konkurs-recytatorski-kulmowa-22.06.2024-final-32.jpg 1080w, https:\/\/bpzoliborz.pl\/bpzoliborz\/wp-content\/uploads\/2024\/06\/konkurs-recytatorski-kulmowa-22.06.2024-final-32-768x512.jpg 768w, https:\/\/bpzoliborz.pl\/bpzoliborz\/wp-content\/uploads\/2024\/06\/konkurs-recytatorski-kulmowa-22.06.2024-final-32-391x260.jpg 391w, https:\/\/bpzoliborz.pl\/bpzoliborz\/wp-content\/uploads\/2024\/06\/konkurs-recytatorski-kulmowa-22.06.2024-final-32-930x620.jpg 930w\" sizes=\"(max-width: 1080px) 100vw, 1080px\" \/>\t\t\t\t\t\t\t\t\t\t\t\t\t\t<\/div>\n\t\t\t\t\t\t<\/div>\n\t\t\t\t<\/div>\n\t\t\t\t\t\t<\/div>\n\t\t\t\t\t<\/div>\n\t\t<\/div>\n\t\t\t\t\t\t\t\t<\/div>\n\t\t\t\t\t<\/div>\n\t\t<\/section>\n\t\t\t\t<section class=\"elementor-section elementor-inner-section elementor-element elementor-element-e130157 elementor-section-boxed elementor-section-height-default elementor-section-height-default exad-glass-effect-no exad-sticky-section-no\" data-id=\"e130157\" data-element_type=\"section\">\n\t\t\t\t\t\t<div class=\"elementor-container elementor-column-gap-default\">\n\t\t\t\t\t\t\t<div class=\"elementor-row\">\n\t\t\t\t\t<div class=\"elementor-column elementor-col-50 elementor-inner-column elementor-element elementor-element-7984a3d exad-glass-effect-no exad-sticky-section-no\" data-id=\"7984a3d\" data-element_type=\"column\">\n\t\t\t<div class=\"elementor-column-wrap elementor-element-populated\">\n\t\t\t\t\t\t\t<div class=\"elementor-widget-wrap\">\n\t\t\t\t\t\t<div class=\"elementor-element elementor-element-cc8f156 exad-sticky-section-no exad-glass-effect-no elementor-widget elementor-widget-image\" data-id=\"cc8f156\" data-element_type=\"widget\" data-widget_type=\"image.default\">\n\t\t\t\t<div class=\"elementor-widget-container\">\n\t\t\t\t\t\t\t\t<div class=\"elementor-image\">\n\t\t\t\t\t\t\t\t\t\t\t\t<img width=\"1080\" height=\"720\" src=\"https:\/\/bpzoliborz.pl\/bpzoliborz\/wp-content\/uploads\/2024\/06\/konkurs-recytatorski-kulmowa-22.06.2024-final-31.jpg\" class=\"attachment-large size-large wp-image-22541\" alt=\"Zdj\u0119cie z II \u017boliborskiego Konkursu Recytatorskiego im. Joanny Kulmowej zorganizowanego przez Bibliotek\u0119 Publiczn\u0105 w Dzielnicy \u017boliborz, Spo\u0142eczny Dom Kultury WSM oraz Fundacj\u0119 Joanny i Jana Kulm\u00f3w. Tort w pude\u0142ku dla uczestnik\u00f3w spotkania z napisem: Gratulacje od Rady Miasta Szczecin.\" loading=\"lazy\" srcset=\"https:\/\/bpzoliborz.pl\/bpzoliborz\/wp-content\/uploads\/2024\/06\/konkurs-recytatorski-kulmowa-22.06.2024-final-31.jpg 1080w, https:\/\/bpzoliborz.pl\/bpzoliborz\/wp-content\/uploads\/2024\/06\/konkurs-recytatorski-kulmowa-22.06.2024-final-31-768x512.jpg 768w, https:\/\/bpzoliborz.pl\/bpzoliborz\/wp-content\/uploads\/2024\/06\/konkurs-recytatorski-kulmowa-22.06.2024-final-31-391x260.jpg 391w, https:\/\/bpzoliborz.pl\/bpzoliborz\/wp-content\/uploads\/2024\/06\/konkurs-recytatorski-kulmowa-22.06.2024-final-31-930x620.jpg 930w\" sizes=\"(max-width: 1080px) 100vw, 1080px\" \/>\t\t\t\t\t\t\t\t\t\t\t\t\t\t<\/div>\n\t\t\t\t\t\t<\/div>\n\t\t\t\t<\/div>\n\t\t\t\t\t\t<\/div>\n\t\t\t\t\t<\/div>\n\t\t<\/div>\n\t\t\t\t<div class=\"elementor-column elementor-col-50 elementor-inner-column elementor-element elementor-element-4b6587d exad-glass-effect-no exad-sticky-section-no\" data-id=\"4b6587d\" data-element_type=\"column\">\n\t\t\t<div class=\"elementor-column-wrap elementor-element-populated\">\n\t\t\t\t\t\t\t<div class=\"elementor-widget-wrap\">\n\t\t\t\t\t\t<div class=\"elementor-element elementor-element-a9bdab3 exad-sticky-section-no exad-glass-effect-no elementor-widget elementor-widget-image\" data-id=\"a9bdab3\" data-element_type=\"widget\" data-widget_type=\"image.default\">\n\t\t\t\t<div class=\"elementor-widget-container\">\n\t\t\t\t\t\t\t\t<div class=\"elementor-image\">\n\t\t\t\t\t\t\t\t\t\t\t\t<img width=\"1080\" height=\"720\" src=\"https:\/\/bpzoliborz.pl\/bpzoliborz\/wp-content\/uploads\/2024\/06\/konkurs-recytatorski-kulmowa-22.06.2024-final-9.jpg\" class=\"attachment-large size-large wp-image-22519\" alt=\"Zdj\u0119cie z II \u017boliborskiego Konkursu Recytatorskiego im. Joanny Kulmowej zorganizowanego przez Bibliotek\u0119 Publiczn\u0105 w Dzielnicy \u017boliborz, Spo\u0142eczny Dom Kultury WSM oraz Fundacj\u0119 Joanny i Jana Kulm\u00f3w. Widok na publiczno\u015b\u0107 siedz\u0105c\u0105 przed scen\u0105 Spo\u0142ecznego Domu Kultury. W tle baner z napisem \u017boliborski Konkurs Recytatorski im. Joanny Kulmowej oraz sztalugi z fragmentami utwor\u00f3w Joanny Kulmowej oraz rollupem Biblioteki \u017boliborskiej z napisem Biblioteka Publiczna w Dzielnicy \u017boliborz.\" loading=\"lazy\" srcset=\"https:\/\/bpzoliborz.pl\/bpzoliborz\/wp-content\/uploads\/2024\/06\/konkurs-recytatorski-kulmowa-22.06.2024-final-9.jpg 1080w, https:\/\/bpzoliborz.pl\/bpzoliborz\/wp-content\/uploads\/2024\/06\/konkurs-recytatorski-kulmowa-22.06.2024-final-9-768x512.jpg 768w, https:\/\/bpzoliborz.pl\/bpzoliborz\/wp-content\/uploads\/2024\/06\/konkurs-recytatorski-kulmowa-22.06.2024-final-9-391x260.jpg 391w, https:\/\/bpzoliborz.pl\/bpzoliborz\/wp-content\/uploads\/2024\/06\/konkurs-recytatorski-kulmowa-22.06.2024-final-9-930x620.jpg 930w\" sizes=\"(max-width: 1080px) 100vw, 1080px\" \/>\t\t\t\t\t\t\t\t\t\t\t\t\t\t<\/div>\n\t\t\t\t\t\t<\/div>\n\t\t\t\t<\/div>\n\t\t\t\t\t\t<\/div>\n\t\t\t\t\t<\/div>\n\t\t<\/div>\n\t\t\t\t\t\t\t\t<\/div>\n\t\t\t\t\t<\/div>\n\t\t<\/section>\n\t\t\t\t\t\t<\/div>\n\t\t\t\t\t<\/div>\n\t\t<\/div>\n\t\t\t\t\t\t\t\t<\/div>\n\t\t\t\t\t<\/div>\n\t\t<\/section>\n\t\t\t\t<section class=\"elementor-section elementor-top-section elementor-element elementor-element-5a2e0c5 elementor-section-boxed elementor-section-height-default elementor-section-height-default exad-glass-effect-no exad-sticky-section-no\" data-id=\"5a2e0c5\" data-element_type=\"section\">\n\t\t\t\t\t\t<div class=\"elementor-container elementor-column-gap-default\">\n\t\t\t\t\t\t\t<div class=\"elementor-row\">\n\t\t\t\t\t<div class=\"elementor-column elementor-col-100 elementor-top-column elementor-element elementor-element-a11fc8b exad-glass-effect-no exad-sticky-section-no\" data-id=\"a11fc8b\" data-element_type=\"column\">\n\t\t\t<div class=\"elementor-column-wrap elementor-element-populated\">\n\t\t\t\t\t\t\t<div class=\"elementor-widget-wrap\">\n\t\t\t\t\t\t<div class=\"elementor-element elementor-element-15947f4 exad-sticky-section-no exad-glass-effect-no elementor-widget elementor-widget-spacer\" data-id=\"15947f4\" data-element_type=\"widget\" data-widget_type=\"spacer.default\">\n\t\t\t\t<div class=\"elementor-widget-container\">\n\t\t\t\t\t<div class=\"elementor-spacer\">\n\t\t\t<div class=\"elementor-spacer-inner\"><\/div>\n\t\t<\/div>\n\t\t\t\t<\/div>\n\t\t\t\t<\/div>\n\t\t\t\t\t\t<\/div>\n\t\t\t\t\t<\/div>\n\t\t<\/div>\n\t\t\t\t\t\t\t\t<\/div>\n\t\t\t\t\t<\/div>\n\t\t<\/section>\n\t\t\t\t<section class=\"elementor-section elementor-top-section elementor-element elementor-element-35b93c3 elementor-section-boxed elementor-section-height-default elementor-section-height-default exad-glass-effect-no exad-sticky-section-no\" data-id=\"35b93c3\" data-element_type=\"section\">\n\t\t\t\t\t\t<div class=\"elementor-container elementor-column-gap-default\">\n\t\t\t\t\t\t\t<div class=\"elementor-row\">\n\t\t\t\t\t<div class=\"elementor-column elementor-col-100 elementor-top-column elementor-element elementor-element-5ee875f exad-glass-effect-no exad-sticky-section-no\" data-id=\"5ee875f\" data-element_type=\"column\" data-settings=\"{&quot;background_background&quot;:&quot;classic&quot;}\">\n\t\t\t<div class=\"elementor-column-wrap elementor-element-populated\">\n\t\t\t\t\t\t\t<div class=\"elementor-widget-wrap\">\n\t\t\t\t\t\t<div class=\"elementor-element elementor-element-ea443b0 exad-sticky-section-no exad-glass-effect-no elementor-widget elementor-widget-heading\" data-id=\"ea443b0\" data-element_type=\"widget\" data-widget_type=\"heading.default\">\n\t\t\t\t<div class=\"elementor-widget-container\">\n\t\t\t<h3 class=\"elementor-heading-title elementor-size-default\">Spotkania z tw\u00f3rczo\u015bci\u0105 Joanny Kulmowej w Bibliotece dla Dzieci i M\u0142odzie\u017cy nr XV w 2024 r. <\/h3>\t\t<\/div>\n\t\t\t\t<\/div>\n\t\t\t\t\t\t<\/div>\n\t\t\t\t\t<\/div>\n\t\t<\/div>\n\t\t\t\t\t\t\t\t<\/div>\n\t\t\t\t\t<\/div>\n\t\t<\/section>\n\t\t\t\t<section class=\"elementor-section elementor-top-section elementor-element elementor-element-9c97065 elementor-section-boxed elementor-section-height-default elementor-section-height-default exad-glass-effect-no exad-sticky-section-no\" data-id=\"9c97065\" data-element_type=\"section\">\n\t\t\t\t\t\t<div class=\"elementor-container elementor-column-gap-default\">\n\t\t\t\t\t\t\t<div class=\"elementor-row\">\n\t\t\t\t\t<div class=\"elementor-column elementor-col-100 elementor-top-column elementor-element elementor-element-df04620 exad-glass-effect-no exad-sticky-section-no\" data-id=\"df04620\" data-element_type=\"column\">\n\t\t\t<div class=\"elementor-column-wrap elementor-element-populated\">\n\t\t\t\t\t\t\t<div class=\"elementor-widget-wrap\">\n\t\t\t\t\t\t<div class=\"elementor-element elementor-element-f4cfc53 exad-sticky-section-no exad-glass-effect-no elementor-widget elementor-widget-spacer\" data-id=\"f4cfc53\" data-element_type=\"widget\" data-widget_type=\"spacer.default\">\n\t\t\t\t<div class=\"elementor-widget-container\">\n\t\t\t\t\t<div class=\"elementor-spacer\">\n\t\t\t<div class=\"elementor-spacer-inner\"><\/div>\n\t\t<\/div>\n\t\t\t\t<\/div>\n\t\t\t\t<\/div>\n\t\t\t\t\t\t<\/div>\n\t\t\t\t\t<\/div>\n\t\t<\/div>\n\t\t\t\t\t\t\t\t<\/div>\n\t\t\t\t\t<\/div>\n\t\t<\/section>\n\t\t\t\t<section class=\"elementor-section elementor-top-section elementor-element elementor-element-12ab6bd elementor-section-boxed elementor-section-height-default elementor-section-height-default exad-glass-effect-no exad-sticky-section-no\" data-id=\"12ab6bd\" data-element_type=\"section\">\n\t\t\t\t\t\t<div class=\"elementor-container elementor-column-gap-default\">\n\t\t\t\t\t\t\t<div class=\"elementor-row\">\n\t\t\t\t\t<div class=\"elementor-column elementor-col-100 elementor-top-column elementor-element elementor-element-5b77d96 exad-glass-effect-no exad-sticky-section-no\" data-id=\"5b77d96\" data-element_type=\"column\">\n\t\t\t<div class=\"elementor-column-wrap elementor-element-populated\">\n\t\t\t\t\t\t\t<div class=\"elementor-widget-wrap\">\n\t\t\t\t\t\t<section class=\"elementor-section elementor-inner-section elementor-element elementor-element-9541e49 elementor-section-boxed elementor-section-height-default elementor-section-height-default exad-glass-effect-no exad-sticky-section-no\" data-id=\"9541e49\" data-element_type=\"section\">\n\t\t\t\t\t\t<div class=\"elementor-container elementor-column-gap-default\">\n\t\t\t\t\t\t\t<div class=\"elementor-row\">\n\t\t\t\t\t<div class=\"elementor-column elementor-col-100 elementor-inner-column elementor-element elementor-element-4d2f3ba exad-glass-effect-no exad-sticky-section-no\" data-id=\"4d2f3ba\" data-element_type=\"column\">\n\t\t\t<div class=\"elementor-column-wrap elementor-element-populated\">\n\t\t\t\t\t\t\t<div class=\"elementor-widget-wrap\">\n\t\t\t\t\t\t<div class=\"elementor-element elementor-element-c7090bd exad-sticky-section-no exad-glass-effect-no elementor-widget elementor-widget-text-editor\" data-id=\"c7090bd\" data-element_type=\"widget\" data-widget_type=\"text-editor.default\">\n\t\t\t\t<div class=\"elementor-widget-container\">\n\t\t\t\t\t\t\t\t<div class=\"elementor-text-editor elementor-clearfix\">\n\t\t\t\t<p><span style=\"color: #000000;\">27 lutego 2024 r. Bibliotek\u0119 przy ul. Broniewskiego 9a odwiedzi\u0142a grupa przedszkolna, kt\u00f3ra wys\u0142ucha\u0142a opowiada\u0144 na po\u017cegnanie zimy. Nie zabrak\u0142o r\u00f3wnie\u017c wierszy naszej patronki Joanny Kulmowej. Po wys\u0142uchaniu wybranych utwor\u00f3w \u201cKolory\u201d i \u201cTrzmiele\u201d, tradycyjnie ka\u017cde z dzieci mog\u0142o wykona\u0107 pami\u0105tkow\u0105 przypink\u0119.<\/span><\/p>\t\t\t\t\t<\/div>\n\t\t\t\t\t\t<\/div>\n\t\t\t\t<\/div>\n\t\t\t\t\t\t<\/div>\n\t\t\t\t\t<\/div>\n\t\t<\/div>\n\t\t\t\t\t\t\t\t<\/div>\n\t\t\t\t\t<\/div>\n\t\t<\/section>\n\t\t\t\t<section class=\"elementor-section elementor-inner-section elementor-element elementor-element-45d5f38 elementor-section-boxed elementor-section-height-default elementor-section-height-default exad-glass-effect-no exad-sticky-section-no\" data-id=\"45d5f38\" data-element_type=\"section\">\n\t\t\t\t\t\t<div class=\"elementor-container elementor-column-gap-default\">\n\t\t\t\t\t\t\t<div class=\"elementor-row\">\n\t\t\t\t\t<div class=\"elementor-column elementor-col-100 elementor-inner-column elementor-element elementor-element-ce74625 exad-glass-effect-no exad-sticky-section-no\" data-id=\"ce74625\" data-element_type=\"column\">\n\t\t\t<div class=\"elementor-column-wrap elementor-element-populated\">\n\t\t\t\t\t\t\t<div class=\"elementor-widget-wrap\">\n\t\t\t\t\t\t<div class=\"elementor-element elementor-element-c1b7788 exad-sticky-section-no exad-glass-effect-no elementor-widget elementor-widget-image\" data-id=\"c1b7788\" data-element_type=\"widget\" data-widget_type=\"image.default\">\n\t\t\t\t<div class=\"elementor-widget-container\">\n\t\t\t\t\t\t\t\t<div class=\"elementor-image\">\n\t\t\t\t\t\t\t\t\t\t\t\t<img width=\"1080\" height=\"675\" src=\"https:\/\/bpzoliborz.pl\/bpzoliborz\/wp-content\/uploads\/2024\/02\/2-3.png\" class=\"attachment-large size-large wp-image-20474\" alt=\"grafika wyr\u00f3\u017cniaj\u0105ca przedstawiaj\u0105ca kola\u017c zdj\u0119\u0107 z lekcji bibliotecznej, na kt\u00f3rej by\u0142y czytane wiersze Joanny Kulmowej. Na pierwszym zdj\u0119ciu po lewej stronie u g\u00f3ry wida\u0107 grup\u0119 przedszkolak\u00f3w s\u0142uchaj\u0105c\u0105 czytanych utwor\u00f3w przez bibliotekarza, na drugim zdj\u0119ciu u do\u0142u po lewej stronie przedszkolaki wykonuj\u0105 z bibliotekarzem kolorowe przypinki, na trzecim zdj\u0119ciu u g\u00f3ry w \u015brodkowej cz\u0119\u015bci kola\u017cu wida\u0107 zielon\u0105 bluz\u0119 dziecka z przypink\u0105, na czwartym zdj\u0119ciu na dole jest r\u0105czka dziecka, na kt\u00f3rej jest przypinka. Obok zdj\u0119\u0107 z prawej strony kola\u017cu znajduje si\u0119 kolorowa ok\u0142adka z tomiku wierszy Joanny Kulmowej pt.: &quot;Kolory&quot;, na kt\u00f3rej narysowana jest u\u015bmiechni\u0119ta dziewczynka z \u017c\u00f3\u0142tymi kucykami w czerwonej bluzeczce.\" loading=\"lazy\" srcset=\"https:\/\/bpzoliborz.pl\/bpzoliborz\/wp-content\/uploads\/2024\/02\/2-3.png 1080w, https:\/\/bpzoliborz.pl\/bpzoliborz\/wp-content\/uploads\/2024\/02\/2-3-768x480.png 768w\" sizes=\"(max-width: 1080px) 100vw, 1080px\" \/>\t\t\t\t\t\t\t\t\t\t\t\t\t\t<\/div>\n\t\t\t\t\t\t<\/div>\n\t\t\t\t<\/div>\n\t\t\t\t\t\t<\/div>\n\t\t\t\t\t<\/div>\n\t\t<\/div>\n\t\t\t\t\t\t\t\t<\/div>\n\t\t\t\t\t<\/div>\n\t\t<\/section>\n\t\t\t\t\t\t<\/div>\n\t\t\t\t\t<\/div>\n\t\t<\/div>\n\t\t\t\t\t\t\t\t<\/div>\n\t\t\t\t\t<\/div>\n\t\t<\/section>\n\t\t\t\t<section class=\"elementor-section elementor-top-section elementor-element elementor-element-a85f166 elementor-section-boxed elementor-section-height-default elementor-section-height-default exad-glass-effect-no exad-sticky-section-no\" data-id=\"a85f166\" data-element_type=\"section\">\n\t\t\t\t\t\t<div class=\"elementor-container elementor-column-gap-default\">\n\t\t\t\t\t\t\t<div class=\"elementor-row\">\n\t\t\t\t\t<div class=\"elementor-column elementor-col-100 elementor-top-column elementor-element elementor-element-3ad1620 exad-glass-effect-no exad-sticky-section-no\" data-id=\"3ad1620\" data-element_type=\"column\">\n\t\t\t<div class=\"elementor-column-wrap elementor-element-populated\">\n\t\t\t\t\t\t\t<div class=\"elementor-widget-wrap\">\n\t\t\t\t\t\t<div class=\"elementor-element elementor-element-a2e9098 exad-sticky-section-no exad-glass-effect-no elementor-widget elementor-widget-spacer\" data-id=\"a2e9098\" data-element_type=\"widget\" data-widget_type=\"spacer.default\">\n\t\t\t\t<div class=\"elementor-widget-container\">\n\t\t\t\t\t<div class=\"elementor-spacer\">\n\t\t\t<div class=\"elementor-spacer-inner\"><\/div>\n\t\t<\/div>\n\t\t\t\t<\/div>\n\t\t\t\t<\/div>\n\t\t\t\t\t\t<\/div>\n\t\t\t\t\t<\/div>\n\t\t<\/div>\n\t\t\t\t\t\t\t\t<\/div>\n\t\t\t\t\t<\/div>\n\t\t<\/section>\n\t\t\t\t<section class=\"elementor-section elementor-top-section elementor-element elementor-element-27ac939 elementor-section-boxed elementor-section-height-default elementor-section-height-default exad-glass-effect-no exad-sticky-section-no\" data-id=\"27ac939\" data-element_type=\"section\">\n\t\t\t\t\t\t<div class=\"elementor-container elementor-column-gap-default\">\n\t\t\t\t\t\t\t<div class=\"elementor-row\">\n\t\t\t\t\t<div class=\"elementor-column elementor-col-100 elementor-top-column elementor-element elementor-element-f32f3f4 exad-glass-effect-no exad-sticky-section-no\" data-id=\"f32f3f4\" data-element_type=\"column\" data-settings=\"{&quot;background_background&quot;:&quot;classic&quot;}\">\n\t\t\t<div class=\"elementor-column-wrap elementor-element-populated\">\n\t\t\t\t\t\t\t<div class=\"elementor-widget-wrap\">\n\t\t\t\t\t\t<div class=\"elementor-element elementor-element-44ead72 exad-sticky-section-no exad-glass-effect-no elementor-widget elementor-widget-heading\" data-id=\"44ead72\" data-element_type=\"widget\" data-widget_type=\"heading.default\">\n\t\t\t\t<div class=\"elementor-widget-container\">\n\t\t\t<h3 class=\"elementor-heading-title elementor-size-default\">Spotkania z tw\u00f3rczo\u015bci\u0105 Joanny Kulmowej w Bibliotece dla Dzieci i M\u0142odzie\u017cy nr XV w 2023 r. <\/h3>\t\t<\/div>\n\t\t\t\t<\/div>\n\t\t\t\t\t\t<\/div>\n\t\t\t\t\t<\/div>\n\t\t<\/div>\n\t\t\t\t\t\t\t\t<\/div>\n\t\t\t\t\t<\/div>\n\t\t<\/section>\n\t\t\t\t<section class=\"elementor-section elementor-top-section elementor-element elementor-element-0123c44 elementor-section-boxed elementor-section-height-default elementor-section-height-default exad-glass-effect-no exad-sticky-section-no\" data-id=\"0123c44\" data-element_type=\"section\">\n\t\t\t\t\t\t<div class=\"elementor-container elementor-column-gap-default\">\n\t\t\t\t\t\t\t<div class=\"elementor-row\">\n\t\t\t\t\t<div class=\"elementor-column elementor-col-100 elementor-top-column elementor-element elementor-element-5433807 exad-glass-effect-no exad-sticky-section-no\" data-id=\"5433807\" data-element_type=\"column\">\n\t\t\t<div class=\"elementor-column-wrap elementor-element-populated\">\n\t\t\t\t\t\t\t<div class=\"elementor-widget-wrap\">\n\t\t\t\t\t\t<div class=\"elementor-element elementor-element-85e06f3 exad-sticky-section-no exad-glass-effect-no elementor-widget elementor-widget-spacer\" data-id=\"85e06f3\" data-element_type=\"widget\" data-widget_type=\"spacer.default\">\n\t\t\t\t<div class=\"elementor-widget-container\">\n\t\t\t\t\t<div class=\"elementor-spacer\">\n\t\t\t<div class=\"elementor-spacer-inner\"><\/div>\n\t\t<\/div>\n\t\t\t\t<\/div>\n\t\t\t\t<\/div>\n\t\t\t\t\t\t<\/div>\n\t\t\t\t\t<\/div>\n\t\t<\/div>\n\t\t\t\t\t\t\t\t<\/div>\n\t\t\t\t\t<\/div>\n\t\t<\/section>\n\t\t\t\t<section class=\"elementor-section elementor-top-section elementor-element elementor-element-978e90c elementor-section-boxed elementor-section-height-default elementor-section-height-default exad-glass-effect-no exad-sticky-section-no\" data-id=\"978e90c\" data-element_type=\"section\">\n\t\t\t\t\t\t<div class=\"elementor-container elementor-column-gap-default\">\n\t\t\t\t\t\t\t<div class=\"elementor-row\">\n\t\t\t\t\t<div class=\"elementor-column elementor-col-100 elementor-top-column elementor-element elementor-element-cedf4eb exad-glass-effect-no exad-sticky-section-no\" data-id=\"cedf4eb\" data-element_type=\"column\">\n\t\t\t<div class=\"elementor-column-wrap elementor-element-populated\">\n\t\t\t\t\t\t\t<div class=\"elementor-widget-wrap\">\n\t\t\t\t\t\t<section class=\"elementor-section elementor-inner-section elementor-element elementor-element-2b221ae elementor-section-boxed elementor-section-height-default elementor-section-height-default exad-glass-effect-no exad-sticky-section-no\" data-id=\"2b221ae\" data-element_type=\"section\">\n\t\t\t\t\t\t<div class=\"elementor-container elementor-column-gap-default\">\n\t\t\t\t\t\t\t<div class=\"elementor-row\">\n\t\t\t\t\t<div class=\"elementor-column elementor-col-100 elementor-inner-column elementor-element elementor-element-c163804 exad-glass-effect-no exad-sticky-section-no\" data-id=\"c163804\" data-element_type=\"column\">\n\t\t\t<div class=\"elementor-column-wrap elementor-element-populated\">\n\t\t\t\t\t\t\t<div class=\"elementor-widget-wrap\">\n\t\t\t\t\t\t<div class=\"elementor-element elementor-element-eae8be0 exad-sticky-section-no exad-glass-effect-no elementor-widget elementor-widget-text-editor\" data-id=\"eae8be0\" data-element_type=\"widget\" data-widget_type=\"text-editor.default\">\n\t\t\t\t<div class=\"elementor-widget-container\">\n\t\t\t\t\t\t\t\t<div class=\"elementor-text-editor elementor-clearfix\">\n\t\t\t\t<p><span style=\"color: #000000;\">12.12.2023r. Bibliotek\u0119 przy ul. Broniewskiego 9A odwiedzili uczniowie Szko\u0142y Podstawowej nr 92 im. Jana Brzechwy. Po lekcji bibliotecznej rozmawiali\u015bmy o tw\u00f3rczo\u015bci Joanny Kulmowej, patronki sali, w kt\u00f3rej mie\u015bci si\u0119 Biblioteka dla Dzieci i M\u0142odzie\u017cy nr XV. Przeczytali\u015bmy wiersze z tom\u00f3w \u201cGdyby\u2026\u201d i \u201cKolory\u201d a na koniec spotkania nasi go\u015bcie wykonali pami\u0105tkowe przypinki z wizerunkiem autorki.<\/span><\/p>\n<p><span style=\"color: #000000;\">\u201eDzieci Kulmowej \u2013 Kulmowa Dzieciom\u201d \u2013 to wieloletni projekt promocji czytelnictwa w\u015br\u00f3d dzieci na warszawskim \u017boliborzu w oparciu o tw\u00f3rczo\u015b\u0107 Joanny Kulmowej.<\/span><\/p>\t\t\t\t\t<\/div>\n\t\t\t\t\t\t<\/div>\n\t\t\t\t<\/div>\n\t\t\t\t\t\t<\/div>\n\t\t\t\t\t<\/div>\n\t\t<\/div>\n\t\t\t\t\t\t\t\t<\/div>\n\t\t\t\t\t<\/div>\n\t\t<\/section>\n\t\t\t\t<section class=\"elementor-section elementor-inner-section elementor-element elementor-element-57dee6f elementor-section-boxed elementor-section-height-default elementor-section-height-default exad-glass-effect-no exad-sticky-section-no\" data-id=\"57dee6f\" data-element_type=\"section\">\n\t\t\t\t\t\t<div class=\"elementor-container elementor-column-gap-default\">\n\t\t\t\t\t\t\t<div class=\"elementor-row\">\n\t\t\t\t\t<div class=\"elementor-column elementor-col-100 elementor-inner-column elementor-element elementor-element-716b5b9 exad-glass-effect-no exad-sticky-section-no\" data-id=\"716b5b9\" data-element_type=\"column\">\n\t\t\t<div class=\"elementor-column-wrap elementor-element-populated\">\n\t\t\t\t\t\t\t<div class=\"elementor-widget-wrap\">\n\t\t\t\t\t\t<div class=\"elementor-element elementor-element-0fc29c5 gallery-spacing-custom exad-sticky-section-no exad-glass-effect-no elementor-widget elementor-widget-image-gallery\" data-id=\"0fc29c5\" data-element_type=\"widget\" data-widget_type=\"image-gallery.default\">\n\t\t\t\t<div class=\"elementor-widget-container\">\n\t\t\t\t\t<div class=\"elementor-image-gallery\">\n\t\t\t<div id='gallery-1' class='gallery galleryid-11167 gallery-columns-3 gallery-size-medium_large'><dl class='gallery-item'>\n\t\t\t<dt class='gallery-icon landscape'>\n\t\t\t\t<img width=\"768\" height=\"541\" src=\"https:\/\/bpzoliborz.pl\/bpzoliborz\/wp-content\/uploads\/2023\/12\/1-01-768x541.jpg\" class=\"attachment-medium_large size-medium_large\" alt=\"grafika wyr\u00f3\u017cniaj\u0105ca przedstawiaj\u0105ca bibliotekarza na tle ekranu, na kt\u00f3rym widnieje portret Joanny Kulmowej. Przedstawia grupie dzieci jaki jest temat spotkania.\" loading=\"lazy\" srcset=\"https:\/\/bpzoliborz.pl\/bpzoliborz\/wp-content\/uploads\/2023\/12\/1-01-768x541.jpg 768w, https:\/\/bpzoliborz.pl\/bpzoliborz\/wp-content\/uploads\/2023\/12\/1-01-1536x1082.jpg 1536w, https:\/\/bpzoliborz.pl\/bpzoliborz\/wp-content\/uploads\/2023\/12\/1-01-2048x1442.jpg 2048w\" sizes=\"(max-width: 768px) 100vw, 768px\" \/>\n\t\t\t<\/dt><\/dl><dl class='gallery-item'>\n\t\t\t<dt class='gallery-icon landscape'>\n\t\t\t\t<img width=\"768\" height=\"576\" src=\"https:\/\/bpzoliborz.pl\/bpzoliborz\/wp-content\/uploads\/2023\/12\/8-768x576.jpg\" class=\"attachment-medium_large size-medium_large\" alt=\"grafika wyr\u00f3\u017cniaj\u0105ca przedstawiaj\u0105ca bibliotekarza opowiadaj\u0105cego dzieciom o Joannie Kulmowej. Za bibliotekarzem znajduje si\u0119 du\u017cy ekran. Na spotkaniu by\u0142y czytane wiersze poetki.\" loading=\"lazy\" srcset=\"https:\/\/bpzoliborz.pl\/bpzoliborz\/wp-content\/uploads\/2023\/12\/8-768x576.jpg 768w, https:\/\/bpzoliborz.pl\/bpzoliborz\/wp-content\/uploads\/2023\/12\/8-1536x1152.jpg 1536w, https:\/\/bpzoliborz.pl\/bpzoliborz\/wp-content\/uploads\/2023\/12\/8-2048x1536.jpg 2048w\" sizes=\"(max-width: 768px) 100vw, 768px\" \/>\n\t\t\t<\/dt><\/dl><dl class='gallery-item'>\n\t\t\t<dt class='gallery-icon landscape'>\n\t\t\t\t<img width=\"768\" height=\"576\" src=\"https:\/\/bpzoliborz.pl\/bpzoliborz\/wp-content\/uploads\/2023\/12\/7-768x576.jpg\" class=\"attachment-medium_large size-medium_large\" alt=\"grafika wyr\u00f3\u017cniaj\u0105ca przedstawiaj\u0105ca grup\u0119 dzieci z opiekunk\u0105 w kolejce do zrobienia przypinki. W wykonaniu przypinek b\u0119dzie pomaga\u0142 bibliotekarz.\" loading=\"lazy\" srcset=\"https:\/\/bpzoliborz.pl\/bpzoliborz\/wp-content\/uploads\/2023\/12\/7-768x576.jpg 768w, https:\/\/bpzoliborz.pl\/bpzoliborz\/wp-content\/uploads\/2023\/12\/7-1536x1152.jpg 1536w, https:\/\/bpzoliborz.pl\/bpzoliborz\/wp-content\/uploads\/2023\/12\/7-2048x1536.jpg 2048w\" sizes=\"(max-width: 768px) 100vw, 768px\" \/>\n\t\t\t<\/dt><\/dl><br style=\"clear: both\" \/><dl class='gallery-item'>\n\t\t\t<dt class='gallery-icon landscape'>\n\t\t\t\t<img width=\"768\" height=\"576\" src=\"https:\/\/bpzoliborz.pl\/bpzoliborz\/wp-content\/uploads\/2023\/12\/6-768x576.jpg\" class=\"attachment-medium_large size-medium_large\" alt=\"grafika wyr\u00f3\u017cniaj\u0105ca przedstawiaj\u0105ca d\u0142o\u0144 dziecka, na kt\u00f3rej jest przypinka.\" loading=\"lazy\" srcset=\"https:\/\/bpzoliborz.pl\/bpzoliborz\/wp-content\/uploads\/2023\/12\/6-768x576.jpg 768w, https:\/\/bpzoliborz.pl\/bpzoliborz\/wp-content\/uploads\/2023\/12\/6-1536x1152.jpg 1536w, https:\/\/bpzoliborz.pl\/bpzoliborz\/wp-content\/uploads\/2023\/12\/6-2048x1536.jpg 2048w\" sizes=\"(max-width: 768px) 100vw, 768px\" \/>\n\t\t\t<\/dt><\/dl><dl class='gallery-item'>\n\t\t\t<dt class='gallery-icon landscape'>\n\t\t\t\t<img width=\"768\" height=\"576\" src=\"https:\/\/bpzoliborz.pl\/bpzoliborz\/wp-content\/uploads\/2023\/12\/5-768x576.jpg\" class=\"attachment-medium_large size-medium_large\" alt=\"grafika wyr\u00f3\u017cniaj\u0105ca przedstawiaj\u0105ca uczestnika z gotow\u0105 przypink\u0105. Du\u017ce zbli\u017cenie na ubranie dziecka, na kt\u00f3rym jest przypi\u0119ta przypinka.\" loading=\"lazy\" srcset=\"https:\/\/bpzoliborz.pl\/bpzoliborz\/wp-content\/uploads\/2023\/12\/5-768x576.jpg 768w, https:\/\/bpzoliborz.pl\/bpzoliborz\/wp-content\/uploads\/2023\/12\/5-1536x1152.jpg 1536w, https:\/\/bpzoliborz.pl\/bpzoliborz\/wp-content\/uploads\/2023\/12\/5-2048x1536.jpg 2048w\" sizes=\"(max-width: 768px) 100vw, 768px\" \/>\n\t\t\t<\/dt><\/dl><dl class='gallery-item'>\n\t\t\t<dt class='gallery-icon landscape'>\n\t\t\t\t<img width=\"768\" height=\"529\" src=\"https:\/\/bpzoliborz.pl\/bpzoliborz\/wp-content\/uploads\/2023\/12\/3-768x529.jpg\" class=\"attachment-medium_large size-medium_large\" alt=\"grafika wyr\u00f3\u017cniaj\u0105ca przedstawiaj\u0105ca du\u017ce zbli\u017cenie na r\u0119ce dziecka, kt\u00f3re z pomoc\u0105 bibliotekarza robi pami\u0105tkow\u0105 przypink\u0119. Po lewej stronie le\u017c\u0105 papierowe k\u00f3\u0142ka z wizerunkiem poetki.\" loading=\"lazy\" srcset=\"https:\/\/bpzoliborz.pl\/bpzoliborz\/wp-content\/uploads\/2023\/12\/3-768x529.jpg 768w, https:\/\/bpzoliborz.pl\/bpzoliborz\/wp-content\/uploads\/2023\/12\/3-1536x1057.jpg 1536w, https:\/\/bpzoliborz.pl\/bpzoliborz\/wp-content\/uploads\/2023\/12\/3-2048x1409.jpg 2048w\" sizes=\"(max-width: 768px) 100vw, 768px\" \/>\n\t\t\t<\/dt><\/dl><br style=\"clear: both\" \/>\n\t\t<\/div>\n\t\t<\/div>\n\t\t\t\t<\/div>\n\t\t\t\t<\/div>\n\t\t\t\t\t\t<\/div>\n\t\t\t\t\t<\/div>\n\t\t<\/div>\n\t\t\t\t\t\t\t\t<\/div>\n\t\t\t\t\t<\/div>\n\t\t<\/section>\n\t\t\t\t\t\t<\/div>\n\t\t\t\t\t<\/div>\n\t\t<\/div>\n\t\t\t\t\t\t\t\t<\/div>\n\t\t\t\t\t<\/div>\n\t\t<\/section>\n\t\t\t\t<section class=\"elementor-section elementor-top-section elementor-element elementor-element-3a370c1 elementor-section-boxed elementor-section-height-default elementor-section-height-default exad-glass-effect-no exad-sticky-section-no\" data-id=\"3a370c1\" data-element_type=\"section\">\n\t\t\t\t\t\t<div class=\"elementor-container elementor-column-gap-default\">\n\t\t\t\t\t\t\t<div class=\"elementor-row\">\n\t\t\t\t\t<div class=\"elementor-column elementor-col-100 elementor-top-column elementor-element elementor-element-98e91e4 exad-glass-effect-no exad-sticky-section-no\" data-id=\"98e91e4\" data-element_type=\"column\">\n\t\t\t<div class=\"elementor-column-wrap elementor-element-populated\">\n\t\t\t\t\t\t\t<div class=\"elementor-widget-wrap\">\n\t\t\t\t\t\t<div class=\"elementor-element elementor-element-8944f37 exad-sticky-section-no exad-glass-effect-no elementor-widget elementor-widget-spacer\" data-id=\"8944f37\" data-element_type=\"widget\" data-widget_type=\"spacer.default\">\n\t\t\t\t<div class=\"elementor-widget-container\">\n\t\t\t\t\t<div class=\"elementor-spacer\">\n\t\t\t<div class=\"elementor-spacer-inner\"><\/div>\n\t\t<\/div>\n\t\t\t\t<\/div>\n\t\t\t\t<\/div>\n\t\t\t\t\t\t<\/div>\n\t\t\t\t\t<\/div>\n\t\t<\/div>\n\t\t\t\t\t\t\t\t<\/div>\n\t\t\t\t\t<\/div>\n\t\t<\/section>\n\t\t\t\t<section class=\"elementor-section elementor-top-section elementor-element elementor-element-c7d1ec5 elementor-section-boxed elementor-section-height-default elementor-section-height-default exad-glass-effect-no exad-sticky-section-no\" data-id=\"c7d1ec5\" data-element_type=\"section\">\n\t\t\t\t\t\t<div class=\"elementor-container elementor-column-gap-default\">\n\t\t\t\t\t\t\t<div class=\"elementor-row\">\n\t\t\t\t\t<div class=\"elementor-column elementor-col-100 elementor-top-column elementor-element elementor-element-2547eb5 exad-glass-effect-no exad-sticky-section-no\" data-id=\"2547eb5\" data-element_type=\"column\" data-settings=\"{&quot;background_background&quot;:&quot;classic&quot;}\">\n\t\t\t<div class=\"elementor-column-wrap elementor-element-populated\">\n\t\t\t\t\t\t\t<div class=\"elementor-widget-wrap\">\n\t\t\t\t\t\t<div class=\"elementor-element elementor-element-ae47569 exad-sticky-section-no exad-glass-effect-no elementor-widget elementor-widget-heading\" data-id=\"ae47569\" data-element_type=\"widget\" data-widget_type=\"heading.default\">\n\t\t\t\t<div class=\"elementor-widget-container\">\n\t\t\t<h3 class=\"elementor-heading-title elementor-size-default\">I \u017boliborski Konkurs Recytatorski im. Joanny Kulmowej - 17.06.2023 <\/h3>\t\t<\/div>\n\t\t\t\t<\/div>\n\t\t\t\t\t\t<\/div>\n\t\t\t\t\t<\/div>\n\t\t<\/div>\n\t\t\t\t\t\t\t\t<\/div>\n\t\t\t\t\t<\/div>\n\t\t<\/section>\n\t\t\t\t<section class=\"elementor-section elementor-top-section elementor-element elementor-element-cd610cf elementor-section-boxed elementor-section-height-default elementor-section-height-default exad-glass-effect-no exad-sticky-section-no\" data-id=\"cd610cf\" data-element_type=\"section\">\n\t\t\t\t\t\t<div class=\"elementor-container elementor-column-gap-default\">\n\t\t\t\t\t\t\t<div class=\"elementor-row\">\n\t\t\t\t\t<div class=\"elementor-column elementor-col-100 elementor-top-column elementor-element elementor-element-420e4ec exad-glass-effect-no exad-sticky-section-no\" data-id=\"420e4ec\" data-element_type=\"column\">\n\t\t\t<div class=\"elementor-column-wrap elementor-element-populated\">\n\t\t\t\t\t\t\t<div class=\"elementor-widget-wrap\">\n\t\t\t\t\t\t<div class=\"elementor-element elementor-element-0499315 exad-sticky-section-no exad-glass-effect-no elementor-widget elementor-widget-spacer\" data-id=\"0499315\" data-element_type=\"widget\" data-widget_type=\"spacer.default\">\n\t\t\t\t<div class=\"elementor-widget-container\">\n\t\t\t\t\t<div class=\"elementor-spacer\">\n\t\t\t<div class=\"elementor-spacer-inner\"><\/div>\n\t\t<\/div>\n\t\t\t\t<\/div>\n\t\t\t\t<\/div>\n\t\t\t\t\t\t<\/div>\n\t\t\t\t\t<\/div>\n\t\t<\/div>\n\t\t\t\t\t\t\t\t<\/div>\n\t\t\t\t\t<\/div>\n\t\t<\/section>\n\t\t\t\t<section class=\"elementor-section elementor-top-section elementor-element elementor-element-44628d7 elementor-section-boxed elementor-section-height-default elementor-section-height-default exad-glass-effect-no exad-sticky-section-no\" data-id=\"44628d7\" data-element_type=\"section\">\n\t\t\t\t\t\t<div class=\"elementor-container elementor-column-gap-default\">\n\t\t\t\t\t\t\t<div class=\"elementor-row\">\n\t\t\t\t\t<div class=\"elementor-column elementor-col-100 elementor-top-column elementor-element elementor-element-6f55562 exad-glass-effect-no exad-sticky-section-no\" data-id=\"6f55562\" data-element_type=\"column\">\n\t\t\t<div class=\"elementor-column-wrap elementor-element-populated\">\n\t\t\t\t\t\t\t<div class=\"elementor-widget-wrap\">\n\t\t\t\t\t\t<section class=\"elementor-section elementor-inner-section elementor-element elementor-element-773a5ab elementor-section-boxed elementor-section-height-default elementor-section-height-default exad-glass-effect-no exad-sticky-section-no\" data-id=\"773a5ab\" data-element_type=\"section\">\n\t\t\t\t\t\t<div class=\"elementor-container elementor-column-gap-default\">\n\t\t\t\t\t\t\t<div class=\"elementor-row\">\n\t\t\t\t\t<div class=\"elementor-column elementor-col-100 elementor-inner-column elementor-element elementor-element-fa6b03c exad-glass-effect-no exad-sticky-section-no\" data-id=\"fa6b03c\" data-element_type=\"column\">\n\t\t\t<div class=\"elementor-column-wrap elementor-element-populated\">\n\t\t\t\t\t\t\t<div class=\"elementor-widget-wrap\">\n\t\t\t\t\t\t<div class=\"elementor-element elementor-element-897b520 exad-sticky-section-no exad-glass-effect-no elementor-widget elementor-widget-text-editor\" data-id=\"897b520\" data-element_type=\"widget\" data-widget_type=\"text-editor.default\">\n\t\t\t\t<div class=\"elementor-widget-container\">\n\t\t\t\t\t\t\t\t<div class=\"elementor-text-editor elementor-clearfix\">\n\t\t\t\t<p><!-- wp:media-text {\"mediaId\":16405,\"mediaLink\":\"https:\/\/bpzoliborz.pl\/bpzoliborz\/?attachment_id=16405\",\"mediaType\":\"image\",\"mediaWidth\":36} --><\/p><div class=\"wp-block-media-text alignwide is-stacked-on-mobile\"><figure class=\"wp-block-media-text__media\"><img loading=\"lazy\" width=\"1080\" height=\"675\" class=\"wp-image-16405 size-full\" src=\"https:\/\/bpzoliborz.pl\/bpzoliborz\/wp-content\/uploads\/2023\/06\/wyrozniajace-na-strone.png\" alt=\"grafika przedstawiaj\u0105ca laureat\u00f3w I \u017boliborskiego Konkursu Recytatorskiego im. Joanny Kulmowej kt\u00f3rzy stoj\u0105 na scenie wraz z cz\u0142onkami Jury\" srcset=\"https:\/\/bpzoliborz.pl\/bpzoliborz\/wp-content\/uploads\/2023\/06\/wyrozniajace-na-strone.png 1080w, https:\/\/bpzoliborz.pl\/bpzoliborz\/wp-content\/uploads\/2023\/06\/wyrozniajace-na-strone-768x480.png 768w\" sizes=\"(max-width: 1080px) 100vw, 1080px\" \/><\/figure><div class=\"wp-block-media-text__content\"><p><!-- wp:paragraph --><\/p><p>Fina\u0142 <strong>Pierwszego \u017boliborskiego Konkursu Recytatorskiego im. Joanny Kulmowej<\/strong> odby\u0142 si\u0119 17 czerwca 2023 r. w 95 rocznic\u0119 urodzin oraz 5 rocznic\u0119 \u015bmierci poetki. Patronatem Konkursu by\u0142 Burmistrz Dzielnicy \u017boliborz &#8211; Pan Pawe\u0142 Michalec.<\/p><p><!-- \/wp:paragraph --> <!-- wp:paragraph --><\/p><p>Gala Konkursu mia\u0142a miejsce w sali Spo\u0142ecznego Domu Kultury dzi\u0119ki uprzejmo\u015bci i wsp\u00f3\u0142organizacji Warszawskiej Sp\u00f3\u0142dzielni Mieszkaniowej a uroczysto\u015b\u0107 poprowadzi\u0142 Dyrektor Spo\u0142ecznego Domu Kultury &#8211; Pan Pawe\u0142 \u015awi\u0119torecki.<\/p><p><!-- \/wp:paragraph --><\/p><\/div><\/div><p><!-- \/wp:media-text --> <!-- wp:spacer {\"height\":10} --><\/p><div class=\"wp-block-spacer\" aria-hidden=\"true\">\u00a0<\/div><p><!-- \/wp:spacer --> <!-- wp:paragraph --><\/p><p>Do konkursu zg\u0142osi\u0142o si\u0119 <strong>47 uczestnik\u00f3w.<\/strong><\/p><p><!-- \/wp:paragraph --> <!-- wp:paragraph --><\/p><p>Przes\u0142uchania konkursowe odby\u0142y si\u0119 w dniach 29 i 30 maja 2023 r., wzie\u0142o w nich udzia\u0142 <strong>37 uczestnik\u00f3w<\/strong> z \u017coliborskich szk\u00f3\u0142. Uczestnicy oceniani byli w nast\u0119puj\u0105cych kategoriach wiekowych: uczniowie klas 1-3; uczniowie klas 4 -6; uczniowie klas 7- 8; uczniowie szk\u00f3\u0142 ponadpodstawowych<\/p><p><!-- \/wp:paragraph --> <!-- wp:paragraph --><\/p><p>W ka\u017cdej kategorii wiekowej Jury konkursu w sk\u0142adzie:<\/p><p><!-- \/wp:paragraph --> <!-- wp:list {\"ordered\":true} --><\/p><ol><li>Wojciech Wysocki \u2013 aktor teatralny i telewizyjny<\/li><li>Krzysztof Wi\u015bniewski \u2013 Dyrektor Teatru Komedia<\/li><li>Monika Beszterda \u2013 artystka<\/li><li>Miros\u0142aw Wi\u015bniewski \u2013 Duch Puszczy Jod\u0142owej<\/li><li>Jakub Wolski \u2013 pomys\u0142odawca projektu, by\u0142y dyplomata, wieloletni czytelnik naszej biblioteki<\/li><li>Pawe\u0142 \u015awi\u0119torecki \u2013 Dyrektor Spo\u0142ecznego Domu Kultury<\/li><li>Ma\u0142gorzata Kocot \u2013 Dyrektor Biblioteki Publicznej w Dzielnicy \u017boliborz,<\/li><\/ol><p><!-- \/wp:list --> <!-- wp:paragraph --><\/p><p>przyzna\u0142o nagrody i wyr\u00f3\u017cnienia ufundowane przez Bibliotek\u0119 \u017boliborsk\u0105, Wydawnictwo ISKRY oraz prywatnych sponsor\u00f3w.<\/p><p><!-- \/wp:paragraph --> <!-- wp:paragraph --><\/p><p>Wszyscy uczestnicy otrzymali pami\u0105tkowe dyplomy oraz upominki.<\/p><p><!-- \/wp:paragraph --> <!-- wp:paragraph --><\/p><p>Go\u015bciem specjalnym Koncertu Laureat\u00f3w by\u0142a <strong>dr hab. Urszula Ch\u0119ci\u0144ska<\/strong> \u2013 prof. Uniwersytetu Szczeci\u0144skiego a zarazem Prezes Fundacji Joanny i Jana Kulm\u00f3w, kt\u00f3ra poprzez s\u0142owa poetki przekaza\u0142a pi\u0119kne przes\u0142anie w formie listu do dzieci i rodzic\u00f3w.<\/p><p><!-- \/wp:paragraph --> <!-- wp:paragraph --><\/p><p>W przygotowaniach do konkursu oraz uroczystej gali fina\u0142owej pomagali nam nieocenieni wolontariusze z Zespo\u0142u Szk\u00f3\u0142 nr 28 przy ul. Gen Zaj\u0105czka wraz z ich nauczycielem Panem Romanem G\u00f3rskim oraz wolontariuszka ze Szko\u0142y Podstawowej nr 34.<\/p><p><!-- \/wp:paragraph --> <!-- wp:paragraph --><\/p><p>Uroczysto\u015b\u0107 zako\u0144czy\u0142a si\u0119 koncertem poetycko \u2013 muzycznym w wykonaniu Pani Ma\u0142gorzaty Rapy artystki operowej, operetkowej, wodewilowej, aktorki.<\/p><p><!-- \/wp:paragraph --> <!-- wp:spacer {\"height\":15} --><\/p><div class=\"wp-block-spacer\" aria-hidden=\"true\">\u00a0<\/div><p><!-- \/wp:spacer --> <!-- wp:paragraph {\"align\":\"center\"} --><\/p><p class=\"has-text-align-center\"><strong>Lista nagrodzonych uczestnik\u00f3w<\/strong> <strong>Pierwszego \u017boliborskiego Konkursu Recytatorskiego<\/strong> <strong>im. Joanny Kulmowej<\/strong><\/p><p><!-- \/wp:paragraph --> <!-- wp:paragraph {\"align\":\"center\"} --><\/p><p class=\"has-text-align-center\"><strong>Grupa wiekowa A (1-3)<\/strong><\/p><p><!-- \/wp:paragraph --> <!-- wp:paragraph --><\/p><p>1. Dejnek Leopold \u2013 1 miejsce; Miros\u0142awa Wi\u015bniewskiego &#8211; Ducha Puszczy Jod\u0142owej; Ma\u0142gorzaty Kocot &#8211; Dyrektora Biblioteki Publicznej w Dzielnicy \u017boliborz<\/p><p><!-- \/wp:paragraph --> <!-- wp:paragraph --><\/p><p>2. Gwadera Kalina \u2013 2 miejsce<\/p><p><!-- \/wp:paragraph --> <!-- wp:paragraph --><\/p><p>3. Machowska \u2013 Dias Sara \u2013 3 miejsce; wyr\u00f3\u017cnienie Jakuba T. Wolskiego Jurora Konkursu<\/p><p><!-- \/wp:paragraph --> <!-- wp:paragraph {\"align\":\"center\"} --><\/p><p class=\"has-text-align-center\"><strong>Grupa wiekowa A (4-6)<\/strong><\/p><p><!-- \/wp:paragraph --> <!-- wp:paragraph --><\/p><p>1. Hernik Lila \u2013 1 miejsce<\/p><p><!-- \/wp:paragraph --> <!-- wp:paragraph --><\/p><p>2. Nowicka Anna \u2013 2 miejsce<\/p><p><!-- \/wp:paragraph --> <!-- wp:paragraph --><\/p><p>3. Czajka Apolonia \u2013 3 miejsce<\/p><p><!-- \/wp:paragraph --> <!-- wp:paragraph {\"align\":\"center\"} --><\/p><p class=\"has-text-align-center\"><strong>Grupa wiekowa B (7-8)<\/strong><\/p><p><!-- \/wp:paragraph --> <!-- wp:paragraph --><\/p><p>1. Niewidzia\u0142 Kazimierz \u2013 1 miejsce; Paw\u0142a \u015awi\u0119toreckiego &#8211; Dyrektora Spo\u0142ecznego Domu Kultury<\/p><p><!-- \/wp:paragraph --> <!-- wp:paragraph --><\/p><p>2. Ksi\u0119\u017cnik Antonina \u2013 2 miejsce<\/p><p><!-- \/wp:paragraph --> <!-- wp:paragraph --><\/p><p>3. Afek Tonya Regina \u2013 3 miejsce<\/p><p><!-- \/wp:paragraph --> <!-- wp:paragraph {\"align\":\"center\"} --><\/p><p class=\"has-text-align-center\"><strong>SZKO\u0141A PONADPODSTAWOWA<\/strong><\/p><p><!-- \/wp:paragraph --> <!-- wp:paragraph --><\/p><p>1. Le\u015bniak Aniela Zofia \u2013 1 miejsce<\/p><p><!-- \/wp:paragraph --> <!-- wp:paragraph --><\/p><p>2. Hummel Antonina \u2013 2 miejsce<\/p><p><!-- \/wp:paragraph --> <!-- wp:paragraph {\"align\":\"center\"} --><\/p><p class=\"has-text-align-center\"><strong>WYR\u00d3\u017bNIENIA<\/strong><\/p><p><!-- \/wp:paragraph --> <!-- wp:paragraph --><\/p><p>1. Womela Krystyna \u2013 wyr\u00f3\u017cnienie specjalne Jury Konkursu; wyr\u00f3\u017cnienie Krzysztofa Wi\u015bniewskiego &#8211; Dyrektora Teatru Komedia<\/p><p><!-- \/wp:paragraph --> <!-- wp:paragraph --><\/p><p>1. Kiliszek Iga (kat. 1-3)<\/p><p><!-- \/wp:paragraph --> <!-- wp:paragraph --><\/p><p>2. Tracz Bart\u0142omiej (kat. 1-3)<\/p><p><!-- \/wp:paragraph --> <!-- wp:paragraph --><\/p><p>1. Botwina Amelia (kat. 4-6)<\/p><p><!-- \/wp:paragraph --> <!-- wp:paragraph --><\/p><p>2. Cio\u0142ko Aleksandra (kat. 4-6)<\/p><p><!-- \/wp:paragraph --> <!-- wp:paragraph --><\/p><p>3. Drajczyk Jagna (kat. 4-6)<\/p><p><!-- \/wp:paragraph --> <!-- wp:paragraph --><\/p><p>4. Sumowska Helena (kat. 4-6)<\/p><p><!-- \/wp:paragraph --> <!-- wp:paragraph --><\/p><p>5. Klicki Stanis\u0142aw (kat. 4-6)<\/p><p><!-- \/wp:paragraph --> <!-- wp:paragraph --><\/p><p>6. Kuczy\u0144ska Zofia (kat. 4-6)<\/p><p><!-- \/wp:paragraph --> <!-- wp:paragraph --><\/p><p>7. Zaj\u0105c Bart\u0142omiej (kat. 4-6)<\/p><p><!-- \/wp:paragraph --> <!-- wp:paragraph --><\/p><p>1. Bieliaieva Olena \u2013 wyr\u00f3\u017cnienie Jakuba T. Wolskiego Jurora Konkursu<\/p><p><!-- \/wp:paragraph --> <!-- wp:paragraph --><\/p><p>2. Ustyja\u0144czuk Kinga \u2013 wyr\u00f3\u017cnienie Jakuba T. Wolskiego Jurora Konkursu<\/p><p><!-- \/wp:paragraph --><\/p>\t\t\t\t\t<\/div>\n\t\t\t\t\t\t<\/div>\n\t\t\t\t<\/div>\n\t\t\t\t\t\t<\/div>\n\t\t\t\t\t<\/div>\n\t\t<\/div>\n\t\t\t\t\t\t\t\t<\/div>\n\t\t\t\t\t<\/div>\n\t\t<\/section>\n\t\t\t\t<section class=\"elementor-section elementor-inner-section elementor-element elementor-element-ef10153 elementor-section-boxed elementor-section-height-default elementor-section-height-default exad-glass-effect-no exad-sticky-section-no\" data-id=\"ef10153\" data-element_type=\"section\">\n\t\t\t\t\t\t<div class=\"elementor-container elementor-column-gap-default\">\n\t\t\t\t\t\t\t<div class=\"elementor-row\">\n\t\t\t\t\t<div class=\"elementor-column elementor-col-50 elementor-inner-column elementor-element elementor-element-b18309a exad-glass-effect-no exad-sticky-section-no\" data-id=\"b18309a\" data-element_type=\"column\">\n\t\t\t<div class=\"elementor-column-wrap elementor-element-populated\">\n\t\t\t\t\t\t\t<div class=\"elementor-widget-wrap\">\n\t\t\t\t\t\t<div class=\"elementor-element elementor-element-1fbbee8 exad-sticky-section-no exad-glass-effect-no elementor-widget elementor-widget-image\" data-id=\"1fbbee8\" data-element_type=\"widget\" data-widget_type=\"image.default\">\n\t\t\t\t<div class=\"elementor-widget-container\">\n\t\t\t\t\t\t\t\t<div class=\"elementor-image\">\n\t\t\t\t\t\t\t\t\t\t\t\t<img width=\"2560\" height=\"1707\" src=\"https:\/\/bpzoliborz.pl\/bpzoliborz\/wp-content\/uploads\/2023\/06\/IMG_0577-scaled.jpg\" class=\"attachment-large size-large wp-image-16370\" alt=\"grafika przedstawiaj\u0105ca Pani\u0105 Ma\u0142gorzat\u0119 Kocot Dyrektor Biblioteki Publicznej w Dzielnicy \u017boliborz i Pana Paw\u0142a \u015awi\u0119toreckiego Dyrektora Spo\u0142ecznego Domu Kultury \u017boliborz witaj\u0105cych publiczno\u015b\u0107 I \u017boliborskiego Konkursu Recytatorskiego im. Joanny Kulmowej\" loading=\"lazy\" srcset=\"https:\/\/bpzoliborz.pl\/bpzoliborz\/wp-content\/uploads\/2023\/06\/IMG_0577-scaled.jpg 2560w, https:\/\/bpzoliborz.pl\/bpzoliborz\/wp-content\/uploads\/2023\/06\/IMG_0577-768x512.jpg 768w, https:\/\/bpzoliborz.pl\/bpzoliborz\/wp-content\/uploads\/2023\/06\/IMG_0577-391x260.jpg 391w, https:\/\/bpzoliborz.pl\/bpzoliborz\/wp-content\/uploads\/2023\/06\/IMG_0577-1536x1024.jpg 1536w, https:\/\/bpzoliborz.pl\/bpzoliborz\/wp-content\/uploads\/2023\/06\/IMG_0577-2048x1365.jpg 2048w, https:\/\/bpzoliborz.pl\/bpzoliborz\/wp-content\/uploads\/2023\/06\/IMG_0577-930x620.jpg 930w\" sizes=\"(max-width: 2560px) 100vw, 2560px\" \/>\t\t\t\t\t\t\t\t\t\t\t\t\t\t<\/div>\n\t\t\t\t\t\t<\/div>\n\t\t\t\t<\/div>\n\t\t\t\t\t\t<\/div>\n\t\t\t\t\t<\/div>\n\t\t<\/div>\n\t\t\t\t<div class=\"elementor-column elementor-col-50 elementor-inner-column elementor-element elementor-element-eb33608 exad-glass-effect-no exad-sticky-section-no\" data-id=\"eb33608\" data-element_type=\"column\">\n\t\t\t<div class=\"elementor-column-wrap elementor-element-populated\">\n\t\t\t\t\t\t\t<div class=\"elementor-widget-wrap\">\n\t\t\t\t\t\t<div class=\"elementor-element elementor-element-ff62881 exad-sticky-section-no exad-glass-effect-no elementor-widget elementor-widget-image\" data-id=\"ff62881\" data-element_type=\"widget\" data-widget_type=\"image.default\">\n\t\t\t\t<div class=\"elementor-widget-container\">\n\t\t\t\t\t\t\t\t<div class=\"elementor-image\">\n\t\t\t\t\t\t\t\t\t\t\t\t<img width=\"2560\" height=\"1707\" src=\"https:\/\/bpzoliborz.pl\/bpzoliborz\/wp-content\/uploads\/2023\/06\/IMG_0668-scaled.jpg\" class=\"attachment-large size-large wp-image-16382\" alt=\"grafika przedstawiaj\u0105ca Pana Paw\u0142a Michalca Burmistrza Dzielnicy \u017boliborz wr\u0119czaj\u0105cego nagrod\u0119 laureatce I \u017boliborskiego Konkursu Recytatorskiego im. Joanny Kulmowej\" loading=\"lazy\" srcset=\"https:\/\/bpzoliborz.pl\/bpzoliborz\/wp-content\/uploads\/2023\/06\/IMG_0668-scaled.jpg 2560w, https:\/\/bpzoliborz.pl\/bpzoliborz\/wp-content\/uploads\/2023\/06\/IMG_0668-768x512.jpg 768w, https:\/\/bpzoliborz.pl\/bpzoliborz\/wp-content\/uploads\/2023\/06\/IMG_0668-391x260.jpg 391w, https:\/\/bpzoliborz.pl\/bpzoliborz\/wp-content\/uploads\/2023\/06\/IMG_0668-1536x1024.jpg 1536w, https:\/\/bpzoliborz.pl\/bpzoliborz\/wp-content\/uploads\/2023\/06\/IMG_0668-2048x1365.jpg 2048w, https:\/\/bpzoliborz.pl\/bpzoliborz\/wp-content\/uploads\/2023\/06\/IMG_0668-930x620.jpg 930w\" sizes=\"(max-width: 2560px) 100vw, 2560px\" \/>\t\t\t\t\t\t\t\t\t\t\t\t\t\t<\/div>\n\t\t\t\t\t\t<\/div>\n\t\t\t\t<\/div>\n\t\t\t\t\t\t<\/div>\n\t\t\t\t\t<\/div>\n\t\t<\/div>\n\t\t\t\t\t\t\t\t<\/div>\n\t\t\t\t\t<\/div>\n\t\t<\/section>\n\t\t\t\t<section class=\"elementor-section elementor-inner-section elementor-element elementor-element-e38c3de elementor-section-boxed elementor-section-height-default elementor-section-height-default exad-glass-effect-no exad-sticky-section-no\" data-id=\"e38c3de\" data-element_type=\"section\">\n\t\t\t\t\t\t<div class=\"elementor-container elementor-column-gap-default\">\n\t\t\t\t\t\t\t<div class=\"elementor-row\">\n\t\t\t\t\t<div class=\"elementor-column elementor-col-50 elementor-inner-column elementor-element elementor-element-61f532f exad-glass-effect-no exad-sticky-section-no\" data-id=\"61f532f\" data-element_type=\"column\">\n\t\t\t<div class=\"elementor-column-wrap elementor-element-populated\">\n\t\t\t\t\t\t\t<div class=\"elementor-widget-wrap\">\n\t\t\t\t\t\t<div class=\"elementor-element elementor-element-8bf5b21 exad-sticky-section-no exad-glass-effect-no elementor-widget elementor-widget-image\" data-id=\"8bf5b21\" data-element_type=\"widget\" data-widget_type=\"image.default\">\n\t\t\t\t<div class=\"elementor-widget-container\">\n\t\t\t\t\t\t\t\t<div class=\"elementor-image\">\n\t\t\t\t\t\t\t\t\t\t\t\t<img width=\"2560\" height=\"1707\" src=\"https:\/\/bpzoliborz.pl\/bpzoliborz\/wp-content\/uploads\/2023\/06\/IMG_0633-scaled.jpg\" class=\"attachment-large size-large wp-image-16377\" alt=\"grafika przedstawiaj\u0105ca dr hab. Prof. US Urszule Ch\u0119ci\u0144sk\u0105 przedstawiaj\u0105c\u0105 list Joanny Kulmowej do dzieci i rodzic\u00f3w podczas I \u017boliborskiego Konkursu Recytatorskiego im. Joanny Kulmowej\" loading=\"lazy\" srcset=\"https:\/\/bpzoliborz.pl\/bpzoliborz\/wp-content\/uploads\/2023\/06\/IMG_0633-scaled.jpg 2560w, https:\/\/bpzoliborz.pl\/bpzoliborz\/wp-content\/uploads\/2023\/06\/IMG_0633-768x512.jpg 768w, https:\/\/bpzoliborz.pl\/bpzoliborz\/wp-content\/uploads\/2023\/06\/IMG_0633-391x260.jpg 391w, https:\/\/bpzoliborz.pl\/bpzoliborz\/wp-content\/uploads\/2023\/06\/IMG_0633-1536x1024.jpg 1536w, https:\/\/bpzoliborz.pl\/bpzoliborz\/wp-content\/uploads\/2023\/06\/IMG_0633-2048x1365.jpg 2048w, https:\/\/bpzoliborz.pl\/bpzoliborz\/wp-content\/uploads\/2023\/06\/IMG_0633-930x620.jpg 930w\" sizes=\"(max-width: 2560px) 100vw, 2560px\" \/>\t\t\t\t\t\t\t\t\t\t\t\t\t\t<\/div>\n\t\t\t\t\t\t<\/div>\n\t\t\t\t<\/div>\n\t\t\t\t\t\t<\/div>\n\t\t\t\t\t<\/div>\n\t\t<\/div>\n\t\t\t\t<div class=\"elementor-column elementor-col-50 elementor-inner-column elementor-element elementor-element-ec1d440 exad-glass-effect-no exad-sticky-section-no\" data-id=\"ec1d440\" data-element_type=\"column\">\n\t\t\t<div class=\"elementor-column-wrap elementor-element-populated\">\n\t\t\t\t\t\t\t<div class=\"elementor-widget-wrap\">\n\t\t\t\t\t\t<div class=\"elementor-element elementor-element-350214a exad-sticky-section-no exad-glass-effect-no elementor-widget elementor-widget-image\" data-id=\"350214a\" data-element_type=\"widget\" data-widget_type=\"image.default\">\n\t\t\t\t<div class=\"elementor-widget-container\">\n\t\t\t\t\t\t\t\t<div class=\"elementor-image\">\n\t\t\t\t\t\t\t\t\t\t\t\t<img width=\"2560\" height=\"1707\" src=\"https:\/\/bpzoliborz.pl\/bpzoliborz\/wp-content\/uploads\/2023\/06\/IMG_0840-scaled.jpg\" class=\"attachment-large size-large wp-image-16399\" alt=\"grafika przedstawiaj\u0105ca Jakuba Wolskiego cz\u0142onka Jury, kt\u00f3ry przemawia po wr\u0119czeniu wyr\u00f3\u017cnienie jednej z laureatek konkursu\" loading=\"lazy\" srcset=\"https:\/\/bpzoliborz.pl\/bpzoliborz\/wp-content\/uploads\/2023\/06\/IMG_0840-scaled.jpg 2560w, https:\/\/bpzoliborz.pl\/bpzoliborz\/wp-content\/uploads\/2023\/06\/IMG_0840-768x512.jpg 768w, https:\/\/bpzoliborz.pl\/bpzoliborz\/wp-content\/uploads\/2023\/06\/IMG_0840-391x260.jpg 391w, https:\/\/bpzoliborz.pl\/bpzoliborz\/wp-content\/uploads\/2023\/06\/IMG_0840-1536x1024.jpg 1536w, https:\/\/bpzoliborz.pl\/bpzoliborz\/wp-content\/uploads\/2023\/06\/IMG_0840-2048x1365.jpg 2048w, https:\/\/bpzoliborz.pl\/bpzoliborz\/wp-content\/uploads\/2023\/06\/IMG_0840-930x620.jpg 930w\" sizes=\"(max-width: 2560px) 100vw, 2560px\" \/>\t\t\t\t\t\t\t\t\t\t\t\t\t\t<\/div>\n\t\t\t\t\t\t<\/div>\n\t\t\t\t<\/div>\n\t\t\t\t\t\t<\/div>\n\t\t\t\t\t<\/div>\n\t\t<\/div>\n\t\t\t\t\t\t\t\t<\/div>\n\t\t\t\t\t<\/div>\n\t\t<\/section>\n\t\t\t\t<section class=\"elementor-section elementor-inner-section elementor-element elementor-element-b9d014c elementor-section-boxed elementor-section-height-default elementor-section-height-default exad-glass-effect-no exad-sticky-section-no\" data-id=\"b9d014c\" data-element_type=\"section\">\n\t\t\t\t\t\t<div class=\"elementor-container elementor-column-gap-default\">\n\t\t\t\t\t\t\t<div class=\"elementor-row\">\n\t\t\t\t\t<div class=\"elementor-column elementor-col-50 elementor-inner-column elementor-element elementor-element-7d4775e exad-glass-effect-no exad-sticky-section-no\" data-id=\"7d4775e\" data-element_type=\"column\">\n\t\t\t<div class=\"elementor-column-wrap elementor-element-populated\">\n\t\t\t\t\t\t\t<div class=\"elementor-widget-wrap\">\n\t\t\t\t\t\t<div class=\"elementor-element elementor-element-7851eb7 exad-sticky-section-no exad-glass-effect-no elementor-widget elementor-widget-image\" data-id=\"7851eb7\" data-element_type=\"widget\" data-widget_type=\"image.default\">\n\t\t\t\t<div class=\"elementor-widget-container\">\n\t\t\t\t\t\t\t\t<div class=\"elementor-image\">\n\t\t\t\t\t\t\t\t\t\t\t\t<img width=\"2560\" height=\"1707\" src=\"https:\/\/bpzoliborz.pl\/bpzoliborz\/wp-content\/uploads\/2023\/06\/IMG_0787-scaled.jpg\" class=\"attachment-large size-large wp-image-16392\" alt=\"grafika przedstawiaj\u0105ca jedn\u0105 z laureatek I \u017boliborskiego Konkursu Recytatorskiego im. Joanny Kulmowej, kt\u00f3ra recytuje wiersz wsp\u00f3lnie z cz\u0142onkiem jury\" loading=\"lazy\" srcset=\"https:\/\/bpzoliborz.pl\/bpzoliborz\/wp-content\/uploads\/2023\/06\/IMG_0787-scaled.jpg 2560w, https:\/\/bpzoliborz.pl\/bpzoliborz\/wp-content\/uploads\/2023\/06\/IMG_0787-768x512.jpg 768w, https:\/\/bpzoliborz.pl\/bpzoliborz\/wp-content\/uploads\/2023\/06\/IMG_0787-391x260.jpg 391w, https:\/\/bpzoliborz.pl\/bpzoliborz\/wp-content\/uploads\/2023\/06\/IMG_0787-1536x1024.jpg 1536w, https:\/\/bpzoliborz.pl\/bpzoliborz\/wp-content\/uploads\/2023\/06\/IMG_0787-2048x1365.jpg 2048w, https:\/\/bpzoliborz.pl\/bpzoliborz\/wp-content\/uploads\/2023\/06\/IMG_0787-930x620.jpg 930w\" sizes=\"(max-width: 2560px) 100vw, 2560px\" \/>\t\t\t\t\t\t\t\t\t\t\t\t\t\t<\/div>\n\t\t\t\t\t\t<\/div>\n\t\t\t\t<\/div>\n\t\t\t\t\t\t<\/div>\n\t\t\t\t\t<\/div>\n\t\t<\/div>\n\t\t\t\t<div class=\"elementor-column elementor-col-50 elementor-inner-column elementor-element elementor-element-ad26795 exad-glass-effect-no exad-sticky-section-no\" data-id=\"ad26795\" data-element_type=\"column\">\n\t\t\t<div class=\"elementor-column-wrap elementor-element-populated\">\n\t\t\t\t\t\t\t<div class=\"elementor-widget-wrap\">\n\t\t\t\t\t\t<div class=\"elementor-element elementor-element-9fdcd49 exad-sticky-section-no exad-glass-effect-no elementor-widget elementor-widget-image\" data-id=\"9fdcd49\" data-element_type=\"widget\" data-widget_type=\"image.default\">\n\t\t\t\t<div class=\"elementor-widget-container\">\n\t\t\t\t\t\t\t\t<div class=\"elementor-image\">\n\t\t\t\t\t\t\t\t\t\t\t\t<img width=\"2560\" height=\"1707\" src=\"https:\/\/bpzoliborz.pl\/bpzoliborz\/wp-content\/uploads\/2023\/06\/IMG_0854-scaled.jpg\" class=\"attachment-large size-large wp-image-16400\" alt=\"grafika przedstawiaj\u0105ca Miros\u0142awa Wi\u015bniewskiego cz\u0142onka Jury, kt\u00f3ry wr\u0119cza wyr\u00f3\u017cnienie jednemu z laureat\u00f3w konkursu\" loading=\"lazy\" srcset=\"https:\/\/bpzoliborz.pl\/bpzoliborz\/wp-content\/uploads\/2023\/06\/IMG_0854-scaled.jpg 2560w, https:\/\/bpzoliborz.pl\/bpzoliborz\/wp-content\/uploads\/2023\/06\/IMG_0854-768x512.jpg 768w, https:\/\/bpzoliborz.pl\/bpzoliborz\/wp-content\/uploads\/2023\/06\/IMG_0854-391x260.jpg 391w, https:\/\/bpzoliborz.pl\/bpzoliborz\/wp-content\/uploads\/2023\/06\/IMG_0854-1536x1024.jpg 1536w, https:\/\/bpzoliborz.pl\/bpzoliborz\/wp-content\/uploads\/2023\/06\/IMG_0854-2048x1365.jpg 2048w, https:\/\/bpzoliborz.pl\/bpzoliborz\/wp-content\/uploads\/2023\/06\/IMG_0854-930x620.jpg 930w\" sizes=\"(max-width: 2560px) 100vw, 2560px\" \/>\t\t\t\t\t\t\t\t\t\t\t\t\t\t<\/div>\n\t\t\t\t\t\t<\/div>\n\t\t\t\t<\/div>\n\t\t\t\t\t\t<\/div>\n\t\t\t\t\t<\/div>\n\t\t<\/div>\n\t\t\t\t\t\t\t\t<\/div>\n\t\t\t\t\t<\/div>\n\t\t<\/section>\n\t\t\t\t<section class=\"elementor-section elementor-inner-section elementor-element elementor-element-7ef6409 elementor-section-boxed elementor-section-height-default elementor-section-height-default exad-glass-effect-no exad-sticky-section-no\" data-id=\"7ef6409\" data-element_type=\"section\">\n\t\t\t\t\t\t<div class=\"elementor-container elementor-column-gap-default\">\n\t\t\t\t\t\t\t<div class=\"elementor-row\">\n\t\t\t\t\t<div class=\"elementor-column elementor-col-50 elementor-inner-column elementor-element elementor-element-4ea1555 exad-glass-effect-no exad-sticky-section-no\" data-id=\"4ea1555\" data-element_type=\"column\">\n\t\t\t<div class=\"elementor-column-wrap elementor-element-populated\">\n\t\t\t\t\t\t\t<div class=\"elementor-widget-wrap\">\n\t\t\t\t\t\t<div class=\"elementor-element elementor-element-91b85d4 exad-sticky-section-no exad-glass-effect-no elementor-widget elementor-widget-image\" data-id=\"91b85d4\" data-element_type=\"widget\" data-widget_type=\"image.default\">\n\t\t\t\t<div class=\"elementor-widget-container\">\n\t\t\t\t\t\t\t\t<div class=\"elementor-image\">\n\t\t\t\t\t\t\t\t\t\t\t\t<img width=\"2560\" height=\"1707\" src=\"https:\/\/bpzoliborz.pl\/bpzoliborz\/wp-content\/uploads\/2023\/06\/IMG_0695-scaled.jpg\" class=\"attachment-large size-large wp-image-16385\" alt=\"grafika przedstawiaj\u0105ca jedn\u0105 z laureatek Konkursu Recytatorskiego im. Joanny Kulmowej recytuj\u0105c\u0105 wiersz\" loading=\"lazy\" srcset=\"https:\/\/bpzoliborz.pl\/bpzoliborz\/wp-content\/uploads\/2023\/06\/IMG_0695-scaled.jpg 2560w, https:\/\/bpzoliborz.pl\/bpzoliborz\/wp-content\/uploads\/2023\/06\/IMG_0695-768x512.jpg 768w, https:\/\/bpzoliborz.pl\/bpzoliborz\/wp-content\/uploads\/2023\/06\/IMG_0695-391x260.jpg 391w, https:\/\/bpzoliborz.pl\/bpzoliborz\/wp-content\/uploads\/2023\/06\/IMG_0695-1536x1024.jpg 1536w, https:\/\/bpzoliborz.pl\/bpzoliborz\/wp-content\/uploads\/2023\/06\/IMG_0695-2048x1365.jpg 2048w, https:\/\/bpzoliborz.pl\/bpzoliborz\/wp-content\/uploads\/2023\/06\/IMG_0695-930x620.jpg 930w\" sizes=\"(max-width: 2560px) 100vw, 2560px\" \/>\t\t\t\t\t\t\t\t\t\t\t\t\t\t<\/div>\n\t\t\t\t\t\t<\/div>\n\t\t\t\t<\/div>\n\t\t\t\t\t\t<\/div>\n\t\t\t\t\t<\/div>\n\t\t<\/div>\n\t\t\t\t<div class=\"elementor-column elementor-col-50 elementor-inner-column elementor-element elementor-element-e19ba07 exad-glass-effect-no exad-sticky-section-no\" data-id=\"e19ba07\" data-element_type=\"column\">\n\t\t\t<div class=\"elementor-column-wrap elementor-element-populated\">\n\t\t\t\t\t\t\t<div class=\"elementor-widget-wrap\">\n\t\t\t\t\t\t<div class=\"elementor-element elementor-element-ad4223b exad-sticky-section-no exad-glass-effect-no elementor-widget elementor-widget-image\" data-id=\"ad4223b\" data-element_type=\"widget\" data-widget_type=\"image.default\">\n\t\t\t\t<div class=\"elementor-widget-container\">\n\t\t\t\t\t\t\t\t<div class=\"elementor-image\">\n\t\t\t\t\t\t\t\t\t\t\t\t<img width=\"2560\" height=\"1707\" src=\"https:\/\/bpzoliborz.pl\/bpzoliborz\/wp-content\/uploads\/2023\/06\/IMG_0988_2-scaled.jpg\" class=\"attachment-large size-large wp-image-16437\" alt=\"zdj\u0119cie przedstawiaj\u0105ce wyst\u0119p Pani Ma\u0142gorzaty Rapy wraz z laureatami konkursu podczas Pierwszego \u017boliborskiego Konkursu Recytatorskiego im. Joanny Kulmowej na scenie w sali wysatwowe Sp\u00f3\u0142dzielczego Domu Kultury Warszawskiej Sp\u00f3\u0142dzielni Mieszkaniowej\" loading=\"lazy\" srcset=\"https:\/\/bpzoliborz.pl\/bpzoliborz\/wp-content\/uploads\/2023\/06\/IMG_0988_2-scaled.jpg 2560w, https:\/\/bpzoliborz.pl\/bpzoliborz\/wp-content\/uploads\/2023\/06\/IMG_0988_2-768x512.jpg 768w, https:\/\/bpzoliborz.pl\/bpzoliborz\/wp-content\/uploads\/2023\/06\/IMG_0988_2-391x260.jpg 391w, https:\/\/bpzoliborz.pl\/bpzoliborz\/wp-content\/uploads\/2023\/06\/IMG_0988_2-1536x1024.jpg 1536w, https:\/\/bpzoliborz.pl\/bpzoliborz\/wp-content\/uploads\/2023\/06\/IMG_0988_2-2048x1365.jpg 2048w, https:\/\/bpzoliborz.pl\/bpzoliborz\/wp-content\/uploads\/2023\/06\/IMG_0988_2-930x620.jpg 930w\" sizes=\"(max-width: 2560px) 100vw, 2560px\" \/>\t\t\t\t\t\t\t\t\t\t\t\t\t\t<\/div>\n\t\t\t\t\t\t<\/div>\n\t\t\t\t<\/div>\n\t\t\t\t\t\t<\/div>\n\t\t\t\t\t<\/div>\n\t\t<\/div>\n\t\t\t\t\t\t\t\t<\/div>\n\t\t\t\t\t<\/div>\n\t\t<\/section>\n\t\t\t\t<section class=\"elementor-section elementor-inner-section elementor-element elementor-element-8052252 elementor-section-boxed elementor-section-height-default elementor-section-height-default exad-glass-effect-no exad-sticky-section-no\" data-id=\"8052252\" data-element_type=\"section\">\n\t\t\t\t\t\t<div class=\"elementor-container elementor-column-gap-default\">\n\t\t\t\t\t\t\t<div class=\"elementor-row\">\n\t\t\t\t\t<div class=\"elementor-column elementor-col-50 elementor-inner-column elementor-element elementor-element-efc1673 exad-glass-effect-no exad-sticky-section-no\" data-id=\"efc1673\" data-element_type=\"column\">\n\t\t\t<div class=\"elementor-column-wrap elementor-element-populated\">\n\t\t\t\t\t\t\t<div class=\"elementor-widget-wrap\">\n\t\t\t\t\t\t<div class=\"elementor-element elementor-element-643ee41 exad-sticky-section-no exad-glass-effect-no elementor-widget elementor-widget-image\" data-id=\"643ee41\" data-element_type=\"widget\" data-widget_type=\"image.default\">\n\t\t\t\t<div class=\"elementor-widget-container\">\n\t\t\t\t\t\t\t\t<div class=\"elementor-image\">\n\t\t\t\t\t\t\t\t\t\t\t\t<img width=\"2560\" height=\"1707\" src=\"https:\/\/bpzoliborz.pl\/bpzoliborz\/wp-content\/uploads\/2023\/03\/wystawa-1-scaled.jpg\" class=\"attachment-large size-large wp-image-16408\" alt=\"grafika przedstawiaj\u0105ca cztery plansze. Jedna przedstawia wizerunek Joanny Kulmowej, druga Wis\u0142awy Szymborskiej. Dwie pozosta\u0142e przedstawiaj\u0105 wiersze Wis\u0142awy Szymborskiej pt. &quot;Nic dwa razy&quot; i &quot;Meblo\u015bcianka&quot;\" loading=\"lazy\" srcset=\"https:\/\/bpzoliborz.pl\/bpzoliborz\/wp-content\/uploads\/2023\/03\/wystawa-1-scaled.jpg 2560w, https:\/\/bpzoliborz.pl\/bpzoliborz\/wp-content\/uploads\/2023\/03\/wystawa-1-768x512.jpg 768w, https:\/\/bpzoliborz.pl\/bpzoliborz\/wp-content\/uploads\/2023\/03\/wystawa-1-391x260.jpg 391w, https:\/\/bpzoliborz.pl\/bpzoliborz\/wp-content\/uploads\/2023\/03\/wystawa-1-1536x1024.jpg 1536w, https:\/\/bpzoliborz.pl\/bpzoliborz\/wp-content\/uploads\/2023\/03\/wystawa-1-2048x1365.jpg 2048w, https:\/\/bpzoliborz.pl\/bpzoliborz\/wp-content\/uploads\/2023\/03\/wystawa-1-930x620.jpg 930w\" sizes=\"(max-width: 2560px) 100vw, 2560px\" \/>\t\t\t\t\t\t\t\t\t\t\t\t\t\t<\/div>\n\t\t\t\t\t\t<\/div>\n\t\t\t\t<\/div>\n\t\t\t\t\t\t<\/div>\n\t\t\t\t\t<\/div>\n\t\t<\/div>\n\t\t\t\t<div class=\"elementor-column elementor-col-50 elementor-inner-column elementor-element elementor-element-2eae3f4 exad-glass-effect-no exad-sticky-section-no\" data-id=\"2eae3f4\" data-element_type=\"column\">\n\t\t\t<div class=\"elementor-column-wrap elementor-element-populated\">\n\t\t\t\t\t\t\t<div class=\"elementor-widget-wrap\">\n\t\t\t\t\t\t<div class=\"elementor-element elementor-element-4b09160 exad-sticky-section-no exad-glass-effect-no elementor-widget elementor-widget-image\" data-id=\"4b09160\" data-element_type=\"widget\" data-widget_type=\"image.default\">\n\t\t\t\t<div class=\"elementor-widget-container\">\n\t\t\t\t\t\t\t\t<div class=\"elementor-image\">\n\t\t\t\t\t\t\t\t\t\t\t\t<img width=\"2560\" height=\"1708\" src=\"https:\/\/bpzoliborz.pl\/bpzoliborz\/wp-content\/uploads\/2023\/06\/wolontariusze-5-scaled-e1691653810287.jpg\" class=\"attachment-large size-large wp-image-16441\" alt=\"Trzech ch\u0142opc\u00f3w w bia\u0142ych koszulkach z logo wolontariatu biblioteki \u017coliborskiej stoi na tle wystawy. Na tablicach ekspozycyjnych wisz\u0105 kolorowe grafiki z tekstami wierszy.\" loading=\"lazy\" srcset=\"https:\/\/bpzoliborz.pl\/bpzoliborz\/wp-content\/uploads\/2023\/06\/wolontariusze-5-scaled-e1691653810287.jpg 2560w, https:\/\/bpzoliborz.pl\/bpzoliborz\/wp-content\/uploads\/2023\/06\/wolontariusze-5-scaled-e1691653810287-768x512.jpg 768w, https:\/\/bpzoliborz.pl\/bpzoliborz\/wp-content\/uploads\/2023\/06\/wolontariusze-5-scaled-e1691653810287-391x260.jpg 391w, https:\/\/bpzoliborz.pl\/bpzoliborz\/wp-content\/uploads\/2023\/06\/wolontariusze-5-scaled-e1691653810287-1536x1025.jpg 1536w, https:\/\/bpzoliborz.pl\/bpzoliborz\/wp-content\/uploads\/2023\/06\/wolontariusze-5-scaled-e1691653810287-2048x1366.jpg 2048w, https:\/\/bpzoliborz.pl\/bpzoliborz\/wp-content\/uploads\/2023\/06\/wolontariusze-5-scaled-e1691653810287-930x620.jpg 930w\" sizes=\"(max-width: 2560px) 100vw, 2560px\" \/>\t\t\t\t\t\t\t\t\t\t\t\t\t\t<\/div>\n\t\t\t\t\t\t<\/div>\n\t\t\t\t<\/div>\n\t\t\t\t\t\t<\/div>\n\t\t\t\t\t<\/div>\n\t\t<\/div>\n\t\t\t\t\t\t\t\t<\/div>\n\t\t\t\t\t<\/div>\n\t\t<\/section>\n\t\t\t\t\t\t<\/div>\n\t\t\t\t\t<\/div>\n\t\t<\/div>\n\t\t\t\t\t\t\t\t<\/div>\n\t\t\t\t\t<\/div>\n\t\t<\/section>\n\t\t\t\t<section class=\"elementor-section elementor-top-section elementor-element elementor-element-fcf5a33 elementor-section-boxed elementor-section-height-default elementor-section-height-default exad-glass-effect-no exad-sticky-section-no\" data-id=\"fcf5a33\" data-element_type=\"section\">\n\t\t\t\t\t\t<div class=\"elementor-container elementor-column-gap-default\">\n\t\t\t\t\t\t\t<div class=\"elementor-row\">\n\t\t\t\t\t<div class=\"elementor-column elementor-col-100 elementor-top-column elementor-element elementor-element-ca9b46b exad-glass-effect-no exad-sticky-section-no\" data-id=\"ca9b46b\" data-element_type=\"column\">\n\t\t\t<div class=\"elementor-column-wrap elementor-element-populated\">\n\t\t\t\t\t\t\t<div class=\"elementor-widget-wrap\">\n\t\t\t\t\t\t<div class=\"elementor-element elementor-element-9f0113a exad-sticky-section-no exad-glass-effect-no elementor-widget elementor-widget-spacer\" data-id=\"9f0113a\" data-element_type=\"widget\" data-widget_type=\"spacer.default\">\n\t\t\t\t<div class=\"elementor-widget-container\">\n\t\t\t\t\t<div class=\"elementor-spacer\">\n\t\t\t<div class=\"elementor-spacer-inner\"><\/div>\n\t\t<\/div>\n\t\t\t\t<\/div>\n\t\t\t\t<\/div>\n\t\t\t\t\t\t<\/div>\n\t\t\t\t\t<\/div>\n\t\t<\/div>\n\t\t\t\t\t\t\t\t<\/div>\n\t\t\t\t\t<\/div>\n\t\t<\/section>\n\t\t\t\t<section class=\"elementor-section elementor-top-section elementor-element elementor-element-0443586 elementor-section-boxed elementor-section-height-default elementor-section-height-default exad-glass-effect-no exad-sticky-section-no\" data-id=\"0443586\" data-element_type=\"section\">\n\t\t\t\t\t\t<div class=\"elementor-container elementor-column-gap-default\">\n\t\t\t\t\t\t\t<div class=\"elementor-row\">\n\t\t\t\t\t<div class=\"elementor-column elementor-col-100 elementor-top-column elementor-element elementor-element-e5b0487 exad-glass-effect-no exad-sticky-section-no\" data-id=\"e5b0487\" data-element_type=\"column\" data-settings=\"{&quot;background_background&quot;:&quot;classic&quot;}\">\n\t\t\t<div class=\"elementor-column-wrap elementor-element-populated\">\n\t\t\t\t\t\t\t<div class=\"elementor-widget-wrap\">\n\t\t\t\t\t\t<div class=\"elementor-element elementor-element-36e289a exad-sticky-section-no exad-glass-effect-no elementor-widget elementor-widget-heading\" data-id=\"36e289a\" data-element_type=\"widget\" data-widget_type=\"heading.default\">\n\t\t\t\t<div class=\"elementor-widget-container\">\n\t\t\t<h3 class=\"elementor-heading-title elementor-size-default\">Spotkania z tw\u00f3rczo\u015bci\u0105 Joanny Kulmowej w Bibliotece dla Dzieci i M\u0142odzie\u017cy nr XV w 2022 r. <\/h3>\t\t<\/div>\n\t\t\t\t<\/div>\n\t\t\t\t\t\t<\/div>\n\t\t\t\t\t<\/div>\n\t\t<\/div>\n\t\t\t\t\t\t\t\t<\/div>\n\t\t\t\t\t<\/div>\n\t\t<\/section>\n\t\t\t\t<section class=\"elementor-section elementor-top-section elementor-element elementor-element-a021a7f elementor-section-boxed elementor-section-height-default elementor-section-height-default exad-glass-effect-no exad-sticky-section-no\" data-id=\"a021a7f\" data-element_type=\"section\">\n\t\t\t\t\t\t<div class=\"elementor-container elementor-column-gap-default\">\n\t\t\t\t\t\t\t<div class=\"elementor-row\">\n\t\t\t\t\t<div class=\"elementor-column elementor-col-100 elementor-top-column elementor-element elementor-element-bdb02ee exad-glass-effect-no exad-sticky-section-no\" data-id=\"bdb02ee\" data-element_type=\"column\">\n\t\t\t<div class=\"elementor-column-wrap elementor-element-populated\">\n\t\t\t\t\t\t\t<div class=\"elementor-widget-wrap\">\n\t\t\t\t\t\t<div class=\"elementor-element elementor-element-f9afe7d exad-sticky-section-no exad-glass-effect-no elementor-widget elementor-widget-spacer\" data-id=\"f9afe7d\" data-element_type=\"widget\" data-widget_type=\"spacer.default\">\n\t\t\t\t<div class=\"elementor-widget-container\">\n\t\t\t\t\t<div class=\"elementor-spacer\">\n\t\t\t<div class=\"elementor-spacer-inner\"><\/div>\n\t\t<\/div>\n\t\t\t\t<\/div>\n\t\t\t\t<\/div>\n\t\t\t\t\t\t<\/div>\n\t\t\t\t\t<\/div>\n\t\t<\/div>\n\t\t\t\t\t\t\t\t<\/div>\n\t\t\t\t\t<\/div>\n\t\t<\/section>\n\t\t\t\t<section class=\"elementor-section elementor-top-section elementor-element elementor-element-f0114aa elementor-section-boxed elementor-section-height-default elementor-section-height-default exad-glass-effect-no exad-sticky-section-no\" data-id=\"f0114aa\" data-element_type=\"section\">\n\t\t\t\t\t\t<div class=\"elementor-container elementor-column-gap-default\">\n\t\t\t\t\t\t\t<div class=\"elementor-row\">\n\t\t\t\t\t<div class=\"elementor-column elementor-col-100 elementor-top-column elementor-element elementor-element-372eb86 exad-glass-effect-no exad-sticky-section-no\" data-id=\"372eb86\" data-element_type=\"column\">\n\t\t\t<div class=\"elementor-column-wrap elementor-element-populated\">\n\t\t\t\t\t\t\t<div class=\"elementor-widget-wrap\">\n\t\t\t\t\t\t<section class=\"elementor-section elementor-inner-section elementor-element elementor-element-a1e90cc elementor-section-boxed elementor-section-height-default elementor-section-height-default exad-glass-effect-no exad-sticky-section-no\" data-id=\"a1e90cc\" data-element_type=\"section\">\n\t\t\t\t\t\t<div class=\"elementor-container elementor-column-gap-default\">\n\t\t\t\t\t\t\t<div class=\"elementor-row\">\n\t\t\t\t\t<div class=\"elementor-column elementor-col-100 elementor-inner-column elementor-element elementor-element-2dbac57 exad-glass-effect-no exad-sticky-section-no\" data-id=\"2dbac57\" data-element_type=\"column\">\n\t\t\t<div class=\"elementor-column-wrap elementor-element-populated\">\n\t\t\t\t\t\t\t<div class=\"elementor-widget-wrap\">\n\t\t\t\t\t\t<div class=\"elementor-element elementor-element-afc4964 exad-sticky-section-no exad-glass-effect-no elementor-widget elementor-widget-text-editor\" data-id=\"afc4964\" data-element_type=\"widget\" data-widget_type=\"text-editor.default\">\n\t\t\t\t<div class=\"elementor-widget-container\">\n\t\t\t\t\t\t\t\t<div class=\"elementor-text-editor elementor-clearfix\">\n\t\t\t\t<p><span style=\"color: #333333;\">21.12.2022r. w\u00a0<a style=\"color: #333333;\" href=\"https:\/\/bpzoliborz.pl\/bpzoliborz\/index.php\/biblioteka-dla-dzieci-nr-xv\/\" data-type=\"page\" data-id=\"166\">Bibliotece przy ul. Broniewskiego 9A<\/a>\u00a0odby\u0142o si\u0119 ostatnie tegoroczne spotkanie z tw\u00f3rczo\u015bci\u0105 Joanny Kulmowej. Odwiedzi\u0142y nas dzieci z Przedszkola nr 433, kt\u00f3rym przeczytali\u015bmy wiersze \u201eZasypianie wiewi\u00f3rek\u201doraz \u201eNajpi\u0119kniejsza choinka\u201d z tomiku wierszy \u201eKulmowa dzieciom\u201d. Na koniec spotkania przedszkolaki z nasz\u0105 pomoc\u0105 wykona\u0142y pami\u0105tkowe przypinki z wizerunkiem autorki.<\/span><\/p>\t\t\t\t\t<\/div>\n\t\t\t\t\t\t<\/div>\n\t\t\t\t<\/div>\n\t\t\t\t\t\t<\/div>\n\t\t\t\t\t<\/div>\n\t\t<\/div>\n\t\t\t\t\t\t\t\t<\/div>\n\t\t\t\t\t<\/div>\n\t\t<\/section>\n\t\t\t\t<section class=\"elementor-section elementor-inner-section elementor-element elementor-element-f54beae elementor-section-boxed elementor-section-height-default elementor-section-height-default exad-glass-effect-no exad-sticky-section-no\" data-id=\"f54beae\" data-element_type=\"section\">\n\t\t\t\t\t\t<div class=\"elementor-container elementor-column-gap-default\">\n\t\t\t\t\t\t\t<div class=\"elementor-row\">\n\t\t\t\t\t<div class=\"elementor-column elementor-col-50 elementor-inner-column elementor-element elementor-element-e087f97 exad-glass-effect-no exad-sticky-section-no\" data-id=\"e087f97\" data-element_type=\"column\">\n\t\t\t<div class=\"elementor-column-wrap elementor-element-populated\">\n\t\t\t\t\t\t\t<div class=\"elementor-widget-wrap\">\n\t\t\t\t\t\t<div class=\"elementor-element elementor-element-9c2de71 exad-sticky-section-no exad-glass-effect-no elementor-widget elementor-widget-image\" data-id=\"9c2de71\" data-element_type=\"widget\" data-widget_type=\"image.default\">\n\t\t\t\t<div class=\"elementor-widget-container\">\n\t\t\t\t\t\t\t\t<div class=\"elementor-image\">\n\t\t\t\t\t\t\t\t\t\t\t\t<img width=\"2560\" height=\"1440\" src=\"https:\/\/bpzoliborz.pl\/bpzoliborz\/wp-content\/uploads\/2022\/12\/20221221_103845-scaled.jpg\" class=\"attachment-large size-large wp-image-14420\" alt=\"grafika wyr\u00f3\u017cniaj\u0105ca przedstawiaj\u0105ca dzieci, kt\u00f3re s\u0142uchaj\u0105 czytanych wierszy Joanny Kulmowej\" loading=\"lazy\" srcset=\"https:\/\/bpzoliborz.pl\/bpzoliborz\/wp-content\/uploads\/2022\/12\/20221221_103845-scaled.jpg 2560w, https:\/\/bpzoliborz.pl\/bpzoliborz\/wp-content\/uploads\/2022\/12\/20221221_103845-768x432.jpg 768w, https:\/\/bpzoliborz.pl\/bpzoliborz\/wp-content\/uploads\/2022\/12\/20221221_103845-1536x864.jpg 1536w, https:\/\/bpzoliborz.pl\/bpzoliborz\/wp-content\/uploads\/2022\/12\/20221221_103845-2048x1152.jpg 2048w\" sizes=\"(max-width: 2560px) 100vw, 2560px\" \/>\t\t\t\t\t\t\t\t\t\t\t\t\t\t<\/div>\n\t\t\t\t\t\t<\/div>\n\t\t\t\t<\/div>\n\t\t\t\t\t\t<\/div>\n\t\t\t\t\t<\/div>\n\t\t<\/div>\n\t\t\t\t<div class=\"elementor-column elementor-col-50 elementor-inner-column elementor-element elementor-element-c6544f7 exad-glass-effect-no exad-sticky-section-no\" data-id=\"c6544f7\" data-element_type=\"column\">\n\t\t\t<div class=\"elementor-column-wrap elementor-element-populated\">\n\t\t\t\t\t\t\t<div class=\"elementor-widget-wrap\">\n\t\t\t\t\t\t<div class=\"elementor-element elementor-element-ee52076 exad-sticky-section-no exad-glass-effect-no elementor-widget elementor-widget-image\" data-id=\"ee52076\" data-element_type=\"widget\" data-widget_type=\"image.default\">\n\t\t\t\t<div class=\"elementor-widget-container\">\n\t\t\t\t\t\t\t\t<div class=\"elementor-image\">\n\t\t\t\t\t\t\t\t\t\t\t\t<img width=\"2560\" height=\"1440\" src=\"https:\/\/bpzoliborz.pl\/bpzoliborz\/wp-content\/uploads\/2022\/12\/20221221_103838-scaled.jpg\" class=\"attachment-large size-large wp-image-14419\" alt=\"grafika wyr\u00f3\u017cniaj\u0105ca przedstawiaj\u0105ca dzieci, kt\u00f3re s\u0142uchaj\u0105 czytanych wierszy Joanny Kulmowej\" loading=\"lazy\" srcset=\"https:\/\/bpzoliborz.pl\/bpzoliborz\/wp-content\/uploads\/2022\/12\/20221221_103838-scaled.jpg 2560w, https:\/\/bpzoliborz.pl\/bpzoliborz\/wp-content\/uploads\/2022\/12\/20221221_103838-768x432.jpg 768w, https:\/\/bpzoliborz.pl\/bpzoliborz\/wp-content\/uploads\/2022\/12\/20221221_103838-1536x864.jpg 1536w, https:\/\/bpzoliborz.pl\/bpzoliborz\/wp-content\/uploads\/2022\/12\/20221221_103838-2048x1152.jpg 2048w\" sizes=\"(max-width: 2560px) 100vw, 2560px\" \/>\t\t\t\t\t\t\t\t\t\t\t\t\t\t<\/div>\n\t\t\t\t\t\t<\/div>\n\t\t\t\t<\/div>\n\t\t\t\t\t\t<\/div>\n\t\t\t\t\t<\/div>\n\t\t<\/div>\n\t\t\t\t\t\t\t\t<\/div>\n\t\t\t\t\t<\/div>\n\t\t<\/section>\n\t\t\t\t<section class=\"elementor-section elementor-inner-section elementor-element elementor-element-5fa7f8e elementor-section-boxed elementor-section-height-default elementor-section-height-default exad-glass-effect-no exad-sticky-section-no\" data-id=\"5fa7f8e\" data-element_type=\"section\">\n\t\t\t\t\t\t<div class=\"elementor-container elementor-column-gap-default\">\n\t\t\t\t\t\t\t<div class=\"elementor-row\">\n\t\t\t\t\t<div class=\"elementor-column elementor-col-50 elementor-inner-column elementor-element elementor-element-ab60a43 exad-glass-effect-no exad-sticky-section-no\" data-id=\"ab60a43\" data-element_type=\"column\">\n\t\t\t<div class=\"elementor-column-wrap elementor-element-populated\">\n\t\t\t\t\t\t\t<div class=\"elementor-widget-wrap\">\n\t\t\t\t\t\t<div class=\"elementor-element elementor-element-50ea714 exad-sticky-section-no exad-glass-effect-no elementor-widget elementor-widget-image\" data-id=\"50ea714\" data-element_type=\"widget\" data-widget_type=\"image.default\">\n\t\t\t\t<div class=\"elementor-widget-container\">\n\t\t\t\t\t\t\t\t<div class=\"elementor-image\">\n\t\t\t\t\t\t\t\t\t\t\t\t<img width=\"2560\" height=\"1440\" src=\"https:\/\/bpzoliborz.pl\/bpzoliborz\/wp-content\/uploads\/2022\/12\/20221221_105302-scaled-1.jpg\" class=\"attachment-large size-large wp-image-14422\" alt=\"\" loading=\"lazy\" srcset=\"https:\/\/bpzoliborz.pl\/bpzoliborz\/wp-content\/uploads\/2022\/12\/20221221_105302-scaled-1.jpg 2560w, https:\/\/bpzoliborz.pl\/bpzoliborz\/wp-content\/uploads\/2022\/12\/20221221_105302-scaled-1-768x432.jpg 768w, https:\/\/bpzoliborz.pl\/bpzoliborz\/wp-content\/uploads\/2022\/12\/20221221_105302-scaled-1-1536x864.jpg 1536w, https:\/\/bpzoliborz.pl\/bpzoliborz\/wp-content\/uploads\/2022\/12\/20221221_105302-scaled-1-2048x1152.jpg 2048w\" sizes=\"(max-width: 2560px) 100vw, 2560px\" \/>\t\t\t\t\t\t\t\t\t\t\t\t\t\t<\/div>\n\t\t\t\t\t\t<\/div>\n\t\t\t\t<\/div>\n\t\t\t\t\t\t<\/div>\n\t\t\t\t\t<\/div>\n\t\t<\/div>\n\t\t\t\t<div class=\"elementor-column elementor-col-50 elementor-inner-column elementor-element elementor-element-78f2190 exad-glass-effect-no exad-sticky-section-no\" data-id=\"78f2190\" data-element_type=\"column\">\n\t\t\t<div class=\"elementor-column-wrap elementor-element-populated\">\n\t\t\t\t\t\t\t<div class=\"elementor-widget-wrap\">\n\t\t\t\t\t\t<div class=\"elementor-element elementor-element-3bc48e2 exad-sticky-section-no exad-glass-effect-no elementor-widget elementor-widget-image\" data-id=\"3bc48e2\" data-element_type=\"widget\" data-widget_type=\"image.default\">\n\t\t\t\t<div class=\"elementor-widget-container\">\n\t\t\t\t\t\t\t\t<div class=\"elementor-image\">\n\t\t\t\t\t\t\t\t\t\t\t\t<img width=\"1080\" height=\"616\" src=\"https:\/\/bpzoliborz.pl\/bpzoliborz\/wp-content\/uploads\/2022\/12\/Dzieci-Kulmowej-Kulmowa-Dzieciom.jpg\" class=\"attachment-large size-large wp-image-14427\" alt=\"\" loading=\"lazy\" srcset=\"https:\/\/bpzoliborz.pl\/bpzoliborz\/wp-content\/uploads\/2022\/12\/Dzieci-Kulmowej-Kulmowa-Dzieciom.jpg 1080w, https:\/\/bpzoliborz.pl\/bpzoliborz\/wp-content\/uploads\/2022\/12\/Dzieci-Kulmowej-Kulmowa-Dzieciom-768x438.jpg 768w\" sizes=\"(max-width: 1080px) 100vw, 1080px\" \/>\t\t\t\t\t\t\t\t\t\t\t\t\t\t<\/div>\n\t\t\t\t\t\t<\/div>\n\t\t\t\t<\/div>\n\t\t\t\t\t\t<\/div>\n\t\t\t\t\t<\/div>\n\t\t<\/div>\n\t\t\t\t\t\t\t\t<\/div>\n\t\t\t\t\t<\/div>\n\t\t<\/section>\n\t\t\t\t\t\t<\/div>\n\t\t\t\t\t<\/div>\n\t\t<\/div>\n\t\t\t\t\t\t\t\t<\/div>\n\t\t\t\t\t<\/div>\n\t\t<\/section>\n\t\t\t\t<section class=\"elementor-section elementor-top-section elementor-element elementor-element-71ccb05 elementor-section-boxed elementor-section-height-default elementor-section-height-default exad-glass-effect-no exad-sticky-section-no\" data-id=\"71ccb05\" data-element_type=\"section\">\n\t\t\t\t\t\t<div class=\"elementor-container elementor-column-gap-default\">\n\t\t\t\t\t\t\t<div class=\"elementor-row\">\n\t\t\t\t\t<div class=\"elementor-column elementor-col-100 elementor-top-column elementor-element elementor-element-c3d9b49 exad-glass-effect-no exad-sticky-section-no\" data-id=\"c3d9b49\" data-element_type=\"column\">\n\t\t\t<div class=\"elementor-column-wrap elementor-element-populated\">\n\t\t\t\t\t\t\t<div class=\"elementor-widget-wrap\">\n\t\t\t\t\t\t<div class=\"elementor-element elementor-element-ed60be2 exad-sticky-section-no exad-glass-effect-no elementor-widget elementor-widget-spacer\" data-id=\"ed60be2\" data-element_type=\"widget\" data-widget_type=\"spacer.default\">\n\t\t\t\t<div class=\"elementor-widget-container\">\n\t\t\t\t\t<div class=\"elementor-spacer\">\n\t\t\t<div class=\"elementor-spacer-inner\"><\/div>\n\t\t<\/div>\n\t\t\t\t<\/div>\n\t\t\t\t<\/div>\n\t\t\t\t\t\t<\/div>\n\t\t\t\t\t<\/div>\n\t\t<\/div>\n\t\t\t\t\t\t\t\t<\/div>\n\t\t\t\t\t<\/div>\n\t\t<\/section>\n\t\t\t\t<section class=\"elementor-section elementor-top-section elementor-element elementor-element-96c2da2 elementor-section-boxed elementor-section-height-default elementor-section-height-default exad-glass-effect-no exad-sticky-section-no\" data-id=\"96c2da2\" data-element_type=\"section\">\n\t\t\t\t\t\t<div class=\"elementor-container elementor-column-gap-default\">\n\t\t\t\t\t\t\t<div class=\"elementor-row\">\n\t\t\t\t\t<div class=\"elementor-column elementor-col-100 elementor-top-column elementor-element elementor-element-d1c8e9c exad-glass-effect-no exad-sticky-section-no\" data-id=\"d1c8e9c\" data-element_type=\"column\">\n\t\t\t<div class=\"elementor-column-wrap elementor-element-populated\">\n\t\t\t\t\t\t\t<div class=\"elementor-widget-wrap\">\n\t\t\t\t\t\t<section class=\"elementor-section elementor-inner-section elementor-element elementor-element-0db9d29 elementor-section-boxed elementor-section-height-default elementor-section-height-default exad-glass-effect-no exad-sticky-section-no\" data-id=\"0db9d29\" data-element_type=\"section\">\n\t\t\t\t\t\t<div class=\"elementor-container elementor-column-gap-default\">\n\t\t\t\t\t\t\t<div class=\"elementor-row\">\n\t\t\t\t\t<div class=\"elementor-column elementor-col-100 elementor-inner-column elementor-element elementor-element-b124f6d exad-glass-effect-no exad-sticky-section-no\" data-id=\"b124f6d\" data-element_type=\"column\">\n\t\t\t<div class=\"elementor-column-wrap elementor-element-populated\">\n\t\t\t\t\t\t\t<div class=\"elementor-widget-wrap\">\n\t\t\t\t\t\t<div class=\"elementor-element elementor-element-da158ec exad-sticky-section-no exad-glass-effect-no elementor-widget elementor-widget-text-editor\" data-id=\"da158ec\" data-element_type=\"widget\" data-widget_type=\"text-editor.default\">\n\t\t\t\t<div class=\"elementor-widget-container\">\n\t\t\t\t\t\t\t\t<div class=\"elementor-text-editor elementor-clearfix\">\n\t\t\t\t<p><span style=\"color: #333333;\">24 pa\u017adziernika w\u00a0<a style=\"color: #333333;\" href=\"http:\/\/xn--bibliotece%20dla%20dzieci%20i%20modziey%20nr%20xv-d7h770a\/\">Bibliotece dla Dzieci i M\u0142odzie\u017cy nr XV<\/a>\u00a0przy ul. Broniewskiego 9A odby\u0142o si\u0119 kolejne spotkanie po\u015bwi\u0119cone tw\u00f3rczo\u015bci Joanny Kulmowej. Odwiedzi\u0142y nas dzieci z Przedszkola nr 433, kt\u00f3rym przeczytali\u015bmy wiersze z tom\u00f3w \u201eGdyby\u2026\u201d i \u201eKolory\u201d. Na koniec spotkania przedszkolaki z nasz\u0105 pomoc\u0105 wykona\u0142y pami\u0105tkowe przypinki z wizerunkiem autorki.<\/span><\/p><p><span style=\"color: #333333;\">\u201eDzieci Kulmowej \u2013 Kulmowa Dzieciom\u201d \u2013 to wieloletni projekt promocji czytelnictwa w\u015br\u00f3d dzieci na warszawskim \u017boliborzu w oparciu o tw\u00f3rczo\u015b\u0107 Joanny Kulmow<\/span>ej.<\/p>\t\t\t\t\t<\/div>\n\t\t\t\t\t\t<\/div>\n\t\t\t\t<\/div>\n\t\t\t\t\t\t<\/div>\n\t\t\t\t\t<\/div>\n\t\t<\/div>\n\t\t\t\t\t\t\t\t<\/div>\n\t\t\t\t\t<\/div>\n\t\t<\/section>\n\t\t\t\t<section class=\"elementor-section elementor-inner-section elementor-element elementor-element-c71fc55 elementor-section-boxed elementor-section-height-default elementor-section-height-default exad-glass-effect-no exad-sticky-section-no\" data-id=\"c71fc55\" data-element_type=\"section\">\n\t\t\t\t\t\t<div class=\"elementor-container elementor-column-gap-default\">\n\t\t\t\t\t\t\t<div class=\"elementor-row\">\n\t\t\t\t\t<div class=\"elementor-column elementor-col-50 elementor-inner-column elementor-element elementor-element-ed9ec9e exad-glass-effect-no exad-sticky-section-no\" data-id=\"ed9ec9e\" data-element_type=\"column\">\n\t\t\t<div class=\"elementor-column-wrap elementor-element-populated\">\n\t\t\t\t\t\t\t<div class=\"elementor-widget-wrap\">\n\t\t\t\t\t\t<div class=\"elementor-element elementor-element-1695347 exad-sticky-section-no exad-glass-effect-no elementor-widget elementor-widget-image\" data-id=\"1695347\" data-element_type=\"widget\" data-widget_type=\"image.default\">\n\t\t\t\t<div class=\"elementor-widget-container\">\n\t\t\t\t\t\t\t\t<div class=\"elementor-image\">\n\t\t\t\t\t\t\t\t\t\t\t\t<img width=\"2560\" height=\"1440\" src=\"https:\/\/bpzoliborz.pl\/bpzoliborz\/wp-content\/uploads\/2022\/10\/nafb2-scaled.jpg\" class=\"attachment-large size-large wp-image-12746\" alt=\"grafika przedstawiaj\u0105ca dzieci podczas spotkania na kt\u00f3rym zapozna\u0142y si\u0119 z wierszami Joanny Kulmowej\" loading=\"lazy\" srcset=\"https:\/\/bpzoliborz.pl\/bpzoliborz\/wp-content\/uploads\/2022\/10\/nafb2-scaled.jpg 2560w, https:\/\/bpzoliborz.pl\/bpzoliborz\/wp-content\/uploads\/2022\/10\/nafb2-768x432.jpg 768w, https:\/\/bpzoliborz.pl\/bpzoliborz\/wp-content\/uploads\/2022\/10\/nafb2-1536x864.jpg 1536w, https:\/\/bpzoliborz.pl\/bpzoliborz\/wp-content\/uploads\/2022\/10\/nafb2-2048x1152.jpg 2048w\" sizes=\"(max-width: 2560px) 100vw, 2560px\" \/>\t\t\t\t\t\t\t\t\t\t\t\t\t\t<\/div>\n\t\t\t\t\t\t<\/div>\n\t\t\t\t<\/div>\n\t\t\t\t\t\t<\/div>\n\t\t\t\t\t<\/div>\n\t\t<\/div>\n\t\t\t\t<div class=\"elementor-column elementor-col-50 elementor-inner-column elementor-element elementor-element-21a081b exad-glass-effect-no exad-sticky-section-no\" data-id=\"21a081b\" data-element_type=\"column\">\n\t\t\t<div class=\"elementor-column-wrap elementor-element-populated\">\n\t\t\t\t\t\t\t<div class=\"elementor-widget-wrap\">\n\t\t\t\t\t\t<div class=\"elementor-element elementor-element-f0e8058 exad-sticky-section-no exad-glass-effect-no elementor-widget elementor-widget-image\" data-id=\"f0e8058\" data-element_type=\"widget\" data-widget_type=\"image.default\">\n\t\t\t\t<div class=\"elementor-widget-container\">\n\t\t\t\t\t\t\t\t<div class=\"elementor-image\">\n\t\t\t\t\t\t\t\t\t\t\t\t<img width=\"2560\" height=\"1440\" src=\"https:\/\/bpzoliborz.pl\/bpzoliborz\/wp-content\/uploads\/2022\/10\/nafb1-scaled.jpg\" class=\"attachment-large size-large wp-image-12745\" alt=\"grafika przedstawiaj\u0105ca dzieci podczas spotkania na kt\u00f3rym zapozna\u0142y si\u0119 z wierszami Joanny Kulmowej\" loading=\"lazy\" srcset=\"https:\/\/bpzoliborz.pl\/bpzoliborz\/wp-content\/uploads\/2022\/10\/nafb1-scaled.jpg 2560w, https:\/\/bpzoliborz.pl\/bpzoliborz\/wp-content\/uploads\/2022\/10\/nafb1-768x432.jpg 768w, https:\/\/bpzoliborz.pl\/bpzoliborz\/wp-content\/uploads\/2022\/10\/nafb1-1536x864.jpg 1536w, https:\/\/bpzoliborz.pl\/bpzoliborz\/wp-content\/uploads\/2022\/10\/nafb1-2048x1152.jpg 2048w\" sizes=\"(max-width: 2560px) 100vw, 2560px\" \/>\t\t\t\t\t\t\t\t\t\t\t\t\t\t<\/div>\n\t\t\t\t\t\t<\/div>\n\t\t\t\t<\/div>\n\t\t\t\t\t\t<\/div>\n\t\t\t\t\t<\/div>\n\t\t<\/div>\n\t\t\t\t\t\t\t\t<\/div>\n\t\t\t\t\t<\/div>\n\t\t<\/section>\n\t\t\t\t<section class=\"elementor-section elementor-inner-section elementor-element elementor-element-b2e76ec elementor-section-boxed elementor-section-height-default elementor-section-height-default exad-glass-effect-no exad-sticky-section-no\" data-id=\"b2e76ec\" data-element_type=\"section\">\n\t\t\t\t\t\t<div class=\"elementor-container elementor-column-gap-default\">\n\t\t\t\t\t\t\t<div class=\"elementor-row\">\n\t\t\t\t\t<div class=\"elementor-column elementor-col-50 elementor-inner-column elementor-element elementor-element-3a53d6f exad-glass-effect-no exad-sticky-section-no\" data-id=\"3a53d6f\" data-element_type=\"column\">\n\t\t\t<div class=\"elementor-column-wrap elementor-element-populated\">\n\t\t\t\t\t\t\t<div class=\"elementor-widget-wrap\">\n\t\t\t\t\t\t<div class=\"elementor-element elementor-element-ccf9c08 exad-sticky-section-no exad-glass-effect-no elementor-widget elementor-widget-image\" data-id=\"ccf9c08\" data-element_type=\"widget\" data-widget_type=\"image.default\">\n\t\t\t\t<div class=\"elementor-widget-container\">\n\t\t\t\t\t\t\t\t<div class=\"elementor-image\">\n\t\t\t\t\t\t\t\t\t\t\t\t<img width=\"2560\" height=\"1440\" src=\"https:\/\/bpzoliborz.pl\/bpzoliborz\/wp-content\/uploads\/2022\/10\/na-fb6-1-scaled.jpg\" class=\"attachment-large size-large wp-image-12744\" alt=\"grafika przedstawiaj\u0105ca robienie przypinek z wizerunkiem Joanny Kulmowej po spotkaniu promuj\u0105cym tw\u00f3rczo\u015b\u0107 autorki\" loading=\"lazy\" srcset=\"https:\/\/bpzoliborz.pl\/bpzoliborz\/wp-content\/uploads\/2022\/10\/na-fb6-1-scaled.jpg 2560w, https:\/\/bpzoliborz.pl\/bpzoliborz\/wp-content\/uploads\/2022\/10\/na-fb6-1-768x432.jpg 768w, https:\/\/bpzoliborz.pl\/bpzoliborz\/wp-content\/uploads\/2022\/10\/na-fb6-1-1536x864.jpg 1536w, https:\/\/bpzoliborz.pl\/bpzoliborz\/wp-content\/uploads\/2022\/10\/na-fb6-1-2048x1152.jpg 2048w\" sizes=\"(max-width: 2560px) 100vw, 2560px\" \/>\t\t\t\t\t\t\t\t\t\t\t\t\t\t<\/div>\n\t\t\t\t\t\t<\/div>\n\t\t\t\t<\/div>\n\t\t\t\t\t\t<\/div>\n\t\t\t\t\t<\/div>\n\t\t<\/div>\n\t\t\t\t<div class=\"elementor-column elementor-col-50 elementor-inner-column elementor-element elementor-element-882a72f exad-glass-effect-no exad-sticky-section-no\" data-id=\"882a72f\" data-element_type=\"column\">\n\t\t\t<div class=\"elementor-column-wrap elementor-element-populated\">\n\t\t\t\t\t\t\t<div class=\"elementor-widget-wrap\">\n\t\t\t\t\t\t<div class=\"elementor-element elementor-element-3b69f2f exad-sticky-section-no exad-glass-effect-no elementor-widget elementor-widget-image\" data-id=\"3b69f2f\" data-element_type=\"widget\" data-widget_type=\"image.default\">\n\t\t\t\t<div class=\"elementor-widget-container\">\n\t\t\t\t\t\t\t\t<div class=\"elementor-image\">\n\t\t\t\t\t\t\t\t\t\t\t\t<img width=\"2560\" height=\"1440\" src=\"https:\/\/bpzoliborz.pl\/bpzoliborz\/wp-content\/uploads\/2022\/10\/na-fb4-2-scaled.jpg\" class=\"attachment-large size-large wp-image-12743\" alt=\"grafika przedstawiaj\u0105ca robienie przypinek z wizerunkiem Joanny Kulmowej po spotkaniu promuj\u0105cym tw\u00f3rczo\u015b\u0107 autorki\" loading=\"lazy\" srcset=\"https:\/\/bpzoliborz.pl\/bpzoliborz\/wp-content\/uploads\/2022\/10\/na-fb4-2-scaled.jpg 2560w, https:\/\/bpzoliborz.pl\/bpzoliborz\/wp-content\/uploads\/2022\/10\/na-fb4-2-768x432.jpg 768w, https:\/\/bpzoliborz.pl\/bpzoliborz\/wp-content\/uploads\/2022\/10\/na-fb4-2-1536x864.jpg 1536w, https:\/\/bpzoliborz.pl\/bpzoliborz\/wp-content\/uploads\/2022\/10\/na-fb4-2-2048x1152.jpg 2048w\" sizes=\"(max-width: 2560px) 100vw, 2560px\" \/>\t\t\t\t\t\t\t\t\t\t\t\t\t\t<\/div>\n\t\t\t\t\t\t<\/div>\n\t\t\t\t<\/div>\n\t\t\t\t\t\t<\/div>\n\t\t\t\t\t<\/div>\n\t\t<\/div>\n\t\t\t\t\t\t\t\t<\/div>\n\t\t\t\t\t<\/div>\n\t\t<\/section>\n\t\t\t\t\t\t<\/div>\n\t\t\t\t\t<\/div>\n\t\t<\/div>\n\t\t\t\t\t\t\t\t<\/div>\n\t\t\t\t\t<\/div>\n\t\t<\/section>\n\t\t\t\t<section class=\"elementor-section elementor-top-section elementor-element elementor-element-7d71e4f elementor-section-boxed elementor-section-height-default elementor-section-height-default exad-glass-effect-no exad-sticky-section-no\" data-id=\"7d71e4f\" data-element_type=\"section\">\n\t\t\t\t\t\t<div class=\"elementor-container elementor-column-gap-default\">\n\t\t\t\t\t\t\t<div class=\"elementor-row\">\n\t\t\t\t\t<div class=\"elementor-column elementor-col-100 elementor-top-column elementor-element elementor-element-f23ceec exad-glass-effect-no exad-sticky-section-no\" data-id=\"f23ceec\" data-element_type=\"column\">\n\t\t\t<div class=\"elementor-column-wrap elementor-element-populated\">\n\t\t\t\t\t\t\t<div class=\"elementor-widget-wrap\">\n\t\t\t\t\t\t<div class=\"elementor-element elementor-element-310631a exad-sticky-section-no exad-glass-effect-no elementor-widget elementor-widget-spacer\" data-id=\"310631a\" data-element_type=\"widget\" data-widget_type=\"spacer.default\">\n\t\t\t\t<div class=\"elementor-widget-container\">\n\t\t\t\t\t<div class=\"elementor-spacer\">\n\t\t\t<div class=\"elementor-spacer-inner\"><\/div>\n\t\t<\/div>\n\t\t\t\t<\/div>\n\t\t\t\t<\/div>\n\t\t\t\t\t\t<\/div>\n\t\t\t\t\t<\/div>\n\t\t<\/div>\n\t\t\t\t\t\t\t\t<\/div>\n\t\t\t\t\t<\/div>\n\t\t<\/section>\n\t\t\t\t<section class=\"elementor-section elementor-top-section elementor-element elementor-element-e9bfc54 elementor-section-boxed elementor-section-height-default elementor-section-height-default exad-glass-effect-no exad-sticky-section-no\" data-id=\"e9bfc54\" data-element_type=\"section\">\n\t\t\t\t\t\t<div class=\"elementor-container elementor-column-gap-default\">\n\t\t\t\t\t\t\t<div class=\"elementor-row\">\n\t\t\t\t\t<div class=\"elementor-column elementor-col-100 elementor-top-column elementor-element elementor-element-ef145b1 exad-glass-effect-no exad-sticky-section-no\" data-id=\"ef145b1\" data-element_type=\"column\">\n\t\t\t<div class=\"elementor-column-wrap elementor-element-populated\">\n\t\t\t\t\t\t\t<div class=\"elementor-widget-wrap\">\n\t\t\t\t\t\t<section class=\"elementor-section elementor-inner-section elementor-element elementor-element-0b9ace1 elementor-section-boxed elementor-section-height-default elementor-section-height-default exad-glass-effect-no exad-sticky-section-no\" data-id=\"0b9ace1\" data-element_type=\"section\">\n\t\t\t\t\t\t<div class=\"elementor-container elementor-column-gap-default\">\n\t\t\t\t\t\t\t<div class=\"elementor-row\">\n\t\t\t\t\t<div class=\"elementor-column elementor-col-100 elementor-inner-column elementor-element elementor-element-eb63561 exad-glass-effect-no exad-sticky-section-no\" data-id=\"eb63561\" data-element_type=\"column\">\n\t\t\t<div class=\"elementor-column-wrap elementor-element-populated\">\n\t\t\t\t\t\t\t<div class=\"elementor-widget-wrap\">\n\t\t\t\t\t\t<div class=\"elementor-element elementor-element-ed28f01 exad-sticky-section-no exad-glass-effect-no elementor-widget elementor-widget-text-editor\" data-id=\"ed28f01\" data-element_type=\"widget\" data-widget_type=\"text-editor.default\">\n\t\t\t\t<div class=\"elementor-widget-container\">\n\t\t\t\t\t\t\t\t<div class=\"elementor-text-editor elementor-clearfix\">\n\t\t\t\t<p><span style=\"color: #333333;\">21.09.2022 r. w ramach projektu promocji czytelnictwa w\u015br\u00f3d dzieci na warszawskim \u017boliborzu, w oparciu o tw\u00f3rczo\u015b\u0107 Joanny Kulmowej, <a style=\"color: #333333;\" href=\"https:\/\/bpzoliborz.pl\/bpzoliborz\/index.php\/biblioteka-dla-dzieci-nr-xv\/\" data-type=\"page\" data-id=\"166\">Biblioteka dla Dzieci i M\u0142odzie\u017cy nr XV <\/a>\u00a0zaprosi\u0142a\u00a0 dzieci z Przedszkola nr 87 na spotkanie z utworami poetki. Przeczytali\u015bmy wiersze z tomu poezji \u201eGdyby\u2026\u201d, oraz opowiadanie \u201eMysz jak niemysz\u201d. Na ko\u0144cu spotkania, ka\u017cde dziecko samodzielnie wykona\u0142o przypink\u0119, kt\u00f3ra tematycznie nawi\u0105zywa\u0142a do przeczytanych utwor\u00f3w<\/span>.<\/p>\t\t\t\t\t<\/div>\n\t\t\t\t\t\t<\/div>\n\t\t\t\t<\/div>\n\t\t\t\t\t\t<\/div>\n\t\t\t\t\t<\/div>\n\t\t<\/div>\n\t\t\t\t\t\t\t\t<\/div>\n\t\t\t\t\t<\/div>\n\t\t<\/section>\n\t\t\t\t<section class=\"elementor-section elementor-inner-section elementor-element elementor-element-50e1d4a elementor-section-boxed elementor-section-height-default elementor-section-height-default exad-glass-effect-no exad-sticky-section-no\" data-id=\"50e1d4a\" data-element_type=\"section\">\n\t\t\t\t\t\t<div class=\"elementor-container elementor-column-gap-default\">\n\t\t\t\t\t\t\t<div class=\"elementor-row\">\n\t\t\t\t\t<div class=\"elementor-column elementor-col-50 elementor-inner-column elementor-element elementor-element-ed9478a exad-glass-effect-no exad-sticky-section-no\" data-id=\"ed9478a\" data-element_type=\"column\">\n\t\t\t<div class=\"elementor-column-wrap elementor-element-populated\">\n\t\t\t\t\t\t\t<div class=\"elementor-widget-wrap\">\n\t\t\t\t\t\t<div class=\"elementor-element elementor-element-57aeadd exad-sticky-section-no exad-glass-effect-no elementor-widget elementor-widget-image\" data-id=\"57aeadd\" data-element_type=\"widget\" data-widget_type=\"image.default\">\n\t\t\t\t<div class=\"elementor-widget-container\">\n\t\t\t\t\t\t\t\t<div class=\"elementor-image\">\n\t\t\t\t\t\t\t\t\t\t\t\t<img width=\"2560\" height=\"1440\" src=\"https:\/\/bpzoliborz.pl\/bpzoliborz\/wp-content\/uploads\/2022\/09\/fb4-scaled.jpg\" class=\"attachment-large size-large wp-image-12136\" alt=\"grafika przedstawiaj\u0105ca przedszkolaki, kt\u00f3re zapoznaj\u0105 si\u0119 z tw\u00f3rczo\u015bci\u0105 Joanny Kulmowej\" loading=\"lazy\" srcset=\"https:\/\/bpzoliborz.pl\/bpzoliborz\/wp-content\/uploads\/2022\/09\/fb4-scaled.jpg 2560w, https:\/\/bpzoliborz.pl\/bpzoliborz\/wp-content\/uploads\/2022\/09\/fb4-768x432.jpg 768w, https:\/\/bpzoliborz.pl\/bpzoliborz\/wp-content\/uploads\/2022\/09\/fb4-1536x864.jpg 1536w, https:\/\/bpzoliborz.pl\/bpzoliborz\/wp-content\/uploads\/2022\/09\/fb4-2048x1152.jpg 2048w\" sizes=\"(max-width: 2560px) 100vw, 2560px\" \/>\t\t\t\t\t\t\t\t\t\t\t\t\t\t<\/div>\n\t\t\t\t\t\t<\/div>\n\t\t\t\t<\/div>\n\t\t\t\t\t\t<\/div>\n\t\t\t\t\t<\/div>\n\t\t<\/div>\n\t\t\t\t<div class=\"elementor-column elementor-col-50 elementor-inner-column elementor-element elementor-element-32535f1 exad-glass-effect-no exad-sticky-section-no\" data-id=\"32535f1\" data-element_type=\"column\">\n\t\t\t<div class=\"elementor-column-wrap elementor-element-populated\">\n\t\t\t\t\t\t\t<div class=\"elementor-widget-wrap\">\n\t\t\t\t\t\t<div class=\"elementor-element elementor-element-7719ee2 exad-sticky-section-no exad-glass-effect-no elementor-widget elementor-widget-image\" data-id=\"7719ee2\" data-element_type=\"widget\" data-widget_type=\"image.default\">\n\t\t\t\t<div class=\"elementor-widget-container\">\n\t\t\t\t\t\t\t\t<div class=\"elementor-image\">\n\t\t\t\t\t\t\t\t\t\t\t\t<img width=\"2560\" height=\"1440\" src=\"https:\/\/bpzoliborz.pl\/bpzoliborz\/wp-content\/uploads\/2022\/09\/na-fb1-scaled.jpg\" class=\"attachment-large size-large wp-image-12134\" alt=\"grafika przedstawiaj\u0105ca przedszkolaki, kt\u00f3re zapoznaj\u0105 si\u0119 z tw\u00f3rczo\u015bci\u0105 Joanny Kulmowej\" loading=\"lazy\" srcset=\"https:\/\/bpzoliborz.pl\/bpzoliborz\/wp-content\/uploads\/2022\/09\/na-fb1-scaled.jpg 2560w, https:\/\/bpzoliborz.pl\/bpzoliborz\/wp-content\/uploads\/2022\/09\/na-fb1-768x432.jpg 768w, https:\/\/bpzoliborz.pl\/bpzoliborz\/wp-content\/uploads\/2022\/09\/na-fb1-1536x864.jpg 1536w, https:\/\/bpzoliborz.pl\/bpzoliborz\/wp-content\/uploads\/2022\/09\/na-fb1-2048x1152.jpg 2048w\" sizes=\"(max-width: 2560px) 100vw, 2560px\" \/>\t\t\t\t\t\t\t\t\t\t\t\t\t\t<\/div>\n\t\t\t\t\t\t<\/div>\n\t\t\t\t<\/div>\n\t\t\t\t\t\t<\/div>\n\t\t\t\t\t<\/div>\n\t\t<\/div>\n\t\t\t\t\t\t\t\t<\/div>\n\t\t\t\t\t<\/div>\n\t\t<\/section>\n\t\t\t\t<section class=\"elementor-section elementor-inner-section elementor-element elementor-element-6c81745 elementor-section-boxed elementor-section-height-default elementor-section-height-default exad-glass-effect-no exad-sticky-section-no\" data-id=\"6c81745\" data-element_type=\"section\">\n\t\t\t\t\t\t<div class=\"elementor-container elementor-column-gap-default\">\n\t\t\t\t\t\t\t<div class=\"elementor-row\">\n\t\t\t\t\t<div class=\"elementor-column elementor-col-50 elementor-inner-column elementor-element elementor-element-4ed518a exad-glass-effect-no exad-sticky-section-no\" data-id=\"4ed518a\" data-element_type=\"column\">\n\t\t\t<div class=\"elementor-column-wrap elementor-element-populated\">\n\t\t\t\t\t\t\t<div class=\"elementor-widget-wrap\">\n\t\t\t\t\t\t<div class=\"elementor-element elementor-element-3286c62 exad-sticky-section-no exad-glass-effect-no elementor-widget elementor-widget-image\" data-id=\"3286c62\" data-element_type=\"widget\" data-widget_type=\"image.default\">\n\t\t\t\t<div class=\"elementor-widget-container\">\n\t\t\t\t\t\t\t\t<div class=\"elementor-image\">\n\t\t\t\t\t\t\t\t\t\t\t\t<img width=\"2560\" height=\"1440\" src=\"https:\/\/bpzoliborz.pl\/bpzoliborz\/wp-content\/uploads\/2022\/09\/fb6-scaled.jpg\" class=\"attachment-large size-large wp-image-12137\" alt=\"grafika przedstawiaj\u0105ca dzieci, kt\u00f3re samodzielnie wykonuj\u0105 przypinki\" loading=\"lazy\" srcset=\"https:\/\/bpzoliborz.pl\/bpzoliborz\/wp-content\/uploads\/2022\/09\/fb6-scaled.jpg 2560w, https:\/\/bpzoliborz.pl\/bpzoliborz\/wp-content\/uploads\/2022\/09\/fb6-768x432.jpg 768w, https:\/\/bpzoliborz.pl\/bpzoliborz\/wp-content\/uploads\/2022\/09\/fb6-1536x864.jpg 1536w, https:\/\/bpzoliborz.pl\/bpzoliborz\/wp-content\/uploads\/2022\/09\/fb6-2048x1152.jpg 2048w\" sizes=\"(max-width: 2560px) 100vw, 2560px\" \/>\t\t\t\t\t\t\t\t\t\t\t\t\t\t<\/div>\n\t\t\t\t\t\t<\/div>\n\t\t\t\t<\/div>\n\t\t\t\t\t\t<\/div>\n\t\t\t\t\t<\/div>\n\t\t<\/div>\n\t\t\t\t<div class=\"elementor-column elementor-col-50 elementor-inner-column elementor-element elementor-element-f1c9271 exad-glass-effect-no exad-sticky-section-no\" data-id=\"f1c9271\" data-element_type=\"column\">\n\t\t\t<div class=\"elementor-column-wrap elementor-element-populated\">\n\t\t\t\t\t\t\t<div class=\"elementor-widget-wrap\">\n\t\t\t\t\t\t<div class=\"elementor-element elementor-element-ec0db05 exad-sticky-section-no exad-glass-effect-no elementor-widget elementor-widget-image\" data-id=\"ec0db05\" data-element_type=\"widget\" data-widget_type=\"image.default\">\n\t\t\t\t<div class=\"elementor-widget-container\">\n\t\t\t\t\t\t\t\t<div class=\"elementor-image\">\n\t\t\t\t\t\t\t\t\t\t\t\t<img width=\"2560\" height=\"1440\" src=\"https:\/\/bpzoliborz.pl\/bpzoliborz\/wp-content\/uploads\/2022\/09\/fb8-scaled.jpg\" class=\"attachment-large size-large wp-image-12138\" alt=\"grafika przedstawiaj\u0105ca przypinki wykonane przez dzieci\" loading=\"lazy\" srcset=\"https:\/\/bpzoliborz.pl\/bpzoliborz\/wp-content\/uploads\/2022\/09\/fb8-scaled.jpg 2560w, https:\/\/bpzoliborz.pl\/bpzoliborz\/wp-content\/uploads\/2022\/09\/fb8-768x432.jpg 768w, https:\/\/bpzoliborz.pl\/bpzoliborz\/wp-content\/uploads\/2022\/09\/fb8-1536x864.jpg 1536w, https:\/\/bpzoliborz.pl\/bpzoliborz\/wp-content\/uploads\/2022\/09\/fb8-2048x1152.jpg 2048w\" sizes=\"(max-width: 2560px) 100vw, 2560px\" \/>\t\t\t\t\t\t\t\t\t\t\t\t\t\t<\/div>\n\t\t\t\t\t\t<\/div>\n\t\t\t\t<\/div>\n\t\t\t\t\t\t<\/div>\n\t\t\t\t\t<\/div>\n\t\t<\/div>\n\t\t\t\t\t\t\t\t<\/div>\n\t\t\t\t\t<\/div>\n\t\t<\/section>\n\t\t\t\t\t\t<\/div>\n\t\t\t\t\t<\/div>\n\t\t<\/div>\n\t\t\t\t\t\t\t\t<\/div>\n\t\t\t\t\t<\/div>\n\t\t<\/section>\n\t\t\t\t<section class=\"elementor-section elementor-top-section elementor-element elementor-element-b54aa09 elementor-section-boxed elementor-section-height-default elementor-section-height-default exad-glass-effect-no exad-sticky-section-no\" data-id=\"b54aa09\" data-element_type=\"section\">\n\t\t\t\t\t\t<div class=\"elementor-container elementor-column-gap-default\">\n\t\t\t\t\t\t\t<div class=\"elementor-row\">\n\t\t\t\t\t<div class=\"elementor-column elementor-col-100 elementor-top-column elementor-element elementor-element-957c1a2 exad-glass-effect-no exad-sticky-section-no\" data-id=\"957c1a2\" data-element_type=\"column\">\n\t\t\t<div class=\"elementor-column-wrap elementor-element-populated\">\n\t\t\t\t\t\t\t<div class=\"elementor-widget-wrap\">\n\t\t\t\t\t\t<div class=\"elementor-element elementor-element-be74e67 exad-sticky-section-no exad-glass-effect-no elementor-widget elementor-widget-spacer\" data-id=\"be74e67\" data-element_type=\"widget\" data-widget_type=\"spacer.default\">\n\t\t\t\t<div class=\"elementor-widget-container\">\n\t\t\t\t\t<div class=\"elementor-spacer\">\n\t\t\t<div class=\"elementor-spacer-inner\"><\/div>\n\t\t<\/div>\n\t\t\t\t<\/div>\n\t\t\t\t<\/div>\n\t\t\t\t\t\t<\/div>\n\t\t\t\t\t<\/div>\n\t\t<\/div>\n\t\t\t\t\t\t\t\t<\/div>\n\t\t\t\t\t<\/div>\n\t\t<\/section>\n\t\t\t\t<section class=\"elementor-section elementor-top-section elementor-element elementor-element-e2a2253 elementor-section-boxed elementor-section-height-default elementor-section-height-default exad-glass-effect-no exad-sticky-section-no\" data-id=\"e2a2253\" data-element_type=\"section\">\n\t\t\t\t\t\t<div class=\"elementor-container elementor-column-gap-default\">\n\t\t\t\t\t\t\t<div class=\"elementor-row\">\n\t\t\t\t\t<div class=\"elementor-column elementor-col-100 elementor-top-column elementor-element elementor-element-2fa0418 exad-glass-effect-no exad-sticky-section-no\" data-id=\"2fa0418\" data-element_type=\"column\" data-settings=\"{&quot;background_background&quot;:&quot;classic&quot;}\">\n\t\t\t<div class=\"elementor-column-wrap elementor-element-populated\">\n\t\t\t\t\t\t\t<div class=\"elementor-widget-wrap\">\n\t\t\t\t\t\t<div class=\"elementor-element elementor-element-3581a9f exad-sticky-section-no exad-glass-effect-no elementor-widget elementor-widget-heading\" data-id=\"3581a9f\" data-element_type=\"widget\" data-widget_type=\"heading.default\">\n\t\t\t\t<div class=\"elementor-widget-container\">\n\t\t\t<h3 class=\"elementor-heading-title elementor-size-default\">Nadanie imienia Joanny Kulmowej sali w Bibliotece dla Dzieci i M\u0142odzie\u017cy nr XV - 10.06.2022 r.<\/h3>\t\t<\/div>\n\t\t\t\t<\/div>\n\t\t\t\t\t\t<\/div>\n\t\t\t\t\t<\/div>\n\t\t<\/div>\n\t\t\t\t\t\t\t\t<\/div>\n\t\t\t\t\t<\/div>\n\t\t<\/section>\n\t\t\t\t<section class=\"elementor-section elementor-top-section elementor-element elementor-element-dbbdad0 elementor-section-boxed elementor-section-height-default elementor-section-height-default exad-glass-effect-no exad-sticky-section-no\" data-id=\"dbbdad0\" data-element_type=\"section\">\n\t\t\t\t\t\t<div class=\"elementor-container elementor-column-gap-default\">\n\t\t\t\t\t\t\t<div class=\"elementor-row\">\n\t\t\t\t\t<div class=\"elementor-column elementor-col-100 elementor-top-column elementor-element elementor-element-5210d30 exad-glass-effect-no exad-sticky-section-no\" data-id=\"5210d30\" data-element_type=\"column\">\n\t\t\t<div class=\"elementor-column-wrap elementor-element-populated\">\n\t\t\t\t\t\t\t<div class=\"elementor-widget-wrap\">\n\t\t\t\t\t\t<div class=\"elementor-element elementor-element-c94cb08 exad-sticky-section-no exad-glass-effect-no elementor-widget elementor-widget-spacer\" data-id=\"c94cb08\" data-element_type=\"widget\" data-widget_type=\"spacer.default\">\n\t\t\t\t<div class=\"elementor-widget-container\">\n\t\t\t\t\t<div class=\"elementor-spacer\">\n\t\t\t<div class=\"elementor-spacer-inner\"><\/div>\n\t\t<\/div>\n\t\t\t\t<\/div>\n\t\t\t\t<\/div>\n\t\t\t\t\t\t<\/div>\n\t\t\t\t\t<\/div>\n\t\t<\/div>\n\t\t\t\t\t\t\t\t<\/div>\n\t\t\t\t\t<\/div>\n\t\t<\/section>\n\t\t\t\t<section class=\"elementor-section elementor-top-section elementor-element elementor-element-9dc2355 elementor-section-boxed elementor-section-height-default elementor-section-height-default exad-glass-effect-no exad-sticky-section-no\" data-id=\"9dc2355\" data-element_type=\"section\">\n\t\t\t\t\t\t<div class=\"elementor-container elementor-column-gap-default\">\n\t\t\t\t\t\t\t<div class=\"elementor-row\">\n\t\t\t\t\t<div class=\"elementor-column elementor-col-100 elementor-top-column elementor-element elementor-element-41718e9 exad-glass-effect-no exad-sticky-section-no\" data-id=\"41718e9\" data-element_type=\"column\">\n\t\t\t<div class=\"elementor-column-wrap elementor-element-populated\">\n\t\t\t\t\t\t\t<div class=\"elementor-widget-wrap\">\n\t\t\t\t\t\t<div class=\"elementor-element elementor-element-34acdb2 exad-sticky-section-no exad-glass-effect-no elementor-widget elementor-widget-text-editor\" data-id=\"34acdb2\" data-element_type=\"widget\" data-widget_type=\"text-editor.default\">\n\t\t\t\t<div class=\"elementor-widget-container\">\n\t\t\t\t\t\t\t\t<div class=\"elementor-text-editor elementor-clearfix\">\n\t\t\t\t<p>Chc\u0105c uczci\u0107 niezwyk\u0142\u0105 poetk\u0119, <strong>10 czerwca 2022<\/strong> roku Biblioteka Publiczna w Dzielnicy \u017boliborz nada\u0142a imi\u0119 Joanny Kulmowej sali w Bibliotece dla Dzieci i M\u0142odzie\u017cy nr XV. W uroczysto\u015bci wzi\u0119li udzia\u0142 liczni zaproszeni go\u015bcie m.in. Pan Jakub Wolski go\u015b\u0107 honorowy \u2013 wieloletni czytelnik i przyjaciel Pa\u0144stwa Kulm\u00f3w, Burmistrz dzielnicy \u017boliborz Pan Pawe\u0142 Michalec, Naczelnik Wydzia\u0142u Kultury Pani Ma\u0142gorzata \u0141owkis-Przybytniak, Pani Maria Ekier \u2013 ilustratorka i autorka ksi\u0105\u017cek dla dzieci, Pani Alicja W\u0119gorzewska-Whiskerd \u2013Dyrektor Warszawskiej Opery Kameralnej, Pan Wojciech Wysocki &#8211; aktor teatralny, filmowy i telewizyjny, Pan Miros\u0142aw Wi\u015bniewski \u2013 Duch Puszczy Jod\u0142owej, Pani Anna Karczewska i Pani Ewelina R\u0105bkowska z Biblioteki na Koszykowej oraz dzieci z Przedszkola nr 87.<\/p>\t\t\t\t\t<\/div>\n\t\t\t\t\t\t<\/div>\n\t\t\t\t<\/div>\n\t\t\t\t<div class=\"elementor-element elementor-element-9972bbd exad-sticky-section-no exad-glass-effect-no elementor-widget elementor-widget-spacer\" data-id=\"9972bbd\" data-element_type=\"widget\" data-widget_type=\"spacer.default\">\n\t\t\t\t<div class=\"elementor-widget-container\">\n\t\t\t\t\t<div class=\"elementor-spacer\">\n\t\t\t<div class=\"elementor-spacer-inner\"><\/div>\n\t\t<\/div>\n\t\t\t\t<\/div>\n\t\t\t\t<\/div>\n\t\t\t\t<section class=\"elementor-section elementor-inner-section elementor-element elementor-element-6bad9c4 elementor-section-boxed elementor-section-height-default elementor-section-height-default exad-glass-effect-no exad-sticky-section-no\" data-id=\"6bad9c4\" data-element_type=\"section\">\n\t\t\t\t\t\t<div class=\"elementor-container elementor-column-gap-default\">\n\t\t\t\t\t\t\t<div class=\"elementor-row\">\n\t\t\t\t\t<div class=\"elementor-column elementor-col-100 elementor-inner-column elementor-element elementor-element-927be41 exad-glass-effect-no exad-sticky-section-no\" data-id=\"927be41\" data-element_type=\"column\">\n\t\t\t<div class=\"elementor-column-wrap elementor-element-populated\">\n\t\t\t\t\t\t\t<div class=\"elementor-widget-wrap\">\n\t\t\t\t\t\t<div class=\"elementor-element elementor-element-41e6d76 eael-fg-hoverer-content-align-left exad-sticky-section-no exad-glass-effect-no elementor-widget elementor-widget-eael-filterable-gallery\" data-id=\"41e6d76\" data-element_type=\"widget\" data-settings=\"{&quot;photo_gallery&quot;:&quot;yes&quot;,&quot;pagination&quot;:&quot;false&quot;}\" data-widget_type=\"eael-filterable-gallery.default\">\n\t\t\t\t<div class=\"elementor-widget-container\">\n\t\t\t<style id=\"eael-fg-inline-css-41e6d76\">@media only screen and (max-width: 2399px) {\n\t\t\t\t\t.elementor-element.elementor-element-41e6d76 .eael-filterable-gallery-item-wrap {\n\t\t\t\t\t        width: 33.333333333333%;\n\t\t\t\t\t    }\n\t\t\t\t\t}@media only screen and (max-width: 1024px) {\n\t\t\t\t\t.elementor-element.elementor-element-41e6d76  .eael-filterable-gallery-item-wrap {\n\t\t\t\t\t        width: 50%;\n\t\t\t\t\t    }\n\t\t\t\t\t}@media only screen and (max-width: 767px) {\n\t\t\t\t\t.elementor-element.elementor-element-41e6d76  .eael-filterable-gallery-item-wrap {\n\t\t\t\t\t        width: 100%;\n\t\t\t\t\t    }\n\t\t\t\t\t}<\/style>        <div id=\"eael-filter-gallery-wrapper-41e6d76\" class=\"eael-filter-gallery-wrapper\" data-layout-mode=\"hoverer\" data-breakpoints=\"{&quot;mobile&quot;:{&quot;label&quot;:&quot;Urz\\u0105dzenie przeno\\u015bne&quot;,&quot;value&quot;:767,&quot;default_value&quot;:767,&quot;direction&quot;:&quot;max&quot;,&quot;is_enabled&quot;:true},&quot;mobile_extra&quot;:{&quot;label&quot;:&quot;Mobile Extra&quot;,&quot;value&quot;:880,&quot;default_value&quot;:880,&quot;direction&quot;:&quot;max&quot;,&quot;is_enabled&quot;:false},&quot;tablet&quot;:{&quot;label&quot;:&quot;Tablet&quot;,&quot;value&quot;:1024,&quot;default_value&quot;:1024,&quot;direction&quot;:&quot;max&quot;,&quot;is_enabled&quot;:true},&quot;tablet_extra&quot;:{&quot;label&quot;:&quot;Tablet Extra&quot;,&quot;value&quot;:1200,&quot;default_value&quot;:1200,&quot;direction&quot;:&quot;max&quot;,&quot;is_enabled&quot;:false},&quot;laptop&quot;:{&quot;label&quot;:&quot;Laptop&quot;,&quot;value&quot;:1366,&quot;default_value&quot;:1366,&quot;direction&quot;:&quot;max&quot;,&quot;is_enabled&quot;:false},&quot;widescreen&quot;:{&quot;label&quot;:&quot;Szeroki ekran&quot;,&quot;value&quot;:2400,&quot;default_value&quot;:2400,&quot;direction&quot;:&quot;min&quot;,&quot;is_enabled&quot;:false}}\" data-default_control_key=\"0\" data-custom_default_control=\"1\">\n            \n            \n            <div class=\"eael-filter-gallery-container eael-filter-gallery-grid\" data-images-per-page=\"\" data-total-gallery-items=\"6\" data-nomore-item-text=\"\" data-settings=\"{&quot;grid_style&quot;:&quot;grid&quot;,&quot;popup&quot;:&quot;buttons&quot;,&quot;duration&quot;:500,&quot;gallery_enabled&quot;:&quot;yes&quot;,&quot;video_gallery_yt_privacy&quot;:&quot;&quot;,&quot;control_all_text&quot;:null,&quot;post_id&quot;:11167,&quot;widget_id&quot;:&quot;41e6d76&quot;}\" data-search-all=\"\" data-gallery-items=\"[&quot;\\u003Cdiv class=\\u0022eael-filterable-gallery-item-wrap\\u0022\\u003E\\n\\t\\t\\t\\t\\u003Cdiv class=\\u0022eael-gallery-grid-item\\u0022\\u003E\\u003Ca href=\\u0022https:\\\/\\\/bpzoliborz.pl\\\/bpzoliborz\\\/wp-content\\\/uploads\\\/2022\\\/04\\\/92C5765C-FBE1-4B41-8879-D7841DED301D-scaled.jpeg\\u0022 class=\\u0022eael-magnific-link eael-magnific-link-clone active media-content-wrap active\\u0022 data-elementor-open-lightbox=\\u0022yes\\u0022 title=\\u0022\\u0022\\u003E\\u003Cdiv class=\\u0022gallery-item-thumbnail-wrap\\u0022\\u003E\\u003Cimg src=\\u0022https:\\\/\\\/bpzoliborz.pl\\\/bpzoliborz\\\/wp-content\\\/uploads\\\/2022\\\/04\\\/92C5765C-FBE1-4B41-8879-D7841DED301D-scaled.jpeg\\u0022 data-lazy-src=\\u0022https:\\\/\\\/bpzoliborz.pl\\\/bpzoliborz\\\/wp-content\\\/uploads\\\/2022\\\/04\\\/92C5765C-FBE1-4B41-8879-D7841DED301D-scaled.jpeg\\u0022 alt=\\u0022Pani Dyrektor Biblioteki przemawia do zebranych go\u015bci, w tle slajd z prezentacji\\u0022 class=\\u0022gallery-item-thumbnail\\u0022\\u003E\\u003C\\\/div\\u003E\\u003Cdiv class=\\u0022gallery-item-caption-wrap caption-style-hoverer eael-slide-up\\u0022\\u003E\\u003Cdiv class=\\u0022gallery-item-hoverer-bg\\u0022\\u003E\\u003C\\\/div\\u003E\\u003Cdiv class=\\u0022gallery-item-caption-over\\u0022\\u003E\\u003C\\\/div\\u003E\\u003C\\\/div\\u003E\\u003C\\\/a\\u003E\\u003C\\\/a\\u003E\\u003C\\\/div\\u003E\\u003C\\\/div\\u003E&quot;,&quot;\\u003Cdiv class=\\u0022eael-filterable-gallery-item-wrap\\u0022\\u003E\\n\\t\\t\\t\\t\\u003Cdiv class=\\u0022eael-gallery-grid-item\\u0022\\u003E\\u003Ca href=\\u0022https:\\\/\\\/bpzoliborz.pl\\\/bpzoliborz\\\/wp-content\\\/uploads\\\/2022\\\/04\\\/92C5765C-FBE1-4B41-8879-D7841DED301D-scaled.jpeg\\u0022 class=\\u0022eael-magnific-link eael-magnific-link-clone active media-content-wrap active\\u0022 data-elementor-open-lightbox=\\u0022yes\\u0022 title=\\u0022\\u0022\\u003E\\u003Cdiv class=\\u0022gallery-item-thumbnail-wrap\\u0022\\u003E\\u003Cimg src=\\u0022https:\\\/\\\/bpzoliborz.pl\\\/bpzoliborz\\\/wp-content\\\/uploads\\\/2022\\\/04\\\/92C5765C-FBE1-4B41-8879-D7841DED301D-scaled.jpeg\\u0022 data-lazy-src=\\u0022https:\\\/\\\/bpzoliborz.pl\\\/bpzoliborz\\\/wp-content\\\/uploads\\\/2022\\\/04\\\/92C5765C-FBE1-4B41-8879-D7841DED301D-scaled.jpeg\\u0022 alt=\\u0022Pani Dyrektor Biblioteki przemawia do zebranych go\u015bci, w tle slajd z prezentacji\\u0022 class=\\u0022gallery-item-thumbnail\\u0022\\u003E\\u003C\\\/div\\u003E\\u003Cdiv class=\\u0022gallery-item-caption-wrap caption-style-hoverer eael-slide-up\\u0022\\u003E\\u003Cdiv class=\\u0022gallery-item-hoverer-bg\\u0022\\u003E\\u003C\\\/div\\u003E\\u003Cdiv class=\\u0022gallery-item-caption-over\\u0022\\u003E\\u003C\\\/div\\u003E\\u003C\\\/div\\u003E\\u003C\\\/a\\u003E\\u003C\\\/a\\u003E\\u003C\\\/div\\u003E\\u003C\\\/div\\u003E&quot;,&quot;\\u003Cdiv class=\\u0022eael-filterable-gallery-item-wrap\\u0022\\u003E\\n\\t\\t\\t\\t\\u003Cdiv class=\\u0022eael-gallery-grid-item\\u0022\\u003E\\u003Ca href=\\u0022https:\\\/\\\/bpzoliborz.pl\\\/bpzoliborz\\\/wp-content\\\/uploads\\\/2022\\\/04\\\/19867113-C81C-4879-A1EA-34847A9CF507-scaled.jpeg\\u0022 class=\\u0022eael-magnific-link eael-magnific-link-clone active media-content-wrap active\\u0022 data-elementor-open-lightbox=\\u0022yes\\u0022 title=\\u0022\\u0022\\u003E\\u003Cdiv class=\\u0022gallery-item-thumbnail-wrap\\u0022\\u003E\\u003Cimg src=\\u0022https:\\\/\\\/bpzoliborz.pl\\\/bpzoliborz\\\/wp-content\\\/uploads\\\/2022\\\/04\\\/19867113-C81C-4879-A1EA-34847A9CF507-scaled.jpeg\\u0022 data-lazy-src=\\u0022https:\\\/\\\/bpzoliborz.pl\\\/bpzoliborz\\\/wp-content\\\/uploads\\\/2022\\\/04\\\/19867113-C81C-4879-A1EA-34847A9CF507-scaled.jpeg\\u0022 alt=\\u0022Burmistrz odczytuje akt nadania imienia Joanny Kulmowej sali w Bibliotece nr XV\\u0022 class=\\u0022gallery-item-thumbnail\\u0022\\u003E\\u003C\\\/div\\u003E\\u003Cdiv class=\\u0022gallery-item-caption-wrap caption-style-hoverer eael-slide-up\\u0022\\u003E\\u003Cdiv class=\\u0022gallery-item-hoverer-bg\\u0022\\u003E\\u003C\\\/div\\u003E\\u003Cdiv class=\\u0022gallery-item-caption-over\\u0022\\u003E\\u003C\\\/div\\u003E\\u003C\\\/div\\u003E\\u003C\\\/a\\u003E\\u003C\\\/a\\u003E\\u003C\\\/div\\u003E\\u003C\\\/div\\u003E&quot;,&quot;\\u003Cdiv class=\\u0022eael-filterable-gallery-item-wrap\\u0022\\u003E\\n\\t\\t\\t\\t\\u003Cdiv class=\\u0022eael-gallery-grid-item\\u0022\\u003E\\u003Ca href=\\u0022https:\\\/\\\/bpzoliborz.pl\\\/bpzoliborz\\\/wp-content\\\/uploads\\\/2022\\\/04\\\/0F69108A-48EB-4301-9E94-A26CBC079C43-scaled.jpeg\\u0022 class=\\u0022eael-magnific-link eael-magnific-link-clone active media-content-wrap active\\u0022 data-elementor-open-lightbox=\\u0022yes\\u0022 title=\\u0022\\u0022\\u003E\\u003Cdiv class=\\u0022gallery-item-thumbnail-wrap\\u0022\\u003E\\u003Cimg src=\\u0022https:\\\/\\\/bpzoliborz.pl\\\/bpzoliborz\\\/wp-content\\\/uploads\\\/2022\\\/04\\\/0F69108A-48EB-4301-9E94-A26CBC079C43-scaled.jpeg\\u0022 data-lazy-src=\\u0022https:\\\/\\\/bpzoliborz.pl\\\/bpzoliborz\\\/wp-content\\\/uploads\\\/2022\\\/04\\\/0F69108A-48EB-4301-9E94-A26CBC079C43-scaled.jpeg\\u0022 alt=\\u0022go\u015bcie zaproszeni na uroczysto\u015bci nadania imienia Joanny Kulmowej sali w Bibliotece nr XV\\u0022 class=\\u0022gallery-item-thumbnail\\u0022\\u003E\\u003C\\\/div\\u003E\\u003Cdiv class=\\u0022gallery-item-caption-wrap caption-style-hoverer eael-slide-up\\u0022\\u003E\\u003Cdiv class=\\u0022gallery-item-hoverer-bg\\u0022\\u003E\\u003C\\\/div\\u003E\\u003Cdiv class=\\u0022gallery-item-caption-over\\u0022\\u003E\\u003C\\\/div\\u003E\\u003C\\\/div\\u003E\\u003C\\\/a\\u003E\\u003C\\\/a\\u003E\\u003C\\\/div\\u003E\\u003C\\\/div\\u003E&quot;,&quot;\\u003Cdiv class=\\u0022eael-filterable-gallery-item-wrap\\u0022\\u003E\\n\\t\\t\\t\\t\\u003Cdiv class=\\u0022eael-gallery-grid-item\\u0022\\u003E\\u003Ca href=\\u0022https:\\\/\\\/bpzoliborz.pl\\\/bpzoliborz\\\/wp-content\\\/uploads\\\/2022\\\/04\\\/A1EC91D7-F230-4A1D-9056-1B40F18DF44B-scaled.jpeg\\u0022 class=\\u0022eael-magnific-link eael-magnific-link-clone active media-content-wrap active\\u0022 data-elementor-open-lightbox=\\u0022yes\\u0022 title=\\u0022\\u0022\\u003E\\u003Cdiv class=\\u0022gallery-item-thumbnail-wrap\\u0022\\u003E\\u003Cimg src=\\u0022https:\\\/\\\/bpzoliborz.pl\\\/bpzoliborz\\\/wp-content\\\/uploads\\\/2022\\\/04\\\/A1EC91D7-F230-4A1D-9056-1B40F18DF44B-scaled.jpeg\\u0022 data-lazy-src=\\u0022https:\\\/\\\/bpzoliborz.pl\\\/bpzoliborz\\\/wp-content\\\/uploads\\\/2022\\\/04\\\/A1EC91D7-F230-4A1D-9056-1B40F18DF44B-scaled.jpeg\\u0022 alt=\\u0022Pani Dyrektor Biblioteki prezentuje otrzymane w prezencie dzwoneczki\\u0022 class=\\u0022gallery-item-thumbnail\\u0022\\u003E\\u003C\\\/div\\u003E\\u003Cdiv class=\\u0022gallery-item-caption-wrap caption-style-hoverer eael-slide-up\\u0022\\u003E\\u003Cdiv class=\\u0022gallery-item-hoverer-bg\\u0022\\u003E\\u003C\\\/div\\u003E\\u003Cdiv class=\\u0022gallery-item-caption-over\\u0022\\u003E\\u003C\\\/div\\u003E\\u003C\\\/div\\u003E\\u003C\\\/a\\u003E\\u003C\\\/a\\u003E\\u003C\\\/div\\u003E\\u003C\\\/div\\u003E&quot;,&quot;\\u003Cdiv class=\\u0022eael-filterable-gallery-item-wrap\\u0022\\u003E\\n\\t\\t\\t\\t\\u003Cdiv class=\\u0022eael-gallery-grid-item\\u0022\\u003E\\u003Ca href=\\u0022https:\\\/\\\/bpzoliborz.pl\\\/bpzoliborz\\\/wp-content\\\/uploads\\\/2022\\\/04\\\/843811C0-44E5-4AA2-B4DB-6B7469B41FAD-scaled.jpeg\\u0022 class=\\u0022eael-magnific-link eael-magnific-link-clone active media-content-wrap active\\u0022 data-elementor-open-lightbox=\\u0022yes\\u0022 title=\\u0022\\u0022\\u003E\\u003Cdiv class=\\u0022gallery-item-thumbnail-wrap\\u0022\\u003E\\u003Cimg src=\\u0022https:\\\/\\\/bpzoliborz.pl\\\/bpzoliborz\\\/wp-content\\\/uploads\\\/2022\\\/04\\\/843811C0-44E5-4AA2-B4DB-6B7469B41FAD-scaled.jpeg\\u0022 data-lazy-src=\\u0022https:\\\/\\\/bpzoliborz.pl\\\/bpzoliborz\\\/wp-content\\\/uploads\\\/2022\\\/04\\\/843811C0-44E5-4AA2-B4DB-6B7469B41FAD-scaled.jpeg\\u0022 alt=\\u0022Pani Dyrektor i pracownik biblioteki, kt\u00f3ry trzyma w r\u0119ku ksi\u0105\u017ck\u0119\\u0022 class=\\u0022gallery-item-thumbnail\\u0022\\u003E\\u003C\\\/div\\u003E\\u003Cdiv class=\\u0022gallery-item-caption-wrap caption-style-hoverer eael-slide-up\\u0022\\u003E\\u003Cdiv class=\\u0022gallery-item-hoverer-bg\\u0022\\u003E\\u003C\\\/div\\u003E\\u003Cdiv class=\\u0022gallery-item-caption-over\\u0022\\u003E\\u003Cdiv class=\\u0022fg-item-content\\u0022\\u003E\\u003Cp\\u003E.\\u003C\\\/p\\u003E\\n\\u003C\\\/div\\u003E\\u003C\\\/div\\u003E\\u003C\\\/div\\u003E\\u003C\\\/a\\u003E\\u003C\\\/a\\u003E\\u003C\\\/div\\u003E\\u003C\\\/div\\u003E&quot;]\" data-init-show=\"6\">\n                <div class=\"eael-filterable-gallery-item-wrap\">\n\t\t\t\t<div class=\"eael-gallery-grid-item\"><a href=\"https:\/\/bpzoliborz.pl\/bpzoliborz\/wp-content\/uploads\/2022\/04\/92C5765C-FBE1-4B41-8879-D7841DED301D-scaled.jpeg\" class=\"eael-magnific-link eael-magnific-link-clone active media-content-wrap active\" data-elementor-open-lightbox=\"yes\" title=\"\"><div class=\"gallery-item-thumbnail-wrap\"><img src=\"https:\/\/bpzoliborz.pl\/bpzoliborz\/wp-content\/uploads\/2022\/04\/92C5765C-FBE1-4B41-8879-D7841DED301D-scaled.jpeg\" alt=\"Pani Dyrektor Biblioteki przemawia do zebranych go\u015bci, w tle slajd z prezentacji\" class=\"gallery-item-thumbnail\"><\/div><div class=\"gallery-item-caption-wrap caption-style-hoverer eael-slide-up\"><div class=\"gallery-item-hoverer-bg\"><\/div><div class=\"gallery-item-caption-over\"><\/div><\/div><\/a><\/a><\/div><\/div><div class=\"eael-filterable-gallery-item-wrap\">\n\t\t\t\t<div class=\"eael-gallery-grid-item\"><a href=\"https:\/\/bpzoliborz.pl\/bpzoliborz\/wp-content\/uploads\/2022\/04\/92C5765C-FBE1-4B41-8879-D7841DED301D-scaled.jpeg\" class=\"eael-magnific-link eael-magnific-link-clone active media-content-wrap active\" data-elementor-open-lightbox=\"yes\" title=\"\"><div class=\"gallery-item-thumbnail-wrap\"><img src=\"https:\/\/bpzoliborz.pl\/bpzoliborz\/wp-content\/uploads\/2022\/04\/92C5765C-FBE1-4B41-8879-D7841DED301D-scaled.jpeg\" alt=\"Pani Dyrektor Biblioteki przemawia do zebranych go\u015bci, w tle slajd z prezentacji\" class=\"gallery-item-thumbnail\"><\/div><div class=\"gallery-item-caption-wrap caption-style-hoverer eael-slide-up\"><div class=\"gallery-item-hoverer-bg\"><\/div><div class=\"gallery-item-caption-over\"><\/div><\/div><\/a><\/a><\/div><\/div><div class=\"eael-filterable-gallery-item-wrap\">\n\t\t\t\t<div class=\"eael-gallery-grid-item\"><a href=\"https:\/\/bpzoliborz.pl\/bpzoliborz\/wp-content\/uploads\/2022\/04\/19867113-C81C-4879-A1EA-34847A9CF507-scaled.jpeg\" class=\"eael-magnific-link eael-magnific-link-clone active media-content-wrap active\" data-elementor-open-lightbox=\"yes\" title=\"\"><div class=\"gallery-item-thumbnail-wrap\"><img src=\"https:\/\/bpzoliborz.pl\/bpzoliborz\/wp-content\/uploads\/2022\/04\/19867113-C81C-4879-A1EA-34847A9CF507-scaled.jpeg\" alt=\"Burmistrz odczytuje akt nadania imienia Joanny Kulmowej sali w Bibliotece nr XV\" class=\"gallery-item-thumbnail\"><\/div><div class=\"gallery-item-caption-wrap caption-style-hoverer eael-slide-up\"><div class=\"gallery-item-hoverer-bg\"><\/div><div class=\"gallery-item-caption-over\"><\/div><\/div><\/a><\/a><\/div><\/div><div class=\"eael-filterable-gallery-item-wrap\">\n\t\t\t\t<div class=\"eael-gallery-grid-item\"><a href=\"https:\/\/bpzoliborz.pl\/bpzoliborz\/wp-content\/uploads\/2022\/04\/0F69108A-48EB-4301-9E94-A26CBC079C43-scaled.jpeg\" class=\"eael-magnific-link eael-magnific-link-clone active media-content-wrap active\" data-elementor-open-lightbox=\"yes\" title=\"\"><div class=\"gallery-item-thumbnail-wrap\"><img src=\"https:\/\/bpzoliborz.pl\/bpzoliborz\/wp-content\/uploads\/2022\/04\/0F69108A-48EB-4301-9E94-A26CBC079C43-scaled.jpeg\" alt=\"go\u015bcie zaproszeni na uroczysto\u015bci nadania imienia Joanny Kulmowej sali w Bibliotece nr XV\" class=\"gallery-item-thumbnail\"><\/div><div class=\"gallery-item-caption-wrap caption-style-hoverer eael-slide-up\"><div class=\"gallery-item-hoverer-bg\"><\/div><div class=\"gallery-item-caption-over\"><\/div><\/div><\/a><\/a><\/div><\/div><div class=\"eael-filterable-gallery-item-wrap\">\n\t\t\t\t<div class=\"eael-gallery-grid-item\"><a href=\"https:\/\/bpzoliborz.pl\/bpzoliborz\/wp-content\/uploads\/2022\/04\/A1EC91D7-F230-4A1D-9056-1B40F18DF44B-scaled.jpeg\" class=\"eael-magnific-link eael-magnific-link-clone active media-content-wrap active\" data-elementor-open-lightbox=\"yes\" title=\"\"><div class=\"gallery-item-thumbnail-wrap\"><img src=\"https:\/\/bpzoliborz.pl\/bpzoliborz\/wp-content\/uploads\/2022\/04\/A1EC91D7-F230-4A1D-9056-1B40F18DF44B-scaled.jpeg\" alt=\"Pani Dyrektor Biblioteki prezentuje otrzymane w prezencie dzwoneczki\" class=\"gallery-item-thumbnail\"><\/div><div class=\"gallery-item-caption-wrap caption-style-hoverer eael-slide-up\"><div class=\"gallery-item-hoverer-bg\"><\/div><div class=\"gallery-item-caption-over\"><\/div><\/div><\/a><\/a><\/div><\/div><div class=\"eael-filterable-gallery-item-wrap\">\n\t\t\t\t<div class=\"eael-gallery-grid-item\"><a href=\"https:\/\/bpzoliborz.pl\/bpzoliborz\/wp-content\/uploads\/2022\/04\/843811C0-44E5-4AA2-B4DB-6B7469B41FAD-scaled.jpeg\" class=\"eael-magnific-link eael-magnific-link-clone active media-content-wrap active\" data-elementor-open-lightbox=\"yes\" title=\"\"><div class=\"gallery-item-thumbnail-wrap\"><img src=\"https:\/\/bpzoliborz.pl\/bpzoliborz\/wp-content\/uploads\/2022\/04\/843811C0-44E5-4AA2-B4DB-6B7469B41FAD-scaled.jpeg\" alt=\"Pani Dyrektor i pracownik biblioteki, kt\u00f3ry trzyma w r\u0119ku ksi\u0105\u017ck\u0119\" class=\"gallery-item-thumbnail\"><\/div><div class=\"gallery-item-caption-wrap caption-style-hoverer eael-slide-up\"><div class=\"gallery-item-hoverer-bg\"><\/div><div class=\"gallery-item-caption-over\"><div class=\"fg-item-content\"><p>.<\/p>\n<\/div><\/div><\/div><\/a><\/a><\/div><\/div>            <\/div>\n            \n                    <\/div>\n        \n        \t\t<\/div>\n\t\t\t\t<\/div>\n\t\t\t\t\t\t<\/div>\n\t\t\t\t\t<\/div>\n\t\t<\/div>\n\t\t\t\t\t\t\t\t<\/div>\n\t\t\t\t\t<\/div>\n\t\t<\/section>\n\t\t\t\t<div class=\"elementor-element elementor-element-d2b8dbe exad-sticky-section-no exad-glass-effect-no elementor-widget elementor-widget-spacer\" data-id=\"d2b8dbe\" data-element_type=\"widget\" data-widget_type=\"spacer.default\">\n\t\t\t\t<div class=\"elementor-widget-container\">\n\t\t\t\t\t<div class=\"elementor-spacer\">\n\t\t\t<div class=\"elementor-spacer-inner\"><\/div>\n\t\t<\/div>\n\t\t\t\t<\/div>\n\t\t\t\t<\/div>\n\t\t\t\t<section class=\"elementor-section elementor-inner-section elementor-element elementor-element-974366d elementor-section-boxed elementor-section-height-default elementor-section-height-default exad-glass-effect-no exad-sticky-section-no\" data-id=\"974366d\" data-element_type=\"section\">\n\t\t\t\t\t\t<div class=\"elementor-container elementor-column-gap-default\">\n\t\t\t\t\t\t\t<div class=\"elementor-row\">\n\t\t\t\t\t<div class=\"elementor-column elementor-col-100 elementor-inner-column elementor-element elementor-element-e9b8264 exad-glass-effect-no exad-sticky-section-no\" data-id=\"e9b8264\" data-element_type=\"column\">\n\t\t\t<div class=\"elementor-column-wrap elementor-element-populated\">\n\t\t\t\t\t\t\t<div class=\"elementor-widget-wrap\">\n\t\t\t\t\t\t<div class=\"elementor-element elementor-element-adba9f5 exad-sticky-section-no exad-glass-effect-no elementor-widget elementor-widget-text-editor\" data-id=\"adba9f5\" data-element_type=\"widget\" data-widget_type=\"text-editor.default\">\n\t\t\t\t<div class=\"elementor-widget-container\">\n\t\t\t\t\t\t\t\t<div class=\"elementor-text-editor elementor-clearfix\">\n\t\t\t\t<p>Z okazji nadania imienia Joanny Kulmowej sali w Bibliotece dla Dzieci i M\u0142odzie\u017cy nr XV przygotowali\u015bmy prezentacj\u0119 po\u015bwi\u0119con\u0105 \u017cyciu i tw\u00f3rczo\u015bci poetki. Zapraszamy do ogl\u0105dania.<\/p>\t\t\t\t\t<\/div>\n\t\t\t\t\t\t<\/div>\n\t\t\t\t<\/div>\n\t\t\t\t<div class=\"elementor-element elementor-element-52dc7ef elementor-aspect-ratio-169 exad-sticky-section-no exad-glass-effect-no elementor-widget elementor-widget-video\" data-id=\"52dc7ef\" data-element_type=\"widget\" data-settings=\"{&quot;youtube_url&quot;:&quot;https:\\\/\\\/www.youtube.com\\\/watch?v=gfILI7DNWp4&quot;,&quot;video_type&quot;:&quot;youtube&quot;,&quot;controls&quot;:&quot;yes&quot;,&quot;aspect_ratio&quot;:&quot;169&quot;}\" data-widget_type=\"video.default\">\n\t\t\t\t<div class=\"elementor-widget-container\">\n\t\t\t\t\t<div class=\"elementor-wrapper elementor-fit-aspect-ratio elementor-open-inline\">\n\t\t\t<div class=\"elementor-video\"><\/div>\t\t<\/div>\n\t\t\t\t<\/div>\n\t\t\t\t<\/div>\n\t\t\t\t\t\t<\/div>\n\t\t\t\t\t<\/div>\n\t\t<\/div>\n\t\t\t\t\t\t\t\t<\/div>\n\t\t\t\t\t<\/div>\n\t\t<\/section>\n\t\t\t\t\t\t<\/div>\n\t\t\t\t\t<\/div>\n\t\t<\/div>\n\t\t\t\t\t\t\t\t<\/div>\n\t\t\t\t\t<\/div>\n\t\t<\/section>\n\t\t\t\t<section class=\"elementor-section elementor-top-section elementor-element elementor-element-baca701 elementor-section-boxed elementor-section-height-default elementor-section-height-default exad-glass-effect-no exad-sticky-section-no\" data-id=\"baca701\" data-element_type=\"section\">\n\t\t\t\t\t\t<div class=\"elementor-container elementor-column-gap-default\">\n\t\t\t\t\t\t\t<div class=\"elementor-row\">\n\t\t\t\t\t<div class=\"elementor-column elementor-col-100 elementor-top-column elementor-element elementor-element-f24fd82 exad-glass-effect-no exad-sticky-section-no\" data-id=\"f24fd82\" data-element_type=\"column\">\n\t\t\t<div class=\"elementor-column-wrap elementor-element-populated\">\n\t\t\t\t\t\t\t<div class=\"elementor-widget-wrap\">\n\t\t\t\t\t\t<div class=\"elementor-element elementor-element-92dc67b exad-sticky-section-no exad-glass-effect-no elementor-widget elementor-widget-spacer\" data-id=\"92dc67b\" data-element_type=\"widget\" data-widget_type=\"spacer.default\">\n\t\t\t\t<div class=\"elementor-widget-container\">\n\t\t\t\t\t<div class=\"elementor-spacer\">\n\t\t\t<div class=\"elementor-spacer-inner\"><\/div>\n\t\t<\/div>\n\t\t\t\t<\/div>\n\t\t\t\t<\/div>\n\t\t\t\t\t\t<\/div>\n\t\t\t\t\t<\/div>\n\t\t<\/div>\n\t\t\t\t\t\t\t\t<\/div>\n\t\t\t\t\t<\/div>\n\t\t<\/section>\n\t\t\t\t<section class=\"elementor-section elementor-top-section elementor-element elementor-element-7339a74 elementor-section-boxed elementor-section-height-default elementor-section-height-default exad-glass-effect-no exad-sticky-section-no\" data-id=\"7339a74\" data-element_type=\"section\">\n\t\t\t\t\t\t<div class=\"elementor-container elementor-column-gap-default\">\n\t\t\t\t\t\t\t<div class=\"elementor-row\">\n\t\t\t\t\t<div class=\"elementor-column elementor-col-100 elementor-top-column elementor-element elementor-element-3020908 exad-glass-effect-no exad-sticky-section-no\" data-id=\"3020908\" data-element_type=\"column\">\n\t\t\t<div class=\"elementor-column-wrap elementor-element-populated\">\n\t\t\t\t\t\t\t<div class=\"elementor-widget-wrap\">\n\t\t\t\t\t\t<div class=\"elementor-element elementor-element-e27dc74 exad-sticky-section-no exad-glass-effect-no elementor-widget elementor-widget-spacer\" data-id=\"e27dc74\" data-element_type=\"widget\" data-widget_type=\"spacer.default\">\n\t\t\t\t<div class=\"elementor-widget-container\">\n\t\t\t\t\t<div class=\"elementor-spacer\">\n\t\t\t<div class=\"elementor-spacer-inner\"><\/div>\n\t\t<\/div>\n\t\t\t\t<\/div>\n\t\t\t\t<\/div>\n\t\t\t\t\t\t<\/div>\n\t\t\t\t\t<\/div>\n\t\t<\/div>\n\t\t\t\t\t\t\t\t<\/div>\n\t\t\t\t\t<\/div>\n\t\t<\/section>\n\t\t\t\t<section class=\"elementor-section elementor-top-section elementor-element elementor-element-858cd1c elementor-section-boxed elementor-section-height-default elementor-section-height-default exad-glass-effect-no exad-sticky-section-no\" data-id=\"858cd1c\" data-element_type=\"section\">\n\t\t\t\t\t\t<div class=\"elementor-container elementor-column-gap-default\">\n\t\t\t\t\t\t\t<div class=\"elementor-row\">\n\t\t\t\t\t<div class=\"elementor-column elementor-col-100 elementor-top-column elementor-element elementor-element-54bc096 exad-glass-effect-no exad-sticky-section-no\" data-id=\"54bc096\" data-element_type=\"column\">\n\t\t\t<div class=\"elementor-column-wrap elementor-element-populated\">\n\t\t\t\t\t\t\t<div class=\"elementor-widget-wrap\">\n\t\t\t\t\t\t<div class=\"elementor-element elementor-element-2660f9e exad-sticky-section-no exad-glass-effect-no elementor-widget elementor-widget-spacer\" data-id=\"2660f9e\" data-element_type=\"widget\" data-widget_type=\"spacer.default\">\n\t\t\t\t<div class=\"elementor-widget-container\">\n\t\t\t\t\t<div class=\"elementor-spacer\">\n\t\t\t<div class=\"elementor-spacer-inner\"><\/div>\n\t\t<\/div>\n\t\t\t\t<\/div>\n\t\t\t\t<\/div>\n\t\t\t\t\t\t<\/div>\n\t\t\t\t\t<\/div>\n\t\t<\/div>\n\t\t\t\t\t\t\t\t<\/div>\n\t\t\t\t\t<\/div>\n\t\t<\/section>\n\t\t\t\t\t\t\t\t\t<\/div>\n\t\t\t<\/div>\n\t\t\t\t\t<\/div>\n\t\t","protected":false},"excerpt":{"rendered":"<p>Dzieci Kulmowej &#8211; Kumowa Dzieciom Opis projektu &#8220;Dzieci Kulmowej &#8211; Kulmowa&#8221; Dzieciom to wieloletni projekt promocji czytelnictwa w\u015br\u00f3d dzieci na warszawskim \u017boliborzu, kt\u00f3rego g\u0142\u00f3wnym za\u0142o\u017ceniem jest upowszechnianie wiedzy i kultury, kszta\u0142towanie postaw spo\u0142ecznych dzieci i m\u0142odzie\u017cy oraz edukacja w oparciu o tw\u00f3rczo\u015b\u0107 Joanny Kulmowej. Nadanie imienia Joanny Kulmowej sali, w kt\u00f3rej mie\u015bci si\u0119 Biblioteka dla&hellip;&nbsp;<a href=\"https:\/\/bpzoliborz.pl\/bpzoliborz\/index.php\/dzieci-kulmowej-kulmowa-dzieciom\/\" class=\"\" rel=\"bookmark\">Czytaj wi\u0119cej &raquo;<span class=\"screen-reader-text\">Dzieci Kulmowej &#8211; Kulmowa Dzieciom<\/span><\/a><\/p>\n","protected":false},"author":3,"featured_media":11168,"parent":0,"menu_order":0,"comment_status":"closed","ping_status":"closed","template":"","meta":{"_stopmodifiedupdate":false,"_modified_date":"","_eb_attr":"","neve_meta_sidebar":"full-width","neve_meta_container":"","neve_meta_enable_content_width":"on","neve_meta_content_width":100,"neve_meta_title_alignment":"","neve_meta_author_avatar":"","neve_post_elements_order":"","neve_meta_disable_header":"","neve_meta_disable_footer":"","neve_meta_disable_title":"on"},"_links":{"self":[{"href":"https:\/\/bpzoliborz.pl\/bpzoliborz\/index.php\/wp-json\/wp\/v2\/pages\/11167"}],"collection":[{"href":"https:\/\/bpzoliborz.pl\/bpzoliborz\/index.php\/wp-json\/wp\/v2\/pages"}],"about":[{"href":"https:\/\/bpzoliborz.pl\/bpzoliborz\/index.php\/wp-json\/wp\/v2\/types\/page"}],"author":[{"embeddable":true,"href":"https:\/\/bpzoliborz.pl\/bpzoliborz\/index.php\/wp-json\/wp\/v2\/users\/3"}],"replies":[{"embeddable":true,"href":"https:\/\/bpzoliborz.pl\/bpzoliborz\/index.php\/wp-json\/wp\/v2\/comments?post=11167"}],"version-history":[{"count":113,"href":"https:\/\/bpzoliborz.pl\/bpzoliborz\/index.php\/wp-json\/wp\/v2\/pages\/11167\/revisions"}],"predecessor-version":[{"id":31276,"href":"https:\/\/bpzoliborz.pl\/bpzoliborz\/index.php\/wp-json\/wp\/v2\/pages\/11167\/revisions\/31276"}],"wp:featuredmedia":[{"embeddable":true,"href":"https:\/\/bpzoliborz.pl\/bpzoliborz\/index.php\/wp-json\/wp\/v2\/media\/11168"}],"wp:attachment":[{"href":"https:\/\/bpzoliborz.pl\/bpzoliborz\/index.php\/wp-json\/wp\/v2\/media?parent=11167"}],"curies":[{"name":"wp","href":"https:\/\/api.w.org\/{rel}","templated":true}]}}