{"id":33315,"date":"2026-08-18T11:51:31","date_gmt":"2026-08-18T09:51:31","guid":{"rendered":"https:\/\/bpzoliborz.pl\/bpzoliborz\/?post_type=mec-events&#038;p=33315"},"modified":"2026-08-18T11:51:31","modified_gmt":"2026-08-18T09:51:31","slug":"witold-szablowski-spotkanie-autorskie","status":"publish","type":"mec-events","link":"https:\/\/bpzoliborz.pl\/bpzoliborz\/index.php\/events\/witold-szablowski-spotkanie-autorskie\/","title":{"rendered":"Witold Szab\u0142owski &#8211; spotkanie autorskie"},"content":{"rendered":"<p><span style=\"font-family: Calibri, sans-serif\"><span style=\"font-size: medium\">Zapraszamy na spotkanie z Witoldem Szab\u0142owski<\/span><\/span><span style=\"font-family: Calibri, sans-serif\"><span style=\"font-size: medium\">m<\/span><\/span><span style=\"font-family: Calibri, sans-serif\"><span style=\"font-size: medium\">, pisarzem, re\u017cyserem film\u00f3w dokumentalnych, laureatem Nagrody Dziennikarskiej Parlamentu Europejskiego. <\/span><\/span><span style=\"font-family: Calibri, sans-serif\"><span style=\"font-size: medium\">W swoich ksi\u0105\u017ckach zabiera czytelnik\u00f3w w r\u00f3\u017cne, cz\u0119sto trudne i fascynuj\u0105ce miejsca. Pisa\u0142 o <\/span><\/span><strong><span style=\"font-family: Calibri, sans-serif\"><span style=\"font-size: medium\">Turcji, <\/span><\/span><\/strong><strong><span style=\"font-family: Calibri, sans-serif\"><span style=\"font-size: medium\">Rosji,<\/span><\/span><\/strong><strong><span style=\"font-family: Calibri, sans-serif\"><span style=\"font-size: medium\"> Albanii, Wo\u0142yniu<\/span><\/span><\/strong><strong><span style=\"font-family: Calibri, sans-serif\"><span style=\"font-size: medium\">.<\/span><\/span><\/strong><span style=\"font-family: Calibri, sans-serif\"><span style=\"font-size: medium\"> Interesuj\u0105 go zar\u00f3wno wielka historia i polityka, jak i losy zwyk\u0142ych ludzi oraz historie ukryte za kulisami wa\u017cnych wydarze\u0144. <\/span><\/span><span style=\"font-family: Calibri, sans-serif\"><span style=\"font-size: medium\">Jest autorem m.in. ksi\u0105\u017cek <\/span><\/span><strong><span style=\"font-family: Calibri, sans-serif\"><span style=\"font-size: medium\">\u201eRosja od kuchni\u201d<\/span><\/span><\/strong><span style=\"font-family: Calibri, sans-serif\"><span style=\"font-size: medium\"> oraz <\/span><\/span><strong><span style=\"font-family: Calibri, sans-serif\"><span style=\"font-size: medium\">\u201eKucharze dyktator\u00f3w\u201d<\/span><\/span><\/strong><span style=\"font-family: Calibri, sans-serif\"><span style=\"font-size: medium\">, w kt\u00f3rych pokazuje \u015bwiat przez nieoczywist\u0105 perspektyw\u0119 \u2013 r\u00f3wnie\u017c od strony kuchni.<\/span><\/span><\/p>\n<p>Spotkanie poprowadzi &#8211; Pani Natalia Davydenko-Cempel.<\/p>\n","protected":false},"excerpt":{"rendered":"<p>Zapraszamy na spotkanie z Witoldem Szab\u0142owskim, pisarzem, re\u017cyserem film\u00f3w dokumentalnych, laureatem Nagrody Dziennikarskiej Parlamentu Europejskiego. W swoich ksi\u0105\u017ckach zabiera czytelnik\u00f3w w r\u00f3\u017cne, cz\u0119sto trudne i fascynuj\u0105ce miejsca. Pisa\u0142 o Turcji, Rosji, Albanii, Wo\u0142yniu. Interesuj\u0105 go zar\u00f3wno wielka historia i polityka, jak i losy zwyk\u0142ych ludzi oraz historie ukryte za kulisami wa\u017cnych wydarze\u0144. Jest autorem m.in.&hellip;&nbsp;<a href=\"https:\/\/bpzoliborz.pl\/bpzoliborz\/index.php\/events\/witold-szablowski-spotkanie-autorskie\/\" class=\"\" rel=\"bookmark\">Czytaj wi\u0119cej &raquo;<span class=\"screen-reader-text\">Witold Szab\u0142owski &#8211; spotkanie autorskie<\/span><\/a><\/p>\n","protected":false},"author":13,"featured_media":33314,"comment_status":"closed","ping_status":"closed","template":"","tags":[540,536,2274],"mec_category":[25],"_links":{"self":[{"href":"https:\/\/bpzoliborz.pl\/bpzoliborz\/index.php\/wp-json\/wp\/v2\/mec-events\/33315"}],"collection":[{"href":"https:\/\/bpzoliborz.pl\/bpzoliborz\/index.php\/wp-json\/wp\/v2\/mec-events"}],"about":[{"href":"https:\/\/bpzoliborz.pl\/bpzoliborz\/index.php\/wp-json\/wp\/v2\/types\/mec-events"}],"author":[{"embeddable":true,"href":"https:\/\/bpzoliborz.pl\/bpzoliborz\/index.php\/wp-json\/wp\/v2\/users\/13"}],"replies":[{"embeddable":true,"href":"https:\/\/bpzoliborz.pl\/bpzoliborz\/index.php\/wp-json\/wp\/v2\/comments?post=33315"}],"version-history":[{"count":1,"href":"https:\/\/bpzoliborz.pl\/bpzoliborz\/index.php\/wp-json\/wp\/v2\/mec-events\/33315\/revisions"}],"predecessor-version":[{"id":33316,"href":"https:\/\/bpzoliborz.pl\/bpzoliborz\/index.php\/wp-json\/wp\/v2\/mec-events\/33315\/revisions\/33316"}],"wp:featuredmedia":[{"embeddable":true,"href":"https:\/\/bpzoliborz.pl\/bpzoliborz\/index.php\/wp-json\/wp\/v2\/media\/33314"}],"wp:attachment":[{"href":"https:\/\/bpzoliborz.pl\/bpzoliborz\/index.php\/wp-json\/wp\/v2\/media?parent=33315"}],"wp:term":[{"taxonomy":"post_tag","embeddable":true,"href":"https:\/\/bpzoliborz.pl\/bpzoliborz\/index.php\/wp-json\/wp\/v2\/tags?post=33315"},{"taxonomy":"mec_category","embeddable":true,"href":"https:\/\/bpzoliborz.pl\/bpzoliborz\/index.php\/wp-json\/wp\/v2\/mec_category?post=33315"}],"curies":[{"name":"wp","href":"https:\/\/api.w.org\/{rel}","templated":true}]}}