{"id":23141,"date":"2024-08-29T17:35:00","date_gmt":"2024-08-29T15:35:00","guid":{"rendered":"https:\/\/bpzoliborz.pl\/bpzoliborz\/?post_type=mec-events&#038;p=23141"},"modified":"2024-08-29T17:35:00","modified_gmt":"2024-08-29T15:35:00","slug":"narodowe-czytanie-2024","status":"publish","type":"mec-events","link":"https:\/\/bpzoliborz.pl\/bpzoliborz\/index.php\/events\/narodowe-czytanie-2024\/","title":{"rendered":"Narodowe Czytanie 2024"},"content":{"rendered":"<p><img loading=\"lazy\" class=\"size-full wp-image-23138 aligncenter\" src=\"https:\/\/bpzoliborz.pl\/bpzoliborz\/wp-content\/uploads\/2024\/07\/narodowe-czytanie-2024-ur-pl-wilsona-7.09-strona-1.png\" alt=\"baner z ilustracjami chmur oraz napisem narodowe czytanie\" width=\"1080\" height=\"200\" srcset=\"https:\/\/bpzoliborz.pl\/bpzoliborz\/wp-content\/uploads\/2024\/07\/narodowe-czytanie-2024-ur-pl-wilsona-7.09-strona-1.png 1080w, https:\/\/bpzoliborz.pl\/bpzoliborz\/wp-content\/uploads\/2024\/07\/narodowe-czytanie-2024-ur-pl-wilsona-7.09-strona-1-768x142.png 768w\" sizes=\"(max-width: 1080px) 100vw, 1080px\" \/><\/p>\n<p>&nbsp;<\/p>\n<p class=\"has-text-align-center\" style=\"text-align: center;\"><strong><span class=\"has-inline-color has-nv-c-2-color\">Biblioteka Publiczna w Dzielnicy \u017boliborz m.st. Warszawy<\/span><\/strong>\u00a0zaprasza mieszkanki i mieszka\u0144c\u00f3w \u017boliborza na\u00a0wsp\u00f3lne\u00a0<strong>Narodowe Czytanie<\/strong>\u00a0<strong><em>Kordiana<\/em><\/strong>\u00a0<strong>Juliusza S\u0142owackiego<\/strong>, kt\u00f3re odb\u0119dzie si\u0119\u00a0w<strong>\u00a0<span class=\"has-inline-color has-neve-link-hover-color-color\">sobot\u0119 7 wrze\u015bnia 2024 roku podczas pikniku\u00a0<a href=\"https:\/\/bpzoliborz.pl\/bpzoliborz\/index.php\/2024\/08\/28\/98-urodziny-placu-wilsona\/\">98. Urodzin Placu Wilsona<\/a>\u00a0w Parku \u017beromskiego.<\/span><\/strong><\/p>\n<p class=\"has-text-align-center\" style=\"text-align: center;\">Szukajcie naszego stoiska!\u00a0<strong>Czytanie\u00a0<em>Kordiana<\/em>:\u00a0<span class=\"has-inline-color has-nv-c-2-color\">14.00, 15.00 oraz 16.00<\/span><\/strong>.<\/p>\n<p class=\"has-text-align-center\" style=\"text-align: center;\">Przygotowali\u015bmy r\u00f3wnie\u017c warsztaty kreatywne, quizy z nagrodami, turniej szachowy oraz retrozabawy i fotobudki. A ka\u017cdy, kto przyniesie sw\u00f3j egzemplarz\u00a0<em>Kordiana<\/em>, b\u0119dzie m\u00f3g\u0142 odbi\u0107 w nim pami\u0105tkowy stempel!<\/p>\n<p>&nbsp;<\/p>\n<p><img loading=\"lazy\" class=\"size-full wp-image-23136 aligncenter\" src=\"https:\/\/bpzoliborz.pl\/bpzoliborz\/wp-content\/uploads\/2024\/07\/narodowe-czytanie-2024-ur-pl-wilsona-7.09-strona-3.png\" alt=\"grafika ze zdj\u0119ciem wyci\u0119tego pomnika aliny - dziewczyny z dzbanem z parku \u017ceromskiego oraz ozdobnymi napisami: sobota, 7.09.2024, park \u017ceromskiego - 98 urodziny placu wilsona, g. 13.00-18.30\" width=\"1080\" height=\"700\" srcset=\"https:\/\/bpzoliborz.pl\/bpzoliborz\/wp-content\/uploads\/2024\/07\/narodowe-czytanie-2024-ur-pl-wilsona-7.09-strona-3.png 1080w, https:\/\/bpzoliborz.pl\/bpzoliborz\/wp-content\/uploads\/2024\/07\/narodowe-czytanie-2024-ur-pl-wilsona-7.09-strona-3-768x498.png 768w\" sizes=\"(max-width: 1080px) 100vw, 1080px\" \/><\/p>\n<p>&nbsp;<\/p>\n<p class=\"has-text-align-center\" style=\"text-align: center;\"><strong><span class=\"has-inline-color has-neve-link-hover-color-color\">W PROGRAMIE<\/span><\/strong><\/p>\n<p style=\"text-align: center;\"><span class=\"has-inline-color has-nv-c-2-color\"><strong>14.00, 15.00<\/strong>\u00a0<strong>i 16.00<\/strong><\/span>\u00a0<strong>\u2022<\/strong>\u00a0G\u0142o\u015bne czytanie fragment\u00f3w\u00a0<strong><em>Kordiana<\/em><\/strong>\u00a0\u2013 zapraszamy wszystkich ch\u0119tnych do czytania razem z nami!<\/p>\n<p class=\"has-text-align-center\" style=\"text-align: center;\"><strong><span class=\"has-inline-color has-neve-link-hover-color-color\">A TAK\u017bE<\/span><\/strong><\/p>\n<p class=\"has-text-align-center has-medium-font-size\" style=\"text-align: center;\"><strong><span class=\"has-inline-color has-nv-c-2-color\">13.00 \u2013 18.30<\/span><\/strong><\/p>\n<p class=\"has-text-align-center has-medium-font-size\" style=\"text-align: center;\"><strong>fotobudka<\/strong>\u00a0<strong>\u2022<\/strong>\u00a0<strong>retrozabawy \u2022 quizy \u2022<\/strong>\u00a0<strong>przypinki i zak\u0142adki<\/strong>\u00a0<strong>\u2022 bicie monet z Alin\u0105<\/strong><\/p>\n<p class=\"has-text-align-center\" style=\"text-align: center;\"><strong><span class=\"has-inline-color has-neve-link-hover-color-color\">WARSZTATY<\/span><\/strong><\/p>\n<p class=\"has-text-align-center has-medium-font-size\" style=\"text-align: center;\"><strong><span class=\"has-inline-color has-nv-c-2-color\">13.00 \u2013 18.30<\/span><\/strong><\/p>\n<p class=\"has-text-align-center has-medium-font-size\" style=\"text-align: center;\"><strong>Blackout poetry<\/strong>\u00a0<strong>\u2022<\/strong>\u00a0warsztaty kreatywnej poezji. Z istniej\u0105cych tekst\u00f3w przez wykre\u015blanie ich cz\u0119\u015bci i pozostawienie konkretnych s\u0142\u00f3w powstanie nowy wiersz.<\/p>\n<p class=\"has-text-align-center has-medium-font-size\" style=\"text-align: center;\"><strong>Magiczne bajkowe obrazki<\/strong>\u00a0<strong>\u2022<\/strong>\u00a0warsztaty kreatywne dla dzieci<\/p>\n<p class=\"has-text-align-center has-medium-font-size\" style=\"text-align: center;\"><strong>Juliusz S\u0142owacki \u2022<\/strong>\u00a0quiz wiedzy o \u017cyciu i tw\u00f3rczo\u015bci Juliusza S\u0142owackiego z nagrodami<\/p>\n<p class=\"has-text-align-center has-medium-font-size\" style=\"text-align: center;\"><strong>Szachowa detronizacja cara<\/strong>\u00a0<strong>\u2022<\/strong>\u00a0turniej gry w szachy<\/p>\n<div class=\"wp-block-spacer\" style=\"text-align: center;\" aria-hidden=\"true\"><\/div>\n<p class=\"has-text-align-center\" style=\"text-align: center;\"><strong>Zapraszamy!<\/strong><\/p>\n","protected":false},"excerpt":{"rendered":"<p>&nbsp; Biblioteka Publiczna w Dzielnicy \u017boliborz m.st. Warszawy\u00a0zaprasza mieszkanki i mieszka\u0144c\u00f3w \u017boliborza na\u00a0wsp\u00f3lne\u00a0Narodowe Czytanie\u00a0Kordiana\u00a0Juliusza S\u0142owackiego, kt\u00f3re odb\u0119dzie si\u0119\u00a0w\u00a0sobot\u0119 7 wrze\u015bnia 2024 roku podczas pikniku\u00a098. Urodzin Placu Wilsona\u00a0w Parku \u017beromskiego. Szukajcie naszego stoiska!\u00a0Czytanie\u00a0Kordiana:\u00a014.00, 15.00 oraz 16.00. Przygotowali\u015bmy r\u00f3wnie\u017c warsztaty kreatywne, quizy z nagrodami, turniej szachowy oraz retrozabawy i fotobudki. A ka\u017cdy, kto przyniesie sw\u00f3j egzemplarz\u00a0Kordiana, b\u0119dzie&hellip;&nbsp;<a href=\"https:\/\/bpzoliborz.pl\/bpzoliborz\/index.php\/events\/narodowe-czytanie-2024\/\" class=\"\" rel=\"bookmark\">Czytaj wi\u0119cej &raquo;<span class=\"screen-reader-text\">Narodowe Czytanie 2024<\/span><\/a><\/p>\n","protected":false},"author":9,"featured_media":23139,"comment_status":"closed","ping_status":"closed","template":"","tags":[1478,686,1477],"mec_category":[26,25],"_links":{"self":[{"href":"https:\/\/bpzoliborz.pl\/bpzoliborz\/index.php\/wp-json\/wp\/v2\/mec-events\/23141"}],"collection":[{"href":"https:\/\/bpzoliborz.pl\/bpzoliborz\/index.php\/wp-json\/wp\/v2\/mec-events"}],"about":[{"href":"https:\/\/bpzoliborz.pl\/bpzoliborz\/index.php\/wp-json\/wp\/v2\/types\/mec-events"}],"author":[{"embeddable":true,"href":"https:\/\/bpzoliborz.pl\/bpzoliborz\/index.php\/wp-json\/wp\/v2\/users\/9"}],"replies":[{"embeddable":true,"href":"https:\/\/bpzoliborz.pl\/bpzoliborz\/index.php\/wp-json\/wp\/v2\/comments?post=23141"}],"version-history":[{"count":1,"href":"https:\/\/bpzoliborz.pl\/bpzoliborz\/index.php\/wp-json\/wp\/v2\/mec-events\/23141\/revisions"}],"predecessor-version":[{"id":23143,"href":"https:\/\/bpzoliborz.pl\/bpzoliborz\/index.php\/wp-json\/wp\/v2\/mec-events\/23141\/revisions\/23143"}],"wp:featuredmedia":[{"embeddable":true,"href":"https:\/\/bpzoliborz.pl\/bpzoliborz\/index.php\/wp-json\/wp\/v2\/media\/23139"}],"wp:attachment":[{"href":"https:\/\/bpzoliborz.pl\/bpzoliborz\/index.php\/wp-json\/wp\/v2\/media?parent=23141"}],"wp:term":[{"taxonomy":"post_tag","embeddable":true,"href":"https:\/\/bpzoliborz.pl\/bpzoliborz\/index.php\/wp-json\/wp\/v2\/tags?post=23141"},{"taxonomy":"mec_category","embeddable":true,"href":"https:\/\/bpzoliborz.pl\/bpzoliborz\/index.php\/wp-json\/wp\/v2\/mec_category?post=23141"}],"curies":[{"name":"wp","href":"https:\/\/api.w.org\/{rel}","templated":true}]}}