{"id":16862,"date":"2023-08-18T10:51:22","date_gmt":"2023-08-18T08:51:22","guid":{"rendered":"https:\/\/bpzoliborz.pl\/bpzoliborz\/?post_type=mec-events&#038;p=16862"},"modified":"2023-08-28T16:28:13","modified_gmt":"2023-08-28T14:28:13","slug":"narodowe-czytanie-2023","status":"publish","type":"mec-events","link":"https:\/\/bpzoliborz.pl\/bpzoliborz\/index.php\/events\/narodowe-czytanie-2023\/","title":{"rendered":"Narodowe Czytanie 2023"},"content":{"rendered":"<h5><img loading=\"lazy\" class=\"alignnone size-full wp-image-16840 aligncenter\" src=\"https:\/\/bpzoliborz.pl\/bpzoliborz\/wp-content\/uploads\/2023\/07\/narodowe-czytanie-2023-strona-1.png\" alt=\"\" width=\"1080\" height=\"200\" srcset=\"https:\/\/bpzoliborz.pl\/bpzoliborz\/wp-content\/uploads\/2023\/07\/narodowe-czytanie-2023-strona-1.png 1080w, https:\/\/bpzoliborz.pl\/bpzoliborz\/wp-content\/uploads\/2023\/07\/narodowe-czytanie-2023-strona-1-768x142.png 768w\" sizes=\"(max-width: 1080px) 100vw, 1080px\" \/><\/h5>\n<p>&nbsp;<\/p>\n<h5 style=\"text-align: center\"><strong><span class=\"has-inline-color has-nv-c-2-color\" data-rich-text-format-boundary=\"true\">Biblioteka Publiczna w Dzielnicy \u017boliborz m.st. Warszawy<\/span><\/strong> we wsp\u00f3\u0142pracy z <span class=\"has-inline-color has-neve-link-hover-color-color\"><strong>Warszawsk\u0105 Sp\u00f3\u0142dzielni\u0105 Mieszkaniow\u0105 i Spo\u0142ecznym Domem Kultury WSM<\/strong><\/span> zapraszaj\u0105 mieszkanki i mieszka\u0144c\u00f3w \u017boliborza na\u00a0<strong>Narodowe Czytanie<\/strong>, kt\u00f3re odb\u0119dzie si\u0119\u00a0w<strong> <span class=\"has-inline-color has-nv-c-1-color\">sobot\u0119 2 wrze\u015bnia 2023<\/span> <span class=\"has-inline-color has-nv-c-1-color\">roku o godzinie 13.00<\/span> <\/strong>w <strong>Parku \u017bywiciela przy Bibliotece <\/strong>i<strong> Spo\u0142ecznym Domu Kultury <\/strong>oraz<strong> Teatrze Komedia, ul. Juliusza S\u0142owackiego 19a. <\/strong><\/h5>\n<p>&nbsp;<\/p>\n<h6 style=\"text-align: center\">Narodowe Czytanie to og\u00f3lnopolska akcja wsp\u00f3lnego czytania najwi\u0119kszych dzie\u0142 literatury polskiej, do kt\u00f3rej przy\u0142\u0105czy\u0107 mog\u0105 si\u0119 wszystkie ch\u0119tne osoby prywatne oraz instytucje publiczne w kraju i za granic\u0105. Akcja ta organizowana jest pod patronatem Prezydenta Rzeczypospolitej Polskiej i ma na celu propagowanie polskiej literatury narodowej.<\/h6>\n<h6><\/h6>\n<h6 style=\"text-align: center\">W ramach tej inicjatywy w ca\u0142ej Polsce organizowane s\u0105 akcje wsp\u00f3lnego czytania lektury. Podczas tegorocznej, <strong>XII edycji<\/strong>, zapraszamy do wsp\u00f3lnego czytania\u00a0<strong>\u201eNad Niemnem\u201d<\/strong>\u00a0Elizy Orzeszkowej \u2013 w 160. rocznic\u0119 wybuchu Powstania Styczniowego.<\/h6>\n<p>&nbsp;<\/p>\n<p><img loading=\"lazy\" class=\"size-full wp-image-16842 aligncenter\" src=\"https:\/\/bpzoliborz.pl\/bpzoliborz\/wp-content\/uploads\/2023\/07\/narodowe-czytanie-2023-strona-2-3.png\" alt=\"\" width=\"1080\" height=\"430\" srcset=\"https:\/\/bpzoliborz.pl\/bpzoliborz\/wp-content\/uploads\/2023\/07\/narodowe-czytanie-2023-strona-2-3.png 1080w, https:\/\/bpzoliborz.pl\/bpzoliborz\/wp-content\/uploads\/2023\/07\/narodowe-czytanie-2023-strona-2-3-768x306.png 768w\" sizes=\"(max-width: 1080px) 100vw, 1080px\" \/><\/p>\n<h6><\/h6>\n<p>&nbsp;<\/p>\n<h6 style=\"text-align: center\"><strong>\u201eNad Niemnem\u201d<\/strong>\u00a0to najbardziej znana powie\u015b\u0107 Elizy Orzeszkowej. Powstawa\u0142a w latach 1886\u20131887, a w formie ksi\u0105\u017cka ukaza\u0142a si\u0119 w 1888 roku. Ze wzgl\u0119du na barwne opisy, wyrazistych bohater\u00f3w i odwo\u0142ania historyczne dzie\u0142o por\u00f3wnywano do Mickiewiczowskiego\u00a0<em>Pana Tadeusza<\/em>. \u017badna inna ksi\u0105\u017cka pisarki nie zosta\u0142a tak entuzjastycznie przyj\u0119ta przez recenzent\u00f3w. Chwalono m.in. sprawne po\u0142\u0105czenie dydaktyzmu z walorami artystycznymi i przemy\u015blan\u0105 kompozycj\u0119 ca\u0142o\u015bci.\u00a0<em>Nad Niemnem<\/em> cieszy\u0142o si\u0119 popularno\u015bci\u0105 i uznaniem kolejnych pokole\u0144 czytelnik\u00f3w. W Drugiej Rzeczypospolitej powie\u015bci\u0105 zainteresowa\u0142o si\u0119 kino. Ekranizacj\u0119 ksi\u0105\u017cki uko\u0144czono w 1939 roku, ale obraz zagin\u0105\u0142 w czasie II wojny \u015bwiatowej. Kolejny film nakr\u0119cono w po\u0142owie lat 80. XX wieku. \u201eNad Niemnem\u201d\u00a0to jeden z najwa\u017cniejszych utwor\u00f3w literatury polskiej podejmuj\u0105cy tematyk\u0119 Powstania Styczniowego, kt\u00f3rego 160\u2013lecie obchodzone jest w 2023 roku.<\/h6>\n<p>&nbsp;<\/p>\n<p style=\"text-align: center\">***<\/p>\n<p><img loading=\"lazy\" class=\"alignnone size-full wp-image-17150 aligncenter\" src=\"https:\/\/bpzoliborz.pl\/bpzoliborz\/wp-content\/uploads\/2023\/08\/narodowe-czytanie-2023-strona-5.png\" alt=\"grafika wyr\u00f3\u017cniaj\u0105ca promuj\u0105ca narodowe czytanie I KONCERT STANIS\u0141AWA SOYKI, widoczne napisy: stanis\u0142aw soyka\" width=\"1080\" height=\"430\" srcset=\"https:\/\/bpzoliborz.pl\/bpzoliborz\/wp-content\/uploads\/2023\/08\/narodowe-czytanie-2023-strona-5.png 1080w, https:\/\/bpzoliborz.pl\/bpzoliborz\/wp-content\/uploads\/2023\/08\/narodowe-czytanie-2023-strona-5-768x306.png 768w\" sizes=\"(max-width: 1080px) 100vw, 1080px\" \/><\/p>\n<p>&nbsp;<\/p>\n<p style=\"text-align: center\"><strong><span class=\"has-inline-color has-nv-c-1-color\" data-rich-text-format-boundary=\"true\">W PROGRAMIE<\/span><\/strong><\/p>\n<h5 style=\"text-align: left\"><strong><span class=\"has-inline-color has-neve-link-hover-color-color\" data-rich-text-format-boundary=\"true\">13.00 &#8211; 15.45<\/span><\/strong> <strong>\u2022<\/strong> G\u0142o\u015bne czytanie fragment\u00f3w <strong><em>Nad Niemnem<\/em><\/strong> oraz wyst\u0119py muzyczne i artystyczne z udzia\u0142em <strong>Tomasza Grdenia &#8211; <em>On, kontrabas i \u015bmiech<\/em><\/strong> oraz <strong>dzieci\u0119cej grupy baletowej dzieci\u0119cej grupy baletowej TUTU BALET w choreografii Moniki Caputa<\/strong><\/h5>\n<h5 style=\"text-align: left\"><strong><span class=\"has-inline-color has-nv-c-2-color\" data-rich-text-format-boundary=\"true\">16.00 &#8211; 17.00<\/span><\/strong> <strong>\u2022<\/strong> <strong>Koncert Stanis\u0142awa Soyki<\/strong><\/h5>\n<p style=\"text-align: center\"><strong><span class=\"has-inline-color has-nv-c-1-color\" data-rich-text-format-boundary=\"true\">A TAK\u017bE<\/span><\/strong><\/p>\n<h5 style=\"text-align: center\"><strong data-rich-text-format-boundary=\"true\">stoiska animacyjne z warsztatami \u2022 strefa Malucha \u2022 fotobudka<\/strong> <strong>\u2022<\/strong> <strong>stroje z epoki \u2022 wystawa o <em>Nad Niemnem<\/em> \u2022 wata cukrowa \u2022 foodtrucki <\/strong><\/h5>\n<p>&nbsp;<\/p>\n<p style=\"text-align: center\"><strong><span class=\"has-inline-color has-nv-c-1-color\" data-rich-text-format-boundary=\"true\">WARSZTATY<\/span><\/strong><\/p>\n<h5 style=\"text-align: center\"><strong>kaligrafia<\/strong><\/h5>\n<h5 style=\"text-align: center\"><strong data-rich-text-format-boundary=\"true\"> malowanie obraz\u00f3w \u201eKrajobrazy Nad Niemnem\u201d <\/strong><\/h5>\n<h5 style=\"text-align: center\"><strong data-rich-text-format-boundary=\"true\"> tworzenie obraz\u00f3w z zielnik\u00f3w<\/strong><\/h5>\n<p>&nbsp;<\/p>\n<h5 style=\"text-align: center\"><strong data-rich-text-format-boundary=\"true\">Zapraszamy!<\/strong><\/h5>\n<p>&nbsp;<\/p>\n<p><img loading=\"lazy\" class=\"wp-image-17168 aligncenter\" src=\"https:\/\/bpzoliborz.pl\/bpzoliborz\/wp-content\/uploads\/2023\/08\/logotypy-strona-narodowe-czytanie-2023-wydarzenie.png\" alt=\"pasek logotyp\u00f3w do wydarzenia narodowe czytanie, logotypy biblioteki publicznej w dzielnicy \u017coliborz, wsm, narodowego czytania, miasta warszawy oraz mazowsza. widoczne napisy: bibliotek publiczna w dzielnicy \u017coliborz m.st. warszawy, warszawska sp\u00f3\u0142dzielnia mieszkaniowa 100 lat, narodowe czytanie, warszawa \u017coliborz, instytucja kultury miasta sto\u0142cznego warszawy, 25 lat. mazowsze\" width=\"654\" height=\"386\" srcset=\"https:\/\/bpzoliborz.pl\/bpzoliborz\/wp-content\/uploads\/2023\/08\/logotypy-strona-narodowe-czytanie-2023-wydarzenie.png 863w, https:\/\/bpzoliborz.pl\/bpzoliborz\/wp-content\/uploads\/2023\/08\/logotypy-strona-narodowe-czytanie-2023-wydarzenie-768x453.png 768w\" sizes=\"(max-width: 654px) 100vw, 654px\" \/><\/p>\n","protected":false},"excerpt":{"rendered":"<p>&nbsp; Biblioteka Publiczna w Dzielnicy \u017boliborz m.st. Warszawy we wsp\u00f3\u0142pracy z Warszawsk\u0105 Sp\u00f3\u0142dzielni\u0105 Mieszkaniow\u0105 i Spo\u0142ecznym Domem Kultury WSM zapraszaj\u0105 mieszkanki i mieszka\u0144c\u00f3w \u017boliborza na\u00a0Narodowe Czytanie, kt\u00f3re odb\u0119dzie si\u0119\u00a0w sobot\u0119 2 wrze\u015bnia 2023 roku o godzinie 13.00 w Parku \u017bywiciela przy Bibliotece i Spo\u0142ecznym Domu Kultury oraz Teatrze Komedia, ul. Juliusza S\u0142owackiego 19a. &nbsp; Narodowe&hellip;&nbsp;<a href=\"https:\/\/bpzoliborz.pl\/bpzoliborz\/index.php\/events\/narodowe-czytanie-2023\/\" class=\"\" rel=\"bookmark\">Czytaj wi\u0119cej &raquo;<span class=\"screen-reader-text\">Narodowe Czytanie 2023<\/span><\/a><\/p>\n","protected":false},"author":9,"featured_media":16841,"comment_status":"closed","ping_status":"closed","template":"","tags":[1053,1054,686,1052],"mec_category":[25],"_links":{"self":[{"href":"https:\/\/bpzoliborz.pl\/bpzoliborz\/index.php\/wp-json\/wp\/v2\/mec-events\/16862"}],"collection":[{"href":"https:\/\/bpzoliborz.pl\/bpzoliborz\/index.php\/wp-json\/wp\/v2\/mec-events"}],"about":[{"href":"https:\/\/bpzoliborz.pl\/bpzoliborz\/index.php\/wp-json\/wp\/v2\/types\/mec-events"}],"author":[{"embeddable":true,"href":"https:\/\/bpzoliborz.pl\/bpzoliborz\/index.php\/wp-json\/wp\/v2\/users\/9"}],"replies":[{"embeddable":true,"href":"https:\/\/bpzoliborz.pl\/bpzoliborz\/index.php\/wp-json\/wp\/v2\/comments?post=16862"}],"version-history":[{"count":17,"href":"https:\/\/bpzoliborz.pl\/bpzoliborz\/index.php\/wp-json\/wp\/v2\/mec-events\/16862\/revisions"}],"predecessor-version":[{"id":17170,"href":"https:\/\/bpzoliborz.pl\/bpzoliborz\/index.php\/wp-json\/wp\/v2\/mec-events\/16862\/revisions\/17170"}],"wp:featuredmedia":[{"embeddable":true,"href":"https:\/\/bpzoliborz.pl\/bpzoliborz\/index.php\/wp-json\/wp\/v2\/media\/16841"}],"wp:attachment":[{"href":"https:\/\/bpzoliborz.pl\/bpzoliborz\/index.php\/wp-json\/wp\/v2\/media?parent=16862"}],"wp:term":[{"taxonomy":"post_tag","embeddable":true,"href":"https:\/\/bpzoliborz.pl\/bpzoliborz\/index.php\/wp-json\/wp\/v2\/tags?post=16862"},{"taxonomy":"mec_category","embeddable":true,"href":"https:\/\/bpzoliborz.pl\/bpzoliborz\/index.php\/wp-json\/wp\/v2\/mec_category?post=16862"}],"curies":[{"name":"wp","href":"https:\/\/api.w.org\/{rel}","templated":true}]}}