{"id":16769,"date":"2023-07-25T12:35:33","date_gmt":"2023-07-25T10:35:33","guid":{"rendered":"https:\/\/bpzoliborz.pl\/bpzoliborz\/?post_type=mec-events&#038;p=16769"},"modified":"2023-07-25T12:35:33","modified_gmt":"2023-07-25T10:35:33","slug":"dkkif-nieznosna-lekkosc-bytu","status":"publish","type":"mec-events","link":"https:\/\/bpzoliborz.pl\/bpzoliborz\/index.php\/events\/dkkif-nieznosna-lekkosc-bytu\/","title":{"rendered":"DKKiF &#8211; Niezno\u015bna lekko\u015b\u0107 bytu"},"content":{"rendered":"<p>B\u0119dziemy rozmawia\u0107 o powie\u015bci \u201e<strong>Niezno\u015bna lekko\u015b\u0107 bytu<\/strong>\u201d Milana Kundery i ekranizacji pod tym samym tytu\u0142em w re\u017cyserii Philipa Kaufmana z 1988 roku.<\/p>\n<p><strong>Przypominamy, \u017ce w czasie spotkania (od 18) wypo\u017cyczalnia dla czytelnik\u00f3w jest zamkni\u0119ta. <\/strong><\/p>\n<p><strong>Spotkanie dla zamkni\u0119tej grupy. Pytanie o uczestnictwo prosimy kierowa\u0107 pod adres mailowy: dkkifwyp16@gmail.com<\/strong><\/p>\n<p>&nbsp;<\/p>\n<p><strong>Niezno\u015bna lekko\u015b\u0107 bytu &#8211; Milan Kundera<\/strong><\/p>\n<p>Wydana po raz pierwszy w 1984 roku Niezno\u015bna lekko\u015b\u0107 bytu jest najs\u0142ynniejsz\u0105 powie\u015bci\u0105 Milana Kundery oraz swego rodzaju ukoronowaniem jego tw\u00f3rczo\u015bci. Zbiegaj\u0105 si\u0119 w niej wszystkie tematy, do kt\u00f3rych pisarz w swojej tw\u00f3rczo\u015bci nieustannie powraca. Splot \u017cyciorys\u00f3w kilku postaci (i psa), kt\u00f3re na r\u00f3\u017cne sposoby dochodz\u0105 do wniosku, \u017ce jedynym, co zostaje im dane jest w\u0142a\u015bnie tytu\u0142owa lekko\u015b\u0107.<\/p>\n<p>Ksi\u0105\u017cka ta opowiada o zmaganiach czeskich intelektualist\u00f3w z trudno\u015bciami dnia codziennego w\u00a0Pradze\u00a0po\u00a0praskiej wio\u015bnie\u00a0w 1968. G\u0142\u00f3wnym bohaterem jest Tomasz, chirurg, prowadz\u0105cy niezwykle bogate \u017cycie erotyczne. Pewnego dnia los stawia na jego drodze Teres\u0119 \u2013 mi\u0142o\u015b\u0107 jego \u017cycia. Tomasz nie rezygnuje jednak z licznego grona kochanek, gdy\u017c wed\u0142ug niego mi\u0142o\u015b\u0107 i seks to dwie odr\u0119bne sprawy. Wkr\u00f3tce po inwazji wojsk\u00a0Uk\u0142adu Warszawskiego\u00a0na Czechos\u0142owacj\u0119 w 1968 Tomasz wraz z Teres\u0105 wyje\u017cd\u017caj\u0105 do\u00a0Szwajcarii.<\/p>\n<p>Rzadko si\u0119 zdarza, by \u015bwiat realnego socjalizmu, wykreowany przez filmowc\u00f3w z Zachodu, nie by\u0142 nieumy\u015bln\u0105 parodi\u0105 rzeczywisto\u015bci, w kt\u00f3rej \u017cyli\u015bmy tyle lat. To, co po tej stronie \u017celaznej kurtyny by\u0142o tragedi\u0105, na ekranie w najlepszym przypadku staje si\u0119 melodramatem. Papierowe dekoracje nie oddaj\u0105 szaro\u015bci egzystencji, a aktorzy ol\u015bniewaj\u0105 &#8220;hollywoodzkimi&#8221; u\u015bmiechami. Philip Kaufman unikn\u0105\u0142 tych pu\u0142apek. Jego adaptacja g\u0142o\u015bnej powie\u015bci Milana Kundery ukazuj\u0105ca Czechos\u0142owacj\u0119 okresu Praskiej Wiosny zawiera wszystkie niezb\u0119dne elementy: jest tam obskurny szpital ze star\u0105 aparatur\u0105 medyczn\u0105, zdezelowana skoda, charakterystyczny kr\u00f3j m\u0119skich garnitur\u00f3w i radzieckich mundur\u00f3w. Wspaniale dobrani aktorzy tworz\u0105 klimat pami\u0119tany ju\u017c tylko z obraz\u00f3w czeskiej szko\u0142y filmowej.<\/p>\n<p>\u0179r\u00f3d\u0142o: lubimyczytac.pl, filmpolski.pl<\/p>\n<p>&nbsp;<\/p>\n<p>Zdj\u0119cie: plakat do filmu Niezno\u015bna lekko\u015b\u0107 bytu, Copyright Orion Pictures<\/p>\n<p>Logo DKKiF: Book by Komkrit Noenpoempisut from the Noun Project<\/p>\n","protected":false},"excerpt":{"rendered":"<p>B\u0119dziemy rozmawia\u0107 o powie\u015bci \u201eNiezno\u015bna lekko\u015b\u0107 bytu\u201d Milana Kundery i ekranizacji pod tym samym tytu\u0142em w re\u017cyserii Philipa Kaufmana z 1988 roku. Przypominamy, \u017ce w czasie spotkania (od 18) wypo\u017cyczalnia dla czytelnik\u00f3w jest zamkni\u0119ta. Spotkanie dla zamkni\u0119tej grupy. Pytanie o uczestnictwo prosimy kierowa\u0107 pod adres mailowy: dkkifwyp16@gmail.com &nbsp; Niezno\u015bna lekko\u015b\u0107 bytu &#8211; Milan Kundera Wydana&hellip;&nbsp;<a href=\"https:\/\/bpzoliborz.pl\/bpzoliborz\/index.php\/events\/dkkif-nieznosna-lekkosc-bytu\/\" class=\"\" rel=\"bookmark\">Czytaj wi\u0119cej &raquo;<span class=\"screen-reader-text\">DKKiF &#8211; Niezno\u015bna lekko\u015b\u0107 bytu<\/span><\/a><\/p>\n","protected":false},"author":9,"featured_media":16770,"comment_status":"closed","ping_status":"closed","template":"","tags":[104,1025,1024,1026],"mec_category":[24],"_links":{"self":[{"href":"https:\/\/bpzoliborz.pl\/bpzoliborz\/index.php\/wp-json\/wp\/v2\/mec-events\/16769"}],"collection":[{"href":"https:\/\/bpzoliborz.pl\/bpzoliborz\/index.php\/wp-json\/wp\/v2\/mec-events"}],"about":[{"href":"https:\/\/bpzoliborz.pl\/bpzoliborz\/index.php\/wp-json\/wp\/v2\/types\/mec-events"}],"author":[{"embeddable":true,"href":"https:\/\/bpzoliborz.pl\/bpzoliborz\/index.php\/wp-json\/wp\/v2\/users\/9"}],"replies":[{"embeddable":true,"href":"https:\/\/bpzoliborz.pl\/bpzoliborz\/index.php\/wp-json\/wp\/v2\/comments?post=16769"}],"version-history":[{"count":1,"href":"https:\/\/bpzoliborz.pl\/bpzoliborz\/index.php\/wp-json\/wp\/v2\/mec-events\/16769\/revisions"}],"predecessor-version":[{"id":16771,"href":"https:\/\/bpzoliborz.pl\/bpzoliborz\/index.php\/wp-json\/wp\/v2\/mec-events\/16769\/revisions\/16771"}],"wp:featuredmedia":[{"embeddable":true,"href":"https:\/\/bpzoliborz.pl\/bpzoliborz\/index.php\/wp-json\/wp\/v2\/media\/16770"}],"wp:attachment":[{"href":"https:\/\/bpzoliborz.pl\/bpzoliborz\/index.php\/wp-json\/wp\/v2\/media?parent=16769"}],"wp:term":[{"taxonomy":"post_tag","embeddable":true,"href":"https:\/\/bpzoliborz.pl\/bpzoliborz\/index.php\/wp-json\/wp\/v2\/tags?post=16769"},{"taxonomy":"mec_category","embeddable":true,"href":"https:\/\/bpzoliborz.pl\/bpzoliborz\/index.php\/wp-json\/wp\/v2\/mec_category?post=16769"}],"curies":[{"name":"wp","href":"https:\/\/api.w.org\/{rel}","templated":true}]}}