{"id":11834,"date":"2022-08-24T13:48:26","date_gmt":"2022-08-24T11:48:26","guid":{"rendered":"https:\/\/bpzoliborz.pl\/bpzoliborz\/?post_type=mec-events&#038;p=11834"},"modified":"2022-08-24T13:48:59","modified_gmt":"2022-08-24T11:48:59","slug":"narodowe-czytanie-2022","status":"publish","type":"mec-events","link":"https:\/\/bpzoliborz.pl\/bpzoliborz\/index.php\/events\/narodowe-czytanie-2022\/","title":{"rendered":"Narodowe Czytanie 2022"},"content":{"rendered":"\r\n<p>Biblioteka Publiczna w Dzielnicy \u017boliborz m.st. Warszawy we wsp\u00f3\u0142pracy z \u017boliborskim Domem Kultury zapraszaj\u0105 mieszkanki i mieszka\u0144c\u00f3w \u017boliborza na <strong>Narodowe Czytanie<\/strong>, kt\u00f3re odb\u0119dzie si\u0119 <strong>w sobot\u0119 3 wrze\u015bnia o godzinie 12.00 na tarasie przed bibliotek\u0105 przy ul. S\u0142owackiego 19a.<\/strong><\/p>\r\n\r\n\r\n\r\n<p>Narodowe Czytanie to og\u00f3lnopolska akcja wsp\u00f3lnego czytania najwi\u0119kszych dzie\u0142 literatury polskiej, do kt\u00f3rej przy\u0142\u0105czy\u0107 mog\u0105 si\u0119 wszystkie ch\u0119tne osoby prywatne oraz instytucje publiczne w kraju i za granic\u0105. Akcja ta organizowana jest pod patronatem Prezydenta Rzeczypospolitej Polskiej i ma na celu propagowanie polskiej literatury narodowej.<\/p>\r\n\r\n\r\n\r\n<p>W ramach tej inicjatywy w ca\u0142ej Polsce organizowane s\u0105 akcje wsp\u00f3lnego czytania lektury. Podczas tegorocznej, XI edycji, zapraszamy do wsp\u00f3lnego czytania <strong>\u201eBallad i romans\u00f3w\u201d<\/strong> Adama Mickiewicza \u2013 w dwusetn\u0105 rocznic\u0119 pierwszej ich publikacji, kt\u00f3re uznano za symboliczne otwarcie epoki Romantyzmu.<\/p>\r\n\r\n\r\n\r\n<p>W programie:<\/p>\r\n\r\n\r\n\r\n<ul>\r\n<li>czytanie fragment\u00f3w utwor\u00f3w przez zaproszonych go\u015bci:\r\n<ul>\r\n<li><strong>Burmistrz Dzielnicy \u017boliborz &#8211; Pawe\u0142 Michalec<\/strong><\/li>\r\n<li><strong>Dyrektorka Biblioteki Publicznej w Dzielnicy \u017boliborz &#8211; Ma\u0142gorzata Kocot<\/strong><\/li>\r\n<li><strong>Zast\u0119pczyni Burmistrza Dzielnicy \u017boliborz \u2013 Renata Koz\u0142owska<\/strong><\/li>\r\n<li><strong>Zast\u0119pczyni Burmistrza Dzielnicy \u017boliborz \u2013 Agata Marciniak-R\u00f3\u017cak<\/strong><\/li>\r\n<li><strong>Dyrektor ZGN \u017boliborz \u2013 Krystian Cie\u0107ka<\/strong><\/li>\r\n<li><strong>Dyrektorka \u017boliborskiego Domu Kultury \u2013 Iwona Miros\u0142aw-Dolecka<\/strong><\/li>\r\n<li><strong>Dyrektor Teatru Komedia \u2013 Krzysztof Wi\u015bniewski<\/strong><\/li>\r\n<li><strong>Radna m.st. Warszawy \u2013 Agnieszka Wyrwa\u0142<\/strong><\/li>\r\n<li><strong>Dyrektor OSiR \u017boliborz \u2013 Micha\u0142 Szpakiewicz<\/strong><\/li>\r\n<li><strong>Kierownik \u017boliborskiego Centrum Integracji i Aktywizacji Senior\u00f3w &#8211; Marek Michalewski<\/strong><\/li>\r\n<li><strong>Naczelniczka Wydzia\u0142u Kultury w Dzielnicy \u017boliborz \u2013 Ma\u0142gorzata \u0141owkis-Przybytniak<\/strong><\/li>\r\n<li><strong>Czytelniczka Biblioteki &#8211; Aleksandra Sosnowska<\/strong><\/li>\r\n<\/ul>\r\n<\/li>\r\n<\/ul>\r\n\r\n\r\n\r\n<ul>\r\n<li>koncert piosenek dwudziestolecia mi\u0119dzywojennego w wykonaniu zespo\u0142u <strong><a href=\"https:\/\/www.facebook.com\/Suweniry-105855707444963\">Suweniry<\/a><\/strong>.<\/li>\r\n<\/ul>\r\n<p>Wydarzeniu towarzyszy\u0107 b\u0119dzie r\u00f3wnie\u017c wystawa o romantyzmie w holu Biblioteki.<\/p>\r\n\r\n\r\n\r\n<p class=\"has-text-align-center\" style=\"text-align: center\"><strong>WST\u0118P WOLNY!<\/strong><\/p>\r\n<p><img loading=\"lazy\" class=\"alignnone size-full wp-image-11837\" src=\"https:\/\/bpzoliborz.pl\/bpzoliborz\/wp-content\/uploads\/2022\/08\/logo-wydarzenie.png\" alt=\"logotypy narodowego czytania, miasta warszawa, biblioteka publiczna, \u017coliborski dom kultury, napisy: narodowe czytanie, zakochaj si\u0119 w warszawie na \u017boliborzu, Biblioteka Publiczna w Dzielnicy \u017boliborz m.st. Warszawy, \u017boliborski Dom Kultury\" width=\"2000\" height=\"500\" srcset=\"https:\/\/bpzoliborz.pl\/bpzoliborz\/wp-content\/uploads\/2022\/08\/logo-wydarzenie.png 2000w, https:\/\/bpzoliborz.pl\/bpzoliborz\/wp-content\/uploads\/2022\/08\/logo-wydarzenie-768x192.png 768w, https:\/\/bpzoliborz.pl\/bpzoliborz\/wp-content\/uploads\/2022\/08\/logo-wydarzenie-1536x384.png 1536w\" sizes=\"(max-width: 2000px) 100vw, 2000px\" \/><\/p>\r\n<p style=\"text-align: center\"><\/p>","protected":false},"excerpt":{"rendered":"<p>Biblioteka Publiczna w Dzielnicy \u017boliborz m.st. Warszawy we wsp\u00f3\u0142pracy z \u017boliborskim Domem Kultury zapraszaj\u0105 mieszkanki i mieszka\u0144c\u00f3w \u017boliborza na Narodowe Czytanie, kt\u00f3re odb\u0119dzie si\u0119 w sobot\u0119 3 wrze\u015bnia o godzinie 12.00 na tarasie przed bibliotek\u0105 przy ul. S\u0142owackiego 19a. Narodowe Czytanie to og\u00f3lnopolska akcja wsp\u00f3lnego czytania najwi\u0119kszych dzie\u0142 literatury polskiej, do kt\u00f3rej przy\u0142\u0105czy\u0107 mog\u0105 si\u0119&hellip;&nbsp;<a href=\"https:\/\/bpzoliborz.pl\/bpzoliborz\/index.php\/events\/narodowe-czytanie-2022\/\" class=\"\" rel=\"bookmark\">Czytaj wi\u0119cej &raquo;<span class=\"screen-reader-text\">Narodowe Czytanie 2022<\/span><\/a><\/p>\n","protected":false},"author":9,"featured_media":11825,"comment_status":"closed","ping_status":"closed","template":"","tags":[690,689,686,687,688],"mec_category":[25],"_links":{"self":[{"href":"https:\/\/bpzoliborz.pl\/bpzoliborz\/index.php\/wp-json\/wp\/v2\/mec-events\/11834"}],"collection":[{"href":"https:\/\/bpzoliborz.pl\/bpzoliborz\/index.php\/wp-json\/wp\/v2\/mec-events"}],"about":[{"href":"https:\/\/bpzoliborz.pl\/bpzoliborz\/index.php\/wp-json\/wp\/v2\/types\/mec-events"}],"author":[{"embeddable":true,"href":"https:\/\/bpzoliborz.pl\/bpzoliborz\/index.php\/wp-json\/wp\/v2\/users\/9"}],"replies":[{"embeddable":true,"href":"https:\/\/bpzoliborz.pl\/bpzoliborz\/index.php\/wp-json\/wp\/v2\/comments?post=11834"}],"version-history":[{"count":2,"href":"https:\/\/bpzoliborz.pl\/bpzoliborz\/index.php\/wp-json\/wp\/v2\/mec-events\/11834\/revisions"}],"predecessor-version":[{"id":11839,"href":"https:\/\/bpzoliborz.pl\/bpzoliborz\/index.php\/wp-json\/wp\/v2\/mec-events\/11834\/revisions\/11839"}],"wp:featuredmedia":[{"embeddable":true,"href":"https:\/\/bpzoliborz.pl\/bpzoliborz\/index.php\/wp-json\/wp\/v2\/media\/11825"}],"wp:attachment":[{"href":"https:\/\/bpzoliborz.pl\/bpzoliborz\/index.php\/wp-json\/wp\/v2\/media?parent=11834"}],"wp:term":[{"taxonomy":"post_tag","embeddable":true,"href":"https:\/\/bpzoliborz.pl\/bpzoliborz\/index.php\/wp-json\/wp\/v2\/tags?post=11834"},{"taxonomy":"mec_category","embeddable":true,"href":"https:\/\/bpzoliborz.pl\/bpzoliborz\/index.php\/wp-json\/wp\/v2\/mec_category?post=11834"}],"curies":[{"name":"wp","href":"https:\/\/api.w.org\/{rel}","templated":true}]}}